{"id":8357,"date":"2025-04-07T13:14:30","date_gmt":"2025-04-07T11:14:30","guid":{"rendered":"https:\/\/portale-collaudo-app-swap-hud7fvd3dgesgzaa.westeurope-01.azurewebsites.net\/?page_id=8357"},"modified":"2025-06-08T13:16:49","modified_gmt":"2025-06-08T11:16:49","slug":"chairmen","status":"publish","type":"page","link":"https:\/\/www.confindustria.it\/en\/history\/chairmen\/","title":{"rendered":"Presidents"},"content":{"rendered":"[et_pb_section fb_built=\"1\u2033 _builder_version=\"4.27.4\u2033 _module_preset=\"default\" background_color=\"rgba(102,102,102,0.5)\" min_height=\"400px\" custom_margin=\"-120px||||false|false\" global_colors_info=\"{}\"][et_pb_row _builder_version=\"4.27.4\u2033 _module_preset=\"default\" width=\"90%\" max_width=\"1600px\" custom_margin=\"70px||||false|false\" custom_margin_tablet=\"95px||||false|false\" custom_margin_phone=\"95px||||false|false\" custom_margin_last_edited=\"on|phone\" global_colors_info=\"{}\"][et_pb_column type=\"4_4\u2033 _builder_version=\"4.27.4\u2033 _module_preset=\"default\" global_colors_info=\"{}\"][et_pb_text _builder_version=\"4.27.4\u2033 _module_preset=\"default\" header_font=\"|700|||||||\" background_layout=\"dark\" header_font_size_tablet=\"\" header_font_size_phone=\"50px\" header_font_size_last_edited=\"on|phone\" global_colors_info=\"{}\"]<h1>Historical Presidents\nConfindustria<\/h1>\n<a href=\"\/en\/history\/\"><span style=\"font-size: 40px; color: #ffff; text-decoration: none;\">\u2190<\/span><\/a>[\/et_pb_text][\/et_pb_column][\/et_pb_row][\/et_pb_section][et_pb_section fb_built=&#8221;1&#8243; _builder_version=&#8221;4.27.4&#8243; _module_preset=&#8221;default&#8221; background_color=&#8221;gcid-bc5c564e-11e8-4ecf-8f7f-51e5af93c01d&#8221; global_colors_info=&#8221;{%22gcid-bc5c564e-11e8-4ecf-8f7f-51e5af93c01d%22:%91%22background_color%22%93}&#8221;][et_pb_row column_structure=&#8221;1_4,1_4,1_4,1_4&#8243; make_equal=&#8221;on&#8221; _builder_version=&#8221;4.27.4&#8243; _module_preset=&#8221;default&#8221; width=&#8221;90%&#8221; max_width=&#8221;1600px&#8221; global_colors_info=&#8221;{}&#8221;][et_pb_column type=&#8221;1_4&#8243; _builder_version=&#8221;4.27.4&#8243; _module_preset=&#8221;default&#8221; custom_padding=&#8221;|||10px|false|false&#8221; custom_css_main_element=&#8221;display: flex;||flex-direction: column;||&#8221; border_width_left=&#8221;1px&#8221; global_colors_info=&#8221;{}&#8221;][et_pb_text admin_label=&#8221;anno&#8221; _builder_version=&#8221;4.27.4&#8243; _module_preset=&#8221;default&#8221; header_font=&#8221;|700|||||||&#8221; header_text_color=&#8221;gcid-body-color&#8221; header_font_size=&#8221;71px&#8221; global_colors_info=&#8221;{%22gcid-body-color%22:%91%22header_text_color%22%93}&#8221;]<h1>1910\u00a0 1913<\/h1>[\/et_pb_text][et_pb_divider show_divider=\"off\" admin_label=\"name\" _builder_version=\"4.27.4\u2033 _module_preset=\"default\" global_colors_info=\"{}\"][\/et_pb_divider][et_pb_text admin_label=\"divider\" _builder_version=\"4.27.4\u2033 _module_preset=\"default\" header_font=\"|700|||||||\" header_text_color=\"#110000\u2033 header_font_size=\"55px\" min_height=\"175px\" min_height_tablet=\"175px\" min_height_phone=\"175px\" min_height_last_edited=\"on|phone\" hover_enabled=\"0\u2033 custom_css_free_form=\"||@media (min-width: 1101px){|| selector h1{| font-size: 45px !important;|| }||}||||@media (min-width: 1400px){|| selector h1{| font-size: 54px !important;|| }|}||||@media (max-width: 1100px){|| selector h1{| font-size: 40px !important;|| }|}||||selector h1{| word-wrap: normal;|| word-break: normal;||}\" global_colors_info=\"{}\" sticky_enabled=\"0\u2033]<h1>Louis Bonnefon<\/h1>[\/et_pb_text][et_pb_text admin_label=\"life\" _builder_version=\"4.27.4\u2033 _module_preset=\"default\" global_colours_info=\"{}\"]<p>Born in Arles (France) in 1873<br \/>Born in Turin, he comes from a solid industrial dynasty.<br \/>In 1901, he founded the company 'B. Craponne e Vigan\u00f2', active in the textile-silk sector, with several factories around Turin.<br \/>In Turin, he owns a banking and finance house.<br \/>President of the Piedmont Silk and Bacological Association and later of the Industrial League of Turin.<\/p>[\/et_pb_text][et_pb_image src=&#8221;https:\/\/public.confindustria.it\/repository\/2025\/03\/29192219\/Frame-159.png&#8221; title_text=&#8221;Frame 159&#8243; admin_label=&#8221;Image&#8221; _builder_version=&#8221;4.27.4&#8243; _module_preset=&#8221;default&#8221; custom_css_main_element=&#8221;margin-top: auto;&#8221; global_colors_info=&#8221;{}&#8221;][\/et_pb_image][\/et_pb_column][et_pb_column type=&#8221;1_4&#8243; _builder_version=&#8221;4.27.4&#8243; _module_preset=&#8221;default&#8221; custom_padding=&#8221;|||10px|false|false&#8221; custom_css_main_element=&#8221;display: flex;||flex-direction: column;||&#8221; border_width_left=&#8221;1px&#8221; global_colors_info=&#8221;{}&#8221;][et_pb_text admin_label=&#8221;anno&#8221; _builder_version=&#8221;4.27.4&#8243; _module_preset=&#8221;default&#8221; header_font=&#8221;|700|||||||&#8221; header_text_color=&#8221;gcid-body-color&#8221; header_font_size=&#8221;71px&#8221; global_colors_info=&#8221;{%22gcid-body-color%22:%91%22header_text_color%22%93}&#8221;]<h1>1914\u00a0 1918<\/h1>[\/et_pb_text][et_pb_divider show_divider=\"off\" admin_label=\"name\" _builder_version=\"4.27.4\u2033 _module_preset=\"default\" global_colors_info=\"{}\"][\/et_pb_divider][et_pb_text admin_label=\"divider\" _builder_version=\"4.27.4\u2033 _module_preset=\"default\" header_font=\"|700|||||||\" header_text_color=\"#110000\u2033 header_font_size=\"55px\" min_height=\"175px\" min_height_tablet=\"175px\" min_height_phone=\"175px\" min_height_last_edited=\"on|phone\" custom_css_free_form=\"||@media (min-width: 1101px){|| selector h1{| font-size: 45px !important;|| }||}||||@media (min-width: 1400px){|| selector h1{| font-size: 54px !important;|| }|}||||@media (max-width: 1100px){|| selector h1{| font-size: 40px !important;|| }|}||||selector h1{| word-wrap: normal;|| word-break: normal;||}\" global_colors_info=\"{}\" sticky_enabled=\"0\u2033]<h1>Ferdinando Bocca<\/h1>[\/et_pb_text][et_pb_text admin_label=&#8221;vita&#8221; _builder_version=&#8221;4.27.4&#8243; _module_preset=&#8221;default&#8221; global_colors_info=&#8221;{}&#8221;]Nato a Torino nel 1870. Collabora con il padre Andrea nella sua antica azienda conciaria.\nFonda nel 1905 la Societ\u00e0 anonima Concerie italiane riunite &#8211; SACIR, di cui \u00e8 Presidente dalla sua fondazione.\nLegato da amicizia con il sindaco di Torino, Teofilo Rossi, promuove, con questi, la grande esposizione internazionale di Torino del 1911.\nIn seguito animatore dell&#8217;altra grande esposizione torinese del 1928.\nA Torino, consigliere comunale e Presidente della Camera di Commercio.[\/et_pb_text][et_pb_image src=&#8221;https:\/\/public.confindustria.it\/repository\/2025\/04\/04173729\/Property-1Frame-174.png&#8221; title_text=&#8221;Bocca&#8221; admin_label=&#8221;Image&#8221; _builder_version=&#8221;4.27.4&#8243; _module_preset=&#8221;default&#8221; custom_css_main_element=&#8221;margin-top: auto;&#8221; global_colors_info=&#8221;{}&#8221;][\/et_pb_image][\/et_pb_column][et_pb_column type=&#8221;1_4&#8243; _builder_version=&#8221;4.27.4&#8243; _module_preset=&#8221;default&#8221; custom_padding=&#8221;|||10px|false|false&#8221; custom_css_main_element=&#8221;display: flex;||flex-direction: column;||||&#8221; border_width_left=&#8221;1px&#8221; global_colors_info=&#8221;{}&#8221;][et_pb_text admin_label=&#8221;anno&#8221; _builder_version=&#8221;4.27.4&#8243; _module_preset=&#8221;default&#8221; header_font=&#8221;|700|||||||&#8221; header_text_color=&#8221;gcid-body-color&#8221; header_font_size=&#8221;71px&#8221; global_colors_info=&#8221;{%22gcid-body-color%22:%91%22header_text_color%22%93}&#8221;]<h1>1919\u00a0 1919<\/h1>[\/et_pb_text][et_pb_divider show_divider=\"off\" admin_label=\"name\" _builder_version=\"4.27.4\u2033 _module_preset=\"default\" global_colors_info=\"{}\"][\/et_pb_divider][et_pb_text admin_label=\"divider\" _builder_version=\"4.27.4\u2033 _module_preset=\"default\" header_font=\"|700|||||||\" header_text_color=\"#110000\u2033 header_font_size=\"55px\" min_height=\"175px\" min_height_tablet=\"175px\" min_height_phone=\"175px\" min_height_last_edited=\"on|phone\" custom_css_free_form=\"||@media (min-width: 1101px){|| selector h1{| font-size: 45px !important;|| }||}||||@media (min-width: 1400px){|| selector h1{|| font-size: 54px !important;|| }||}||||@media (max-width: 1100px){|| selector h1{| font-size: 40px !important;|| }||}||||selector h1{| word-wrap: normal;|| word-break: normal;||}\" global_colors_info=\"{}\"<h1>Dante Ferraris<\/h1>[\/et_pb_text][et_pb_text admin_label=&#8221;vita&#8221; _builder_version=&#8221;4.27.4&#8243; _module_preset=&#8221;default&#8221; global_colors_info=&#8221;{}&#8221;]Nato a Viarigi (Asti) il 7 giugno 1868.\nEntra nella vita industriale nel 1893 a Torino.\nInizia la sua carriera nella Diatto Automobili, prima come direttore, poi come amministratore delegato.\nFonda le Industrie Metallurgiche, delle quali \u00e8 anche Presidente; le Officine Meccaniche Napoletane per il materiale ferroviario; la Societ\u00e0 Proiettili; il Gruppo Industriale Piemontese per il materiale d&#8217;artiglieria.\nSenatore del Regno dal 1919.\nMinistro dell&#8217;industria commercio e lavoro con Francesco Saverio Nitti dal 23 giugno 1919 al 21 maggio 1920.[\/et_pb_text][et_pb_image src=&#8221;https:\/\/public.confindustria.it\/repository\/2025\/05\/08092054\/Property-1Frame-179.png&#8221; title_text=&#8221;Property 1=Frame 179&#8243; admin_label=&#8221;Image&#8221; _builder_version=&#8221;4.27.4&#8243; _module_preset=&#8221;default&#8221; custom_css_main_element=&#8221;margin-top: auto;&#8221; global_colors_info=&#8221;{}&#8221;][\/et_pb_image][\/et_pb_column][et_pb_column type=&#8221;1_4&#8243; _builder_version=&#8221;4.27.4&#8243; _module_preset=&#8221;default&#8221; custom_padding=&#8221;|||10px|false|false&#8221; custom_css_main_element=&#8221;display: flex;||flex-direction: column;||||&#8221; border_width_left=&#8221;1px&#8221; global_colors_info=&#8221;{}&#8221;][et_pb_text admin_label=&#8221;anno&#8221; _builder_version=&#8221;4.27.4&#8243; _module_preset=&#8221;default&#8221; text_text_color=&#8221;gcid-body-color&#8221; header_font=&#8221;|700|||||||&#8221; header_text_color=&#8221;gcid-body-color&#8221; header_font_size=&#8221;71px&#8221; global_colors_info=&#8221;{%22gcid-body-color%22:%91%22text_text_color%22,%22header_text_color%22%93}&#8221;]<h1>1910\u00a0 1913<\/h1>[\/et_pb_text][et_pb_divider show_divider=\"off\" admin_label=\"name\" _builder_version=\"4.27.4\u2033 _module_preset=\"default\" global_colors_info=\"{}\"][\/et_pb_divider][et_pb_text admin_label=\"divider\" _builder_version=\"4.27.4\u2033 _module_preset=\"default\" header_font=\"|700|||||||\" header_text_color=\"#110000\u2033 header_font_size=\"55px\" min_height=\"175px\" min_height_tablet=\"175px\" min_height_phone=\"175px\" min_height_last_edited=\"on|phone\" custom_css_free_form=\"||@media (min-width: 1101px){|| selector h1{| font-size: 45px !important;|| }||}||||@media (min-width: 1400px){|| selector h1{|| font-size: 54px !important;|| }||}||||@media (max-width: 1100px){|| selector h1{| font-size: 40px !important;|| }||}||||selector h1{| word-wrap: normal;|| word-break: normal;||}\" global_colors_info=\"{}\"<h1>Giovan Battista Pirelli<\/h1>[\/et_pb_text][et_pb_text admin_label=\"life\" _builder_version=\"4.27.4\u2033 _module_preset=\"default\" global_colours_info=\"{}\"]<p>Born in Varenna (Como) on 27 December 1848.Graduated in engineering.Founded a rubber processing plant in Milan in 1872 that developed rapidly to become the nucleus of a large industrial organisation.<br \/>The manufacture of insulated electrical conductors began in 1880, followed by telecommunication cables and tyres.<br \/>He founded the linoleum industry in Italy.<br \/>Senator of the Kingdom since 1909<\/p>[\/et_pb_text][et_pb_image src=&#8221;https:\/\/public.confindustria.it\/repository\/2025\/04\/07123646\/Property-1Frame-176.png&#8221; title_text=&#8221;giovan-battista-pirelli&#8221; admin_label=&#8221;Image&#8221; _builder_version=&#8221;4.27.4&#8243; _module_preset=&#8221;default&#8221; custom_css_main_element=&#8221;margin-top: auto;&#8221; global_colors_info=&#8221;{}&#8221;][\/et_pb_image][\/et_pb_column][\/et_pb_row][et_pb_row _builder_version=&#8221;4.27.4&#8243; _module_preset=&#8221;default&#8221; width=&#8221;90%&#8221; max_width=&#8221;1600px&#8221; global_colors_info=&#8221;{}&#8221;][et_pb_column type=&#8221;4_4&#8243; _builder_version=&#8221;4.27.4&#8243; _module_preset=&#8221;default&#8221; global_colors_info=&#8221;{}&#8221;][et_pb_divider _builder_version=&#8221;4.27.4&#8243; _module_preset=&#8221;default&#8221; global_colors_info=&#8221;{}&#8221;][\/et_pb_divider][\/et_pb_column][\/et_pb_row][et_pb_row column_structure=&#8221;1_4,1_4,1_4,1_4&#8243; make_equal=&#8221;on&#8221; _builder_version=&#8221;4.27.4&#8243; _module_preset=&#8221;default&#8221; width=&#8221;90%&#8221; max_width=&#8221;1600px&#8221; global_colors_info=&#8221;{}&#8221;][et_pb_column type=&#8221;1_4&#8243; _builder_version=&#8221;4.27.4&#8243; _module_preset=&#8221;default&#8221; custom_padding=&#8221;|||10px|false|false&#8221; custom_css_main_element=&#8221;display: flex;||flex-direction: column;||&#8221; border_width_left=&#8221;1px&#8221; global_colors_info=&#8221;{}&#8221;][et_pb_text admin_label=&#8221;anno&#8221; _builder_version=&#8221;4.27.4&#8243; _module_preset=&#8221;default&#8221; header_font=&#8221;|700|||||||&#8221; header_text_color=&#8221;gcid-body-color&#8221; header_font_size=&#8221;71px&#8221; global_colors_info=&#8221;{%22gcid-body-color%22:%91%22header_text_color%22%93}&#8221;]<h1>1919 1920<\/h1>[\/et_pb_text][et_pb_divider show_divider=\"off\" admin_label=\"name\" _builder_version=\"4.27.4\u2033 _module_preset=\"default\" global_colors_info=\"{}\"][\/et_pb_divider][et_pb_text admin_label=\"divider\" _builder_version=\"4.27.4\u2033 _module_preset=\"default\" header_font=\"|700|||||||\" header_text_color=\"#110000\u2033 header_font_size=\"55px\" min_height=\"175px\" min_height_tablet=\"175px\" min_height_phone=\"175px\" min_height_last_edited=\"on|phone\" global_colors_info=\"{}\" custom_css_free_form=\"||@media (min-width: 1101px){|| selector h1{| font-size: 45px !important;|| }||}||||@media (min-width: 1400px){|| selector h1{| font-size: 54px !important;|| }||}||||@media (max-width: 1100px){|| selector h1{| font-size: 40px !important;|| }|}||||selector h1{| word-wrap: normal;|| word-break: normal;||}\"]<h1>John Silvestri<\/h1>[\/et_pb_text][et_pb_text admin_label=&#8221;vita&#8221; _builder_version=&#8221;4.27.4&#8243; _module_preset=&#8221;default&#8221; global_colors_info=&#8221;{}&#8221;]Nato a Genova il 24 ottobre 1858. \u00c9 un pioniere dell&#8217;industria meccanica italiana. Fonda l&#8217;azienda che dopo varie trasformazioni assume il nome di Officine Meccaniche gi\u00e0 Miani e Silvestri &amp; C. Grondone, Comi &amp; C., comincia a dedicare la sua attivit\u00e0 all&#8217;azienda nel 1885, divenendone poi Presidente.\nPresidente della Commissione esecutiva e del Comitato nazionale per le esposizioni ed esportazioni italiane all&#8217;estero. Presidente dell&#8217;Assonime. Esperto di industria, presta la sua opera a trattative doganali interessanti l&#8217;Italia. Senatore del Regno dal 1924.[\/et_pb_text][et_pb_image src=&#8221;https:\/\/public.confindustria.it\/repository\/2025\/04\/07125521\/Property-1Frame-177.png&#8221; title_text=&#8221;giovanni-silvestri&#8221; admin_label=&#8221;Image&#8221; _builder_version=&#8221;4.27.4&#8243; _module_preset=&#8221;default&#8221; custom_css_main_element=&#8221;margin-top: auto;&#8221; global_colors_info=&#8221;{}&#8221;][\/et_pb_image][\/et_pb_column][et_pb_column type=&#8221;1_4&#8243; _builder_version=&#8221;4.27.4&#8243; _module_preset=&#8221;default&#8221; custom_padding=&#8221;|||10px|false|false&#8221; custom_css_main_element=&#8221;display: flex;||flex-direction: column;||&#8221; border_width_left=&#8221;1px&#8221; global_colors_info=&#8221;{}&#8221;][et_pb_text admin_label=&#8221;anno&#8221; _builder_version=&#8221;4.27.4&#8243; _module_preset=&#8221;default&#8221; header_font=&#8221;|700|||||||&#8221; header_text_color=&#8221;gcid-body-color&#8221; header_font_size=&#8221;71px&#8221; global_colors_info=&#8221;{%22gcid-body-color%22:%91%22header_text_color%22%93}&#8221;]<h1>1920 1921<\/h1>[\/et_pb_text][et_pb_divider show_divider=\"off\" admin_label=\"name\" _builder_version=\"4.27.4\u2033 _module_preset=\"default\" global_colors_info=\"{}\"][\/et_pb_divider][et_pb_text admin_label=\"divider\" _builder_version=\"4.27.4\u2033 _module_preset=\"default\" header_font=\"|700|||||||\" header_text_color=\"#110000\u2033 header_font_size=\"55px\" min_height=\"175px\" min_height_tablet=\"175px\" min_height_phone=\"175px\" min_height_last_edited=\"on|phone\" global_colors_info=\"{}\" custom_css_free_form=\"||@media (min-width: 1101px){|| selector h1{| font-size: 45px !important;|| }||}||||@media (min-width: 1400px){|| selector h1{| font-size: 54px !important;|| }||}||||@media (max-width: 1100px){|| selector h1{| font-size: 40px !important;|| }|}||||selector h1{| word-wrap: normal;|| word-break: normal;||}\"]<h1>Ettore<\/h1>\n<h1>Accounts<\/h1>[\/et_pb_text][et_pb_text admin_label=\"life\" _builder_version=\"4.27.4\u2033 _module_preset=\"default\" global_colours_info=\"{}\"]<p>Born in Milan on 24 April 1871.<br \/>A pioneer of electrical applications and the exploitation of hydraulic forces in Italy, he founded and presided over many of the major industrial and financial companies of the first half of the 20th century: the Societ\u00e0 Imprese Elettriche Conti, the Societ\u00e0 Idroelettrica Ligure, the Unione Esercizi Elettrici, the Societ\u00e0 Elettrica Riviera di Ponente, the Societ\u00e0 Pavese di Elettricit\u00e0 A. Volta, the Officine Elettriche di Novara, the Societ\u00e0 Orobia for gas and electricity, the Societ\u00e0 Elettrica Piemonte Orientale, the Societ\u00e0 Idroelettrica Piemonte, the Societ\u00e0 Nazionale per lo Sviluppo delle imprese Elettriche, the Societ\u00e0 Generale Elettrica dell'Adamello.<br \/>President of Assonime and Banca Commerciale. Senator of the Kingdom since 1919.<\/p>[\/et_pb_text][et_pb_image src=&#8221;https:\/\/public.confindustria.it\/repository\/2025\/04\/07125941\/Property-1Frame-178.png&#8221; alt=&#8221;Ettore Conti&#8221; title_text=&#8221;ettore-conti&#8221; admin_label=&#8221;Image&#8221; _builder_version=&#8221;4.27.4&#8243; _module_preset=&#8221;default&#8221; custom_css_main_element=&#8221;margin-top: auto;&#8221; global_colors_info=&#8221;{}&#8221;][\/et_pb_image][\/et_pb_column][et_pb_column type=&#8221;1_4&#8243; _builder_version=&#8221;4.27.4&#8243; _module_preset=&#8221;default&#8221; custom_padding=&#8221;|||10px|false|false&#8221; custom_css_main_element=&#8221;display: flex;||flex-direction: column;||&#8221; border_width_left=&#8221;1px&#8221; global_colors_info=&#8221;{}&#8221;][et_pb_text admin_label=&#8221;anno&#8221; _builder_version=&#8221;4.27.4&#8243; _module_preset=&#8221;default&#8221; header_font=&#8221;|700|||||||&#8221; header_text_color=&#8221;gcid-body-color&#8221; header_font_size=&#8221;71px&#8221; global_colors_info=&#8221;{%22gcid-body-color%22:%91%22header_text_color%22%93}&#8221;]<h1>1922\u00a0 1923<\/h1>[\/et_pb_text][et_pb_divider show_divider=\"off\" admin_label=\"name\" _builder_version=\"4.27.4\u2033 _module_preset=\"default\" global_colors_info=\"{}\"][\/et_pb_divider][et_pb_text admin_label=\"divider\" _builder_version=\"4.27.4\u2033 _module_preset=\"default\" header_font=\"|700|||||||\" header_text_color=\"#110000\u2033 header_font_size=\"55px\" min_height=\"175px\" min_height_tablet=\"175px\" min_height_phone=\"175px\" min_height_last_edited=\"on|phone\" global_colors_info=\"{}\" custom_css_free_form=\"||@media (min-width: 1101px){|| selector h1{| font-size: 45px !important;|| }||}||||@media (min-width: 1400px){|| selector h1{| font-size: 54px !important;|| }||}||||@media (max-width: 1100px){|| selector h1{| font-size: 40px !important;|| }|}||||selector h1{| word-wrap: normal;|| word-break: normal;||}\"]<h1>Raimondo Targetti<\/h1>[\/et_pb_text][et_pb_text admin_label=&#8221;vita&#8221; _builder_version=&#8221;4.27.4&#8243; _module_preset=&#8221;default&#8221; global_colors_info=&#8221;{}&#8221;]Nato a Firenze l&#8217;8 novembre 1869.\nFonda il Lanificio Nazionale Targetti, contribuisce allo sviluppo ed al crescente affermarsi in Italia ed all&#8217;estero dell&#8217;industria della lana. \nNel 1907 \u00e8 chiamato a far parte della Commissione reale per lo studio del regime economico-doganale e dei trattati di commercio, e ne \u00e8 il relatore per la categoria della lana. \nSenatore del Regno dal 1939.[\/et_pb_text][et_pb_image src=&#8221;https:\/\/public.confindustria.it\/repository\/2025\/04\/07130141\/Property-1Frame-179.png&#8221; alt=&#8221;Raimondo Targetti&#8221; title_text=&#8221;raimondo-targetti&#8221; admin_label=&#8221;Image&#8221; _builder_version=&#8221;4.27.4&#8243; _module_preset=&#8221;default&#8221; custom_css_main_element=&#8221;margin-top: auto;&#8221; global_colors_info=&#8221;{}&#8221;][\/et_pb_image][\/et_pb_column][et_pb_column type=&#8221;1_4&#8243; _builder_version=&#8221;4.27.4&#8243; _module_preset=&#8221;default&#8221; custom_padding=&#8221;|||10px|false|false&#8221; custom_css_main_element=&#8221;display: flex;||flex-direction: column;||&#8221; border_width_left=&#8221;1px&#8221; global_colors_info=&#8221;{}&#8221;][et_pb_text admin_label=&#8221;anno&#8221; _builder_version=&#8221;4.27.4&#8243; _module_preset=&#8221;default&#8221; text_text_color=&#8221;gcid-body-color&#8221; header_font=&#8221;|700|||||||&#8221; header_text_color=&#8221;gcid-body-color&#8221; header_font_size=&#8221;71px&#8221; global_colors_info=&#8221;{%22gcid-body-color%22:%91%22text_text_color%22,%22header_text_color%22%93}&#8221;]<h1>1923\u00a0 1934<\/h1>[\/et_pb_text][et_pb_divider show_divider=\"off\" admin_label=\"name\" _builder_version=\"4.27.4\u2033 _module_preset=\"default\" global_colors_info=\"{}\"][\/et_pb_divider][et_pb_text admin_label=\"divider\" _builder_version=\"4.27.4\u2033 _module_preset=\"default\" header_font=\"|700|||||||\" header_text_color=\"#110000\u2033 header_font_size=\"55px\" min_height=\"175px\" min_height_tablet=\"175px\" min_height_phone=\"175px\" min_height_last_edited=\"on|phone\" global_colors_info=\"{}\" custom_css_free_form=\"||@media (min-width: 1101px){|| selector h1{| font-size: 45px !important;|| }||}||||@media (min-width: 1400px){|| selector h1{| font-size: 54px !important;|| }||}||||@media (max-width: 1100px){|| selector h1{| font-size: 40px !important;|| }|}||||selector h1{| word-wrap: normal;|| word-break: normal;||}\"]<h1>Antonio Stefano Benni<\/h1>[\/et_pb_text][et_pb_text admin_label=&#8221;vita&#8221; _builder_version=&#8221;4.27.4&#8243; _module_preset=&#8221;default&#8221; global_colors_info=&#8221;{}&#8221;]Nato a Cuneo il 18 aprile 1880.\nInsieme ad Ercole Marelli, contribuisce a creare la Societ\u00e0 Ercole Marelli &#038; C. per la costruzione di macchinario elettrico e ne diventa, in seguito, Presidente.\nOccupa numerose cariche in societ\u00e0 industriali, bancarie e commerciali.\nMembro del Consiglio superiore dell&#8217;economia e del lavoro.\nDeputato dal 1921, ministro delle comunicazioni dal gennaio 1935 all&#8217;ottobre 1939.[\/et_pb_text][et_pb_image src=&#8221;https:\/\/public.confindustria.it\/repository\/2025\/04\/07130652\/Property-1Frame-180.png&#8221; alt=&#8221;Antonio Stefano Benni&#8221; title_text=&#8221;antonio-stefano-benni&#8221; admin_label=&#8221;Image&#8221; _builder_version=&#8221;4.27.4&#8243; _module_preset=&#8221;default&#8221; custom_css_main_element=&#8221;margin-top: auto;&#8221; global_colors_info=&#8221;{}&#8221;][\/et_pb_image][\/et_pb_column][\/et_pb_row][et_pb_row _builder_version=&#8221;4.27.4&#8243; _module_preset=&#8221;default&#8221; width=&#8221;90%&#8221; max_width=&#8221;1600px&#8221; global_colors_info=&#8221;{}&#8221;][et_pb_column type=&#8221;4_4&#8243; _builder_version=&#8221;4.27.4&#8243; _module_preset=&#8221;default&#8221; global_colors_info=&#8221;{}&#8221;][et_pb_divider _builder_version=&#8221;4.27.4&#8243; _module_preset=&#8221;default&#8221; global_colors_info=&#8221;{}&#8221;][\/et_pb_divider][\/et_pb_column][\/et_pb_row][et_pb_row column_structure=&#8221;1_4,1_4,1_4,1_4&#8243; make_equal=&#8221;on&#8221; _builder_version=&#8221;4.27.4&#8243; _module_preset=&#8221;default&#8221; width=&#8221;90%&#8221; max_width=&#8221;1600px&#8221; global_colors_info=&#8221;{}&#8221;][et_pb_column type=&#8221;1_4&#8243; _builder_version=&#8221;4.27.4&#8243; _module_preset=&#8221;default&#8221; custom_padding=&#8221;|||10px|false|false&#8221; custom_css_main_element=&#8221;display: flex;||flex-direction: column;&#8221; border_width_left=&#8221;1px&#8221; global_colors_info=&#8221;{}&#8221;][et_pb_text admin_label=&#8221;anno&#8221; _builder_version=&#8221;4.27.4&#8243; _module_preset=&#8221;default&#8221; header_font=&#8221;|700|||||||&#8221; header_text_color=&#8221;gcid-body-color&#8221; header_font_size=&#8221;71px&#8221; global_colors_info=&#8221;{%22gcid-body-color%22:%91%22header_text_color%22%93}&#8221;]<h1>1934 1934<\/h1>[\/et_pb_text][et_pb_divider show_divider=\"off\" admin_label=\"name\" _builder_version=\"4.27.4\u2033 _module_preset=\"default\" global_colors_info=\"{}\"][\/et_pb_divider][et_pb_text admin_label=\"divider\" _builder_version=\"4.27.4\u2033 _module_preset=\"default\" header_font=\"|700|||||||\" header_text_color=\"#110000\u2033 header_font_size=\"55px\" min_height=\"175px\" min_height_tablet=\"175px\" min_height_phone=\"175px\" min_height_last_edited=\"on|phone\" global_colors_info=\"{}\" custom_css_free_form=\"||@media (min-width: 1101px){|| selector h1{| font-size: 45px !important;|| }||}||||@media (min-width: 1400px){|| selector h1{| font-size: 54px !important;|| }||}||||@media (max-width: 1100px){|| selector h1{| font-size: 40px !important;|| }|}||||selector h1{| word-wrap: normal;|| word-break: normal;||}\"]<h1>Alberto Pirelli\u00a0<\/h1>[\/et_pb_text][et_pb_text admin_label=&#8221;vita&#8221; _builder_version=&#8221;4.27.4&#8243; _module_preset=&#8221;default&#8221; global_colors_info=&#8221;{}&#8221;]Nato a Genova il 24 ottobre 1858. \u00c9 un pioniere dell&#8217;industria meccanica italiana. Fonda l&#8217;azienda che dopo varie trasformazioni assume il nome di Officine Meccaniche gi\u00e0 Miani e Silvestri &amp; C. Grondone, Comi &amp; C., comincia a dedicare la sua attivit\u00e0 all&#8217;azienda nel 1885, divenendone poi Presidente.\nPresidente della Commissione esecutiva e del Comitato nazionale per le esposizioni ed esportazioni italiane all&#8217;estero. Presidente dell&#8217;Assonime. Esperto di industria, presta la sua opera a trattative doganali interessanti l&#8217;Italia. Senatore del Regno dal 1924.[\/et_pb_text][et_pb_image src=&#8221;https:\/\/public.confindustria.it\/repository\/2025\/04\/07135158\/Property-1Frame-181.png&#8221; alt=&#8221;Alberto Pirelli&#8221; title_text=&#8221;alberto-pirelli&#8221; admin_label=&#8221;Image&#8221; _builder_version=&#8221;4.27.4&#8243; _module_preset=&#8221;default&#8221; custom_css_main_element=&#8221;margin-top: auto;&#8221; global_colors_info=&#8221;{}&#8221;][\/et_pb_image][\/et_pb_column][et_pb_column type=&#8221;1_4&#8243; _builder_version=&#8221;4.27.4&#8243; _module_preset=&#8221;default&#8221; custom_padding=&#8221;|||10px|false|false&#8221; custom_css_main_element=&#8221;display: flex;||flex-direction: column;&#8221; border_width_left=&#8221;1px&#8221; global_colors_info=&#8221;{}&#8221;][et_pb_text admin_label=&#8221;anno&#8221; _builder_version=&#8221;4.27.4&#8243; _module_preset=&#8221;default&#8221; header_font=&#8221;|700|||||||&#8221; header_text_color=&#8221;gcid-body-color&#8221; header_font_size=&#8221;71px&#8221; global_colors_info=&#8221;{%22gcid-body-color%22:%91%22header_text_color%22%93}&#8221;]<h1>1934 1943<\/h1>[\/et_pb_text][et_pb_divider show_divider=\"off\" admin_label=\"name\" _builder_version=\"4.27.4\u2033 _module_preset=\"default\" global_colors_info=\"{}\"][\/et_pb_divider][et_pb_text admin_label=\"divider\" _builder_version=\"4.27.4\u2033 _module_preset=\"default\" global_colors_info=\"{}\" header_font=\"|700|||||||\" header_text_color=\"#110000\u2033 header_font_size=\"55px\" min_height=\"175px\" min_height_tablet=\"175px\" min_height_phone=\"175px\" min_height_last_edited=\"on|phone\" custom_css_free_form=\"||@media (min-width: 1101px){|| selector h1{| font-size: 45px !important;|| }||}||||@media (min-width: 1400px){|| selector h1{| font-size: 54px !important;|| }||}||||@media (max-width: 1100px){|| selector h1{| font-size: 40px !important;|| }|}||||selector h1{| word-wrap: normal;|| word-break: normal;||}\"]<h1>Giuseppe Volpi of Misurata<\/h1>[\/et_pb_text][et_pb_text admin_label=\"life\" _builder_version=\"4.27.4\u2033 _module_preset=\"default\" hover_enabled=\"0\u2033 global_colours_info=\"{}\" sticky_enabled=\"0\u2033]<p>Born in Milan on 24 April 1871.<br \/>A pioneer of electrical applications and the exploitation of hydraulic forces in Italy, he founded and presided over many of the major industrial and financial companies of the first half of the 20th century: the Societ\u00e0 Imprese Elettriche Conti, the Societ\u00e0 Idroelettrica Ligure, the Unione Esercizi Elettrici, the Societ\u00e0 Elettrica Riviera di Ponente, the Societ\u00e0 Pavese di Elettricit\u00e0 A. Volta, the Officine Elettriche di Novara, the Societ\u00e0 Orobia for gas and electricity, the Societ\u00e0 Elettrica Piemonte Orientale, the Societ\u00e0 Idroelettrica Piemonte, the Societ\u00e0 Nazionale per lo Sviluppo delle imprese Elettriche, the Societ\u00e0 Generale Elettrica dell'Adamello.<br \/>President of Assonime and Banca Commerciale. Senator of the Kingdom since 1919.<\/p>[\/et_pb_text][et_pb_image src=&#8221;https:\/\/public.confindustria.it\/repository\/2025\/04\/07135246\/Property-1Frame-182.png&#8221; alt=&#8221;Giuseppe Volpi di Misurata&#8221; title_text=&#8221;giuseppe-volpi-di-misurata&#8221; admin_label=&#8221;Image&#8221; _builder_version=&#8221;4.27.4&#8243; _module_preset=&#8221;default&#8221; custom_css_main_element=&#8221;margin-top: auto;&#8221; global_colors_info=&#8221;{}&#8221;][\/et_pb_image][\/et_pb_column][et_pb_column type=&#8221;1_4&#8243; _builder_version=&#8221;4.27.4&#8243; _module_preset=&#8221;default&#8221; custom_padding=&#8221;|||10px|false|false&#8221; custom_css_main_element=&#8221;display: flex;||flex-direction: column;&#8221; border_width_left=&#8221;1px&#8221; global_colors_info=&#8221;{}&#8221;][et_pb_text admin_label=&#8221;anno&#8221; _builder_version=&#8221;4.27.4&#8243; _module_preset=&#8221;default&#8221; header_font=&#8221;|700|||||||&#8221; header_text_color=&#8221;gcid-body-color&#8221; header_font_size=&#8221;71px&#8221; global_colors_info=&#8221;{%22gcid-body-color%22:%91%22header_text_color%22%93}&#8221;]<h1>1943\u00a0 1943<\/h1>[\/et_pb_text][et_pb_divider show_divider=\"off\" admin_label=\"name\" _builder_version=\"4.27.4\u2033 _module_preset=\"default\" global_colors_info=\"{}\"][\/et_pb_divider][et_pb_text admin_label=\"divider\" _builder_version=\"4.27.4\u2033 _module_preset=\"default\" header_font=\"|700|||||||\" header_text_color=\"#110000\u2033 header_font_size=\"55px\" min_height=\"175px\" min_height_tablet=\"175px\" min_height_phone=\"175px\" min_height_last_edited=\"on|phone\" global_colors_info=\"{}\" custom_css_free_form=\"||@media (min-width: 1101px){|| selector h1{| font-size: 45px !important;|| }||}||||@media (min-width: 1400px){|| selector h1{| font-size: 54px !important;|| }||}||||@media (max-width: 1100px){|| selector h1{| font-size: 40px !important;|| }|}||||selector h1{| word-wrap: normal;|| word-break: normal;||}\"]<h1>John Balella<\/h1>[\/et_pb_text][et_pb_text admin_label=&#8221;vita&#8221; _builder_version=&#8221;4.27.4&#8243; _module_preset=&#8221;default&#8221; global_colors_info=&#8221;{}&#8221;]Nato a Firenze l&#8217;8 novembre 1869.\nFonda il Lanificio Nazionale Targetti, contribuisce allo sviluppo ed al crescente affermarsi in Italia ed all&#8217;estero dell&#8217;industria della lana. \nNel 1907 \u00e8 chiamato a far parte della Commissione reale per lo studio del regime economico-doganale e dei trattati di commercio, e ne \u00e8 il relatore per la categoria della lana. \nSenatore del Regno dal 1939.[\/et_pb_text][et_pb_image src=&#8221;https:\/\/public.confindustria.it\/repository\/2025\/04\/07135408\/Property-1Frame-183.png&#8221; alt=&#8221;Giovanni Balella&#8221; title_text=&#8221;giovanni-balella&#8221; admin_label=&#8221;Image&#8221; _builder_version=&#8221;4.27.4&#8243; _module_preset=&#8221;default&#8221; custom_css_main_element=&#8221;margin-top: auto;&#8221; global_colors_info=&#8221;{}&#8221;][\/et_pb_image][\/et_pb_column][et_pb_column type=&#8221;1_4&#8243; _builder_version=&#8221;4.27.4&#8243; _module_preset=&#8221;default&#8221; custom_padding=&#8221;|||10px|false|false&#8221; custom_css_main_element=&#8221;display: flex;||flex-direction: column;&#8221; border_width_left=&#8221;1px&#8221; global_colors_info=&#8221;{}&#8221;][et_pb_text admin_label=&#8221;anno&#8221; _builder_version=&#8221;4.27.4&#8243; _module_preset=&#8221;default&#8221; text_text_color=&#8221;gcid-body-color&#8221; header_font=&#8221;|700|||||||&#8221; header_text_color=&#8221;gcid-body-color&#8221; header_font_size=&#8221;71px&#8221; global_colors_info=&#8221;{%22gcid-body-color%22:%91%22text_text_color%22,%22header_text_color%22%93}&#8221;]<h1>1943\u00a0 1943<\/h1>[\/et_pb_text][et_pb_divider show_divider=\"off\" admin_label=\"name\" _builder_version=\"4.27.4\u2033 _module_preset=\"default\" global_colors_info=\"{}\"][\/et_pb_divider][et_pb_text admin_label=\"divider\" _builder_version=\"4.27.4\u2033 _module_preset=\"default\" header_font=\"|700|||||||\" header_text_color=\"#110000\u2033 header_font_size=\"55px\" min_height=\"175px\" min_height_tablet=\"175px\" min_height_phone=\"175px\" min_height_last_edited=\"on|phone\" global_colors_info=\"{}\" custom_css_free_form=\"||@media (min-width: 1101px){|| selector h1{| font-size: 45px !important;|| }||}||||@media (min-width: 1400px){|| selector h1{| font-size: 54px !important;|| }||}||||@media (max-width: 1100px){|| selector h1{| font-size: 40px !important;|| }|}||||selector h1{| word-wrap: normal;|| word-break: normal;||}\"]<h1>Giuseppe Mazzini<\/h1>[\/et_pb_text][et_pb_text admin_label=\"life\" _builder_version=\"4.27.4\u2033 _module_preset=\"default\" global_colours_info=\"{}\"]<p>Born in Livorno on 7 April 1883.Industrial engineer.<br \/>Managing director for over thirty years of the large Officine Vay Assauto in Asti.<br \/>Chairman and director of several other industrial companies.<br \/>Member of Parliament from 1921 to 1939.<br \/>As a Member of Parliament, from 1922 to 1934 he prepared the annual reports on the finance budget on behalf of the Budget Committee.<br \/>Member of the Treaty Council.<br \/>He was president of Confindustria, as ministerial commissioner, from 9 August to 9 September 1943<\/p>[\/et_pb_text][et_pb_image src=&#8221;https:\/\/public.confindustria.it\/repository\/2025\/04\/07135748\/Property-1Frame-184.png&#8221; alt=&#8221;Giuseppe Mazzini&#8221; title_text=&#8221;giuseppe-mazzini&#8221; admin_label=&#8221;Image&#8221; _builder_version=&#8221;4.27.4&#8243; _module_preset=&#8221;default&#8221; custom_css_main_element=&#8221;margin-top: auto;&#8221; global_colors_info=&#8221;{}&#8221;][\/et_pb_image][\/et_pb_column][\/et_pb_row][et_pb_row _builder_version=&#8221;4.27.4&#8243; _module_preset=&#8221;default&#8221; width=&#8221;90%&#8221; max_width=&#8221;1600px&#8221; global_colors_info=&#8221;{}&#8221;][et_pb_column type=&#8221;4_4&#8243; _builder_version=&#8221;4.27.4&#8243; _module_preset=&#8221;default&#8221; global_colors_info=&#8221;{}&#8221;][et_pb_divider _builder_version=&#8221;4.27.4&#8243; _module_preset=&#8221;default&#8221; global_colors_info=&#8221;{}&#8221;][\/et_pb_divider][\/et_pb_column][\/et_pb_row][et_pb_row column_structure=&#8221;1_4,1_4,1_4,1_4&#8243; make_equal=&#8221;on&#8221; _builder_version=&#8221;4.27.4&#8243; _module_preset=&#8221;default&#8221; width=&#8221;90%&#8221; max_width=&#8221;1600px&#8221; global_colors_info=&#8221;{}&#8221;][et_pb_column type=&#8221;1_4&#8243; _builder_version=&#8221;4.27.4&#8243; _module_preset=&#8221;default&#8221; custom_padding=&#8221;|||10px|false|false&#8221; custom_css_main_element=&#8221;display: flex;||flex-direction: column;&#8221; border_width_left=&#8221;1px&#8221; global_colors_info=&#8221;{}&#8221;][et_pb_text admin_label=&#8221;anno&#8221; _builder_version=&#8221;4.27.4&#8243; _module_preset=&#8221;default&#8221; header_font=&#8221;|700|||||||&#8221; header_text_color=&#8221;gcid-body-color&#8221; header_font_size=&#8221;71px&#8221; global_colors_info=&#8221;{%22gcid-body-color%22:%91%22header_text_color%22%93}&#8221;]<h1>1944 1945<\/h1>[\/et_pb_text][et_pb_divider show_divider=\"off\" admin_label=\"name\" _builder_version=\"4.27.4\u2033 _module_preset=\"default\" global_colors_info=\"{}\"][\/et_pb_divider][et_pb_text admin_label=\"divider\" _builder_version=\"4.27.4\u2033 _module_preset=\"default\" header_font=\"|700|||||||\" header_text_color=\"#110000\u2033 header_font_size=\"55px\" min_height=\"175px\" min_height_tablet=\"175px\" min_height_phone=\"175px\" min_height_last_edited=\"on|phone\" global_colors_info=\"{}\" custom_css_free_form=\"||@media (min-width: 1101px){|| selector h1{| font-size: 45px !important;|| }||}||||@media (min-width: 1400px){|| selector h1{| font-size: 54px !important;|| }||}||||@media (max-width: 1100px){|| selector h1{| font-size: 40px !important;|| }|}||||selector h1{| word-wrap: normal;|| word-break: normal;||}\"]<h1>Fabio Friggeri<\/h1>[\/et_pb_text][et_pb_text admin_label=\"life\" _builder_version=\"4.27.4\u2033 _module_preset=\"default\" global_colours_info=\"{}\"]<p>Born in Rome on 3 November 1884. An expert in the problems of transport, in whose sector he carried out important managerial tasks on behalf of the state administration, he subsequently dedicated himself to various industrial activities.<br \/>General manager of the Avezzano Distilleries and later of the Avezzano Sugar Factory, board member of the National Sugar Producers' Consortium from 1927 to 1947.<br \/>President of Banca del Fucino.<br \/>Appointed deputy commissioner of Confindustria by the government in September 1944, he was among the promoters of its reconstitution.<\/p>[\/et_pb_text][et_pb_image src=&#8221;https:\/\/public.confindustria.it\/repository\/2025\/04\/07163238\/Property-1Frame-185-300&#215;300.png&#8221; alt=&#8221;Fabio Friggeri&#8221; title_text=&#8221;fabio-friggeri&#8221; admin_label=&#8221;Image&#8221; _builder_version=&#8221;4.27.4&#8243; _module_preset=&#8221;default&#8221; custom_css_main_element=&#8221;margin-top: auto;&#8221; global_colors_info=&#8221;{}&#8221;][\/et_pb_image][\/et_pb_column][et_pb_column type=&#8221;1_4&#8243; _builder_version=&#8221;4.27.4&#8243; _module_preset=&#8221;default&#8221; custom_padding=&#8221;|||10px|false|false&#8221; custom_css_main_element=&#8221;display: flex;||flex-direction: column;&#8221; border_width_left=&#8221;1px&#8221; global_colors_info=&#8221;{}&#8221;][et_pb_text admin_label=&#8221;anno&#8221; _builder_version=&#8221;4.27.4&#8243; _module_preset=&#8221;default&#8221; header_font=&#8221;|700|||||||&#8221; header_text_color=&#8221;gcid-body-color&#8221; header_font_size=&#8221;71px&#8221; global_colors_info=&#8221;{%22gcid-body-color%22:%91%22header_text_color%22%93}&#8221;]<h1>1945 1955<\/h1>[\/et_pb_text][et_pb_divider show_divider=\"off\" admin_label=\"name\" _builder_version=\"4.27.4\u2033 _module_preset=\"default\" global_colors_info=\"{}\"][\/et_pb_divider][et_pb_text admin_label=\"divider\" _builder_version=\"4.27.4\u2033 _module_preset=\"default\" header_font=\"|700|||||||\" header_text_color=\"#110000\u2033 header_font_size=\"55px\" min_height=\"175px\" min_height_tablet=\"175px\" min_height_phone=\"175px\" min_height_last_edited=\"on|phone\" global_colors_info=\"{}\" custom_css_free_form=\"||@media (min-width: 1101px){|| selector h1{| font-size: 45px !important;|| }||}||||@media (min-width: 1400px){|| selector h1{| font-size: 54px !important;|| }||}||||@media (max-width: 1100px){|| selector h1{| font-size: 40px !important;|| }|}||||selector h1{| word-wrap: normal;|| word-break: normal;||}\"]<h1><span>Angelo Costa\u00a0<\/span><\/h1>[\/et_pb_text][et_pb_text admin_label=\"life\" _builder_version=\"4.27.4\u2033 _module_preset=\"default\" global_colours_info=\"{}\"]<p>Born in Genoa on 18 April 1901.<br \/>University of Genoa Business School.<br \/>In 1925, he joined the family business, strengthening its activities in the field of oil production and refining, and in 1936, he entered the shipping business.<br \/>A convinced liberalist, he denounced the constraints imposed by the fascist regime as aimed at establishing a controlled economy. He always emphasises the vital importance of small and medium-sized enterprises for the country's industrial development.<br \/>President of Ente Bacini S.p.A., Banca Passatore &amp; C., Stabilimento Duca Visconti di Modrone and Vice President of Cotonificio Cantoni in Milan.<br \/>Knight of Labour.<\/p>[\/et_pb_text][et_pb_image src=&#8221;https:\/\/public.confindustria.it\/repository\/2025\/04\/07164449\/Property-1Frame-186.png&#8221; alt=&#8221;Angelo Costa&#8221; title_text=&#8221;angelo-costa&#8221; admin_label=&#8221;Image&#8221; _builder_version=&#8221;4.27.4&#8243; _module_preset=&#8221;default&#8221; custom_css_main_element=&#8221;margin-top: auto;&#8221; global_colors_info=&#8221;{}&#8221;][\/et_pb_image][\/et_pb_column][et_pb_column type=&#8221;1_4&#8243; _builder_version=&#8221;4.27.4&#8243; _module_preset=&#8221;default&#8221; custom_padding=&#8221;|||10px|false|false&#8221; custom_css_main_element=&#8221;display: flex;||flex-direction: column;&#8221; border_width_left=&#8221;1px&#8221; global_colors_info=&#8221;{}&#8221;][et_pb_text admin_label=&#8221;anno&#8221; _builder_version=&#8221;4.27.4&#8243; _module_preset=&#8221;default&#8221; header_font=&#8221;|700|||||||&#8221; header_text_color=&#8221;gcid-body-color&#8221; header_font_size=&#8221;71px&#8221; global_colors_info=&#8221;{%22gcid-body-color%22:%91%22header_text_color%22%93}&#8221;]<h1>1955\u00a0 1961<\/h1>[\/et_pb_text][et_pb_divider show_divider=\"off\" admin_label=\"name\" _builder_version=\"4.27.4\u2033 _module_preset=\"default\" global_colors_info=\"{}\"][\/et_pb_divider][et_pb_text admin_label=\"divider\" _builder_version=\"4.27.4\u2033 _module_preset=\"default\" header_font=\"|700|||||||\" header_text_color=\"#110000\u2033 header_font_size=\"55px\" min_height=\"175px\" min_height_tablet=\"175px\" min_height_phone=\"175px\" min_height_last_edited=\"on|phone\" global_colors_info=\"{}\" custom_css_free_form=\"||@media (min-width: 1101px){|| selector h1{| font-size: 45px !important;|| }||}||||@media (min-width: 1400px){|| selector h1{| font-size: 54px !important;|| }||}||||@media (max-width: 1100px){|| selector h1{| font-size: 40px !important;|| }|}||||selector h1{| word-wrap: normal;|| word-break: normal;||}\"]<h1>Alighiero De Micheli\u00a0<\/h1>[\/et_pb_text][et_pb_text admin_label=\"life\" _builder_version=\"4.27.4\u2033 _module_preset=\"default\" global_colours_info=\"{}\"]<p>Born in Milan on 20 December 1904.<br \/>At a very young age, he joined his father's company, an elastic fabric factory, while attending law school at the University of Milan.<br \/>He took over the management of the company, in his field one of the largest in Europe, and became President of Assolombarda in 1946.<br \/>A director of numerous industrial and banking companies (the Lanificio di Somma lombardo, the Cotonificio di Spoleto, the Banca di Credito Artigiano and the Banco di Sicilia), he is also present in European business organisations such as Unice and Cife.<br \/>President of the Brera Art Gallery and the Poldi-Pezzoli Museum. Member of the Institute of International Politics and Bocconi University<\/p>[\/et_pb_text][et_pb_image src=&#8221;https:\/\/public.confindustria.it\/repository\/2025\/04\/07164749\/Property-1Frame-187-300&#215;300.png&#8221; alt=&#8221;Alighiero De Micheli&#8221; title_text=&#8221;alighiero-de-micheli&#8221; admin_label=&#8221;Image&#8221; _builder_version=&#8221;4.27.4&#8243; _module_preset=&#8221;default&#8221; custom_css_main_element=&#8221;margin-top: auto;&#8221; global_colors_info=&#8221;{}&#8221;][\/et_pb_image][\/et_pb_column][et_pb_column type=&#8221;1_4&#8243; _builder_version=&#8221;4.27.4&#8243; _module_preset=&#8221;default&#8221; custom_padding=&#8221;|||10px|false|false&#8221; custom_css_main_element=&#8221;display: flex;||flex-direction: column;&#8221; border_width_left=&#8221;1px&#8221; global_colors_info=&#8221;{}&#8221;][et_pb_text admin_label=&#8221;anno&#8221; _builder_version=&#8221;4.27.4&#8243; _module_preset=&#8221;default&#8221; text_text_color=&#8221;gcid-body-color&#8221; header_font=&#8221;|700|||||||&#8221; header_text_color=&#8221;gcid-body-color&#8221; header_font_size=&#8221;71px&#8221; global_colors_info=&#8221;{%22gcid-body-color%22:%91%22text_text_color%22,%22header_text_color%22%93}&#8221;]<h1>1961 1966<\/h1>[\/et_pb_text][et_pb_divider show_divider=\"off\" admin_label=\"name\" _builder_version=\"4.27.4\u2033 _module_preset=\"default\" global_colors_info=\"{}\" header_font=\"|700|||||||\" header_text_color=\"#110000\u2033 header_font_size=\"55px\" custom_css_free_form=\"||@media (min-width: 1101px){| selector h1{| font-size: 35px;|| }|||}||||@media (min-width: 1400px){|| selector h1{| font-size: 54px;|| }||}||||@media (max-width: 1100px){|| selector h1{| font-size: 30px;|| }|}||||selector h1{| word-wrap: normal;|| word-break: normal;||}\"][\/et_pb_divider][et_pb_text admin_label=\"divider\" _builder_version=\"4.27.4\u2033 _module_preset=\"default\" header_font=\"|700|||||||\" header_text_color=\"#110000\u2033 header_font_size=\"55px\" min_height=\"175px\" min_height_tablet=\"175px\" min_height_phone=\"175px\" min_height_last_edited=\"on|phone\" global_colors_info=\"{}\" custom_css_free_form=\"||@media (min-width: 1101px){|| selector h1{| font-size: 45px !important;|| }||}||||@media (min-width: 1400px){|| selector h1{| font-size: 54px !important;|| }||}||||@media (max-width: 1100px){|| selector h1{| font-size: 40px !important;|| }|}||||selector h1{| word-wrap: normal;|| word-break: normal;||}\"]<h1>Furio Cicogna<\/h1>[\/et_pb_text][et_pb_text admin_label=\"life\" _builder_version=\"4.27.4\u2033 _module_preset=\"default\" global_colours_info=\"{}\"]<p>Born in Asti on 21 June 1891.<br \/>Degree in business and economics.<br \/>Hired by Bombrini and Parodi in 1913, he moved to Manifatture Cotoniere Meridionali in 1921.<br \/>In 1925, managing director of Chatillon and later its president.<br \/>He founded his two companies in the early 1950s: Stampa Tessuti Artistici and Neyercord Italiana. These were joined by various participations and positions in industrial companies and banks.<br \/>President of Assolombarda in 1955.<br \/>He distinguished himself in the cultural and charitable field: President of the Bocconi University and the Hospice Sacra Famiglia: main founder of the Italian Student House at the University City of Paris.<\/p>[\/et_pb_text][et_pb_image src=&#8221;https:\/\/public.confindustria.it\/repository\/2025\/04\/07165040\/Property-1Frame-188.png&#8221; alt=&#8221;Furio Cicogna&#8221; title_text=&#8221;furio-cicogna&#8221; admin_label=&#8221;Image&#8221; _builder_version=&#8221;4.27.4&#8243; _module_preset=&#8221;default&#8221; custom_css_main_element=&#8221;margin-top: auto;&#8221; global_colors_info=&#8221;{}&#8221;][\/et_pb_image][\/et_pb_column][\/et_pb_row][et_pb_row _builder_version=&#8221;4.27.4&#8243; _module_preset=&#8221;default&#8221; width=&#8221;90%&#8221; max_width=&#8221;1600px&#8221; global_colors_info=&#8221;{}&#8221;][et_pb_column type=&#8221;4_4&#8243; _builder_version=&#8221;4.27.4&#8243; _module_preset=&#8221;default&#8221; global_colors_info=&#8221;{}&#8221;][et_pb_divider _builder_version=&#8221;4.27.4&#8243; _module_preset=&#8221;default&#8221; global_colors_info=&#8221;{}&#8221;][\/et_pb_divider][\/et_pb_column][\/et_pb_row][et_pb_row column_structure=&#8221;1_4,1_4,1_4,1_4&#8243; make_equal=&#8221;on&#8221; _builder_version=&#8221;4.27.4&#8243; _module_preset=&#8221;default&#8221; width=&#8221;90%&#8221; max_width=&#8221;1600px&#8221; global_colors_info=&#8221;{}&#8221;][et_pb_column type=&#8221;1_4&#8243; _builder_version=&#8221;4.27.4&#8243; _module_preset=&#8221;default&#8221; custom_padding=&#8221;|||10px|false|false&#8221; custom_css_main_element=&#8221;display: flex;||flex-direction: column;&#8221; border_width_left=&#8221;1px&#8221; global_colors_info=&#8221;{}&#8221;][et_pb_text admin_label=&#8221;anno&#8221; _builder_version=&#8221;4.27.4&#8243; _module_preset=&#8221;default&#8221; header_font=&#8221;|700|||||||&#8221; header_text_color=&#8221;gcid-body-color&#8221; header_font_size=&#8221;71px&#8221; global_colors_info=&#8221;{%22gcid-body-color%22:%91%22header_text_color%22%93}&#8221;]<h1>1966 1970<\/h1>[\/et_pb_text][et_pb_divider show_divider=\"off\" admin_label=\"name\" _builder_version=\"4.27.4\u2033 _module_preset=\"default\" global_colors_info=\"{}\"][\/et_pb_divider][et_pb_text admin_label=\"divider\" _builder_version=\"4.27.4\u2033 _module_preset=\"default\" header_font=\"|700|||||||\" header_text_color=\"#110000\u2033 header_font_size=\"55px\" min_height=\"175px\" min_height_tablet=\"175px\" min_height_phone=\"175px\" min_height_last_edited=\"on|phone\" global_colors_info=\"{}\" custom_css_free_form=\"||@media (min-width: 1101px){|| selector h1{| font-size: 45px !important;|| }||}||||@media (min-width: 1400px){|| selector h1{| font-size: 54px !important;|| }||}||||@media (max-width: 1100px){|| selector h1{| font-size: 40px !important;|| }|}||||selector h1{| word-wrap: normal;|| word-break: normal;||}\"]<h1><span>Angelo Costa\u00a0<\/span><\/h1>[\/et_pb_text][et_pb_text admin_label=\"life\" _builder_version=\"4.27.4\u2033 _module_preset=\"default\" global_colours_info=\"{}\"]<p>Born in Genoa on 18 April 1901.<br \/>University of Genoa Business School.<br \/>In 1925, he joined the family business, strengthening its activities in the field of oil production and refining, and in 1936, he entered the shipping business.<br \/>A convinced liberalist, he denounced the constraints imposed by the fascist regime as aimed at establishing a controlled economy. He always emphasises the vital importance of small and medium-sized enterprises for the country's industrial development.<br \/>President of Ente Bacini S.p.A., Banca Passatore &amp; C., Stabilimento Duca Visconti di Modrone and Vice President of Cotonificio Cantoni in Milan.<br \/>Knight of Labour.<\/p>[\/et_pb_text][et_pb_image src=&#8221;https:\/\/public.confindustria.it\/repository\/2025\/04\/07164449\/Property-1Frame-186.png&#8221; alt=&#8221;Angelo Costa&#8221; title_text=&#8221;angelo-costa&#8221; admin_label=&#8221;Image&#8221; _builder_version=&#8221;4.27.4&#8243; _module_preset=&#8221;default&#8221; custom_css_main_element=&#8221;margin-top: auto;&#8221; global_colors_info=&#8221;{}&#8221;][\/et_pb_image][\/et_pb_column][et_pb_column type=&#8221;1_4&#8243; _builder_version=&#8221;4.27.4&#8243; _module_preset=&#8221;default&#8221; custom_padding=&#8221;|||10px|false|false&#8221; custom_css_main_element=&#8221;display: flex;||flex-direction: column;&#8221; border_width_left=&#8221;1px&#8221; global_colors_info=&#8221;{}&#8221;][et_pb_text admin_label=&#8221;anno&#8221; _builder_version=&#8221;4.27.4&#8243; _module_preset=&#8221;default&#8221; header_font=&#8221;|700|||||||&#8221; header_text_color=&#8221;gcid-body-color&#8221; header_font_size=&#8221;71px&#8221; global_colors_info=&#8221;{%22gcid-body-color%22:%91%22header_text_color%22%93}&#8221;]<h1>1970 1974<\/h1>[\/et_pb_text][et_pb_divider show_divider=\"off\" admin_label=\"name\" _builder_version=\"4.27.4\u2033 _module_preset=\"default\" global_colors_info=\"{}\"][\/et_pb_divider][et_pb_text admin_label=\"divider\" _builder_version=\"4.27.4\u2033 _module_preset=\"default\" header_font=\"|700|||||||\" header_text_color=\"#110000\u2033 header_font_size=\"55px\" min_height=\"175px\" min_height_tablet=\"175px\" min_height_phone=\"175px\" min_height_last_edited=\"on|phone\" global_colors_info=\"{}\" custom_css_free_form=\"||@media (min-width: 1101px){|| selector h1{| font-size: 45px !important;|| }||}||||@media (min-width: 1400px){|| selector h1{| font-size: 54px !important;|| }||}||||@media (max-width: 1100px){|| selector h1{| font-size: 40px !important;|| }|}||||selector h1{| word-wrap: normal;|| word-break: normal;||}\"]<h1>Renato Lombardi\u00a0<\/h1>[\/et_pb_text][et_pb_text admin_label=\"life\" _builder_version=\"4.27.4\u2033 _module_preset=\"default\" global_colours_info=\"{}\"]<p>Born in Naples on 11 June 1906.<br \/>Graduated from the University of Rome in Electronic Engineering in 1928. Winner of the 'A. Volta' scholarship, he obtained a master's degree at the University of California, Standford.<br \/>Back in Italy, he was hired in 1932 by CGE in Milan, where he began a rapid career until he became head of the power plant service.<br \/>In 1944, he switched to the wool industry, completely restructuring the Grignasco Spinning Mill and the Bozzalla and Lesna Wool Mill.<br \/>From 1958 to 1963, president of the Italian National Wool Industrial Association and from 1959 to 1963 of the International Wool Federation.<br \/>President of Assonime since 1959.<br \/>President of the International Chamber of Commerce in Paris.<br \/>Vice President of Banca Subalpina.<br \/>Deputy chairman of the Wool Financial Institute, managing director of Credito lombardo and the Italian Metallurgical Society.<\/p>[\/et_pb_text][et_pb_image src=&#8221;https:\/\/public.confindustria.it\/repository\/2025\/04\/07170109\/Property-1Frame-190-300&#215;300.png&#8221; alt=&#8221;Renato Lombardi&#8221; title_text=&#8221;renato-lombardi&#8221; admin_label=&#8221;Image&#8221; _builder_version=&#8221;4.27.4&#8243; _module_preset=&#8221;default&#8221; custom_css_main_element=&#8221;margin-top: auto;&#8221; global_colors_info=&#8221;{}&#8221;][\/et_pb_image][\/et_pb_column][et_pb_column type=&#8221;1_4&#8243; _builder_version=&#8221;4.27.4&#8243; _module_preset=&#8221;default&#8221; custom_padding=&#8221;|||10px|false|false&#8221; custom_css_main_element=&#8221;display: flex;||flex-direction: column;&#8221; border_width_left=&#8221;1px&#8221; global_colors_info=&#8221;{}&#8221;][et_pb_text admin_label=&#8221;anno&#8221; _builder_version=&#8221;4.27.4&#8243; _module_preset=&#8221;default&#8221; header_font=&#8221;|700|||||||&#8221; header_text_color=&#8221;gcid-body-color&#8221; header_font_size=&#8221;71px&#8221; global_colors_info=&#8221;{%22gcid-body-color%22:%91%22header_text_color%22%93}&#8221;]<h1>1974\u00a0 1976<\/h1>[\/et_pb_text][et_pb_divider show_divider=\"off\" admin_label=\"name\" _builder_version=\"4.27.4\u2033 _module_preset=\"default\" global_colors_info=\"{}\"][\/et_pb_divider][et_pb_text admin_label=\"divider\" _builder_version=\"4.27.4\u2033 _module_preset=\"default\" header_font=\"|700|||||||\" header_text_color=\"#110000\u2033 header_font_size=\"55px\" min_height=\"175px\" min_height_tablet=\"175px\" min_height_phone=\"175px\" min_height_last_edited=\"on|phone\" global_colors_info=\"{}\" custom_css_free_form=\"||@media (min-width: 1101px){|| selector h1{| font-size: 45px !important;|| }||}||||@media (min-width: 1400px){|| selector h1{|| font-size: 54px !important;|| }||}||||@media (max-width: 1100px){|| selector h1{| font-size: 40px !important;|| }|}||||selector h1{| word-wrap: normal;|| word-break: normal;||}\" sticky_enabled=\"0\u2033]<h1>Gianni Agnelli<\/h1>[\/et_pb_text][et_pb_text admin_label=&#8221;vita&#8221; _builder_version=&#8221;4.27.4&#8243; _module_preset=&#8221;default&#8221; global_colors_info=&#8221;{}&#8221;]Nato a Torino il 12 marzo 1921.\nLaureato in Giurisprudenza all&#8217;Universit\u00e0 di Torino. \nPartecipa alla Seconda Guerra Mondiale come Ufficiale di Cavalleria sul fronte russo con il Corpo di Spedizione Italiano, con il Raggruppamento Esplorante Corazzato &#8220;Lodi&#8221; in Tunisia, meritandosi la Croce di Guerra al Valor Militare, e nella Divisione &#8220;Legnano&#8221; del Corpo Italiano di Liberazione.\nEntra in Fiat nel 1943 come Vice Presidente, nel 1963 \u00e8 nominato Amministratore Delegato. \nDall&#8217;aprile 1966 al febbraio 1996 Presidente della Societ\u00e0 e successivamente Presidente d&#8217;Onore. \nPresidente dell&#8217;IFI &#8211; Istituto Finanziario Industriale SpA e di EXOR GROUP SA, della Fondazione Giovanni Agnelli e della Societ\u00e0 Editrice &#8220;La Stampa&#8221;. \nMembro del Consiglio di Amministrazione dell&#8217;Eurafrance, dell&#8217;International Advisory Council della Chase Manhattan Corporation, del Board of Trustees della Salomon R. Guggenheim Foundation. \nAttivamente impegnato in organismi multinazionali tendenti a favorire le relazioni internazionali. Membro dell&#8217;Advisory Board dei Bilderberg Meetings, dell&#8217;International Advisory Board del Council on Foreign Relations, e Presidente Onorario dell&#8217;Associazione per l&#8217;Unione Monetaria Europea. Membro corrispondente dell&#8217;Accademia delle Scienze Morali e Politiche dell&#8217;Institut de France. E&#8217; inoltre Consigliere del Chairman&#8217;s Council del Museum of Modern Art di New York. Senatore a vita dal giugno 1991. \nSindaco di Villa Perosa dal 1945 al 1980.[\/et_pb_text][et_pb_image src=&#8221;https:\/\/public.confindustria.it\/repository\/2025\/04\/07170608\/Property-1Frame-191-300&#215;300.png&#8221; alt=&#8221;Gianni Agnelli&#8221; title_text=&#8221;gianni-agnelli&#8221; admin_label=&#8221;Image&#8221; _builder_version=&#8221;4.27.4&#8243; _module_preset=&#8221;default&#8221; custom_css_main_element=&#8221;margin-top: auto;&#8221; global_colors_info=&#8221;{}&#8221;][\/et_pb_image][\/et_pb_column][et_pb_column type=&#8221;1_4&#8243; _builder_version=&#8221;4.27.4&#8243; _module_preset=&#8221;default&#8221; custom_padding=&#8221;|||10px|false|false&#8221; custom_css_main_element=&#8221;display: flex;||flex-direction: column;&#8221; border_width_left=&#8221;1px&#8221; global_colors_info=&#8221;{}&#8221;][et_pb_text admin_label=&#8221;anno&#8221; _builder_version=&#8221;4.27.4&#8243; _module_preset=&#8221;default&#8221; text_text_color=&#8221;gcid-body-color&#8221; header_font=&#8221;|700|||||||&#8221; header_text_color=&#8221;gcid-body-color&#8221; header_font_size=&#8221;71px&#8221; global_colors_info=&#8221;{%22gcid-body-color%22:%91%22text_text_color%22,%22header_text_color%22%93}&#8221;]<h1>1976 1980<\/h1>[\/et_pb_text][et_pb_divider show_divider=\"off\" admin_label=\"name\" _builder_version=\"4.27.4\u2033 _module_preset=\"default\" global_colors_info=\"{}\"][\/et_pb_divider][et_pb_text admin_label=\"divider\" _builder_version=\"4.27.4\u2033 _module_preset=\"default\" header_font=\"|700|||||||\" header_text_color=\"#110000\u2033 header_font_size=\"55px\" min_height=\"175px\" min_height_tablet=\"175px\" min_height_phone=\"175px\" min_height_last_edited=\"on|phone\" global_colors_info=\"{}\" custom_css_free_form=\"||@media (min-width: 1101px){|| selector h1{| font-size: 45px !important;|| }||}||||@media (min-width: 1400px){|| selector h1{| font-size: 54px !important;|| }||}||||@media (max-width: 1100px){|| selector h1{| font-size: 40px !important;|| }|}||||selector h1{| word-wrap: normal;|| word-break: normal;||}\"]<h1>Guido<\/h1>\n<h1>Carli<\/h1>[\/et_pb_text][et_pb_text admin_label=\"life\" _builder_version=\"4.27.4\u2033 _module_preset=\"default\" global_colours_info=\"{}\"]<p>Born in Brescia on 28 March 1914.<br \/>Degree in Law from the University of Padua.<br \/>He began his career at Iri.<br \/>PLI deputy in the Constituent Assembly. A scholar of international economic and financial problems, he joined the Board of Directors of the Italian Exchange Office and in 1947 became a member for Italy on the Board of Directors of the International Monetary Fund. Minister for Foreign Trade in the years 1957-1958. In 1959, he was appointed Chairman of the Credit Consortium for Public Works, Director General of the Bank of Italy, member of the Management Committee of the Bank for International Settlements and of the Monetary Committee of the EEC.<br \/>From 1960 to 1975 Governor of the Bank of Italy. President of the Ufficio Italiano dei Cambi, Deputy Governor for Italy of the IMF, the International Financial Corporation and the International Development Association.<br \/>President of the LUISS Board of Directors and President of UNICE.<br \/>Elected senator in 1983 and re-elected in 1987, he was Minister of the Treasury in the 6th Andreotti government.<\/p>[\/et_pb_text][et_pb_image src=&#8221;https:\/\/public.confindustria.it\/repository\/2025\/04\/07170915\/Property-1Frame-192-300&#215;300.png&#8221; alt=&#8221;Guido Carli&#8221; title_text=&#8221;guido-carli&#8221; admin_label=&#8221;Image&#8221; _builder_version=&#8221;4.27.4&#8243; _module_preset=&#8221;default&#8221; custom_css_main_element=&#8221;margin-top: auto;&#8221; global_colors_info=&#8221;{}&#8221;][\/et_pb_image][\/et_pb_column][\/et_pb_row][et_pb_row _builder_version=&#8221;4.27.4&#8243; _module_preset=&#8221;default&#8221; width=&#8221;90%&#8221; max_width=&#8221;1600px&#8221; global_colors_info=&#8221;{}&#8221;][et_pb_column type=&#8221;4_4&#8243; _builder_version=&#8221;4.27.4&#8243; _module_preset=&#8221;default&#8221; global_colors_info=&#8221;{}&#8221;][et_pb_divider _builder_version=&#8221;4.27.4&#8243; _module_preset=&#8221;default&#8221; global_colors_info=&#8221;{}&#8221;][\/et_pb_divider][\/et_pb_column][\/et_pb_row][et_pb_row column_structure=&#8221;1_4,1_4,1_4,1_4&#8243; make_equal=&#8221;on&#8221; _builder_version=&#8221;4.27.4&#8243; _module_preset=&#8221;default&#8221; width=&#8221;90%&#8221; max_width=&#8221;1600px&#8221; global_colors_info=&#8221;{}&#8221;][et_pb_column type=&#8221;1_4&#8243; _builder_version=&#8221;4.27.4&#8243; _module_preset=&#8221;default&#8221; custom_padding=&#8221;|||10px|false|false&#8221; custom_css_main_element=&#8221;display: flex;||flex-direction: column;&#8221; border_width_left=&#8221;1px&#8221; global_colors_info=&#8221;{}&#8221;][et_pb_text admin_label=&#8221;anno&#8221; _builder_version=&#8221;4.27.4&#8243; _module_preset=&#8221;default&#8221; header_font=&#8221;|700|||||||&#8221; header_text_color=&#8221;gcid-body-color&#8221; header_font_size=&#8221;71px&#8221; global_colors_info=&#8221;{%22gcid-body-color%22:%91%22header_text_color%22%93}&#8221;]<h1>1980 1984<\/h1>[\/et_pb_text][et_pb_divider show_divider=\"off\" admin_label=\"name\" _builder_version=\"4.27.4\u2033 _module_preset=\"default\" global_colors_info=\"{}\"][\/et_pb_divider][et_pb_text admin_label=\"divider\" _builder_version=\"4.27.4\u2033 _module_preset=\"default\" header_font=\"|700|||||||\" header_text_color=\"#110000\u2033 header_font_size=\"55px\" min_height=\"175px\" min_height_tablet=\"175px\" min_height_phone=\"175px\" min_height_last_edited=\"on|phone\" global_colors_info=\"{}\" custom_css_free_form=\"||@media (min-width: 1101px){|| selector h1{| font-size: 45px !important;|| }||}||||@media (min-width: 1400px){|| selector h1{| font-size: 54px !important;|| }||}||||@media (max-width: 1100px){|| selector h1{| font-size: 40px !important;|| }|}||||selector h1{| word-wrap: normal;|| word-break: normal;||}\"]<h1><span>Vittorio Merloni\u00a0\u00a0<\/span><\/h1>[\/et_pb_text][et_pb_text admin_label=\"life\" _builder_version=\"4.27.4\u2033 _module_preset=\"default\" global_colours_info=\"{}\"]<p>Born in Fabriano on 30 April 1933. Graduated in Economics at the University of Perugia. In 1960 he began working in his father's company and in 1970 took over responsibility for the Home Appliances Division. In 1975, the Division was transformed into a joint-stock company and Vittorio Merloni became its President. Fineldo controls Merloni Elettrodomestici SpA, Merloni Progetti SpA, M.P. Energy and Faber Factor; it also has significant stakes in Benelli, Panini and Cinecitt\u00e0 Servizi. Merloni Elettrodomestici has a turnover of Lire 2,837 billion and 7,700 employees, operates with three brands: Scholt\u00e8s, Ariston and Indesit, 11 production plants in 5 European countries and 21 trading companies. Member of the Harvard Business School in Boston from 1981 to 1994. Knight of Labour since 1984. Member of Censis and Fondazione Aristide Merloni. Member of the Board of Directors of the Il Sole 24 Ore publishing house.<\/p>[\/et_pb_text][et_pb_image src=&#8221;https:\/\/public.confindustria.it\/repository\/2025\/04\/07174055\/Property-1Frame-193-300&#215;300.png&#8221; alt=&#8221;Vittorio Merloni&#8221; title_text=&#8221;vittorio-merloni&#8221; admin_label=&#8221;Image&#8221; _builder_version=&#8221;4.27.4&#8243; _module_preset=&#8221;default&#8221; custom_css_main_element=&#8221;margin-top: auto;&#8221; global_colors_info=&#8221;{}&#8221;][\/et_pb_image][\/et_pb_column][et_pb_column type=&#8221;1_4&#8243; _builder_version=&#8221;4.27.4&#8243; _module_preset=&#8221;default&#8221; custom_padding=&#8221;|||10px|false|false&#8221; custom_css_main_element=&#8221;display: flex;||flex-direction: column;&#8221; border_width_left=&#8221;1px&#8221; global_colors_info=&#8221;{}&#8221;][et_pb_text admin_label=&#8221;anno&#8221; _builder_version=&#8221;4.27.4&#8243; _module_preset=&#8221;default&#8221; header_font=&#8221;|700|||||||&#8221; header_text_color=&#8221;gcid-body-color&#8221; header_font_size=&#8221;71px&#8221; global_colors_info=&#8221;{%22gcid-body-color%22:%91%22header_text_color%22%93}&#8221;]<h1>1984 1988<\/h1>[\/et_pb_text][et_pb_divider show_divider=\"off\" admin_label=\"name\" _builder_version=\"4.27.4\u2033 _module_preset=\"default\" global_colors_info=\"{}\"][\/et_pb_divider][et_pb_text admin_label=\"divider\" _builder_version=\"4.27.4\u2033 _module_preset=\"default\" header_font=\"|700|||||||\" header_text_color=\"#110000\u2033 header_font_size=\"55px\" min_height=\"175px\" min_height_tablet=\"175px\" min_height_phone=\"175px\" min_height_last_edited=\"on|phone\" global_colors_info=\"{}\" custom_css_free_form=\"||@media (min-width: 1101px){|| selector h1{| font-size: 45px !important;|| }||}||||@media (min-width: 1400px){|| selector h1{| font-size: 54px !important;|| }||}||||@media (max-width: 1100px){|| selector h1{| font-size: 40px !important;|| }|}||||selector h1{| word-wrap: normal;|| word-break: normal;||}\"]<h1>Luigi Lucchini\u00a0<\/h1>[\/et_pb_text][et_pb_text admin_label=&#8221;vita&#8221; _builder_version=&#8221;4.27.4&#8243; _module_preset=&#8221;default&#8221; global_colors_info=&#8221;{}&#8221;]Nato a Casto (BS) il 21 gennaio 1919.\nNel 1975 nominato Cavaliere al Merito del Lavoro.\nDal 1978 al 1983 presidente dell&#8217;Associazione Industriale Bresciana e membro della Giunta di Confindustria.\nDal 1980 al 1982 fa parte del Comitato Consultivo della Comunit\u00e0 Europea in rappresentanza dei produttori siderurgici privati.\nIl 18 giugno 1998 l&#8217;Universit\u00e0 degli Studi di Brescia gli conferisce la laurea honoris causa in Economia e Commercio.\nMembro della Giunta di Confindustria e dell&#8217;Associazione Industria Bresciana.\nPresidente del Consiglio di Amministrazione di: Banca Commerciale Italiana SpA, Compagnia di Partecipazioni Assicurative e Industriali, Compart SpA &#8211; Montedison SpA\nFondazione Lucchini, Lucchini SpA.\nAmministratore Unico di: SINPAR Societ\u00e0 di Investimenti e Partecipazioni SpA.\nVice Presidente di: Consortium SpA &#8211; Istituto di Cultura Bancaria.\nConsigliere di Amministrazione di: Assicurazioni Generali SpA (Membro anche del Comitato Esecutivo), Associazione Bancaria Italiana, Eridania B\u00e8ghin Say S.A.\nISPI &#8211; Istituto per gli Studi di Politica Internazionale, Mediobanca SpA,\nOlivetti SpA.\nPresidente del Sindacato di Blocco di:\nGemina SpA.[\/et_pb_text][et_pb_image src=&#8221;https:\/\/public.confindustria.it\/repository\/2025\/04\/07182552\/Property-1Frame-194.png&#8221; alt=&#8221;Luigi Lucchini&#8221; title_text=&#8221;luigi-lucchini&#8221; admin_label=&#8221;Image&#8221; _builder_version=&#8221;4.27.4&#8243; _module_preset=&#8221;default&#8221; custom_css_main_element=&#8221;margin-top: auto;&#8221; global_colors_info=&#8221;{}&#8221;][\/et_pb_image][\/et_pb_column][et_pb_column type=&#8221;1_4&#8243; _builder_version=&#8221;4.27.4&#8243; _module_preset=&#8221;default&#8221; custom_padding=&#8221;|||10px|false|false&#8221; custom_css_main_element=&#8221;display: flex;||flex-direction: column;&#8221; border_width_left=&#8221;1px&#8221; global_colors_info=&#8221;{}&#8221;][et_pb_text admin_label=&#8221;anno&#8221; _builder_version=&#8221;4.27.4&#8243; _module_preset=&#8221;default&#8221; header_font=&#8221;|700|||||||&#8221; header_text_color=&#8221;gcid-body-color&#8221; header_font_size=&#8221;71px&#8221; global_colors_info=&#8221;{%22gcid-body-color%22:%91%22header_text_color%22%93}&#8221;]<h1>1988\u00a0 1992<\/h1>[\/et_pb_text][et_pb_divider show_divider=\"off\" admin_label=\"name\" _builder_version=\"4.27.4\u2033 _module_preset=\"default\" global_colors_info=\"{}\"][\/et_pb_divider][et_pb_text admin_label=\"divider\" _builder_version=\"4.27.4\u2033 _module_preset=\"default\" header_font=\"|700|||||||\" header_text_color=\"#110000\u2033 header_font_size=\"55px\" min_height=\"175px\" min_height_tablet=\"175px\" min_height_phone=\"175px\" min_height_last_edited=\"on|phone\" global_colors_info=\"{}\" custom_css_free_form=\"||@media (min-width: 1101px){|| selector h1{| font-size: 45px !important;|| }||}||||@media (min-width: 1400px){|| selector h1{| font-size: 54px !important;|| }||}||||@media (max-width: 1100px){|| selector h1{| font-size: 40px !important;|| }|}||||selector h1{| word-wrap: normal;|| word-break: normal;||}\"]<h1>Sergio Pinifarina<\/h1>[\/et_pb_text][et_pb_text admin_label=\"life\" _builder_version=\"4.27.4\u2033 _module_preset=\"default\" global_colours_info=\"{}\"]<p>Born in Turin on 8 September 1926. Graduated in Mechanical Engineering. Started work in his father's industry, Carrozzeria Pininfarina, in 1950. In 1959-1968 he started and completed the design and construction of a new plant in Grugliasco (Turin).<br \/>In 1960, he took over as General Manager of the company and a year later also as Managing Director.<br \/>In 1964, he started the construction of a new Study and Research Centre, which was inaugurated in 1966. In 1966 he took over as Chairman of the Company.  Since 1970 he has been Honorary Chairman of the Pininfarina Senior Group. From 1974 to 1977 he taught \"Bodywork Design\" at Turin Polytechnic. July 1978 - June 1984: President of the Industrial Union of Turin. July 1979 - June 1988: Member of the European Parliament.<br \/>October 1983 - June 1988: President of the Federation of Industrial Associations of Piedmont. May 1987 - June 1989: President of OICA (Organisation Internationale des Constructeurs d'Automobiles). January - July 1997: Director of AUME (Association pour l'Union Mon\u00e8taire de l'Europe). Delegate for Italy. December 1990 - December 1994: Vice President of UNICE (Union of Industrial and Employers' Confederations of Europe).<br \/>March 1993 - July 1996: Chairman of the Leonardo - Italian Quality Committee.<br \/>Main positions held: Co-Chairman of the Committee for the European Transpadana Route, Chairman of Fidia SpA, Fondo Interbancario d'Investimento Azionario, Vice Chairman Banca CRT SpA.<br \/>Board Member of Directors of: Ferrari SpA, Toro Assicurazioni SpA, Banca Passadore, Banca Brignone, LUISS - Libera Universit\u00e0 Internazionale Studi Sociali, Cartiere Burgo SpA, Federal Councillor of the Italian Golf Federation. Within the Pininfarina Group: Pininfarina SpA: Chairman and Chief Executive Officer, Industrie Pininfarina SpA: Chairman and Chief Executive Officer, Pininfarina Studi e Ricerche SpA: Chairman and Chief Executive Officer, Pininfarina Extra Srl: Honorary Chairman, Senator for Life since September 2005.<\/p>[\/et_pb_text][et_pb_image src=&#8221;https:\/\/public.confindustria.it\/repository\/2025\/04\/07183019\/Property-1Frame-195.png&#8221; alt=&#8221;Sergio Pininfarina&#8221; title_text=&#8221;sergio-pininfarina&#8221; admin_label=&#8221;Image&#8221; _builder_version=&#8221;4.27.4&#8243; _module_preset=&#8221;default&#8221; custom_css_main_element=&#8221;margin-top: auto;&#8221; global_colors_info=&#8221;{}&#8221;][\/et_pb_image][\/et_pb_column][et_pb_column type=&#8221;1_4&#8243; _builder_version=&#8221;4.27.4&#8243; _module_preset=&#8221;default&#8221; custom_padding=&#8221;|||10px|false|false&#8221; custom_css_main_element=&#8221;display: flex;||flex-direction: column;&#8221; border_width_left=&#8221;1px&#8221; global_colors_info=&#8221;{}&#8221;][et_pb_text admin_label=&#8221;anno&#8221; _builder_version=&#8221;4.27.4&#8243; _module_preset=&#8221;default&#8221; text_text_color=&#8221;gcid-body-color&#8221; header_font=&#8221;|700|||||||&#8221; header_text_color=&#8221;gcid-body-color&#8221; header_font_size=&#8221;71px&#8221; global_colors_info=&#8221;{%22gcid-body-color%22:%91%22text_text_color%22,%22header_text_color%22%93}&#8221;]<h1>1992 1996<\/h1>[\/et_pb_text][et_pb_divider show_divider=\"off\" admin_label=\"name\" _builder_version=\"4.27.4\u2033 _module_preset=\"default\" global_colors_info=\"{}\"][\/et_pb_divider][et_pb_text admin_label=\"divider\" _builder_version=\"4.27.4\u2033 _module_preset=\"default\" header_font=\"|700|||||||\" header_text_color=\"#110000\u2033 header_font_size=\"55px\" min_height=\"175px\" min_height_tablet=\"175px\" min_height_phone=\"175px\" min_height_last_edited=\"on|phone\" global_colors_info=\"{}\" custom_css_free_form=\"||@media (min-width: 1101px){|| selector h1{| font-size: 45px !important;|| }||}||||@media (min-width: 1400px){|| selector h1{| font-size: 54px !important;|| }||}||||@media (max-width: 1100px){|| selector h1{| font-size: 40px !important;|| }|}||||selector h1{| word-wrap: normal;|| word-break: normal;||}\"]<h1>Luigi <br \/>Spruce<\/h1>[\/et_pb_text][et_pb_text admin_label=\"life\" _builder_version=\"4.27.4\u2033 _module_preset=\"default\" global_colours_info=\"{}\"]<p>Born in Rome on 17 February 1947. Graduated in Law. <br \/>From 1978 to 1982 president of the National Committee of Young Entrepreneurs of Confindustria. From 1983 to 1986 president of the Industrial Federation of Lazio.<br \/>Since 1991 Member of the CNEL - National Economic and Labour Council.<br \/>Since 1993 President of LUISS Guido Carli University.<br \/>Managing Director of Cinecitt\u00e0 Holding SpA, as well as President of Cinecitt\u00e0 Servizi SpA, the company that implemented and managed the privatisation of the Cinecitt\u00e0 complex.<br \/>President of A.BE.T.E. SpA - Azienda Beneventana Tipografica Editoriale, a financial company operating in the graphic-cartographic, publishing and tourism-hotel sectors.<br \/>Member of the Board of Directors of Siemens SpA and shareholder of Ente Cassa di Risparmio di Roma.<br \/>Since 1998 President of Banca Nazionale del Lavoro SpA.<\/p>[\/et_pb_text][et_pb_image src=&#8221;https:\/\/public.confindustria.it\/repository\/2025\/04\/07183348\/Property-1Frame-196.png&#8221; alt=&#8221;Luigi Abete&#8221; title_text=&#8221;luigi-abete&#8221; admin_label=&#8221;Image&#8221; _builder_version=&#8221;4.27.4&#8243; _module_preset=&#8221;default&#8221; custom_css_main_element=&#8221;margin-top: auto;&#8221; global_colors_info=&#8221;{}&#8221;][\/et_pb_image][\/et_pb_column][\/et_pb_row][et_pb_row _builder_version=&#8221;4.27.4&#8243; _module_preset=&#8221;default&#8221; width=&#8221;90%&#8221; max_width=&#8221;1600px&#8221; global_colors_info=&#8221;{}&#8221;][et_pb_column type=&#8221;4_4&#8243; _builder_version=&#8221;4.27.4&#8243; _module_preset=&#8221;default&#8221; global_colors_info=&#8221;{}&#8221;][et_pb_divider _builder_version=&#8221;4.27.4&#8243; _module_preset=&#8221;default&#8221; global_colors_info=&#8221;{}&#8221;][\/et_pb_divider][\/et_pb_column][\/et_pb_row][et_pb_row column_structure=&#8221;1_4,1_4,1_4,1_4&#8243; make_equal=&#8221;on&#8221; _builder_version=&#8221;4.27.4&#8243; _module_preset=&#8221;default&#8221; width=&#8221;90%&#8221; max_width=&#8221;1600px&#8221; global_colors_info=&#8221;{}&#8221;][et_pb_column type=&#8221;1_4&#8243; _builder_version=&#8221;4.27.4&#8243; _module_preset=&#8221;default&#8221; custom_padding=&#8221;|||10px|false|false&#8221; custom_css_main_element=&#8221;display: flex;||flex-direction: column;&#8221; border_width_left=&#8221;1px&#8221; global_colors_info=&#8221;{}&#8221;][et_pb_text admin_label=&#8221;anno&#8221; _builder_version=&#8221;4.27.4&#8243; _module_preset=&#8221;default&#8221; header_font=&#8221;|700|||||||&#8221; header_text_color=&#8221;gcid-body-color&#8221; header_font_size=&#8221;71px&#8221; global_colors_info=&#8221;{%22gcid-body-color%22:%91%22header_text_color%22%93}&#8221;]<h1>1996 2000<\/h1>[\/et_pb_text][et_pb_divider show_divider=\"off\" admin_label=\"name\" _builder_version=\"4.27.4\u2033 _module_preset=\"default\" global_colors_info=\"{}\"][\/et_pb_divider][et_pb_text admin_label=\"divider\" _builder_version=\"4.27.4\u2033 _module_preset=\"default\" header_font=\"|700|||||||\" header_text_color=\"#110000\u2033 header_font_size=\"55px\" min_height=\"175px\" min_height_tablet=\"175px\" min_height_phone=\"175px\" min_height_last_edited=\"on|phone\" global_colors_info=\"{}\" custom_css_free_form=\"||@media (min-width: 1101px){|| selector h1{| font-size: 45px !important;|| }||}||||@media (min-width: 1400px){|| selector h1{| font-size: 54px !important;|| }||}||||@media (max-width: 1100px){|| selector h1{| font-size: 40px !important;|| }|}||||selector h1{| word-wrap: normal;|| word-break: normal;||}\"]<h1><span>Giorgio Fossa<\/span><\/h1>[\/et_pb_text][et_pb_text admin_label=&#8221;vita&#8221; _builder_version=&#8221;4.27.4&#8243; _module_preset=&#8221;default&#8221; global_colors_info=&#8221;{}&#8221;]Nato a Gallarate (Va) il 1\u00b0 settembre 1954. Laureato in Giurisprudenza. Imprenditore industriale, settore meccanico. Amministratore unico della Silvio Fossa S.p.A, azienda operante nella progettazione, lavorazione e assemblaggio di cilindri idraulici, pneumatici e rotanti, standard e speciali. Diversifica la sua attivit\u00e0 investendo in societ\u00e0 operanti nel settore manifatturiero e in quello finanziario. Dal marzo 1982 socio accomandante di Marmont Sas. Dall&#8217;ottobre 1990, consigliere &#8220;Industria e Universit\u00e0 Srl&#8221;\nDal dicembre 1992, socio amministratore di Gieffe SS e di Nicto SS, operanti nel settore mobiliare ed immobiliare. Dal 1995 al 1996 presidente del consiglio di amministrazione de Il Sole 24Ore\nDa dicembre 1996, Consigliere della LUISS. Da aprile 1998 membro del consiglio di amministrazione della Valentino SpA e membro del consiglio di amministrazione del Libero Istituto Universitario Cattaneo (LIUC). Cariche associative: dal 1985 al 1987 Presidente Gruppo Merceologico Meccanico dell&#8217;Associazione Industriali della Provincia di Varese; dal 1987 al 1993 Presidente del Comitato Piccola Industria dell&#8217;Associazione Industriali della Provincia di Varese; dal 1987 al 1996 Membro del Comitato Nazionale e del Consiglio Centrale della Piccola Industria di Confindustria, da maggio 1992 Membro del Consiglio Direttivo di Confindustria. Dal 1993 al 1996 Presidente del Consiglio Centrale per la Piccola Industria e Vice Presidente di Confindustria; dal 1994 al 1996 Vice Presidente per la politica industriale di Confindustria e Presidente del Comitato Tecnico Economia e Impresa di Confindustria\nDa agosto 1997 Vice Presidente UNICE &#8211; Union des Conf\u00e9d\u00e9ration et des Employeurs d&#8217;Europ; da luglio 1997 Membro Consiglio di Amministrazione AUME &#8211; Association pour l&#8217;Union Mon\u00e9taire de l&#8217;Europe.[\/et_pb_text][et_pb_image src=&#8221;https:\/\/public.confindustria.it\/repository\/2025\/04\/14180725\/Property-1Frame-197.png&#8221; alt=&#8221;Giorgio Fossa&#8221; title_text=&#8221;giorgio-fossa&#8221; admin_label=&#8221;Image&#8221; _builder_version=&#8221;4.27.4&#8243; _module_preset=&#8221;default&#8221; custom_css_main_element=&#8221;margin-top: auto;&#8221; global_colors_info=&#8221;{}&#8221;][\/et_pb_image][\/et_pb_column][et_pb_column type=&#8221;1_4&#8243; _builder_version=&#8221;4.27.4&#8243; _module_preset=&#8221;default&#8221; custom_padding=&#8221;|||10px|false|false&#8221; custom_css_main_element=&#8221;display: flex;||flex-direction: column;&#8221; border_width_left=&#8221;1px&#8221; global_colors_info=&#8221;{}&#8221;][et_pb_text admin_label=&#8221;anno&#8221; _builder_version=&#8221;4.27.4&#8243; _module_preset=&#8221;default&#8221; header_font=&#8221;|700|||||||&#8221; header_text_color=&#8221;gcid-body-color&#8221; header_font_size=&#8221;71px&#8221; global_colors_info=&#8221;{%22gcid-body-color%22:%91%22header_text_color%22%93}&#8221;]<h1>2000 2004<\/h1>[\/et_pb_text][et_pb_divider show_divider=\"off\" admin_label=\"name\" _builder_version=\"4.27.4\u2033 _module_preset=\"default\" global_colors_info=\"{}\"][\/et_pb_divider][et_pb_text admin_label=\"divider\" _builder_version=\"4.27.4\u2033 _module_preset=\"default\" header_font=\"|700|||||||\" header_text_color=\"#110000\u2033 header_font_size=\"55px\" min_height=\"175px\" min_height_tablet=\"175px\" min_height_phone=\"175px\" min_height_last_edited=\"on|phone\" global_colors_info=\"{}\" custom_css_free_form=\"||@media (min-width: 1101px){|| selector h1{| font-size: 45px !important;|| }||}||||@media (min-width: 1400px){|| selector h1{| font-size: 54px !important;|| }||}||||@media (max-width: 1100px){|| selector h1{| font-size: 40px !important;|| }|}||||selector h1{| word-wrap: normal;|| word-break: normal;||}\"]<h1>Antonio D'Amato<\/h1>[\/et_pb_text][et_pb_text admin_label=&#8221;vita&#8221; _builder_version=&#8221;4.27.4&#8243; _module_preset=&#8221;default&#8221; global_colors_info=&#8221;{}&#8221;]Nato a Napoli il 16 giugno 1957.\nLaureato in Giurisprudenza, assume giovanissimo la guida della Cartoprint e successivamente di altre aziende del gruppo Finseda, fondato dal padre Salvatore, di cui diventa presidente nel 1991.\nLeader in Europa nella produzione di imballaggi per alimenti, con stabilimenti ad Arzano ed in altre aree italiane, la Finseda conta circa 2000 dipendenti e produce il 50 per cento del suo fatturato all\u2019estero, in Germania, Belgio, Gran Bretagna e Portogallo.\nPresidente dei Giovani Imprenditori, prima a Napoli e poi a livello nazionale dal 1986 al 1990.\nIn Confindustria incaricato per il mezzogiorno dal 1996 al 1999 e, dal giugno 1999, presidente dell\u2019Unione Industriali di Napoli.\nVice presidente dell\u2019Unice e consigliere del Cnel.\nDal 2001 al 2004 presidente della Luiss Guido Carli[\/et_pb_text][et_pb_image src=&#8221;https:\/\/public.confindustria.it\/repository\/2025\/04\/14180949\/Property-1Frame-198.png&#8221; alt=&#8221;Antonio D&#8217;Amato&#8221; title_text=&#8221;antonio-d-amato&#8221; admin_label=&#8221;Image&#8221; _builder_version=&#8221;4.27.4&#8243; _module_preset=&#8221;default&#8221; custom_css_main_element=&#8221;margin-top: auto;&#8221; global_colors_info=&#8221;{}&#8221;][\/et_pb_image][\/et_pb_column][et_pb_column type=&#8221;1_4&#8243; _builder_version=&#8221;4.27.4&#8243; _module_preset=&#8221;default&#8221; custom_padding=&#8221;|||10px|false|false&#8221; custom_css_main_element=&#8221;display: flex;||flex-direction: column;&#8221; border_width_left=&#8221;1px&#8221; global_colors_info=&#8221;{}&#8221;][et_pb_text admin_label=&#8221;anno&#8221; _builder_version=&#8221;4.27.4&#8243; _module_preset=&#8221;default&#8221; header_font=&#8221;|700|||||||&#8221; header_text_color=&#8221;gcid-body-color&#8221; header_font_size=&#8221;71px&#8221; global_colors_info=&#8221;{%22gcid-body-color%22:%91%22header_text_color%22%93}&#8221;]<h1>2004\u00a0 2008<\/h1>[\/et_pb_text][et_pb_divider show_divider=\"off\" admin_label=\"name\" _builder_version=\"4.27.4\u2033 _module_preset=\"default\" global_colors_info=\"{}\"][\/et_pb_divider][et_pb_text admin_label=\"divider\" _builder_version=\"4.27.4\u2033 _module_preset=\"default\" header_font=\"|700|||||||\" header_text_color=\"#110000\u2033 header_font_size=\"55px\" min_height=\"175px\" global_colors_info=\"{}\" min_height_tablet=\"175px\" min_height_phone=\"175px\" min_height_last_edited=\"on|phone\" custom_css_free_form=\"||@media (min-width: 1101px){|| selector h1{| font-size: 45px !important;|| }||}||||@media (min-width: 1400px){|| selector h1{| font-size: 54px !important;|| }||}||||@media (max-width: 1100px){|| selector h1{| font-size: 40px !important;|| }|}||||selector h1{| word-wrap: normal;|| word-break: normal;||}\"]<h1>Luca Cordero di Montezemolo<\/h1>[\/et_pb_text][et_pb_text admin_label=&#8221;vita&#8221; _builder_version=&#8221;4.27.4&#8243; _module_preset=&#8221;default&#8221; global_colors_info=&#8221;{}&#8221;]Nato a Bologna il 31 agosto 1947. Laurea in Giurisprudenza. Specializzazione in Diritto Commerciale Internazionale presso la Columbia University di New York\nLaurea Honoris Causa in Ingegneria Meccanica dall\u2019Universit\u00e0 degli Studi di Modena ed in Gestione. Integrata d\u2019Impresa dalla Fondazione CUOA di Vicenza. Presidente FIAT. Presidente e Amministratore Delegato della Ferrari. Presidente e Amministratore Delegato della Maserati. Presidente della Fiera Internazionale di Bologna.\nPresidente della Luiss, Libera Universit\u00e0 Internazionale degli Studi Sociali Guido Carli\nConsigliere di Amministrazione di:\nLa Stampa, PPR \u2013 Pinault\/Printemps Redoute\nTod\u2019s, Merloni Elettrodomestici, Campari\nBologna Calcio.\nHa ricoperto gli incarichi di: Presidente della FIEG \u2013 Federazione Italiana Editori Giornali\nConsigliere di Amministrazione Unicredit Banca d\u2019Impresa, Presidente degli Industriali della Provincia di Modena, Amministratore Delegato della RCS Video, Consigliere di Amministrazione di TF1, Direttore Generale del Comitato Organizzatore della Coppa del Mondo di Calcio ITALIA \u201990, Amministratore Delegato della Cinzano International e responsabile dell\u2019organizzazione di Azzurra a Ginevra, Amministratore Delegato della ITEDI\nDirettore delle Relazioni Esterne del Gruppo FIAT. Team Manager della Scuderia Ferrari\nAssistente di Enzo Ferrari. Nominato dal Financial Times tra i cinquanta migliori manager del Mondo del 2004. Ha fondato Charme, fondo finanziario-imprenditoriale, con cui nel 2003 ha acquisito Poltrona Frau e nel 2004 Ballantyne.[\/et_pb_text][et_pb_image src=&#8221;https:\/\/public.confindustria.it\/repository\/2025\/04\/14181959\/Property-1Frame-199.png&#8221; alt=&#8221;Luca Cordero di Montezemolo&#8221; title_text=&#8221;luca-cordero-di-montezemolo&#8221; admin_label=&#8221;Image&#8221; _builder_version=&#8221;4.27.4&#8243; _module_preset=&#8221;default&#8221; custom_css_main_element=&#8221;margin-top: auto;&#8221; global_colors_info=&#8221;{}&#8221;][\/et_pb_image][\/et_pb_column][et_pb_column type=&#8221;1_4&#8243; _builder_version=&#8221;4.27.4&#8243; _module_preset=&#8221;default&#8221; custom_padding=&#8221;|||10px|false|false&#8221; custom_css_main_element=&#8221;display: flex;||flex-direction: column;&#8221; border_width_left=&#8221;1px&#8221; global_colors_info=&#8221;{}&#8221;][et_pb_text admin_label=&#8221;anno&#8221; _builder_version=&#8221;4.27.4&#8243; _module_preset=&#8221;default&#8221; text_text_color=&#8221;gcid-body-color&#8221; header_font=&#8221;|700|||||||&#8221; header_text_color=&#8221;gcid-body-color&#8221; header_font_size=&#8221;71px&#8221; global_colors_info=&#8221;{%22gcid-body-color%22:%91%22text_text_color%22,%22header_text_color%22%93}&#8221;]<h1>2008 2012<\/h1>[\/et_pb_text][et_pb_divider show_divider=\"off\" admin_label=\"name\" _builder_version=\"4.27.4\u2033 _module_preset=\"default\" global_colors_info=\"{}\"][\/et_pb_divider][et_pb_text admin_label=\"divider\" _builder_version=\"4.27.4\u2033 _module_preset=\"default\" header_font=\"|700|||||||\" header_text_color=\"#110000\u2033 header_font_size=\"55px\" min_height=\"175px\" min_height_tablet=\"175px\" min_height_phone=\"175px\" min_height_last_edited=\"on|phone\" global_colors_info=\"{}\" custom_css_free_form=\"||@media (min-width: 1101px){|| selector h1{| font-size: 45px !important;|| }||}||||@media (min-width: 1400px){|| selector h1{| font-size: 54px !important;|| }||}||||@media (max-width: 1100px){|| selector h1{| font-size: 40px !important;|| }|}||||selector h1{| word-wrap: normal;|| word-break: normal;||}\"]<h1>Emma Marcegaglia<\/h1>[\/et_pb_text][et_pb_text admin_label=&#8221;vita&#8221; _builder_version=&#8221;4.27.4&#8243; _module_preset=&#8221;default&#8221; global_colors_info=&#8221;{}&#8221;]Nata a Mantova nel 1965.\nLaurea in Economia Aziendale.\nMaster in Business Administration presso la New York University.\nAmministratore Delegato della Societ\u00e0 Marcegaglia S.p.A. e di tutte le Societ\u00e0 controllate. Presidente della Fondazione Aret\u00e9 Onlus per il sostegno dell&#8217;attivit\u00e0; Vita-Salute San Raffaele. Membro permanente del &#8220;Enterprise Policy Group &#8211; Professional Chamber&#8221; e del Comitato Esecutivo dell&#8217;Aspen Institute Italia\nHa ricoperto gli incarichi di: Vice Presidente di Confindustria per l&#8217;Europa\nPresidente Nazionale dei Giovani Imprenditori di Confindustria\nPresidente dello YES (Young Entrepreneurs for Europe), Vice Presidente Nazionale dei Giovani Imprenditori di Confindustria.[\/et_pb_text][et_pb_image src=&#8221;https:\/\/public.confindustria.it\/repository\/2025\/04\/14182241\/Property-1Frame-200.png&#8221; alt=&#8221;Emma Marcegaglia&#8221; title_text=&#8221;emma-marcegaglia&#8221; admin_label=&#8221;Image&#8221; _builder_version=&#8221;4.27.4&#8243; _module_preset=&#8221;default&#8221; custom_css_main_element=&#8221;margin-top: auto;&#8221; global_colors_info=&#8221;{}&#8221;][\/et_pb_image][\/et_pb_column][\/et_pb_row][et_pb_row _builder_version=&#8221;4.27.4&#8243; _module_preset=&#8221;default&#8221; width=&#8221;90%&#8221; max_width=&#8221;1600px&#8221; global_colors_info=&#8221;{}&#8221;][et_pb_column type=&#8221;4_4&#8243; _builder_version=&#8221;4.27.4&#8243; _module_preset=&#8221;default&#8221; global_colors_info=&#8221;{}&#8221;][et_pb_divider _builder_version=&#8221;4.27.4&#8243; _module_preset=&#8221;default&#8221; global_colors_info=&#8221;{}&#8221;][\/et_pb_divider][\/et_pb_column][\/et_pb_row][et_pb_row column_structure=&#8221;1_4,1_4,1_4,1_4&#8243; make_equal=&#8221;on&#8221; _builder_version=&#8221;4.27.4&#8243; _module_preset=&#8221;default&#8221; global_colors_info=&#8221;{}&#8221; header_font=&#8221;|700|||||||&#8221; header_text_color=&#8221;#110000&#8243; header_font_size=&#8221;55px&#8221; min_height=&#8221;175px&#8221; min_height_tablet=&#8221;175px&#8221; min_height_phone=&#8221;175px&#8221; min_height_last_edited=&#8221;on|phone&#8221; custom_css_free_form=&#8221;||@media (min-width: 1101px){||  selector h1{||    font-size: 35px;||  }||}||||@media (min-width: 1400px){||  selector h1{||    font-size: 54px;||  }||}||||@media (max-width: 1100px){||  selector h1{||    font-size: 30px;||  }||}||||selector h1{||    word-wrap: normal;||    word-break: normal;||}&#8221;][et_pb_column type=&#8221;1_4&#8243; _builder_version=&#8221;4.27.4&#8243; _module_preset=&#8221;default&#8221; custom_padding=&#8221;|||10px|false|false&#8221; custom_css_main_element=&#8221;display: flex;||flex-direction: column;&#8221; border_width_left=&#8221;1px&#8221; global_colors_info=&#8221;{}&#8221;][et_pb_text admin_label=&#8221;anno&#8221; _builder_version=&#8221;4.27.4&#8243; _module_preset=&#8221;default&#8221; header_font=&#8221;|700|||||||&#8221; header_text_color=&#8221;gcid-body-color&#8221; header_font_size=&#8221;71px&#8221; hover_enabled=&#8221;0&#8243; global_colors_info=&#8221;{%22gcid-body-color%22:%91%22header_text_color%22%93}&#8221; sticky_enabled=&#8221;0&#8243;]<h1>2012 <br \/>2016<\/h1>[\/et_pb_text][et_pb_divider show_divider=\"off\" admin_label=\"name\" _builder_version=\"4.27.4\u2033 _module_preset=\"default\" global_colors_info=\"{}\" header_font=\"|700|||||||\" header_text_color=\"#110000\u2033 header_font_size=\"55px\" custom_css_free_form=\"||@media (min-width: 1101px){| selector h1{| font-size: 35px;|| }|||}||||@media (min-width: 1400px){|| selector h1{| font-size: 54px;|| }||}||||@media (max-width: 1100px){|| selector h1{| font-size: 30px;|| }|}||||selector h1{| word-wrap: normal;|| word-break: normal;||}\"][\/et_pb_divider][et_pb_text admin_label=\"divider\" _builder_version=\"4.27.4\u2033 _module_preset=\"default\" header_font=\"|700|||||||\" header_text_color=\"#110000\u2033 header_font_size=\"55px\" min_height=\"175px\" min_height_tablet=\"175px\" min_height_phone=\"175px\" min_height_last_edited=\"on|phone\" global_colors_info=\"{}\" custom_css_free_form=\"||@media (min-width: 1101px){|| selector h1{| font-size: 45px !important;|| }||}||||@media (min-width: 1400px){|| selector h1{| font-size: 54px !important;|| }||}||||@media (max-width: 1100px){|| selector h1{| font-size: 40px !important;|| }|}||||selector h1{| word-wrap: normal;|| word-break: normal;||}\"]<h1><span>Giorgio Squinzi<\/span><\/h1>[\/et_pb_text][et_pb_text admin_label=&#8221;vita&#8221; _builder_version=&#8221;4.27.4&#8243; _module_preset=&#8221;default&#8221; global_colors_info=&#8221;{}&#8221;]Giorgio Squinzi, milanese, nato il 18 maggio 1943, \u00e8 coniugato e ha 2 figli. \u00c8 laureato in Chimica Industriale all&#8217;Universit\u00e0 degli Studi di Milano. \u00c8 cofondatore col padre, nel 1970, della Mapei S.n.c. (che amplia l&#8217;attivit\u00e0 precedente della ditta Mapei fondata nel 1937 dal padre stesso) assumendo, in particolare, la responsabilit\u00e0 dell&#8217;area ricerca e sviluppo tecnologico. Nel 1976 con la costituzione della Mapei S.p.A. ne diventa Direttore Generale.\nNel 1978 inizia il processo di internazionalizzazione dell&#8217;azienda, fondando la prima organizzazione estera in Canada.\nNel dicembre 1984 diviene Amministratore Unico della Mapei. Attualmente il Gruppo industriale \u00e8 composto da 70 aziende consociate, con 54 stabilimenti produttivi di cui 9 operanti in Italia e gli altri nel resto del mondo, in 31 paesi nei 5 continenti. Il fatturato totale del Gruppo nel 2011 \u00e8 stato di 2,1 miliardi di euro. I dipendenti diretti sono 7500. Uno dei risultati pi\u00f9 significativi raggiunti nella sua carriera imprenditoriale \u00e8 quello di non avere mai effettuato licenziamenti per riduzione di organici e di non aver mai chiesto trattamenti di cassa integrazione. E&#8217; autore di numerosi articoli tecnici, pubblicati su riviste nazionali e internazionali. Parla correntemente inglese, francese, tedesco e spagnolo. Nel 1989 \u00e8 stato eletto Presidente del Technical Committee 67 WG3 &#8220;Adesivi per piastrelle ceramiche&#8221; del CEN &#8211; Comitato Europeo di Normazione. E&#8217; rappresentante italiano nel Technical Committee 189 ISO.\nIl 7 dicembre 1996 \u00e8 stato premiato dal Sindaco di Milano con l'&#8221;Ambrogino d&#8217;oro&#8221; per il suo impegno come imprenditore e sportivo a favore della citt\u00e0 di Milano. Il 6 aprile 1998 gli \u00e8 stata conferita la massima onorificenza di Cavaliere di S. Gregorio Magno in Vaticano. Il 2 giugno 1998 \u00e8 stato nominato Cavaliere del Lavoro. Il 21 dicembre 1998 \u00e8 stato nominato &#8220;Commandeur de l&#8217;Ordre de la Couronne&#8221; in Belgio. Il 10 dicembre 2002 il Politecnico di Milano gli ha conferito la laurea ad honorem in Ingegneria Chimica. Il 4 dicembre 2006 ha ricevuto dal Presidente della Repubblica Giorgio Napolitano il prestigioso Premio Leonardo Qualit\u00e0 Italia e il 5 giugno 2007 il Premio Barocco per la categoria &#8220;industriali&#8221;. Da giugno 2005 a giugno 2011 \u00e8 stato nuovamente Presidente di Federchimica, Federazione Nazionale dell&#8217;Industria Chimica; di cui era gi\u00e0 stato Presidente dal 1997 al 2003. \u00c8 Vicepresidente del Museo Nazionale della Scienza e della Tecnologia &#8220;Leonardo da Vinci&#8221; da luglio 2009 in rappresentanza del Comune di Milano. Da ottobre 2010 a settembre 2012 \u00e8 stato Presidente del CEFIC, l&#8217;Associazione dell&#8217;Industria Chimica Europea, cui aderiscono 29.000 aziende che rappresentano un quarto della produzione chimica mondiale. E&#8217; stato il primo imprenditore ad essere eletto alla guida del Cefic, precedentemente presieduto da manager. Da giugno 2011 a maggio 2012 \u00e8 stato Consigliere Superiore della Banca d&#8217;Italia.\nComponente del Consiglio Direttivo e della Giunta di Confindustria, \u00e8 stato Vicepresidente con delega per l&#8217;innovazione e lo sviluppo tecnologico da luglio 2003 a maggio 2004; da maggio 2010 \u00e8 Presidente del Comitato Tecnico con Delega all&#8217;Europa. Dal 24 maggio 2012 \u00e8 Presidente di Confindustria.[\/et_pb_text][et_pb_image src=&#8221;https:\/\/public.confindustria.it\/repository\/2025\/04\/14182718\/Property-1Frame-201.png&#8221; alt=&#8221;Giorgio Squinzi&#8221; title_text=&#8221;giorgio-squinzi&#8221; admin_label=&#8221;Image&#8221; _builder_version=&#8221;4.27.4&#8243; _module_preset=&#8221;default&#8221; custom_css_main_element=&#8221;margin-top: auto;&#8221; global_colors_info=&#8221;{}&#8221;][\/et_pb_image][\/et_pb_column][et_pb_column type=&#8221;1_4&#8243; _builder_version=&#8221;4.27.4&#8243; _module_preset=&#8221;default&#8221; custom_padding=&#8221;|||10px|false|false&#8221; custom_css_main_element=&#8221;display: flex;||flex-direction: column;&#8221; border_width_left=&#8221;1px&#8221; global_colors_info=&#8221;{}&#8221;][et_pb_text admin_label=&#8221;anno&#8221; _builder_version=&#8221;4.27.4&#8243; _module_preset=&#8221;default&#8221; header_font=&#8221;|700|||||||&#8221; header_text_color=&#8221;gcid-body-color&#8221; header_font_size=&#8221;71px&#8221; hover_enabled=&#8221;0&#8243; global_colors_info=&#8221;{%22gcid-body-color%22:%91%22header_text_color%22%93}&#8221; sticky_enabled=&#8221;0&#8243;]<h1>2016 <br \/>2020<\/h1>[\/et_pb_text][et_pb_divider show_divider=\"off\" admin_label=\"name\" _builder_version=\"4.27.4\u2033 _module_preset=\"default\" global_colors_info=\"{}\"][\/et_pb_divider][et_pb_text admin_label=\"divider\" _builder_version=\"4.27.4\u2033 _module_preset=\"default\" header_font=\"|700|||||||\" header_text_color=\"#110000\u2033 header_font_size=\"55px\" min_height=\"175px\" min_height_tablet=\"175px\" min_height_phone=\"175px\" min_height_last_edited=\"on|phone\" global_colors_info=\"{}\" custom_css_free_form=\"||@media (min-width: 1101px){|| selector h1{| font-size: 45px !important;|| }||}||||@media (min-width: 1400px){|| selector h1{| font-size: 54px !important;|| }||}||||@media (max-width: 1100px){|| selector h1{| font-size: 40px !important;|| }|}||||selector h1{| word-wrap: normal;|| word-break: normal;||}\"]<h1>Vincenzo Boccia<\/h1>[\/et_pb_text][et_pb_text admin_label=&#8221;vita&#8221; _builder_version=&#8221;4.27.4&#8243; _module_preset=&#8221;default&#8221; global_colors_info=&#8221;{}&#8221;]Eletto il 25 maggio 2016, \u00e8 il trentesimo presidente dell&#8217;Associazione. Succede a Giorgio Squinzi e sar\u00e0 in carica per il quadriennio 2016-2020.\nClasse 1964, laurea in Economia e Commercio, \u00e8 Amministratore Delegato della Arti Grafiche Boccia SpA di Salerno, azienda che opera da oltre 50 anni nel settore grafico, in particolare nel segmento della stampa di periodici specializzati, quotidiani, libri e stampati per la grande distribuzione.\nFin dai primi anni \u201990 \u00e8 stato esponente del Gruppo Giovani Imprenditori, giungendo a ricoprire nel 2000 l\u2019incarico di Vice Presidente nazionale.\n\u00c8 stato Presidente di Confindustria Assafrica&#038;Mediterraneo e componente della Giunta e del Consiglio Direttivo di Assografici.\nDal 2009 al 2013 \u00e8 stato Presidente della Piccola Industria di Confindustria.\nNel corso della presidenza Squinzi ha guidato il Comitato tecnico Credito e Finanza.[\/et_pb_text][et_pb_image src=&#8221;https:\/\/public.confindustria.it\/repository\/2025\/04\/14183010\/Property-1Frame-202.png&#8221; alt=&#8221;Vincenzo Boccia&#8221; title_text=&#8221;vincenzo boccia&#8221; admin_label=&#8221;Image&#8221; _builder_version=&#8221;4.27.4&#8243; _module_preset=&#8221;default&#8221; custom_css_main_element=&#8221;margin-top: auto;&#8221; global_colors_info=&#8221;{}&#8221;][\/et_pb_image][\/et_pb_column][et_pb_column type=&#8221;1_4&#8243; _builder_version=&#8221;4.27.4&#8243; _module_preset=&#8221;default&#8221; custom_padding=&#8221;|||10px|false|false&#8221; custom_css_main_element=&#8221;display: flex;||flex-direction: column;&#8221; border_width_left=&#8221;1px&#8221; global_colors_info=&#8221;{}&#8221;][et_pb_text admin_label=&#8221;anno&#8221; _builder_version=&#8221;4.27.4&#8243; _module_preset=&#8221;default&#8221; header_font=&#8221;|700|||||||&#8221; header_text_color=&#8221;gcid-body-color&#8221; header_font_size=&#8221;71px&#8221; hover_enabled=&#8221;0&#8243; global_colors_info=&#8221;{%22gcid-body-color%22:%91%22header_text_color%22%93}&#8221; sticky_enabled=&#8221;0&#8243;]<h1>2020\u00a0<br \/>2024<\/h1>[\/et_pb_text][et_pb_divider show_divider=\"off\" admin_label=\"name\" _builder_version=\"4.27.4\u2033 _module_preset=\"default\" global_colors_info=\"{}\"][\/et_pb_divider][et_pb_text admin_label=\"divider\" _builder_version=\"4.27.4\u2033 _module_preset=\"default\" header_font=\"|700|||||||\" header_text_color=\"#110000\u2033 header_font_size=\"55px\" min_height=\"175px\" min_height_tablet=\"175px\" min_height_phone=\"175px\" min_height_last_edited=\"on|phone\" global_colors_info=\"{}\" custom_css_free_form=\"||@media (min-width: 1101px){|| selector h1{|| font-size: 35px;|| }||}||||@media (min-width: 1400px){|| selector h1{|| font-size: 54px;|| }|}||||@media (max-width: 1100px){|| selector h1{|| font-size: 30px;|| }|}||||selector h1{|| word-wrap: normal;|| word-break: normal;||}\"]<h1>Carlo Bonomi<\/h1>[\/et_pb_text][et_pb_text admin_label=&#8221;vita&#8221; _builder_version=&#8221;4.27.4&#8243; _module_preset=&#8221;default&#8221; global_colors_info=&#8221;{}&#8221;]Carlo Bonomi \u00e8 stato il Presidente di Confindustria dal 2020 al 2024.\n\u00c8 imprenditore nel settore biomedicale, Presidente del Gruppo MedTech S.p.A. (Sidam S.r.l., Emotec S.r.l).\n\u00c8 Presidente di Fiera Milano S.p.A., componente del CdA di Fiere di Parma S.p.A.(da marzo 2023), del CdA dell\u2019Universit\u00e0 Bocconi e Consigliere indipendente di Muzinich &#038; Co. SGR S.p.A. \u00c8, inoltre, Presidente dei CdA di Ocean S.r.l. e Marsupium S.r.l.\nAttivo in Confindustria sin dalla sua partecipazione al Movimento dei Giovani Imprenditori, \u00e8 stato componente degli organi direttivi della confederazione sia a livello territoriale, fino alla sua elezione a Presidente di Assolombarda dal 2017 al 2020, sia a livello nazionale ricoprendo, fra le altre, la carica di Presidente del Gruppo Tecnico per il Fisco dal 2016 al 2020.[\/et_pb_text][et_pb_image src=&#8221;https:\/\/public.confindustria.it\/repository\/2025\/04\/14183307\/Property-1Frame-203.png&#8221; alt=&#8221;Carlo Bonomi&#8221; title_text=&#8221;carlo-bonomi&#8221; admin_label=&#8221;Image&#8221; _builder_version=&#8221;4.27.4&#8243; _module_preset=&#8221;default&#8221; custom_css_main_element=&#8221;margin-top: auto;&#8221; global_colors_info=&#8221;{}&#8221;][\/et_pb_image][\/et_pb_column][et_pb_column type=&#8221;1_4&#8243; _builder_version=&#8221;4.27.4&#8243; _module_preset=&#8221;default&#8221; custom_padding=&#8221;|||10px|false|false&#8221; custom_css_main_element=&#8221;display: flex;||flex-direction: column;&#8221; border_width_left=&#8221;1px&#8221; global_colors_info=&#8221;{}&#8221;][et_pb_text admin_label=&#8221;anno&#8221; _builder_version=&#8221;4.27.4&#8243; _module_preset=&#8221;default&#8221; text_text_color=&#8221;gcid-body-color&#8221; header_font=&#8221;|700|||||||&#8221; header_text_color=&#8221;gcid-body-color&#8221; header_font_size=&#8221;71px&#8221; global_colors_info=&#8221;{%22gcid-body-color%22:%91%22text_text_color%22,%22header_text_color%22%93}&#8221;]<h1><\/h1>\n<h1>from <br \/>2024<\/h1>[\/et_pb_text][et_pb_divider show_divider=\"off\" admin_label=\"name\" _builder_version=\"4.27.4\u2033 _module_preset=\"default\" global_colors_info=\"{}\"][\/et_pb_divider][et_pb_text admin_label=\"divider\" _builder_version=\"4.27.4\u2033 _module_preset=\"default\" header_font=\"|700|||||||\" header_text_colour=\"#110000\u2033 header_font_size=\"55px\" min_height=\"175px\" min_height_tablet=\"175px\" min_height_phone=\"175px\" min_height_last_edited=\"on|phone\" global_colors_info=\"{}\" sticky_enabled=\"0\u2033 custom_css_free_form=\"||@media (min-width: 1101px){|| selector h1{|| font-size: 35px;|| }||}||||@media (min-width: 1400px){|| selector h1{|| font-size: 54px;|| }|}||||@media (max-width: 1100px){|| selector h1{|| font-size: 30px;|| }||}||||selector h1{|| word-wrap: normal;|| word-break: normal;||}\"]<h1>Emanuele Orsini<\/h1>[\/et_pb_text][et_pb_text admin_label=\"life\" _builder_version=\"4.27.4\u2033 _module_preset=\"default\" global_colors_info=\"{}\"]Emanuele Orsini was born in Sassuolo in 1973.\nIn 1992, after graduating from high school, he joined Sistem Costruzioni, a leading company in the timber construction and industrial logistics sector, the parent company of a group of 10 other companies, and since 2014 has been its Managing Director.\nHe is Chairman of Maranello Residence, one of the main subsidiary and associated companies of Sistem Costruzioni and the first residential complex dedicated to the world of the Prancing Horse.\nIn 2020, after the death of his father-in-law Lanfranco Fiandri, founder of Tino Prosciutti S.p.A., he took on the role of Chairman with delegated powers for investments and development in Parma, contributing to the expansion of the industrial site - which will increase from four to five production plants by 2025 - and increasing the export quota to new non-EU markets, including the United States of America, Canada, Australia, New Zealand and the People's Republic of China.\nDespite his numerous corporate commitments, he always actively participates in the life of the association.\nSince 2013, he has held the position of President of Assolegno before being elected in 2017 as President of FederlegnoArredo, the Italian federation of wood, cork, furniture and furnishing industries. During his tenure, he was responsible for setting up a collegial Federation based on the delegation system and divided into three operating units: the first dedicated to the Furniture Fair, the second to Made Expo, the building and architecture fair, and finally the third dedicated to the Events area, with the aim of providing services to members.\nSome of the most significant projects carried out during his presidency include the reconstruction of the kindergarten in Finale Emilia (MO), which was destroyed in the 2012 earthquake; the construction of a new school of over 2,000 square metres donated to the city; and the completion of the ITS Rosario Messina Foundation headquarters in Lentate sul Seveso (MB), which now hosts around 250 students.\nSince 2015 he has been a Member of the Board of Confindustria Modena and Head of the Miscellaneous Section of the same association, and since 2016 a Member of the Industry and Environment Technical Group.\nIn 2017 he joined the General Council of Confindustria and the Technical Group for Internationalisation.\nIn 2020, in the midst of the pandemic, he was appointed Vice President of Confindustria with responsibility for Credit, Finance and Taxation, focusing the beginning of his tenure on the search for emergency financial and fiscal measures to support companies in greater economic difficulty. A commitment that will enable companies to access EUR 300 billion in financing, with EUR 2.8 million in transactions and EUR 140 billion in moratoria.\nIn 2013 he took on the position of Vice Chairman of Unicredit Leasing, a UniCredit Group company and one of Italy's leading leasing companies, to become its Chairman from 2018 to 2021. In 2018 he was awarded the environmental merit diploma by the Minister of the Environment and Protection of the Sea for the numerous eco-sustainable projects carried out in providing emergency housing solutions in the Marche Region following the earthquake in central Italy.[\/et_pb_text][et_pb_image src=\"https:\/\/public.confindustria.it\/repository\/2025\/04\/14184001\/Property-1Frame-204.png\" alt=\"Emanuele Orsini\" title_text=\"emanuele-orsini\" admin_label=\"Image\" _builder_version=\"4.27.4\u2033 _module_preset=\"default\" custom_css_main_element=\"margin-top: auto;\" global_colors_info=\"{}\"][\/et_pb_image][\/et_pb_column][\/et_pb_row][\/et_pb_section][et_pb_section fb_built=\"1\u2033 admin_label=\"Section - a story made of memory\" _builder_version=\"4.27.4\u2033 _module_preset=\"default\" background_color=\"#2c2c\" locked=\"off\" global_colors_info=\"{}\"][et_pb_row column_structure=\"3_4,1_4\u2033 _builder_version=\"4.27.4\u2033 _module_preset=\"default\" width=\"90%\" max_width=\"1600px\" custom_margin=\"||0px||false|false\" custom_padding=\"||0px||false|false\" global_colors_info=\"{}\"\"][et_pb_column type=\"3_4\u2033 _builder_version=\"4.27.4\u2033 _module_preset=\"default\" global_colors_info=\"{}\"][et_pb_text _builder_version=\"4.27.4\u2033 _module_preset=\"default\" text_text_color=\"#FFFF\" text_line_height=\"1em\" header_text_color=\"#FFFF\" custom_margin=\"|||0px|false|false\" custom_padding=\"|||0px|false|false\" global_colors_info=\"{}\"]<h1>Milestones of a century of industrial leadership<\/h1>[\/et_pb_text][\/et_pb_column][et_pb_column type=\"1_4\u2033 _builder_version=\"4.27.4\u2033 _module_preset=\"default\" global_colors_info=\"{}\"][\/et_pb_column][\/et_pb_row][et_pb_row column_structure=\"1_4,1_2,1_4\u2033 disabled_on=\"on|on|on\" _builder_version=\"4.27.4\u2033 _module_preset=\"default\" width=\"90%\" max_width=\"1600px\" custom_padding=\"||33px||\" disabled=\"on\" global_colors_info=\"{}\"][et_pb_column type=\"1_4\u2033 _builder_version=\"4.27.4\u2033 _module_preset=\"default\" global_colors_info=\"{}\"][et_pb_blurb title=\"1886 - 1910\u2033 use_icon=\"on\" font_icon=\"\uf111||fa||900\u2033 icon_color=\"#7bb2d6\u2033 icon_placement=\"left\" image_icon_width=\"30px\" _builder_version=\"4.27.4\u2033 _module_preset=\"default\" header_text_colour=\"#FFFF\" header_line_height=\"1.5em\" global_colors_info=\"{}\"][\/et_pb_blurb][et_pb_blurb title=\"1911 - 1922\u2033 use_icon=\"on\" font_icon=\"\uf111||fa||900\u2033 icon_color=\"#FFFF\" icon_placement=\"left\" image_icon_width=\"15px\" _builder_version=\"4.27.4\u2033 _module_preset=\"default\" header_text_colour=\"#FFFF\" header_line_height=\"0.7em\" image_icon_custom_margin=\"|||6px|false|false\" global_colors_info=\"{}\"][\/et_pb_blurb][et_pb_blurb title=\"1923 - 1943\u2033 use_icon=\"on\" font_icon=\"\uf111||fa||900\u2033 icon_color=\"#FFFF\" icon_placement=\"left\" image_icon_width=\"15px\" _builder_version=\"4.27.4\u2033 _module_preset=\"default\" header_text_colour=\"#FFFF\" header_line_height=\"0.7em\" image_icon_custom_margin=\"|||6px|false|false\" global_colors_info=\"{}\"][\/et_pb_blurb][et_pb_blurb title=\"1944 - 1950\u2033 use_icon=\"on\" font_icon=\"\uf111||fa||900\u2033 icon_color=\"#FFFF\" icon_placement=\"left\" image_icon_width=\"15px\" _builder_version=\"4.27.4\u2033 _module_preset=\"default\" header_text_colour=\"#FFFF\" header_line_height=\"0.7em\" image_icon_custom_margin=\"|||6px|false|false\" global_colors_info=\"{}\"][\/et_pb_blurb][et_pb_blurb title=\"1951 - 1963\u2033 use_icon=\"on\" font_icon=\"\uf111||fa||900\u2033 icon_color=\"#FFFF\" icon_placement=\"left\" image_icon_width=\"15px\" _builder_version=\"4.27.4\u2033 _module_preset=\"default\" header_text_colour=\"#FFFF\" header_line_height=\"0.7em\" image_icon_custom_margin=\"||||6px|false|false\" global_colors_info=\"{}\"][\/et_pb_blurb][et_pb_blurb title=\"1964 - 1979\u2033 use_icon=\"on\" font_icon=\"\uf111||fa||900\u2033 icon_color=\"#FFFF\" icon_placement=\"left\" image_icon_width=\"15px\" _builder_version=\"4.27.4\u2033 _module_preset=\"default\" header_text_colour=\"#FFFF\" header_line_height=\"0.7em\" image_icon_custom_margin=\"|||6px|false|false\" global_colors_info=\"{}\"][\/et_pb_blurb][et_pb_blurb title=\"1980 - 1991\u2033 use_icon=\"on\" font_icon=\"\uf111||fa|900\u2033 icon_color=\"#FFFF\" icon_placement=\"left\" image_icon_width=\"15px\" _builder_version=\"4.27.4\u2033 _module_preset=\"default\" header_text_colour=\"#FFFF\" header_line_height=\"0.7em\" image_icon_custom_margin=\"|||6px|false|false\" global_colors_info=\"{}\"][\/et_pb_blurb][et_pb_blurb title=\"1992 - 2000\u2033 use_icon=\"on\" font_icon=\"\uf111||fa|900\u2033 icon_color=\"#FFFF\" icon_placement=\"left\" image_icon_width=\"15px\" _builder_version=\"4.27.4\u2033 _module_preset=\"default\" header_text_colour=\"#FFFF\" header_line_height=\"0.7em\" image_icon_custom_margin=\"|||6px|false|false\" global_colors_info=\"{}\"][\/et_pb_blurb][et_pb_blurb title=\"2001 - 2007\u2033 use_icon=\"on\" font_icon=\"\uf111||fa|900\u2033 icon_color=\"#FFFF\" icon_placement=\"left\" image_icon_width=\"15px\" _builder_version=\"4.27.4\u2033 _module_preset=\"default\" header_text_colour=\"#FFFF\" header_line_height=\"0.7em\" image_icon_custom_margin=\"||||6px|false|false\" global_colors_info=\"{}\"][\/et_pb_blurb][et_pb_blurb title=\"2008 - 2015\u2033 use_icon=\"on\" font_icon=\"\uf111||fa||900\u2033 icon_color=\"#FFFF\" icon_placement=\"left\" image_icon_width=\"15px\" _builder_version=\"4.27.4\u2033 _module_preset=\"default\" header_text_colour=\"#FFFF\" header_line_height=\"0.7em\" image_icon_custom_margin=\"|||6px|false|false\" global_colors_info=\"{}\"][\/et_pb_blurb][et_pb_blurb title=\"2016 - 2024\u2033 use_icon=\"on\" font_icon=\"\uf111||fa||900\u2033 icon_color=\"#FFFF\" icon_placement=\"left\" image_icon_width=\"15px\" _builder_version=\"4.27.4\u2033 _module_preset=\"default\" header_text_color=\"#FFFF\" header_line_height=\"0.7em\" image_icon_custom_margin=\"|||6px|false|false\" global_colors_info=\"{}\"][\/et_pb_blurb][\/et_pb_column][et_pb_column type=\"1_2\u2033 _builder_version=\"4.27.4\u2033 _module_preset=\"default\" global_colors_info=\"{}\"][et_pb_text _builder_version=\"4.27.4\u2033 _module_preset=\"default\" header_text_colour=\"#7bb2d6\u2033 header_font_size=\"77px\" global_colors_info=\"{}\"]<h1>1886<br \/>1910<\/h1>[\/et_pb_text][et_pb_blurb use_icon=\"on\" content_max_width=\"100%\" _builder_version=\"4.27.4\u2033 _module_preset=\"default\" background_layout=\"dark\" global_colours_info=\"{}\"]<h1>Birth<br \/>of Confindustria<span data-metadata=\"&lt;!--(figmeta)eyJmaWxlS2V5IjoiTTFnd2FtOW1JMHpTb05yMGNSS002eiIsInBhc3RlSUQiOjM5NzU4MDIxMCwiZGF0YVR5cGUiOiJzY2VuZSJ9Cg==(\/figmeta)--&gt;\"><\/span><span data-buffer=\"&lt;!--(figma)ZmlnLWtpd2lQAAAAv14AALW9C5xkSVXgHffmo6q6+jU97wGG1\/DwPcwMD9\/mq6qyO1+TN6t6ZnyUWZW3upLOyizzZvV0s66LiIiIiIiIiIiIiIiIiIiIiIiIiIiIiIgjIrIsy\/K5LMuyrOt+\/3Mi7iOra9Dv9\/12ftN1I06cOHHixIkTJ07EvfnnuWYYRf0LYe\/KfmjMTWfb9dZm0Ct1e4b\/Wu1qbbOyVmqt1gKy3npQ62byvmLXWlXSuaC+2io1SOWD3r2NGomCJjaDmtAqKq5S3gzO1Tub3VqjXZKaC612r75y72aw1l5vVDfXO6vdUlXqL7rkZrXdkvxSnO\/WVrq1YA3QsaBSa9U2AXfWNu9er3XvBbicBXZrnYYAj1frKys8T1Qa9Vqrt1nu0nqlFAhvJzO8nW2vd+lHTTg7FfS6tVLTlpA\/7fK2x9fUW71at1Tp1TfoZKMOY1Y0lJ3p1irtVqtWobMZZmIOrz26OOb1OuWHVjbrrUq31oTfUoNSVweM63Vk4Ku3HqSt3uD61qVqratduLF0eRgxUveQNkLbK21vM+KA6Ep1s93SFo1mznfrPaHjtSaDsLPbj0LQYKDUU1ogNdsbmvTOD8eD4fhC92AkOK12675at02BaVe1XChYlbqTwhogU21X1qUrJL1KqbVRCkj5q932eodEbqVbagpevtxuN2ql1ma7g3R79XYLYGGDfre7pIp0Wp4LjbqSXaw1GvVOIMklJNRDFKp8x7q11fVGqbvZaTfuXVUiyzSFYKrIJ8U73qvdIyydYAQrAjgZ3Nsst0WRT9VbNNZSKENfr5wTUV0TrJU6tc3z9d7apqt7xg2MMnhtRYam3GhXzpG77ny9uqoT4HpoNaWnNzRr1XqJxI1r9dW1Bv+k+KYAArazN7vkJsLuNkrS6C3nS8FafbNHy+QeslHq1ktl5f+hPZd4mCY2K8iD3K0xipt+D6d7OqkeUQqCesCAbkK5vS5lj7xakWsN1ToKH5UQEm66FAJ8dLNdXddWb7P4qxSQe4zNddvnyTyWOdpptwKlqkw8TkVTaTcBW+qPFwludko9mcxfocUZoX+lAhr1crek0+arNL9S15a\/WjN0oiZS\/5pyd10twtc2S63SKt1jrtZbq0C+rtcttYKVdrdJ5vZKM9js1ivJ2D2BSScKLkTuCHb7++H54Wy3F16eWfW9Nbh7vdStUWqQrNM0jwFsttUK+DSjuoThIptLstX2eRnM\/FFKV+iUuqVGAwvIxG\/Cj9WB4jy4UVsR6EKttbpZLTG8JW18UfJYknXJLEnGSeSYptsN5j65Zbrdqd3X1oE53sEc1FaYMtXNTrddqQUy+U6gU7WGlJ+MJ+dmgNCU2qkE1Fxv9OodBZ5GuuvYonqro6pzzVrtnpKdXWcqa7WNriav7VDNga9r022blBkgnN3QaaxL8zeWumhK3M2bbC6Wxc3BerMJL5tn11tophK4RSfYQ4JOrcYAltfLqCWAh6r+YrQZ83aXwQf2sPIoHA+aWCFhB53f7K0xEquiIixr3aYuVV611D1XE9K+66SoWU5MC5ajzEpANl9pN9pJrqATVusUA2yjptQYUaPaZrKTX7RV4uySTB00leSxoL3SQ6WhQW55rdRlIrqcLlHYbav8J2r3VJCT7fnJNR3tUwEGPzGKp7UVEtc01hFVO6j3pIkznf5w7LSX5piRAA0aVa0zLLQmrALxEpA8VR5YY5ICQlPFegLLJTCQnNLn600r5gIrwtk6ieIGE18WgAUms4wGycVWu64au1Tfw8MItvuj0I4ILkK31qvoYKzUpe8eOqwc9Kwu52o7O+G268VCHfPaxUEoMakoNNVuu5NmPeZ2TdYRFsxyY12Y9sulyrl5UM5OdFJ5LHyz1lOTUqB3dWG2KFO+oktesY0S1tEnwGa9wzLE02u0z2sCDnuWxQAlamxWSh1R5nyaYw52K7pMFoRoNdyeTPuz4WRMnXgxhDFUgqEg7SGN+rlaqqD+fLVgdkVW2VwyltU2IpaUd760Ib3wG2FfluPedLhHLm4EZjbXak67vNbB3lY4XR8PZxHEuiURnenU76k1AhIe3cQVEUy\/MhlHs2mqRQtoF3Aj5SoDr1kSh8KHcTeMuaCC00QivwLF6qatUXAZxS4Gs+nkYlgaDS+MqZAQM1h8lIeEx3rkkr5FrvT30fq4P8hH1c9LbLJvjYYIUjqRs9na3ev1hth0HcK801sxk9avKyBvFBwjnYCK2bV4IV1tN59AfjGTv4P8UiZ\/J\/ljmfxd5Jcz+SeSP57JP4n8iUq9W8m2ftL29uxkKJJp4oV1gZpybaMmPfDijvvlyWQU9sft\/dCqBr1bb1lrgBipJq4DaS9YL2P\/Ne3fo0YiJ0qlwl+bTIdPm4xn\/RHVnfXNjC3Kr1Lwz67j9KzUlcO09kY4nQ2ZygJrdyjKVC2jmO0mKb85OYjCysE0mkyRB0tPCftKgal02wEzt94l7dXurclURvXI+bix2lSHGYmDvl5hTpDPs5rwKPCo1Bukik2x2lJlgSFmS0JqMRk\/zS41MPlijo5tYEUm0+ZwOhVOkvmnw8\/T0wTmDjPM8ql+iF\/tR7vWUPkVlnxAJtV0T42ZnRj5jnoY5mynJk8v2JCH36nKTiNXu7w\/mc4OT6YcziLrByutmzEmBuAqavteDEjmrt\/oX5kczFanw4ElkrfzKyP6lEHfTrdcWqfTn83C6ZgisOodnSosCGpMPB3Yg9mkG0bDp0E6EZGyo5JJ+PCSlJqo3vRgvO300K\/WA3EThaZh\/8HSTcJT2xWEru+MYTdoO8vaYyvFw6ugZlZpVrrMXEZZTFquV8NNdI5fPiaDMGdhIsnEIGLEdYki6cVLExakv33RDmM+7tMapv0+pKsceKzKePWaZuVTUjmtpYpOtaukbEXrl9E6sTmkbYXK5ADGpq5e8cHqIX43SLnSek\/0M58hVVBSZw+i2XDnCtkHpdIpVXDRN2p275az+XKtd956I3kZ88rucDRw\/ORdY8ZS9BKKsapow4EdfjXZANntBfX7apu9NnZKJTsHQFvRjnqzw7aJnJSAY4XemURD0QpWJEBx46Uy47VuN5iKdn4q1p3Vio1nqQPYuKctzsrUjTvYMbXDnfZAGTPXadZqx7F4zDEm+CN4h7JnJu+td3XEy7gIPHOVRlu9lDyblM14t0O+sN7B665t6nZts7ve6tV1g1pkelbr4oOp5ixkq22yMRKcxXb5LJaY2YM6CiqwpTp9mPYzLJ5mj4eBUTZMaQU2N6UNVkHyXrNNuAVPm7Rv07YgR6018ShJ520BfpCgFWxONyJFsHD61c8nwqKiWKziHfNcouxc7d642jGyG227+10mbTu8poN+PMkzp8mfsE3ECnTSZtmvb0jtU71pf2zH3vbwFtZ2dj29TRYjVnknCYOtQBe0irdCRIenb7eOK912svHJZUDxopTPwOzyU8hAkvWn2GE3aGGO2EIKiWktpiBLaikFJJSOScjDwhyl5RQSUzqegiwlxBQDEkonLaMMIkgxsVNzwJje6TmoJXnNHCyhekZbclBH9NosLKZ5XRZoSV6fBSUUb8CA1itoso7Pjfi1hMWsIgvgJnY9bTzdFHJzrR8x1e2InyRyVVkv1ysUGCEdZzx2KJmsL0bPbjCoIXMxKcoL3hykYOvOwYp23UjyC0HHbfgXV1FP5mICWHKoCeCYTekEYfba2bE8D+ydFztz\/BBwjR0f4BPB9nQyGlWHU2tyYNrNsS+zxCBhNf22LvZqJtYgHGDtZiHltXs6rLbW+FagIP6b5rzVdRYnz48I3NEY6QXjjSY4YZr0K5MRzo2Xn5ol413gj7\/Fn1yfP3nr\/1D5MjnvCn\/8LiCwU8D9\/Mnt8ievlILZZJ8K25I2A+PtO3MOgm1KEDb6U+PntiUrOJoQ2DOKxs9UyDX7s+nwsvGKe7ffTt7bu\/0JPPy92+\/gkdt7ggDze08QYGHvCQIsdvpTbH19PAip5184GA7MVoaLZePbrQyFl\/qjg5A63oFua241\/gpibfX3QuPldvp7w9EV8L1I3AcSwtks2p4O92fkcoILz8M+VQ72wulwe2V44WDKWOAEuRCBQU9RABIekRWNaJPWZuarBvv9bWbBXF1CLfgwYvU07xHDcbvqIwisiDZIB7MUsLwETzSNi4f+q0Jka1f6+xHan1ZhwupW2uOxGWf8To19q7CeA7CZ5GT7QBRckgVAdHaVZDFDvxPLPcsW2wv+ssvAoSOh\/AQqZAYnwaozCXRuekG4B6nh9vlweGF3NodErFW6lKDU2ZcMt+dQUjoV3LlgTI93J7Sn0ybP+PRs+MIELbbfaxgy2w2vLSurH0M3iV\/arVBjEnuG9MlOW6TCX09MjIsbuNC4z2ZLV7OVsD9T5fhHr8POmiJTuaNj2bIS9CudQOA5kSRPFS7PgguOFwmuyc5god2ttngulla6Ur5UbanlPdZabwp\/y2xkJEB8HOdA+nGiap8nZYfD8xSRA3meLpV0U3VNxT7PsKuU57WBzV\/X3dBAzPVihXjeEJzXGOmNleC8PG9CsQR+c6WikelbAuucPmSNCDHPhzqv7mHtbkv4u1UGgufDWcxlzB5R7Wns4JErjZL041HN1a5I\/NEB84TnbezSpP3HrLCX4PnYNft83Jpt9\/E9m\/+Ku+3zKzv2+VWy8+T51Y2VsuS\/pt3R59d2e\/r8uo6tf3vnXEvk9IQGtpLnHTyFzzu7vYbk7+Ip+SeWyt0Nnk8qlTck\/2SewvdTNiydr9+AIZ7fUG6cl\/H5Rp6C9008Be+bS+fWpB\/fUjmrO+pvrazoJP62Skfzpcp6V\/DK+DWSr2DJ5VldsfRrBF6FnxWed\/Bc5XknzzWalfbqPIX+2TXbH1pbFX4aa+2zoje47eqMtep4TTzbZztPfgrPztnOU4TO3Wc7X387z+7Zzu138QwaZ5tSr8chhOCvs4TLuGyIJ8fzPE\/h457muabA72011Ae9r7V+rsfz21nthK\/v4Bnw\/M4NBM7zuzpBT+CbPAX+3d1zXcn3u501eW5118sy7tsB2wKeg57lI+y1dKu3wzDJ+F3YIIzJc3fDlg83bL+funFO9eXiRrfX5TnieQfPvSBg1TBmzFPyE5538tzneRfP7+H5RJ5Tnk\/iGfF8Ms8ZT5HTAc+v53kpCFhvjLmfp9C7zFPoXeEp9J7GU+j9O55C73t5Cr1\/z1PofR9PofcfeAq9p3tBcIcQ\/H6vsqEcPkMSQvIHJCE0nykJIfqDkhCqz5KEkP0hSQjdZ0tCCP+wJITyc0goqz8iCaH8XEkI5R+VhFB+niSE8o9JQig\/XxJC+cclIZRfIAmh\/BOSEMovJKE8\/6QkhPKLJCGUf0oSQvnFkhDKPy0JofwSSQjln5GEUH6pJITyz0pCKL+MxJ1C+eckIZRfLgmh\/POSEMqvkIRQ\/gVJCOVXSkIo\/6IkhPKrJCGUf0kSQvnVJO4Syr8sCaH8GkkI5V+RhFB+rSSE8q9KQii\/ThJC+dckIZRfLwmh\/OuSEMpvIPFEofwbkhDKb5SEUP5NSQjlN0lCKP+WJITymyUhlH9bEkL5LZIQyr8jCaH8VhJPEsq\/Kwmh\/DZJCOXfk4RQfrskhPLvS0Iov0MSQvkPJCGU3ykJofyHkhDK7yLxZKH8R5IQyu+WhFD+Y0kI5fdIQij\/iSSE8nslIZT\/VBJC+X2SEMp\/Jgmh\/H4STxHKfy4JofwBSQjlv5CEUP6gJITyX0pCKH9IEkL5ryQhlD8sCaH815IQyh8hoSbqbyQhlD8qCaH8t5IQyg9IQij\/nSSE8sckIZT\/XhJC+eOSEMr\/IAmh\/AnvcJgNt3DGcm2eZLzYPfTFgW729\/fFQfP8nelkT1zK2YS\/fnk0Ie1tXZmFkcl5Nr5n\/Bzn37uSH4s3ie846M\/6irtgchvDQTgxvh\/jRHeuT0eC1OlHszCYHEy3IeFHUzxKnCJxQafbLfE4aBAQgYCKeMylwVMPIjhenAnj+LHRbn8wuT8i6e\/iKhH72MWvxVMehLP+cEQqH9LfSBwRPOZLxEZCgnuki7NwT8PCtmjh0nCLzThsLLHRFbnYZt11D+Mf+7\/b5DYe4RRhkF7amgrNMS2TO6bMGP82HaTTxm4d2EP4E\/GgZ7IjyV0aRsMtBOeZPA93kHfSFCJ2HpF5qleE9jjamUz3zNgsDHXEXuCZRU31dtkejIV1QEv9MUB2WXUpEshpC8GlxeNmaBfMNeSz51NnzDEL2Z0cjAYV4a\/ZHwOAnxumE\/xOKsPmciRVSBzfUdkqphvSF3vmxL70dEWLsKDmZLg3eepQXNgOgX5kvOCduqSK9ELPnCEof2E4ZksnLZ8fDma7cHbtHHTNes8L5rptaQkHXbZb1w+lzGUerhKSzMi7cSaCWOtHu2XOtTA0y+amBITW3hypnopa1mWLdUskA8AMWTIP2bch4x7a25NxerlnHnrJRf5LqMh4jy0a5tw8bBcW7WnCHPzWoZB8RH80k0gxTT9yPBlGltjLPPOoQSiBIhnsR2uBRh93zG0tySgWe0fODOo956BzhNN2aa+6HieZcPOMcrJF4I2ovttoZfbjxLH1sFp9mWRnPgeNyaVdYbvOqXWPMtw6F\/XybCxMdz1NJkkVy2D8wsXwimEu7wBtDMfxaDGtBFIdXghRixzbUnJ2r\/R01FtybldU4LyMHIM3tBrm5\/qXh1Gvf4Eh9yTZEn3FysR2TU9lbOvXbu\/2ZQMZTiMwvCSnLdWromx+JOk2w0h8OOz1mVnmBTA0gtnIvD\/vHR\/pkcEGNKT5BbO40x+NtojFCl+RmXnH9oZxLDbp3jW2lhvA\/Ba6Zim+3vMKF0ZX9ncj1lmvOEgONCNWWW9ha8Qu7HsOJmJ23+R5p3egm0jzlZ63tMt4TiF1sTy5DM5rPW95lpw4sPubuhhBwZxw8HCQcHVyNLkgyqoovUkllkd7ZycKZ6wFZsk7JSMMLUv\/dZ53ZsBG\/FI4aCj\/H8h711YtIJWzk5HrrTfXWz\/tLcZzrreYsbneFg73tnh1bxdcr6Ax19tFB8\/0dunf0Ntjh3u7PLCdayj\/9Pb4WoYHFHqLCPwgMruEV+zq5mIxue09tHJ6IZyZz+dNYTeuxeatQEg6aWaORDRLukDICpsep3ND7NUIwsyGPVv3HDNpwRTKTrjGX2T9sVEIZH6\/GkfmlZTdS0I1OJFFXnKlaBtS5BaYyJNp2MgckLM67Qyn0SyRkrQFQ9l8cVWG0vhL25O9vT5dKNuVPw1D7Rg7n+g0fZDhVJ2g\/auJ9weX3LpYvHoNWFBQXYx4gETfUjSLmTVmqZooEg7FlNAd0vSQZty0+C9OszAYl5yNLrMCIHQFN\/tTBtSNQ5ZpGxtUDZSakmmFs\/snoLveIro9xuZpBCn5k\/T5ahsiEwTbuRvIKMMoVsyaKMzh9P7+VEZXvTBBMr4nmhSZLc8LruxtTUaOh0gzMIdDZtNxS5G04hPlg9xeQAfDFaSL38Dox2RRc3XwfB9lgsI+MPxwIkmIezUci6eCGF1bkyxl7yAKV1CbVfEg6eyVsS6EHl7fcGenPR5d6TJKl\/ojxc5V7cSp7+0dzEQE6khYuv48XTLOlvqlKApn9QFc0n+UczoE592e57mCGqArEOhLVmYAZlzT9QHeu6vfDRkD\/6ItjYkzM7UQRH9BJCu97wtE0N9D3Qh9onOTg\/36AMff5HQYSb+fSWclTeYDHu6drD50iewHPVOMs4FS\/7BHmD1Lyo9NwnxzgaP+YMVxgw9SvuEaRRH+FYw2IhBh1wf\/GmZAB6oPhoTXd0Bzgwcr52x8H0POmAeQeVC03m6492WYllnfGOIiT6\/UB18OCZfxyzAjGJXJHgyFRMkfHK0\/vtSPRPXr4ORinCiWPYN9tVqoTe72x+LqSmlqsdFYa7Frl7dHByIKgPAyGvW31D5dCsUGtPfpP1Xx9dFM0tTcxvZgCDVzVA3rt\/kcFeKS4VeZaq1R69VIEO89hB0wbfb3w0F7v3swlpua4tr41uTSh097xpsejBvh+AJzn+b27VnCIKLIy03DLZaUQXsMmxaU\/9dbaEy2WchmwuRnhLxK51NIT1N2j1AO6\/QQYSKjbohSRgjQ5LZZFWi+LFvL+rh8sLPDekDVvGOkKxQEULiKDW2ehW9oOzXXD7u\/hZncNCaQ19SXY6bgmMFaFF3zGTksOFBXyAjBxTmOOiPsorCFrHeH7DGmV9r7kUhH6n8WIzYPFZn9E4w6qMh0fKFiGXBiwIxu70prUW9SQuDjgfnckeMRjliZUCYGYYw2ixLvDMPRQIY30sIM27ltBDUrzVamNEav8zNIbCACIUA\/C+lU7lGihkpNBNj+At7teedc2DbEiIu7DQI2ZAWaug6y0crFwAYLhvM9AOcTsOyRp4HbUVGSWNZOf9q\/MO3v72YKi2MWEEZmYWXU33cTotDhmJVJYGrNsp76cFReqXXs\/UifE5HVllzPJZOTi9zrZYHnAzypUA1RZzphr+wvziQTi0BWDcdHoKYMk+7PYknIYL6fecKmAxBDoRvfAzYBVwInaZHpMCpPpgO33z0CoRAdbMkp2xaOszTuTFIx2ibXj1lZwDeL3LIcDhiwvWoY4a1BYDHtxfxy+XQfjyFbVqNAFs2Z5OnOA8wVTdve\/zO9C\/DEZEkXuwcnIRMJV8xf2sHKnrMLaaSFGCiiM5cse7pH5oxQ7GannzgXEUE7nHmZ0GhwYWTNuXggvUngeg2aAAjQesXt2FDblhYOxjsj2WLK3ZgsycVhtB4XqQyXLNuVuH6zT2Ap9tW2Y6il6u0fbI2G0S7EpGFhtzfphf29RsqeNOIfbgR7j5FHHPE6Gsyk26lzJKTaO8H9cCrWJFJk8akw6nMszLs9R9PduOPfRHkkB9tBZkTiKo407U5RGFkGVxjCmtUAGLJ5lODjUDmMxkxItOg5aFF5dDBNlp70qJET21UOPeSlBXJeN9zn1M9hcThqbywYjjHsiaO3zrmzK06u0ppurVGSlylIOgptmS7grLS750tdmcwgEYEIFMfedS6xwQflHiD2TR0LNv6NM2ngOpE5800jZbqtwx1nARgMDySslk9DZgUeScisGO1Pw\/4AjIVod3I\/WkWwrxyiK4OWYDDZLI0NdgxYIjY8NOIyx2xll1u+7BLHr7jECV3amcknp9rNnjD6fN+c6ktfXuSb0wexfF7gm2smKoUX+ubMVir95\/nmWkZ\/OmvHnbpOs13lCr6vH0tISO3ujrlhezTcZ6rJixrwfmNv6uKAdHeIyZ4qTQkCucveJnPZ2wvO1c7z9K+qJeFQqfgS33iTmA8\/FSkzznaUlTvb0ULc0WK2owtJRxeji+H999CJJUnIXvWYtq1byPp4R2LIM6l1n\/EGBxhCwCD5WK\/ZRAqq4aXhtots5eOzajmW06uxXoWDUj069hVGlEsuG5BniyIVu\/FGUnTcVq5Uzm9qKN471AhLu2TMy5FBZKXtM\/zIok6wbmblhEWklqX5Ct\/k28xNIiIdtyvuCQF8BzjRSJnptTvxrSRP0kmJL7n4blKuzJl9O7lhlXfZBLngADF+0b6GQmrBMVAmSHUBR1acVOwke0O4oZWk13LJjyN9e99O7jy5i+beVQRsH5KaHLnWq5vxqxZXo5cwYKzoYr18fysBK5XXIMoUVJGZJdO31SeIrjJULFNolTY48VeX17QxC\/ZdES84r9cMfHluEoZUhJy7f6XXIPM1IvNy+AFlhnMHQwdG\/OYOCCborupVDY6mO5Dd7Ny5uXEXAN\/WDHBTWDawjscj\/LLhZUbYG0osQlm7y\/jbeEsz2RbPOIM0uejSBVmEWuKv4AqQrVeZRaF5I7OBXPtgNsIjEv+BctY\/hoM4h2yhyS+AsTIh6BzohXcWtYsR4EW236WtaDI6mIUuUsEKuJ3t1et9c+x7cDRszHiZCuXh9sHWcDvo7+2P0EzPHHdd2lh1LLGnWNls1WruTlWpcb50b0DCa2gMT67JGv\/ETDr6FKMBVuPPzfrxwV6ACWagIkNky1kGDkEiCw1kmhDUuXDAkjp1uQXlm3Fe3JeVdjo232CWMpSc7TxmqbnccmRLhYYDHU+pOsiJVZwR1EzDwrAamyoMxgVKWCtzHZZVEO7HvDOs+nrmomHhmAtisbMTZ69KMhdIsicikDtEVuXlvQQeXtDrts8JxHcvy+VqKytE10nla\/fIzSZSBXdzulieHkS7bRZYzgKkK1Q7erlTRNtk5ka0CSr65hApr3pl3N9jaFVJgkRFczvT8HsOcN9EBQgDXrhA9+h8tDeZ4PSJ5cwRG1KpHaqav4AfOVeJHcPBqD89OxR0AKldYzGlejjb3uUxR8WbZLr3NgaAgVFfWncNGtGDy31nDCHEltzFIX38F5fMsXrh2qnkMw6pHRXrTsWhHeeFxj6sIDBnYFjmIE1FAnFVInS\/EzdNHZk2tgihyI1DVn0MD6oJQG2IzAUG+55adfP8Wg3buFZvVDfbK5u2uN5a3YzfykUXsJv3uhKp6Jem2wkXrNdIqDS2ssXREu2Ls\/5wjJOfrOc569s1CBhT92A6hENvMIz2R\/0rLTErywjLZtWKwH9ndMApmGttXzPoHNWIyB1ohYu2ox0t64ajPhHyXVshv69AW2EvtMefVHGTgmRuGFXZveAtMunzzYPRbCith9MV2QNu2KFggNQJQFmIaWQDHH5lQgclGtnsy9moXORyM8ndVpelj4fv1recXc5I5eMVrZCsdUWps5meWgFaqNn3CBczV+iXkkZr48G+07zQJcWzg7UtdgaxQrCY71nuPuKbXFKZBDo+6kgtephBt\/aQaqBYXBmNgJSUEzOrV6sNfRuAlUktgUlB9oCM8I2r2t7ZKUGORwQHmVt3ZZY7nl651tB3+eZbaw5tf+haBFAa\/pifNXukMnQ\/nu0Z+sUqw\/SguVqj3D5vFwEMTsnJHO+pa19nz7RqzVLiX+gFTOYAKa80HjsTwaLEkcfsisW+2dlLoW3tpXee\/aAYNT95YSbXrLc2Y3BeMklRoVm6JynCtbknLVqwJJPSxUq7K69CygZkXWbhUmKRj4mNZizsBdVlzWmQYF6Xjq+Q2lwpNet6u\/GEZt09v5OaOR83fgoLUEt5OU1QDhXdlDcvMA1ArmHkcaZSwBkL6JSqVQu41gLcWxHX2Zxy5fyT69tSWW8L3pB9MfxGZSXuzU1Xi9743kyk\/2n0IS2tEEq4QMCpo34r0mxBEAKmVJF3nuvlesM2hsKt4XSpT+fLZWvbbK7KMtVodxx3eX13pFRxTnXh6oYqutabxXtrDavApt3l8Fna9LpWtzr1llyuy9EaEiSVLzfWBaHQq+mQFFe79h2WhSPoHxBA20P\/t7Whf6K32wqqaB7\/hWhZKIdzuasrU029Am\/fiuOzeDe2tvkcU+WqCrI39uMACIbNG87Cvch83vf8FBeDGjcJXR0MqfcZkBTOLh9mti1FCXRvmXxauxn25SKJnPOJkQrEnzF5ax5NYhY9Zyj92DxmeM1QIIgzFPreDsEjIUfan01cCm\/BQrWRL\/nEAic4izbLLllXJWs5ZMGQeCMmpYhjGINXhpdZEvDoLM1Az3rUwyJOsYgzYt3cZbPkAi3NyaXQ7eomo8E5XZMI3bJgrySLsZ\/BXbPh0Tpipsqh6xgs6JKvHAq0sFkLRyJ2ZVpPby8yJmNbjfZ20qZGlLklNSfpdT3GzeOtcHbbEcvKauZzyqd1abI2GBLxlw7kZ0PWyhnOdT2aPOVJtz+BinJKNgVRKNMpQQ4HJdkW57aJE8SZvBTEpnSxWpMvwzCG5vxavVcrt61D6OnrLGLCfObcprz72dYPtOQCsASer7TlEyCkCthXNrrJi+\/Flfpqs6SWdgF36KJtKVdqdNbkGqm8diKmi5Snb8a7z0m4Yx6HHVuGAEvFohW\/HKZ3TuKcH7AooHMBqofvklYqr+Mp8fTEZjGr7Uyfw7ZiLESaMc\/LEdhCZuv7A+S0Ph5e7sXyRWLqHHLsILWRbi6Rc56ZeylISBRajFRFo+bG\/zuNTcqoydPeEnni\/m6faH\/R+JqwwCft4zxyeCCnN2bf5DJZi\/DkmYjkGBOEpwU9ZWzVpiBPC\/r6YdSxcUaZBsyg13nzbL\/NH6Wqrd3\/F988PQt0+m6envN+2rlsv6d+aklOriT6\/C7P\/B\/rCOO\/LJgnuKTlIBxGK8PRKBAY7f+sN4ych+4gPw+kjf1iY6ehR5mecdkXLdkeXTRv9c0veJqtzvXg92K\/m\/SvqLZzyownu5FAfyx3yM1+uz95KgGd4IAZyfizbZAxUsfRvNc3f80RxaXmZDJm49oYjq5UxSUF\/lFiscFkZ+b8zkB4gcnX04HWZGy1xIn51z0kfoT3D5XXZovSrcR7fPOr3nC8yyk1NswJDHlumZfF4IzctOAVcUEiMgX\/Ugx2W+uk4NVJgQYp04Jfjgtkd52CXxODM\/wQCLBsUP7bXqTAAUBB4RiCDqYwixiX\/GmmRBgW2PsyMMuUQP8sAxWOBPb+TJim08cIRualnvf73pEclhNUuHwHwyOz0Z6ZMjZ\/D9txtmMXQ2Kj7EnaEgGMzHvy3mfjMdJdTzpIz\/DN06Cm0Pl59e9IJRWyhwTfmy1IdfL7LDhZKDI68kzfvNidbsxr+vO9g\/gkAOrZRl4pNza2MVFHF38iPmxATGIgPuSWqYad5ed0Uv9IziHp2P+VxB8sa7b4w4ixcgc9\/euYWJjsspbNR2SXzYatMl\/pn1MqIulquBOZl+W95\/hzYOQbmRfnvR\/xXa9FCm\/zzPekWWtLZHxY8Z0wBS6nC\/9+HCI7YogMK4PUDSOiL7WxDIzsDZ8TH18QELUVtYM\/Ns8axoxjLHFQUKy891yiqJxFlaZh+WDLEfr15FAjkJMR8yzf+6I3B8KNerbvfUlte+xyTOKM7cJ+XKEhLoEpmN\/399IV7rk5zC8KNppIIO7PsjeUro\/Tlk6dBcGeSMqagFu1ZG44BLKIZxNofHS5ZG48DLOo52ZMy5LcolxjNO39UPOV5hFHgG2FXlKywSSSK0zmq80jrwJa5HWBV1jgzA3mUXHaFm1INnNn6ibz6HmIRTuPOxQf207N49OcLf4OkVCLpc\/MzFfEaVv0nUpO9OXVnvnKOGPLvsspVc9BMXvmP+r1Tw0UjQnU7u1Nxg2J\/uLDSpTzP8yV4pBdnh30CY6kGE9nQiYo1SGzOJR+MNmyWN+fxbLrrMgri\/KMLAoGSu4VA\/6BLDjASWE23hdOJxQ9M1vUOrCvKdpXJC+ZHzyi0OmAuWyedUTpShyXf5r5oWxxpc9R7feaZ2dhyRL7feaHPdZILFpMfGp+0WImJuM9YPTpj73f91DzDl98JPIdwkDIUwl55s9jcAP5kP8LQiKXGwy9RHf\/zkdKTOKjrgZE5oue9\/NxDIL56fyxj7G6Z0Dq8zw\/Z\/7Bn0FgHfehoYHmmNEF8yeelLCYjobbOASHSp+bm00kPCkXM3rudUNOKz3vT724YGdnvuR9XnL70nwub\/7OE7Mj1L6YNx9MNU9AkXmV5z1TWSsPB8O02Z9SWG+KrBTRfIt5MZKK1vqDbq\/RowxZvdIPD19T\/KFcZI\/iD+x1+zVUh8F4dub2ftEl7fT4Bo52L6r9W7ApC\/5GyTTxmtAA84Zc+hrAoktatG+CTnKsuZRkbOE3R5gzolXL8rSgb+XUwp7ymbE5nmRs4bcNYBZTilqNzZJ3IpO1CKU9NhZwelqeFlSNI8RtXZ9o7dU5Ka1HbXvoAfqZOYCttyIwtcnPyZnfzTgfbds9enrtVUBbdRWrxS41iZ1el81blLVIXSN3h3zJ3JLNW5SWBakhNY8yD8tkLcLdFsI8NLeZW5OMLezavH6c6LHygkGcs8XBDv5S6kY9Ns3a8vtsBQsSjMdlARbn20N12Fi5fe+rXNqWbKaCiSMedxwCWcQdaXc1nOyFch3gLb53ZxZgcS7YlmOgYN01D7J4uzN0Pl0xViBkuRX2fyY3XxpcHO7XmX2eeamWrLNgynwMmasRE2VqflbhaY3e7nD7IkYnouznDpWp1TG3mJfnEoVFyfXsldZ9749ycgUYK8acmuw3wh0WjVQjGP4f97IIXVGCQxgvSDHKkxnBoCOo\/MRhnKMIvTBFSkuG4jDIbS7sEDL5ycM4vQlOE6Upyos0jMTugu5HLIGMCMJWM\/FTHicLhCpK0T5UuiIh87yi+SXZIF91XvgMf2siXh3dXlMPDdjPOZjtRAJ+uQNLzxPgzzugdjWBvsJB0Uf2S8xNmeWvckCasvMMafySg9mmEvCrHViaSoC\/7IDaVAJ9jYMGqpIWzJqSldWv+LuT2G9KRDUzjzAPPQputbkTydd00KLQVA0Ln8vYwqdqXvrFsggPF7N5izJSUKc\/kAUWlL1s3qLQIKAKI4EBVbti1sxlBZ49sJ8zOmuuaN6WrrAP0+xawrYjSAN\/botYoNTlSws+YAsIX+EPt8xf2Kz128h\/0OY7+AA4R8HwaVKrZf5xDqzt1wm4RbD0SVuUZdwWrZj\/6IrkM0qu6up0Il\/K+JQtcWzpEAL9T3NQqwSAP23BSkbpB+FoB+F8xsJjL4cqpmN+lM0qwC7u\/DQK75Ohv8yg\/5gF6+eSuuYPbM7x7EaKlt7p7w3HdDqUGfKH4tnEmXfN1VAu0BG2djPTM3\/lS0AjZCm9BB3lk3aH27gXBe9FuQvsL7ryduBnc+Y3NIfNPdjDmQDwRgVQvApnS+Y3NWvLLeRNCgGhxGkcxnvL\/JZCLE4CfLMCQaM34pD8tuYtkgO9JQOK6Bi8ms\/lzEcUTM0M7G8Upj3ZcCqkfTYN89G0aC1RvLjwbzkGDMbM8tX+HlbFvrPwYZ+phE8ogySBHd3v\/YhYLHt1JsBAacRHC56bFpSR+IV0kWLd+lEvJaWe4st889MZWI9a5j7zkgyoml4J+hmPuDc9VKzvYCFKsTr4guH0UhjoKS9M\/yb7UYLb6pkq\/oZ5UwYk379aNr+V8kpImQHHxTNv9jAb8fWZHkXmHvM7maYkaDk5EH1\/axaz2SfDPzXav+uRiUsyPXibhAs5JtY8LtIllsm+XAp5e6aBQG8wB0y3WUlf0xRz+2cpq\/WUdGQ+mvc+7k22nkq3LHIMfU0uqaADhNw02m0+kzf\/07Pnwbo\/+6DvvdflJZyOB2wPjT\/ke38TS0yCT9AgZGc+l8JqBISA\/LcU0qD\/dvn+pG8+n8K1Nt4UrtV\/T6HUt7AvpLAK+sgQKquRecD3\/ndaVg6fNgyvxvg7DoYcRg9HIjkw\/YRv\/k9auYcgzKd889\/9fnKOwp7G9\/6rv4dasZmQbUNk\/tn3np5LUSqIn0McOd75gm\/+MEec6dDnkY+b\/+opdB0NdIZ4yfwPRlr3wUe8IPNOz\/zLgxdvYPhomGlnPuCPmVbufjAwKSYAZ\/6Jbg3CsuwZGvgVB+xHzDvy5geIAzlwT+7\/mnfmza\/roQfT49IwvF\/r\/0vevMhXht12h6555iXxNq6CeEUQyer\/M76+oNtBUbeY0Ob9OfNasaZ7+0run\/PmV+O6NIO7pxP7bUXO1\/YJn4n7FkhrRKuGY1Vw84Gi+enc\/XoCI68ZEYFC2KH5cM78uJ+CK\/bTmQvmBQ5YtSILDrZmnDu54g\/lzE+48kp\/m307JpU5Rskzc+aFrqQ+3j+YJXc\/3pQ3P+sKxBWbDfexBS9zkLXJJZYU1eEP5swvED46r\/AAK3pRBgqR\/CLykzmKjBwbUVtuzYOm1UH5lCPXDGf9gcjpzXkiXBZWuyQCNm\/Mez\/kIB28P+z0lWY4PrCr79vz3g+7QmVe1K3F6KrKvS1vfjynWoPZj9fPyHya5chXMPaWRWKu5DdtCRWsjqLpOfMmC7To58WnUPBv+cwfdI5BxaTKBhet2BnqrTcZpf92VXmH+c12noXKBn1A+rxP9NRd5P+SR2QxEsRgP2R5mbYmonbL5gdlwWH3sM+wSjGSe0luJsrLYvKAZ\/6XHwm4JxAl\/LwF878zMMKyzCXzLEu8F+6JykmM3B3\/\/bAtIPgiH8t6\/oL5nSwgCPeJ3ImuLJt35wZDCeLtdfoEpzmIYS37z5zxSXiiOyGAuMU5u83GcqXWZ3xXq6ElctlMO\/yCPCfNrsgRVE\/mhXnz\/8RwW6XTP4hYM16U52Cb0yWmcnUoE06U6J+tnIlR1cYHeysYMTTbvCtv\/pddXygQocQF786b7\/f7+h3TMcYEAifTnPVSyzKF7ZpcS0K6p64CWuRKqCcejL1ahLa9v3jN1VCLXtsbwlNjyAMDeDMPl7PFzRkq3ENpLrIUgfCQbN6itJk7qFHWf8evf8zVUIt+r+UkIDIGici8wfe+Zh5k8dAIQqgqiUj8wW8yXzsPsWhbIx2QVdyjiJnhfV0mbzG2dxg2dC66SAxSBYU8oquAFhkbpbQnK8jDMywwSdYiXNrC+Mx9yfjx5rbDMIt6D0G7ASdf+glfOmZuN199CGQRv3ubUZQD6GOasMBviVh+66yD0wApSvT7pnmIRWv03W229\/vmDzgFlFVT82\/2zO1p1iIPLCDhc8OtWgvml3U7TyBpN6ARomQc6eXssJQZbKtnsagQzP0S0ccYvNn3nuMxtqrWolWUPc+L1KFLPzL4XebnWPxkFx3sMSt36Tn9ebnDc\/GGHcJ8tsUerJSiYGNVEhD8NYeIKqFJ2zj9MMnS893mDZBNYAwURH7D25HbD+orT8NxPC+XzRsdlWRFeZ9PNynDHGZOUxqqP7FkCqz7Y9AJRpNVK\/E6PAo98hgduj7+Kp9TYFcgTpnY2RgBxv4oLksFWhfBwbwgvNo3774ao4SRxdqxOrJ+mz9WBFRbDeWW+Uvtfh\/\/bco5rojOnTPLPrw0xoMXmYun8FG7batAkyYRlQxBy\/xtSkBOgoXCgxB4wLsYXiFKfeECwvynvPmYd2mC712TVbGzO+UYAxH\/gyecyjoumlQOdyZTPAiC4NLBLe8\/uxO9Bs5NhJ\/k\/RdvxghLUFskb96LnWVAYHS3zXkfSg6j+FgTrCgRftIw8oP+CHx2V277+Gziu1vhQAl8KW+e5xOv322GmGsFfaRgnk+AHDvOSaM4KPxV5WGx+0k\/GrL2sMuPz806\/XE4ku6+1O9v0xONAa\/1mg2ZP88vMvYSlO4y280LiubXMkgNuUKECF6fvHSnzT+jiIGLIRVM4cEePZONxz6bOvMbSZlENspXAnwPSj6e46Q\/LhEYhZF5ZtF7cxbKYvthz\/x2AuqGBJbQZVXGBwpECeMSYUVPdyPzrKL5nQTeY5THLQwhjD+QQIPtyT6Yzyl6fy+voVKMylzN++\/iweMaXEF\/LptP5tg86IWhQE9VCY7hyu2zMCo3z86ZH81FqlV6iXoV64H+vi15GVHdmI7sACLzbt\/7vdzgyJvU7\/DN23MR7i8cHSp6p29+X5o44vrzu3zzjtyWtKvMvN0378xtMRso3HDtg1sfiDj\/Z3zAiR8dF1LyQQ8X+lAdwF8omi\/hAOCKyTuEyKZ2mfV1IKUo0ffnpli7GP0cU3bZPCMnS8BkZydACw8ikeVri+Y\/+UiKerG5EPDT8+aPHLjJnBgwhgJ+Vh4B7Q3xRQTRUjEvLJo\/ho\/MxQyaf4\/PLMCFwbF\/Vs78CfsM9vM4rTs4WuYlRfOXvp1rzAidlvTnAx47yG0xnV17LpXa8JcVzUeYSAq1btGy+Rt\/MNnmiIyTsCztlxbN30Kbs10UKXvdK6L73setJ1iCLAdW4g9yBG+F8wmdXqXZbDrcIkLKwU\/R\/KP2QnVSu\/K6ovkvbF32cFqTz3I+w2OfF8Pcdzif6Zn\/ATnr6SJn+7KncI4FFPH8BF4sU8adnKEAwH4gNwh3+gej2VwBgtni1AxHz8bTyojh4r4oK1Xew5ZdoWkVcfm1zh\/n9qA1rNGBVWafwt5HIDxGhDb\/WyV9cY4TuC23NkXmg0Xzwlykc6kCOYTzMuZb5hXjIC37vGfeStXRBDq9iYCQ6BSWaPBjxF5zWDksO4siRSuMUGSe65u\/gJ7NVrJv3H\/SYwtl12H7cmsFuGBR9nHPvFZr1bS8hWmAsdfFE6NCCQfFdA4Zg\/4Jz\/yqohOdynz59Fms6Lnt3T7bLL3TjvoueH8wh0jfzZ8g8AqwspOJ4Rw018f9W5lMWcjot2f+Mrfbj8phyISx49sNxzAlw\/shJVhhqFw\/qrhyxMs881fIg2brMMqCaV62YP5acaWTsm7RpQ8rIG65ytQzL8qZB3LbexFxUGYE7LyUjaYADlnG1+TMKwXcZRnqhe44VgpenzPvzfVVGUJ9hbGCJbhAq+Fo0NKdjXxU5Scdiip8wy0qL87pdwKq0z7zW5h5V9H8VAZ2bjirjZhIbh\/3nqJ5BR2AAJMPa2ah78uZX3TQeMul8JcumD\/N7R5sSffjqUdfCG6aV3FMKJ8PY8kUb1XR35Iz72KzB8NydKpT8rMF84FchR4lw+fn93EqEC7nTvGt9x3j49rgW+lCvmOYahK96+Ctjbqo9AQ3NC9U5sTu52RAkYE33IapZaPRFbHj7ES9XPfIueSfmQ1nGCJqDUK8vuT2kM\/aMQJFFlT2rEbWEs0Px4mLsWTyMbR\/OQMtxNDhuKH90DWLgmJcwJn8XMHCiAGm1cUd+gP3a309Z16KJtvDvvsymgUduzCZcNJUwom+ggmLWNqXzfKWBIUC\/L9tvc1ymTZQ3+PbB3hYOi3XMMfMKfz1ZXNiHlwjzLdsTqbA8mRwJcY9NQ+2uKcdl7S9Za7J8KiAMxlJu+5S2xi\/W1txF8iDSqlR4+lVmkEyS\/w8c6GC4SLLGGAVGJQd\/bRcZcpMwN5j2RgYnYuvyslXvdh9qi40g5UMIrrA4QCruww+54wxmQhl9\/xDyEPWyhjV+M1Sr7K2ab+UbFympbfpqRazaqujcDCsk9LyOtlnPhsWzz18oWHEpkkcKUpyV9VtM7U0MGG82t3rpUZACyaDFdBHOnGIvpycla9wJG9sJyhpO5jxS\/Izi9W6vpNgqrVMTlivMCAZ05O+KP7anHd1eY3CK9J+CtXWMODGm2NKGKkcxkKM9UAuHdO40bc0qqWeXFuWlq6ydikvb7C8zGHUKBNWIslURn2OlN8IEzPKq2G0LRMWMb7JimSupkU2S2u1kghCvshpXPoOkp5L30nad+m7SOdcWr7OmXdp+UCn\/qDdarfUkZdUig37xsNCudGunLt7va0vLC1mWMgw5yu3yhMye79H01fbUN\/ftUBQGGuXaVmL5jf7h42r\/RYfmNvYHciT9DEC7PZJYbwB4nS8PWfyLh3gvu31Wf5NYY5aZa7YeBu30xMzh9Ji\/tr5kZfRpNhU2q1KqVdr8Y+c12ms21+i8juNUqW21na\/0Je7ig6Mz4TU29wgCkw79A6GcHuiAWvOT9QzUvg7sb0cX0z7owT0bnrFqrQd7k5GqH8Cf+\/hvvWyDfjJq3TeHFIlbbQUXYVOqBatnKvQUW560gtTdN89N\/bWvGd\/UsFf0Zfwc01rO\/Lt3pqKY547S2euTR8PFM90h3MQ4XN7wjmlqEeE8+jNa4GtLVwwiWpulohOvAvJKutwfkhzOqnQ5pr15put6NKfcQh8bI\/cB+qPNoSwfKUCRaFSemzg58Xh2ifLwuPhWA37DciQ8TkBUT+Lw5XJ\/RXUbTrRnXO+KVji3aP\/5hiaI8IyndK6fYm2116V1xYEvhkD\/aZ9NzC33nKpvEOT7GYCLegP8KYv5xY1Xy5VzjnAggL01cXFoNbTVqR4s2tVeomlmeC8xvt16hq\/uEPAo5N6KxEdiS\/5CCD7dVe2EysJNt6GdBdYkKlioYVh1LbVbL5o262yMLFBnz8LwQriByMt1tkF0Q4N0ZD0m7J5EOGHU7SB8WI41aR+RJR3rrBGSawqjPUlGVASyVfEZMBBy9B4ABqHSmsUQSQ3RoVW1ObDz6UMjoQzkjCBxfgYE3ljDmIel1knDr\/25yX2NvP2nZ8C662qfYMtF7gXCOO3+PL2Hby0VsECOvadvfgTDPIzuxmofUFrYR4Yv5y1OA9O3uJa2qgH9bL6MvblRLfQLcdvMx5P3i084T7aiqrSlDKxebjPJ+dxtPWrkE6lSJaPo2mdvgrtaHLXlNtdjLU2mIjwjAO6mgn8WgfXFhPodQ5qG0jA1+tPRrWYW115y6lXr0l7N1hRVtrr8uJhZpRubNbT10dvkndE48zNUpII8hYpSnIP0bcok5c9H6rZ+KXKh2lO2ejV2y1p\/tb0bcyHa6l7MfQRjcOvfj6KNT7zbuht7Y1at1uvonWbgf5+8ibT0JjHrN1L58AVf+CxeACbQY32GpCtIhEcyKxiPC5otGUM6DttK4HHx5NC3OQksJdOv09kpl8WpUa5zMFLrgwo9AhMJRNRsAFtpTMRnJrEnZwRATknrr0NzUEz0+ynaHaurEYB7SWnvua5RWnKmY+ekOf0EQees8ZsdCol+RlIPiheDSQhPxzAcPpSN6Tl204dlwcxQ\/CfIHiotEbRg5ORw54ecXT9JTiwM7Q+72gdRqlRnhKcxSXmCyyuc7jg7On1JBZa80UWyD29n+Ryc7jAVjibV87c13G+RAUrzKWrcHuCgFPRqOmXk\/RzBjwPyRJc4TfTpX+hS0fi1EBI+xQBlFZLGkHsTKzIQMuQekbe864qr1GYktl3BSJri1qfhXuOd\/e2oVF\/macjlg1Xpo09O2ksU16jMG1MgOY5+bilGI9FetxXl9m+Ov1MMNjJsqC2UGU0fsvkZsO9kMMxohHPzZv8JU6qNfO8vCnsHUREBSX3\/LwpWtK9BB0\/XtKN+MuLjseNmAIeI8mKrMppaTMhyepN2A0eYC6asb3uQa1JJMf41eyJcXLILFJTr9L0ujV5eg6vgydB2Ew2+saLv4syJ3+HaAm6I2ghBxFzr5ph5jZRLQm\/EYuVd4pwzMfIyK7MsE94E16xHU+b7G0NwxViZuLotax42WFkqreSii9BpNlPTRQqR+OZQrpyzm8RH8TM+vUWPnQdU19vNKyBtwW5qy0qsaFMoyVcJvuuEk5q3Cs3116OfmAbNzSDy5IbhRf621ec9yXbh6po1Wvw3uZoVkVex6zcx1YinOUjfuchC2FisnOvURLokmFz1etS126FXoGuZWW2sD+VV+g4hVJakXll3ixmuVyCEo3i++FN7wwvmFflzbE5\/iyqn5fjZptmWZjRHZt5tWc\/p2NzzImd0aTvyghqzZHqCYtsdNv6uzw6Vjy8+GtRjAsLeqtS25RPOAHItdabZbvbqTft75QWZYh4LswR7hzqJfOD6S+HJppd9ryhO2uTT+g56Ovznt851HsUlxhjKIcK+w70urzBPcZiTEbm1YxxJKH9GP+1jM1I46XIMj+U6zeu5DXYgEPU+atU5LsJK\/Ev\/OqL3dJFL\/6VeL+eIeN7B+iCULdfcnSkWKtZIBTM0iBPehzuSyLXOtwDomGuZfj3XD2iWlqP0ytbL1\/PiGheoMhzJkP3BqpbXx8eHwy5J5jGl1e9MTnqVhuGlR2V\/FKYDKtn9yU1OcVlaO2PYrpf1zQV+eIYT0+0Y7NWZZoSfQLgl3p4e2t4QvpxHfn90GCzsoZbqisYrvs6vqC0tJ6Fu9f3VaZxjBds99upmMN1jT6QtC+z431JxrfVmsliIIEDtq3MeGyuTW8QBmQ+KshdwGox3uRy5zUnY8C+N7mrZUWzkHwhwwQ12YT0VPvTaVDFx3XiyCkQN7CBB66lbo9KqgCrIim3zcs2Fsf+5EAbg+GzndQErM+YxmzhSLouqmR6zGexqJZDH295lY2sWEL5gJEK0iQOKGk3hNk2pYPGX9p3ICeJbHtDMLSBtzBrJOgLMG85i8xb814hUrbDQVthlGLLevZVLozOwi56BnCR5QMn5MAGkzkBpGxJ3MsyQav0lqM53cObDirduv66mKl0ZMA996NbfiWQpSt3trRBtNPh5OXQnWfhbKDjU9Tt4d0CWujc21tT4OKqLH1LgYKPBefrugNcPteWryiQOt5dDwRyolzSn487STigzoqicjuV8KlnkNBdqa+eLTVZsvQ3x0y1W6qsN3T1cj\/bweBL1k+y7CpqAHIxoFbq6tYmHwMIVdSUhUIMabiNR7Euu3xiL7VxekmMddJ+nSEurKLwcSGOCg9daEumgBGSw7TV6ZEvcKNn+w7IMNllUYyvL9rVGHJsBGGs0YgkkwZqWweE6O3d2PdhWoe4IewQZPDjl3QJzI\/dFTxy+XJagVCY7BStbq630oyXbOfxUui6iiJneRjbiIJ\/bERSyXwwb3ChCMqwihbMsSNYwNeSQ8\/kUJpzCDr4obxZGsyDPoxaz4NEoti4j+DJDCb3j\/Gj2AQljRWYAhGyCMfbHJLE0KKIBzEnn\/gsyJd\/V+TYrQHT7Z0G5aj8YjX1LKTAdsybZ0B48qRU+8qKJLqIOIwTVyweLxFgDPHVvY7D0TmJXusylQ+OkoaJf6HbNPS36Lyu\/qSjfxjNt8XGFuOEZoudtFhcmvZ3skExtXuSdPoJTsFkTyM1WbKH4v94jBaVH0CNbAG73byXyzpD+YiBZc8iUcw9kJ39RsCFhHJNqfgLw7SFHmBzD0eBKWjuBj9qmxRkLvDnWCl7hDrd1SV2B5w7Kvnk5lJhNo1v8osDj39NveKehDLXhurTk19IeNtwO++e7kKYbXT8gzhjY2yKnaGjYZ+dLCpbiaO9BIWVMfGJ+i6FXMSjsQiy9KcfUC0pivFvSzlrQZ3ZioRTWA9Ucx\/7oQSS7XjYj\/C9FOc7TD7FkQ7ZPmY6Huj16EOvMBRhT+7iU65kNsyCBE9HR15xW7r6qtyxlD7OSTT3useyZS\/ZNC95x5lB075FcHNuR34kJybRhQKHGlKcNOuZmw8h1GMtuBQmvqmEpm9J+2JfJVnERI7Xp6P6uBXez54anDOj4fiieosyHI\/iWMyN8efz5tEzTcaDr0Nxch62IZbWfKxgTs3Dzcfy5tp5kFoJ2rhOtaykbHGObk4f6o2NyKe9vUbx5f51byLjyCBen4DKV0p7ulVdMjcosMNIbbHD68pwLpnbEIHVNnb\/Re\/GJJtq58fz3k3znAaIVMNKD5mHJ5Goh87DwT+nvunD+qpHkFV1+FTe3JpCtEp9QPWHJ8DOrkzHT+bNIxJQIJbCfDpvHlmKQRYL42Ttp7rqXlKqTaUfUHM\/024\/27Spv2wucU5A2V9u1yAnMPadCYzYKZB8BmIDpwALSWuWPXHrNNyPiO3k3JFYGtM3mc8gTuV2QkfvDRFkd17ZIIz0SBFaZNMPGeK6OptV1XsSNHqudm\/ZfYWKZfZcC8c0dQzFmHv3lNv3bNqO+53gLh453CI57yZaSy7PuDiq8HwxvCJOkLwwB9MKdW19Ftu9BtNTmQ34CQf6\/S39pgfj5c\/NCvzGcFxPZ5Cci9fxLzvYdofl66WNutSVg2YpJbPMCQczk87ahQyeM7uxSrtz72Z1XZaceFNgkWVJUEp7Nh8O1jErdaWXgMpXEmBuhyPXc6qP+cg29IU8UaEY1SLWGZRTYvEdNCZg4Qs13B57x9Q\/4YQRTbfXNeXHl03SazG2IH+\/uwhS2LX31FhSQiHUQ7SULyT4dblnsWbvgsS3RbIw8eUvYQfkIO9YfGon7gb5ZUYwo0HHtYUNu6CqAE6geu69Hz93oL0CKmEt1DFwZ08CYuMKYtp3QLkGCoDhTl5E8hcPtG9e3GlxNGPWcvOs5I\/sX+GI\/hXnMc87uR0WUCzFxQ3YkdtbqOa2Xl6T+8Che6N6l12hXCpybKOSvuarEiHXKZqzlVatOuebkwPsiV\/YtgdyX4uSarkSbXD8rv3ZQe9TcIAvowZTfi5s9zBFS2lNb5F2WeWovkDUbDTcvkhsDxxCcftqCKAaHFrPdLJAxd1XT9ZBv8fAM0fZlV1iZsqZrH7Wh5Rr19udzKL9ycxl\/YiQgEvHxiSpbEezMLE5h\/XlCDDO1pLV4+V1MnZleVetzOK3T7RnVh+Yt3qmkLQZpItDSSva1vPS0xW5PsMqhJ8y2d+b4HFvczgqGgk\/MzUgcV1gKNw8TCmhetPQ3n6O4bI4seVhl34EE1L4\/4cRSFmLcogZoQs+7MzDwQfMCprfYKpMAlk0Knr9z7ZfsOgtW53mhpEs3LAi2ptkAlFwIDn0S6KOsvwTavbyfe2LvOmvrl0k8xgdK9TEFgzCQSceO9ucaphtKErm\/wJLBkKELKISBsGTn9ZxUqgKttOWyDynwF5S1jnV2WTzgAlny+sO403m09lIVDdx0hFxR2znMeUTPE5t7IUF443D+5OMf5VOVUWncqRi7QOC7g2jNYtZH7fC+w91ASUcJMy9iC3dMI6WzWRc9LonVBfqKTgeGUYlkpy24h1uNmYvmKMDd1FMJwPO7+8iSPNytjditCtqHTDG0bwR8eaMiH7cpsVAubzum4O4BqKL4jS1UYNdthJftr7kg7hOV7u4g40GKlhtiWfKTgo9q++4Ougl3aiEoxGHTXWBFBMIAR+FLMyPaUe7anLy0+8c0GocQD6X3LVJYmvNZp1DWcn481WZUvpaFpLZVyoITN6gvsCYync7WGhj3caGBzI4HCHJF96YwZEyFktcv1kZK52lbl5cMP7V4AAyB5F5BQGOLPk8ao\/xTejntub1MJ4KdaIU8jNjfqT4ibHOxV2zn0RkuK5uWjg6gtEg4cgRdUxE5lUFb55JXUM4vErXqILE6Sy1FZGlJck8KFIpkRenDwVvgTLCqnoHm7kuioDlQuAsm6yIPZv3N2S3nEZfZb8qm6hwUCH6hwZQpYRgRmzjYsWWFQ7wbMrKXbMvJ8KBH6OtDC90+iPQtjVyOHyaZZ4azin210Kc5a2wP0NHMCg1iVdr6NmUS5VzSc5bx0+hF9JD\/\/GxKasyHCmX0rAjy\/GWxCgH2AxxJ+wesCA+gvoST8c87NFxTmMI9ETxTDFb3uJki4bkOxMY26VBiP8SX+I7hnHB3ujSHplnFrxlO2bxch6ZZxW847N4DWpbreE0tOCdoKkp3C6bk6oEMc6atSxMrVNz8E5sxOsy5hlbdHoOrT3\/XYFYQR87SxAcD1UZTwz5NfvkUlWNzKsL3pntjG68pmCuvTSnBa8tmOswNuflri0Cvl5+f3uF7XaAjqG6nrkhYwhjgxqZlxS8G2eoldOTlxbMTZINElG\/rGBuTkaupOtbAO+37ExQlfa4B7Kry2Z0N1GSNxTYgsbdC9Jlt6RUq8Lxcwvewy4Nj1h7n1\/wbt0eya8jIMtl83BtCipyxFMfIN1HHEVZFvoM9ecVvEf2nXY7Bl9XMI8Kj1x+X1DwHt2nLuKSRqKaYgnVBI9mb7MoskFLghjKz2Pihtw0en3BPA7F5uzLvRkiUkpF+gXPPD5RGNdkbRTKRsdKAdtJh60iev3xZHxFJsF6DLK+QpWGc5hh+IhsL\/CsWpSIOA+imJJFxgffkot0UqKH5M\/PiZcb6s+U7u\/efRBOr2QOgOY2fa0eYdF6a3WzY08Z5RLqqm70D1MwrJ+4TbKJadEqDLKX3sf8Y4y3YupvwaxLqWUwShTY97ZGTGqN1TmbjdGwQ4fDjqgQnW9\/UGbdbnhEGd2VgUU8Mnv8zkIwA94N9+zKaU\/+GUS2Z8A1m5uREmEumDwNlcVvLLAlkFsDCwSZ+9GsixFhcAYB0B7YdGxvXysvRIDW10FlZ9hMrx1g51MWqCATFSQalwqkMHdfnjKOUzCb7LPfg0Shw+CiEnLvlmPJvu2\/P2dSh1FFZjRhf6mROItOJvO445TKuwrGr+gEK08n\/cE2TBm\/OIe9PS\/3t1NjBq9T8w6Gbz9ux7ybY4f9eIp0smB7x8O8EwvehDCyYD0QLPTGyzblY+Y0QTi6G7JAjaO9oRbTpceMU00xL8h5Oi\/i\/BsLXmEo7QmTR86jNxXMI4RCoIrvgG8umNtU1czzPa8oqXI\/woJbo3yrXGLoj9xastDf3oZXkzeLkRxCBOwIbMlSnO9Jn77NHIvzFXw2OFBw2SzrG5j0r2COa9KpNjFUza4kkZCTtuFO\/8qIMQFwKpqbXXJh560F77T0x\/YknTtvK5hrdqC0YWMMdOOMUq+jkUxHvIIr7YNZJPIZb49YBwnxiiuChK9VRIkMqSm7DpUiCs0CMsKDGa2PB2Kety+a9xa8GxTUDTOgG7diBYrMewreTdNw264Vgf11nfh0asHcrO2UGd7tXTZNxHxWYNh2\/RYtqxH2nExVbs\/OmYfsy3bvyni7xOBi4kB7aPKF35J841scYjFrD2M7Mbsi75PVxyzw\/VEDlujBw7dHw\/0t+fhSYnq74QX+RubtRe+RcIcknanBKMrwv48VAje3G+6zhiGkih1LiD1aNLvHDIhkthJ\/euyR37b5vO89jmbB7YZQnIaDZIw+XzSPrx3Rpt3puhE9ZP0OlyRXonxRWwtLsPWSsMW2sMi8v+Dl5a5dSb5IkWmaiMYFpMd4x6+CQbI63Nmp7B5IdHE5JYVd8jzr+xeNP7A\/ptOimOmI+6bbm7pQytu0mx4Fm6vTSSYoeo0Mi9tCPSrpRxmRbm8XZRMQTSxscfAg2oro1oZM6en27hWa8Bb3r4YtHYW8SodEHY7tHw1flv6pdhm\/3C21KmusaRgj02oTTLZ3IgIitXq9lcO3nZ14KvoLY\/obi4P27Uol5gOBOKFF5gNsBSRbFuYELb8lqY6y05qnUNg\/ClqU6sriB3F35Q2XZsiBgUKMX2rVm7J72+ShC7HZIAwuMWQvQa2KpvkEXUmv2UCeN40Llc6HC+wf+tZlEmwFyn3jdqNWkkXdrDTa+nOHXtDrWhH5pUa9pDcC9MYFCfnNLs7RA3tVo9DU+yLF7D2yBXvpV+6PkVuUI37O8fXq2VK9tQFFwTqmwl+p1xrVTUDayDLR6iRznCh5Z7Nbk59zOBF3\/GSz1CIll12EwwRZfmVGLgqcPhtsdtdbvXqzlpRdI3ejNDbP8bdl8Uwsh25oA1WpPI5\/eXkkYrAdL2Q7Xpzr+EK244txB5Yco8eOYHT5akaPx4yWxvZGgfHPPMiNs2Xjz90xy\/X12JOT0Dweqfwap8AHphBe3p+ysmG+LOgTBbZa7vqX+RTqF7k30C3kA5yp72ANA1nlLOjTBbMkDYvULOTVnjk2RqXVLpWkYQv\/p4JZ5pAhA\/m8LIdTvQ9pAV8smBPq2tnsZwrm5F5fzqIHAc7++EKm7tOL7MKIgdvc5\/Lm9FOjLgdswz35Dm2M9QWWxGg0iZfjuB\/\/UjBnaknXcdmxRCyY5lp54yC5ebRe7nWTi0geit5ubNTs\/XZ7d0JvQ3XUVOSqdZmHpPLJK4aFFkOoOTLFBhNls4eBIbOQZDbb3QRlcbVbY2p3tYD8UjafRTxW0l32smrfcVrhccLqZX1FuDlJrVZJf6L0FPzqzyVtNtrtc3q57HSr5n4b8po6XHTXe2uCmZEIxiNMMol4Pl4w8iEYBy5NLxyIk6XnlYkxacbKo6dYKKK94wJOanDAwYVXeGQ+yRlXXLDCKKlqsYUgnK9DLjW9frQi6ixpX4YWdOFImiagJQrTkZPhkEVmQ8hirIcCNS9gWmiqFx9YCMjv6yY8HNSlSCDF\/kgveMFwjjVcj3G00B1t4JXPge1BCIFcSwlerCfFviBpybnfMhWYvyyys7gkdtCYpi1K04lCv\/EskISEy3oTKdSY1piEYpnPFQg7i8fQnp5T+eouSsuUgjVc\/tybPu6WoRw1djZLFNgfyxIVlRdAtR4tYxmcg8RKzsANk9PAHSGvydzZuUnGMI4mk4sH+5YXuX2STmafbZ+9eOs1s5MYkJ84Hn3x4ahi3sOwzKF10rfnUJja2N5Hv2gbuqQtwFqQndw0GdOdI+V49feywPrAfAmF3k+b2RCikflnQuiqYoyDWDVEc0lKzMdAHwBQGX+0YHxmwvyK8QDborhqEOrnYWRHqByNRT\/gmA1V9p5ybl99gEytuj2QsHAhAYCIb4whjW0IP\/TIA0M9zmcX01mUItQoFaHtCZEqRJBbiiOTJ+loIJ81MOaGklz35oi3Jtqh14\/jRYgsMeL5t5nkFmRvLX1rJ7eqK2FeqMjNccEprHRLLGySJVcM1kqdJGfXRZdZxIK19TeYlmxqM15zj9nfpEvyyy4fL8DH07eM3M\/PuXXX\/v5c8rrSKc26V5BOs\/pmXji65qo3ks7IxVO93pgBXpsCkzt01ylZ7CxhdRYL6fT1FUTOvmXWv9wZuRd4TO58TX4512C9u23GA4EO24Lt29ucfQyDXEllXC\/J+LE99OS6pXzjyDTj22Olbq9e0d55AUKgQZJ+q7TBI1cK3CK0Ji9gF9bu4G9x7U7+Lqzdxd\/FNXnRemntSfw9tibxWhmv5eTq2vGVdhspkDrBUsiSF5A8KTin1gR6Gn+PxzVzN9\/O6F31a9fl73VYlnWe1zfq\/L2hKrAbqz3+3lSVHt+8Ul9dVxq3kKqUOq4DD2kSXuL5UNZRHg8TR+nWWpO\/DxdlUNk\/ImiiWCQeKVw9ihEXOo++mz+3VVek9mNK5bKw+Vh3hfVxXWn58V3pwFc49+srxc\/i+VUVFkWeX83A8fiaoNQUtK89VxY+v47Vn8ftgQroCdKZOwRwp3Turqa9ivrEclUKnlSuysg8Oejosv0UZeHrz+vjGzr1Ss92+BuD9npX76V+U70p\/flmIujSw29plMo16de3xvfbv6283uupXEr2XjOpsvDvbh4yQXvx4FVJWxnWZDaV8BlIr7TXe5bWKmYfR0JHcq0JjrBVV2c70F8PPNuordr74+fEhZGuNESXuxMWYvPdsd61WER43FXqdPTqh23z1nKphUkgVZGFplFj\/OFBhF91hqPeWhECNdfbFTfSq6is\/Ea1pbPGWYJN1YNaqas\/4Hs2e\/f7RKr3D2ferzdbidI+mkAlsUlH6bZqXd7FbCsPj62mv1z9uFhiXy017XT+GjsSX+vkers8USvh8wlss4SLO\/CvpNUnovrZH0R\/cle\/rvEUHjHhrycttJWrb+jJ\/XsS39JjF1FWJSsl4+pV1mqVc+W2vGLmyw8eV2qq2jmskqhWHqbXHSeFOJ2pU4xhYotFvAuJGizGA27bXIoxjgWVbrvhOGF\/wVhL6mTQqbcSvk7BNY9reKDNqpVnRK1sq9f2urWatEr6Osa73Lbw66UHPG8Q+VnQjcIgz5vkadu8WTmJhXULTQg6yYcIWZ4Placj9TCRGt41yXKpUdOJfK7RltFqNEvdu9e1RtO+zEAKPWtqf9qKXa2XLHInSd1tFcuyd9xevyJ1es6WPSI1SY90Q\/KoKlPQwR5Ta3bWMLLS4uNXanpY+hUYMjvDv5J5VOvWKyS\/qt4KYMPW+rp42t0p+qyrB5knBbFh+0aMDYNjb9h\/EyaH0\/k4+83UFHF\/q\/SP57fFu8euaBpavPkEMkGcuYNML87cSWY9ztxFZiPOPJGMqqpknkTmHskoj\/cmS8B9spjYofv2dKn5Dpm\/bmqT\/U4ZRiInVlbfhUOwqlZls3noU2i4g9GgMgr7Y\/2hMy\/xW\/HuKAzxVcSTeTGeTLaoBhwfJvlpwh2B42friXHT\/pIFob1DccZcRba5uKM7hBeZYe5H6036o\/VkvCpHSrKFmUfOYQ9LFbEeR\/zWPTm\/cuR32PDErYU0co1xs9dO7i56mhCIlADwS5jX+HMkme18YW47H1Hu3s\/CTzy0oR+KyyhpQu8WsTSd9h2hZa8w14J4e+qfmkImooH6MfokvNiv8us6pDlbEl9zz19FC5dyJuReURSPUlp8Oa7kHFrE0GVG9dWM6lXlNQoZWr8fA+mmo\/dK6K31CTtnvscXo8easJst16OstSyEGhkGXgMDNULL6ue6nVkY56kgh8RvACdyX8qKzOvZ1dYSDAem1o5s9CzyGD2t7ErgbkW00mqfhEozFYU0fET6fCOVkiKUWqX4JqTIIWEoh1nKUxr+ztXIKrJCsjEzfPMAX7bWU2PqrWNtePrJqVwuuDewhjrPWtDbLHXEVSm0W3pTleElV5S1PSht1EgvlKR8MbDa3GFrE7IXZ5MMUWvL1NgZaUjfOdOsV5v7DSeUAO+gRgHugroN3qGo+wpTzm1Sk\/nS6WLTdLn2MDPtVtVm\/Dle7JjlifuPZFN5ynhsT\/fxrWV7dIpzKZdrMToIUvbR8P7moslXHuQAgPlm91iiTDKUEh\/2MSOZo5G2jYvvGLZpHE7UJY4rhwsPfpKS30l6+NYimx95KSX+FpxCsS\/tioZxTKNOCFr76jlZ+HP4aJvb786k5juYFGm5m4gXOB2ydhY5gHmRau+cQzyXfISuJ1RSuZflN2fRhE1dAQF4ujYTUWVptzEDgEdSso1btt6N\/nYQvWxyAvk2PZZ0X99wMnm3tRNbw4aOhCfOBE\/fQmjJbuHkWk5KoeyOiXtCH1WWPSNI+L34X2zbpIZXqm4Qv1duU6jcXErpxJxgC2oYArEe+w5k3gvbMuoSauFMjSj+XNVq+oF9n6NOW8nREYPyfqbyVpbN9yH0JMLTgjA0kTWJskNjDZSXqi6aB2i6zwFvf2o+Rq3dySUWrY8XUTJUPTKfQGlVi8wn0SB3bYX41mjUv2w+VTRFC+pximavs3+maBbsUa35bNEs7vWnLIcEXItmaZv2zeeK3rGYCa3l+lUMOZrgBEbY\/w7j2VwS7lvyHuTllUHI4Q+JzHsrcTHhBAkrFBTFZYol7WrKgN7aQDnkJgFRyZIakt4asUjWWKxLvbW5UddPOvltfJnuVeAc3hGe7Kb19K1bko9fe8msyHlrG92Lor5bfXO6HJPINxiMhC0RgvHl7hFVhDWefhYD6zMTpI8yegd69cDfx+5hPXJox7gutxzPE5ubyM3m\/Hynjb80c\/3+MNUHCY8fYfwns91QftiPQmiFBLMQUixZ8yG0QWGBWjTO24jaY0vmMIoCShAW9kf9K1EbhwhOFpOMG4+lNdG3lLPMKAspL4rJ+B1Rx38L4opo678FMVDNjZU5rZHvX+a07LtA3Q\/DAbpFbM0OZ2\/SESEzlbTI9SFvCfWkHZkCMaWeEzL2hBFMozv\/H9XraOLGX5w5+p+mV3PDdqjLuR0OooO42\/mZnJXbdCEZDvpUTDLSLy8zcOTvkI4uVnRepyzk8EKi\/cnsHoQU3wq\/l7S\/rYir1jnKNa0NSOsV5nQulTNezQFHypPJPiusWLxQvxU\/L+2jkFxZoYKFSZvxt8lm70V9Ak92O853sKMlTg\/sByIi+TFbn+WZdPfwQbmfx98d4OqwpiFb\/Y5tgDrSAagy9w4B4y0Ahbj\/dHWiNxCUQB5eNcpZH7SJ8tp0m0kwZQWngi9fpVAgGQ7JcEJtNoPzIQ8\/CB71y6MbUi6yLInaeoUZETr4HIsLAGt7Q7WT8vkArOQg1C8Xb6hju2QKR1OxxZhcS+qSZhmfBDuwByPJF1f2J9Es0pc6yPn323MKWh3O+qPhNkOYj2ZT+eg2wMKlq5qKzJeKXjGhviJbH\/3mWhg3QN9FsIjT3+nvDVELdavgghh50ctnaAL5YtErHER6hCPRzG37jXjYcG0oBUZZiHs+8XYLgabcLk8ytr+BtJJFVgDFghunLaqtqbAoqbGjwJZkqBNJoS3jxAjvXCvGgBjbPH0B919QzTNjHPVuY80yHoo8CPVqrzj5XooCFVROfppU5eVFdF1Q\/MjVJUK\/4OVEOFoJ7Y70C5AbiYzZ2NID8y\/sOqaOs2ehyKEl\/xwOoPRmU49ayR5M0ij4A6KxjhBiUTy7FzHp63Ya7+EpLrZbMn0JOyS5XK9NfHGTsMgaprBKpAlgfg6YIhfEr2HrE19F7cnCaHK6OWgSesL4gkX0klBJj9PSDNCTwE4mr0dgGVJydicmzDqXL0D7UCv30tOMI7oKQsRgkM3LbZySHM4V5BMKFdaUyLxowStKrhtGTDriCQveQtxCD7hgYUVnLql09QsMLWRO2u9PL0RnIxWlem9xRUvwy1adKkpcuYK5ZCV3+5Ke9IaY0npg31Q0PYTaQ1ydtu6yPQn8sa9qxQDZdfVKmtsMOPjVCFMuA+y0u5xP1wU3b8GQ1t1EwWbVsSqulCo1dv3nwFe6CwmgIh\/\/2eys2Z3aYgKvbeD521LgSwm8VIVG0uaxLDxhcJlgIr3SHSfouhU9Hnc1iRWfmOtsWluvbqTwTGun50sanKEEhOqk0jVpUbfNhqOWtnMmKXLR47To2rSoOkfuumxBwhnnGSkUwUBN93A33Eugfb1c44x+vVluleoCvDEGJq3dFEN0TG4WgVTW0uJbVtvtVbgjNEMQTnfoFvMhcUGpizujoIc6UJOdjwIeFgPa5bTztuhWVxScuxeXmf45+MMr0sJau1u\/T\/ZOwjOBT0CZnj1yXn+tzbGT8iWYK93z20+1syuiZKjpyLxcLGNaiJ0a2+kBBlA5bff\/X6xDAADtnAmUFUXS77MXmq1ZZBcQL4gLiIg7SnMpl5lxx10+t+lmEXGQRgTGYVwKaBpQFARUQNAGEVBRFlEBWYpFREA2EVFZWkRFRURFRUR5v3\/U7Zv9vfV87zvnnffOmz6WERX\/jMjIyIzMrKy6ZGRkuiyXu2fn2N8yq410o3KGOfen6led0f3vBfecf89lbQZcX3h1nzZdrrviqnMHuNquztHMOdXrukbuONc0I2Nkg\/23Z2Y81aC0d1aZarar4Fx2doZzmS47o8IlhV363dOtV1+Xk1HpYedcrv7HX0wynNXumrrszArXFHTvljjjv1uwtv5fg9Iu08o3U\/nLevXt1qdXQc9Ex149\/5G4uKBX\/4L7XI77H2o\/noEB+SoTGVRZDe96FyZ67g7H39irR98VJYmusJf1LejZo6CViXv06trvvr59eiAZMKBgQI\/CXt0Sd\/ZL9KRBBYmCRJeCfvcVJLr2gOnTrdeAbgnK9uvbt18fyie6Jbr06xnzrRPXF\/YsTPTtU5C4swcmOvbtW9gFG4UU6tGrB3YTVxf272aiVonufaipG+Z7F\/bs0bdHl7u6JXr3KezbjWK9etwXCwT364UHhb269+jXS9Uk7izoX9inW\/\/Cnt1aJXoVdLm3X7c+NE7KPe6h\/H33FXbpgWWMJHrc0xuHu\/boW2hta524rGfinMQ9Bd2748oZ55\/RJoH2fX27Jfp0K+ipwNzXg+p69CnsVZjo1a1nz4LExYW97uzWtZtcVVB6WNBwqCto+cC1ShRi1IqXk3Up7JW4D\/W49QU4WZC4AV96FbZOXIO7hTjd7b4eXQmIBfzKfj0wclFhr17d7izs1YoodleL7+txT2cF9r+uNNHtvt6FffoWwHehjpRv9EI3Ku5amDL3px69Cvp17UFPFyR69Svs\/980qk9Bb7mBEwWAu8MZu8OJqucyM5hQP\/RUzKnPbuilrv26dNsdTmrt6g52LmrqTnn4tpEXuRbXFXYu7FvoruvWvV\/Pgj4uvj2t7LZlRpV\/DURrW+sqVf6\/GIlVqvwfHIqZq7Or5f7r719\/\/\/m\/rMwzcjWzBSexlmZqWS1\/Zel\/rPms\/WdU+1+VyM3JcFXYI1R2FV0l7QT+kzfuy8yMoc51HubcvZm1M9xgFyZZ6AdmhGuyi5xrUBG3R1Vgd4FakQu6Zxa73d2zBrvE+GwhghMVMnIaAA9xJfUzh7qmt2YVuVFjy8ENci6K4X8Cz+uYNcRd2rocfFFOzxjeBTy+teDR5eCeOSNVebHb2BS89dXCfy6Hj8zIeTNV4HoKTLozq9g1P61cgTczcnalCgyhwKAzVOCv5QrsysgZnBkXeJO2gz5RDh2cmVOUQr9C\/R8nqcCKcgWKMnOmqcBQt7caBVpcrQI\/lSswLTNnXarASRTIujJrqBtdu1yBdZk5B1MFOlBgeoEKtCpX4GBmzqSsuEAnCnRqoQJ\/KldgUlbO0lSBeynwXisVuKNcgaVZOZ+nCjxCG0H\/Xg79PCvnixT6POpVG6vAqHIFvsjKKc6OCyyiwA11VODFcgWKs3Ompgp8QIG55uHycgWmZuesznZZS9niZtpIEhYwdB5y7prKjMqMzEHOTfVIppDmQjIzGZXDPJIFEh4vJCOzyDVo4pFskFgnC6TTPzxSIecB544IyQapNNkjOUJ+EFIB5MA7HqkoZIKQHJBDX3qkkuq5UkjFzCFu+8keqQwSNRRSCaTODR6pImtWT2WQYd09UjXnQec6CqkCMm+gR3KxFtYTkgXS9hWPVJM1a09VkJrLPFIdnSghpAJI2\/0eqSGdCUJyQfL+8EhNPIjrqUyCZ1fxyDEgsW\/VQBrW90gt6ol1skG2t\/JIbdVjLa0E8tS5HqmTRmTtmsAjddPWqoPUuskj9aQzRkgWyM+3e6S+EItBdqbmj\/qxuIHEVkmFzIEuOM8jxwqxAFRisEWNPNJQiOlUBMl\/0yONcCzu0KoMw1EjPNJYiAW6BsNjXMIjx4EEplMTpPR+jzQRUklIZZBhaz1yfDrQx4CUHvVIQsitQjSkcst53TTtdTWQsLVHmlFPHM5skOxbPHJCWkfW7r\/HI83TSC2QfaFHTpQHFmghE2d45KQ0Ig+u3OiRk9MeSGfjbx45Ja2j4REd45EWaQ8yQAY08khLrMWJXRHk8jM9cipIZLGuDXLnpR5pBRLWEKKBM\/F2j5ymesyDOiDDunuktXzrKqQGSO9+Hjkda4HVI2uDHvVIm7Q1JUKvJz1yhhBrj3w75TmPnIm12De15455HjkLJLJ6lIoD1njkbPnWUYiSZ9SHHjkHnTjW8u26bz1yrjww36ST\/MUj55XTGerCHI+0TevUBelf1SPno+NyhWih21\/XIxeAxNZqgGxIeKQdSGDtqQmy7VSP5AmxXJC10871SHuQ2Jp8q36hR5Jp36qCZP\/ZIx3QibOxEsjV13okkI71gqydepNHLhRi1uraBPLPWHwRpsqayZrU0SMXg8SOHaPJ4EaPXKLOsSStDVK6xCN\/kk4NIRVJ7EvP9sifQSILTS2Q+ZpaUshfZM0cqw2y7WOPXIpObE0rwrb6Hrks3ZiaILMV6BRyOTpxoLXyZJfz+grV01HIMSBtCj1ypRBrTw2QKx\/xyFWyZl7LWu83PHK1dMyakImaDFJIxzQia6u\/9sg1aWvHMEBtsKWQa6VjHmjo5jXwyHXoxL2ghPvjNI9crxhYV2tqmX+eR25II0qRPhd65EYhFjcl6R1XeOQm1VNDiHTG5nvk5rROXZDwbo90QiceOzaBPOyRfwOJWyqvBz3pkVtkzXxTyuc955FbFYOOQmTtupkeuS1tTXHrutwjt0snHbeWGzxyBzo+bvv2eOSvaQ8Ut2n7PZKfRuqB5B\/ySIHqqS5EadU\/wyOdpWPR0fNAzxyPdMED10ZIBsiVtTzSVUhzIdkg847zSDdZMw+k80Qzj9yZ1pEHv5YbB92lYx5UBvnuTI\/cJa8toseADDjfIz2EpOI21O3o4JG7qSeOm+pZcrlH\/paup4FNILticU8UokYSazfhuniklxDrNk0T+Z09UghSNtjYoCpoKaR3upJjQearmSnkXnSCfCHaTZQ+45E+akzHMqStUjGF3JdGMjLZM2R4pC\/W4nDWBUmc7pF+QmxQ1wZx\/+aR\/iCx19oI9xzskb+DxC3VZDB1lkfu\/3ceVHrXI\/9AJ\/ZAk9uMnz0yIB0DJWlQwSP\/RCf2QEnav6FHHkjraFB3bu6RB4XYkNLq27i1Rx7CWuy1dNpe4pGH0zq1QH64yiNhhhqUrmhNgYcGZqS1tKMp+puHBtmTT6qxxe6GQR4abFpmsCFQMMJDRdIK7hEkg+tneGiIoNhgI6Crl3qo2Dw8IEjhu2uzh4ZKK46fprJnv\/TQMEFl3V7sHj\/ioeGCYq2KpMTuSh56RFAcQuXegdoeetTc6ChIqXxZub4aIa3Y+epAc0700GMWjdQDwFD3fAsPPW6QBapxph7Qm8ZyjgRwz54QjyEB87t7aJT5cKugamRg6bEeesK0LM9rAR14x0OjTcsqqkQ+dTrLQ2PMB+tirdXBLR4aawZrCFJON5jloSdNywxWA1q91UNPmZa5oSzYW89DT3utTKCopYfGmZY1WVk182YPjRcUx1YPA1cO8dAEM2jO62kgGuehZzykBD57pocmWjQ6CpJW\/ioPTfJamkS2fOShZ80NG07HMZw+zvDQcwbZmNFI213fQyWCymJY7Bqc5qHJVlcqGjy1nuehKaZl0dDyOOAqDz1vztsAUAZNLddfU6UVB0oLcd97PfSCaXUUJA8fechD06QVe6iZIRrjoemmZR5qZhg33UMzzHkLlNy4bo6HXpTB2A1NT81We+glQZEFSgaTOz30sjdYE+jQlx6aKa2yDWCxm3LEQ6+Yhx0Fadu8PdtDr3qDeg5YUNlDs2SwrCuHujPqeGi2QeZhbaBzjvfQHEFxoJTIG1t4aK7VZYGS1qrWHnrt32sVnO+heV5LS\/bNSQ+9blqpJBrq2l7moTe8Vg2bNK6P5W9KJTDPtWonCjw0X1BkkCaN3uWgBYLKKipyUUUPLfQV1QXqfbqH3pJWHEAdYbUZ7KFFBqV6H62dHlosKHajMcnVu5GHlgiKB7xS8rZLPbTU3LB+1OZ7460eiqQVmEEt3weHemiZoMggpX+reR5a7seMDHZa76EV0gpMSw8UDxz20ErTsrzTvjS7iofellZZDIvdKo2ZFLTKnLcY6lF9bgsPvWMGuwqSwQlK\/xS02hvUUpir9E9B75qWLYXKu8b5HlojrTjymjT29ffQWtMy55X+9Yo8tE5a8fhUXTnjPfSeaaXrqqcpNAWtl1Zcl\/biXyz30AZrsvWX6ipZ56GN0orr0inZ1k89tMm0UqtksVv4lYc2G2Qx1Hwy7UcPvS+DkfWXMujTbA9tERTHUOm\/vIaHPhAUj94mQBc09NBWg04QpIOAcSd66ENBgdWlHJ\/cxkPbBMXt0q48r52HPrIYWuS1Z9h0oYc+llYcQ+X4+eV6+RPfZD1OnH6dh7YblArvUJd7s4d2yGDshgxOL\/DQTtMyg5k2aQyJ5btMxfIuvdNIQaXe80pMGomEhz41a+bD8UAH7vHQbhl0ywRpO3HpxR76TFCZe0UuocU6Be0xg+aethMbl3roc9OyftS5QM+qHvpCULwuCIrO9tCXHtJ2os4dHtorKA67lvh5j3roK4NsYGgWGvu6h742D63JOims9K6HvpFW7KGOCkcc9NA+i6G1S+tdk+oe+tYbVHJtq++h\/TIYe6gBP6O1h74TFNkglMGVl3jogDeoDHroag99b1Dajbs7eegHg0zreKDmnT30o+qKu1L7k7ZDPHRQUNmwKXavPuOhn6zJNmyU\/ttmeOhn07IBoHZVX+KhXwTF7aoK1HKLhw4ZlBAk55d87aFfvfPaGNx\/0EOHzY2OgpR3TzoP\/SaDcXiVrb9X9dAR0zLntZ1YWctDv\/u6NNVMLtdff8hgPACUrYOaeeio15LBv57soTAzDdUDymvloYGZcsPOJnItW7+K5bypK3vPkZ050EW3eWiIt5ZFIrvLPVRskPV+Aija66GhmXgeWT9mkcj5Mzw0zGspx6NfPDRcWvHAULa2GeahRwTFHjYGarvLQ48aZHVp9R\/W2EMjPKS863uZhx4zN6xdSuS9t3nocWnF\/agHjWGPeGikaZnzTYHyn\/XQKGlFVlczQWs99ISHTOuQh0Z76ITMYjdbAyMFjfFQFlCbFh4a691oAtT4LA89Ka2yhYY0ucxDTwkKLBeUQV\/\/1UNPC4ozSJvkRD8PjRMUz3jKhTXDPTRewybOBRksfcpDE6QVG5TztsSnoGe888rxzDc8NNEMWprIYKsVHprkDWpX03mbh541yMaG9gzN93voOavLelnO7yw32Eqsro6CqpAmA4DLoMneoNa7W6t5aIoZNOd1bH9tuf56XlpxoJSS0xp7aKppmRsyOLiph14wyAyy6+YtcbVYPs2sWWfFu24PTRcUGaQFtHc5aIZZs4p0EB\/M8tCL1l6LrbbWl+Z66CUZjAe8ttbDunvoZUFxXdI6tNRDMwXFWkqTidU89Iq5YY3S\/rlvUw+9Kq3YoM7MZl7loVmC4i7W83iD+z002wxauwSNeNRDczykBdQ956G5ZjDVj0Nc0RoPvWZa5mFzoNt2emietIKrBGkBzavsodcFxU3WQpOb8NAbguJ2aUN+yrkeetMi31WQRvW4iz00X1pxk7U8re\/koQWC4uVJWp0LPbRQUKylDBpX5KG3rC7rZaXJHU94aJFpWTT0PJ6Y7qHFpmXR0FJ4aKGHlligLLyKxtyVHloqgz4agz7xUCQojoacf\/Z7Dy0TFDuvXLg7y0PLra6UG0NdfiUPrTDI3NDpWftqHlppzncUpAV0dW0PvW11WZO1gL7YxEOrvEHVVXyCh97xkAx2OcVDq71Bne9dcpaH3hUUN1la1yU9tEZQrKUmn3WZh9ZaXdbkqpb+J8XydVIp6\/1BLujhofcExQHMJsevucND682aeS4oMdNDGzxUAejArx7aaNAEQTrEc8d5aJNBpqWZYe\/FHtosN+L2VgXqNNFD7xtkzusLgBk\/e2iLoMC0tLW+\/2QPfWCQzZ96sl53jYe2+i7W4\/Ohuz30oUE24LXE1yn20DbvvGaGYeM99JHqinukOlDu2x762LRSD4yc1G3x0CcGWWdlAM3c66HtMhjnQmMG\/ElVPbRDUGjruKCJmgxT0E4PKe9qtfXQLqvLnNcCuu5CD5UaZG40B5p\/hYc+lUE\/d63q5qHdgmIPla1PPeChzwRF1ikNgOaO9tAegxoJktbuGR76wiDT0tz1xxIPfWlQagAUu9EfeGivoMC0tNOY+o2HvjIoNQCGupPLpcPX1supATDUzc3x0DcG3SpIifwPzQwpaJ8FymKolLyploe+VV1lA2CoO6\/cmN9vWqkBMNS1aOqh7wyyyOvZ\/\/iTPHRABuNHPD0XPN3GQ98blIr8UHe0nYd+EBRZNFRXtb946EdfV02bGTrE8oNSiaOkmaHkcg\/9JCieGfRNjuvooZ8FxT2ix+eNGR76RVCspcfnGTd56JD3QTNDp4c89KtBFlvNDMELHjosg3GjpDX7dw\/95rX0SHuleiQFHbF+TNU1xB0530O\/ey0lcu+rPPSH6or7MRvo4P0eOuq1tNO4a4SHwixppZpMjr\/hoYFZ0jI3VNfMNR4aZFpWl7Ta\/OyhwV7rREZ1XraHikzrDEFKyZMaemiIoHhgaB3\/WWMmBRVnKRqpUc0LsqSHhlpd1i6lZPJSDw2TwTjyquuWOzw0XFBcl15Yt+znoUesLnsq1FTzxsMeetTqsnadBDRluIdGmMGLBcn5nVM89JgZTDvfc7aHHjeD5ryOBU5a6KGRZtCe\/uT8BTs8NMogc14eVjnooSfMoHmow4Sff\/fQaGnFs6smjXOreGiM91CHXWtremisadnY0A7\/zkYeelJQnHqaat460UNPmRvWLn2AM66lh56WVlnq8U7wHA+NExTXpZnhwcBD4wXFXanJ8NErPDTBnO8oSAbrXeehZ6QVG9R8Muc2D000Dy1QdWw+6RTLJ5m1rpLXyBzo3GIPPStrgfmgp\/iNx3voOW\/tZKA2hR4qkVZUW5BW\/7uqeGiyoNigzQydPTTFDFoA9YA\/TiMtBT0vrbgfpdX7Mw9N9VpKyVYVPPSCQebhKUDZx3pomgy6DoK0jm+\/3EPTDWouSE8uD2g+SUEzBEXmvKB5Uz30ooc01ezb6KGXBMU9Ugeo028eetlHXgN+bFUPzZRWmRvFrmszD70iKK5LZ91hWw+9ak0eI0hp0jXw0CyDLBpa4q8p1+TZZrCRIO1PwnwPzRUUR17r+M\/9PfSaoMDcUPpXesxD86xdtwrSM8j68R56XVplU2ixGzXLQ294D7UxeGCBh96UVlneMWms99B807IBoPmk9EMPLZBWPJ+0ADp42EMLBcXt0mL9eiUPvSUojrweGY6r46FFvi5pHW7gocVeS3nXubmHlpiWtSve4d8by5dKpWxaSO3wU1AkKB4z2sbbDj8FLTNr5oMg2+GnoOUeSu\/wU9AKgyYIUgbZDj8FrTTItLSO2w4\/Bb0tN6KGgtI7\/BS0yiBzXjluO\/wU9I6gwLTSO\/wUtNog68f0Dj8FvWtjpqOg9A4\/Ba0xyIZTJSDb4aegtd55Lda2w09B61RX2UhL7fBT0HumZT2ibN2zzUPrTauGIA3CGdompaANgmLntdBcV89DGwWVDadit7qVhzYJigeG0sSe\/VPQZt+uykAJTeMp6H2DOgpSBp37Vw9tkcG4XdI61NdDH3gt1VV9kIe2GmR1KYMmjvTQhxYNi6E+dLmpXAy3qa54T6un+D+\/6qGPBMWBUiI\/sMJDH5tBC6\/quus9D31ikNUl55spW1PQdvOwoyA1ue0eD+2wuqzJ2UCHf\/XQTm9QK\/LH5fprl4e0+X8zx0Ol3qCW3XHHeOhTQZGNXmlNa+yh3YJiLZ2rDy03sD8z520HVd9y\/PlY\/oVU4u\/6lOPuAQ99KSgOYF2ydXZ3D+0VFIddZ27jKnroK4NsOClbt3X20NeCYs+VrZe+5aFvDLJs1Xq3roqH9gmKDSpNerb10LcWQOvHk4EuudJD+6VVtsSzSe7noe8EBeaGsnXjZA8dMIPWIzqov+R1D30vrTiDpNVmt4d+8FrycOpPHvrRIPOwJQNjSbaHDspgfAyuQTigkYd+Mi0zqLX17BM99LO0InNeg\/Cadh76RVDc+1oKa13roUOCAtPSg3Dz7h76VVAcebkx\/0EPHfZuaB3vM9RDvxk0RpCS6yZlawo6YpA1Wblw0XgP\/W6QGZTzR6Z46A+5ETsvg0vme+ioaZlBReOl5R4Ks9GKrF1q8qptHhooKDBIM962\/R4aJCgeUY0yh7qZXGXQ4GylyQFBSq6zcz1UJK0yD4e6uvU9NCQ77WFzS65FsbxYKmVnHYNcaYmHhgqKfahIch0o9tAwQZF5Xoc02dvIQ8PNva6C9Iw8Q12cgh6RVpytSq5wmoceFRR3sVaTu5yHRgiKtbSobWnpocesLpuQtXLlX+Khx03LQqFn5D2FHhppWhYKpcnYpz00yqJkva8cr\/Syh56QwbJoDHEz1I8paLSgOBqa4XsT+jJojKDYeY2ZafU9NNbqMje00Ixu6qEnzcNUu4pdp9YeesoMWru0gDYs1+SnDbL0FzTqFg+N85DqyrnXQ+N9XXK+zUMemmBa5rzW8TvHeOgZQfE6Lq2aMzw0UVCspVz482IPTRIUB0orV+f3PfSsudFRkJp8f6mHnpNW3GR9A\/O15q4UVGJa6Vx4MNtDk72WcuGOGh6a4iN\/quXCB7F8qlm7W3K9wA1XeugFU7GBUUFp8qCHphk0QVAukPvDQ9NlMPahMhnU5iYPzRBU1t7BrnSJh170nuvXhPef66GXrC5zQ1vQ\/Ns99LKH9Nr30iIPzfQGdTZ1zSceesW0LBT63CLM8NCr0ooX0OOA8k\/10CyDGgpStva+2UOzBcW9r4Vm+0APzfF16ZRp3pMemmtQyvkh7pQXPfSaGTTnGwHlbvHQPIuh9b6ytdVhD70urThbNeC\/qO2hN0zLBrxG2syEh96UVlyXsrVXucjPNw\/NeQ34WwIPLTCtVJPJuxs9tNBraVv4gLagKegtaZWFl+Odvh5aZFAqvMWu7yMeWizI1\/XScx5a4utS+j9VLoZLTSud\/rmRhyIfDa1B52qfmYKWSSuOoVbknD0eWi4onq61qE0oF\/kVggJzXqe7N1Xy0EpBcZN15LK+lofeFhS3qxXQn4\/z0CrzsJcg7Rh7NvfQOwZVB8rJyIj\/\/Y70P+fh9Dv3Vll1mu17vO0p5708c8LtvQ9\/\/v7z56+6+otl2a5CSY6rlFH54QznqqzOdo68nTrYfgasH\/zqp736Ea9+rnvoS0bxyTwx3cCjUXeG7cAhru0r+lEsdL9+6Bp\/btiwvn6mStzPZcsTsLe5iUf9251+IjqIg4FBLv\/NwW7UCHaiiSJXej8viNdCjzKiG5F3rTlbuYXnvHs49wh5DTyDY92NbPx+K3bRMdp56WeJTMGX8thxu35UyDLTj7eFjzJKn+RF6XO8pZxHuTWMvw95rvqWI81f9MO7oa5\/Vf2YTj+b0w\/k9FM4\/ehNP2\/TD9n0kzW1viPO3ah5iKnj7CI3H0f1wzD9BEw\/9tLPuvQDLv1USz\/K0s+vVn9djHHOaRvw3uI09mXnsQG7EEeu4Bgmv9iFd+PkwziJg3nP4dRMTlOWc2q6odjt28NiuL\/Y5R\/CwQx6NUc\/2NFPc\/QjHP3cRj+sGeoGnK8fy+hnMUTSdcHRLoNdfme6JwcnTyOCzxTZD1D0UxP9qEQ\/H9EPRfSTEP34Y8bPxQwUHG3IetO82DVuzWPRJfqJRbFbU8CZ8N\/06wjKjOCMZYZ+2MDD1mZetn6p3yRw0Mj4PcDscVlDDgLZ5D7fgmjldydSx7IlYnx0OqvIBbcwbmbpQ\/shbm+9IS5qyXb+ZqI1BH6cPm9n\/lzF3uWj+Mt0fYKub831Ubm+Htdn4voeXB9+6wvvcdOJ1hwe7VbTjTt5Pv2SU2Oc2Z6tL6X1SbS+fdZHzkPdKjYHBUTp5qQ+RMa5RIG+ZihyUUVO+U4vcm0GQ3fSbYyz2y5lTN3KCf9Qpst5HKSt53TuMI5UYWd6PC+tWpDMOKVvWvXxqr5S1eeo+u5UX5\/oS1J9MqpvQ\/UR6LQf9Vmnvt\/Uh5o8BBKhyW2Gurx2+phSX03q80h9B6kPHnFOkUskiNw9jLOLi1xiHK9RltJlVYnU2WTZHWTYo2zKXo+7T5\/r6bs8fYCnL+1WXhJ\/O6eP5Jp3piuHxN+36UM2fbGmT9P0Ddr9B\/VVmT4fG+pW1sKp+vryS5944Vwr+DMcAyq6jQF1Oem5l0E1Y7CLfiFczAFtd5HrjYe4vpfRn7fBP0L\/Pcu1lutQ\/IGRviTSJ0P6NkgfAelrH33Wo+93FCp9kaNPb\/SNjT6m2fkLozlT38Hog5f4oXhwU0IS95c+MyEkucwL3Zl0lpJi1XCgKQPpKn3FQSgeZXQ\/pw8w6MedpFRl+ilB7p\/LgLmY0duJygrhi0jBJ3BoOgNnIX26khT8hBH9ffydgD4I0Jt\/veLXu3y9tNfbeb2G1\/v2szSIgh46MaOvZtJXvxZx2MUun\/7qNJEt\/c9MVCfzBHyNjpjos2IiNJ6J7G1G+BYc3svpYlUmqqbMgm311pW54QoGWDdmxwdwaDSRmkQWzGDeWMLO9wMy4Jv4VaXeSerlo94y6nWi3hvqBaHeBOqVX7W\/4FzJ5cz+HRk4GThzE049VMSrM07CfyflaumtF6OdqB0kaneNwKk3cGoNE9jPRC0b5xoyNbch95Ok16Us5ncwcPrpnQ1pNpyumsJ6PJtyC\/UCRW9KKP97\/O5DLzn0NkOvLfR+Qi8i9MZBrxb0DmHObYwrt1jn\/Gz4CnVyj2NMWOOGk4afkXYVmE2PZU25nNTDwXlTmfI3koq\/MWtWZYZsxsxJ1LoGrCOXMxndyH0+DvQv5nyYbiYVR81iL7EAB9cz3j6MT2V1\/KpzVh2odm5OlP53u3DPNlItgwmong7hGE+MrcR1bA3+ynjqS5oNomtH8kA9ns39qziyAiffY7LCkbZ74pMlHSHprEiHQhroOuZ5r5Utsw\/omIZwVGSBISyXvoUXVZgA2nKWcSX91I8ZajL86\/TXbubxn0jobKbJRjpkICTtGFTXklLdGVQPsuAMxRO8uQhvjkyh7Hx2RcsZbNtIzf3xk7MekevWp\/LSEkJRTBgaEYJr9QTKAHEMkJbk9SU0vZCZ52lmnpdZODDQO5Mprj4jtKkewljjLyH2tzAd3kv+P8RyPEaPPoRhMan3PrNOKXPBTwwIpkQ9cNxQh8EQrqTiB2n5HwyIm1g4lmhPX8TmndYXaTser175pzJqb2ZgDGRQPKlNMP1BOrU6zLxbWxtV1vpzGa0BTtxI3OmPnvRH30do8XOk1ovMBxH9RF\/k7GEeZ1Bo96VtlvZTPZvrX\/dx\/9V\/7uGMMCPjhQyXuSbjTLc8M2NtRvaIrIxdGa4o0z2dmZET\/8N\/Vcv+FZ\/43\/Ab6S6o5MQ94sJXGoo5LuN4d9L\/\/F8XmpiV0Ti7ekYjd2K2yzkt1L8IE41IgrpMAlDGZMJMap8ZQ5PaZ7noNWNc9B50pwRfwtRMuugg9IpkFu3o4ILB3EDdy8lMY4JlKSQsTbrwMMUPSfBj0pVUQriH4sd0QLAV9Fj0liVd6XEIgplJFzRD\/wmjGPu9vWfcuTCCYFB+3RgXboa2keBA0iVadnAlmR1caRME+dU6cMTXwSW4SrMQlDbo4IK91AWNInwVg9MxEtIKFQ3\/gkC6YSXcw5ibT8PD76gmiROboIvyiMRcGP4sVvzRn+fAyUdjFFD3IgppJg3h9UfZUmhL64rwQ4x7hGrFBNMp8gA0kqCkvQs\/QlBKiX0S1CSaf+BYe65sGuX+hqAyDXrCKEF81Rjn3i4rsR0BKujrosQREIzm0zirpSQHhmpF8SPTGDyLEXd1XNQ1RiBdt8WccW44gZF1dyTPBVTnTlFgXoVJLHLBaKOEDg9hCB9UJULaIBVrlNkogZFRmm21KA6qVhQ\/XIYLq3An18QgwgqMy+eqw5UnwXE0qwFXGwSHZfYSmBVYKoA+L8FDMEWYlGtFCIIXjHHha1ArsRwGlXAt1Gx8gEGMRsTLaol2wlCtKH6QLDB4lkKeBaFoNAuBdKNlFMNYuAGBbsIdCKgu\/ByBo\/7wW0rReVDa8KAxrDpcVoI2SEWNMhtqpeyo2VaLxYFqjT6SdEdtaJ2A4GO8E+OuWQIzgkCUMUHFDjCNkimGMhRGjTRx4fAkmQFD68gMmPCqpMt3DIBGCKJfMbgZExoAwxShXTCH8uKQqXvdfBj6O8IpKIIhxriwM7S0HYJ2MFEej8XQzrKRDTMXB78k9DnU4t7h5myEb0HvwSEx4egUEs4G2YsPqxGE0i2lBRiLDiCQ9VK5S3VBBRIgLAJRRuAQFMGbxljHRJYiu2COYoNGEX4Eh9H9JOnysUO0U3GYgWHR4YpV8BFFNADEIGI0wUST8IZ+D9U10UYY+ip6B+EGBG4pNyRMMAdgD4LweRhVOopLuakhCsMpLvQLBOHlMGpeW9S2SnASzDpKNIIuReBqgs7lqoLxqck4RdylIGEdmBNBUHE5EmDEbSCAN0FfJPBhXxgSwD1hFJdxCMY8jDMCl5UR1gZlhDWqATe00jJCzXb5OAMlIITmdC53KtJAo0uMTYITqSfNpKGggyvSP+LmmtsNUjE2o8OEpxDvY5mZEwjCGnRAfTryUHuXqInAbaItlRBMwMFM6TKqSqsKYa5O1AHpBdJYglEUPREBtOR0FYXx9eHFY\/qH2kI6ngmaXq1L2TKGKYx2ipEruSCriIRjLLgzsf8lOsPyCM27MBro04zi8EBjnPsLVCXCqjCoyPHYBtkoo0b\/RueJsXpDOi7NAKEs5kyuC7iqSdCRIrLUD\/oK1sLHYIZjSQ4MRxCp9yTYDLUSn8NI5UCZjcMwZ3KJygEx1Os+Vzg0NURbkIrhD+YxlMuYePpokkwxlKGw1Kph7AmpvUchS9v1qL2Kjf0487YEFdHagYDoR\/sluJDQOiLag05WUkbDQJSlk43SAa8bEy81FSX4IOnys+mVUgS\/y8Y+jH7PzQ\/Uv1OCQ9ys44IypHEIhj+a+W45JppDWTHuHcqtQPA+ArcYRqbnYO0LCV6A2cc1hkvZGgwyxrm7UPscgbuSm50Iz0OwCUF4AjcrETbgmodAobEkgxIit8zG\/qkUtxDC8AejHClj0hCMSj\/O2D6V9ouJ2hCyFxnTZ0vwNtFti+A3owioFsa5k1jdVSI8m+pRETUbYiLlBSVKmyKQSqIJAmxAEWAUxmqJS6haqUCx4YZqpIRjzT3iCeO+SeLwqHaeSUMwlNYklDgFkda3NGNzlDEf4L9CuYAh626EmYSgM3SsBL1hHkXwsFHaMMQYFz0KHYmAIaeiLnwS+nR7FmkxJKwLRsHkv+WCodCNb2HsQRilaFejCC4yxrLN5bdDUBlmWB4pQ5dchHU57yZzQcMcNRCGRrgJOY599XKKL1CdMOECWmTMuzR9EdcHCNwbMJ9yvUjsv0QQTuRmPzfDjSLobYxzN0H3ImCmdcFuBKdhaxuCsAnF13MDDVckcYJZG4aiMG4zRacwckoliED2I2DadIcRhHRxqXZ0AUZz1KOMX2VWOMIogpeMcWEEVTIGH1LNUWzsQeUbbLjvYRCKugVJ6hezT+ER8wZ1\/wjtgyD6CeZAXjyzuDzGgTEM7mCNMRRZBRPmuWgltKV0lsOoS0UXtFdcVVbLm1ZtNuuYmWgMhYcZ48I+SReECMLruRnAlUSnlwQtuCngasJ1tQS1QfK4ET0hJQgrc3M811d4ELaEWUrkLoROQ+D+DYYh7\/5plGpHG8M6CZ2LQPs6txWnF0EryKiahcHgHYyfh8vuEwRVQbRYEi0XboJqlEfvwhSndFsjcLNhpua54FloCeMwonNsYN5jFOvnGmNTiWubh8pqnMnmYjl0j8jGLTDvc0HDelQrxgb4SGgXCebQUYMQfA99DIHGRjiO60+4\/awEfUCncj3JpfinOsKRxX+H0xIavUzhRjCuqIypmIJSZeJtqT1Hbm6PghjB9jyRZjQmIkXEGJXZrK7XYh4UUbWYUFstY2aADyBi2p\/ZNKngbgH4FgGJGW\/pToNqBGsa0ZCOaC2ULphoDId\/+Gz7xOWkhaPEBgDtJG19KuX6nBKrEUT7MEi\/RN9BR+OQGFqI9W+RtOOGoi4XgekycGXM9aQvZN2toz9nQQ\/Qn4761X3BIKMI8BDGXLadtNqgrbUaFe+1aaVComaz\/0OgOFxFKSgRcszDuTiiLbwYRFiB0f5Mu8FQGzZ3HIJjuWkNPSKzAcwqTN4KnS5Bf5jhOP+YURo+1Zj4QWk2AmvNhwjWYkcDOtwCcyrXRwDXqn4Y1EC2Ip3LzUYc0oY1WAuzjgsbwVYE4QJKlHLN5PoCQfQczD7Qx41Sor8x5mG4B4Fc1k7a2mBbaxoVLuOqwzULgZqt3bgoAYk3pXmU1p7KGA0y9ybNTjNpiP3PvgooRLhIL9LRMLiJa2LexbVFXP+azOlnY4hgsMYYiqyC+ddkXpzSbY3AzYaZmqcZ9f\/OydwewcKG3GxvT2eIqU6dxuBVmAXts5gqPqKuXYutdeExSwjCXXnOfSzkIMyrICe1p\/cluA7mpMWUaM\/stQhBCFPKplC0EtUYk65ve\/v4mSNazc1hpGLYLjJIfinH8Icmw4a\/uAyFUbPgFyYR7YHpTWONuYBrF1cuglD9tJg634P2bY+AjHDb6ZaZ0Ep5uEiw1F7X3yglrjYmnpOjCyhRDeaaPHa22KmDDbcIpi8XGcrhBALmSVeFUqIBDokx913TVDvEuA54JMYa3wKaiSA8gxtGXdgBulDW5MBzCP4KHYsgvBdGFtXRwxFosoSh96FvIAiWw+xh9L2L0QYyugmmAxeUELm3bWqj7TxQoy\/mBDxjsPI0QJXzKfZnbl6C3oAg0DTamWsQgnsQuE7cEKLwLGaUgQgw5IJhoMqCJxDgu4smIMB1jhYRFCF4DQE0XJkSaNHQ4V+0WwL1zPcIGL3uiAS1qUHP2G15eLGZ7XaqYyILhhjF9ReMifNMMxvPbS48wk0p\/nyFjWAfzFYuqFuaJPRLjMEYTLCG601sbEEQkaPhLtCpUK1C4dMw31JiiFFUuhpjT3nhlwgIl4s+5aYFdBsCzQ\/RBkqIvp0SBNSkx9xgPgIV1WrozoO+IsElFJ2BgMaFUyXoR9EShI8hnIjAzQIZy7USgU4a3ccwDyPYw5UvwXcILuKCxlMDjPuCAH8JfVljohQmn77YDK2CwIx1YujPgWpgMz\/EI73YKCX+ZAyjHHp\/HkZ5EHTNuUZz2dkQuw53kEv05CR5nEvRk6k\/rA6TgTPNoB9Q1Ka3F3HoeuhTEvSGKUKg6nTyFI43xgXToOMQBK\/BzMTyQugGBBqo7gdGC1QDrkSzhWPkuj3UbYymBB1M8Bczlm5hgoiKsTJ7tE1yqqUSIg0hNm00poRCXxD2CVhX90dPghC\/YKRRPHzIGOfu5NKItZ3XDornQTWEtAHS1BQ25VqCwDVAfy7CugieT+LBzzhnnQoTzkOaDboGgUJmw08+HpCAEZLPdtTdjED7UzaaNtpJMFFKPGUMT8c8RJvgeaJSCcE0VKCTNKtH+7gZ156mirHAlOBEmklD42wa\/Ryb38rTNWBW6MzyzDBKu9W0SvFU4TSDFvpuU0pkzN4kzEXtyzFpiHOAWXom0GEKwwznexnjwgBaM4\/21obZk8dFvQ8xABh08SAMiV0tQuQugLmIUqL\/VBUwzEMxoh2ZRpRbIcHLMDsQ7Id+hyCka0KF92KCp\/CG99AGohk+ZhTBS8a4cCnUZpctqBzF993Qb7ERfQfCLiD4GYFqiY7AvIwQ6kbikBgOWfFsLS6WMYw1YraeMmUMPUeF78G8jvQd6CoENtI\/RPAaVCMueAHmW67HuOQBrRZj7ziiLyT4c9KSXVNzoFMsG\/yrKFEP4WsSVKVoCTdQYkX9MNiJEXsIoag7C4FrCnIM1zkIDtADOo22efouaAkCNxhmMIKnjFLiVWMsaMQcwUYYti2Bgl+V6oJfYRYLOQAzDN3PoG0k+ACmhI3jMlF2SYGMaUiMiWl80nQNNzYe96JbxoR16SAxieb0aWX6tDUCbREDzr8Ulfz2EvQiQy5ixRhtlBCT7jAumoKKBO5lBBcimAu1J9PZxOu0FJLfuoMLpoLIejSJrbcETxvF+jBjFE1Xaqdrd+JrCwS3onqCBNdg7DgEUFwm+DD6I08n46vSQ4z7hkjZlqqMSUMw7lHLnJGU09Tp6E0Ytl\/Q5yRYBLMQwdvQryRYT3W56G5AcCoWg9+MATkMw1xEPcovYr4dphn9tRLamzS0zRHBt+qUqK6zMbb62VY1rAiTjQ26mUmXEkwlbhtXXzqmsWq5AOYqSkHdIOoXE45IIdF0EIq6SIJxINsQYCz4BoFZ\/wP\/qS5faaj6LS9xCIqHs4yxvAmyEEQ7ETDMgn2ofYYNtVLZpWaHc5K0f4MxIERGG6aIUEUbEESLEezgZhbUFoYpFP2WaySX5VxfY1x4M45ZiXYUV9haIlyPIDwWJkJQCxuzEDDw4wUWSrNpPwyBiBHWcCvqkhJItxFXCwRHCWZ4AQxvvZyqewGBo351txwSHaNZ3l5nXCJUzBNcr3DNkUATzmaKZ1B8M4LwOGOcawW1Eu1gpCJqNsRsZPCpREI9LJXordhG9BYlZBSB1aISVq1URC9p74brLFTxZ\/dGD8GE1xKDvQi6IQj3wPyDsH0MUIQg2AQzghIRwjEIwlmUeIabJwGmSNAP5iWEl1NqngRNYJYgOEqVaxG4ZYylDxGUMHT2SvAQgkMIoE5vDMSUHMNImQJtKAHLSckJCLKw1VKC5hQ\/g8F1LVXrxNw2WppC8AVKtSuNce5TpoE2CKLfyfZTOrh8XpYHetdUWo3po0YHo2GG0vYbVDJAxERV0f0M3doIAtpf0ohiq5l+9I4reoMSTGGqDopgoDE26ktVwtZHphDXJuny6yFwCUpQnWhgrYShOhtC4a\/EITwL5ABql0ItMLfDlCJ4kBIfIYgex8ZmhC8gWIcgoJXRCi4c5EgAwfegryI4ylUiAfNQOIabKtBBCPKrw3RJGnXnlwlycVu5uYlxlV8BZjh9cRijrRCwR+eNFzP+Jmh+OzxdCMPcoqkViqDIGPaq0FAlToYZlRf3eltscB6lJyNQri8kaMZgb0wpqLs+yRxbiZvrcUiMPcnVh2oDYYf8ByiehL4nXVXzEnr3Q8cjCEbA4LI5NByBe9MY67E4HT+GYeSpT91PCGyw1yFaUEa\/m6pVy13EjS1Wypw0ozEgJr8ZkeGNi9NCE9ZlUJyHAJ3Ev1u1njRKd003Rj3j8gMEwRrqSxLu7VTTTkNuC06cLORduqgFRRdCtSZpGSs9DcF4o1jvb4xzt1GdVFRvmEAAxUNcFcMfGT2OerQSiXHfJMFC+qKMSUMwKv2jcYhg+KPQ2+WYNAQTfxITNKUJy5JIxbxEDxlDCiQamz84Vx8mg2ZXg04n3FEWTAM6ROHOz0OgwcSQCWcbxcYoY1x4N1Ql3DkwUqkGlQ363oxqXohr6QU6EIHoSzhkzLIy5GuQyfSa9o1uHVMI74adjDWV4GzC1wq3e0DPRBCNhNGMMdsoDuEhDI\/LUJUIaYNUEmqUbJTW6xAbpdlWS6A4UK3RZdpp51eGk2ti3HJcE8M2kfdo0N8QRJkdXEB6ag6MamFFFQaabj5i\/ByPIHiH4ppdcA2KJ+ONsRdkVkJBM5VrymychwCjrgXOqxbXCEbVQvGDWMHgWYzoGFRF2aEiQNedznUtJXIR8MpZD4guojo7dnMTYDjQCmcbRaA8QxB8DFWJkDZIxf2aslFKK2U0QbOtFsVB1Yrih+tGtBLEjWPdzJjRCCytlGI0GvJzgcTwB\/Mi5tOMtAwSE2DTnUgjjZHEDJ7bwRVSi1NzprdnyllKkDS8o\/0pRlt2\/jB1exkTF5baLtqnQk6z3RT0A9znD7UbUowrSqVXqrBbqBU21JwtaXikHBPvysT0XswTD3THYgS7YJou0ft35oglDI+Xky68cYkOFUSJ9f3GcHQHvRJB2CrJar6Eh8kkIUagU8mw4RK9VeUxajHeHIIZiHXXJMmebbE9T7kfEYR3YaTyEnvChyKYaIwd87sfVGIRzKbF8Qv9UQiC9TAJBKKl7QiDmPeTtGqzNY8W21NkESIx4fAkNYuZQcEHGEfLJJhIkU8QsIVko0ZFFRiHRxGcBs1mDCuqkTpwsFEEE42xXUegfIuWMyk6SmwEsMfxHeizZAafc61G4L5NxqP0AFQvg8TwjE4zhLSjGEWdRqjpLmhvxuxlkKzrZZCqs5dBAfXbFDXIKCp4CGMu28sglwNzKI+DBuz8u5dBD3A1ohaLw1WUghIhR6yq4YheBolBRBkYl89VFyQPge3sjuWmNfQ\/9jIoeg06W4LlMB9S+VrsVJXRLTCncn0EcC31i0GNoluRzkW6CYd0DCedYB1CbARbEUQLuCml+Eyonmh1vqmcDx43ikp\/Y8xD9pF4GFB8OzetEW5AoEaFTJLWylkI1GxbwaEExG23JfkEBHrCM8Zy7DHanWbSUGDjTqpPJBG9R3hHy+h6Cr0Kvp+mvy1BRbzcgaA5te2X4EJmJccg6sFg0riLhoEwzILJRun3142JU6CiBB8k9ZRjIXD\/j37TclRLuR633DVLcAYm1LeI4SYMaIpyR8ox6TIwqOkskZEKBkNXYV3MDPD7GXKW3uMp8gmCTQCW3tnUfxRBK6jC7G6AIarhYKMIJhljz\/Jxeq+gR+iZAJ8ipbfbhb4C8yUlLL2\/w22KW9wtvWHi9BbSjmIUtfQOpLsAZzBm6e1WwpDegfSV3tFEGGXzYKOUwEMYc9nSW22w9KZRcXpPgFF60+w4vRWHqygFJUKOEOfiiNJbDCKswJSltytL71D9dDrXYZm9EGYFJm+D6nk\/\/DtMEaYfN4qAEQHjonnQmQiClTDMOuqksApGo60wpxK4TwCupX4xlt7uI5C5SN+HKr0D6axDgA3U0F2Iq58ifAVqp6ol3HxLiZFGsXG\/MS7Ew9AG4IUwOyhxOnQDAjWKkWCtjGZJkAszCRRKQNzoCopOM4Tb8E4Mf\/Tgo7S7jLEBKEsxQxkKS60GNp5Azb1LIcvzNai9io0viMHbEmSgtYNijVGyPG+byvMCRpUNwCEgjDdH46AIXjOG0GNHea4I5ZPnEZkVKM+1uYu+B+WKdknwC8x71AIN5iXxEYY\/VsV3yzNzKSsmeIeb5VxbELi3UC7lBr\/jPJ8Ms49rJNc+Cfob48JbUP1cgg4UxxvNooHyXCt6SL+F9QDmIQhrYPR5BFBCRLCcXHo5SbC2IZpMmQAmehMLu7jWIaD22JODUGVaKYHK5yrVHlK5WFqHMBCbiI0UNMuVsBOGYdNFKb34CdtzQ7CCi6FHsJG4jJsDBP1KSu6QoCOCtQig0RwcEsMf27zzyjGBgiXGKWBnM0PoFX7UBmQ3gpZQjcnSE0CIjdO+dx+CfP0wAEHI\/txKlLAXcaiUZFHfNgTBUZq3AZXfuFYiUGh442OUELknbVI8A+ErSeK1gQR7Q0wusLaRCkmaKUnAqGdi5hK0NPWHnSi8h+vvXF8hcI\/C7Od6jksj0WpEQOjjXg0IvdbGAGG0DkF4BGYRpdg1B9MQRDyURyMRQpn0Y4FODBKUCCsiYHzy2EsSfAe9mxkhwqgd9qyFOs1er8MwnenRD4rKIGNSm11mQHcujN4V14c2wYa95hvEpeyyR++ppFcuKBNf2CFJaE4k4B2o350KUw+kPZeesF1HGB1D94TqGDoqgikiX1W\/JrFICwYCc+wZBMFymLmorIXuQBC9D5NNYLZhvJlq2YHgQi7R7imBDFuJMQhCVIIpoGugryCIIpj5XK9xLZHgBYqu5GasUWwMMMZOb6xEeDk3qKRGgrvc8dT7BrLz6Ghj6BlWgHJMoiEQZ+l6xxMzromYWZRJazGmD9us14CbZ9oDNzMGF\/oYw2s76GoJXob5idjMx40EPrlVMH9GuJarvwQbYcZwQYOZSYzBMPBiJDqCdA2CSqRmRON0oqZ5PdEAgZuDoAkjZyolmkkwLunyT2RsPWIUQV9jbHwnVCJU1I+nRBsMH4tAb01DUs7Vo7aqElSjBBOAaPRTMhaEnyOsi8pWCY7jhhkwPI0SCyVIcvMq102UmI4gLIQpQUBIoZTAMRhb8CwT1I3hTPQXY+tNBOFqbpZxrafEBgTBB9xs52YrJb9JEvt9xoDAREiJkvayWKeY1f8ewmclWMrNY1wvcw2WgPrD+0AHGkVwpTEubE4NRRIcZpZ4nBLvMLTN5ScREGBtCoJ3JLiUjt2BAMpJSiwo0YPwQAB7XH+2vcs\/DsGHCE6SoBKetkZwJh11FgJbaHUaQQdBacuLxmiD7oIzJaDZrhUlPgPQ8YQWKR3EhL+w4GnKtgP6XxFCox0ERox7Tw7BRLMxdJgSYxBEP4Pcw80+aFsE4W6YLEpsgOoJ3y2CSeLuJOj8PEo8ABMuZDwZZUZsUJ5hcE\/S2M\/PwEU9LYrhAJV5W8ztOEDlLoEg+gGGM9\/oM2hf6oq2wCzK026Fwc1EpQMDm7lGGcWb\/sa48Dqo40259iGuTZ5OEAkmNty3+HonF4bdEgkmkV3ZoMMQXEC1QjX+jD6Dh2JwNUaioyBjENRQJOeR6OSPjiWDkyWoR6xYofSUE+pEWicy6p5wpFHaMNUYF75Bb5yDQOM2\/ywEW2m6HfHtIbyn0KP7qUmnOsEhitalxO8MAuWxIqWeEcUxx6ykyIzFVzHRx\/gqhkGm3YEOXTC7nptcFN5FUEuCFXiin\/S9hdnjEERz0W2K6ekITkCgPi1R8uM8FMFDxriwK6rNJLgChtkgPB+jDRCEp1BLLQTHA1SUoB7Mr1xQHGMUwOBqjNji2Bj0WgQ2YlpxcxpXTQnOR\/ANvXAZdLX66haYFxAUQsciiAbBsHTYANBa4iYb46JXoM8iCBfCzKcErXXfIYjWYr02Nxu5tGIpUjreMTo2Gb+vc+wVwu64a9uK7hRLEKqwGbMgEyjvyxBUhrkJyz+hNzMPyx\/CMPjcTKM4M8IYO2i3s8zwdJgGqFSBTsWG9q32e8kSGpVHLa43N\/8EhbJ9o34YtzqF2JCgKJMGAnSDejiFsXxL9DNoWSuc6g49E0H4OAxjLZhtFMFHxvASkc7Q65BAbWjBWSaNChohUCtL2Dg5mh38ovoJBAxFMzq4\/Eogv2JDPwkNv8NIQwQ7oRqn4TqY5hSnOigOjTPGvvlPJBDoFWuIZXs0qo1AR3VhFQQaNr9Tiw2Gz0FFV6t+GAIRI24418lcXRCEZ8KcTbHLuDRcwnwEHxOuQdA5RDcaAzMcwUyjCNYYE8\/COg0JaIMm2\/AQVDYcrQwxqmaH3ZPudsfLXtpjuz1jtNIHA8szaehcnT2UMvrh2MPCBM1g3Oo8z6QhGPecjjZCVKPHaWrYpBzjtOEUBIPj64zRzlJrEwI5vpryv0C3IWAs80qdG2h4JCUoYeerEqWarKSSaNDBbCQs3zGKX1YLFP\/ojTTDH8yLBCvNyHUVhkH7I2Pse4pSvVDPr0xlJ3PVZDzZWKKykurcQJ0615iPcZoSwTIEUglnUCk2mGpjo4TAahFV+EO6gkmaqsWYM82oOs2koUntKW2uy1FjrJBcTzNpCNfXW6bPpH4dzWvKipkmwJtg3PPG4NabxmgZj6MdbYXZhYDL7UOg0Ae\/cgNlTx4Lohq0sxRhPQTRtqTL5w2B5t\/A0mUBjMI\/2SjV4Vaa4Q9GHqcZua7CMGgvNsb2uYmzJPgK+20I\/yGo3o4mskGbE36SNt\/6I7eDzc2ioXw05iDF2YMEu5M8KTFmgo04vo9rJYJwGy7JT9WmEZmKFnGLXkRkvv2Ib8a0QaLeMGgS6aU9N4x9Ts4zAFH5FGYH+fYVfVyVCtwPCFpwiV6bEoT\/oPqvoY8iCD+jxgmgW6BTJFgJ8xKC2BVicnUZ0xGpOi56O8U4VbwCpeBrTOINqcGqjSC\/Im2fTuyIAbM+FTMFhiEo1F2XErjqqDBIbaeQyIS5qH38IjRiOg\/Ww\/Bn7eXvqI2nEYQj6EDdJyBNM\/olBUdDlFKkVCbNBJo2rLd0PiTGNpRiNFGqU9CkusOobyaa+6DDcMhGH+dQWtLsYCqYD8OCY4+YWoGCIcbEK9ABdkz2WMZpV6jM6YkN7TB1HqYtjMulFh1q6cTMNkh\/xyEx4egyZDYIRQNbkqRbSoQwFh2QAOuluKvqAo0wR\/0R8QufNYoAD2HM5SgbQbgL5igXjeIkCZdpZfBJ3OxIk0RCcZhBT4kOt6H3EUV07igGEQMNJpqEN+RlOAtBsBlmGYI1XBsQRNxE29GbB7BHgmkwVOrGGMWTgcbYATAHIQgYTqGa1x61rRKcCrOOEgmoZmE90YRzuWpgfGqSEQhjwzisD9MapAVXNQQuD8EnBPAWqDbOGuRai0Lqh+IyDsHow6\/UYf4ymFXE+l2ojvsjpiCd\/0cfYDQPo2q2y0cAJSBugb4uich3ko7oiNEoC5tSLM2koUn\/0fmS0oeoeQMNFRPMgJHJNJOGYCgdkmPogcHYzKZCaSYNwTj7XEyfoSdykIoJ6jI8xJRq1hwAcqIEo4nQaQgYs4lzJCilRB5DoyrVXiTdIOnyzxfSgkFzBkhjBKdIUJNQsVsVLdEHXWLS9cGYC2kRrtaVFoy5cBuIXLBdjFwYgOAcBFExJfKoaCyAXIhepUa5EDxPEVxwkxDIheip2AXRErkgJl0fTCoQLQmPzR1itFMTE55CHcdTzPZSdamUxzqXiaAmAptXKyGYxhSRKd0DZT+wZpeaqAMyGEQfveh1VMg+XjT+gTWMry9QIKLJxuGhmDZoiTEXJlKjufB07EL0GIKaCBxjUC6EPWmlXNB7iNiFjhSRC7eCyAVtruSCqLkgxteHC+6\/AA==(\/figma)--&gt;\"><\/span><\/h1>\n<p><span><br \/>After the unification of Italy, industrialisation was slow due to structural and cultural deficiencies. Only in the late 19th and early 20th century, thanks to protectionist policies and a favourable economic situation, did the first entrepreneurial associations emerge.<\/span><\/p>\n<p>On 5 May 1910, these entities merged to form the Italian Confederation of Industry, today known as Confindustria, with its initial headquarters in Turin. The first president was Luigi Bonnefon, a symbolic figure of the Italian export industry.<\/p>\n<p>According to Luigi Einaudi, the new Confederation represented 'the Italy that works and produces'.<\/p>[\/et_pb_blurb][\/et_pb_column][et_pb_column type=\"1_4\u2033 _builder_version=\"4.27.4\u2033 _module_preset=\"default\" global_colors_info=\"{}\"][et_pb_image src=\"https:\/\/public.confindustria.it\/repository\/2025\/03\/29192219\/Frame-159.png\" title_text=\"Frame 159\u2033 _builder_version=\"4.27.4\u2033 _module_preset=\"default\" global_colors_info=\"{}\"][\/et_pb_image][\/et_pb_column][\/et_pb_row][et_pb_row _builder_version=\"4.27.4\u2033 _module_preset=\"default\" width=\"90%\" max_width=\"1600px\" global_colors_info=\"{}\"][et_pb_column type=\"4_4\u2033 _builder_version=\"4.27.4\u2033 _module_preset=\"default\" global_colors_info=\"{}\"][et_pb_tabs active_tab_text_color=\"#7bb2d6\u2033 _builder_version=\"4.27.4\u2033 _module_preset=\"default\" tab_font_size=\"24px\" background_colour=\"#2c2c\" custom_css_main_element=\"display: flex;||flex-direction: row;||height: 100%;||border: 0;||\" custom_css_free_form=\"selector .et_pb_tabs_controls::after{|| border: 0;||}||selector .et_pb_tabs_controls li a{|| display: ruby-text;|| || selector .et_pb_tabs_controls li{|| width: 50%;|| }||| ||}\" custom_css_tabs_controls=\"background-colour: #2c2c;||colour: white;||display: flex;||flex-direction: column;||margin-top: 70px;||||||\" custom_css_tab=\"border: 0;||padding-bottom: 10px;||\" custom_css_active_tab=\"background-color: #2c2c;||||\" border_width_all=\"0px\" global_colors_info=\"{}\" custom_css_main_element_last_edited=\"on|tablet\" custom_css_main_element_tablet=\"display: flex;||flex-direction: column;||height: 100%;||border: 0;\" custom_css_tabs_controls_last_edited=\"on|phone\" custom_css_tabs_controls_tablet=\"background-color: #2c2c;|color: white;||display: flex;||flex-direction: row;||margin-top: 70px;||flex-wrap: wrap;\" custom_css_tabs_controls_phone=\"background-color:  #2c2c;||color: white;||display: flex;||flex-direction: row;||margin-top: 70px;||flex-wrap: wrap;\" custom_css_main_element_phone=\"display: flex;||flex-direction: column;||height: 100%;||border: 0;\"][et_pb_tab title=\"\u2b24 1886-1910\u2033 _builder_version=\"4.27.4\u2033 _module_preset=\"default\" tab_text_color=\"#FFFF\" tab_font_size=\"16px\" background_color=\"#2c2c2c\" background_enable_color=\"on\" custom_css_free_form=\"||\" global_colors_info=\"{}\"]<div style=\"display: flex; background-color: #2c2c2c; color: white; padding: 5%; gap: 20px; flex-wrap: wrap;\">\n\n<!-- Colonna sinistra -->\n<div style=\"flex: 1 1 300px;\">\n<div style=\"color: rgba(123, 178, 214, 1); font-size: 36px; font-weight: bold; line-height: 1.1;\">1886<\/div>\n<div style=\"color: rgba(123, 178, 214, 1); font-size: 36px; font-weight: bold; margin-bottom: 30px;\">1910<\/div>\n<h2 style=\"margin-top: 10px; color: rgba(255, 255, 255, 1); font-size: 36px;\">The origins of Confindustria<\/h2>\n<p style=\"font-size: 18px; line-height: 1.1;\">For almost half a century after unification, Italy had remained poised between backwardness and development due to the scarcity of raw materials and energy resources, high levels of illiteracy and the existence of vast pockets of endemic misery, not only in the south of the peninsula.<\/p>\n<p style=\"font-size: 18px; line-height: 1.1;\">Against this backdrop, the formation of the first industrial base - which took place between the end of the 19th and the beginning of the 20th century - was a far from smooth process, accompanied by a slow change of opinion among the political class of the time with respect to the idea that Italy's wealth lay solely, or almost solely, in agriculture.<\/p>\n<p style=\"font-size: 18px; line-height: 1.1;\">In fact, in 1887, Parliament passed a protectionist regime in favour of the fledgling iron and steel industry and the textile sector, at the same time as a similar measure to support cereal production.<\/p>\n<p style=\"font-size: 18px; line-height: 1.1;\">A number of entrepreneurial leagues appeared to support the claims of various industries, but failed to gain a foothold in an economic environment dominated by the interests of large landowners and high finance.<\/p>\n<p style=\"font-size: 18px; line-height: 1.1;\">It was only at the beginning of the 20th century, when Italy too began to participate in the international expansionary conjuncture, that the cause of industrialism gained ground.<\/p>\n<p style=\"font-size: 18px; line-height: 1.1;\">Between 1902 and 1906, the first territorial associations sprang up, from the one in Monza to the one in Turin, alongside the trade associations (the first had been the wool association) that had been set up in previous years in some centres such as Biella, Milan, Genoa, Schio and Terni.<\/p>\n<p style=\"font-size: 18px; line-height: 1.1;\">From these first nuclei of entrepreneurial associations that sprung up in no particular order, the 'Italian Confederation of Industry' was born on 5 May 1910, with the aim of coordinating entrepreneurs' initiatives on a national level both in their relations with the government and local administrations and with trade union organisations.<\/p>\n<p style=\"font-size: 18px; line-height: 1.1;\">The first President of the Confederation was Louis Bonnefon, a silk industrialist who had moved from Lyon to Piedmont, the pride of that pioneering manufacturing industry which, among the few at that time, was able to export.<\/p>\n<p style=\"font-size: 18px; line-height: 1.1;\">Luigi Einaudi called the birth of the new confederation the symbol of the 'Italy that works and produces'.<\/p>\n<p style=\"font-size: 18px; line-height: 1.1;\">First based in Turin - and later from 1919 in Rome - Confindustria would, together with the newly founded General Confederation of Labour in 1906, handle disputes between capital and labour, as in the more modern industrial relations systems already in place in Great Britain, France and Germany.<\/p>\n\n<\/div>\n<!-- Colonna destra -->\n<div style=\"flex: 1 1 20px; padding-top: 10%;\"><img decoding=\"async\" src=\"https:\/\/public.confindustria.it\/repository\/2025\/05\/07142545\/Frame-159.png\" alt=\"Louis Bonnefon\" style=\"width: 100%; border: 2px solid #444;\" \/><\/div>\n<\/div>[\/et_pb_tab][et_pb_tab title=\"\u2b24 1911-1922\u2033 _builder_version=\"4.27.4\u2033 _module_preset=\"default\" tab_text_colour=\"#FFFF\" tab_font_size=\"16px\" background_colour=\"#2c2c\" background_enable_colour=\"on\" custom_css_free_form=\"||\" global_colors_info=\"{}\"]<div style=\"display: flex; background-color: #2c2c2c; color: white; padding: 5%; gap: 20px; flex-wrap: wrap;\">\n\n<!-- Colonna sinistra -->\n<div style=\"flex: 1 1 300px;\">\n<div style=\"color: rgba(123, 178, 214, 1); font-size: 36px; font-weight: bold; line-height: 1.1;\">1911<\/div>\n<div style=\"color: rgba(123, 178, 214, 1); font-size: 36px; font-weight: bold; margin-bottom: 30px;\">1922<\/div>\n<h2 style=\"margin-top: 10px; color: rgba(255, 255, 255, 1); font-size: 36px;\">The Giolitti era and the Great War<\/h2>\n<p style=\"font-size: 18px; line-height: 1.1;\">In the second decade of the 1920s, dominated by the figure of Giovanni Giolitti, the adoption of the collective labour agreement and the recognition of internal workers' commissions coincided with a social-political turn in a liberal and reformist direction.<\/p>\n<p style=\"font-size: 18px; line-height: 1.1;\">The equation between industrialism and modernisation was shared, albeit with different accents, by the main trade union leaders - Rinaldo Rigola, Ludovico D'Aragona, Bruno Buozzi - and by a number of entrepreneurs who had established themselves at that time, such as Giovanni Agnelli, Camillo Olivetti, the Perrone brothers, Guido Donegani, Cesare Pesenti, Giorgio Enrico Falck, Ettore Conti, Giovanni Battista Pirelli, Gaetano Marzotto, Ernesto Breda and Giuseppe Orlando.<\/p>\n<p style=\"font-size: 18px; line-height: 1.1;\">It was this new generation of industrialists that made the entrepreneurial associationism of the early 20th century a robust instrument for protecting the specific interests of the industrial world, a forge of new solutions in the organisation of work.<\/p>\n<p style=\"font-size: 18px; line-height: 1.1;\">The contribution of Gino Olivetti - the first secretary of the Industrial League of Turin and later of Confindustria - proved to be fundamental in this respect for the rationalisation of the production system, starting with the mechanical engineering industry, adopting the same criteria elaborated in the United States by Frederick Taylor: the key words were specialisation of workers, standardisation of materials and mass production.<\/p>\n<p style=\"font-size: 18px; line-height: 1.1;\">The historical gap between the North and South of the country remained perfectly tangible and, on the other hand, savings continued to flow mostly into government bonds. Only thanks to the entry of some banks into the share capital of the electricity industry and other basic sectors was it possible to cope with the shortage of risk capital.<\/p>\n<p style=\"font-size: 18px; line-height: 1.1;\">Italy had emerged victorious from the Great War, also thanks to the exceptional effort made by the industrial system to meet the needs of the war machine. In the meantime, however, the communist revolution in Russia was fuelling expectations of a radical political and social upheaval among the working masses.<\/p>\n<p style=\"font-size: 18px; line-height: 1.1;\">Confindustria, after the appointment of Ferdinando Bocca, under the chairmanships of Dante Ferraris (who became Minister of Industry in the Nitti government in 1919), Giovanni Battista Pirelli, Giovanni Silvestri and Ettore Conti, tried to contain a long series of strikes and unrest through various measures (reduction in working hours, redundancy payments, invalidity and old age insurance) without, however, succeeding.<\/p>\n<p style=\"font-size: 18px; line-height: 1.1;\">Until, in September 1920, the workers of the main factories throughout Italy proceeded to occupy the factories. These occupations lasted for a month and gave the impression that we were on the eve of an insurrectional movement.<\/p>\n\n<\/div>\n<!-- Colonna destra -->\n<div style=\"flex: 1 1 20px; padding-top: 10%;\"><img decoding=\"async\" src=\"https:\/\/public.confindustria.it\/repository\/2025\/05\/08092054\/Property-1Frame-179.png\" alt=\"Raimondo Targetti \" style=\"width: 100%; border: 2px solid #444;\" \/><\/div>\n<\/div>[\/et_pb_tab][et_pb_tab title=\"\u2b24 1923-1943\u2033 _builder_version=\"4.27.4\u2033 _module_preset=\"default\" tab_text_colour=\"#FFFF\" tab_font_size=\"16px\" background_colour=\"#2c2c\" background_enable_colour=\"on\" custom_css_free_form=\"||\" global_colors_info=\"{}\"]<div style=\"display: flex; background-color: #2c2c2c; color: white; padding: 5%; gap: 20px; flex-wrap: wrap;\">\n\n<!-- Colonna sinistra -->\n<div style=\"flex: 1 1 300px;\">\n<div style=\"color: rgba(123, 178, 214, 1); font-size: 36px; font-weight: bold; line-height: 1.1;\">1923<\/div>\n<div style=\"color: rgba(123, 178, 214, 1); font-size: 36px; font-weight: bold; margin-bottom: 30px;\">1943<\/div>\n<h2 style=\"margin-top: 10px; color: rgba(255, 255, 255, 1); font-size: 36px;\">The fascist period<\/h2>\n<p style=\"font-size: 18px; line-height: 1.1;\">In this climate, made all the more difficult by extreme political instability and the serious financial difficulties of post-war reconversion, the fascist movement seized power: although Mussolini had proclaimed the strengthening of the production apparatus and maximum discipline in the factories in the name of national interests, the main trade confederations deplored the violence of squadrism.<\/p>\n<p style=\"font-size: 18px; line-height: 1.1;\">After the assassination of Giacomo Matteotti, the Confindustria executive called for the restoration of constitutional order and legality with a memorandum presented to Mussolini in September 1924. It also continued its tenacious resistance both to the imposition of the fascist monopoly of workers' representation and to the projects of integral corporatism.<\/p>\n<p style=\"font-size: 18px; line-height: 1.1;\">It was only in October 1925, when the workers' unions and anti-fascist parties were on the verge of being banned, that Confindustria recognised - with the Palazzo Vidoni Pact - the fascist union as its only interlocutor.<\/p>\n<p style=\"font-size: 18px; line-height: 1.1;\">In the years between the two wars, severely marked by the world 'great crisis' of 1929, the fascist regime granted industry assistance and protection, similar to what other governments did when faced with a recession that threatened to unhinge the entire production system. Public intervention, which led to the creation of the IRI in 1933, saved numerous companies from bankruptcy, thus bringing them under 'public hands'.<\/p>\n<p style=\"font-size: 18px; line-height: 1.1;\">Subsequently, the autarkic policy favoured the advent of monopolistic and oligopolistic positions, at the price of a progressive isolation of Italian industry from international market circuits and to the detriment of technological innovations.<\/p>\n<p style=\"font-size: 18px; line-height: 1.1;\">During this period, after a brief presidency by Raimondo Targetti, there was the long tenure of Antonio Stefano Benni (1923-1934), who also served as Minister of Communications (1935-1939) and, under his presidency, the logo of the cogwheel topped by the eagle was born, which, in its modernised version, still represents the Confederation today.<\/p>\n<p style=\"font-size: 18px; line-height: 1.1;\">In the following years, prominent figures such as Alberto Pirelli and Senator Giuseppe Volpi, who remained in office from 1934 to 1943, alternated at the head of Confindustria.<\/p>\n<p style=\"font-size: 18px; line-height: 1.1;\">But the Confindustria, however accredited and influential in the upper echelons of the Regime - also due to the close relations established by its Director (and later President from April 1943), Giovanni Balella, with various Ministries and sectors of the PA - found itself grappling with ruralism, anti-urbanism and the formation of a corporative and hierarchical order ('everything within the State, nothing outside the State', according to Mussolini's directives), elements that ended up representing the negation of the principles of industrial capitalism.<\/p>\n\n<\/div>\n<!-- Colonna destra -->\n<div style=\"flex: 1 1 20px; padding-top: 10%;\"><img decoding=\"async\" src=\"https:\/\/public.confindustria.it\/repository\/2025\/05\/08092839\/Property-1Frame-184.png\" alt=\"Giuseppe Mazzini \" style=\"width: 100%; border: 2px solid #444;\" \/><\/div>\n<\/div>[\/et_pb_tab][et_pb_tab title=\"\u2b24 1944-1950\u2033 _builder_version=\"4.27.4\u2033 _module_preset=\"default\" tab_text_colour=\"#FFFF\" tab_font_size=\"16px\" background_colour=\"#2c2c\" background_enable_colour=\"on\" custom_css_free_form=\"||\" global_colors_info=\"{}\"]<div style=\"display: flex; background-color: #2c2c2c; color: white; padding: 5%; gap: 20px; flex-wrap: wrap;\">\n\n<!-- Colonna sinistra -->\n<div style=\"flex: 1 1 300px;\">\n<div style=\"color: rgba(123, 178, 214, 1); font-size: 36px; font-weight: bold; line-height: 1.1;\">1944<\/div>\n<div style=\"color: rgba(123, 178, 214, 1); font-size: 36px; font-weight: bold; margin-bottom: 30px;\">1950<\/div>\n<h2 style=\"margin-top: 10px; color: rgba(255, 255, 255, 1); font-size: 36px;\">Post-war reconstruction<\/h2>\n<p style=\"font-size: 18px; line-height: 1.1;\">In the aftermath of the Second World War, Confindustria took a leading role in the reconstruction effort. This was mainly thanks to Angelo Costa, President of the Association from 1945 to 1955, who arrived after the brief periods of transitional presidency by Giuseppe Mazzini and Fabio Friggeri following the fall of Fascism and the liberation of Rome.<\/p>\n<p style=\"font-size: 18px; line-height: 1.1;\">He was able to establish non-instrumental relations, while respecting their reciprocal spheres of autonomy, with the centrist governments of Alcide De Gasperi and succeeded in rebuilding the fabric of contractual relations with the trade unions.<\/p>\n<p style=\"font-size: 18px; line-height: 1.1;\">Right from the start of Costa's term of office, a number of important agreements were signed with the CGIL: the unblocking of redundancies, wage equalisation between North and South, the reinstatement of the Internal Commissions and the establishment of the escalator.<\/p>\n<p style=\"font-size: 18px; line-height: 1.1;\">Other agreements, at national and category level, were then concluded during the 1950s with the CISL and the UIL, two new confederations born in 1948 from the separation of the Catholic, Republican and Social Democratic components from the CGIL.<\/p>\n<p style=\"font-size: 18px; line-height: 1.1;\">Costa, flanked by a general secretary such as Mario Morelli (who would remain in office until 1970) in the work of defending and enhancing the principles of private initiative, was a strong advocate of the restoration of market mechanisms and trade liberalisation, supporting the choices of the political class, even at the cost of not finding the consensus of some industrial groups reluctant to renounce customs protectionism.<\/p>\n\n<\/div>\n<!-- Colonna destra -->\n<div style=\"flex: 1 1 20px; padding-top: 10%;\"><img decoding=\"async\" src=\"https:\/\/public.confindustria.it\/repository\/2025\/05\/08093019\/Property-1Frame-186.png\" alt=\"Angelo Costa\" style=\"width: 100%; border: 2px solid #444;\" \/><\/div>\n<\/div>[\/et_pb_tab][et_pb_tab title=\"\u2b24 1951-1963\u2033 _builder_version=\"4.27.4\u2033 _module_preset=\"default\" tab_text_colour=\"#FFFF\" tab_font_size=\"16px\" background_colour=\"#2c2c\" background_enable_colour=\"on\" custom_css_free_form=\"||\" global_colors_info=\"{}\"]<div style=\"display: flex; background-color: #2c2c2c; color: white; padding: 5%; gap: 20px; flex-wrap: wrap;\">\n\n<!-- Colonna sinistra -->\n<div style=\"flex: 1 1 300px;\">\n<div style=\"color: rgba(123, 178, 214, 1); font-size: 36px; font-weight: bold; line-height: 1.1;\">1951<\/div>\n<div style=\"color: rgba(123, 178, 214, 1); font-size: 36px; font-weight: bold; margin-bottom: 30px;\">1963<\/div>\n<h2 style=\"margin-top: 10px; color: rgba(255, 255, 255, 1); font-size: 36px;\">The economic miracle<\/h2>\n<p style=\"font-size: 18px; line-height: 1.1;\">Italy's accession to the European Common Market in 1957 and the so-called 'economic miracle' gave legitimacy to the liberalist convictions of Angelo Costa, still the acknowledged leader of Confindustria. Driven by the vigorous development of the large companies in the 'industrial triangle' - Milan, Turin and Genoa - the national economy recorded some of the highest growth rates in the western world in those years.<\/p>\n<p style=\"font-size: 18px; line-height: 1.1;\">The mechanical, automotive, chemical and textile industries experienced a season of expansion, favoured by increased domestic consumption, improved productivity and Italy's growing inclusion in international trade flows. The boom attracted millions of workers from the south to the northern regions, reshaping the country's social geography and posing new challenges to the production system.<\/p>\n<p style=\"font-size: 18px; line-height: 1.1;\">These were the years of Alighiero De Micheli's presidency, followed by that of Furio Cicogna, in a context of progressive transformation of the relationship between the state and industry. The establishment of the Ministry of State Holdings (1956) and the start of an economic planning policy that culminated with the nationalisation of electricity in 1962 marked a profound change in the role of public intervention.<\/p>\n<p style=\"font-size: 18px; line-height: 1.1;\">This new scenario saw Confindustria position itself as an attentive but critical interlocutor of the centre-left governments' industrial policy choices, with a growing tension between the defence of private initiative and the expansion of public hand in strategic sectors. In this season of great change, the Association consolidated its role as a unitary representative, placing the modernisation of the country and the strengthening of industrial competitiveness at the centre of the debate.<\/p>\n\n<\/div>\n<!-- Colonna destra -->\n<div style=\"flex: 1 1 20px; padding-top: 10%;\"><img decoding=\"async\" src=\"https:\/\/public.confindustria.it\/repository\/2025\/05\/08093209\/Property-1Frame-188.png\" alt=\"Furio Cicogna\" style=\"width: 100%; border: 2px solid #444;\" \/><\/div>\n<\/div>[\/et_pb_tab][et_pb_tab title=\"\u2b24 1964-1979\u2033 _builder_version=\"4.27.4\u2033 _module_preset=\"default\" tab_text_colour=\"#FFFF\" tab_font_size=\"16px\" background_colour=\"#2c2c\" background_enable_colour=\"on\" custom_css_after=\"|| border: 0;||\" custom_css_free_form=\"||\" global_colors_info=\"{}\"<div style=\"display: flex; background-color: #2c2c2c; color: white; padding: 5%; gap: 20px; flex-wrap: wrap;\">\n\n<!-- Colonna sinistra -->\n<div style=\"flex: 1 1 300px;\">\n<div style=\"color: rgba(123, 178, 214, 1); font-size: 36px; font-weight: bold; line-height: 1.1;\">1964<\/div>\n<div style=\"color: rgba(123, 178, 214, 1); font-size: 36px; font-weight: bold; margin-bottom: 30px;\">1979<\/div>\n<h2 style=\"margin-top: 10px; color: rgba(255, 255, 255, 1); font-size: 36px;\">The new headquarters and Il Sole 24 Ore<\/h2>\n<p style=\"font-size: 18px; line-height: 1.1;\">In the years between the end of the 'economic miracle' and the onset of the social tensions that marked the second half of the century, Confindustria strengthened its representative capacity also in terms of culture and economic information. In 1965, Il Sole 24 Ore was born from the merger of two historic newspapers: Il Sole, founded in Milan in 1865, and 24 Ore, founded in 1946 as the official organ of the Association.<\/p>\n<p style=\"font-size: 18px; line-height: 1.1;\">The objective was clear: to create a newspaper capable of offering an authoritative and independent voice on the Italian economic system, promoting the values of enterprise, modernisation and the market.<\/p>\n<p style=\"font-size: 18px; line-height: 1.1;\">From its inception, Il Sole 24 Ore established itself as an essential point of reference for entrepreneurs, professionals, institutions and international operators, making a decisive contribution to the spread of an economic and productive culture in the country. With its sober style, technical insights and attention to the dynamics of the world of work, the newspaper became one of the most recognised and respected instruments of the Confindustria system.<\/p>\n<p style=\"font-size: 18px; line-height: 1.1;\">In the early 1970s, Confindustria moved from its historical headquarters in Piazza Venezia to the E.U.R. district in Rome, in a new building commissioned to architects Luccichenti and Monaco, among the most significant interpreters of Italian rationalist architecture.<\/p>\n<p style=\"font-size: 18px; line-height: 1.1;\">In those years, for the industrial world (to whose leadership Angelo Costa returned in 1966), the difficulties were accentuated and, in the aftermath of the 'hot autumn' of 1969, waves of worker conflict followed one after the other for a decade in the main factories, shaking the foundations of the company system and making factory governance increasingly difficult.<\/p>\n<p style=\"font-size: 18px; line-height: 1.1;\">Faced with the danger of isolation, and in the midst of a severe economic recession due to the staggering increase in oil prices and the sharp rise in labour costs, Confindustria reacted with a course correction in two directions: with the so-called 'Pirelli reform' it proposed to strengthen its organisational structures with a more balanced and participatory representation of territorial and trade associations; younger levers and small enterprises, organised since 1958 into various local groups, contributed significantly to an innovative approach.<\/p>\n<p style=\"font-size: 18px; line-height: 1.1;\">Faced with the danger of isolation, and in the midst of a severe economic recession due to the staggering increase in oil prices and the sharp rise in labour costs, Confindustria reacted with a course correction in two directions: with the so-called 'Pirelli reform' it proposed to strengthen its organisational structures with a more balanced and participatory representation of territorial and trade associations; younger levers and small enterprises, organised since 1958 into various local groups, contributed significantly to an innovative approach.<\/p>\n\n<\/div>\n<!-- Colonna destra -->\n<div style=\"flex: 1 1 300px;\">\n<div style=\"color: #2c2c2c; font-size: 36px; font-weight: bold; line-height: 1.1; -webkit-user-select: none; -moz-user-select: none; -ms-user-select: none; user-select: none;\">1<\/div>\n<div style=\"color: #2c2c2c; font-size: 36px; font-weight: bold; margin-bottom: 30px; -webkit-user-select: none; -moz-user-select: none; -ms-user-select: none; user-select: none;\">1<\/div>\n<h2 style=\"margin-top: 10px; color: #2c2c2c; font-size: 36px; -webkit-user-select: none; -moz-user-select: none; -ms-user-select: none; user-select: none;\">1<\/h2>\n<p style=\"font-size: 18px; line-height: 1.1;\">The thaw towards the trade union, initiated during Renato Lombardi's presidency (flanked since 1970 by an experienced and particularly talented manager, Franco Mattei), resulted in 1974, during Giovanni Agnelli's subsequent presidency, in the proposal of a joint action against rents and parasitism, with the aim of restoring impetus and vigour to the productive forces of enterprise and labour.<\/p>\n<p style=\"font-size: 18px; line-height: 1.1;\">In this climate, and with the intention of contributing to a return of peace in the factory, the Agreement on wage indexation was signed with the trade unions in January 1975.<\/p>\n<p style=\"font-size: 18px; line-height: 1.1;\">To chair Confindustria during the period of 'national solidarity' between the parties of the constitutional arc, intended to tackle the terrorist offensive, a person who did not come from the ranks of business was called for the first time: the former governor of the Bank of Italy, Guido Carli. During his term of office (from 1976 to 1980), which saw an authoritative economist such as Paolo Savona (to whom we owe the operational start-up of the Study Centre) at the helm of the Association, a proposal was formulated by Confindustria for an 'enterprise statute', capable of freeing the entrepreneurial system from the political and bureaucratic 'laces and ties' that were holding back its development.<\/p>\n<p style=\"font-size: 18px; line-height: 1.1;\">In 1977, on the initiative of Confindustria, LUISS - Libera Universit\u00e0 Internazionale degli Studi Sociali - was founded in Rome with the aim of creating a university centre of excellence capable of training the country's new ruling classes. The university took over the inheritance of the pre-existing Pro Deo, transforming the institute founded in the 1960s into a true private university, specialising in the fields of economics, law and political science.<\/p>\n<p style=\"font-size: 18px; line-height: 1.1;\">Particularly innovative for the time was the strong focus on the business world, institutions and public and private decision-making processes. Since 1978, the university's leadership was entrusted to Guido Carli himself, who was able to imprint the university with a modern vision, inspired by liberal culture and Anglo-Saxon pragmatism, and strengthen its ties with the Confindustria system.<\/p>\n<p style=\"font-size: 18px; line-height: 1.1;\">In the years that followed, LUISS consolidated its identity as a university open to the world, strengthening its international relations, developing English-language courses and facilitating access to the world of work thanks to one of the most active career services in Europe.<\/p>\n\n<\/div>\n<\/div>[\/et_pb_tab][et_pb_tab title=\"\u2b24 1980-2000\u2033 _builder_version=\"4.27.4\u2033 _module_preset=\"default\" tab_text_colour=\"#FFFF\" tab_font_size=\"16px\" background_colour=\"#2c2c\" background_enable_colour=\"on\" custom_css_after=\"|| border: 0;||\" custom_css_free_form=\"||\" global_colors_info=\"{}\"<div style=\"display: flex; background-color: #2c2c2c; color: white; padding: 5%; gap: 20px; flex-wrap: wrap;\">\n\n<!-- Colonna sinistra -->\n<div style=\"flex: 1 1 300px;\">\n<div style=\"color: rgba(123, 178, 214, 1); font-size: 36px; font-weight: bold; line-height: 1.1;\">1980<\/div>\n<div style=\"color: rgba(123, 178, 214, 1); font-size: 36px; font-weight: bold; margin-bottom: 30px;\">2000<\/div>\n<h2 style=\"margin-top: 10px; color: rgba(255, 255, 255, 1); font-size: 36px;\">The transformation of Italian industry<\/h2>\n<p style=\"font-size: 18px; line-height: 1.1;\">In the early 1980s, an important phase in the life of the Confederation coincided with the presidency of Vittorio Merloni. His appointment to the highest responsibility of the Italian industrialists was a tangible recognition of the remarkable development and growing role assumed in the meantime by the Small and Medium-sized Enterprises.<\/p>\n<p style=\"font-size: 18px; line-height: 1.1;\">The need for an effective industrial policy and the revision of the wage structure (after the termination of the escalator) were placed at the centre of Confindustria's action under the leadership of Alfredo Solustri, whose professional skills had matured within the association.<\/p>\n<p style=\"font-size: 18px; line-height: 1.1;\">Later, during Luigi Lucchini's term of office (1984-1988), the principle of the centrality of business as a driving factor for economic growth and the social modernisation of the country was affirmed. The special experience in the field of trade union and external relations of director Paolo Annibaldi (who held this position until 1990), helped to intensify Confindustria's relations with public institutions and social players.<\/p>\n<p style=\"font-size: 18px; line-height: 1.1;\">These were the years of a strong revival of Italian industry, which experienced significant organisational innovations and the expansion of its production facilities into new areas of the country that had once barely been touched by the development process.<\/p>\n<p style=\"font-size: 18px; line-height: 1.1;\">The late 1980s and early 1990s witnessed epochal events destined to echo over the following decades in the world's geo-economic order, from the fall of the Berlin Wall on 9 November 1989 to the break-up of the Soviet Union in late 1991.<\/p>\n<p style=\"font-size: 18px; line-height: 1.1;\">Following the signing of the Maastricht Treaty and the acceleration of the European unification process in 1992, the need to internationalise the Italian economy became more and more necessary, also in order to find new spaces in a world set on the path of a new and sustained globalisation.<\/p>\n\n<\/div>\n<!-- Colonna destra -->\n<div style=\"flex: 1 1 300px;\">\n<div style=\"color: #2c2c2c; font-size: 36px; font-weight: bold; line-height: 1.1; -webkit-user-select: none; -moz-user-select: none; -ms-user-select: none; user-select: none;\">1<\/div>\n<div style=\"color: #2c2c2c; font-size: 36px; font-weight: bold; margin-bottom: 30px; -webkit-user-select: none; -moz-user-select: none; -ms-user-select: none; user-select: none;\">1<\/div>\n<h2 style=\"margin-top: 10px; color: #2c2c2c; font-size: 36px; -webkit-user-select: none; -moz-user-select: none; -ms-user-select: none; user-select: none;\">1<\/h2>\n<p style=\"font-size: 18px; line-height: 1.1;\">For Confindustria, the outcome of the European game would have depended on an overall recovery of competitiveness of the country system. Thanks to the policy of tripartite agreements (government, Confindustria, trade unions) - initiated under the presidency of Sergio Pininfarina (1988-1992) - Italy was able to control inflation and implement an albeit imperfect income policy, avoiding the risks of marginalisation from the more industrialised countries.<\/p>\n<p style=\"font-size: 18px; line-height: 1.1;\">Decisive in this respect was the Agreement of 10 December 1991 on the fight against inflation, as a result of which, on 1 May 1992, the 'heavy point' contingency was not paid for the first time. This line continued under the presidency of Luigi Abete (from 1992 to 1996) with the Agreement of 7 July 1992, which established the abolition of the escalator.<\/p>\n<p style=\"font-size: 18px; line-height: 1.1;\">In the course of those years, the autonomy and non-partisanship of Confindustria was reaffirmed, outside of any political collateralism, and new criteria for participation in the association system were adopted.<\/p>\n<p style=\"font-size: 18px; line-height: 1.1;\">Italy's integration process into the European Community, however, turned out to be much more fraught with obstacles than originally thought, due to a new difficult economic situation. In the years of Tangentopoli (bribery and corruption), the country faced a serious political and institutional crisis.<\/p>\n<p style=\"font-size: 18px; line-height: 1.1;\">Despite operating in such troubled waters, with judicial investigations involving a number of large companies, Confindustria managed to stay the course, under the banner of a non-corporate line of conduct that was open to confrontation with civil society, supporting the efforts of Italian companies to increase their levels of competitiveness and engaging in concerted action with the government and trade unions that led to the July 1993 agreement on income policy.<\/p>\n\n<\/div>\n<\/div>[\/et_pb_tab][et_pb_tab title=\"\u2b24 2001-2015\u2033 _builder_version=\"4.27.4\u2033 _module_preset=\"default\" tab_text_colour=\"#FFFF\" tab_font_size=\"16px\" background_colour=\"#2c2c\" background_enable_colour=\"on\" custom_css_after=\"|| border: 0;||\" custom_css_free_form=\"||\" global_colors_info=\"{}\"<div style=\"display: flex; background-color: #2c2c2c; color: white; padding: 5%; gap: 20px; flex-wrap: wrap;\">\n\n<!-- Colonna sinistra -->\n<div style=\"flex: 1 1 300px;\">\n<div style=\"color: rgba(123, 178, 214, 1); font-size: 36px; font-weight: bold; line-height: 1.1;\">2001<\/div>\n<div style=\"color: rgba(123, 178, 214, 1); font-size: 36px; font-weight: bold; margin-bottom: 30px;\">2015<\/div>\n<h2 style=\"margin-top: 10px; color: rgba(255, 255, 255, 1); font-size: 36px;\">The age of globalisation<\/h2>\n<p style=\"font-size: 18px; line-height: 1.1;\">The beginning of the new millennium ushers in a phase in which globalisation and technological innovation accelerate profound transformations in the production system, forcing Italian companies to look more and more towards international markets. In this context, Confindustria is taking an active role in promoting competitiveness, innovation and openness, supporting the need to simplify rules, attract investment and strengthen the presence of Italian manufacturing in the world.<\/p>\n<p style=\"font-size: 18px; line-height: 1.1;\">Under the presidency of Antonio D'Amato (2000-2004), under the leadership of Stefano Parisi, the confederal action focused on the revitalisation of Southern Italy, labour market reform and support for a modern entrepreneurial culture. The European framework was consolidated with the introduction of the euro, while global pressures from the opening of markets and increasing international competition were growing.<\/p>\n<p style=\"font-size: 18px; line-height: 1.1;\">In 2004, Luca Cordero di Montezemolo was called to lead the Association. His mandate marked a strengthening of the public and cultural identity of Confindustria, which became the promoter of a new focus on respect for rules, protection of intellectual property, flexibility and investment in training and research.<\/p>\n<p style=\"font-size: 18px; line-height: 1.1;\">Under the leadership of Maurizio Beretta, the Association is enhancing its propensity for internationalisation and the promotion of Made in Italy, which are considered essential pillars for an Italy capable of competing in the new global scenario.<\/p>\n<p style=\"font-size: 18px; line-height: 1.1;\">But in 2007, the signs of a deep financial crisis began to appear. The explosion of the subprime mortgage bubble in the United States triggers a chain of events that sweeps Western economies, hitting Italy hard as well. The collapse of market confidence, the credit crunch and the demand crisis translate into a severe industrial slowdown.<\/p>\n\n<\/div>\n<!-- Colonna destra -->\n<div style=\"flex: 1 1 300px;\">\n<div style=\"color: #2c2c2c; font-size: 36px; font-weight: bold; line-height: 1.1; -webkit-user-select: none; -moz-user-select: none; -ms-user-select: none; user-select: none;\">1<\/div>\n<div style=\"color: #2c2c2c; font-size: 36px; font-weight: bold; margin-bottom: 30px; -webkit-user-select: none; -moz-user-select: none; -ms-user-select: none; user-select: none;\">1<\/div>\n<h2 style=\"margin-top: 10px; color: #2c2c2c; font-size: 36px; -webkit-user-select: none; -moz-user-select: none; -ms-user-select: none; user-select: none;\">1<\/h2>\n<p style=\"font-size: 18px; line-height: 1.1;\">It was in this climate that Emma Marcegaglia took over the presidency in 2008, the first woman at the top of Confindustria, flanked by Giampaolo Galli as General Manager. The industrial system, already fragile, was hit by a wave of recession that put employment and investments at risk.<\/p>\n<p style=\"font-size: 18px; line-height: 1.1;\">In recent years, Confindustria has not ceased to promote a culture of sharing within companies, placing the productivity-wage binomial at the centre of the debate between the social partners, and relaunching the dialogue with the trade unions in order to tackle together one of the most difficult phases of recent economic history.<\/p>\n<p style=\"font-size: 18px; line-height: 1.1;\">In 2012 the leadership of the Association passed to Giorgio Squinzi, who appointed Marcella Panucci as Director General of the Confederation, the first woman to hold this position. The context remains critical: Italy goes through a new phase of political instability and the economic crisis takes on structural features under the burden of public debt.<\/p>\n<p style=\"font-size: 18px; line-height: 1.1;\">The priority becomes defending the manufacturing system, fighting the 'anti-enterprise culture' and relaunching a European Industrial Compact capable of supporting production and employment.<\/p>\n<p style=\"font-size: 18px; line-height: 1.1;\">Confindustria is also committed on the internal front with a profound reform of the association system: a Commission, chaired by Carlo Pesenti, starts a process that culminates with the approval of the new organisational structure in 2013. The Confederation thus sought to reaffirm its ability to adapt by reaffirming the principle of representation as a strategic lever for the country's development.<\/p>\n\n<\/div>\n<\/div>[\/et_pb_tab][et_pb_tab title=\"\u2b24 2016-2024\u2033 _builder_version=\"4.27.4\u2033 _module_preset=\"default\" tab_text_colour=\"#FFFF\" tab_font_size=\"16px\" background_colour=\"#2c2c\" background_enable_colour=\"on\" custom_css_after=\"|| border: 0;||\" custom_css_free_form=\"||\" global_colors_info=\"{}\"<div style=\"display: flex; background-color: #2c2c2c; color: white; padding: 5%; gap: 20px; flex-wrap: wrap;\">\n\n<!-- Colonna sinistra -->\n<div style=\"flex: 1 1 300px;\">\n<div style=\"color: rgba(123, 178, 214, 1); font-size: 36px; font-weight: bold; line-height: 1.1;\">2016<\/div>\n<div style=\"color: rgba(123, 178, 214, 1); font-size: 36px; font-weight: bold; margin-bottom: 30px;\">2024<\/div>\n<h2 style=\"margin-top: 10px; color: rgba(255, 255, 255, 1); font-size: 36px;\">The era of global challenges<\/h2>\n<p style=\"font-size: 18px; line-height: 1.1;\">In May 2016, Vincenzo Boccia, an entrepreneur from Salerno with long experience in the association system, was elected president of Confindustria. His presidency took place in an economic context characterised by a slow post-crisis recovery, with Italy showing signs of lower growth than other European countries and emerging economies.<\/p>\n<p style=\"font-size: 18px; line-height: 1.1;\">During the four years of Boccia's presidency, Confindustria continued to emphasise the centrality of industry as an engine to overcome economic stagnation, promoting initiatives to strengthen the competitiveness of the Italian production system.<\/p>\n<p style=\"font-size: 18px; line-height: 1.1;\">These include the implementation of the 'Industry 4.0' plan and the signing of the 'Pact for the Factory' with the trade unions, aimed at boosting productivity by sharing objectives between companies and workers.<\/p>\n<p style=\"font-size: 18px; line-height: 1.1;\">The General Assembly in Verona on 16 February 2018 also marked a particularly significant moment, during which Confindustria presented an articulated industrial policy programme, emphasising the importance of concerted action between institutions and companies to tackle the challenges of globalisation and technological innovation.<\/p>\n\n<\/div>\n<!-- Colonna destra -->\n<div style=\"flex: 1 1 300px;\">\n<div style=\"color: #2c2c2c; font-size: 36px; font-weight: bold; line-height: 1.1; -webkit-user-select: none; -moz-user-select: none; -ms-user-select: none; user-select: none;\">1<\/div>\n<div style=\"color: #2c2c2c; font-size: 36px; font-weight: bold; margin-bottom: 30px; -webkit-user-select: none; -moz-user-select: none; -ms-user-select: none; user-select: none;\">1<\/div>\n<h2 style=\"margin-top: 10px; color: #2c2c2c; font-size: 36px; -webkit-user-select: none; -moz-user-select: none; -ms-user-select: none; user-select: none;\">1<\/h2>\n<p style=\"font-size: 18px; line-height: 1.1;\">In May 2020, at a time marked by the global health emergency caused by the COVID-19 pandemic, the presidency of Confindustria passed to Carlo Bonomi. His election took place through a telematic vote, reflecting the restrictions imposed by the health crisis.<\/p>\n<p style=\"font-size: 18px; line-height: 1.1;\">Bonomi took over as head of the organisation at a time of deep economic uncertainty, with Italian industry hard hit first by the health crisis and then by a series of further related crises, from international logistics to soaring inflation and energy.<\/p>\n<p style=\"font-size: 18px; line-height: 1.1;\">During the four-year period, the organisation's general management saw the alternation of Francesca Mariotti, in office since July 2020, and Raffaele Langella, appointed in October 2023.<\/p>\n<p style=\"font-size: 18px; line-height: 1.1;\">Bonomi's presidency was characterised by his commitment to urging swift and decisive action on the part of the institutions, emphasising the need for an effective industrial policy and concrete support for companies in order to face epoch-making challenges.<\/p>\n<p style=\"font-size: 18px; line-height: 1.1;\">At the same time, Confindustria was actively engaged in the fight against the pandemic, with a concrete engagement alongside citizens in the vaccination campaign and in the dialogue with the government for the elaboration and implementation of the National Recovery and Resilience Plan (NRP), highlighting the urgency of structural reforms in key areas such as taxation, labour and public administration.<\/p>\n\n<\/div>\n<\/div>[\/et_pb_tab][\/et_pb_tabs][\/et_pb_column][\/et_pb_row][\/et_pb_section][et_pb_section fb_built=&#8221;1&#8243; _builder_version=&#8221;4.27.4&#8243; _module_preset=&#8221;default&#8221; custom_margin=&#8221;0px|0px|0px|0px|false|false&#8221; custom_padding=&#8221;0px|0px|0px|0px|false|false&#8221; global_colors_info=&#8221;{}&#8221;][et_pb_row column_structure=&#8221;1_2,1_4,1_4&#8243; use_custom_gutter=&#8221;on&#8221; gutter_width=&#8221;1&#8243; make_equal=&#8221;on&#8221; _builder_version=&#8221;4.27.4&#8243; _module_preset=&#8221;default&#8221; width=&#8221;100%&#8221; max_width=&#8221;100%&#8221; custom_margin=&#8221;0px|0px|0px|0px|false|false&#8221; custom_padding=&#8221;0px|0px|0px|0px|false|false&#8221; locked=&#8221;off&#8221; global_colors_info=&#8221;{}&#8221;][et_pb_column type=&#8221;1_2&#8243; _builder_version=&#8221;4.27.4&#8243; _module_preset=&#8221;default&#8221; background_image=&#8221;https:\/\/public.confindustria.it\/repository\/2025\/03\/28193840\/Screenshot-2025-03-21-at-12.14.00-2.png&#8221; global_colors_info=&#8221;{}&#8221;][et_pb_blurb _builder_version=&#8221;4.27.4&#8243; _module_preset=&#8221;default&#8221; width=&#8221;100%&#8221; min_height=&#8221;277px&#8221; global_colors_info=&#8221;{}&#8221;][\/et_pb_blurb][et_pb_button button_url=&#8221;@ET-DC@eyJkeW5hbWljIjp0cnVlLCJjb250ZW50IjoicG9zdF9saW5rX3VybF9wYWdlIiwic2V0dGluZ3MiOnsicG9zdF9pZCI6IjEzNzU2In19@&#8221; button_text=&#8221;Direttori&#8221; _builder_version=&#8221;4.27.4&#8243; _dynamic_attributes=&#8221;button_url&#8221; _module_preset=&#8221;default&#8221; custom_button=&#8221;on&#8221; button_border_width=&#8221;1px&#8221; button_border_radius=&#8221;25px&#8221; button_icon=&#8221;&#xf138;||fa||900&#8243; button_on_hover=&#8221;off&#8221; background_layout=&#8221;dark&#8221; custom_margin=&#8221;||44px|44px|false|false&#8221; custom_padding=&#8221;0px||0px||false|false&#8221; button_border_width_tablet=&#8221;1px&#8221; button_border_width_phone=&#8221;1px&#8221; button_border_width_last_edited=&#8221;on|desktop&#8221; global_colors_info=&#8221;{}&#8221;][\/et_pb_button][et_pb_blurb _builder_version=&#8221;4.27.4&#8243; _module_preset=&#8221;default&#8221; global_colors_info=&#8221;{}&#8221;][\/et_pb_blurb][\/et_pb_column][et_pb_column type=&#8221;1_4&#8243; _builder_version=&#8221;4.27.4&#8243; _module_preset=&#8221;default&#8221; background_image=&#8221;https:\/\/public.confindustria.it\/repository\/2025\/03\/29130600\/logo-animation-02-300&#215;300.png&#8221; global_colors_info=&#8221;{}&#8221;][et_pb_blurb _builder_version=&#8221;4.27.4&#8243; _module_preset=&#8221;default&#8221; width=&#8221;100%&#8221; min_height=&#8221;277px&#8221; global_colors_info=&#8221;{}&#8221;][\/et_pb_blurb][et_pb_button button_url=&#8221;@ET-DC@eyJkeW5hbWljIjp0cnVlLCJjb250ZW50IjoicG9zdF9saW5rX3VybF9wYWdlIiwic2V0dGluZ3MiOnsicG9zdF9pZCI6IjExMDExIn19@&#8221; button_text=&#8221;Loghi storici&#8221; _builder_version=&#8221;4.27.4&#8243; _dynamic_attributes=&#8221;button_url&#8221; _module_preset=&#8221;default&#8221; custom_button=&#8221;on&#8221; button_text_color=&#8221;gcid-body-color&#8221; button_border_width=&#8221;1px&#8221; button_border_radius=&#8221;25px&#8221; button_icon=&#8221;&#xf138;||fa||900&#8243; button_on_hover=&#8221;off&#8221; background_layout=&#8221;dark&#8221; custom_margin=&#8221;||44px|44px|false|false&#8221; custom_padding=&#8221;0px||0px||false|false&#8221; button_border_width_tablet=&#8221;1px&#8221; button_border_width_phone=&#8221;1px&#8221; button_border_width_last_edited=&#8221;on|desktop&#8221; global_colors_info=&#8221;{%22gcid-body-color%22:%91%22button_text_color%22%93}&#8221;][\/et_pb_button][et_pb_blurb _builder_version=&#8221;4.27.4&#8243; _module_preset=&#8221;default&#8221; global_colors_info=&#8221;{}&#8221;][\/et_pb_blurb][\/et_pb_column][et_pb_column type=&#8221;1_4&#8243; _builder_version=&#8221;4.27.4&#8243; _module_preset=&#8221;default&#8221; background_image=&#8221;https:\/\/public.confindustria.it\/repository\/2025\/03\/29174621\/Screenshot-2025-03-29-alle-16.59.10.png&#8221; background_position=&#8221;top_center&#8221; background_vertical_offset=&#8221;22%&#8221; global_colors_info=&#8221;{}&#8221;][et_pb_blurb _builder_version=&#8221;4.27.4&#8243; _module_preset=&#8221;default&#8221; min_height=&#8221;277px&#8221; custom_padding=&#8221;|||0px||&#8221; global_colors_info=&#8221;{}&#8221;][\/et_pb_blurb][et_pb_button button_url=&#8221;@ET-DC@eyJkeW5hbWljIjp0cnVlLCJjb250ZW50IjoicG9zdF9saW5rX3VybF9wYWdlIiwic2V0dGluZ3MiOnsicG9zdF9pZCI6IjEwOTg3In19@&#8221; button_text=&#8221;Statuti storici&#8221; _builder_version=&#8221;4.27.4&#8243; _dynamic_attributes=&#8221;button_url&#8221; _module_preset=&#8221;default&#8221; custom_button=&#8221;on&#8221; button_text_color=&#8221;gcid-body-color&#8221; button_bg_color=&#8221;rgba(255,255,255,0.77)&#8221; button_border_width=&#8221;1px&#8221; button_border_radius=&#8221;25px&#8221; button_icon=&#8221;&#xf138;||fa||900&#8243; button_on_hover=&#8221;off&#8221; background_layout=&#8221;dark&#8221; custom_margin=&#8221;||44px|44px|false|false&#8221; custom_padding=&#8221;0px||0px||false|false&#8221; button_border_width_tablet=&#8221;1px&#8221; button_border_width_phone=&#8221;1px&#8221; button_border_width_last_edited=&#8221;on|desktop&#8221; global_colors_info=&#8221;{%22gcid-body-color%22:%91%22button_text_color%22%93}&#8221;][\/et_pb_button][et_pb_blurb _builder_version=&#8221;4.27.4&#8243; _module_preset=&#8221;default&#8221; global_colors_info=&#8221;{}&#8221;][\/et_pb_blurb][\/et_pb_column][\/et_pb_row][et_pb_row column_structure=&#8221;1_2,1_2&#8243; use_custom_gutter=&#8221;on&#8221; gutter_width=&#8221;1&#8243; make_equal=&#8221;on&#8221; _builder_version=&#8221;4.27.4&#8243; _module_preset=&#8221;default&#8221; width=&#8221;100%&#8221; max_width=&#8221;100%&#8221; custom_margin=&#8221;-4px|auto||auto||&#8221; custom_padding=&#8221;1px||0px|||&#8221; locked=&#8221;off&#8221; global_colors_info=&#8221;{}&#8221;][et_pb_column type=&#8221;1_2&#8243; _builder_version=&#8221;4.27.4&#8243; _module_preset=&#8221;default&#8221; background_color=&#8221;#0b1b4c&#8221; background_image=&#8221;https:\/\/public.confindustria.it\/repository\/2025\/03\/29163501\/Frame-164.png&#8221; global_colors_info=&#8221;{}&#8221;][et_pb_image src=&#8221;https:\/\/public.confindustria.it\/repository\/2025\/03\/29163501\/Frame-164.png&#8221; title_text=&#8221;archivio storico e biblioteca&#8221; _builder_version=&#8221;4.27.4&#8243; _module_preset=&#8221;default&#8221; custom_margin=&#8221;40px||40px||false|false&#8221; global_colors_info=&#8221;{}&#8221;][\/et_pb_image][\/et_pb_column][et_pb_column type=&#8221;1_2&#8243; _builder_version=&#8221;4.27.4&#8243; _module_preset=&#8221;default&#8221; background_color=&#8221;#110000&#8243; background_image=&#8221;https:\/\/public.confindustria.it\/repository\/2025\/03\/29164220\/archivo-ind.tessile.png&#8221; filter_saturate=&#8221;0%&#8221; global_colors_info=&#8221;{}&#8221;][et_pb_button url_new_window=&#8221;on&#8221; button_text=&#8221;Galleria fotografica storica&#8221; button_alignment=&#8221;center&#8221; _builder_version=&#8221;4.27.4&#8243; _module_preset=&#8221;default&#8221; custom_button=&#8221;on&#8221; button_bg_color=&#8221;rgba(10,10,10,0.4)&#8221; button_border_width=&#8221;1px&#8221; button_border_radius=&#8221;25px&#8221; button_icon=&#8221;&#xe046;||divi||400&#8243; button_icon_color=&#8221;#FFFFFF&#8221; button_on_hover=&#8221;off&#8221; background_layout=&#8221;dark&#8221; custom_margin=&#8221;100px||100px||false|false&#8221; custom_padding=&#8221;0px||0px||false|false&#8221; button_border_width_tablet=&#8221;1px&#8221; button_border_width_phone=&#8221;1px&#8221; button_border_width_last_edited=&#8221;on|desktop&#8221; global_colors_info=&#8221;{}&#8221;][\/et_pb_button][\/et_pb_column][\/et_pb_row][\/et_pb_section][et_pb_section fb_built=&#8221;1&#8243; admin_label=&#8221;section&#8221; _builder_version=&#8221;4.16&#8243; global_module=&#8221;3835&#8243; global_colors_info=&#8221;{}&#8221;][et_pb_row column_structure=&#8221;1_2,1_2&#8243; custom_padding_last_edited=&#8221;on|tablet&#8221; _builder_version=&#8221;4.27.4&#8243; _module_preset=&#8221;default&#8221; width=&#8221;90%&#8221; max_width=&#8221;1600px&#8221; custom_padding=&#8221;50px||50px||true|false&#8221; custom_padding_tablet=&#8221;40px||0px||false|false&#8221; custom_padding_phone=&#8221;40px||0px||false|false&#8221; border_width_top=&#8221;0.5px&#8221; border_color_top=&#8221;#b2b2b2&#8243; border_width_bottom=&#8221;0.5px&#8221; border_color_bottom=&#8221;#b2b2b2&#8243; locked=&#8221;off&#8221; global_colors_info=&#8221;{}&#8221;][et_pb_column type=&#8221;1_2&#8243; _builder_version=&#8221;4.27.4&#8243; _module_preset=&#8221;default&#8221; custom_padding=&#8221;61px||85px||false|false&#8221; border_color_right=&#8221;#b2b2b2&#8243; global_colors_info=&#8221;{}&#8221;][et_pb_text _builder_version=&#8221;4.27.4&#8243; _module_preset=&#8221;default&#8221; header_text_color=&#8221;#f7f7f7&#8243; header_font_size=&#8221;66px&#8221; header_2_text_color=&#8221;#1b315f&#8221; header_2_font_size=&#8221;40px&#8221; max_width=&#8221;600px&#8221; custom_margin=&#8221;8px||13px||false|false&#8221; custom_padding=&#8221;0px||||false|false&#8221; header_2_font_size_tablet=&#8221;40px&#8221; header_2_font_size_phone=&#8221;34px&#8221; header_2_font_size_last_edited=&#8221;on|phone&#8221; locked=&#8221;off&#8221; global_colors_info=&#8221;{}&#8221;]<h2>Join the largest community of business leaders in Italy.<\/h2>[\/et_pb_text][et_pb_button button_url=\"@ET-DC@eyJkeW5hbWljIjp0cnVlLCJjb250ZW50IjoicG9zdF9saW5rX3VybF9wYWdlIiwic2V0dGluZ3MiOnsicG9zdF9pZCI6IjI1MDIifX0=@\" button_text=\"Associated with Confindustria\" button_alignment=\"left\" module_class=\"btn-only\" _builder_version=\"4.27.4\u2033 _dynamic_attributes=\"button_url\" _module_preset=\"default\" custom_button=\"on\" button_text_size=\"27.4px\" button_text_color=\"#7bb2d6\u2033 button_bg_color=\"RGBA(255,255,255,0)\" button_border_width=\"1px\" button_border_color=\"RGBA(255,255,255,0)\" button_border_radius=\"3px\" button_font=\"|600|||||||\" button_icon=\"=|divi|400\u2033 button_on_hover=\"off\" custom_padding=\"0px|38px|0px|0px|false|false\" custom_css_main_element=\"border-bottom: 1px solid rgba(123, 178, 214, 1) !important;||padding: 0px !important;\" custom_css_free_form=\".btn-only:hover{|| border-bottom: 1px solid #bcbc !important;||}\" locked=\"off\" global_colors_info=\"{}\" button_bg_color__hover_enabled=\"on|desktop\" button_border_width__hover_enabled=\"off|desktop\" button_border_color__hover=\"2px\" button_border_color__hover_enabled=\"on|desktop\" button_border_color__hover=\"RGBA(255,255,255,0)\u201d button_bg_color__hover=\u201dRGBA(255,255,255,0)\u201d][\/et_pb_button][\/et_pb_column][et_pb_column type=\u201d1_2\u2033 _builder_version=\u201d4.27.4\u2033 _module_preset=\"default\" global_colors_info=\"{}\"][et_pb_code _builder_version=\"4.27.4\u2033 _module_preset=\"default\" custom_margin=\"0px|0px|0px|0px|false|false\" custom_padding=\"0px|0px|0px|0px|false|false\" locked=\"off\" global_colors_info=\"{}\"]<iframe border=\"0\" src=\"https:\/\/my.confindustria.it\/newsletter\" style=\"width: 100%; height: 250px; overflow: hidden;\"><!-- [et_pb_line_break_holder] -->  <!-- [et_pb_line_break_holder] --><\/iframe>[\/et_pb_code][\/et_pb_column][\/et_pb_row][\/et_pb_section]","protected":false},"excerpt":{"rendered":"<p>Historical Presidents of Confindustria \u21901910 1913Luigi BonnefonBorn in Arles (France) in 1873Torinese by birth, he comes from a solid industrial dynasty. In 1901 he founded the company \"B. Craponne e Vigan\u00f2\", active in the textile-silk sector, with several factories in the surroundings of Turin.<\/p>","protected":false},"author":2,"featured_media":8417,"parent":5056,"menu_order":0,"comment_status":"closed","ping_status":"closed","template":"","meta":{"_acf_changed":false,"_et_pb_use_builder":"on","_et_pb_old_content":"","_et_gb_content_width":"","footnotes":""},"in-evidenza":[],"tag_globale":[],"tema_globale":[],"class_list":["post-8357","page","type-page","status-publish","has-post-thumbnail","hentry"],"blocks":[{"blockName":"divi\/placeholder","attrs":[],"innerBlocks":[],"innerHTML":"\n[et_pb_section fb_built=\"1\" _builder_version=\"4.27.4\" _module_preset=\"default\" background_color=\"rgba(102,102,102,0.5)\" min_height=\"400px\" custom_margin=\"-120px||||false|false\" global_colors_info=\"{}\"][et_pb_row _builder_version=\"4.27.4\" _module_preset=\"default\" width=\"90%\" max_width=\"1600px\" custom_margin=\"70px||||false|false\" custom_margin_tablet=\"95px||||false|false\" custom_margin_phone=\"95px||||false|false\" custom_margin_last_edited=\"on|phone\" global_colors_info=\"{}\"][et_pb_column type=\"4_4\" _builder_version=\"4.27.4\" _module_preset=\"default\" global_colors_info=\"{}\"][et_pb_text _builder_version=\"4.27.4\" _module_preset=\"default\" header_font=\"|700|||||||\" background_layout=\"dark\" header_font_size_tablet=\"\" header_font_size_phone=\"50px\" header_font_size_last_edited=\"on|phone\" global_colors_info=\"{}\"]<h1>Presidenti storici\nConfindustria<\/h1>\n<a href=\"\/storia\"><span style=\"font-size: 40px; color: #ffff; text-decoration: none;\">\u2190<\/span><\/a>[\/et_pb_text][\/et_pb_column][\/et_pb_row][\/et_pb_section][et_pb_section fb_built=\"1\" _builder_version=\"4.27.4\" _module_preset=\"default\" background_color=\"gcid-bc5c564e-11e8-4ecf-8f7f-51e5af93c01d\" global_colors_info=\"{%22gcid-bc5c564e-11e8-4ecf-8f7f-51e5af93c01d%22:%91%22background_color%22%93}\"][et_pb_row column_structure=\"1_4,1_4,1_4,1_4\" make_equal=\"on\" _builder_version=\"4.27.4\" _module_preset=\"default\" width=\"90%\" max_width=\"1600px\" global_colors_info=\"{}\"][et_pb_column type=\"1_4\" _builder_version=\"4.27.4\" _module_preset=\"default\" custom_padding=\"|||10px|false|false\" custom_css_main_element=\"display: flex;||flex-direction: column;||\" border_width_left=\"1px\" global_colors_info=\"{}\"][et_pb_text admin_label=\"anno\" _builder_version=\"4.27.4\" _module_preset=\"default\" header_font=\"|700|||||||\" header_text_color=\"gcid-body-color\" header_font_size=\"71px\" global_colors_info=\"{%22gcid-body-color%22:%91%22header_text_color%22%93}\"]<h1>1910\u00a0 1913<\/h1>[\/et_pb_text][et_pb_divider show_divider=\"off\" admin_label=\"nome\" _builder_version=\"4.27.4\" _module_preset=\"default\" global_colors_info=\"{}\"][\/et_pb_divider][et_pb_text admin_label=\"divider\" _builder_version=\"4.27.4\" _module_preset=\"default\" header_font=\"|700|||||||\" header_text_color=\"#110000\" header_font_size=\"55px\" min_height=\"175px\" min_height_tablet=\"175px\" min_height_phone=\"175px\" min_height_last_edited=\"on|phone\" hover_enabled=\"0\" custom_css_free_form=\"||@media (min-width: 1101px){||  selector h1{||    font-size: 45px !important;||  }||}||||@media (min-width: 1400px){||  selector h1{||    font-size: 54px !important;||  }||}||||@media (max-width: 1100px){||  selector h1{||    font-size: 40px !important;||  }||}||||selector h1{||    word-wrap: normal;||    word-break: normal;||}\" global_colors_info=\"{}\" sticky_enabled=\"0\"]<h1>Luigi Bonnefon<\/h1>[\/et_pb_text][et_pb_text admin_label=\"vita\" _builder_version=\"4.27.4\" _module_preset=\"default\" global_colors_info=\"{}\"]<p>Nato ad Arles (Francia) nel 1873<br \/>Torinese di elezione, proviene da una solida dinastia industriale.<br \/>Fonda nel 1901 la ditta \"B. Craponne e Vigan\u00f2\", attiva nel settore tessile - serico, con diversi stabilimenti nei dintorni di Torino.<br \/>A Torino \u00e8 titolare di una casa bancaria e finanziaria.<br \/>Presidente dell'Associazione serica e bacologica del Piemonte e successivamente della Lega industriale di Torino.<\/p>[\/et_pb_text][et_pb_image src=\"https:\/\/public.confindustria.it\/repository\/2025\/03\/29192219\/Frame-159.png\" title_text=\"Frame 159\" admin_label=\"Image\" _builder_version=\"4.27.4\" _module_preset=\"default\" custom_css_main_element=\"margin-top: auto;\" global_colors_info=\"{}\"][\/et_pb_image][\/et_pb_column][et_pb_column type=\"1_4\" _builder_version=\"4.27.4\" _module_preset=\"default\" custom_padding=\"|||10px|false|false\" custom_css_main_element=\"display: flex;||flex-direction: column;||\" border_width_left=\"1px\" global_colors_info=\"{}\"][et_pb_text admin_label=\"anno\" _builder_version=\"4.27.4\" _module_preset=\"default\" header_font=\"|700|||||||\" header_text_color=\"gcid-body-color\" header_font_size=\"71px\" global_colors_info=\"{%22gcid-body-color%22:%91%22header_text_color%22%93}\"]<h1>1914\u00a0 1918<\/h1>[\/et_pb_text][et_pb_divider show_divider=\"off\" admin_label=\"nome\" _builder_version=\"4.27.4\" _module_preset=\"default\" global_colors_info=\"{}\"][\/et_pb_divider][et_pb_text admin_label=\"divider\" _builder_version=\"4.27.4\" _module_preset=\"default\" header_font=\"|700|||||||\" header_text_color=\"#110000\" header_font_size=\"55px\" min_height=\"175px\" min_height_tablet=\"175px\" min_height_phone=\"175px\" min_height_last_edited=\"on|phone\" custom_css_free_form=\"||@media (min-width: 1101px){||  selector h1{||    font-size: 45px !important;||  }||}||||@media (min-width: 1400px){||  selector h1{||    font-size: 54px !important;||  }||}||||@media (max-width: 1100px){||  selector h1{||    font-size: 40px !important;||  }||}||||selector h1{||    word-wrap: normal;||    word-break: normal;||}\" global_colors_info=\"{}\" sticky_enabled=\"0\"]<h1>Ferdinando Bocca<\/h1>[\/et_pb_text][et_pb_text admin_label=\"vita\" _builder_version=\"4.27.4\" _module_preset=\"default\" global_colors_info=\"{}\"]Nato a Torino nel 1870. Collabora con il padre Andrea nella sua antica azienda conciaria.\nFonda nel 1905 la Societ\u00e0 anonima Concerie italiane riunite - SACIR, di cui \u00e8 Presidente dalla sua fondazione.\nLegato da amicizia con il sindaco di Torino, Teofilo Rossi, promuove, con questi, la grande esposizione internazionale di Torino del 1911.\nIn seguito animatore dell'altra grande esposizione torinese del 1928.\nA Torino, consigliere comunale e Presidente della Camera di Commercio.[\/et_pb_text][et_pb_image src=\"https:\/\/public.confindustria.it\/repository\/2025\/04\/04173729\/Property-1Frame-174.png\" title_text=\"Bocca\" admin_label=\"Image\" _builder_version=\"4.27.4\" _module_preset=\"default\" custom_css_main_element=\"margin-top: auto;\" global_colors_info=\"{}\"][\/et_pb_image][\/et_pb_column][et_pb_column type=\"1_4\" _builder_version=\"4.27.4\" _module_preset=\"default\" custom_padding=\"|||10px|false|false\" custom_css_main_element=\"display: flex;||flex-direction: column;||||\" border_width_left=\"1px\" global_colors_info=\"{}\"][et_pb_text admin_label=\"anno\" _builder_version=\"4.27.4\" _module_preset=\"default\" header_font=\"|700|||||||\" header_text_color=\"gcid-body-color\" header_font_size=\"71px\" global_colors_info=\"{%22gcid-body-color%22:%91%22header_text_color%22%93}\"]<h1>1919\u00a0 1919<\/h1>[\/et_pb_text][et_pb_divider show_divider=\"off\" admin_label=\"nome\" _builder_version=\"4.27.4\" _module_preset=\"default\" global_colors_info=\"{}\"][\/et_pb_divider][et_pb_text admin_label=\"divider\" _builder_version=\"4.27.4\" _module_preset=\"default\" header_font=\"|700|||||||\" header_text_color=\"#110000\" header_font_size=\"55px\" min_height=\"175px\" min_height_tablet=\"175px\" min_height_phone=\"175px\" min_height_last_edited=\"on|phone\" custom_css_free_form=\"||@media (min-width: 1101px){||  selector h1{||    font-size: 45px !important;||  }||}||||@media (min-width: 1400px){||  selector h1{||    font-size: 54px !important;||  }||}||||@media (max-width: 1100px){||  selector h1{||    font-size: 40px !important;||  }||}||||selector h1{||    word-wrap: normal;||    word-break: normal;||}\" global_colors_info=\"{}\"]<h1>Dante Ferraris<\/h1>[\/et_pb_text][et_pb_text admin_label=\"vita\" _builder_version=\"4.27.4\" _module_preset=\"default\" global_colors_info=\"{}\"]Nato a Viarigi (Asti) il 7 giugno 1868.\nEntra nella vita industriale nel 1893 a Torino.\nInizia la sua carriera nella Diatto Automobili, prima come direttore, poi come amministratore delegato.\nFonda le Industrie Metallurgiche, delle quali \u00e8 anche Presidente; le Officine Meccaniche Napoletane per il materiale ferroviario; la Societ\u00e0 Proiettili; il Gruppo Industriale Piemontese per il materiale d'artiglieria.\nSenatore del Regno dal 1919.\nMinistro dell'industria commercio e lavoro con Francesco Saverio Nitti dal 23 giugno 1919 al 21 maggio 1920.[\/et_pb_text][et_pb_image src=\"https:\/\/public.confindustria.it\/repository\/2025\/05\/08092054\/Property-1Frame-179.png\" title_text=\"Property 1=Frame 179\" admin_label=\"Image\" _builder_version=\"4.27.4\" _module_preset=\"default\" custom_css_main_element=\"margin-top: auto;\" global_colors_info=\"{}\"][\/et_pb_image][\/et_pb_column][et_pb_column type=\"1_4\" _builder_version=\"4.27.4\" _module_preset=\"default\" custom_padding=\"|||10px|false|false\" custom_css_main_element=\"display: flex;||flex-direction: column;||||\" border_width_left=\"1px\" global_colors_info=\"{}\"][et_pb_text admin_label=\"anno\" _builder_version=\"4.27.4\" _module_preset=\"default\" text_text_color=\"gcid-body-color\" header_font=\"|700|||||||\" header_text_color=\"gcid-body-color\" header_font_size=\"71px\" global_colors_info=\"{%22gcid-body-color%22:%91%22text_text_color%22,%22header_text_color%22%93}\"]<h1>1910\u00a0 1913<\/h1>[\/et_pb_text][et_pb_divider show_divider=\"off\" admin_label=\"nome\" _builder_version=\"4.27.4\" _module_preset=\"default\" global_colors_info=\"{}\"][\/et_pb_divider][et_pb_text admin_label=\"divider\" _builder_version=\"4.27.4\" _module_preset=\"default\" header_font=\"|700|||||||\" header_text_color=\"#110000\" header_font_size=\"55px\" min_height=\"175px\" min_height_tablet=\"175px\" min_height_phone=\"175px\" min_height_last_edited=\"on|phone\" custom_css_free_form=\"||@media (min-width: 1101px){||  selector h1{||    font-size: 45px !important;||  }||}||||@media (min-width: 1400px){||  selector h1{||    font-size: 54px !important;||  }||}||||@media (max-width: 1100px){||  selector h1{||    font-size: 40px !important;||  }||}||||selector h1{||    word-wrap: normal;||    word-break: normal;||}\" global_colors_info=\"{}\"]<h1>Giovan Battista Pirelli<\/h1>[\/et_pb_text][et_pb_text admin_label=\"vita\" _builder_version=\"4.27.4\" _module_preset=\"default\" global_colors_info=\"{}\"]<p>Nato a Varenna (Como) il 27 dicembre 1848.Laureato in ingegneria.Fonda a Milano nel 1872 uno stabilimento per la lavorazione della gomma che si sviluppa rapidamente cos\u00ec da divenire il nucleo di una grande organizzazione industriale.<br \/>Inizia nel 1880 la fabbricazione dei conduttori elettrici isolati, quindi dei cavi per telecomunicazioni e dei pneumatici.<br \/>Fonda in Italia l'industria del linoleum.<br \/>Senatore del Regno dal 1909<\/p>[\/et_pb_text][et_pb_image src=\"https:\/\/public.confindustria.it\/repository\/2025\/04\/07123646\/Property-1Frame-176.png\" title_text=\"giovan-battista-pirelli\" admin_label=\"Image\" _builder_version=\"4.27.4\" _module_preset=\"default\" custom_css_main_element=\"margin-top: auto;\" global_colors_info=\"{}\"][\/et_pb_image][\/et_pb_column][\/et_pb_row][et_pb_row _builder_version=\"4.27.4\" _module_preset=\"default\" width=\"90%\" max_width=\"1600px\" global_colors_info=\"{}\"][et_pb_column type=\"4_4\" _builder_version=\"4.27.4\" _module_preset=\"default\" global_colors_info=\"{}\"][et_pb_divider _builder_version=\"4.27.4\" _module_preset=\"default\" global_colors_info=\"{}\"][\/et_pb_divider][\/et_pb_column][\/et_pb_row][et_pb_row column_structure=\"1_4,1_4,1_4,1_4\" make_equal=\"on\" _builder_version=\"4.27.4\" _module_preset=\"default\" width=\"90%\" max_width=\"1600px\" global_colors_info=\"{}\"][et_pb_column type=\"1_4\" _builder_version=\"4.27.4\" _module_preset=\"default\" custom_padding=\"|||10px|false|false\" custom_css_main_element=\"display: flex;||flex-direction: column;||\" border_width_left=\"1px\" global_colors_info=\"{}\"][et_pb_text admin_label=\"anno\" _builder_version=\"4.27.4\" _module_preset=\"default\" header_font=\"|700|||||||\" header_text_color=\"gcid-body-color\" header_font_size=\"71px\" global_colors_info=\"{%22gcid-body-color%22:%91%22header_text_color%22%93}\"]<h1>1919 1920<\/h1>[\/et_pb_text][et_pb_divider show_divider=\"off\" admin_label=\"nome\" _builder_version=\"4.27.4\" _module_preset=\"default\" global_colors_info=\"{}\"][\/et_pb_divider][et_pb_text admin_label=\"divider\" _builder_version=\"4.27.4\" _module_preset=\"default\" header_font=\"|700|||||||\" header_text_color=\"#110000\" header_font_size=\"55px\" min_height=\"175px\" min_height_tablet=\"175px\" min_height_phone=\"175px\" min_height_last_edited=\"on|phone\" global_colors_info=\"{}\" custom_css_free_form=\"||@media (min-width: 1101px){||  selector h1{||    font-size: 45px !important;||  }||}||||@media (min-width: 1400px){||  selector h1{||    font-size: 54px !important;||  }||}||||@media (max-width: 1100px){||  selector h1{||    font-size: 40px !important;||  }||}||||selector h1{||    word-wrap: normal;||    word-break: normal;||}\"]<h1>Giovanni Silvestri<\/h1>[\/et_pb_text][et_pb_text admin_label=\"vita\" _builder_version=\"4.27.4\" _module_preset=\"default\" global_colors_info=\"{}\"]Nato a Genova il 24 ottobre 1858. \u00c9 un pioniere dell'industria meccanica italiana. Fonda l'azienda che dopo varie trasformazioni assume il nome di Officine Meccaniche gi\u00e0 Miani e Silvestri &amp; C. Grondone, Comi &amp; C., comincia a dedicare la sua attivit\u00e0 all'azienda nel 1885, divenendone poi Presidente.\nPresidente della Commissione esecutiva e del Comitato nazionale per le esposizioni ed esportazioni italiane all'estero. Presidente dell'Assonime. Esperto di industria, presta la sua opera a trattative doganali interessanti l'Italia. Senatore del Regno dal 1924.[\/et_pb_text][et_pb_image src=\"https:\/\/public.confindustria.it\/repository\/2025\/04\/07125521\/Property-1Frame-177.png\" title_text=\"giovanni-silvestri\" admin_label=\"Image\" _builder_version=\"4.27.4\" _module_preset=\"default\" custom_css_main_element=\"margin-top: auto;\" global_colors_info=\"{}\"][\/et_pb_image][\/et_pb_column][et_pb_column type=\"1_4\" _builder_version=\"4.27.4\" _module_preset=\"default\" custom_padding=\"|||10px|false|false\" custom_css_main_element=\"display: flex;||flex-direction: column;||\" border_width_left=\"1px\" global_colors_info=\"{}\"][et_pb_text admin_label=\"anno\" _builder_version=\"4.27.4\" _module_preset=\"default\" header_font=\"|700|||||||\" header_text_color=\"gcid-body-color\" header_font_size=\"71px\" global_colors_info=\"{%22gcid-body-color%22:%91%22header_text_color%22%93}\"]<h1>1920 1921<\/h1>[\/et_pb_text][et_pb_divider show_divider=\"off\" admin_label=\"nome\" _builder_version=\"4.27.4\" _module_preset=\"default\" global_colors_info=\"{}\"][\/et_pb_divider][et_pb_text admin_label=\"divider\" _builder_version=\"4.27.4\" _module_preset=\"default\" header_font=\"|700|||||||\" header_text_color=\"#110000\" header_font_size=\"55px\" min_height=\"175px\" min_height_tablet=\"175px\" min_height_phone=\"175px\" min_height_last_edited=\"on|phone\" global_colors_info=\"{}\" custom_css_free_form=\"||@media (min-width: 1101px){||  selector h1{||    font-size: 45px !important;||  }||}||||@media (min-width: 1400px){||  selector h1{||    font-size: 54px !important;||  }||}||||@media (max-width: 1100px){||  selector h1{||    font-size: 40px !important;||  }||}||||selector h1{||    word-wrap: normal;||    word-break: normal;||}\"]<h1>Ettore<\/h1>\n<h1>Conti<\/h1>[\/et_pb_text][et_pb_text admin_label=\"vita\" _builder_version=\"4.27.4\" _module_preset=\"default\" global_colors_info=\"{}\"]<p>Nato a Milano il 24 aprile 1871.<br \/>Pioniere delle applicazioni elettriche e dello sfruttamento delle forze idrauliche in Italia, fonda e presiede molte fra le maggiori societ\u00e0 industriali e finanziarie della prima met\u00e0 del '900: la Societ\u00e0 Imprese Elettriche Conti, la Societ\u00e0 Idroelettrica Ligure, l'Unione Esercizi Elettrici, la Societ\u00e0 Elettrica Riviera di Ponente, la Societ\u00e0 Pavese di Elettricit\u00e0 A. Volta, le Officine Elettriche di Novara, la Societ\u00e0 Orobia per gas e elettricit\u00e0, la Societ\u00e0 Elettrica Piemonte Orientale, la Societ\u00e0 Idroelettrica Piemonte, la Societ\u00e0 Nazionale per lo Sviluppo delle imprese Elettriche, la Societ\u00e0 Generale Elettrica dell'Adamello.<br \/>Presidente dell'Assonime e della Banca Commerciale. Senatore del Regno dal 1919.<\/p>[\/et_pb_text][et_pb_image src=\"https:\/\/public.confindustria.it\/repository\/2025\/04\/07125941\/Property-1Frame-178.png\" alt=\"Ettore Conti\" title_text=\"ettore-conti\" admin_label=\"Image\" _builder_version=\"4.27.4\" _module_preset=\"default\" custom_css_main_element=\"margin-top: auto;\" global_colors_info=\"{}\"][\/et_pb_image][\/et_pb_column][et_pb_column type=\"1_4\" _builder_version=\"4.27.4\" _module_preset=\"default\" custom_padding=\"|||10px|false|false\" custom_css_main_element=\"display: flex;||flex-direction: column;||\" border_width_left=\"1px\" global_colors_info=\"{}\"][et_pb_text admin_label=\"anno\" _builder_version=\"4.27.4\" _module_preset=\"default\" header_font=\"|700|||||||\" header_text_color=\"gcid-body-color\" header_font_size=\"71px\" global_colors_info=\"{%22gcid-body-color%22:%91%22header_text_color%22%93}\"]<h1>1922\u00a0 1923<\/h1>[\/et_pb_text][et_pb_divider show_divider=\"off\" admin_label=\"nome\" _builder_version=\"4.27.4\" _module_preset=\"default\" global_colors_info=\"{}\"][\/et_pb_divider][et_pb_text admin_label=\"divider\" _builder_version=\"4.27.4\" _module_preset=\"default\" header_font=\"|700|||||||\" header_text_color=\"#110000\" header_font_size=\"55px\" min_height=\"175px\" min_height_tablet=\"175px\" min_height_phone=\"175px\" min_height_last_edited=\"on|phone\" global_colors_info=\"{}\" custom_css_free_form=\"||@media (min-width: 1101px){||  selector h1{||    font-size: 45px !important;||  }||}||||@media (min-width: 1400px){||  selector h1{||    font-size: 54px !important;||  }||}||||@media (max-width: 1100px){||  selector h1{||    font-size: 40px !important;||  }||}||||selector h1{||    word-wrap: normal;||    word-break: normal;||}\"]<h1>Raimondo Targetti<\/h1>[\/et_pb_text][et_pb_text admin_label=\"vita\" _builder_version=\"4.27.4\" _module_preset=\"default\" global_colors_info=\"{}\"]Nato a Firenze l'8 novembre 1869.\nFonda il Lanificio Nazionale Targetti, contribuisce allo sviluppo ed al crescente affermarsi in Italia ed all'estero dell'industria della lana. \nNel 1907 \u00e8 chiamato a far parte della Commissione reale per lo studio del regime economico-doganale e dei trattati di commercio, e ne \u00e8 il relatore per la categoria della lana. \nSenatore del Regno dal 1939.[\/et_pb_text][et_pb_image src=\"https:\/\/public.confindustria.it\/repository\/2025\/04\/07130141\/Property-1Frame-179.png\" alt=\"Raimondo Targetti\" title_text=\"raimondo-targetti\" admin_label=\"Image\" _builder_version=\"4.27.4\" _module_preset=\"default\" custom_css_main_element=\"margin-top: auto;\" global_colors_info=\"{}\"][\/et_pb_image][\/et_pb_column][et_pb_column type=\"1_4\" _builder_version=\"4.27.4\" _module_preset=\"default\" custom_padding=\"|||10px|false|false\" custom_css_main_element=\"display: flex;||flex-direction: column;||\" border_width_left=\"1px\" global_colors_info=\"{}\"][et_pb_text admin_label=\"anno\" _builder_version=\"4.27.4\" _module_preset=\"default\" text_text_color=\"gcid-body-color\" header_font=\"|700|||||||\" header_text_color=\"gcid-body-color\" header_font_size=\"71px\" global_colors_info=\"{%22gcid-body-color%22:%91%22text_text_color%22,%22header_text_color%22%93}\"]<h1>1923\u00a0 1934<\/h1>[\/et_pb_text][et_pb_divider show_divider=\"off\" admin_label=\"nome\" _builder_version=\"4.27.4\" _module_preset=\"default\" global_colors_info=\"{}\"][\/et_pb_divider][et_pb_text admin_label=\"divider\" _builder_version=\"4.27.4\" _module_preset=\"default\" header_font=\"|700|||||||\" header_text_color=\"#110000\" header_font_size=\"55px\" min_height=\"175px\" min_height_tablet=\"175px\" min_height_phone=\"175px\" min_height_last_edited=\"on|phone\" global_colors_info=\"{}\" custom_css_free_form=\"||@media (min-width: 1101px){||  selector h1{||    font-size: 45px !important;||  }||}||||@media (min-width: 1400px){||  selector h1{||    font-size: 54px !important;||  }||}||||@media (max-width: 1100px){||  selector h1{||    font-size: 40px !important;||  }||}||||selector h1{||    word-wrap: normal;||    word-break: normal;||}\"]<h1>Antonio Stefano Benni<\/h1>[\/et_pb_text][et_pb_text admin_label=\"vita\" _builder_version=\"4.27.4\" _module_preset=\"default\" global_colors_info=\"{}\"]Nato a Cuneo il 18 aprile 1880.\nInsieme ad Ercole Marelli, contribuisce a creare la Societ\u00e0 Ercole Marelli & C. per la costruzione di macchinario elettrico e ne diventa, in seguito, Presidente.\nOccupa numerose cariche in societ\u00e0 industriali, bancarie e commerciali.\nMembro del Consiglio superiore dell'economia e del lavoro.\nDeputato dal 1921, ministro delle comunicazioni dal gennaio 1935 all'ottobre 1939.[\/et_pb_text][et_pb_image src=\"https:\/\/public.confindustria.it\/repository\/2025\/04\/07130652\/Property-1Frame-180.png\" alt=\"Antonio Stefano Benni\" title_text=\"antonio-stefano-benni\" admin_label=\"Image\" _builder_version=\"4.27.4\" _module_preset=\"default\" custom_css_main_element=\"margin-top: auto;\" global_colors_info=\"{}\"][\/et_pb_image][\/et_pb_column][\/et_pb_row][et_pb_row _builder_version=\"4.27.4\" _module_preset=\"default\" width=\"90%\" max_width=\"1600px\" global_colors_info=\"{}\"][et_pb_column type=\"4_4\" _builder_version=\"4.27.4\" _module_preset=\"default\" global_colors_info=\"{}\"][et_pb_divider _builder_version=\"4.27.4\" _module_preset=\"default\" global_colors_info=\"{}\"][\/et_pb_divider][\/et_pb_column][\/et_pb_row][et_pb_row column_structure=\"1_4,1_4,1_4,1_4\" make_equal=\"on\" _builder_version=\"4.27.4\" _module_preset=\"default\" width=\"90%\" max_width=\"1600px\" global_colors_info=\"{}\"][et_pb_column type=\"1_4\" _builder_version=\"4.27.4\" _module_preset=\"default\" custom_padding=\"|||10px|false|false\" custom_css_main_element=\"display: flex;||flex-direction: column;\" border_width_left=\"1px\" global_colors_info=\"{}\"][et_pb_text admin_label=\"anno\" _builder_version=\"4.27.4\" _module_preset=\"default\" header_font=\"|700|||||||\" header_text_color=\"gcid-body-color\" header_font_size=\"71px\" global_colors_info=\"{%22gcid-body-color%22:%91%22header_text_color%22%93}\"]<h1>1934 1934<\/h1>[\/et_pb_text][et_pb_divider show_divider=\"off\" admin_label=\"nome\" _builder_version=\"4.27.4\" _module_preset=\"default\" global_colors_info=\"{}\"][\/et_pb_divider][et_pb_text admin_label=\"divider\" _builder_version=\"4.27.4\" _module_preset=\"default\" header_font=\"|700|||||||\" header_text_color=\"#110000\" header_font_size=\"55px\" min_height=\"175px\" min_height_tablet=\"175px\" min_height_phone=\"175px\" min_height_last_edited=\"on|phone\" global_colors_info=\"{}\" custom_css_free_form=\"||@media (min-width: 1101px){||  selector h1{||    font-size: 45px !important;||  }||}||||@media (min-width: 1400px){||  selector h1{||    font-size: 54px !important;||  }||}||||@media (max-width: 1100px){||  selector h1{||    font-size: 40px !important;||  }||}||||selector h1{||    word-wrap: normal;||    word-break: normal;||}\"]<h1>Alberto Pirelli\u00a0<\/h1>[\/et_pb_text][et_pb_text admin_label=\"vita\" _builder_version=\"4.27.4\" _module_preset=\"default\" global_colors_info=\"{}\"]Nato a Genova il 24 ottobre 1858. \u00c9 un pioniere dell'industria meccanica italiana. Fonda l'azienda che dopo varie trasformazioni assume il nome di Officine Meccaniche gi\u00e0 Miani e Silvestri &amp; C. Grondone, Comi &amp; C., comincia a dedicare la sua attivit\u00e0 all'azienda nel 1885, divenendone poi Presidente.\nPresidente della Commissione esecutiva e del Comitato nazionale per le esposizioni ed esportazioni italiane all'estero. Presidente dell'Assonime. Esperto di industria, presta la sua opera a trattative doganali interessanti l'Italia. Senatore del Regno dal 1924.[\/et_pb_text][et_pb_image src=\"https:\/\/public.confindustria.it\/repository\/2025\/04\/07135158\/Property-1Frame-181.png\" alt=\"Alberto Pirelli\" title_text=\"alberto-pirelli\" admin_label=\"Image\" _builder_version=\"4.27.4\" _module_preset=\"default\" custom_css_main_element=\"margin-top: auto;\" global_colors_info=\"{}\"][\/et_pb_image][\/et_pb_column][et_pb_column type=\"1_4\" _builder_version=\"4.27.4\" _module_preset=\"default\" custom_padding=\"|||10px|false|false\" custom_css_main_element=\"display: flex;||flex-direction: column;\" border_width_left=\"1px\" global_colors_info=\"{}\"][et_pb_text admin_label=\"anno\" _builder_version=\"4.27.4\" _module_preset=\"default\" header_font=\"|700|||||||\" header_text_color=\"gcid-body-color\" header_font_size=\"71px\" global_colors_info=\"{%22gcid-body-color%22:%91%22header_text_color%22%93}\"]<h1>1934 1943<\/h1>[\/et_pb_text][et_pb_divider show_divider=\"off\" admin_label=\"nome\" _builder_version=\"4.27.4\" _module_preset=\"default\" global_colors_info=\"{}\"][\/et_pb_divider][et_pb_text admin_label=\"divider\" _builder_version=\"4.27.4\" _module_preset=\"default\" global_colors_info=\"{}\" header_font=\"|700|||||||\" header_text_color=\"#110000\" header_font_size=\"55px\" min_height=\"175px\" min_height_tablet=\"175px\" min_height_phone=\"175px\" min_height_last_edited=\"on|phone\" custom_css_free_form=\"||@media (min-width: 1101px){||  selector h1{||    font-size: 45px !important;||  }||}||||@media (min-width: 1400px){||  selector h1{||    font-size: 54px !important;||  }||}||||@media (max-width: 1100px){||  selector h1{||    font-size: 40px !important;||  }||}||||selector h1{||    word-wrap: normal;||    word-break: normal;||}\"]<h1>Giuseppe Volpi di Misurata<\/h1>[\/et_pb_text][et_pb_text admin_label=\"vita\" _builder_version=\"4.27.4\" _module_preset=\"default\" hover_enabled=\"0\" global_colors_info=\"{}\" sticky_enabled=\"0\"]<p>Nato a Milano il 24 aprile 1871.<br \/>Pioniere delle applicazioni elettriche e dello sfruttamento delle forze idrauliche in Italia, fonda e presiede molte fra le maggiori societ\u00e0 industriali e finanziarie della prima met\u00e0 del '900: la Societ\u00e0 Imprese Elettriche Conti, la Societ\u00e0 Idroelettrica Ligure, l'Unione Esercizi Elettrici, la Societ\u00e0 Elettrica Riviera di Ponente, la Societ\u00e0 Pavese di Elettricit\u00e0 A. Volta, le Officine Elettriche di Novara, la Societ\u00e0 Orobia per gas e elettricit\u00e0, la Societ\u00e0 Elettrica Piemonte Orientale, la Societ\u00e0 Idroelettrica Piemonte, la Societ\u00e0 Nazionale per lo Sviluppo delle imprese Elettriche, la Societ\u00e0 Generale Elettrica dell'Adamello.<br \/>Presidente dell'Assonime e della Banca Commerciale. Senatore del Regno dal 1919.<\/p>[\/et_pb_text][et_pb_image src=\"https:\/\/public.confindustria.it\/repository\/2025\/04\/07135246\/Property-1Frame-182.png\" alt=\"Giuseppe Volpi di Misurata\" title_text=\"giuseppe-volpi-di-misurata\" admin_label=\"Image\" _builder_version=\"4.27.4\" _module_preset=\"default\" custom_css_main_element=\"margin-top: auto;\" global_colors_info=\"{}\"][\/et_pb_image][\/et_pb_column][et_pb_column type=\"1_4\" _builder_version=\"4.27.4\" _module_preset=\"default\" custom_padding=\"|||10px|false|false\" custom_css_main_element=\"display: flex;||flex-direction: column;\" border_width_left=\"1px\" global_colors_info=\"{}\"][et_pb_text admin_label=\"anno\" _builder_version=\"4.27.4\" _module_preset=\"default\" header_font=\"|700|||||||\" header_text_color=\"gcid-body-color\" header_font_size=\"71px\" global_colors_info=\"{%22gcid-body-color%22:%91%22header_text_color%22%93}\"]<h1>1943\u00a0 1943<\/h1>[\/et_pb_text][et_pb_divider show_divider=\"off\" admin_label=\"nome\" _builder_version=\"4.27.4\" _module_preset=\"default\" global_colors_info=\"{}\"][\/et_pb_divider][et_pb_text admin_label=\"divider\" _builder_version=\"4.27.4\" _module_preset=\"default\" header_font=\"|700|||||||\" header_text_color=\"#110000\" header_font_size=\"55px\" min_height=\"175px\" min_height_tablet=\"175px\" min_height_phone=\"175px\" min_height_last_edited=\"on|phone\" global_colors_info=\"{}\" custom_css_free_form=\"||@media (min-width: 1101px){||  selector h1{||    font-size: 45px !important;||  }||}||||@media (min-width: 1400px){||  selector h1{||    font-size: 54px !important;||  }||}||||@media (max-width: 1100px){||  selector h1{||    font-size: 40px !important;||  }||}||||selector h1{||    word-wrap: normal;||    word-break: normal;||}\"]<h1>Giovanni Balella<\/h1>[\/et_pb_text][et_pb_text admin_label=\"vita\" _builder_version=\"4.27.4\" _module_preset=\"default\" global_colors_info=\"{}\"]Nato a Firenze l'8 novembre 1869.\nFonda il Lanificio Nazionale Targetti, contribuisce allo sviluppo ed al crescente affermarsi in Italia ed all'estero dell'industria della lana. \nNel 1907 \u00e8 chiamato a far parte della Commissione reale per lo studio del regime economico-doganale e dei trattati di commercio, e ne \u00e8 il relatore per la categoria della lana. \nSenatore del Regno dal 1939.[\/et_pb_text][et_pb_image src=\"https:\/\/public.confindustria.it\/repository\/2025\/04\/07135408\/Property-1Frame-183.png\" alt=\"Giovanni Balella\" title_text=\"giovanni-balella\" admin_label=\"Image\" _builder_version=\"4.27.4\" _module_preset=\"default\" custom_css_main_element=\"margin-top: auto;\" global_colors_info=\"{}\"][\/et_pb_image][\/et_pb_column][et_pb_column type=\"1_4\" _builder_version=\"4.27.4\" _module_preset=\"default\" custom_padding=\"|||10px|false|false\" custom_css_main_element=\"display: flex;||flex-direction: column;\" border_width_left=\"1px\" global_colors_info=\"{}\"][et_pb_text admin_label=\"anno\" _builder_version=\"4.27.4\" _module_preset=\"default\" text_text_color=\"gcid-body-color\" header_font=\"|700|||||||\" header_text_color=\"gcid-body-color\" header_font_size=\"71px\" global_colors_info=\"{%22gcid-body-color%22:%91%22text_text_color%22,%22header_text_color%22%93}\"]<h1>1943\u00a0 1943<\/h1>[\/et_pb_text][et_pb_divider show_divider=\"off\" admin_label=\"nome\" _builder_version=\"4.27.4\" _module_preset=\"default\" global_colors_info=\"{}\"][\/et_pb_divider][et_pb_text admin_label=\"divider\" _builder_version=\"4.27.4\" _module_preset=\"default\" header_font=\"|700|||||||\" header_text_color=\"#110000\" header_font_size=\"55px\" min_height=\"175px\" min_height_tablet=\"175px\" min_height_phone=\"175px\" min_height_last_edited=\"on|phone\" global_colors_info=\"{}\" custom_css_free_form=\"||@media (min-width: 1101px){||  selector h1{||    font-size: 45px !important;||  }||}||||@media (min-width: 1400px){||  selector h1{||    font-size: 54px !important;||  }||}||||@media (max-width: 1100px){||  selector h1{||    font-size: 40px !important;||  }||}||||selector h1{||    word-wrap: normal;||    word-break: normal;||}\"]<h1>Giuseppe Mazzini<\/h1>[\/et_pb_text][et_pb_text admin_label=\"vita\" _builder_version=\"4.27.4\" _module_preset=\"default\" global_colors_info=\"{}\"]<p>Nato a Livorno il 7 aprile 1883.Ingegnere industriale.<br \/>Amministratore delegato per oltre trent'anni delle grandi Officine Vay Assauto di Asti.<br \/>Presidente e consigliere di numerose altre societ\u00e0 industriali.<br \/>Deputato al Parlamento dal 1921 al 1939.<br \/>Come deputato, dal 1922 al 1934 predispone le relazioni annuali sul bilancio della finanza per incarico della Giunta del bilancio.<br \/>Membro della Giunta dei trattati.<br \/>\u00c8 alla presidenza della Confindustria, come commissario ministeriale, dal 9 agosto al 9 settembre 1943<\/p>[\/et_pb_text][et_pb_image src=\"https:\/\/public.confindustria.it\/repository\/2025\/04\/07135748\/Property-1Frame-184.png\" alt=\"Giuseppe Mazzini\" title_text=\"giuseppe-mazzini\" admin_label=\"Image\" _builder_version=\"4.27.4\" _module_preset=\"default\" custom_css_main_element=\"margin-top: auto;\" global_colors_info=\"{}\"][\/et_pb_image][\/et_pb_column][\/et_pb_row][et_pb_row _builder_version=\"4.27.4\" _module_preset=\"default\" width=\"90%\" max_width=\"1600px\" global_colors_info=\"{}\"][et_pb_column type=\"4_4\" _builder_version=\"4.27.4\" _module_preset=\"default\" global_colors_info=\"{}\"][et_pb_divider _builder_version=\"4.27.4\" _module_preset=\"default\" global_colors_info=\"{}\"][\/et_pb_divider][\/et_pb_column][\/et_pb_row][et_pb_row column_structure=\"1_4,1_4,1_4,1_4\" make_equal=\"on\" _builder_version=\"4.27.4\" _module_preset=\"default\" width=\"90%\" max_width=\"1600px\" global_colors_info=\"{}\"][et_pb_column type=\"1_4\" _builder_version=\"4.27.4\" _module_preset=\"default\" custom_padding=\"|||10px|false|false\" custom_css_main_element=\"display: flex;||flex-direction: column;\" border_width_left=\"1px\" global_colors_info=\"{}\"][et_pb_text admin_label=\"anno\" _builder_version=\"4.27.4\" _module_preset=\"default\" header_font=\"|700|||||||\" header_text_color=\"gcid-body-color\" header_font_size=\"71px\" global_colors_info=\"{%22gcid-body-color%22:%91%22header_text_color%22%93}\"]<h1>1944 1945<\/h1>[\/et_pb_text][et_pb_divider show_divider=\"off\" admin_label=\"nome\" _builder_version=\"4.27.4\" _module_preset=\"default\" global_colors_info=\"{}\"][\/et_pb_divider][et_pb_text admin_label=\"divider\" _builder_version=\"4.27.4\" _module_preset=\"default\" header_font=\"|700|||||||\" header_text_color=\"#110000\" header_font_size=\"55px\" min_height=\"175px\" min_height_tablet=\"175px\" min_height_phone=\"175px\" min_height_last_edited=\"on|phone\" global_colors_info=\"{}\" custom_css_free_form=\"||@media (min-width: 1101px){||  selector h1{||    font-size: 45px !important;||  }||}||||@media (min-width: 1400px){||  selector h1{||    font-size: 54px !important;||  }||}||||@media (max-width: 1100px){||  selector h1{||    font-size: 40px !important;||  }||}||||selector h1{||    word-wrap: normal;||    word-break: normal;||}\"]<h1>Fabio Friggeri<\/h1>[\/et_pb_text][et_pb_text admin_label=\"vita\" _builder_version=\"4.27.4\" _module_preset=\"default\" global_colors_info=\"{}\"]<p>Nato a Roma il 3 novembre 1884. Esperto dei problemi dei trasporti, nel cui settore esplica per conto dell'amministrazione dello Stato importanti incarichi direttivi, si dedica successivamente a varie attivit\u00e0 industriali.<br \/>Direttore generale delle Distillerie di Avezzano e successivamente dello Zuccherificio di Avezzano, consigliere di amministrazione del Consorzio nazionale produttori zucchero dal 1927 al 1947.<br \/>Presidente della Banca del Fucino.<br \/>Nominato dal Governo vice commissario della Confindustria nel settembre 1944, \u00e8 fra i promotori della sua ricostituzione.<\/p>[\/et_pb_text][et_pb_image src=\"https:\/\/public.confindustria.it\/repository\/2025\/04\/07163238\/Property-1Frame-185-300x300.png\" alt=\"Fabio Friggeri\" title_text=\"fabio-friggeri\" admin_label=\"Image\" _builder_version=\"4.27.4\" _module_preset=\"default\" custom_css_main_element=\"margin-top: auto;\" global_colors_info=\"{}\"][\/et_pb_image][\/et_pb_column][et_pb_column type=\"1_4\" _builder_version=\"4.27.4\" _module_preset=\"default\" custom_padding=\"|||10px|false|false\" custom_css_main_element=\"display: flex;||flex-direction: column;\" border_width_left=\"1px\" global_colors_info=\"{}\"][et_pb_text admin_label=\"anno\" _builder_version=\"4.27.4\" _module_preset=\"default\" header_font=\"|700|||||||\" header_text_color=\"gcid-body-color\" header_font_size=\"71px\" global_colors_info=\"{%22gcid-body-color%22:%91%22header_text_color%22%93}\"]<h1>1945 1955<\/h1>[\/et_pb_text][et_pb_divider show_divider=\"off\" admin_label=\"nome\" _builder_version=\"4.27.4\" _module_preset=\"default\" global_colors_info=\"{}\"][\/et_pb_divider][et_pb_text admin_label=\"divider\" _builder_version=\"4.27.4\" _module_preset=\"default\" header_font=\"|700|||||||\" header_text_color=\"#110000\" header_font_size=\"55px\" min_height=\"175px\" min_height_tablet=\"175px\" min_height_phone=\"175px\" min_height_last_edited=\"on|phone\" global_colors_info=\"{}\" custom_css_free_form=\"||@media (min-width: 1101px){||  selector h1{||    font-size: 45px !important;||  }||}||||@media (min-width: 1400px){||  selector h1{||    font-size: 54px !important;||  }||}||||@media (max-width: 1100px){||  selector h1{||    font-size: 40px !important;||  }||}||||selector h1{||    word-wrap: normal;||    word-break: normal;||}\"]<h1><span>Angelo Costa\u00a0<\/span><\/h1>[\/et_pb_text][et_pb_text admin_label=\"vita\" _builder_version=\"4.27.4\" _module_preset=\"default\" global_colors_info=\"{}\"]<p>Nato a Genova il 18 aprile 1901.<br \/>Scuola superiore di commercio dell'Universit\u00e0 di Genova.<br \/>Nel 1925 entra a far parte della ditta di famiglia potenziandone l'attivit\u00e0 nel campo della produzione e della raffinazione dell'olio, nel 1936 entra nel campo armatoriale.<br \/>Convinto liberista, denuncia i vincoli imposti dal regime fascista come rivolti ad instaurare un'economia controllata. Sottolinea sempre l'importanza vitale delle piccole-medie imprese per lo sviluppo industriale del Paese.<br \/>Presidente dell'Ente Bacini S.p.A., della Banca Passatore &amp; C., dello Stabilimento Duca Visconti di Modrone e vice Presidente del Cotonificio Cantoni di Milano.<br \/>Cavaliere del lavoro.<\/p>[\/et_pb_text][et_pb_image src=\"https:\/\/public.confindustria.it\/repository\/2025\/04\/07164449\/Property-1Frame-186.png\" alt=\"Angelo Costa\" title_text=\"angelo-costa\" admin_label=\"Image\" _builder_version=\"4.27.4\" _module_preset=\"default\" custom_css_main_element=\"margin-top: auto;\" global_colors_info=\"{}\"][\/et_pb_image][\/et_pb_column][et_pb_column type=\"1_4\" _builder_version=\"4.27.4\" _module_preset=\"default\" custom_padding=\"|||10px|false|false\" custom_css_main_element=\"display: flex;||flex-direction: column;\" border_width_left=\"1px\" global_colors_info=\"{}\"][et_pb_text admin_label=\"anno\" _builder_version=\"4.27.4\" _module_preset=\"default\" header_font=\"|700|||||||\" header_text_color=\"gcid-body-color\" header_font_size=\"71px\" global_colors_info=\"{%22gcid-body-color%22:%91%22header_text_color%22%93}\"]<h1>1955\u00a0 1961<\/h1>[\/et_pb_text][et_pb_divider show_divider=\"off\" admin_label=\"nome\" _builder_version=\"4.27.4\" _module_preset=\"default\" global_colors_info=\"{}\"][\/et_pb_divider][et_pb_text admin_label=\"divider\" _builder_version=\"4.27.4\" _module_preset=\"default\" header_font=\"|700|||||||\" header_text_color=\"#110000\" header_font_size=\"55px\" min_height=\"175px\" min_height_tablet=\"175px\" min_height_phone=\"175px\" min_height_last_edited=\"on|phone\" global_colors_info=\"{}\" custom_css_free_form=\"||@media (min-width: 1101px){||  selector h1{||    font-size: 45px !important;||  }||}||||@media (min-width: 1400px){||  selector h1{||    font-size: 54px !important;||  }||}||||@media (max-width: 1100px){||  selector h1{||    font-size: 40px !important;||  }||}||||selector h1{||    word-wrap: normal;||    word-break: normal;||}\"]<h1>Alighiero De Micheli\u00a0<\/h1>[\/et_pb_text][et_pb_text admin_label=\"vita\" _builder_version=\"4.27.4\" _module_preset=\"default\" global_colors_info=\"{}\"]<p>Nato a Milano il 20 dicembre 1904.<br \/>Entra giovanissimo nell'azienda paterna, una fabbrica di tessuti elastici, mentre frequenta la Facolt\u00e0 di giurisprudenza presso l'Universit\u00e0 di Milano.<br \/>Assunta in prima persona la direzione dell'azienda, nel suo campo una delle maggiori in Europa, nel 1946 diventa Presidente dell'Assolombarda.<br \/>Amministratore di numerose societ\u00e0 industriali e bancarie (il Lanificio di Somma lombardo, il Cotonificio di Spoleto, la Banca di Credito Artigiano e il Banco di Sicilia), \u00e8 presente anche in organizzazioni imprenditoriali europee come l'Unice e il Cife.<br \/>Presidente della Pinacoteca di Brera e del Museo Poldi-Pezzoli. Membro dell'Istituto di politica internazionale e dell'Universit\u00e0 Bocconi<\/p>[\/et_pb_text][et_pb_image src=\"https:\/\/public.confindustria.it\/repository\/2025\/04\/07164749\/Property-1Frame-187-300x300.png\" alt=\"Alighiero De Micheli\" title_text=\"alighiero-de-micheli\" admin_label=\"Image\" _builder_version=\"4.27.4\" _module_preset=\"default\" custom_css_main_element=\"margin-top: auto;\" global_colors_info=\"{}\"][\/et_pb_image][\/et_pb_column][et_pb_column type=\"1_4\" _builder_version=\"4.27.4\" _module_preset=\"default\" custom_padding=\"|||10px|false|false\" custom_css_main_element=\"display: flex;||flex-direction: column;\" border_width_left=\"1px\" global_colors_info=\"{}\"][et_pb_text admin_label=\"anno\" _builder_version=\"4.27.4\" _module_preset=\"default\" text_text_color=\"gcid-body-color\" header_font=\"|700|||||||\" header_text_color=\"gcid-body-color\" header_font_size=\"71px\" global_colors_info=\"{%22gcid-body-color%22:%91%22text_text_color%22,%22header_text_color%22%93}\"]<h1>1961 1966<\/h1>[\/et_pb_text][et_pb_divider show_divider=\"off\" admin_label=\"nome\" _builder_version=\"4.27.4\" _module_preset=\"default\" global_colors_info=\"{}\" header_font=\"|700|||||||\" header_text_color=\"#110000\" header_font_size=\"55px\" custom_css_free_form=\"||@media (min-width: 1101px){||  selector h1{||    font-size: 35px;||  }||}||||@media (min-width: 1400px){||  selector h1{||    font-size: 54px;||  }||}||||@media (max-width: 1100px){||  selector h1{||    font-size: 30px;||  }||}||||selector h1{||    word-wrap: normal;||    word-break: normal;||}\"][\/et_pb_divider][et_pb_text admin_label=\"divider\" _builder_version=\"4.27.4\" _module_preset=\"default\" header_font=\"|700|||||||\" header_text_color=\"#110000\" header_font_size=\"55px\" min_height=\"175px\" min_height_tablet=\"175px\" min_height_phone=\"175px\" min_height_last_edited=\"on|phone\" global_colors_info=\"{}\" custom_css_free_form=\"||@media (min-width: 1101px){||  selector h1{||    font-size: 45px !important;||  }||}||||@media (min-width: 1400px){||  selector h1{||    font-size: 54px !important;||  }||}||||@media (max-width: 1100px){||  selector h1{||    font-size: 40px !important;||  }||}||||selector h1{||    word-wrap: normal;||    word-break: normal;||}\"]<h1>Furio Cicogna<\/h1>[\/et_pb_text][et_pb_text admin_label=\"vita\" _builder_version=\"4.27.4\" _module_preset=\"default\" global_colors_info=\"{}\"]<p>Nato ad Asti il 21 giugno 1891.<br \/>Laurea in scienze economiche e commerciali.<br \/>Assunto dalla Bombrini e Parodi nel 1913 passa nel 1921 alle Manifatture Cotoniere Meridionali.<br \/>Nel 1925, consigliere delegato della Chatillon e successivamente presidente della stessa.<br \/>Fonda, nei primi anni cinquanta, le sue due aziende: la Stampa Tessuti Artistici e la Neyercord Italiana. A queste si aggiungono varie partecipazioni e incarichi in societ\u00e0 industriali e banche.<br \/>Presidente dell'Assolombarda nel 1955.<br \/>Si distingue nel campo culturale e benefico: Presidente della Bocconi e dell'Ospizio Sacra Famiglia: principale fondatore della Casa dello studente italiano presso la citt\u00e0 universitaria di Parigi.<\/p>[\/et_pb_text][et_pb_image src=\"https:\/\/public.confindustria.it\/repository\/2025\/04\/07165040\/Property-1Frame-188.png\" alt=\"Furio Cicogna\" title_text=\"furio-cicogna\" admin_label=\"Image\" _builder_version=\"4.27.4\" _module_preset=\"default\" custom_css_main_element=\"margin-top: auto;\" global_colors_info=\"{}\"][\/et_pb_image][\/et_pb_column][\/et_pb_row][et_pb_row _builder_version=\"4.27.4\" _module_preset=\"default\" width=\"90%\" max_width=\"1600px\" global_colors_info=\"{}\"][et_pb_column type=\"4_4\" _builder_version=\"4.27.4\" _module_preset=\"default\" global_colors_info=\"{}\"][et_pb_divider _builder_version=\"4.27.4\" _module_preset=\"default\" global_colors_info=\"{}\"][\/et_pb_divider][\/et_pb_column][\/et_pb_row][et_pb_row column_structure=\"1_4,1_4,1_4,1_4\" make_equal=\"on\" _builder_version=\"4.27.4\" _module_preset=\"default\" width=\"90%\" max_width=\"1600px\" global_colors_info=\"{}\"][et_pb_column type=\"1_4\" _builder_version=\"4.27.4\" _module_preset=\"default\" custom_padding=\"|||10px|false|false\" custom_css_main_element=\"display: flex;||flex-direction: column;\" border_width_left=\"1px\" global_colors_info=\"{}\"][et_pb_text admin_label=\"anno\" _builder_version=\"4.27.4\" _module_preset=\"default\" header_font=\"|700|||||||\" header_text_color=\"gcid-body-color\" header_font_size=\"71px\" global_colors_info=\"{%22gcid-body-color%22:%91%22header_text_color%22%93}\"]<h1>1966 1970<\/h1>[\/et_pb_text][et_pb_divider show_divider=\"off\" admin_label=\"nome\" _builder_version=\"4.27.4\" _module_preset=\"default\" global_colors_info=\"{}\"][\/et_pb_divider][et_pb_text admin_label=\"divider\" _builder_version=\"4.27.4\" _module_preset=\"default\" header_font=\"|700|||||||\" header_text_color=\"#110000\" header_font_size=\"55px\" min_height=\"175px\" min_height_tablet=\"175px\" min_height_phone=\"175px\" min_height_last_edited=\"on|phone\" global_colors_info=\"{}\" custom_css_free_form=\"||@media (min-width: 1101px){||  selector h1{||    font-size: 45px !important;||  }||}||||@media (min-width: 1400px){||  selector h1{||    font-size: 54px !important;||  }||}||||@media (max-width: 1100px){||  selector h1{||    font-size: 40px !important;||  }||}||||selector h1{||    word-wrap: normal;||    word-break: normal;||}\"]<h1><span>Angelo Costa\u00a0<\/span><\/h1>[\/et_pb_text][et_pb_text admin_label=\"vita\" _builder_version=\"4.27.4\" _module_preset=\"default\" global_colors_info=\"{}\"]<p>Nato a Genova il 18 aprile 1901.<br \/>Scuola superiore di commercio dell'Universit\u00e0 di Genova.<br \/>Nel 1925 entra a far parte della ditta di famiglia potenziandone l'attivit\u00e0 nel campo della produzione e della raffinazione dell'olio, nel 1936 entra nel campo armatoriale.<br \/>Convinto liberista, denuncia i vincoli imposti dal regime fascista come rivolti ad instaurare un'economia controllata. Sottolinea sempre l'importanza vitale delle piccole-medie imprese per lo sviluppo industriale del Paese.<br \/>Presidente dell'Ente Bacini S.p.A., della Banca Passatore &amp; C., dello Stabilimento Duca Visconti di Modrone e vice Presidente del Cotonificio Cantoni di Milano.<br \/>Cavaliere del lavoro.<\/p>[\/et_pb_text][et_pb_image src=\"https:\/\/public.confindustria.it\/repository\/2025\/04\/07164449\/Property-1Frame-186.png\" alt=\"Angelo Costa\" title_text=\"angelo-costa\" admin_label=\"Image\" _builder_version=\"4.27.4\" _module_preset=\"default\" custom_css_main_element=\"margin-top: auto;\" global_colors_info=\"{}\"][\/et_pb_image][\/et_pb_column][et_pb_column type=\"1_4\" _builder_version=\"4.27.4\" _module_preset=\"default\" custom_padding=\"|||10px|false|false\" custom_css_main_element=\"display: flex;||flex-direction: column;\" border_width_left=\"1px\" global_colors_info=\"{}\"][et_pb_text admin_label=\"anno\" _builder_version=\"4.27.4\" _module_preset=\"default\" header_font=\"|700|||||||\" header_text_color=\"gcid-body-color\" header_font_size=\"71px\" global_colors_info=\"{%22gcid-body-color%22:%91%22header_text_color%22%93}\"]<h1>1970 1974<\/h1>[\/et_pb_text][et_pb_divider show_divider=\"off\" admin_label=\"nome\" _builder_version=\"4.27.4\" _module_preset=\"default\" global_colors_info=\"{}\"][\/et_pb_divider][et_pb_text admin_label=\"divider\" _builder_version=\"4.27.4\" _module_preset=\"default\" header_font=\"|700|||||||\" header_text_color=\"#110000\" header_font_size=\"55px\" min_height=\"175px\" min_height_tablet=\"175px\" min_height_phone=\"175px\" min_height_last_edited=\"on|phone\" global_colors_info=\"{}\" custom_css_free_form=\"||@media (min-width: 1101px){||  selector h1{||    font-size: 45px !important;||  }||}||||@media (min-width: 1400px){||  selector h1{||    font-size: 54px !important;||  }||}||||@media (max-width: 1100px){||  selector h1{||    font-size: 40px !important;||  }||}||||selector h1{||    word-wrap: normal;||    word-break: normal;||}\"]<h1>Renato Lombardi\u00a0<\/h1>[\/et_pb_text][et_pb_text admin_label=\"vita\" _builder_version=\"4.27.4\" _module_preset=\"default\" global_colors_info=\"{}\"]<p>Nato a Napoli l'11 giugno 1906.<br \/>Laureato presso l'Universit\u00e0 di Roma in Ingegneria elettronica nel 1928. Vincitore della borsa di studio \"A. Volta\", consegue il master presso l'Universit\u00e0 di Standford in California.<br \/>Tornato in Italia \u00e8 assunto nel 1932 dalla CGE di Milano, dove inizia una rapida carriera fino ad assumere la direzione del servizio centrali elettriche.<br \/>Nel 1944 passa all'industria laniera, ristrutturando integralmente la Filatura di Grignasco e il Lanificio Bozzalla e Lesna.<br \/>Dal 1958 al 1963, presidente dell'Associazione nazionale industriale laniera italiana e, dal 1959 al 1963 della Federazione laniera internazionale.<br \/>Presidente dell'Assonime dal 1959.<br \/>Presidente della Camera di Commercio internazionale di Parigi.<br \/>Vice Presidente della Banca Subalpina.<br \/>Vice Presidente dell'Istituto finanziario laniero, consigliere delegato del Credito lombardo e della Societ\u00e0 metallurgica italiana.<\/p>[\/et_pb_text][et_pb_image src=\"https:\/\/public.confindustria.it\/repository\/2025\/04\/07170109\/Property-1Frame-190-300x300.png\" alt=\"Renato Lombardi\" title_text=\"renato-lombardi\" admin_label=\"Image\" _builder_version=\"4.27.4\" _module_preset=\"default\" custom_css_main_element=\"margin-top: auto;\" global_colors_info=\"{}\"][\/et_pb_image][\/et_pb_column][et_pb_column type=\"1_4\" _builder_version=\"4.27.4\" _module_preset=\"default\" custom_padding=\"|||10px|false|false\" custom_css_main_element=\"display: flex;||flex-direction: column;\" border_width_left=\"1px\" global_colors_info=\"{}\"][et_pb_text admin_label=\"anno\" _builder_version=\"4.27.4\" _module_preset=\"default\" header_font=\"|700|||||||\" header_text_color=\"gcid-body-color\" header_font_size=\"71px\" global_colors_info=\"{%22gcid-body-color%22:%91%22header_text_color%22%93}\"]<h1>1974\u00a0 1976<\/h1>[\/et_pb_text][et_pb_divider show_divider=\"off\" admin_label=\"nome\" _builder_version=\"4.27.4\" _module_preset=\"default\" global_colors_info=\"{}\"][\/et_pb_divider][et_pb_text admin_label=\"divider\" _builder_version=\"4.27.4\" _module_preset=\"default\" header_font=\"|700|||||||\" header_text_color=\"#110000\" header_font_size=\"55px\" min_height=\"175px\" min_height_tablet=\"175px\" min_height_phone=\"175px\" min_height_last_edited=\"on|phone\" global_colors_info=\"{}\" custom_css_free_form=\"||@media (min-width: 1101px){||  selector h1{||    font-size: 45px !important;||  }||}||||@media (min-width: 1400px){||  selector h1{||    font-size: 54px !important;||  }||}||||@media (max-width: 1100px){||  selector h1{||    font-size: 40px !important;||  }||}||||selector h1{||    word-wrap: normal;||    word-break: normal;||}\" sticky_enabled=\"0\"]<h1>Gianni Agnelli<\/h1>[\/et_pb_text][et_pb_text admin_label=\"vita\" _builder_version=\"4.27.4\" _module_preset=\"default\" global_colors_info=\"{}\"]Nato a Torino il 12 marzo 1921.\nLaureato in Giurisprudenza all'Universit\u00e0 di Torino. \nPartecipa alla Seconda Guerra Mondiale come Ufficiale di Cavalleria sul fronte russo con il Corpo di Spedizione Italiano, con il Raggruppamento Esplorante Corazzato \"Lodi\" in Tunisia, meritandosi la Croce di Guerra al Valor Militare, e nella Divisione \"Legnano\" del Corpo Italiano di Liberazione.\nEntra in Fiat nel 1943 come Vice Presidente, nel 1963 \u00e8 nominato Amministratore Delegato. \nDall'aprile 1966 al febbraio 1996 Presidente della Societ\u00e0 e successivamente Presidente d'Onore. \nPresidente dell'IFI - Istituto Finanziario Industriale SpA e di EXOR GROUP SA, della Fondazione Giovanni Agnelli e della Societ\u00e0 Editrice \"La Stampa\". \nMembro del Consiglio di Amministrazione dell'Eurafrance, dell'International Advisory Council della Chase Manhattan Corporation, del Board of Trustees della Salomon R. Guggenheim Foundation. \nAttivamente impegnato in organismi multinazionali tendenti a favorire le relazioni internazionali. Membro dell'Advisory Board dei Bilderberg Meetings, dell'International Advisory Board del Council on Foreign Relations, e Presidente Onorario dell'Associazione per l'Unione Monetaria Europea. Membro corrispondente dell'Accademia delle Scienze Morali e Politiche dell'Institut de France. E' inoltre Consigliere del Chairman's Council del Museum of Modern Art di New York. Senatore a vita dal giugno 1991. \nSindaco di Villa Perosa dal 1945 al 1980.[\/et_pb_text][et_pb_image src=\"https:\/\/public.confindustria.it\/repository\/2025\/04\/07170608\/Property-1Frame-191-300x300.png\" alt=\"Gianni Agnelli\" title_text=\"gianni-agnelli\" admin_label=\"Image\" _builder_version=\"4.27.4\" _module_preset=\"default\" custom_css_main_element=\"margin-top: auto;\" global_colors_info=\"{}\"][\/et_pb_image][\/et_pb_column][et_pb_column type=\"1_4\" _builder_version=\"4.27.4\" _module_preset=\"default\" custom_padding=\"|||10px|false|false\" custom_css_main_element=\"display: flex;||flex-direction: column;\" border_width_left=\"1px\" global_colors_info=\"{}\"][et_pb_text admin_label=\"anno\" _builder_version=\"4.27.4\" _module_preset=\"default\" text_text_color=\"gcid-body-color\" header_font=\"|700|||||||\" header_text_color=\"gcid-body-color\" header_font_size=\"71px\" global_colors_info=\"{%22gcid-body-color%22:%91%22text_text_color%22,%22header_text_color%22%93}\"]<h1>1976 1980<\/h1>[\/et_pb_text][et_pb_divider show_divider=\"off\" admin_label=\"nome\" _builder_version=\"4.27.4\" _module_preset=\"default\" global_colors_info=\"{}\"][\/et_pb_divider][et_pb_text admin_label=\"divider\" _builder_version=\"4.27.4\" _module_preset=\"default\" header_font=\"|700|||||||\" header_text_color=\"#110000\" header_font_size=\"55px\" min_height=\"175px\" min_height_tablet=\"175px\" min_height_phone=\"175px\" min_height_last_edited=\"on|phone\" global_colors_info=\"{}\" custom_css_free_form=\"||@media (min-width: 1101px){||  selector h1{||    font-size: 45px !important;||  }||}||||@media (min-width: 1400px){||  selector h1{||    font-size: 54px !important;||  }||}||||@media (max-width: 1100px){||  selector h1{||    font-size: 40px !important;||  }||}||||selector h1{||    word-wrap: normal;||    word-break: normal;||}\"]<h1>Guido<\/h1>\n<h1>Carli<\/h1>[\/et_pb_text][et_pb_text admin_label=\"vita\" _builder_version=\"4.27.4\" _module_preset=\"default\" global_colors_info=\"{}\"]<p>Nato a Brescia il 28 marzo 1914.<br \/>Laureato in Giurisprudenza presso l'Universit\u00e0 di Padova.<br \/>Inizia la sua carriera all'Iri.<br \/>Deputato del PLI nell'Assemblea Costituente. Studioso di problemi economici e finanziari internazionali, entrato nel Consiglio di amministrazione dell'Ufficio Italiano dei Cambi, nel 1947 diventa membro per l'Italia del Consiglio dei direttori del Fondo Monetario Internazionale. Ministro per il commercio con l'estero negli anni 1957-1958. Nel 1959 \u00e8 nominato Presidente del Consorzio di credito per le opere pubbliche, Direttore Generale della Banca d'Italia, membro del Comitato di direzione della Banca dei regolamenti internazionali e del Comitato monetario della Cee.<br \/>Dal 1960 al 1975 Governatore della Banca d'Italia. Presidente dell'Ufficio Italiano dei Cambi, sostituto per l'Italia del Governatore del FMI, dell'International Financial Corporation e dell'International Development Association.<br \/>Presidente del Consiglio di Amministrazione della LUISS e Presidente dell'UNICE.<br \/>Eletto senatore nel 1983 e rieletto nel 1987, \u00e8 Ministro del Tesoro nel VI Governo Andreotti.<\/p>[\/et_pb_text][et_pb_image src=\"https:\/\/public.confindustria.it\/repository\/2025\/04\/07170915\/Property-1Frame-192-300x300.png\" alt=\"Guido Carli\" title_text=\"guido-carli\" admin_label=\"Image\" _builder_version=\"4.27.4\" _module_preset=\"default\" custom_css_main_element=\"margin-top: auto;\" global_colors_info=\"{}\"][\/et_pb_image][\/et_pb_column][\/et_pb_row][et_pb_row _builder_version=\"4.27.4\" _module_preset=\"default\" width=\"90%\" max_width=\"1600px\" global_colors_info=\"{}\"][et_pb_column type=\"4_4\" _builder_version=\"4.27.4\" _module_preset=\"default\" global_colors_info=\"{}\"][et_pb_divider _builder_version=\"4.27.4\" _module_preset=\"default\" global_colors_info=\"{}\"][\/et_pb_divider][\/et_pb_column][\/et_pb_row][et_pb_row column_structure=\"1_4,1_4,1_4,1_4\" make_equal=\"on\" _builder_version=\"4.27.4\" _module_preset=\"default\" width=\"90%\" max_width=\"1600px\" global_colors_info=\"{}\"][et_pb_column type=\"1_4\" _builder_version=\"4.27.4\" _module_preset=\"default\" custom_padding=\"|||10px|false|false\" custom_css_main_element=\"display: flex;||flex-direction: column;\" border_width_left=\"1px\" global_colors_info=\"{}\"][et_pb_text admin_label=\"anno\" _builder_version=\"4.27.4\" _module_preset=\"default\" header_font=\"|700|||||||\" header_text_color=\"gcid-body-color\" header_font_size=\"71px\" global_colors_info=\"{%22gcid-body-color%22:%91%22header_text_color%22%93}\"]<h1>1980 1984<\/h1>[\/et_pb_text][et_pb_divider show_divider=\"off\" admin_label=\"nome\" _builder_version=\"4.27.4\" _module_preset=\"default\" global_colors_info=\"{}\"][\/et_pb_divider][et_pb_text admin_label=\"divider\" _builder_version=\"4.27.4\" _module_preset=\"default\" header_font=\"|700|||||||\" header_text_color=\"#110000\" header_font_size=\"55px\" min_height=\"175px\" min_height_tablet=\"175px\" min_height_phone=\"175px\" min_height_last_edited=\"on|phone\" global_colors_info=\"{}\" custom_css_free_form=\"||@media (min-width: 1101px){||  selector h1{||    font-size: 45px !important;||  }||}||||@media (min-width: 1400px){||  selector h1{||    font-size: 54px !important;||  }||}||||@media (max-width: 1100px){||  selector h1{||    font-size: 40px !important;||  }||}||||selector h1{||    word-wrap: normal;||    word-break: normal;||}\"]<h1><span>Vittorio Merloni\u00a0\u00a0<\/span><\/h1>[\/et_pb_text][et_pb_text admin_label=\"vita\" _builder_version=\"4.27.4\" _module_preset=\"default\" global_colors_info=\"{}\"]<p>Nato a Fabriano il 30 aprile 1933. Laureato in Economia e Commercio all'Universit\u00e0 di Perugia.\u00a0Nel 1960 inizia a lavorare nell'Azienda paterna e nel 1970 assume la responsabilit\u00e0 della Divisione Elettrodomestici. Nel 1975 la Divisione si trasforma in Societ\u00e0 per Azioni e Vittorio Merloni ne diviene Presidente. La Fineldo controlla Merloni Elettrodomestici SpA, Merloni Progetti SpA, M.P. Energy e Faber Factor; ha inoltre quote significative in Benelli, Panini e Cinecitt\u00e0 Servizi. La Merloni Elettrodomestici ha un fatturato di 2.837 miliardi e 7.700 dipendenti, opera con tre marchi: Scholt\u00e8s, Ariston e Indesit, 11 stabilimenti di produzione in 5 Paesi europei e 21 Societ\u00e0 commerciali. Consigliere dell'Harvard Business School di Boston dal 1981 al 1994. Cavaliere del lavoro dal 1984. Membro del Censis e della Fondazione Aristide Merloni. Consigliere d'Amministrazione della Editrice Il Sole 24 Ore.<\/p>[\/et_pb_text][et_pb_image src=\"https:\/\/public.confindustria.it\/repository\/2025\/04\/07174055\/Property-1Frame-193-300x300.png\" alt=\"Vittorio Merloni\" title_text=\"vittorio-merloni\" admin_label=\"Image\" _builder_version=\"4.27.4\" _module_preset=\"default\" custom_css_main_element=\"margin-top: auto;\" global_colors_info=\"{}\"][\/et_pb_image][\/et_pb_column][et_pb_column type=\"1_4\" _builder_version=\"4.27.4\" _module_preset=\"default\" custom_padding=\"|||10px|false|false\" custom_css_main_element=\"display: flex;||flex-direction: column;\" border_width_left=\"1px\" global_colors_info=\"{}\"][et_pb_text admin_label=\"anno\" _builder_version=\"4.27.4\" _module_preset=\"default\" header_font=\"|700|||||||\" header_text_color=\"gcid-body-color\" header_font_size=\"71px\" global_colors_info=\"{%22gcid-body-color%22:%91%22header_text_color%22%93}\"]<h1>1984 1988<\/h1>[\/et_pb_text][et_pb_divider show_divider=\"off\" admin_label=\"nome\" _builder_version=\"4.27.4\" _module_preset=\"default\" global_colors_info=\"{}\"][\/et_pb_divider][et_pb_text admin_label=\"divider\" _builder_version=\"4.27.4\" _module_preset=\"default\" header_font=\"|700|||||||\" header_text_color=\"#110000\" header_font_size=\"55px\" min_height=\"175px\" min_height_tablet=\"175px\" min_height_phone=\"175px\" min_height_last_edited=\"on|phone\" global_colors_info=\"{}\" custom_css_free_form=\"||@media (min-width: 1101px){||  selector h1{||    font-size: 45px !important;||  }||}||||@media (min-width: 1400px){||  selector h1{||    font-size: 54px !important;||  }||}||||@media (max-width: 1100px){||  selector h1{||    font-size: 40px !important;||  }||}||||selector h1{||    word-wrap: normal;||    word-break: normal;||}\"]<h1>Luigi Lucchini\u00a0<\/h1>[\/et_pb_text][et_pb_text admin_label=\"vita\" _builder_version=\"4.27.4\" _module_preset=\"default\" global_colors_info=\"{}\"]Nato a Casto (BS) il 21 gennaio 1919.\nNel 1975 nominato Cavaliere al Merito del Lavoro.\nDal 1978 al 1983 presidente dell'Associazione Industriale Bresciana e membro della Giunta di Confindustria.\nDal 1980 al 1982 fa parte del Comitato Consultivo della Comunit\u00e0 Europea in rappresentanza dei produttori siderurgici privati.\nIl 18 giugno 1998 l'Universit\u00e0 degli Studi di Brescia gli conferisce la laurea honoris causa in Economia e Commercio.\nMembro della Giunta di Confindustria e dell'Associazione Industria Bresciana.\nPresidente del Consiglio di Amministrazione di: Banca Commerciale Italiana SpA, Compagnia di Partecipazioni Assicurative e Industriali, Compart SpA - Montedison SpA\nFondazione Lucchini, Lucchini SpA.\nAmministratore Unico di: SINPAR Societ\u00e0 di Investimenti e Partecipazioni SpA.\nVice Presidente di: Consortium SpA - Istituto di Cultura Bancaria.\nConsigliere di Amministrazione di: Assicurazioni Generali SpA (Membro anche del Comitato Esecutivo), Associazione Bancaria Italiana, Eridania B\u00e8ghin Say S.A.\nISPI - Istituto per gli Studi di Politica Internazionale, Mediobanca SpA,\nOlivetti SpA.\nPresidente del Sindacato di Blocco di:\nGemina SpA.[\/et_pb_text][et_pb_image src=\"https:\/\/public.confindustria.it\/repository\/2025\/04\/07182552\/Property-1Frame-194.png\" alt=\"Luigi Lucchini\" title_text=\"luigi-lucchini\" admin_label=\"Image\" _builder_version=\"4.27.4\" _module_preset=\"default\" custom_css_main_element=\"margin-top: auto;\" global_colors_info=\"{}\"][\/et_pb_image][\/et_pb_column][et_pb_column type=\"1_4\" _builder_version=\"4.27.4\" _module_preset=\"default\" custom_padding=\"|||10px|false|false\" custom_css_main_element=\"display: flex;||flex-direction: column;\" border_width_left=\"1px\" global_colors_info=\"{}\"][et_pb_text admin_label=\"anno\" _builder_version=\"4.27.4\" _module_preset=\"default\" header_font=\"|700|||||||\" header_text_color=\"gcid-body-color\" header_font_size=\"71px\" global_colors_info=\"{%22gcid-body-color%22:%91%22header_text_color%22%93}\"]<h1>1988\u00a0 1992<\/h1>[\/et_pb_text][et_pb_divider show_divider=\"off\" admin_label=\"nome\" _builder_version=\"4.27.4\" _module_preset=\"default\" global_colors_info=\"{}\"][\/et_pb_divider][et_pb_text admin_label=\"divider\" _builder_version=\"4.27.4\" _module_preset=\"default\" header_font=\"|700|||||||\" header_text_color=\"#110000\" header_font_size=\"55px\" min_height=\"175px\" min_height_tablet=\"175px\" min_height_phone=\"175px\" min_height_last_edited=\"on|phone\" global_colors_info=\"{}\" custom_css_free_form=\"||@media (min-width: 1101px){||  selector h1{||    font-size: 45px !important;||  }||}||||@media (min-width: 1400px){||  selector h1{||    font-size: 54px !important;||  }||}||||@media (max-width: 1100px){||  selector h1{||    font-size: 40px !important;||  }||}||||selector h1{||    word-wrap: normal;||    word-break: normal;||}\"]<h1>Sergio Pinifarina<\/h1>[\/et_pb_text][et_pb_text admin_label=\"vita\" _builder_version=\"4.27.4\" _module_preset=\"default\" global_colors_info=\"{}\"]<p>Nato a Torino l'8 settembre 1926. Laureato in Ingegneria Meccanica. Inizia la sua attivit\u00e0 nell'industria paterna, la Carrozzeria Pininfarina, nel 1950. Nel 1959-1968 avvia e porta a termine la progettazione e la costruzione di un nuovo stabilimento a Grugliasco (Torino).<br \/>Nel 1960 assume la carica di Direttore Generale della Societ\u00e0 e un anno dopo anche quella di Amministratore Delegato.<br \/>Nel 1964 avvia la costruzione di un nuovo Centro Studi e Ricerche, inaugurato nel 1966. Nel 1966 assume la carica di Presidente della Societ\u00e0.\u00a0 Dal 1970 \u00e8 Presidente Onorario del Gruppo Anziani Pininfarina. Dal 1974 al 1977 insegna \"Progettazione di carrozzeria\" al Politecnico di Torino. Luglio 1978 - giugno 1984: Presidente dell'Unione Industriale di Torino. Luglio 1979 - giugno 1988: Deputato al Parlamento Europeo.<br \/>Ottobre 1983 - giugno 1988: Presidente della Federazione delle Associazioni Industriali del Piemonte. Maggio 1987 - giugno 1989: Presidente dell'OICA (Organisation Internationale des Constructeurs d'Automobiles). Gennaio - luglio 1997: Amministratore dell'AUME (Association pour l'Union Mon\u00e8taire de l'Europe). Delegato per l'Italia. Dicembre 1990 - dicembre 1994: Vice Presidente dell'UNICE (Union of Industrial and Employers' Confederations of Europe).<br \/>Marzo 1993 - luglio 1996: Presidente del Comitato Leonardo - Italian Quality Committee.<br \/>Principali cariche ricoperte: Co-Presidente del Comitato per la direttrice europea transpadana, Presidente della Fidia SpA, Fondo Interbancario d'Investimento Azionario,\u00a0Vice Presidente Banca CRT SpA.<br \/>Consigliere di Amministrazione di: Ferrari SpA, Toro Assicurazioni SpA,\u00a0Banca Passadore,\u00a0Banca Brignone,\u00a0LUISS - Libera Universit\u00e0 Internazionale Studi Sociali,\u00a0Cartiere Burgo SpA,\u00a0Consigliere Federale della Federazione Italiana Golf. Nell'ambito del Gruppo Pininfarina: Pininfarina SpA: Presidente e Amministratore Delegato,\u00a0Industrie Pininfarina SpA: Presidente e Amministratore Delegato,\u00a0Pininfarina Studi e Ricerche SpA: Presidente e Amministratore Delegato,\u00a0Pininfarina Extra Srl: Presidente Onorario, Senatore a vita dal settembre 2005.<\/p>[\/et_pb_text][et_pb_image src=\"https:\/\/public.confindustria.it\/repository\/2025\/04\/07183019\/Property-1Frame-195.png\" alt=\"Sergio Pininfarina\" title_text=\"sergio-pininfarina\" admin_label=\"Image\" _builder_version=\"4.27.4\" _module_preset=\"default\" custom_css_main_element=\"margin-top: auto;\" global_colors_info=\"{}\"][\/et_pb_image][\/et_pb_column][et_pb_column type=\"1_4\" _builder_version=\"4.27.4\" _module_preset=\"default\" custom_padding=\"|||10px|false|false\" custom_css_main_element=\"display: flex;||flex-direction: column;\" border_width_left=\"1px\" global_colors_info=\"{}\"][et_pb_text admin_label=\"anno\" _builder_version=\"4.27.4\" _module_preset=\"default\" text_text_color=\"gcid-body-color\" header_font=\"|700|||||||\" header_text_color=\"gcid-body-color\" header_font_size=\"71px\" global_colors_info=\"{%22gcid-body-color%22:%91%22text_text_color%22,%22header_text_color%22%93}\"]<h1>1992 1996<\/h1>[\/et_pb_text][et_pb_divider show_divider=\"off\" admin_label=\"nome\" _builder_version=\"4.27.4\" _module_preset=\"default\" global_colors_info=\"{}\"][\/et_pb_divider][et_pb_text admin_label=\"divider\" _builder_version=\"4.27.4\" _module_preset=\"default\" header_font=\"|700|||||||\" header_text_color=\"#110000\" header_font_size=\"55px\" min_height=\"175px\" min_height_tablet=\"175px\" min_height_phone=\"175px\" min_height_last_edited=\"on|phone\" global_colors_info=\"{}\" custom_css_free_form=\"||@media (min-width: 1101px){||  selector h1{||    font-size: 45px !important;||  }||}||||@media (min-width: 1400px){||  selector h1{||    font-size: 54px !important;||  }||}||||@media (max-width: 1100px){||  selector h1{||    font-size: 40px !important;||  }||}||||selector h1{||    word-wrap: normal;||    word-break: normal;||}\"]<h1>Luigi <br \/>Abete<\/h1>[\/et_pb_text][et_pb_text admin_label=\"vita\" _builder_version=\"4.27.4\" _module_preset=\"default\" global_colors_info=\"{}\"]<p>Nato a Roma il 17 febbraio 1947. Laureato in Giurisprudenza. <br \/>Dal 1978 al 1982 presidente del Comitato Nazionale Giovani Imprenditori della Confindustria. Dal 1983 al 1986 presidente della Federazione Industriali del Lazio.<br \/>Dal 1991 Componente del CNEL - Consiglio Nazionale dell'Economia e del Lavoro.<br \/>Dal 1993 presidente dell'Universit\u00e0 LUISS Guido Carli.<br \/>Amministratore delegato di Cinecitt\u00e0 Holding SpA, nonch\u00e9 Presidente di Cinecitt\u00e0 Servizi SpA, societ\u00e0 che ha attuato e gestito la privatizzazione del complesso aziendale di Cinecitt\u00e0.<br \/>Presidente della A.BE.T.E. SpA - Azienda Beneventana Tipografica Editoriale, finanziaria operante nel settore grafico-cartotecnico, editoriale e turistico- alberghiero.<br \/>Componente del Consiglio di Amministrazione della Siemens SpA, nonch\u00e9 socio dell'Ente Cassa di Risparmio di Roma.<br \/>Dal 1998 presidente della Banca Nazionale del Lavoro SpA.<\/p>[\/et_pb_text][et_pb_image src=\"https:\/\/public.confindustria.it\/repository\/2025\/04\/07183348\/Property-1Frame-196.png\" alt=\"Luigi Abete\" title_text=\"luigi-abete\" admin_label=\"Image\" _builder_version=\"4.27.4\" _module_preset=\"default\" custom_css_main_element=\"margin-top: auto;\" global_colors_info=\"{}\"][\/et_pb_image][\/et_pb_column][\/et_pb_row][et_pb_row _builder_version=\"4.27.4\" _module_preset=\"default\" width=\"90%\" max_width=\"1600px\" global_colors_info=\"{}\"][et_pb_column type=\"4_4\" _builder_version=\"4.27.4\" _module_preset=\"default\" global_colors_info=\"{}\"][et_pb_divider _builder_version=\"4.27.4\" _module_preset=\"default\" global_colors_info=\"{}\"][\/et_pb_divider][\/et_pb_column][\/et_pb_row][et_pb_row column_structure=\"1_4,1_4,1_4,1_4\" make_equal=\"on\" _builder_version=\"4.27.4\" _module_preset=\"default\" width=\"90%\" max_width=\"1600px\" global_colors_info=\"{}\"][et_pb_column type=\"1_4\" _builder_version=\"4.27.4\" _module_preset=\"default\" custom_padding=\"|||10px|false|false\" custom_css_main_element=\"display: flex;||flex-direction: column;\" border_width_left=\"1px\" global_colors_info=\"{}\"][et_pb_text admin_label=\"anno\" _builder_version=\"4.27.4\" _module_preset=\"default\" header_font=\"|700|||||||\" header_text_color=\"gcid-body-color\" header_font_size=\"71px\" global_colors_info=\"{%22gcid-body-color%22:%91%22header_text_color%22%93}\"]<h1>1996 2000<\/h1>[\/et_pb_text][et_pb_divider show_divider=\"off\" admin_label=\"nome\" _builder_version=\"4.27.4\" _module_preset=\"default\" global_colors_info=\"{}\"][\/et_pb_divider][et_pb_text admin_label=\"divider\" _builder_version=\"4.27.4\" _module_preset=\"default\" header_font=\"|700|||||||\" header_text_color=\"#110000\" header_font_size=\"55px\" min_height=\"175px\" min_height_tablet=\"175px\" min_height_phone=\"175px\" min_height_last_edited=\"on|phone\" global_colors_info=\"{}\" custom_css_free_form=\"||@media (min-width: 1101px){||  selector h1{||    font-size: 45px !important;||  }||}||||@media (min-width: 1400px){||  selector h1{||    font-size: 54px !important;||  }||}||||@media (max-width: 1100px){||  selector h1{||    font-size: 40px !important;||  }||}||||selector h1{||    word-wrap: normal;||    word-break: normal;||}\"]<h1><span>Giorgio Fossa<\/span><\/h1>[\/et_pb_text][et_pb_text admin_label=\"vita\" _builder_version=\"4.27.4\" _module_preset=\"default\" global_colors_info=\"{}\"]Nato a Gallarate (Va) il 1\u00b0 settembre 1954. Laureato in Giurisprudenza. Imprenditore industriale, settore meccanico. Amministratore unico della Silvio Fossa S.p.A, azienda operante nella progettazione, lavorazione e assemblaggio di cilindri idraulici, pneumatici e rotanti, standard e speciali. Diversifica la sua attivit\u00e0 investendo in societ\u00e0 operanti nel settore manifatturiero e in quello finanziario. Dal marzo 1982 socio accomandante di Marmont Sas. Dall'ottobre 1990, consigliere \"Industria e Universit\u00e0 Srl\"\nDal dicembre 1992, socio amministratore di Gieffe SS e di Nicto SS, operanti nel settore mobiliare ed immobiliare. Dal 1995 al 1996 presidente del consiglio di amministrazione de Il Sole 24Ore\nDa dicembre 1996, Consigliere della LUISS. Da aprile 1998 membro del consiglio di amministrazione della Valentino SpA e membro del consiglio di amministrazione del Libero Istituto Universitario Cattaneo (LIUC). Cariche associative: dal 1985 al 1987 Presidente Gruppo Merceologico Meccanico dell'Associazione Industriali della Provincia di Varese; dal 1987 al 1993 Presidente del Comitato Piccola Industria dell'Associazione Industriali della Provincia di Varese; dal 1987 al 1996 Membro del Comitato Nazionale e del Consiglio Centrale della Piccola Industria di Confindustria, da maggio 1992 Membro del Consiglio Direttivo di Confindustria. Dal 1993 al 1996 Presidente del Consiglio Centrale per la Piccola Industria e Vice Presidente di Confindustria; dal 1994 al 1996 Vice Presidente per la politica industriale di Confindustria e Presidente del Comitato Tecnico Economia e Impresa di Confindustria\nDa agosto 1997 Vice Presidente UNICE - Union des Conf\u00e9d\u00e9ration et des Employeurs d'Europ; da luglio 1997 Membro Consiglio di Amministrazione AUME - Association pour l'Union Mon\u00e9taire de l'Europe.[\/et_pb_text][et_pb_image src=\"https:\/\/public.confindustria.it\/repository\/2025\/04\/14180725\/Property-1Frame-197.png\" alt=\"Giorgio Fossa\" title_text=\"giorgio-fossa\" admin_label=\"Image\" _builder_version=\"4.27.4\" _module_preset=\"default\" custom_css_main_element=\"margin-top: auto;\" global_colors_info=\"{}\"][\/et_pb_image][\/et_pb_column][et_pb_column type=\"1_4\" _builder_version=\"4.27.4\" _module_preset=\"default\" custom_padding=\"|||10px|false|false\" custom_css_main_element=\"display: flex;||flex-direction: column;\" border_width_left=\"1px\" global_colors_info=\"{}\"][et_pb_text admin_label=\"anno\" _builder_version=\"4.27.4\" _module_preset=\"default\" header_font=\"|700|||||||\" header_text_color=\"gcid-body-color\" header_font_size=\"71px\" global_colors_info=\"{%22gcid-body-color%22:%91%22header_text_color%22%93}\"]<h1>2000 2004<\/h1>[\/et_pb_text][et_pb_divider show_divider=\"off\" admin_label=\"nome\" _builder_version=\"4.27.4\" _module_preset=\"default\" global_colors_info=\"{}\"][\/et_pb_divider][et_pb_text admin_label=\"divider\" _builder_version=\"4.27.4\" _module_preset=\"default\" header_font=\"|700|||||||\" header_text_color=\"#110000\" header_font_size=\"55px\" min_height=\"175px\" min_height_tablet=\"175px\" min_height_phone=\"175px\" min_height_last_edited=\"on|phone\" global_colors_info=\"{}\" custom_css_free_form=\"||@media (min-width: 1101px){||  selector h1{||    font-size: 45px !important;||  }||}||||@media (min-width: 1400px){||  selector h1{||    font-size: 54px !important;||  }||}||||@media (max-width: 1100px){||  selector h1{||    font-size: 40px !important;||  }||}||||selector h1{||    word-wrap: normal;||    word-break: normal;||}\"]<h1>Antonio D'Amato<\/h1>[\/et_pb_text][et_pb_text admin_label=\"vita\" _builder_version=\"4.27.4\" _module_preset=\"default\" global_colors_info=\"{}\"]Nato a Napoli il 16 giugno 1957.\nLaureato in Giurisprudenza, assume giovanissimo la guida della Cartoprint e successivamente di altre aziende del gruppo Finseda, fondato dal padre Salvatore, di cui diventa presidente nel 1991.\nLeader in Europa nella produzione di imballaggi per alimenti, con stabilimenti ad Arzano ed in altre aree italiane, la Finseda conta circa 2000 dipendenti e produce il 50 per cento del suo fatturato all\u2019estero, in Germania, Belgio, Gran Bretagna e Portogallo.\nPresidente dei Giovani Imprenditori, prima a Napoli e poi a livello nazionale dal 1986 al 1990.\nIn Confindustria incaricato per il mezzogiorno dal 1996 al 1999 e, dal giugno 1999, presidente dell\u2019Unione Industriali di Napoli.\nVice presidente dell\u2019Unice e consigliere del Cnel.\nDal 2001 al 2004 presidente della Luiss Guido Carli[\/et_pb_text][et_pb_image src=\"https:\/\/public.confindustria.it\/repository\/2025\/04\/14180949\/Property-1Frame-198.png\" alt=\"Antonio D'Amato\" title_text=\"antonio-d-amato\" admin_label=\"Image\" _builder_version=\"4.27.4\" _module_preset=\"default\" custom_css_main_element=\"margin-top: auto;\" global_colors_info=\"{}\"][\/et_pb_image][\/et_pb_column][et_pb_column type=\"1_4\" _builder_version=\"4.27.4\" _module_preset=\"default\" custom_padding=\"|||10px|false|false\" custom_css_main_element=\"display: flex;||flex-direction: column;\" border_width_left=\"1px\" global_colors_info=\"{}\"][et_pb_text admin_label=\"anno\" _builder_version=\"4.27.4\" _module_preset=\"default\" header_font=\"|700|||||||\" header_text_color=\"gcid-body-color\" header_font_size=\"71px\" global_colors_info=\"{%22gcid-body-color%22:%91%22header_text_color%22%93}\"]<h1>2004\u00a0 2008<\/h1>[\/et_pb_text][et_pb_divider show_divider=\"off\" admin_label=\"nome\" _builder_version=\"4.27.4\" _module_preset=\"default\" global_colors_info=\"{}\"][\/et_pb_divider][et_pb_text admin_label=\"divider\" _builder_version=\"4.27.4\" _module_preset=\"default\" header_font=\"|700|||||||\" header_text_color=\"#110000\" header_font_size=\"55px\" min_height=\"175px\" global_colors_info=\"{}\" min_height_tablet=\"175px\" min_height_phone=\"175px\" min_height_last_edited=\"on|phone\" custom_css_free_form=\"||@media (min-width: 1101px){||  selector h1{||    font-size: 45px !important;||  }||}||||@media (min-width: 1400px){||  selector h1{||    font-size: 54px !important;||  }||}||||@media (max-width: 1100px){||  selector h1{||    font-size: 40px !important;||  }||}||||selector h1{||    word-wrap: normal;||    word-break: normal;||}\"]<h1>Luca Cordero di Montezemolo<\/h1>[\/et_pb_text][et_pb_text admin_label=\"vita\" _builder_version=\"4.27.4\" _module_preset=\"default\" global_colors_info=\"{}\"]Nato a Bologna il 31 agosto 1947. Laurea in Giurisprudenza. Specializzazione in Diritto Commerciale Internazionale presso la Columbia University di New York\nLaurea Honoris Causa in Ingegneria Meccanica dall\u2019Universit\u00e0 degli Studi di Modena ed in Gestione. Integrata d\u2019Impresa dalla Fondazione CUOA di Vicenza. Presidente FIAT. Presidente e Amministratore Delegato della Ferrari. Presidente e Amministratore Delegato della Maserati. Presidente della Fiera Internazionale di Bologna.\nPresidente della Luiss, Libera Universit\u00e0 Internazionale degli Studi Sociali Guido Carli\nConsigliere di Amministrazione di:\nLa Stampa, PPR \u2013 Pinault\/Printemps Redoute\nTod\u2019s, Merloni Elettrodomestici, Campari\nBologna Calcio.\nHa ricoperto gli incarichi di: Presidente della FIEG \u2013 Federazione Italiana Editori Giornali\nConsigliere di Amministrazione Unicredit Banca d\u2019Impresa, Presidente degli Industriali della Provincia di Modena, Amministratore Delegato della RCS Video, Consigliere di Amministrazione di TF1, Direttore Generale del Comitato Organizzatore della Coppa del Mondo di Calcio ITALIA \u201990, Amministratore Delegato della Cinzano International e responsabile dell\u2019organizzazione di Azzurra a Ginevra, Amministratore Delegato della ITEDI\nDirettore delle Relazioni Esterne del Gruppo FIAT. Team Manager della Scuderia Ferrari\nAssistente di Enzo Ferrari. Nominato dal Financial Times tra i cinquanta migliori manager del Mondo del 2004. Ha fondato Charme, fondo finanziario-imprenditoriale, con cui nel 2003 ha acquisito Poltrona Frau e nel 2004 Ballantyne.[\/et_pb_text][et_pb_image src=\"https:\/\/public.confindustria.it\/repository\/2025\/04\/14181959\/Property-1Frame-199.png\" alt=\"Luca Cordero di Montezemolo\" title_text=\"luca-cordero-di-montezemolo\" admin_label=\"Image\" _builder_version=\"4.27.4\" _module_preset=\"default\" custom_css_main_element=\"margin-top: auto;\" global_colors_info=\"{}\"][\/et_pb_image][\/et_pb_column][et_pb_column type=\"1_4\" _builder_version=\"4.27.4\" _module_preset=\"default\" custom_padding=\"|||10px|false|false\" custom_css_main_element=\"display: flex;||flex-direction: column;\" border_width_left=\"1px\" global_colors_info=\"{}\"][et_pb_text admin_label=\"anno\" _builder_version=\"4.27.4\" _module_preset=\"default\" text_text_color=\"gcid-body-color\" header_font=\"|700|||||||\" header_text_color=\"gcid-body-color\" header_font_size=\"71px\" global_colors_info=\"{%22gcid-body-color%22:%91%22text_text_color%22,%22header_text_color%22%93}\"]<h1>2008 2012<\/h1>[\/et_pb_text][et_pb_divider show_divider=\"off\" admin_label=\"nome\" _builder_version=\"4.27.4\" _module_preset=\"default\" global_colors_info=\"{}\"][\/et_pb_divider][et_pb_text admin_label=\"divider\" _builder_version=\"4.27.4\" _module_preset=\"default\" header_font=\"|700|||||||\" header_text_color=\"#110000\" header_font_size=\"55px\" min_height=\"175px\" min_height_tablet=\"175px\" min_height_phone=\"175px\" min_height_last_edited=\"on|phone\" global_colors_info=\"{}\" custom_css_free_form=\"||@media (min-width: 1101px){||  selector h1{||    font-size: 45px !important;||  }||}||||@media (min-width: 1400px){||  selector h1{||    font-size: 54px !important;||  }||}||||@media (max-width: 1100px){||  selector h1{||    font-size: 40px !important;||  }||}||||selector h1{||    word-wrap: normal;||    word-break: normal;||}\"]<h1>Emma Marcegaglia<\/h1>[\/et_pb_text][et_pb_text admin_label=\"vita\" _builder_version=\"4.27.4\" _module_preset=\"default\" global_colors_info=\"{}\"]Nata a Mantova nel 1965.\nLaurea in Economia Aziendale.\nMaster in Business Administration presso la New York University.\nAmministratore Delegato della Societ\u00e0 Marcegaglia S.p.A. e di tutte le Societ\u00e0 controllate. Presidente della Fondazione Aret\u00e9 Onlus per il sostegno dell'attivit\u00e0; Vita-Salute San Raffaele. Membro permanente del \"Enterprise Policy Group - Professional Chamber\" e del Comitato Esecutivo dell'Aspen Institute Italia\nHa ricoperto gli incarichi di: Vice Presidente di Confindustria per l'Europa\nPresidente Nazionale dei Giovani Imprenditori di Confindustria\nPresidente dello YES (Young Entrepreneurs for Europe), Vice Presidente Nazionale dei Giovani Imprenditori di Confindustria.[\/et_pb_text][et_pb_image src=\"https:\/\/public.confindustria.it\/repository\/2025\/04\/14182241\/Property-1Frame-200.png\" alt=\"Emma Marcegaglia\" title_text=\"emma-marcegaglia\" admin_label=\"Image\" _builder_version=\"4.27.4\" _module_preset=\"default\" custom_css_main_element=\"margin-top: auto;\" global_colors_info=\"{}\"][\/et_pb_image][\/et_pb_column][\/et_pb_row][et_pb_row _builder_version=\"4.27.4\" _module_preset=\"default\" width=\"90%\" max_width=\"1600px\" global_colors_info=\"{}\"][et_pb_column type=\"4_4\" _builder_version=\"4.27.4\" _module_preset=\"default\" global_colors_info=\"{}\"][et_pb_divider _builder_version=\"4.27.4\" _module_preset=\"default\" global_colors_info=\"{}\"][\/et_pb_divider][\/et_pb_column][\/et_pb_row][et_pb_row column_structure=\"1_4,1_4,1_4,1_4\" make_equal=\"on\" _builder_version=\"4.27.4\" _module_preset=\"default\" global_colors_info=\"{}\" header_font=\"|700|||||||\" header_text_color=\"#110000\" header_font_size=\"55px\" min_height=\"175px\" min_height_tablet=\"175px\" min_height_phone=\"175px\" min_height_last_edited=\"on|phone\" custom_css_free_form=\"||@media (min-width: 1101px){||  selector h1{||    font-size: 35px;||  }||}||||@media (min-width: 1400px){||  selector h1{||    font-size: 54px;||  }||}||||@media (max-width: 1100px){||  selector h1{||    font-size: 30px;||  }||}||||selector h1{||    word-wrap: normal;||    word-break: normal;||}\"][et_pb_column type=\"1_4\" _builder_version=\"4.27.4\" _module_preset=\"default\" custom_padding=\"|||10px|false|false\" custom_css_main_element=\"display: flex;||flex-direction: column;\" border_width_left=\"1px\" global_colors_info=\"{}\"][et_pb_text admin_label=\"anno\" _builder_version=\"4.27.4\" _module_preset=\"default\" header_font=\"|700|||||||\" header_text_color=\"gcid-body-color\" header_font_size=\"71px\" hover_enabled=\"0\" global_colors_info=\"{%22gcid-body-color%22:%91%22header_text_color%22%93}\" sticky_enabled=\"0\"]<h1>2012 <br \/>2016<\/h1>[\/et_pb_text][et_pb_divider show_divider=\"off\" admin_label=\"nome\" _builder_version=\"4.27.4\" _module_preset=\"default\" global_colors_info=\"{}\" header_font=\"|700|||||||\" header_text_color=\"#110000\" header_font_size=\"55px\" custom_css_free_form=\"||@media (min-width: 1101px){||  selector h1{||    font-size: 35px;||  }||}||||@media (min-width: 1400px){||  selector h1{||    font-size: 54px;||  }||}||||@media (max-width: 1100px){||  selector h1{||    font-size: 30px;||  }||}||||selector h1{||    word-wrap: normal;||    word-break: normal;||}\"][\/et_pb_divider][et_pb_text admin_label=\"divider\" _builder_version=\"4.27.4\" _module_preset=\"default\" header_font=\"|700|||||||\" header_text_color=\"#110000\" header_font_size=\"55px\" min_height=\"175px\" min_height_tablet=\"175px\" min_height_phone=\"175px\" min_height_last_edited=\"on|phone\" global_colors_info=\"{}\" custom_css_free_form=\"||@media (min-width: 1101px){||  selector h1{||    font-size: 45px !important;||  }||}||||@media (min-width: 1400px){||  selector h1{||    font-size: 54px !important;||  }||}||||@media (max-width: 1100px){||  selector h1{||    font-size: 40px !important;||  }||}||||selector h1{||    word-wrap: normal;||    word-break: normal;||}\"]<h1><span>Giorgio Squinzi<\/span><\/h1>[\/et_pb_text][et_pb_text admin_label=\"vita\" _builder_version=\"4.27.4\" _module_preset=\"default\" global_colors_info=\"{}\"]Giorgio Squinzi, milanese, nato il 18 maggio 1943, \u00e8 coniugato e ha 2 figli. \u00c8 laureato in Chimica Industriale all'Universit\u00e0 degli Studi di Milano. \u00c8 cofondatore col padre, nel 1970, della Mapei S.n.c. (che amplia l'attivit\u00e0 precedente della ditta Mapei fondata nel 1937 dal padre stesso) assumendo, in particolare, la responsabilit\u00e0 dell'area ricerca e sviluppo tecnologico. Nel 1976 con la costituzione della Mapei S.p.A. ne diventa Direttore Generale.\nNel 1978 inizia il processo di internazionalizzazione dell'azienda, fondando la prima organizzazione estera in Canada.\nNel dicembre 1984 diviene Amministratore Unico della Mapei. Attualmente il Gruppo industriale \u00e8 composto da 70 aziende consociate, con 54 stabilimenti produttivi di cui 9 operanti in Italia e gli altri nel resto del mondo, in 31 paesi nei 5 continenti. Il fatturato totale del Gruppo nel 2011 \u00e8 stato di 2,1 miliardi di euro. I dipendenti diretti sono 7500. Uno dei risultati pi\u00f9 significativi raggiunti nella sua carriera imprenditoriale \u00e8 quello di non avere mai effettuato licenziamenti per riduzione di organici e di non aver mai chiesto trattamenti di cassa integrazione. E' autore di numerosi articoli tecnici, pubblicati su riviste nazionali e internazionali. Parla correntemente inglese, francese, tedesco e spagnolo. Nel 1989 \u00e8 stato eletto Presidente del Technical Committee 67 WG3 \"Adesivi per piastrelle ceramiche\" del CEN - Comitato Europeo di Normazione. E' rappresentante italiano nel Technical Committee 189 ISO.\nIl 7 dicembre 1996 \u00e8 stato premiato dal Sindaco di Milano con l'\"Ambrogino d'oro\" per il suo impegno come imprenditore e sportivo a favore della citt\u00e0 di Milano. Il 6 aprile 1998 gli \u00e8 stata conferita la massima onorificenza di Cavaliere di S. Gregorio Magno in Vaticano. Il 2 giugno 1998 \u00e8 stato nominato Cavaliere del Lavoro. Il 21 dicembre 1998 \u00e8 stato nominato \"Commandeur de l'Ordre de la Couronne\" in Belgio. Il 10 dicembre 2002 il Politecnico di Milano gli ha conferito la laurea ad honorem in Ingegneria Chimica. Il 4 dicembre 2006 ha ricevuto dal Presidente della Repubblica Giorgio Napolitano il prestigioso Premio Leonardo Qualit\u00e0 Italia e il 5 giugno 2007 il Premio Barocco per la categoria \"industriali\". Da giugno 2005 a giugno 2011 \u00e8 stato nuovamente Presidente di Federchimica, Federazione Nazionale dell'Industria Chimica; di cui era gi\u00e0 stato Presidente dal 1997 al 2003. \u00c8 Vicepresidente del Museo Nazionale della Scienza e della Tecnologia \"Leonardo da Vinci\" da luglio 2009 in rappresentanza del Comune di Milano. Da ottobre 2010 a settembre 2012 \u00e8 stato Presidente del CEFIC, l'Associazione dell'Industria Chimica Europea, cui aderiscono 29.000 aziende che rappresentano un quarto della produzione chimica mondiale. E' stato il primo imprenditore ad essere eletto alla guida del Cefic, precedentemente presieduto da manager. Da giugno 2011 a maggio 2012 \u00e8 stato Consigliere Superiore della Banca d'Italia.\nComponente del Consiglio Direttivo e della Giunta di Confindustria, \u00e8 stato Vicepresidente con delega per l'innovazione e lo sviluppo tecnologico da luglio 2003 a maggio 2004; da maggio 2010 \u00e8 Presidente del Comitato Tecnico con Delega all'Europa. Dal 24 maggio 2012 \u00e8 Presidente di Confindustria.[\/et_pb_text][et_pb_image src=\"https:\/\/public.confindustria.it\/repository\/2025\/04\/14182718\/Property-1Frame-201.png\" alt=\"Giorgio Squinzi\" title_text=\"giorgio-squinzi\" admin_label=\"Image\" _builder_version=\"4.27.4\" _module_preset=\"default\" custom_css_main_element=\"margin-top: auto;\" global_colors_info=\"{}\"][\/et_pb_image][\/et_pb_column][et_pb_column type=\"1_4\" _builder_version=\"4.27.4\" _module_preset=\"default\" custom_padding=\"|||10px|false|false\" custom_css_main_element=\"display: flex;||flex-direction: column;\" border_width_left=\"1px\" global_colors_info=\"{}\"][et_pb_text admin_label=\"anno\" _builder_version=\"4.27.4\" _module_preset=\"default\" header_font=\"|700|||||||\" header_text_color=\"gcid-body-color\" header_font_size=\"71px\" hover_enabled=\"0\" global_colors_info=\"{%22gcid-body-color%22:%91%22header_text_color%22%93}\" sticky_enabled=\"0\"]<h1>2016 <br \/>2020<\/h1>[\/et_pb_text][et_pb_divider show_divider=\"off\" admin_label=\"nome\" _builder_version=\"4.27.4\" _module_preset=\"default\" global_colors_info=\"{}\"][\/et_pb_divider][et_pb_text admin_label=\"divider\" _builder_version=\"4.27.4\" _module_preset=\"default\" header_font=\"|700|||||||\" header_text_color=\"#110000\" header_font_size=\"55px\" min_height=\"175px\" min_height_tablet=\"175px\" min_height_phone=\"175px\" min_height_last_edited=\"on|phone\" global_colors_info=\"{}\" custom_css_free_form=\"||@media (min-width: 1101px){||  selector h1{||    font-size: 45px !important;||  }||}||||@media (min-width: 1400px){||  selector h1{||    font-size: 54px !important;||  }||}||||@media (max-width: 1100px){||  selector h1{||    font-size: 40px !important;||  }||}||||selector h1{||    word-wrap: normal;||    word-break: normal;||}\"]<h1>Vincenzo Boccia<\/h1>[\/et_pb_text][et_pb_text admin_label=\"vita\" _builder_version=\"4.27.4\" _module_preset=\"default\" global_colors_info=\"{}\"]Eletto il 25 maggio 2016, \u00e8 il trentesimo presidente dell'Associazione. Succede a Giorgio Squinzi e sar\u00e0 in carica per il quadriennio 2016-2020.\nClasse 1964, laurea in Economia e Commercio, \u00e8 Amministratore Delegato della Arti Grafiche Boccia SpA di Salerno, azienda che opera da oltre 50 anni nel settore grafico, in particolare nel segmento della stampa di periodici specializzati, quotidiani, libri e stampati per la grande distribuzione.\nFin dai primi anni \u201990 \u00e8 stato esponente del Gruppo Giovani Imprenditori, giungendo a ricoprire nel 2000 l\u2019incarico di Vice Presidente nazionale.\n\u00c8 stato Presidente di Confindustria Assafrica&Mediterraneo e componente della Giunta e del Consiglio Direttivo di Assografici.\nDal 2009 al 2013 \u00e8 stato Presidente della Piccola Industria di Confindustria.\nNel corso della presidenza Squinzi ha guidato il Comitato tecnico Credito e Finanza.[\/et_pb_text][et_pb_image src=\"https:\/\/public.confindustria.it\/repository\/2025\/04\/14183010\/Property-1Frame-202.png\" alt=\"Vincenzo Boccia\" title_text=\"vincenzo boccia\" admin_label=\"Image\" _builder_version=\"4.27.4\" _module_preset=\"default\" custom_css_main_element=\"margin-top: auto;\" global_colors_info=\"{}\"][\/et_pb_image][\/et_pb_column][et_pb_column type=\"1_4\" _builder_version=\"4.27.4\" _module_preset=\"default\" custom_padding=\"|||10px|false|false\" custom_css_main_element=\"display: flex;||flex-direction: column;\" border_width_left=\"1px\" global_colors_info=\"{}\"][et_pb_text admin_label=\"anno\" _builder_version=\"4.27.4\" _module_preset=\"default\" header_font=\"|700|||||||\" header_text_color=\"gcid-body-color\" header_font_size=\"71px\" hover_enabled=\"0\" global_colors_info=\"{%22gcid-body-color%22:%91%22header_text_color%22%93}\" sticky_enabled=\"0\"]<h1>2020\u00a0<br \/>2024<\/h1>[\/et_pb_text][et_pb_divider show_divider=\"off\" admin_label=\"nome\" _builder_version=\"4.27.4\" _module_preset=\"default\" global_colors_info=\"{}\"][\/et_pb_divider][et_pb_text admin_label=\"divider\" _builder_version=\"4.27.4\" _module_preset=\"default\" header_font=\"|700|||||||\" header_text_color=\"#110000\" header_font_size=\"55px\" min_height=\"175px\" min_height_tablet=\"175px\" min_height_phone=\"175px\" min_height_last_edited=\"on|phone\" global_colors_info=\"{}\" custom_css_free_form=\"||@media (min-width: 1101px){||  selector h1{||    font-size: 35px;||  }||}||||@media (min-width: 1400px){||  selector h1{||    font-size: 54px;||  }||}||||@media (max-width: 1100px){||  selector h1{||    font-size: 30px;||  }||}||||selector h1{||    word-wrap: normal;||    word-break: normal;||}\"]<h1>Carlo Bonomi<\/h1>[\/et_pb_text][et_pb_text admin_label=\"vita\" _builder_version=\"4.27.4\" _module_preset=\"default\" global_colors_info=\"{}\"]Carlo Bonomi \u00e8 stato il Presidente di Confindustria dal 2020 al 2024.\n\u00c8 imprenditore nel settore biomedicale, Presidente del Gruppo MedTech S.p.A. (Sidam S.r.l., Emotec S.r.l).\n\u00c8 Presidente di Fiera Milano S.p.A., componente del CdA di Fiere di Parma S.p.A.(da marzo 2023), del CdA dell\u2019Universit\u00e0 Bocconi e Consigliere indipendente di Muzinich & Co. SGR S.p.A. \u00c8, inoltre, Presidente dei CdA di Ocean S.r.l. e Marsupium S.r.l.\nAttivo in Confindustria sin dalla sua partecipazione al Movimento dei Giovani Imprenditori, \u00e8 stato componente degli organi direttivi della confederazione sia a livello territoriale, fino alla sua elezione a Presidente di Assolombarda dal 2017 al 2020, sia a livello nazionale ricoprendo, fra le altre, la carica di Presidente del Gruppo Tecnico per il Fisco dal 2016 al 2020.[\/et_pb_text][et_pb_image src=\"https:\/\/public.confindustria.it\/repository\/2025\/04\/14183307\/Property-1Frame-203.png\" alt=\"Carlo Bonomi\" title_text=\"carlo-bonomi\" admin_label=\"Image\" _builder_version=\"4.27.4\" _module_preset=\"default\" custom_css_main_element=\"margin-top: auto;\" global_colors_info=\"{}\"][\/et_pb_image][\/et_pb_column][et_pb_column type=\"1_4\" _builder_version=\"4.27.4\" _module_preset=\"default\" custom_padding=\"|||10px|false|false\" custom_css_main_element=\"display: flex;||flex-direction: column;\" border_width_left=\"1px\" global_colors_info=\"{}\"][et_pb_text admin_label=\"anno\" _builder_version=\"4.27.4\" _module_preset=\"default\" text_text_color=\"gcid-body-color\" header_font=\"|700|||||||\" header_text_color=\"gcid-body-color\" header_font_size=\"71px\" global_colors_info=\"{%22gcid-body-color%22:%91%22text_text_color%22,%22header_text_color%22%93}\"]<h1><\/h1>\n<h1>dal <br \/>2024<\/h1>[\/et_pb_text][et_pb_divider show_divider=\"off\" admin_label=\"nome\" _builder_version=\"4.27.4\" _module_preset=\"default\" global_colors_info=\"{}\"][\/et_pb_divider][et_pb_text admin_label=\"divider\" _builder_version=\"4.27.4\" _module_preset=\"default\" header_font=\"|700|||||||\" header_text_color=\"#110000\" header_font_size=\"55px\" min_height=\"175px\" min_height_tablet=\"175px\" min_height_phone=\"175px\" min_height_last_edited=\"on|phone\" global_colors_info=\"{}\" sticky_enabled=\"0\" custom_css_free_form=\"||@media (min-width: 1101px){||  selector h1{||    font-size: 35px;||  }||}||||@media (min-width: 1400px){||  selector h1{||    font-size: 54px;||  }||}||||@media (max-width: 1100px){||  selector h1{||    font-size: 30px;||  }||}||||selector h1{||    word-wrap: normal;||    word-break: normal;||}\"]<h1>Emanuele Orsini<\/h1>[\/et_pb_text][et_pb_text admin_label=\"vita\" _builder_version=\"4.27.4\" _module_preset=\"default\" global_colors_info=\"{}\"]Emanuele Orsini nasce a Sassuolo nel 1973.\nNel 1992, dopo la maturit\u00e0 scientifica, entra in Sistem Costruzioni, azienda leader nel settore dell\u2019edilizia in legno e della logistica industriale, capofila di un gruppo di altre 10 societ\u00e0, e dal 2014 ne assume il ruolo di Amministratore Delegato.\n\u00c8 Presidente di Maranello Residence, tra le principali societ\u00e0 controllate e collegate da Sistem Costruzioni e primo complesso residenziale dedicato al mondo del Cavallino Rampante.\nNel 2020, dopo la scomparsa del suocero Lanfranco Fiandri, fondatore di Tino Prosciutti S.p.A., assume l\u2019incarico di Presidente con poteri delegati agli investimenti e allo sviluppo parmense, contribuendo all\u2019ampliamento del sito industriale \u2013 che passer\u00e0 da quattro a cinque stabilimenti produttivi nel 2025 \u2013 e incrementando la quota di export verso nuovi mercati extra-UE, compresi Stati Uniti d\u2019America, Canada, Australia, Nuova Zelanda e la Repubblica Popolare Cinese.\nNonostante i numerosi impegni aziendali partecipa sempre attivamente alla vita associativa.\nDal 2013 ricopre la carica di Presidente di Assolegno per poi essere eletto nel 2017 Presidente di FederlegnoArredo, la Federazione italiana delle industrie del legno, del sughero, del mobile e dell\u2019arredamento. Nel corso del suo incarico si occupa della costituzione di una Federazione collegiale basata sul sistema delle deleghe e articolata in tre unit\u00e0 operative: la prima dedicata al Salone del Mobile, la seconda a Made Expo, fiera dell\u2019edilizia e dell\u2019architettura, e infine la terza dedicata all\u2019area Eventi, con l\u2019obiettivo di fornire servizi agli associati.\nTra i progetti pi\u00f9 significativi realizzati durante la sua presidenza va ricordata la ricostruzione dell\u2019asilo di Finale Emilia (MO), distrutto a seguito del terremoto del 2012; la realizzazione di una nuova scuola di oltre 2.000 metri quadrati donata alla citt\u00e0 e il completamento della sede della Fondazione ITS Rosario Messina a Lentate sul Seveso (MB) che oggi ospita circa 250 studenti.\nDal 2015 \u00e8 Membro della Giunta di Confindustria Modena e Capo della Sezione Varie della stessa associazione e dal 2016 Membro del Gruppo Tecnico Industria e Ambiente.\nNel 2017 entra nel Consiglio Generale di Confindustria e nel Gruppo Tecnico per l\u2019Internazionalizzazione.\nNel 2020, in piena pandemia, viene nominato Vice Presidente di Confindustria con delega al Credito, alla Finanza e al Fisco, focalizzando l\u2019inizio del suo incarico nella ricerca di misure finanziarie e fiscali di emergenza a sostegno delle aziende in maggior difficolt\u00e0 economica. Un impegno che permetter\u00e0 alle imprese di accedere a 300 miliardi di euro di finanziamenti, con 2,8 milioni di euro di operazioni e 140 miliardi di euro di moratorie.\nNel 2013 assume la carica di Vice Presidente di Unicredit Leasing, Societ\u00e0 del Gruppo UniCredit tra i leader in Italia nella locazione finanziaria per diventarne Presidente dal 2018 al 2021. Nel 2018 viene insignito dal Ministro dell\u2019Ambiente e della Tutela del Mare del diploma di benemerenza ambientale per i numerosi progetti ecosostenibili realizzati nel fornire soluzioni abitative di emergenza nella Regione Marche a seguito del terremoto del Centro Italia.[\/et_pb_text][et_pb_image src=\"https:\/\/public.confindustria.it\/repository\/2025\/04\/14184001\/Property-1Frame-204.png\" alt=\"Emanuele Orsini\" title_text=\"emanuele-orsini\" admin_label=\"Image\" _builder_version=\"4.27.4\" _module_preset=\"default\" custom_css_main_element=\"margin-top: auto;\" global_colors_info=\"{}\"][\/et_pb_image][\/et_pb_column][\/et_pb_row][\/et_pb_section][et_pb_section fb_built=\"1\" admin_label=\"Section - una storia fatta di memoria\" _builder_version=\"4.27.4\" _module_preset=\"default\" background_color=\"#2c2c2c\" locked=\"off\" global_colors_info=\"{}\"][et_pb_row column_structure=\"3_4,1_4\" _builder_version=\"4.27.4\" _module_preset=\"default\" width=\"90%\" max_width=\"1600px\" custom_margin=\"||0px||false|false\" custom_padding=\"||0px||false|false\" global_colors_info=\"{}\"][et_pb_column type=\"3_4\" _builder_version=\"4.27.4\" _module_preset=\"default\" global_colors_info=\"{}\"][et_pb_text _builder_version=\"4.27.4\" _module_preset=\"default\" text_text_color=\"#FFFFFF\" text_line_height=\"1em\" header_text_color=\"#FFFFFF\" custom_margin=\"|||0px|false|false\" custom_padding=\"|||0px|false|false\" global_colors_info=\"{}\"]<h1>Le pietre miliari di un secolo di leadership industriale<\/h1>[\/et_pb_text][\/et_pb_column][et_pb_column type=\"1_4\" _builder_version=\"4.27.4\" _module_preset=\"default\" global_colors_info=\"{}\"][\/et_pb_column][\/et_pb_row][et_pb_row column_structure=\"1_4,1_2,1_4\" disabled_on=\"on|on|on\" _builder_version=\"4.27.4\" _module_preset=\"default\" width=\"90%\" max_width=\"1600px\" custom_padding=\"||33px|||\" disabled=\"on\" global_colors_info=\"{}\"][et_pb_column type=\"1_4\" _builder_version=\"4.27.4\" _module_preset=\"default\" global_colors_info=\"{}\"][et_pb_blurb title=\"1886 - 1910\" use_icon=\"on\" font_icon=\"&#xf111;||fa||900\" icon_color=\"#7bb2d6\" icon_placement=\"left\" image_icon_width=\"30px\" _builder_version=\"4.27.4\" _module_preset=\"default\" header_text_color=\"#FFFFFF\" header_line_height=\"1.5em\" global_colors_info=\"{}\"][\/et_pb_blurb][et_pb_blurb title=\"1911 - 1922\" use_icon=\"on\" font_icon=\"&#xf111;||fa||900\" icon_color=\"#FFFFFF\" icon_placement=\"left\" image_icon_width=\"15px\" _builder_version=\"4.27.4\" _module_preset=\"default\" header_text_color=\"#FFFFFF\" header_line_height=\"0.7em\" image_icon_custom_margin=\"|||6px|false|false\" global_colors_info=\"{}\"][\/et_pb_blurb][et_pb_blurb title=\"1923 - 1943\" use_icon=\"on\" font_icon=\"&#xf111;||fa||900\" icon_color=\"#FFFFFF\" icon_placement=\"left\" image_icon_width=\"15px\" _builder_version=\"4.27.4\" _module_preset=\"default\" header_text_color=\"#FFFFFF\" header_line_height=\"0.7em\" image_icon_custom_margin=\"|||6px|false|false\" global_colors_info=\"{}\"][\/et_pb_blurb][et_pb_blurb title=\"1944 - 1950\" use_icon=\"on\" font_icon=\"&#xf111;||fa||900\" icon_color=\"#FFFFFF\" icon_placement=\"left\" image_icon_width=\"15px\" _builder_version=\"4.27.4\" _module_preset=\"default\" header_text_color=\"#FFFFFF\" header_line_height=\"0.7em\" image_icon_custom_margin=\"|||6px|false|false\" global_colors_info=\"{}\"][\/et_pb_blurb][et_pb_blurb title=\"1951 - 1963\" use_icon=\"on\" font_icon=\"&#xf111;||fa||900\" icon_color=\"#FFFFFF\" icon_placement=\"left\" image_icon_width=\"15px\" _builder_version=\"4.27.4\" _module_preset=\"default\" header_text_color=\"#FFFFFF\" header_line_height=\"0.7em\" image_icon_custom_margin=\"|||6px|false|false\" global_colors_info=\"{}\"][\/et_pb_blurb][et_pb_blurb title=\"1964 - 1979\" use_icon=\"on\" font_icon=\"&#xf111;||fa||900\" icon_color=\"#FFFFFF\" icon_placement=\"left\" image_icon_width=\"15px\" _builder_version=\"4.27.4\" _module_preset=\"default\" header_text_color=\"#FFFFFF\" header_line_height=\"0.7em\" image_icon_custom_margin=\"|||6px|false|false\" global_colors_info=\"{}\"][\/et_pb_blurb][et_pb_blurb title=\"1980 - 1991\" use_icon=\"on\" font_icon=\"&#xf111;||fa||900\" icon_color=\"#FFFFFF\" icon_placement=\"left\" image_icon_width=\"15px\" _builder_version=\"4.27.4\" _module_preset=\"default\" header_text_color=\"#FFFFFF\" header_line_height=\"0.7em\" image_icon_custom_margin=\"|||6px|false|false\" global_colors_info=\"{}\"][\/et_pb_blurb][et_pb_blurb title=\"1992 - 2000\" use_icon=\"on\" font_icon=\"&#xf111;||fa||900\" icon_color=\"#FFFFFF\" icon_placement=\"left\" image_icon_width=\"15px\" _builder_version=\"4.27.4\" _module_preset=\"default\" header_text_color=\"#FFFFFF\" header_line_height=\"0.7em\" image_icon_custom_margin=\"|||6px|false|false\" global_colors_info=\"{}\"][\/et_pb_blurb][et_pb_blurb title=\"2001 - 2007\" use_icon=\"on\" font_icon=\"&#xf111;||fa||900\" icon_color=\"#FFFFFF\" icon_placement=\"left\" image_icon_width=\"15px\" _builder_version=\"4.27.4\" _module_preset=\"default\" header_text_color=\"#FFFFFF\" header_line_height=\"0.7em\" image_icon_custom_margin=\"|||6px|false|false\" global_colors_info=\"{}\"][\/et_pb_blurb][et_pb_blurb title=\"2008 - 2015\" use_icon=\"on\" font_icon=\"&#xf111;||fa||900\" icon_color=\"#FFFFFF\" icon_placement=\"left\" image_icon_width=\"15px\" _builder_version=\"4.27.4\" _module_preset=\"default\" header_text_color=\"#FFFFFF\" header_line_height=\"0.7em\" image_icon_custom_margin=\"|||6px|false|false\" global_colors_info=\"{}\"][\/et_pb_blurb][et_pb_blurb title=\"2016 - 2024\" use_icon=\"on\" font_icon=\"&#xf111;||fa||900\" icon_color=\"#FFFFFF\" icon_placement=\"left\" image_icon_width=\"15px\" _builder_version=\"4.27.4\" _module_preset=\"default\" header_text_color=\"#FFFFFF\" header_line_height=\"0.7em\" image_icon_custom_margin=\"|||6px|false|false\" global_colors_info=\"{}\"][\/et_pb_blurb][\/et_pb_column][et_pb_column type=\"1_2\" _builder_version=\"4.27.4\" _module_preset=\"default\" global_colors_info=\"{}\"][et_pb_text _builder_version=\"4.27.4\" _module_preset=\"default\" header_text_color=\"#7bb2d6\" header_font_size=\"77px\" global_colors_info=\"{}\"]<h1>1886<br \/>1910<\/h1>[\/et_pb_text][et_pb_blurb use_icon=\"on\" content_max_width=\"100%\" _builder_version=\"4.27.4\" _module_preset=\"default\" background_layout=\"dark\" global_colors_info=\"{}\"]<h1>La nascita<br \/>di Confindustria<span data-metadata=\"&lt;!--(figmeta)eyJmaWxlS2V5IjoiTTFnd2FtOW1JMHpTb05yMGNSS002eiIsInBhc3RlSUQiOjM5NzU4MDIxMCwiZGF0YVR5cGUiOiJzY2VuZSJ9Cg==(\/figmeta)--&gt;\"><\/span><span data-buffer=\"&lt;!--(figma)ZmlnLWtpd2lQAAAAv14AALW9C5xkSVXgHffmo6q6+jU97wGG1\/DwPcwMD9\/mq6qyO1+TN6t6ZnyUWZW3upLOyizzZvV0s66LiIiIiIiIiIiIiIiIiIiIiIiIiIiIiIgjIrIsy\/K5LMuyrOt+\/3Mi7iOra9Dv9\/12ftN1I06cOHHixIkTJ07EvfnnuWYYRf0LYe\/KfmjMTWfb9dZm0Ct1e4b\/Wu1qbbOyVmqt1gKy3npQ62byvmLXWlXSuaC+2io1SOWD3r2NGomCJjaDmtAqKq5S3gzO1Tub3VqjXZKaC612r75y72aw1l5vVDfXO6vdUlXqL7rkZrXdkvxSnO\/WVrq1YA3QsaBSa9U2AXfWNu9er3XvBbicBXZrnYYAj1frKys8T1Qa9Vqrt1nu0nqlFAhvJzO8nW2vd+lHTTg7FfS6tVLTlpA\/7fK2x9fUW71at1Tp1TfoZKMOY1Y0lJ3p1irtVqtWobMZZmIOrz26OOb1OuWHVjbrrUq31oTfUoNSVweM63Vk4Ku3HqSt3uD61qVqratduLF0eRgxUveQNkLbK21vM+KA6Ep1s93SFo1mznfrPaHjtSaDsLPbj0LQYKDUU1ogNdsbmvTOD8eD4fhC92AkOK12675at02BaVe1XChYlbqTwhogU21X1qUrJL1KqbVRCkj5q932eodEbqVbagpevtxuN2ql1ma7g3R79XYLYGGDfre7pIp0Wp4LjbqSXaw1GvVOIMklJNRDFKp8x7q11fVGqbvZaTfuXVUiyzSFYKrIJ8U73qvdIyydYAQrAjgZ3Nsst0WRT9VbNNZSKENfr5wTUV0TrJU6tc3z9d7apqt7xg2MMnhtRYam3GhXzpG77ny9uqoT4HpoNaWnNzRr1XqJxI1r9dW1Bv+k+KYAArazN7vkJsLuNkrS6C3nS8FafbNHy+QeslHq1ktl5f+hPZd4mCY2K8iD3K0xipt+D6d7OqkeUQqCesCAbkK5vS5lj7xakWsN1ToKH5UQEm66FAJ8dLNdXddWb7P4qxSQe4zNddvnyTyWOdpptwKlqkw8TkVTaTcBW+qPFwludko9mcxfocUZoX+lAhr1crek0+arNL9S15a\/WjN0oiZS\/5pyd10twtc2S63SKt1jrtZbq0C+rtcttYKVdrdJ5vZKM9js1ivJ2D2BSScKLkTuCHb7++H54Wy3F16eWfW9Nbh7vdStUWqQrNM0jwFsttUK+DSjuoThIptLstX2eRnM\/FFKV+iUuqVGAwvIxG\/Cj9WB4jy4UVsR6EKttbpZLTG8JW18UfJYknXJLEnGSeSYptsN5j65Zbrdqd3X1oE53sEc1FaYMtXNTrddqQUy+U6gU7WGlJ+MJ+dmgNCU2qkE1Fxv9OodBZ5GuuvYonqro6pzzVrtnpKdXWcqa7WNriav7VDNga9r022blBkgnN3QaaxL8zeWumhK3M2bbC6Wxc3BerMJL5tn11tophK4RSfYQ4JOrcYAltfLqCWAh6r+YrQZ83aXwQf2sPIoHA+aWCFhB53f7K0xEquiIixr3aYuVV611D1XE9K+66SoWU5MC5ajzEpANl9pN9pJrqATVusUA2yjptQYUaPaZrKTX7RV4uySTB00leSxoL3SQ6WhQW55rdRlIrqcLlHYbav8J2r3VJCT7fnJNR3tUwEGPzGKp7UVEtc01hFVO6j3pIkznf5w7LSX5piRAA0aVa0zLLQmrALxEpA8VR5YY5ICQlPFegLLJTCQnNLn600r5gIrwtk6ieIGE18WgAUms4wGycVWu64au1Tfw8MItvuj0I4ILkK31qvoYKzUpe8eOqwc9Kwu52o7O+G268VCHfPaxUEoMakoNNVuu5NmPeZ2TdYRFsxyY12Y9sulyrl5UM5OdFJ5LHyz1lOTUqB3dWG2KFO+oktesY0S1tEnwGa9wzLE02u0z2sCDnuWxQAlamxWSh1R5nyaYw52K7pMFoRoNdyeTPuz4WRMnXgxhDFUgqEg7SGN+rlaqqD+fLVgdkVW2VwyltU2IpaUd760Ib3wG2FfluPedLhHLm4EZjbXak67vNbB3lY4XR8PZxHEuiURnenU76k1AhIe3cQVEUy\/MhlHs2mqRQtoF3Aj5SoDr1kSh8KHcTeMuaCC00QivwLF6qatUXAZxS4Gs+nkYlgaDS+MqZAQM1h8lIeEx3rkkr5FrvT30fq4P8hH1c9LbLJvjYYIUjqRs9na3ev1hth0HcK801sxk9avKyBvFBwjnYCK2bV4IV1tN59AfjGTv4P8UiZ\/J\/ljmfxd5Jcz+SeSP57JP4n8iUq9W8m2ftL29uxkKJJp4oV1gZpybaMmPfDijvvlyWQU9sft\/dCqBr1bb1lrgBipJq4DaS9YL2P\/Ne3fo0YiJ0qlwl+bTIdPm4xn\/RHVnfXNjC3Kr1Lwz67j9KzUlcO09kY4nQ2ZygJrdyjKVC2jmO0mKb85OYjCysE0mkyRB0tPCftKgal02wEzt94l7dXurclURvXI+bix2lSHGYmDvl5hTpDPs5rwKPCo1Bukik2x2lJlgSFmS0JqMRk\/zS41MPlijo5tYEUm0+ZwOhVOkvmnw8\/T0wTmDjPM8ql+iF\/tR7vWUPkVlnxAJtV0T42ZnRj5jnoY5mynJk8v2JCH36nKTiNXu7w\/mc4OT6YcziLrByutmzEmBuAqavteDEjmrt\/oX5kczFanw4ElkrfzKyP6lEHfTrdcWqfTn83C6ZgisOodnSosCGpMPB3Yg9mkG0bDp0E6EZGyo5JJ+PCSlJqo3vRgvO300K\/WA3EThaZh\/8HSTcJT2xWEru+MYTdoO8vaYyvFw6ugZlZpVrrMXEZZTFquV8NNdI5fPiaDMGdhIsnEIGLEdYki6cVLExakv33RDmM+7tMapv0+pKsceKzKePWaZuVTUjmtpYpOtaukbEXrl9E6sTmkbYXK5ADGpq5e8cHqIX43SLnSek\/0M58hVVBSZw+i2XDnCtkHpdIpVXDRN2p275az+XKtd956I3kZ88rucDRw\/ORdY8ZS9BKKsapow4EdfjXZANntBfX7apu9NnZKJTsHQFvRjnqzw7aJnJSAY4XemURD0QpWJEBx46Uy47VuN5iKdn4q1p3Vio1nqQPYuKctzsrUjTvYMbXDnfZAGTPXadZqx7F4zDEm+CN4h7JnJu+td3XEy7gIPHOVRlu9lDyblM14t0O+sN7B665t6nZts7ve6tV1g1pkelbr4oOp5ixkq22yMRKcxXb5LJaY2YM6CiqwpTp9mPYzLJ5mj4eBUTZMaQU2N6UNVkHyXrNNuAVPm7Rv07YgR6018ShJ520BfpCgFWxONyJFsHD61c8nwqKiWKziHfNcouxc7d642jGyG227+10mbTu8poN+PMkzp8mfsE3ECnTSZtmvb0jtU71pf2zH3vbwFtZ2dj29TRYjVnknCYOtQBe0irdCRIenb7eOK912svHJZUDxopTPwOzyU8hAkvWn2GE3aGGO2EIKiWktpiBLaikFJJSOScjDwhyl5RQSUzqegiwlxBQDEkonLaMMIkgxsVNzwJje6TmoJXnNHCyhekZbclBH9NosLKZ5XRZoSV6fBSUUb8CA1itoso7Pjfi1hMWsIgvgJnY9bTzdFHJzrR8x1e2InyRyVVkv1ysUGCEdZzx2KJmsL0bPbjCoIXMxKcoL3hykYOvOwYp23UjyC0HHbfgXV1FP5mICWHKoCeCYTekEYfba2bE8D+ydFztz\/BBwjR0f4BPB9nQyGlWHU2tyYNrNsS+zxCBhNf22LvZqJtYgHGDtZiHltXs6rLbW+FagIP6b5rzVdRYnz48I3NEY6QXjjSY4YZr0K5MRzo2Xn5ol413gj7\/Fn1yfP3nr\/1D5MjnvCn\/8LiCwU8D9\/Mnt8ievlILZZJ8K25I2A+PtO3MOgm1KEDb6U+PntiUrOJoQ2DOKxs9UyDX7s+nwsvGKe7ffTt7bu\/0JPPy92+\/gkdt7ggDze08QYGHvCQIsdvpTbH19PAip5184GA7MVoaLZePbrQyFl\/qjg5A63oFua241\/gpibfX3QuPldvp7w9EV8L1I3AcSwtks2p4O92fkcoILz8M+VQ72wulwe2V44WDKWOAEuRCBQU9RABIekRWNaJPWZuarBvv9bWbBXF1CLfgwYvU07xHDcbvqIwisiDZIB7MUsLwETzSNi4f+q0Jka1f6+xHan1ZhwupW2uOxGWf8To19q7CeA7CZ5GT7QBRckgVAdHaVZDFDvxPLPcsW2wv+ssvAoSOh\/AQqZAYnwaozCXRuekG4B6nh9vlweGF3NodErFW6lKDU2ZcMt+dQUjoV3LlgTI93J7Sn0ybP+PRs+MIELbbfaxgy2w2vLSurH0M3iV\/arVBjEnuG9MlOW6TCX09MjIsbuNC4z2ZLV7OVsD9T5fhHr8POmiJTuaNj2bIS9CudQOA5kSRPFS7PgguOFwmuyc5god2ttngulla6Ur5UbanlPdZabwp\/y2xkJEB8HOdA+nGiap8nZYfD8xSRA3meLpV0U3VNxT7PsKuU57WBzV\/X3dBAzPVihXjeEJzXGOmNleC8PG9CsQR+c6WikelbAuucPmSNCDHPhzqv7mHtbkv4u1UGgufDWcxlzB5R7Wns4JErjZL041HN1a5I\/NEB84TnbezSpP3HrLCX4PnYNft83Jpt9\/E9m\/+Ku+3zKzv2+VWy8+T51Y2VsuS\/pt3R59d2e\/r8uo6tf3vnXEvk9IQGtpLnHTyFzzu7vYbk7+Ip+SeWyt0Nnk8qlTck\/2SewvdTNiydr9+AIZ7fUG6cl\/H5Rp6C9008Be+bS+fWpB\/fUjmrO+pvrazoJP62Skfzpcp6V\/DK+DWSr2DJ5VldsfRrBF6FnxWed\/Bc5XknzzWalfbqPIX+2TXbH1pbFX4aa+2zoje47eqMtep4TTzbZztPfgrPztnOU4TO3Wc7X387z+7Zzu138QwaZ5tSr8chhOCvs4TLuGyIJ8fzPE\/h457muabA72011Ae9r7V+rsfz21nthK\/v4Bnw\/M4NBM7zuzpBT+CbPAX+3d1zXcn3u501eW5118sy7tsB2wKeg57lI+y1dKu3wzDJ+F3YIIzJc3fDlg83bL+funFO9eXiRrfX5TnieQfPvSBg1TBmzFPyE5538tzneRfP7+H5RJ5Tnk\/iGfF8Ms8ZT5HTAc+v53kpCFhvjLmfp9C7zFPoXeEp9J7GU+j9O55C73t5Cr1\/z1PofR9PofcfeAq9p3tBcIcQ\/H6vsqEcPkMSQvIHJCE0nykJIfqDkhCqz5KEkP0hSQjdZ0tCCP+wJITyc0goqz8iCaH8XEkI5R+VhFB+niSE8o9JQig\/XxJC+cclIZRfIAmh\/BOSEMovJKE8\/6QkhPKLJCGUf0oSQvnFkhDKPy0JofwSSQjln5GEUH6pJITyz0pCKL+MxJ1C+eckIZRfLgmh\/POSEMqvkIRQ\/gVJCOVXSkIo\/6IkhPKrJCGUf0kSQvnVJO4Syr8sCaH8GkkI5V+RhFB+rSSE8q9KQii\/ThJC+dckIZRfLwmh\/OuSEMpvIPFEofwbkhDKb5SEUP5NSQjlN0lCKP+WJITymyUhlH9bEkL5LZIQyr8jCaH8VhJPEsq\/Kwmh\/DZJCOXfk4RQfrskhPLvS0Iov0MSQvkPJCGU3ykJofyHkhDK7yLxZKH8R5IQyu+WhFD+Y0kI5fdIQij\/iSSE8nslIZT\/VBJC+X2SEMp\/Jgmh\/H4STxHKfy4JofwBSQjlv5CEUP6gJITyX0pCKH9IEkL5ryQhlD8sCaH815IQyh8hoSbqbyQhlD8qCaH8t5IQyg9IQij\/nSSE8sckIZT\/XhJC+eOSEMr\/IAmh\/AnvcJgNt3DGcm2eZLzYPfTFgW729\/fFQfP8nelkT1zK2YS\/fnk0Ie1tXZmFkcl5Nr5n\/Bzn37uSH4s3ie846M\/6irtgchvDQTgxvh\/jRHeuT0eC1OlHszCYHEy3IeFHUzxKnCJxQafbLfE4aBAQgYCKeMylwVMPIjhenAnj+LHRbn8wuT8i6e\/iKhH72MWvxVMehLP+cEQqH9LfSBwRPOZLxEZCgnuki7NwT8PCtmjh0nCLzThsLLHRFbnYZt11D+Mf+7\/b5DYe4RRhkF7amgrNMS2TO6bMGP82HaTTxm4d2EP4E\/GgZ7IjyV0aRsMtBOeZPA93kHfSFCJ2HpF5qleE9jjamUz3zNgsDHXEXuCZRU31dtkejIV1QEv9MUB2WXUpEshpC8GlxeNmaBfMNeSz51NnzDEL2Z0cjAYV4a\/ZHwOAnxumE\/xOKsPmciRVSBzfUdkqphvSF3vmxL70dEWLsKDmZLg3eepQXNgOgX5kvOCduqSK9ELPnCEof2E4ZksnLZ8fDma7cHbtHHTNes8L5rptaQkHXbZb1w+lzGUerhKSzMi7cSaCWOtHu2XOtTA0y+amBITW3hypnopa1mWLdUskA8AMWTIP2bch4x7a25NxerlnHnrJRf5LqMh4jy0a5tw8bBcW7WnCHPzWoZB8RH80k0gxTT9yPBlGltjLPPOoQSiBIhnsR2uBRh93zG0tySgWe0fODOo956BzhNN2aa+6HieZcPOMcrJF4I2ovttoZfbjxLH1sFp9mWRnPgeNyaVdYbvOqXWPMtw6F\/XybCxMdz1NJkkVy2D8wsXwimEu7wBtDMfxaDGtBFIdXghRixzbUnJ2r\/R01FtybldU4LyMHIM3tBrm5\/qXh1Gvf4Eh9yTZEn3FysR2TU9lbOvXbu\/2ZQMZTiMwvCSnLdWromx+JOk2w0h8OOz1mVnmBTA0gtnIvD\/vHR\/pkcEGNKT5BbO40x+NtojFCl+RmXnH9oZxLDbp3jW2lhvA\/Ba6Zim+3vMKF0ZX9ncj1lmvOEgONCNWWW9ha8Qu7HsOJmJ23+R5p3egm0jzlZ63tMt4TiF1sTy5DM5rPW95lpw4sPubuhhBwZxw8HCQcHVyNLkgyqoovUkllkd7ZycKZ6wFZsk7JSMMLUv\/dZ53ZsBG\/FI4aCj\/H8h711YtIJWzk5HrrTfXWz\/tLcZzrreYsbneFg73tnh1bxdcr6Ax19tFB8\/0dunf0Ntjh3u7PLCdayj\/9Pb4WoYHFHqLCPwgMruEV+zq5mIxue09tHJ6IZyZz+dNYTeuxeatQEg6aWaORDRLukDICpsep3ND7NUIwsyGPVv3HDNpwRTKTrjGX2T9sVEIZH6\/GkfmlZTdS0I1OJFFXnKlaBtS5BaYyJNp2MgckLM67Qyn0SyRkrQFQ9l8cVWG0vhL25O9vT5dKNuVPw1D7Rg7n+g0fZDhVJ2g\/auJ9weX3LpYvHoNWFBQXYx4gETfUjSLmTVmqZooEg7FlNAd0vSQZty0+C9OszAYl5yNLrMCIHQFN\/tTBtSNQ5ZpGxtUDZSakmmFs\/snoLveIro9xuZpBCn5k\/T5ahsiEwTbuRvIKMMoVsyaKMzh9P7+VEZXvTBBMr4nmhSZLc8LruxtTUaOh0gzMIdDZtNxS5G04hPlg9xeQAfDFaSL38Dox2RRc3XwfB9lgsI+MPxwIkmIezUci6eCGF1bkyxl7yAKV1CbVfEg6eyVsS6EHl7fcGenPR5d6TJKl\/ojxc5V7cSp7+0dzEQE6khYuv48XTLOlvqlKApn9QFc0n+UczoE592e57mCGqArEOhLVmYAZlzT9QHeu6vfDRkD\/6ItjYkzM7UQRH9BJCu97wtE0N9D3Qh9onOTg\/36AMff5HQYSb+fSWclTeYDHu6drD50iewHPVOMs4FS\/7BHmD1Lyo9NwnxzgaP+YMVxgw9SvuEaRRH+FYw2IhBh1wf\/GmZAB6oPhoTXd0Bzgwcr52x8H0POmAeQeVC03m6492WYllnfGOIiT6\/UB18OCZfxyzAjGJXJHgyFRMkfHK0\/vtSPRPXr4ORinCiWPYN9tVqoTe72x+LqSmlqsdFYa7Frl7dHByIKgPAyGvW31D5dCsUGtPfpP1Xx9dFM0tTcxvZgCDVzVA3rt\/kcFeKS4VeZaq1R69VIEO89hB0wbfb3w0F7v3swlpua4tr41uTSh097xpsejBvh+AJzn+b27VnCIKLIy03DLZaUQXsMmxaU\/9dbaEy2WchmwuRnhLxK51NIT1N2j1AO6\/QQYSKjbohSRgjQ5LZZFWi+LFvL+rh8sLPDekDVvGOkKxQEULiKDW2ehW9oOzXXD7u\/hZncNCaQ19SXY6bgmMFaFF3zGTksOFBXyAjBxTmOOiPsorCFrHeH7DGmV9r7kUhH6n8WIzYPFZn9E4w6qMh0fKFiGXBiwIxu70prUW9SQuDjgfnckeMRjliZUCYGYYw2ixLvDMPRQIY30sIM27ltBDUrzVamNEav8zNIbCACIUA\/C+lU7lGihkpNBNj+At7teedc2DbEiIu7DQI2ZAWaug6y0crFwAYLhvM9AOcTsOyRp4HbUVGSWNZOf9q\/MO3v72YKi2MWEEZmYWXU33cTotDhmJVJYGrNsp76cFReqXXs\/UifE5HVllzPJZOTi9zrZYHnAzypUA1RZzphr+wvziQTi0BWDcdHoKYMk+7PYknIYL6fecKmAxBDoRvfAzYBVwInaZHpMCpPpgO33z0CoRAdbMkp2xaOszTuTFIx2ibXj1lZwDeL3LIcDhiwvWoY4a1BYDHtxfxy+XQfjyFbVqNAFs2Z5OnOA8wVTdve\/zO9C\/DEZEkXuwcnIRMJV8xf2sHKnrMLaaSFGCiiM5cse7pH5oxQ7GannzgXEUE7nHmZ0GhwYWTNuXggvUngeg2aAAjQesXt2FDblhYOxjsj2WLK3ZgsycVhtB4XqQyXLNuVuH6zT2Ap9tW2Y6il6u0fbI2G0S7EpGFhtzfphf29RsqeNOIfbgR7j5FHHPE6Gsyk26lzJKTaO8H9cCrWJFJk8akw6nMszLs9R9PduOPfRHkkB9tBZkTiKo407U5RGFkGVxjCmtUAGLJ5lODjUDmMxkxItOg5aFF5dDBNlp70qJET21UOPeSlBXJeN9zn1M9hcThqbywYjjHsiaO3zrmzK06u0ppurVGSlylIOgptmS7grLS750tdmcwgEYEIFMfedS6xwQflHiD2TR0LNv6NM2ngOpE5800jZbqtwx1nARgMDySslk9DZgUeScisGO1Pw\/4AjIVod3I\/WkWwrxyiK4OWYDDZLI0NdgxYIjY8NOIyx2xll1u+7BLHr7jECV3amcknp9rNnjD6fN+c6ktfXuSb0wexfF7gm2smKoUX+ubMVir95\/nmWkZ\/OmvHnbpOs13lCr6vH0tISO3ujrlhezTcZ6rJixrwfmNv6uKAdHeIyZ4qTQkCucveJnPZ2wvO1c7z9K+qJeFQqfgS33iTmA8\/FSkzznaUlTvb0ULc0WK2owtJRxeji+H999CJJUnIXvWYtq1byPp4R2LIM6l1n\/EGBxhCwCD5WK\/ZRAqq4aXhtots5eOzajmW06uxXoWDUj069hVGlEsuG5BniyIVu\/FGUnTcVq5Uzm9qKN471AhLu2TMy5FBZKXtM\/zIok6wbmblhEWklqX5Ct\/k28xNIiIdtyvuCQF8BzjRSJnptTvxrSRP0kmJL7n4blKuzJl9O7lhlXfZBLngADF+0b6GQmrBMVAmSHUBR1acVOwke0O4oZWk13LJjyN9e99O7jy5i+beVQRsH5KaHLnWq5vxqxZXo5cwYKzoYr18fysBK5XXIMoUVJGZJdO31SeIrjJULFNolTY48VeX17QxC\/ZdES84r9cMfHluEoZUhJy7f6XXIPM1IvNy+AFlhnMHQwdG\/OYOCCborupVDY6mO5Dd7Ny5uXEXAN\/WDHBTWDawjscj\/LLhZUbYG0osQlm7y\/jbeEsz2RbPOIM0uejSBVmEWuKv4AqQrVeZRaF5I7OBXPtgNsIjEv+BctY\/hoM4h2yhyS+AsTIh6BzohXcWtYsR4EW236WtaDI6mIUuUsEKuJ3t1et9c+x7cDRszHiZCuXh9sHWcDvo7+2P0EzPHHdd2lh1LLGnWNls1WruTlWpcb50b0DCa2gMT67JGv\/ETDr6FKMBVuPPzfrxwV6ACWagIkNky1kGDkEiCw1kmhDUuXDAkjp1uQXlm3Fe3JeVdjo232CWMpSc7TxmqbnccmRLhYYDHU+pOsiJVZwR1EzDwrAamyoMxgVKWCtzHZZVEO7HvDOs+nrmomHhmAtisbMTZ69KMhdIsicikDtEVuXlvQQeXtDrts8JxHcvy+VqKytE10nla\/fIzSZSBXdzulieHkS7bRZYzgKkK1Q7erlTRNtk5ka0CSr65hApr3pl3N9jaFVJgkRFczvT8HsOcN9EBQgDXrhA9+h8tDeZ4PSJ5cwRG1KpHaqav4AfOVeJHcPBqD89OxR0AKldYzGlejjb3uUxR8WbZLr3NgaAgVFfWncNGtGDy31nDCHEltzFIX38F5fMsXrh2qnkMw6pHRXrTsWhHeeFxj6sIDBnYFjmIE1FAnFVInS\/EzdNHZk2tgihyI1DVn0MD6oJQG2IzAUG+55adfP8Wg3buFZvVDfbK5u2uN5a3YzfykUXsJv3uhKp6Jem2wkXrNdIqDS2ssXREu2Ls\/5wjJOfrOc569s1CBhT92A6hENvMIz2R\/0rLTErywjLZtWKwH9ndMApmGttXzPoHNWIyB1ohYu2ox0t64ajPhHyXVshv69AW2EvtMefVHGTgmRuGFXZveAtMunzzYPRbCith9MV2QNu2KFggNQJQFmIaWQDHH5lQgclGtnsy9moXORyM8ndVpelj4fv1recXc5I5eMVrZCsdUWps5meWgFaqNn3CBczV+iXkkZr48G+07zQJcWzg7UtdgaxQrCY71nuPuKbXFKZBDo+6kgtephBt\/aQaqBYXBmNgJSUEzOrV6sNfRuAlUktgUlB9oCM8I2r2t7ZKUGORwQHmVt3ZZY7nl651tB3+eZbaw5tf+haBFAa\/pifNXukMnQ\/nu0Z+sUqw\/SguVqj3D5vFwEMTsnJHO+pa19nz7RqzVLiX+gFTOYAKa80HjsTwaLEkcfsisW+2dlLoW3tpXee\/aAYNT95YSbXrLc2Y3BeMklRoVm6JynCtbknLVqwJJPSxUq7K69CygZkXWbhUmKRj4mNZizsBdVlzWmQYF6Xjq+Q2lwpNet6u\/GEZt09v5OaOR83fgoLUEt5OU1QDhXdlDcvMA1ArmHkcaZSwBkL6JSqVQu41gLcWxHX2Zxy5fyT69tSWW8L3pB9MfxGZSXuzU1Xi9743kyk\/2n0IS2tEEq4QMCpo34r0mxBEAKmVJF3nuvlesM2hsKt4XSpT+fLZWvbbK7KMtVodxx3eX13pFRxTnXh6oYqutabxXtrDavApt3l8Fna9LpWtzr1llyuy9EaEiSVLzfWBaHQq+mQFFe79h2WhSPoHxBA20P\/t7Whf6K32wqqaB7\/hWhZKIdzuasrU029Am\/fiuOzeDe2tvkcU+WqCrI39uMACIbNG87Cvch83vf8FBeDGjcJXR0MqfcZkBTOLh9mti1FCXRvmXxauxn25SKJnPOJkQrEnzF5ax5NYhY9Zyj92DxmeM1QIIgzFPreDsEjIUfan01cCm\/BQrWRL\/nEAic4izbLLllXJWs5ZMGQeCMmpYhjGINXhpdZEvDoLM1Az3rUwyJOsYgzYt3cZbPkAi3NyaXQ7eomo8E5XZMI3bJgrySLsZ\/BXbPh0Tpipsqh6xgs6JKvHAq0sFkLRyJ2ZVpPby8yJmNbjfZ20qZGlLklNSfpdT3GzeOtcHbbEcvKauZzyqd1abI2GBLxlw7kZ0PWyhnOdT2aPOVJtz+BinJKNgVRKNMpQQ4HJdkW57aJE8SZvBTEpnSxWpMvwzCG5vxavVcrt61D6OnrLGLCfObcprz72dYPtOQCsASer7TlEyCkCthXNrrJi+\/Flfpqs6SWdgF36KJtKVdqdNbkGqm8diKmi5Snb8a7z0m4Yx6HHVuGAEvFohW\/HKZ3TuKcH7AooHMBqofvklYqr+Mp8fTEZjGr7Uyfw7ZiLESaMc\/LEdhCZuv7A+S0Ph5e7sXyRWLqHHLsILWRbi6Rc56ZeylISBRajFRFo+bG\/zuNTcqoydPeEnni\/m6faH\/R+JqwwCft4zxyeCCnN2bf5DJZi\/DkmYjkGBOEpwU9ZWzVpiBPC\/r6YdSxcUaZBsyg13nzbL\/NH6Wqrd3\/F988PQt0+m6envN+2rlsv6d+aklOriT6\/C7P\/B\/rCOO\/LJgnuKTlIBxGK8PRKBAY7f+sN4ych+4gPw+kjf1iY6ehR5mecdkXLdkeXTRv9c0veJqtzvXg92K\/m\/SvqLZzyownu5FAfyx3yM1+uz95KgGd4IAZyfizbZAxUsfRvNc3f80RxaXmZDJm49oYjq5UxSUF\/lFiscFkZ+b8zkB4gcnX04HWZGy1xIn51z0kfoT3D5XXZovSrcR7fPOr3nC8yyk1NswJDHlumZfF4IzctOAVcUEiMgX\/Ugx2W+uk4NVJgQYp04Jfjgtkd52CXxODM\/wQCLBsUP7bXqTAAUBB4RiCDqYwixiX\/GmmRBgW2PsyMMuUQP8sAxWOBPb+TJim08cIRualnvf73pEclhNUuHwHwyOz0Z6ZMjZ\/D9txtmMXQ2Kj7EnaEgGMzHvy3mfjMdJdTzpIz\/DN06Cm0Pl59e9IJRWyhwTfmy1IdfL7LDhZKDI68kzfvNidbsxr+vO9g\/gkAOrZRl4pNza2MVFHF38iPmxATGIgPuSWqYad5ed0Uv9IziHp2P+VxB8sa7b4w4ixcgc9\/euYWJjsspbNR2SXzYatMl\/pn1MqIulquBOZl+W95\/hzYOQbmRfnvR\/xXa9FCm\/zzPekWWtLZHxY8Z0wBS6nC\/9+HCI7YogMK4PUDSOiL7WxDIzsDZ8TH18QELUVtYM\/Ns8axoxjLHFQUKy891yiqJxFlaZh+WDLEfr15FAjkJMR8yzf+6I3B8KNerbvfUlte+xyTOKM7cJ+XKEhLoEpmN\/399IV7rk5zC8KNppIIO7PsjeUro\/Tlk6dBcGeSMqagFu1ZG44BLKIZxNofHS5ZG48DLOo52ZMy5LcolxjNO39UPOV5hFHgG2FXlKywSSSK0zmq80jrwJa5HWBV1jgzA3mUXHaFm1INnNn6ibz6HmIRTuPOxQf207N49OcLf4OkVCLpc\/MzFfEaVv0nUpO9OXVnvnKOGPLvsspVc9BMXvmP+r1Tw0UjQnU7u1Nxg2J\/uLDSpTzP8yV4pBdnh30CY6kGE9nQiYo1SGzOJR+MNmyWN+fxbLrrMgri\/KMLAoGSu4VA\/6BLDjASWE23hdOJxQ9M1vUOrCvKdpXJC+ZHzyi0OmAuWyedUTpShyXf5r5oWxxpc9R7feaZ2dhyRL7feaHPdZILFpMfGp+0WImJuM9YPTpj73f91DzDl98JPIdwkDIUwl55s9jcAP5kP8LQiKXGwy9RHf\/zkdKTOKjrgZE5oue9\/NxDIL56fyxj7G6Z0Dq8zw\/Z\/7Bn0FgHfehoYHmmNEF8yeelLCYjobbOASHSp+bm00kPCkXM3rudUNOKz3vT724YGdnvuR9XnL70nwub\/7OE7Mj1L6YNx9MNU9AkXmV5z1TWSsPB8O02Z9SWG+KrBTRfIt5MZKK1vqDbq\/RowxZvdIPD19T\/KFcZI\/iD+x1+zVUh8F4dub2ftEl7fT4Bo52L6r9W7ApC\/5GyTTxmtAA84Zc+hrAoktatG+CTnKsuZRkbOE3R5gzolXL8rSgb+XUwp7ymbE5nmRs4bcNYBZTilqNzZJ3IpO1CKU9NhZwelqeFlSNI8RtXZ9o7dU5Ka1HbXvoAfqZOYCttyIwtcnPyZnfzTgfbds9enrtVUBbdRWrxS41iZ1el81blLVIXSN3h3zJ3JLNW5SWBakhNY8yD8tkLcLdFsI8NLeZW5OMLezavH6c6LHygkGcs8XBDv5S6kY9Ns3a8vtsBQsSjMdlARbn20N12Fi5fe+rXNqWbKaCiSMedxwCWcQdaXc1nOyFch3gLb53ZxZgcS7YlmOgYN01D7J4uzN0Pl0xViBkuRX2fyY3XxpcHO7XmX2eeamWrLNgynwMmasRE2VqflbhaY3e7nD7IkYnouznDpWp1TG3mJfnEoVFyfXsldZ9749ycgUYK8acmuw3wh0WjVQjGP4f97IIXVGCQxgvSDHKkxnBoCOo\/MRhnKMIvTBFSkuG4jDIbS7sEDL5ycM4vQlOE6Upyos0jMTugu5HLIGMCMJWM\/FTHicLhCpK0T5UuiIh87yi+SXZIF91XvgMf2siXh3dXlMPDdjPOZjtRAJ+uQNLzxPgzzugdjWBvsJB0Uf2S8xNmeWvckCasvMMafySg9mmEvCrHViaSoC\/7IDaVAJ9jYMGqpIWzJqSldWv+LuT2G9KRDUzjzAPPQputbkTydd00KLQVA0Ln8vYwqdqXvrFsggPF7N5izJSUKc\/kAUWlL1s3qLQIKAKI4EBVbti1sxlBZ49sJ8zOmuuaN6WrrAP0+xawrYjSAN\/botYoNTlSws+YAsIX+EPt8xf2Kz128h\/0OY7+AA4R8HwaVKrZf5xDqzt1wm4RbD0SVuUZdwWrZj\/6IrkM0qu6up0Il\/K+JQtcWzpEAL9T3NQqwSAP23BSkbpB+FoB+F8xsJjL4cqpmN+lM0qwC7u\/DQK75Ohv8yg\/5gF6+eSuuYPbM7x7EaKlt7p7w3HdDqUGfKH4tnEmXfN1VAu0BG2djPTM3\/lS0AjZCm9BB3lk3aH27gXBe9FuQvsL7ryduBnc+Y3NIfNPdjDmQDwRgVQvApnS+Y3NWvLLeRNCgGhxGkcxnvL\/JZCLE4CfLMCQaM34pD8tuYtkgO9JQOK6Bi8ms\/lzEcUTM0M7G8Upj3ZcCqkfTYN89G0aC1RvLjwbzkGDMbM8tX+HlbFvrPwYZ+phE8ogySBHd3v\/YhYLHt1JsBAacRHC56bFpSR+IV0kWLd+lEvJaWe4st889MZWI9a5j7zkgyoml4J+hmPuDc9VKzvYCFKsTr4guH0UhjoKS9M\/yb7UYLb6pkq\/oZ5UwYk379aNr+V8kpImQHHxTNv9jAb8fWZHkXmHvM7maYkaDk5EH1\/axaz2SfDPzXav+uRiUsyPXibhAs5JtY8LtIllsm+XAp5e6aBQG8wB0y3WUlf0xRz+2cpq\/WUdGQ+mvc+7k22nkq3LHIMfU0uqaADhNw02m0+kzf\/07Pnwbo\/+6DvvdflJZyOB2wPjT\/ke38TS0yCT9AgZGc+l8JqBISA\/LcU0qD\/dvn+pG8+n8K1Nt4UrtV\/T6HUt7AvpLAK+sgQKquRecD3\/ndaVg6fNgyvxvg7DoYcRg9HIjkw\/YRv\/k9auYcgzKd889\/9fnKOwp7G9\/6rv4dasZmQbUNk\/tn3np5LUSqIn0McOd75gm\/+MEec6dDnkY+b\/+opdB0NdIZ4yfwPRlr3wUe8IPNOz\/zLgxdvYPhomGlnPuCPmVbufjAwKSYAZ\/6Jbg3CsuwZGvgVB+xHzDvy5geIAzlwT+7\/mnfmza\/roQfT49IwvF\/r\/0vevMhXht12h6555iXxNq6CeEUQyer\/M76+oNtBUbeY0Ob9OfNasaZ7+0run\/PmV+O6NIO7pxP7bUXO1\/YJn4n7FkhrRKuGY1Vw84Gi+enc\/XoCI68ZEYFC2KH5cM78uJ+CK\/bTmQvmBQ5YtSILDrZmnDu54g\/lzE+48kp\/m307JpU5Rskzc+aFrqQ+3j+YJXc\/3pQ3P+sKxBWbDfexBS9zkLXJJZYU1eEP5swvED46r\/AAK3pRBgqR\/CLykzmKjBwbUVtuzYOm1UH5lCPXDGf9gcjpzXkiXBZWuyQCNm\/Mez\/kIB28P+z0lWY4PrCr79vz3g+7QmVe1K3F6KrKvS1vfjynWoPZj9fPyHya5chXMPaWRWKu5DdtCRWsjqLpOfMmC7To58WnUPBv+cwfdI5BxaTKBhet2BnqrTcZpf92VXmH+c12noXKBn1A+rxP9NRd5P+SR2QxEsRgP2R5mbYmonbL5gdlwWH3sM+wSjGSe0luJsrLYvKAZ\/6XHwm4JxAl\/LwF878zMMKyzCXzLEu8F+6JykmM3B3\/\/bAtIPgiH8t6\/oL5nSwgCPeJ3ImuLJt35wZDCeLtdfoEpzmIYS37z5zxSXiiOyGAuMU5u83GcqXWZ3xXq6ElctlMO\/yCPCfNrsgRVE\/mhXnz\/8RwW6XTP4hYM16U52Cb0yWmcnUoE06U6J+tnIlR1cYHeysYMTTbvCtv\/pddXygQocQF786b7\/f7+h3TMcYEAifTnPVSyzKF7ZpcS0K6p64CWuRKqCcejL1ahLa9v3jN1VCLXtsbwlNjyAMDeDMPl7PFzRkq3ENpLrIUgfCQbN6itJk7qFHWf8evf8zVUIt+r+UkIDIGici8wfe+Zh5k8dAIQqgqiUj8wW8yXzsPsWhbIx2QVdyjiJnhfV0mbzG2dxg2dC66SAxSBYU8oquAFhkbpbQnK8jDMywwSdYiXNrC+Mx9yfjx5rbDMIt6D0G7ASdf+glfOmZuN199CGQRv3ubUZQD6GOasMBviVh+66yD0wApSvT7pnmIRWv03W229\/vmDzgFlFVT82\/2zO1p1iIPLCDhc8OtWgvml3U7TyBpN6ARomQc6eXssJQZbKtnsagQzP0S0ccYvNn3nuMxtqrWolWUPc+L1KFLPzL4XebnWPxkFx3sMSt36Tn9ebnDc\/GGHcJ8tsUerJSiYGNVEhD8NYeIKqFJ2zj9MMnS893mDZBNYAwURH7D25HbD+orT8NxPC+XzRsdlWRFeZ9PNynDHGZOUxqqP7FkCqz7Y9AJRpNVK\/E6PAo98hgduj7+Kp9TYFcgTpnY2RgBxv4oLksFWhfBwbwgvNo3774ao4SRxdqxOrJ+mz9WBFRbDeWW+Uvtfh\/\/bco5rojOnTPLPrw0xoMXmYun8FG7batAkyYRlQxBy\/xtSkBOgoXCgxB4wLsYXiFKfeECwvynvPmYd2mC712TVbGzO+UYAxH\/gyecyjoumlQOdyZTPAiC4NLBLe8\/uxO9Bs5NhJ\/k\/RdvxghLUFskb96LnWVAYHS3zXkfSg6j+FgTrCgRftIw8oP+CHx2V277+Gziu1vhQAl8KW+e5xOv322GmGsFfaRgnk+AHDvOSaM4KPxV5WGx+0k\/GrL2sMuPz806\/XE4ku6+1O9v0xONAa\/1mg2ZP88vMvYSlO4y280LiubXMkgNuUKECF6fvHSnzT+jiIGLIRVM4cEePZONxz6bOvMbSZlENspXAnwPSj6e46Q\/LhEYhZF5ZtF7cxbKYvthz\/x2AuqGBJbQZVXGBwpECeMSYUVPdyPzrKL5nQTeY5THLQwhjD+QQIPtyT6Yzyl6fy+voVKMylzN++\/iweMaXEF\/LptP5tg86IWhQE9VCY7hyu2zMCo3z86ZH81FqlV6iXoV64H+vi15GVHdmI7sACLzbt\/7vdzgyJvU7\/DN23MR7i8cHSp6p29+X5o44vrzu3zzjtyWtKvMvN0378xtMRso3HDtg1sfiDj\/Z3zAiR8dF1LyQQ8X+lAdwF8omi\/hAOCKyTuEyKZ2mfV1IKUo0ffnpli7GP0cU3bZPCMnS8BkZydACw8ikeVri+Y\/+UiKerG5EPDT8+aPHLjJnBgwhgJ+Vh4B7Q3xRQTRUjEvLJo\/ho\/MxQyaf4\/PLMCFwbF\/Vs78CfsM9vM4rTs4WuYlRfOXvp1rzAidlvTnAx47yG0xnV17LpXa8JcVzUeYSAq1btGy+Rt\/MNnmiIyTsCztlxbN30Kbs10UKXvdK6L73setJ1iCLAdW4g9yBG+F8wmdXqXZbDrcIkLKwU\/R\/KP2QnVSu\/K6ovkvbF32cFqTz3I+w2OfF8Pcdzif6Zn\/ATnr6SJn+7KncI4FFPH8BF4sU8adnKEAwH4gNwh3+gej2VwBgtni1AxHz8bTyojh4r4oK1Xew5ZdoWkVcfm1zh\/n9qA1rNGBVWafwt5HIDxGhDb\/WyV9cY4TuC23NkXmg0Xzwlykc6kCOYTzMuZb5hXjIC37vGfeStXRBDq9iYCQ6BSWaPBjxF5zWDksO4siRSuMUGSe65u\/gJ7NVrJv3H\/SYwtl12H7cmsFuGBR9nHPvFZr1bS8hWmAsdfFE6NCCQfFdA4Zg\/4Jz\/yqohOdynz59Fms6Lnt3T7bLL3TjvoueH8wh0jfzZ8g8AqwspOJ4Rw018f9W5lMWcjot2f+Mrfbj8phyISx49sNxzAlw\/shJVhhqFw\/qrhyxMs881fIg2brMMqCaV62YP5acaWTsm7RpQ8rIG65ytQzL8qZB3LbexFxUGYE7LyUjaYADlnG1+TMKwXcZRnqhe44VgpenzPvzfVVGUJ9hbGCJbhAq+Fo0NKdjXxU5Scdiip8wy0qL87pdwKq0z7zW5h5V9H8VAZ2bjirjZhIbh\/3nqJ5BR2AAJMPa2ah78uZX3TQeMul8JcumD\/N7R5sSffjqUdfCG6aV3FMKJ8PY8kUb1XR35Iz72KzB8NydKpT8rMF84FchR4lw+fn93EqEC7nTvGt9x3j49rgW+lCvmOYahK96+Ctjbqo9AQ3NC9U5sTu52RAkYE33IapZaPRFbHj7ES9XPfIueSfmQ1nGCJqDUK8vuT2kM\/aMQJFFlT2rEbWEs0Px4mLsWTyMbR\/OQMtxNDhuKH90DWLgmJcwJn8XMHCiAGm1cUd+gP3a309Z16KJtvDvvsymgUduzCZcNJUwom+ggmLWNqXzfKWBIUC\/L9tvc1ymTZQ3+PbB3hYOi3XMMfMKfz1ZXNiHlwjzLdsTqbA8mRwJcY9NQ+2uKcdl7S9Za7J8KiAMxlJu+5S2xi\/W1txF8iDSqlR4+lVmkEyS\/w8c6GC4SLLGGAVGJQd\/bRcZcpMwN5j2RgYnYuvyslXvdh9qi40g5UMIrrA4QCruww+54wxmQhl9\/xDyEPWyhjV+M1Sr7K2ab+UbFympbfpqRazaqujcDCsk9LyOtlnPhsWzz18oWHEpkkcKUpyV9VtM7U0MGG82t3rpUZACyaDFdBHOnGIvpycla9wJG9sJyhpO5jxS\/Izi9W6vpNgqrVMTlivMCAZ05O+KP7anHd1eY3CK9J+CtXWMODGm2NKGKkcxkKM9UAuHdO40bc0qqWeXFuWlq6ydikvb7C8zGHUKBNWIslURn2OlN8IEzPKq2G0LRMWMb7JimSupkU2S2u1kghCvshpXPoOkp5L30nad+m7SOdcWr7OmXdp+UCn\/qDdarfUkZdUig37xsNCudGunLt7va0vLC1mWMgw5yu3yhMye79H01fbUN\/ftUBQGGuXaVmL5jf7h42r\/RYfmNvYHciT9DEC7PZJYbwB4nS8PWfyLh3gvu31Wf5NYY5aZa7YeBu30xMzh9Ji\/tr5kZfRpNhU2q1KqVdr8Y+c12ms21+i8juNUqW21na\/0Je7ig6Mz4TU29wgCkw79A6GcHuiAWvOT9QzUvg7sb0cX0z7owT0bnrFqrQd7k5GqH8Cf+\/hvvWyDfjJq3TeHFIlbbQUXYVOqBatnKvQUW560gtTdN89N\/bWvGd\/UsFf0Zfwc01rO\/Lt3pqKY547S2euTR8PFM90h3MQ4XN7wjmlqEeE8+jNa4GtLVwwiWpulohOvAvJKutwfkhzOqnQ5pr15put6NKfcQh8bI\/cB+qPNoSwfKUCRaFSemzg58Xh2ifLwuPhWA37DciQ8TkBUT+Lw5XJ\/RXUbTrRnXO+KVji3aP\/5hiaI8IyndK6fYm2116V1xYEvhkD\/aZ9NzC33nKpvEOT7GYCLegP8KYv5xY1Xy5VzjnAggL01cXFoNbTVqR4s2tVeomlmeC8xvt16hq\/uEPAo5N6KxEdiS\/5CCD7dVe2EysJNt6GdBdYkKlioYVh1LbVbL5o262yMLFBnz8LwQriByMt1tkF0Q4N0ZD0m7J5EOGHU7SB8WI41aR+RJR3rrBGSawqjPUlGVASyVfEZMBBy9B4ABqHSmsUQSQ3RoVW1ObDz6UMjoQzkjCBxfgYE3ljDmIel1knDr\/25yX2NvP2nZ8C662qfYMtF7gXCOO3+PL2Hby0VsECOvadvfgTDPIzuxmofUFrYR4Yv5y1OA9O3uJa2qgH9bL6MvblRLfQLcdvMx5P3i084T7aiqrSlDKxebjPJ+dxtPWrkE6lSJaPo2mdvgrtaHLXlNtdjLU2mIjwjAO6mgn8WgfXFhPodQ5qG0jA1+tPRrWYW115y6lXr0l7N1hRVtrr8uJhZpRubNbT10dvkndE48zNUpII8hYpSnIP0bcok5c9H6rZ+KXKh2lO2ejV2y1p\/tb0bcyHa6l7MfQRjcOvfj6KNT7zbuht7Y1at1uvonWbgf5+8ibT0JjHrN1L58AVf+CxeACbQY32GpCtIhEcyKxiPC5otGUM6DttK4HHx5NC3OQksJdOv09kpl8WpUa5zMFLrgwo9AhMJRNRsAFtpTMRnJrEnZwRATknrr0NzUEz0+ynaHaurEYB7SWnvua5RWnKmY+ekOf0EQees8ZsdCol+RlIPiheDSQhPxzAcPpSN6Tl204dlwcxQ\/CfIHiotEbRg5ORw54ecXT9JTiwM7Q+72gdRqlRnhKcxSXmCyyuc7jg7On1JBZa80UWyD29n+Ryc7jAVjibV87c13G+RAUrzKWrcHuCgFPRqOmXk\/RzBjwPyRJc4TfTpX+hS0fi1EBI+xQBlFZLGkHsTKzIQMuQekbe864qr1GYktl3BSJri1qfhXuOd\/e2oVF\/macjlg1Xpo09O2ksU16jMG1MgOY5+bilGI9FetxXl9m+Ov1MMNjJsqC2UGU0fsvkZsO9kMMxohHPzZv8JU6qNfO8vCnsHUREBSX3\/LwpWtK9BB0\/XtKN+MuLjseNmAIeI8mKrMppaTMhyepN2A0eYC6asb3uQa1JJMf41eyJcXLILFJTr9L0ujV5eg6vgydB2Ew2+saLv4syJ3+HaAm6I2ghBxFzr5ph5jZRLQm\/EYuVd4pwzMfIyK7MsE94E16xHU+b7G0NwxViZuLotax42WFkqreSii9BpNlPTRQqR+OZQrpyzm8RH8TM+vUWPnQdU19vNKyBtwW5qy0qsaFMoyVcJvuuEk5q3Cs3116OfmAbNzSDy5IbhRf621ec9yXbh6po1Wvw3uZoVkVex6zcx1YinOUjfuchC2FisnOvURLokmFz1etS126FXoGuZWW2sD+VV+g4hVJakXll3ixmuVyCEo3i++FN7wwvmFflzbE5\/iyqn5fjZptmWZjRHZt5tWc\/p2NzzImd0aTvyghqzZHqCYtsdNv6uzw6Vjy8+GtRjAsLeqtS25RPOAHItdabZbvbqTft75QWZYh4LswR7hzqJfOD6S+HJppd9ryhO2uTT+g56Ovznt851HsUlxhjKIcK+w70urzBPcZiTEbm1YxxJKH9GP+1jM1I46XIMj+U6zeu5DXYgEPU+atU5LsJK\/Ev\/OqL3dJFL\/6VeL+eIeN7B+iCULdfcnSkWKtZIBTM0iBPehzuSyLXOtwDomGuZfj3XD2iWlqP0ytbL1\/PiGheoMhzJkP3BqpbXx8eHwy5J5jGl1e9MTnqVhuGlR2V\/FKYDKtn9yU1OcVlaO2PYrpf1zQV+eIYT0+0Y7NWZZoSfQLgl3p4e2t4QvpxHfn90GCzsoZbqisYrvs6vqC0tJ6Fu9f3VaZxjBds99upmMN1jT6QtC+z431JxrfVmsliIIEDtq3MeGyuTW8QBmQ+KshdwGox3uRy5zUnY8C+N7mrZUWzkHwhwwQ12YT0VPvTaVDFx3XiyCkQN7CBB66lbo9KqgCrIim3zcs2Fsf+5EAbg+GzndQErM+YxmzhSLouqmR6zGexqJZDH295lY2sWEL5gJEK0iQOKGk3hNk2pYPGX9p3ICeJbHtDMLSBtzBrJOgLMG85i8xb814hUrbDQVthlGLLevZVLozOwi56BnCR5QMn5MAGkzkBpGxJ3MsyQav0lqM53cObDirduv66mKl0ZMA996NbfiWQpSt3trRBtNPh5OXQnWfhbKDjU9Tt4d0CWujc21tT4OKqLH1LgYKPBefrugNcPteWryiQOt5dDwRyolzSn487STigzoqicjuV8KlnkNBdqa+eLTVZsvQ3x0y1W6qsN3T1cj\/bweBL1k+y7CpqAHIxoFbq6tYmHwMIVdSUhUIMabiNR7Euu3xiL7VxekmMddJ+nSEurKLwcSGOCg9daEumgBGSw7TV6ZEvcKNn+w7IMNllUYyvL9rVGHJsBGGs0YgkkwZqWweE6O3d2PdhWoe4IewQZPDjl3QJzI\/dFTxy+XJagVCY7BStbq630oyXbOfxUui6iiJneRjbiIJ\/bERSyXwwb3ChCMqwihbMsSNYwNeSQ8\/kUJpzCDr4obxZGsyDPoxaz4NEoti4j+DJDCb3j\/Gj2AQljRWYAhGyCMfbHJLE0KKIBzEnn\/gsyJd\/V+TYrQHT7Z0G5aj8YjX1LKTAdsybZ0B48qRU+8qKJLqIOIwTVyweLxFgDPHVvY7D0TmJXusylQ+OkoaJf6HbNPS36Lyu\/qSjfxjNt8XGFuOEZoudtFhcmvZ3skExtXuSdPoJTsFkTyM1WbKH4v94jBaVH0CNbAG73byXyzpD+YiBZc8iUcw9kJ39RsCFhHJNqfgLw7SFHmBzD0eBKWjuBj9qmxRkLvDnWCl7hDrd1SV2B5w7Kvnk5lJhNo1v8osDj39NveKehDLXhurTk19IeNtwO++e7kKYbXT8gzhjY2yKnaGjYZ+dLCpbiaO9BIWVMfGJ+i6FXMSjsQiy9KcfUC0pivFvSzlrQZ3ZioRTWA9Ucx\/7oQSS7XjYj\/C9FOc7TD7FkQ7ZPmY6Huj16EOvMBRhT+7iU65kNsyCBE9HR15xW7r6qtyxlD7OSTT3useyZS\/ZNC95x5lB075FcHNuR34kJybRhQKHGlKcNOuZmw8h1GMtuBQmvqmEpm9J+2JfJVnERI7Xp6P6uBXez54anDOj4fiieosyHI\/iWMyN8efz5tEzTcaDr0Nxch62IZbWfKxgTs3Dzcfy5tp5kFoJ2rhOtaykbHGObk4f6o2NyKe9vUbx5f51byLjyCBen4DKV0p7ulVdMjcosMNIbbHD68pwLpnbEIHVNnb\/Re\/GJJtq58fz3k3znAaIVMNKD5mHJ5Goh87DwT+nvunD+qpHkFV1+FTe3JpCtEp9QPWHJ8DOrkzHT+bNIxJQIJbCfDpvHlmKQRYL42Ttp7rqXlKqTaUfUHM\/024\/27Spv2wucU5A2V9u1yAnMPadCYzYKZB8BmIDpwALSWuWPXHrNNyPiO3k3JFYGtM3mc8gTuV2QkfvDRFkd17ZIIz0SBFaZNMPGeK6OptV1XsSNHqudm\/ZfYWKZfZcC8c0dQzFmHv3lNv3bNqO+53gLh453CI57yZaSy7PuDiq8HwxvCJOkLwwB9MKdW19Ftu9BtNTmQ34CQf6\/S39pgfj5c\/NCvzGcFxPZ5Cci9fxLzvYdofl66WNutSVg2YpJbPMCQczk87ahQyeM7uxSrtz72Z1XZaceFNgkWVJUEp7Nh8O1jErdaWXgMpXEmBuhyPXc6qP+cg29IU8UaEY1SLWGZRTYvEdNCZg4Qs13B57x9Q\/4YQRTbfXNeXHl03SazG2IH+\/uwhS2LX31FhSQiHUQ7SULyT4dblnsWbvgsS3RbIw8eUvYQfkIO9YfGon7gb5ZUYwo0HHtYUNu6CqAE6geu69Hz93oL0CKmEt1DFwZ08CYuMKYtp3QLkGCoDhTl5E8hcPtG9e3GlxNGPWcvOs5I\/sX+GI\/hXnMc87uR0WUCzFxQ3YkdtbqOa2Xl6T+8Che6N6l12hXCpybKOSvuarEiHXKZqzlVatOuebkwPsiV\/YtgdyX4uSarkSbXD8rv3ZQe9TcIAvowZTfi5s9zBFS2lNb5F2WeWovkDUbDTcvkhsDxxCcftqCKAaHFrPdLJAxd1XT9ZBv8fAM0fZlV1iZsqZrH7Wh5Rr19udzKL9ycxl\/YiQgEvHxiSpbEezMLE5h\/XlCDDO1pLV4+V1MnZleVetzOK3T7RnVh+Yt3qmkLQZpItDSSva1vPS0xW5PsMqhJ8y2d+b4HFvczgqGgk\/MzUgcV1gKNw8TCmhetPQ3n6O4bI4seVhl34EE1L4\/4cRSFmLcogZoQs+7MzDwQfMCprfYKpMAlk0Knr9z7ZfsOgtW53mhpEs3LAi2ptkAlFwIDn0S6KOsvwTavbyfe2LvOmvrl0k8xgdK9TEFgzCQSceO9ucaphtKErm\/wJLBkKELKISBsGTn9ZxUqgKttOWyDynwF5S1jnV2WTzgAlny+sO403m09lIVDdx0hFxR2znMeUTPE5t7IUF443D+5OMf5VOVUWncqRi7QOC7g2jNYtZH7fC+w91ASUcJMy9iC3dMI6WzWRc9LonVBfqKTgeGUYlkpy24h1uNmYvmKMDd1FMJwPO7+8iSPNytjditCtqHTDG0bwR8eaMiH7cpsVAubzum4O4BqKL4jS1UYNdthJftr7kg7hOV7u4g40GKlhtiWfKTgo9q++4Ougl3aiEoxGHTXWBFBMIAR+FLMyPaUe7anLy0+8c0GocQD6X3LVJYmvNZp1DWcn481WZUvpaFpLZVyoITN6gvsCYync7WGhj3caGBzI4HCHJF96YwZEyFktcv1kZK52lbl5cMP7V4AAyB5F5BQGOLPk8ao\/xTejntub1MJ4KdaIU8jNjfqT4ibHOxV2zn0RkuK5uWjg6gtEg4cgRdUxE5lUFb55JXUM4vErXqILE6Sy1FZGlJck8KFIpkRenDwVvgTLCqnoHm7kuioDlQuAsm6yIPZv3N2S3nEZfZb8qm6hwUCH6hwZQpYRgRmzjYsWWFQ7wbMrKXbMvJ8KBH6OtDC90+iPQtjVyOHyaZZ4azin210Kc5a2wP0NHMCg1iVdr6NmUS5VzSc5bx0+hF9JD\/\/GxKasyHCmX0rAjy\/GWxCgH2AxxJ+wesCA+gvoST8c87NFxTmMI9ETxTDFb3uJki4bkOxMY26VBiP8SX+I7hnHB3ujSHplnFrxlO2bxch6ZZxW847N4DWpbreE0tOCdoKkp3C6bk6oEMc6atSxMrVNz8E5sxOsy5hlbdHoOrT3\/XYFYQR87SxAcD1UZTwz5NfvkUlWNzKsL3pntjG68pmCuvTSnBa8tmOswNuflri0Cvl5+f3uF7XaAjqG6nrkhYwhjgxqZlxS8G2eoldOTlxbMTZINElG\/rGBuTkaupOtbAO+37ExQlfa4B7Kry2Z0N1GSNxTYgsbdC9Jlt6RUq8Lxcwvewy4Nj1h7n1\/wbt0eya8jIMtl83BtCipyxFMfIN1HHEVZFvoM9ecVvEf2nXY7Bl9XMI8Kj1x+X1DwHt2nLuKSRqKaYgnVBI9mb7MoskFLghjKz2Pihtw0en3BPA7F5uzLvRkiUkpF+gXPPD5RGNdkbRTKRsdKAdtJh60iev3xZHxFJsF6DLK+QpWGc5hh+IhsL\/CsWpSIOA+imJJFxgffkot0UqKH5M\/PiZcb6s+U7u\/efRBOr2QOgOY2fa0eYdF6a3WzY08Z5RLqqm70D1MwrJ+4TbKJadEqDLKX3sf8Y4y3YupvwaxLqWUwShTY97ZGTGqN1TmbjdGwQ4fDjqgQnW9\/UGbdbnhEGd2VgUU8Mnv8zkIwA94N9+zKaU\/+GUS2Z8A1m5uREmEumDwNlcVvLLAlkFsDCwSZ+9GsixFhcAYB0B7YdGxvXysvRIDW10FlZ9hMrx1g51MWqCATFSQalwqkMHdfnjKOUzCb7LPfg0Shw+CiEnLvlmPJvu2\/P2dSh1FFZjRhf6mROItOJvO445TKuwrGr+gEK08n\/cE2TBm\/OIe9PS\/3t1NjBq9T8w6Gbz9ux7ybY4f9eIp0smB7x8O8EwvehDCyYD0QLPTGyzblY+Y0QTi6G7JAjaO9oRbTpceMU00xL8h5Oi\/i\/BsLXmEo7QmTR86jNxXMI4RCoIrvgG8umNtU1czzPa8oqXI\/woJbo3yrXGLoj9xastDf3oZXkzeLkRxCBOwIbMlSnO9Jn77NHIvzFXw2OFBw2SzrG5j0r2COa9KpNjFUza4kkZCTtuFO\/8qIMQFwKpqbXXJh560F77T0x\/YknTtvK5hrdqC0YWMMdOOMUq+jkUxHvIIr7YNZJPIZb49YBwnxiiuChK9VRIkMqSm7DpUiCs0CMsKDGa2PB2Kety+a9xa8GxTUDTOgG7diBYrMewreTdNw264Vgf11nfh0asHcrO2UGd7tXTZNxHxWYNh2\/RYtqxH2nExVbs\/OmYfsy3bvyni7xOBi4kB7aPKF35J841scYjFrD2M7Mbsi75PVxyzw\/VEDlujBw7dHw\/0t+fhSYnq74QX+RubtRe+RcIcknanBKMrwv48VAje3G+6zhiGkih1LiD1aNLvHDIhkthJ\/euyR37b5vO89jmbB7YZQnIaDZIw+XzSPrx3Rpt3puhE9ZP0OlyRXonxRWwtLsPWSsMW2sMi8v+Dl5a5dSb5IkWmaiMYFpMd4x6+CQbI63Nmp7B5IdHE5JYVd8jzr+xeNP7A\/ptOimOmI+6bbm7pQytu0mx4Fm6vTSSYoeo0Mi9tCPSrpRxmRbm8XZRMQTSxscfAg2oro1oZM6en27hWa8Bb3r4YtHYW8SodEHY7tHw1flv6pdhm\/3C21KmusaRgj02oTTLZ3IgIitXq9lcO3nZ14KvoLY\/obi4P27Uol5gOBOKFF5gNsBSRbFuYELb8lqY6y05qnUNg\/ClqU6sriB3F35Q2XZsiBgUKMX2rVm7J72+ShC7HZIAwuMWQvQa2KpvkEXUmv2UCeN40Llc6HC+wf+tZlEmwFyn3jdqNWkkXdrDTa+nOHXtDrWhH5pUa9pDcC9MYFCfnNLs7RA3tVo9DU+yLF7D2yBXvpV+6PkVuUI37O8fXq2VK9tQFFwTqmwl+p1xrVTUDayDLR6iRznCh5Z7Nbk59zOBF3\/GSz1CIll12EwwRZfmVGLgqcPhtsdtdbvXqzlpRdI3ejNDbP8bdl8Uwsh25oA1WpPI5\/eXkkYrAdL2Q7Xpzr+EK244txB5Yco8eOYHT5akaPx4yWxvZGgfHPPMiNs2Xjz90xy\/X12JOT0Dweqfwap8AHphBe3p+ysmG+LOgTBbZa7vqX+RTqF7k30C3kA5yp72ANA1nlLOjTBbMkDYvULOTVnjk2RqXVLpWkYQv\/p4JZ5pAhA\/m8LIdTvQ9pAV8smBPq2tnsZwrm5F5fzqIHAc7++EKm7tOL7MKIgdvc5\/Lm9FOjLgdswz35Dm2M9QWWxGg0iZfjuB\/\/UjBnaknXcdmxRCyY5lp54yC5ebRe7nWTi0geit5ubNTs\/XZ7d0JvQ3XUVOSqdZmHpPLJK4aFFkOoOTLFBhNls4eBIbOQZDbb3QRlcbVbY2p3tYD8UjafRTxW0l32smrfcVrhccLqZX1FuDlJrVZJf6L0FPzqzyVtNtrtc3q57HSr5n4b8po6XHTXe2uCmZEIxiNMMol4Pl4w8iEYBy5NLxyIk6XnlYkxacbKo6dYKKK94wJOanDAwYVXeGQ+yRlXXLDCKKlqsYUgnK9DLjW9frQi6ixpX4YWdOFImiagJQrTkZPhkEVmQ8hirIcCNS9gWmiqFx9YCMjv6yY8HNSlSCDF\/kgveMFwjjVcj3G00B1t4JXPge1BCIFcSwlerCfFviBpybnfMhWYvyyys7gkdtCYpi1K04lCv\/EskISEy3oTKdSY1piEYpnPFQg7i8fQnp5T+eouSsuUgjVc\/tybPu6WoRw1djZLFNgfyxIVlRdAtR4tYxmcg8RKzsANk9PAHSGvydzZuUnGMI4mk4sH+5YXuX2STmafbZ+9eOs1s5MYkJ84Hn3x4ahi3sOwzKF10rfnUJja2N5Hv2gbuqQtwFqQndw0GdOdI+V49feywPrAfAmF3k+b2RCikflnQuiqYoyDWDVEc0lKzMdAHwBQGX+0YHxmwvyK8QDborhqEOrnYWRHqByNRT\/gmA1V9p5ybl99gEytuj2QsHAhAYCIb4whjW0IP\/TIA0M9zmcX01mUItQoFaHtCZEqRJBbiiOTJ+loIJ81MOaGklz35oi3Jtqh14\/jRYgsMeL5t5nkFmRvLX1rJ7eqK2FeqMjNccEprHRLLGySJVcM1kqdJGfXRZdZxIK19TeYlmxqM15zj9nfpEvyyy4fL8DH07eM3M\/PuXXX\/v5c8rrSKc26V5BOs\/pmXji65qo3ks7IxVO93pgBXpsCkzt01ylZ7CxhdRYL6fT1FUTOvmXWv9wZuRd4TO58TX4512C9u23GA4EO24Lt29ucfQyDXEllXC\/J+LE99OS6pXzjyDTj22Olbq9e0d55AUKgQZJ+q7TBI1cK3CK0Ji9gF9bu4G9x7U7+Lqzdxd\/FNXnRemntSfw9tibxWhmv5eTq2vGVdhspkDrBUsiSF5A8KTin1gR6Gn+PxzVzN9\/O6F31a9fl73VYlnWe1zfq\/L2hKrAbqz3+3lSVHt+8Ul9dVxq3kKqUOq4DD2kSXuL5UNZRHg8TR+nWWpO\/DxdlUNk\/ImiiWCQeKVw9ihEXOo++mz+3VVek9mNK5bKw+Vh3hfVxXWn58V3pwFc49+srxc\/i+VUVFkWeX83A8fiaoNQUtK89VxY+v47Vn8ftgQroCdKZOwRwp3Turqa9ivrEclUKnlSuysg8Oejosv0UZeHrz+vjGzr1Ss92+BuD9npX76V+U70p\/flmIujSw29plMo16de3xvfbv6283uupXEr2XjOpsvDvbh4yQXvx4FVJWxnWZDaV8BlIr7TXe5bWKmYfR0JHcq0JjrBVV2c70F8PPNuordr74+fEhZGuNESXuxMWYvPdsd61WER43FXqdPTqh23z1nKphUkgVZGFplFj\/OFBhF91hqPeWhECNdfbFTfSq6is\/Ea1pbPGWYJN1YNaqas\/4Hs2e\/f7RKr3D2ferzdbidI+mkAlsUlH6bZqXd7FbCsPj62mv1z9uFhiXy017XT+GjsSX+vkers8USvh8wlss4SLO\/CvpNUnovrZH0R\/cle\/rvEUHjHhrycttJWrb+jJ\/XsS39JjF1FWJSsl4+pV1mqVc+W2vGLmyw8eV2qq2jmskqhWHqbXHSeFOJ2pU4xhYotFvAuJGizGA27bXIoxjgWVbrvhOGF\/wVhL6mTQqbcSvk7BNY9reKDNqpVnRK1sq9f2urWatEr6Osa73Lbw66UHPG8Q+VnQjcIgz5vkadu8WTmJhXULTQg6yYcIWZ4Placj9TCRGt41yXKpUdOJfK7RltFqNEvdu9e1RtO+zEAKPWtqf9qKXa2XLHInSd1tFcuyd9xevyJ1es6WPSI1SY90Q\/KoKlPQwR5Ta3bWMLLS4uNXanpY+hUYMjvDv5J5VOvWKyS\/qt4KYMPW+rp42t0p+qyrB5knBbFh+0aMDYNjb9h\/EyaH0\/k4+83UFHF\/q\/SP57fFu8euaBpavPkEMkGcuYNML87cSWY9ztxFZiPOPJGMqqpknkTmHskoj\/cmS8B9spjYofv2dKn5Dpm\/bmqT\/U4ZRiInVlbfhUOwqlZls3noU2i4g9GgMgr7Y\/2hMy\/xW\/HuKAzxVcSTeTGeTLaoBhwfJvlpwh2B42friXHT\/pIFob1DccZcRba5uKM7hBeZYe5H6036o\/VkvCpHSrKFmUfOYQ9LFbEeR\/zWPTm\/cuR32PDErYU0co1xs9dO7i56mhCIlADwS5jX+HMkme18YW47H1Hu3s\/CTzy0oR+KyyhpQu8WsTSd9h2hZa8w14J4e+qfmkImooH6MfokvNiv8us6pDlbEl9zz19FC5dyJuReURSPUlp8Oa7kHFrE0GVG9dWM6lXlNQoZWr8fA+mmo\/dK6K31CTtnvscXo8easJst16OstSyEGhkGXgMDNULL6ue6nVkY56kgh8RvACdyX8qKzOvZ1dYSDAem1o5s9CzyGD2t7ErgbkW00mqfhEozFYU0fET6fCOVkiKUWqX4JqTIIWEoh1nKUxr+ztXIKrJCsjEzfPMAX7bWU2PqrWNtePrJqVwuuDewhjrPWtDbLHXEVSm0W3pTleElV5S1PSht1EgvlKR8MbDa3GFrE7IXZ5MMUWvL1NgZaUjfOdOsV5v7DSeUAO+gRgHugroN3qGo+wpTzm1Sk\/nS6WLTdLn2MDPtVtVm\/Dle7JjlifuPZFN5ynhsT\/fxrWV7dIpzKZdrMToIUvbR8P7moslXHuQAgPlm91iiTDKUEh\/2MSOZo5G2jYvvGLZpHE7UJY4rhwsPfpKS30l6+NYimx95KSX+FpxCsS\/tioZxTKNOCFr76jlZ+HP4aJvb786k5juYFGm5m4gXOB2ydhY5gHmRau+cQzyXfISuJ1RSuZflN2fRhE1dAQF4ujYTUWVptzEDgEdSso1btt6N\/nYQvWxyAvk2PZZ0X99wMnm3tRNbw4aOhCfOBE\/fQmjJbuHkWk5KoeyOiXtCH1WWPSNI+L34X2zbpIZXqm4Qv1duU6jcXErpxJxgC2oYArEe+w5k3gvbMuoSauFMjSj+XNVq+oF9n6NOW8nREYPyfqbyVpbN9yH0JMLTgjA0kTWJskNjDZSXqi6aB2i6zwFvf2o+Rq3dySUWrY8XUTJUPTKfQGlVi8wn0SB3bYX41mjUv2w+VTRFC+pximavs3+maBbsUa35bNEs7vWnLIcEXItmaZv2zeeK3rGYCa3l+lUMOZrgBEbY\/w7j2VwS7lvyHuTllUHI4Q+JzHsrcTHhBAkrFBTFZYol7WrKgN7aQDnkJgFRyZIakt4asUjWWKxLvbW5UddPOvltfJnuVeAc3hGe7Kb19K1bko9fe8msyHlrG92Lor5bfXO6HJPINxiMhC0RgvHl7hFVhDWefhYD6zMTpI8yegd69cDfx+5hPXJox7gutxzPE5ubyM3m\/Hynjb80c\/3+MNUHCY8fYfwns91QftiPQmiFBLMQUixZ8yG0QWGBWjTO24jaY0vmMIoCShAW9kf9K1EbhwhOFpOMG4+lNdG3lLPMKAspL4rJ+B1Rx38L4opo678FMVDNjZU5rZHvX+a07LtA3Q\/DAbpFbM0OZ2\/SESEzlbTI9SFvCfWkHZkCMaWeEzL2hBFMozv\/H9XraOLGX5w5+p+mV3PDdqjLuR0OooO42\/mZnJXbdCEZDvpUTDLSLy8zcOTvkI4uVnRepyzk8EKi\/cnsHoQU3wq\/l7S\/rYir1jnKNa0NSOsV5nQulTNezQFHypPJPiusWLxQvxU\/L+2jkFxZoYKFSZvxt8lm70V9Ak92O853sKMlTg\/sByIi+TFbn+WZdPfwQbmfx98d4OqwpiFb\/Y5tgDrSAagy9w4B4y0Ahbj\/dHWiNxCUQB5eNcpZH7SJ8tp0m0kwZQWngi9fpVAgGQ7JcEJtNoPzIQ8\/CB71y6MbUi6yLInaeoUZETr4HIsLAGt7Q7WT8vkArOQg1C8Xb6hju2QKR1OxxZhcS+qSZhmfBDuwByPJF1f2J9Es0pc6yPn323MKWh3O+qPhNkOYj2ZT+eg2wMKlq5qKzJeKXjGhviJbH\/3mWhg3QN9FsIjT3+nvDVELdavgghh50ctnaAL5YtErHER6hCPRzG37jXjYcG0oBUZZiHs+8XYLgabcLk8ytr+BtJJFVgDFghunLaqtqbAoqbGjwJZkqBNJoS3jxAjvXCvGgBjbPH0B919QzTNjHPVuY80yHoo8CPVqrzj5XooCFVROfppU5eVFdF1Q\/MjVJUK\/4OVEOFoJ7Y70C5AbiYzZ2NID8y\/sOqaOs2ehyKEl\/xwOoPRmU49ayR5M0ij4A6KxjhBiUTy7FzHp63Ya7+EpLrZbMn0JOyS5XK9NfHGTsMgaprBKpAlgfg6YIhfEr2HrE19F7cnCaHK6OWgSesL4gkX0klBJj9PSDNCTwE4mr0dgGVJydicmzDqXL0D7UCv30tOMI7oKQsRgkM3LbZySHM4V5BMKFdaUyLxowStKrhtGTDriCQveQtxCD7hgYUVnLql09QsMLWRO2u9PL0RnIxWlem9xRUvwy1adKkpcuYK5ZCV3+5Ke9IaY0npg31Q0PYTaQ1ydtu6yPQn8sa9qxQDZdfVKmtsMOPjVCFMuA+y0u5xP1wU3b8GQ1t1EwWbVsSqulCo1dv3nwFe6CwmgIh\/\/2eys2Z3aYgKvbeD521LgSwm8VIVG0uaxLDxhcJlgIr3SHSfouhU9Hnc1iRWfmOtsWluvbqTwTGun50sanKEEhOqk0jVpUbfNhqOWtnMmKXLR47To2rSoOkfuumxBwhnnGSkUwUBN93A33Eugfb1c44x+vVluleoCvDEGJq3dFEN0TG4WgVTW0uJbVtvtVbgjNEMQTnfoFvMhcUGpizujoIc6UJOdjwIeFgPa5bTztuhWVxScuxeXmf45+MMr0sJau1u\/T\/ZOwjOBT0CZnj1yXn+tzbGT8iWYK93z20+1syuiZKjpyLxcLGNaiJ0a2+kBBlA5bff\/X6xDAADtnAmUFUXS77MXmq1ZZBcQL4gLiIg7SnMpl5lxx10+t+lmEXGQRgTGYVwKaBpQFARUQNAGEVBRFlEBWYpFREA2EVFZWkRFRURFRUR5v3\/U7Zv9vfV87zvnnffOmz6WERX\/jMjIyIzMrKy6ZGRkuiyXu2fn2N8yq410o3KGOfen6led0f3vBfecf89lbQZcX3h1nzZdrrviqnMHuNquztHMOdXrukbuONc0I2Nkg\/23Z2Y81aC0d1aZarar4Fx2doZzmS47o8IlhV363dOtV1+Xk1HpYedcrv7HX0wynNXumrrszArXFHTvljjjv1uwtv5fg9Iu08o3U\/nLevXt1qdXQc9Ex149\/5G4uKBX\/4L7XI77H2o\/noEB+SoTGVRZDe96FyZ67g7H39irR98VJYmusJf1LejZo6CViXv06trvvr59eiAZMKBgQI\/CXt0Sd\/ZL9KRBBYmCRJeCfvcVJLr2gOnTrdeAbgnK9uvbt18fyie6Jbr06xnzrRPXF\/YsTPTtU5C4swcmOvbtW9gFG4UU6tGrB3YTVxf272aiVonufaipG+Z7F\/bs0bdHl7u6JXr3KezbjWK9etwXCwT364UHhb269+jXS9Uk7izoX9inW\/\/Cnt1aJXoVdLm3X7c+NE7KPe6h\/H33FXbpgWWMJHrc0xuHu\/boW2hta524rGfinMQ9Bd2748oZ55\/RJoH2fX27Jfp0K+ipwNzXg+p69CnsVZjo1a1nz4LExYW97uzWtZtcVVB6WNBwqCto+cC1ShRi1IqXk3Up7JW4D\/W49QU4WZC4AV96FbZOXIO7hTjd7b4eXQmIBfzKfj0wclFhr17d7izs1YoodleL7+txT2cF9r+uNNHtvt6FffoWwHehjpRv9EI3Ku5amDL3px69Cvp17UFPFyR69Svs\/980qk9Bb7mBEwWAu8MZu8OJqucyM5hQP\/RUzKnPbuilrv26dNsdTmrt6g52LmrqTnn4tpEXuRbXFXYu7FvoruvWvV\/Pgj4uvj2t7LZlRpV\/DURrW+sqVf6\/GIlVqvwfHIqZq7Or5f7r719\/\/\/m\/rMwzcjWzBSexlmZqWS1\/Zel\/rPms\/WdU+1+VyM3JcFXYI1R2FV0l7QT+kzfuy8yMoc51HubcvZm1M9xgFyZZ6AdmhGuyi5xrUBG3R1Vgd4FakQu6Zxa73d2zBrvE+GwhghMVMnIaAA9xJfUzh7qmt2YVuVFjy8ENci6K4X8Cz+uYNcRd2rocfFFOzxjeBTy+teDR5eCeOSNVebHb2BS89dXCfy6Hj8zIeTNV4HoKTLozq9g1P61cgTczcnalCgyhwKAzVOCv5QrsysgZnBkXeJO2gz5RDh2cmVOUQr9C\/R8nqcCKcgWKMnOmqcBQt7caBVpcrQI\/lSswLTNnXarASRTIujJrqBtdu1yBdZk5B1MFOlBgeoEKtCpX4GBmzqSsuEAnCnRqoQJ\/KldgUlbO0lSBeynwXisVuKNcgaVZOZ+nCjxCG0H\/Xg79PCvnixT6POpVG6vAqHIFvsjKKc6OCyyiwA11VODFcgWKs3Ompgp8QIG55uHycgWmZuesznZZS9niZtpIEhYwdB5y7prKjMqMzEHOTfVIppDmQjIzGZXDPJIFEh4vJCOzyDVo4pFskFgnC6TTPzxSIecB544IyQapNNkjOUJ+EFIB5MA7HqkoZIKQHJBDX3qkkuq5UkjFzCFu+8keqQwSNRRSCaTODR6pImtWT2WQYd09UjXnQec6CqkCMm+gR3KxFtYTkgXS9hWPVJM1a09VkJrLPFIdnSghpAJI2\/0eqSGdCUJyQfL+8EhNPIjrqUyCZ1fxyDEgsW\/VQBrW90gt6ol1skG2t\/JIbdVjLa0E8tS5HqmTRmTtmsAjddPWqoPUuskj9aQzRkgWyM+3e6S+EItBdqbmj\/qxuIHEVkmFzIEuOM8jxwqxAFRisEWNPNJQiOlUBMl\/0yONcCzu0KoMw1EjPNJYiAW6BsNjXMIjx4EEplMTpPR+jzQRUklIZZBhaz1yfDrQx4CUHvVIQsitQjSkcst53TTtdTWQsLVHmlFPHM5skOxbPHJCWkfW7r\/HI83TSC2QfaFHTpQHFmghE2d45KQ0Ig+u3OiRk9MeSGfjbx45Ja2j4REd45EWaQ8yQAY08khLrMWJXRHk8jM9cipIZLGuDXLnpR5pBRLWEKKBM\/F2j5ymesyDOiDDunuktXzrKqQGSO9+Hjkda4HVI2uDHvVIm7Q1JUKvJz1yhhBrj3w75TmPnIm12De15455HjkLJLJ6lIoD1njkbPnWUYiSZ9SHHjkHnTjW8u26bz1yrjww36ST\/MUj55XTGerCHI+0TevUBelf1SPno+NyhWih21\/XIxeAxNZqgGxIeKQdSGDtqQmy7VSP5AmxXJC10871SHuQ2Jp8q36hR5Jp36qCZP\/ZIx3QibOxEsjV13okkI71gqydepNHLhRi1uraBPLPWHwRpsqayZrU0SMXg8SOHaPJ4EaPXKLOsSStDVK6xCN\/kk4NIRVJ7EvP9sifQSILTS2Q+ZpaUshfZM0cqw2y7WOPXIpObE0rwrb6Hrks3ZiaILMV6BRyOTpxoLXyZJfz+grV01HIMSBtCj1ypRBrTw2QKx\/xyFWyZl7LWu83PHK1dMyakImaDFJIxzQia6u\/9sg1aWvHMEBtsKWQa6VjHmjo5jXwyHXoxL2ghPvjNI9crxhYV2tqmX+eR25II0qRPhd65EYhFjcl6R1XeOQm1VNDiHTG5nvk5rROXZDwbo90QiceOzaBPOyRfwOJWyqvBz3pkVtkzXxTyuc955FbFYOOQmTtupkeuS1tTXHrutwjt0snHbeWGzxyBzo+bvv2eOSvaQ8Ut2n7PZKfRuqB5B\/ySIHqqS5EadU\/wyOdpWPR0fNAzxyPdMED10ZIBsiVtTzSVUhzIdkg847zSDdZMw+k80Qzj9yZ1pEHv5YbB92lYx5UBvnuTI\/cJa8toseADDjfIz2EpOI21O3o4JG7qSeOm+pZcrlH\/paup4FNILticU8UokYSazfhuniklxDrNk0T+Z09UghSNtjYoCpoKaR3upJjQearmSnkXnSCfCHaTZQ+45E+akzHMqStUjGF3JdGMjLZM2R4pC\/W4nDWBUmc7pF+QmxQ1wZx\/+aR\/iCx19oI9xzskb+DxC3VZDB1lkfu\/3ceVHrXI\/9AJ\/ZAk9uMnz0yIB0DJWlQwSP\/RCf2QEnav6FHHkjraFB3bu6RB4XYkNLq27i1Rx7CWuy1dNpe4pGH0zq1QH64yiNhhhqUrmhNgYcGZqS1tKMp+puHBtmTT6qxxe6GQR4abFpmsCFQMMJDRdIK7hEkg+tneGiIoNhgI6Crl3qo2Dw8IEjhu2uzh4ZKK46fprJnv\/TQMEFl3V7sHj\/ioeGCYq2KpMTuSh56RFAcQuXegdoeetTc6ChIqXxZub4aIa3Y+epAc0700GMWjdQDwFD3fAsPPW6QBapxph7Qm8ZyjgRwz54QjyEB87t7aJT5cKugamRg6bEeesK0LM9rAR14x0OjTcsqqkQ+dTrLQ2PMB+tirdXBLR4aawZrCFJON5jloSdNywxWA1q91UNPmZa5oSzYW89DT3utTKCopYfGmZY1WVk182YPjRcUx1YPA1cO8dAEM2jO62kgGuehZzykBD57pocmWjQ6CpJW\/ioPTfJamkS2fOShZ80NG07HMZw+zvDQcwbZmNFI213fQyWCymJY7Bqc5qHJVlcqGjy1nuehKaZl0dDyOOAqDz1vztsAUAZNLddfU6UVB0oLcd97PfSCaXUUJA8fechD06QVe6iZIRrjoemmZR5qZhg33UMzzHkLlNy4bo6HXpTB2A1NT81We+glQZEFSgaTOz30sjdYE+jQlx6aKa2yDWCxm3LEQ6+Yhx0Fadu8PdtDr3qDeg5YUNlDs2SwrCuHujPqeGi2QeZhbaBzjvfQHEFxoJTIG1t4aK7VZYGS1qrWHnrt32sVnO+heV5LS\/bNSQ+9blqpJBrq2l7moTe8Vg2bNK6P5W9KJTDPtWonCjw0X1BkkCaN3uWgBYLKKipyUUUPLfQV1QXqfbqH3pJWHEAdYbUZ7KFFBqV6H62dHlosKHajMcnVu5GHlgiKB7xS8rZLPbTU3LB+1OZ7460eiqQVmEEt3weHemiZoMggpX+reR5a7seMDHZa76EV0gpMSw8UDxz20ErTsrzTvjS7iofellZZDIvdKo2ZFLTKnLcY6lF9bgsPvWMGuwqSwQlK\/xS02hvUUpir9E9B75qWLYXKu8b5HlojrTjymjT29ffQWtMy55X+9Yo8tE5a8fhUXTnjPfSeaaXrqqcpNAWtl1Zcl\/biXyz30AZrsvWX6ipZ56GN0orr0inZ1k89tMm0UqtksVv4lYc2G2Qx1Hwy7UcPvS+DkfWXMujTbA9tERTHUOm\/vIaHPhAUj94mQBc09NBWg04QpIOAcSd66ENBgdWlHJ\/cxkPbBMXt0q48r52HPrIYWuS1Z9h0oYc+llYcQ+X4+eV6+RPfZD1OnH6dh7YblArvUJd7s4d2yGDshgxOL\/DQTtMyg5k2aQyJ5btMxfIuvdNIQaXe80pMGomEhz41a+bD8UAH7vHQbhl0ywRpO3HpxR76TFCZe0UuocU6Be0xg+aethMbl3roc9OyftS5QM+qHvpCULwuCIrO9tCXHtJ2os4dHtorKA67lvh5j3roK4NsYGgWGvu6h742D63JOims9K6HvpFW7KGOCkcc9NA+i6G1S+tdk+oe+tYbVHJtq++h\/TIYe6gBP6O1h74TFNkglMGVl3jogDeoDHroag99b1Dajbs7eegHg0zreKDmnT30o+qKu1L7k7ZDPHRQUNmwKXavPuOhn6zJNmyU\/ttmeOhn07IBoHZVX+KhXwTF7aoK1HKLhw4ZlBAk55d87aFfvfPaGNx\/0EOHzY2OgpR3TzoP\/SaDcXiVrb9X9dAR0zLntZ1YWctDv\/u6NNVMLtdff8hgPACUrYOaeeio15LBv57soTAzDdUDymvloYGZcsPOJnItW7+K5bypK3vPkZ050EW3eWiIt5ZFIrvLPVRskPV+Aija66GhmXgeWT9mkcj5Mzw0zGspx6NfPDRcWvHAULa2GeahRwTFHjYGarvLQ48aZHVp9R\/W2EMjPKS863uZhx4zN6xdSuS9t3nocWnF\/agHjWGPeGikaZnzTYHyn\/XQKGlFVlczQWs99ISHTOuQh0Z76ITMYjdbAyMFjfFQFlCbFh4a691oAtT4LA89Ka2yhYY0ucxDTwkKLBeUQV\/\/1UNPC4ozSJvkRD8PjRMUz3jKhTXDPTRewybOBRksfcpDE6QVG5TztsSnoGe888rxzDc8NNEMWprIYKsVHprkDWpX03mbh541yMaG9gzN93voOavLelnO7yw32Eqsro6CqpAmA4DLoMneoNa7W6t5aIoZNOd1bH9tuf56XlpxoJSS0xp7aKppmRsyOLiph14wyAyy6+YtcbVYPs2sWWfFu24PTRcUGaQFtHc5aIZZs4p0EB\/M8tCL1l6LrbbWl+Z66CUZjAe8ttbDunvoZUFxXdI6tNRDMwXFWkqTidU89Iq5YY3S\/rlvUw+9Kq3YoM7MZl7loVmC4i7W83iD+z002wxauwSNeNRDczykBdQ956G5ZjDVj0Nc0RoPvWZa5mFzoNt2emietIKrBGkBzavsodcFxU3WQpOb8NAbguJ2aUN+yrkeetMi31WQRvW4iz00X1pxk7U8re\/koQWC4uVJWp0LPbRQUKylDBpX5KG3rC7rZaXJHU94aJFpWTT0PJ6Y7qHFpmXR0FJ4aKGHlligLLyKxtyVHloqgz4agz7xUCQojoacf\/Z7Dy0TFDuvXLg7y0PLra6UG0NdfiUPrTDI3NDpWftqHlppzncUpAV0dW0PvW11WZO1gL7YxEOrvEHVVXyCh97xkAx2OcVDq71Bne9dcpaH3hUUN1la1yU9tEZQrKUmn3WZh9ZaXdbkqpb+J8XydVIp6\/1BLujhofcExQHMJsevucND682aeS4oMdNDGzxUAejArx7aaNAEQTrEc8d5aJNBpqWZYe\/FHtosN+L2VgXqNNFD7xtkzusLgBk\/e2iLoMC0tLW+\/2QPfWCQzZ96sl53jYe2+i7W4\/Ohuz30oUE24LXE1yn20DbvvGaGYeM99JHqinukOlDu2x762LRSD4yc1G3x0CcGWWdlAM3c66HtMhjnQmMG\/ElVPbRDUGjruKCJmgxT0E4PKe9qtfXQLqvLnNcCuu5CD5UaZG40B5p\/hYc+lUE\/d63q5qHdgmIPla1PPeChzwRF1ikNgOaO9tAegxoJktbuGR76wiDT0tz1xxIPfWlQagAUu9EfeGivoMC0tNOY+o2HvjIoNQCGupPLpcPX1supATDUzc3x0DcG3SpIifwPzQwpaJ8FymKolLyploe+VV1lA2CoO6\/cmN9vWqkBMNS1aOqh7wyyyOvZ\/\/iTPHRABuNHPD0XPN3GQ98blIr8UHe0nYd+EBRZNFRXtb946EdfV02bGTrE8oNSiaOkmaHkcg\/9JCieGfRNjuvooZ8FxT2ix+eNGR76RVCspcfnGTd56JD3QTNDp4c89KtBFlvNDMELHjosg3GjpDX7dw\/95rX0SHuleiQFHbF+TNU1xB0530O\/ey0lcu+rPPSH6or7MRvo4P0eOuq1tNO4a4SHwixppZpMjr\/hoYFZ0jI3VNfMNR4aZFpWl7Ta\/OyhwV7rREZ1XraHikzrDEFKyZMaemiIoHhgaB3\/WWMmBRVnKRqpUc0LsqSHhlpd1i6lZPJSDw2TwTjyquuWOzw0XFBcl15Yt+znoUesLnsq1FTzxsMeetTqsnadBDRluIdGmMGLBcn5nVM89JgZTDvfc7aHHjeD5ryOBU5a6KGRZtCe\/uT8BTs8NMogc14eVjnooSfMoHmow4Sff\/fQaGnFs6smjXOreGiM91CHXWtremisadnY0A7\/zkYeelJQnHqaat460UNPmRvWLn2AM66lh56WVlnq8U7wHA+NExTXpZnhwcBD4wXFXanJ8NErPDTBnO8oSAbrXeehZ6QVG9R8Muc2D000Dy1QdWw+6RTLJ5m1rpLXyBzo3GIPPStrgfmgp\/iNx3voOW\/tZKA2hR4qkVZUW5BW\/7uqeGiyoNigzQydPTTFDFoA9YA\/TiMtBT0vrbgfpdX7Mw9N9VpKyVYVPPSCQebhKUDZx3pomgy6DoK0jm+\/3EPTDWouSE8uD2g+SUEzBEXmvKB5Uz30ooc01ezb6KGXBMU9Ugeo028eetlHXgN+bFUPzZRWmRvFrmszD70iKK5LZ91hWw+9ak0eI0hp0jXw0CyDLBpa4q8p1+TZZrCRIO1PwnwPzRUUR17r+M\/9PfSaoMDcUPpXesxD86xdtwrSM8j68R56XVplU2ixGzXLQ294D7UxeGCBh96UVlneMWms99B807IBoPmk9EMPLZBWPJ+0ADp42EMLBcXt0mL9eiUPvSUojrweGY6r46FFvi5pHW7gocVeS3nXubmHlpiWtSve4d8by5dKpWxaSO3wU1AkKB4z2sbbDj8FLTNr5oMg2+GnoOUeSu\/wU9AKgyYIUgbZDj8FrTTItLSO2w4\/Bb0tN6KGgtI7\/BS0yiBzXjluO\/wU9I6gwLTSO\/wUtNog68f0Dj8FvWtjpqOg9A4\/Ba0xyIZTJSDb4aegtd55Lda2w09B61RX2UhL7fBT0HumZT2ibN2zzUPrTauGIA3CGdompaANgmLntdBcV89DGwWVDadit7qVhzYJigeG0sSe\/VPQZt+uykAJTeMp6H2DOgpSBp37Vw9tkcG4XdI61NdDH3gt1VV9kIe2GmR1KYMmjvTQhxYNi6E+dLmpXAy3qa54T6un+D+\/6qGPBMWBUiI\/sMJDH5tBC6\/quus9D31ikNUl55spW1PQdvOwoyA1ue0eD+2wuqzJ2UCHf\/XQTm9QK\/LH5fprl4e0+X8zx0Ol3qCW3XHHeOhTQZGNXmlNa+yh3YJiLZ2rDy03sD8z520HVd9y\/PlY\/oVU4u\/6lOPuAQ99KSgOYF2ydXZ3D+0VFIddZ27jKnroK4NsOClbt3X20NeCYs+VrZe+5aFvDLJs1Xq3roqH9gmKDSpNerb10LcWQOvHk4EuudJD+6VVtsSzSe7noe8EBeaGsnXjZA8dMIPWIzqov+R1D30vrTiDpNVmt4d+8FrycOpPHvrRIPOwJQNjSbaHDspgfAyuQTigkYd+Mi0zqLX17BM99LO0InNeg\/Cadh76RVDc+1oKa13roUOCAtPSg3Dz7h76VVAcebkx\/0EPHfZuaB3vM9RDvxk0RpCS6yZlawo6YpA1Wblw0XgP\/W6QGZTzR6Z46A+5ETsvg0vme+ioaZlBReOl5R4Ks9GKrF1q8qptHhooKDBIM962\/R4aJCgeUY0yh7qZXGXQ4GylyQFBSq6zcz1UJK0yD4e6uvU9NCQ77WFzS65FsbxYKmVnHYNcaYmHhgqKfahIch0o9tAwQZF5Xoc02dvIQ8PNva6C9Iw8Q12cgh6RVpytSq5wmoceFRR3sVaTu5yHRgiKtbSobWnpocesLpuQtXLlX+Khx03LQqFn5D2FHhppWhYKpcnYpz00yqJkva8cr\/Syh56QwbJoDHEz1I8paLSgOBqa4XsT+jJojKDYeY2ZafU9NNbqMje00Ixu6qEnzcNUu4pdp9YeesoMWru0gDYs1+SnDbL0FzTqFg+N85DqyrnXQ+N9XXK+zUMemmBa5rzW8TvHeOgZQfE6Lq2aMzw0UVCspVz482IPTRIUB0orV+f3PfSsudFRkJp8f6mHnpNW3GR9A\/O15q4UVGJa6Vx4MNtDk72WcuGOGh6a4iN\/quXCB7F8qlm7W3K9wA1XeugFU7GBUUFp8qCHphk0QVAukPvDQ9NlMPahMhnU5iYPzRBU1t7BrnSJh170nuvXhPef66GXrC5zQ1vQ\/Ns99LKH9Nr30iIPzfQGdTZ1zSceesW0LBT63CLM8NCr0ooX0OOA8k\/10CyDGgpStva+2UOzBcW9r4Vm+0APzfF16ZRp3pMemmtQyvkh7pQXPfSaGTTnGwHlbvHQPIuh9b6ytdVhD70urThbNeC\/qO2hN0zLBrxG2syEh96UVlyXsrVXucjPNw\/NeQ34WwIPLTCtVJPJuxs9tNBraVv4gLagKegtaZWFl+Odvh5aZFAqvMWu7yMeWizI1\/XScx5a4utS+j9VLoZLTSud\/rmRhyIfDa1B52qfmYKWSSuOoVbknD0eWi4onq61qE0oF\/kVggJzXqe7N1Xy0EpBcZN15LK+lofeFhS3qxXQn4\/z0CrzsJcg7Rh7NvfQOwZVB8rJyIj\/\/Y70P+fh9Dv3Vll1mu17vO0p5708c8LtvQ9\/\/v7z56+6+otl2a5CSY6rlFH54QznqqzOdo68nTrYfgasH\/zqp736Ea9+rnvoS0bxyTwx3cCjUXeG7cAhru0r+lEsdL9+6Bp\/btiwvn6mStzPZcsTsLe5iUf9251+IjqIg4FBLv\/NwW7UCHaiiSJXej8viNdCjzKiG5F3rTlbuYXnvHs49wh5DTyDY92NbPx+K3bRMdp56WeJTMGX8thxu35UyDLTj7eFjzJKn+RF6XO8pZxHuTWMvw95rvqWI81f9MO7oa5\/Vf2YTj+b0w\/k9FM4\/ehNP2\/TD9n0kzW1viPO3ah5iKnj7CI3H0f1wzD9BEw\/9tLPuvQDLv1USz\/K0s+vVn9djHHOaRvw3uI09mXnsQG7EEeu4Bgmv9iFd+PkwziJg3nP4dRMTlOWc2q6odjt28NiuL\/Y5R\/CwQx6NUc\/2NFPc\/QjHP3cRj+sGeoGnK8fy+hnMUTSdcHRLoNdfme6JwcnTyOCzxTZD1D0UxP9qEQ\/H9EPRfSTEP34Y8bPxQwUHG3IetO82DVuzWPRJfqJRbFbU8CZ8N\/06wjKjOCMZYZ+2MDD1mZetn6p3yRw0Mj4PcDscVlDDgLZ5D7fgmjldydSx7IlYnx0OqvIBbcwbmbpQ\/shbm+9IS5qyXb+ZqI1BH6cPm9n\/lzF3uWj+Mt0fYKub831Ubm+Htdn4voeXB9+6wvvcdOJ1hwe7VbTjTt5Pv2SU2Oc2Z6tL6X1SbS+fdZHzkPdKjYHBUTp5qQ+RMa5RIG+ZihyUUVO+U4vcm0GQ3fSbYyz2y5lTN3KCf9Qpst5HKSt53TuMI5UYWd6PC+tWpDMOKVvWvXxqr5S1eeo+u5UX5\/oS1J9MqpvQ\/UR6LQf9Vmnvt\/Uh5o8BBKhyW2Gurx2+phSX03q80h9B6kPHnFOkUskiNw9jLOLi1xiHK9RltJlVYnU2WTZHWTYo2zKXo+7T5\/r6bs8fYCnL+1WXhJ\/O6eP5Jp3piuHxN+36UM2fbGmT9P0Ddr9B\/VVmT4fG+pW1sKp+vryS5944Vwr+DMcAyq6jQF1Oem5l0E1Y7CLfiFczAFtd5HrjYe4vpfRn7fBP0L\/Pcu1lutQ\/IGRviTSJ0P6NkgfAelrH33Wo+93FCp9kaNPb\/SNjT6m2fkLozlT38Hog5f4oXhwU0IS95c+MyEkucwL3Zl0lpJi1XCgKQPpKn3FQSgeZXQ\/pw8w6MedpFRl+ilB7p\/LgLmY0duJygrhi0jBJ3BoOgNnIX26khT8hBH9ffydgD4I0Jt\/veLXu3y9tNfbeb2G1\/v2szSIgh46MaOvZtJXvxZx2MUun\/7qNJEt\/c9MVCfzBHyNjpjos2IiNJ6J7G1G+BYc3svpYlUmqqbMgm311pW54QoGWDdmxwdwaDSRmkQWzGDeWMLO9wMy4Jv4VaXeSerlo94y6nWi3hvqBaHeBOqVX7W\/4FzJ5cz+HRk4GThzE049VMSrM07CfyflaumtF6OdqB0kaneNwKk3cGoNE9jPRC0b5xoyNbch95Ok16Us5ncwcPrpnQ1pNpyumsJ6PJtyC\/UCRW9KKP97\/O5DLzn0NkOvLfR+Qi8i9MZBrxb0DmHObYwrt1jn\/Gz4CnVyj2NMWOOGk4afkXYVmE2PZU25nNTDwXlTmfI3koq\/MWtWZYZsxsxJ1LoGrCOXMxndyH0+DvQv5nyYbiYVR81iL7EAB9cz3j6MT2V1\/KpzVh2odm5OlP53u3DPNlItgwmong7hGE+MrcR1bA3+ynjqS5oNomtH8kA9ns39qziyAiffY7LCkbZ74pMlHSHprEiHQhroOuZ5r5Utsw\/omIZwVGSBISyXvoUXVZgA2nKWcSX91I8ZajL86\/TXbubxn0jobKbJRjpkICTtGFTXklLdGVQPsuAMxRO8uQhvjkyh7Hx2RcsZbNtIzf3xk7MekevWp\/LSEkJRTBgaEYJr9QTKAHEMkJbk9SU0vZCZ52lmnpdZODDQO5Mprj4jtKkewljjLyH2tzAd3kv+P8RyPEaPPoRhMan3PrNOKXPBTwwIpkQ9cNxQh8EQrqTiB2n5HwyIm1g4lmhPX8TmndYXaTser175pzJqb2ZgDGRQPKlNMP1BOrU6zLxbWxtV1vpzGa0BTtxI3OmPnvRH30do8XOk1ovMBxH9RF\/k7GEeZ1Bo96VtlvZTPZvrX\/dx\/9V\/7uGMMCPjhQyXuSbjTLc8M2NtRvaIrIxdGa4o0z2dmZET\/8N\/Vcv+FZ\/43\/Ab6S6o5MQ94sJXGoo5LuN4d9L\/\/F8XmpiV0Ti7ekYjd2K2yzkt1L8IE41IgrpMAlDGZMJMap8ZQ5PaZ7noNWNc9B50pwRfwtRMuugg9IpkFu3o4ILB3EDdy8lMY4JlKSQsTbrwMMUPSfBj0pVUQriH4sd0QLAV9Fj0liVd6XEIgplJFzRD\/wmjGPu9vWfcuTCCYFB+3RgXboa2keBA0iVadnAlmR1caRME+dU6cMTXwSW4SrMQlDbo4IK91AWNInwVg9MxEtIKFQ3\/gkC6YSXcw5ibT8PD76gmiROboIvyiMRcGP4sVvzRn+fAyUdjFFD3IgppJg3h9UfZUmhL64rwQ4x7hGrFBNMp8gA0kqCkvQs\/QlBKiX0S1CSaf+BYe65sGuX+hqAyDXrCKEF81Rjn3i4rsR0BKujrosQREIzm0zirpSQHhmpF8SPTGDyLEXd1XNQ1RiBdt8WccW44gZF1dyTPBVTnTlFgXoVJLHLBaKOEDg9hCB9UJULaIBVrlNkogZFRmm21KA6qVhQ\/XIYLq3An18QgwgqMy+eqw5UnwXE0qwFXGwSHZfYSmBVYKoA+L8FDMEWYlGtFCIIXjHHha1ArsRwGlXAt1Gx8gEGMRsTLaol2wlCtKH6QLDB4lkKeBaFoNAuBdKNlFMNYuAGBbsIdCKgu\/ByBo\/7wW0rReVDa8KAxrDpcVoI2SEWNMhtqpeyo2VaLxYFqjT6SdEdtaJ2A4GO8E+OuWQIzgkCUMUHFDjCNkimGMhRGjTRx4fAkmQFD68gMmPCqpMt3DIBGCKJfMbgZExoAwxShXTCH8uKQqXvdfBj6O8IpKIIhxriwM7S0HYJ2MFEej8XQzrKRDTMXB78k9DnU4t7h5myEb0HvwSEx4egUEs4G2YsPqxGE0i2lBRiLDiCQ9VK5S3VBBRIgLAJRRuAQFMGbxljHRJYiu2COYoNGEX4Eh9H9JOnysUO0U3GYgWHR4YpV8BFFNADEIGI0wUST8IZ+D9U10UYY+ip6B+EGBG4pNyRMMAdgD4LweRhVOopLuakhCsMpLvQLBOHlMGpeW9S2SnASzDpKNIIuReBqgs7lqoLxqck4RdylIGEdmBNBUHE5EmDEbSCAN0FfJPBhXxgSwD1hFJdxCMY8jDMCl5UR1gZlhDWqATe00jJCzXb5OAMlIITmdC53KtJAo0uMTYITqSfNpKGggyvSP+LmmtsNUjE2o8OEpxDvY5mZEwjCGnRAfTryUHuXqInAbaItlRBMwMFM6TKqSqsKYa5O1AHpBdJYglEUPREBtOR0FYXx9eHFY\/qH2kI6ngmaXq1L2TKGKYx2ipEruSCriIRjLLgzsf8lOsPyCM27MBro04zi8EBjnPsLVCXCqjCoyPHYBtkoo0b\/RueJsXpDOi7NAKEs5kyuC7iqSdCRIrLUD\/oK1sLHYIZjSQ4MRxCp9yTYDLUSn8NI5UCZjcMwZ3KJygEx1Os+Vzg0NURbkIrhD+YxlMuYePpokkwxlKGw1Kph7AmpvUchS9v1qL2Kjf0487YEFdHagYDoR\/sluJDQOiLag05WUkbDQJSlk43SAa8bEy81FSX4IOnys+mVUgS\/y8Y+jH7PzQ\/Uv1OCQ9ys44IypHEIhj+a+W45JppDWTHuHcqtQPA+ArcYRqbnYO0LCV6A2cc1hkvZGgwyxrm7UPscgbuSm50Iz0OwCUF4AjcrETbgmodAobEkgxIit8zG\/qkUtxDC8AejHClj0hCMSj\/O2D6V9ouJ2hCyFxnTZ0vwNtFti+A3owioFsa5k1jdVSI8m+pRETUbYiLlBSVKmyKQSqIJAmxAEWAUxmqJS6haqUCx4YZqpIRjzT3iCeO+SeLwqHaeSUMwlNYklDgFkda3NGNzlDEf4L9CuYAh626EmYSgM3SsBL1hHkXwsFHaMMQYFz0KHYmAIaeiLnwS+nR7FmkxJKwLRsHkv+WCodCNb2HsQRilaFejCC4yxrLN5bdDUBlmWB4pQ5dchHU57yZzQcMcNRCGRrgJOY599XKKL1CdMOECWmTMuzR9EdcHCNwbMJ9yvUjsv0QQTuRmPzfDjSLobYxzN0H3ImCmdcFuBKdhaxuCsAnF13MDDVckcYJZG4aiMG4zRacwckoliED2I2DadIcRhHRxqXZ0AUZz1KOMX2VWOMIogpeMcWEEVTIGH1LNUWzsQeUbbLjvYRCKugVJ6hezT+ER8wZ1\/wjtgyD6CeZAXjyzuDzGgTEM7mCNMRRZBRPmuWgltKV0lsOoS0UXtFdcVVbLm1ZtNuuYmWgMhYcZ48I+SReECMLruRnAlUSnlwQtuCngasJ1tQS1QfK4ET0hJQgrc3M811d4ELaEWUrkLoROQ+D+DYYh7\/5plGpHG8M6CZ2LQPs6txWnF0EryKiahcHgHYyfh8vuEwRVQbRYEi0XboJqlEfvwhSndFsjcLNhpua54FloCeMwonNsYN5jFOvnGmNTiWubh8pqnMnmYjl0j8jGLTDvc0HDelQrxgb4SGgXCebQUYMQfA99DIHGRjiO60+4\/awEfUCncj3JpfinOsKRxX+H0xIavUzhRjCuqIypmIJSZeJtqT1Hbm6PghjB9jyRZjQmIkXEGJXZrK7XYh4UUbWYUFstY2aADyBi2p\/ZNKngbgH4FgGJGW\/pToNqBGsa0ZCOaC2ULphoDId\/+Gz7xOWkhaPEBgDtJG19KuX6nBKrEUT7MEi\/RN9BR+OQGFqI9W+RtOOGoi4XgekycGXM9aQvZN2toz9nQQ\/Qn4761X3BIKMI8BDGXLadtNqgrbUaFe+1aaVComaz\/0OgOFxFKSgRcszDuTiiLbwYRFiB0f5Mu8FQGzZ3HIJjuWkNPSKzAcwqTN4KnS5Bf5jhOP+YURo+1Zj4QWk2AmvNhwjWYkcDOtwCcyrXRwDXqn4Y1EC2Ip3LzUYc0oY1WAuzjgsbwVYE4QJKlHLN5PoCQfQczD7Qx41Sor8x5mG4B4Fc1k7a2mBbaxoVLuOqwzULgZqt3bgoAYk3pXmU1p7KGA0y9ybNTjNpiP3PvgooRLhIL9LRMLiJa2LexbVFXP+azOlnY4hgsMYYiqyC+ddkXpzSbY3AzYaZmqcZ9f\/OydwewcKG3GxvT2eIqU6dxuBVmAXts5gqPqKuXYutdeExSwjCXXnOfSzkIMyrICe1p\/cluA7mpMWUaM\/stQhBCFPKplC0EtUYk65ve\/v4mSNazc1hpGLYLjJIfinH8Icmw4a\/uAyFUbPgFyYR7YHpTWONuYBrF1cuglD9tJg634P2bY+AjHDb6ZaZ0Ep5uEiw1F7X3yglrjYmnpOjCyhRDeaaPHa22KmDDbcIpi8XGcrhBALmSVeFUqIBDokx913TVDvEuA54JMYa3wKaiSA8gxtGXdgBulDW5MBzCP4KHYsgvBdGFtXRwxFosoSh96FvIAiWw+xh9L2L0QYyugmmAxeUELm3bWqj7TxQoy\/mBDxjsPI0QJXzKfZnbl6C3oAg0DTamWsQgnsQuE7cEKLwLGaUgQgw5IJhoMqCJxDgu4smIMB1jhYRFCF4DQE0XJkSaNHQ4V+0WwL1zPcIGL3uiAS1qUHP2G15eLGZ7XaqYyILhhjF9ReMifNMMxvPbS48wk0p\/nyFjWAfzFYuqFuaJPRLjMEYTLCG601sbEEQkaPhLtCpUK1C4dMw31JiiFFUuhpjT3nhlwgIl4s+5aYFdBsCzQ\/RBkqIvp0SBNSkx9xgPgIV1WrozoO+IsElFJ2BgMaFUyXoR9EShI8hnIjAzQIZy7USgU4a3ccwDyPYw5UvwXcILuKCxlMDjPuCAH8JfVljohQmn77YDK2CwIx1YujPgWpgMz\/EI73YKCX+ZAyjHHp\/HkZ5EHTNuUZz2dkQuw53kEv05CR5nEvRk6k\/rA6TgTPNoB9Q1Ka3F3HoeuhTEvSGKUKg6nTyFI43xgXToOMQBK\/BzMTyQugGBBqo7gdGC1QDrkSzhWPkuj3UbYymBB1M8Bczlm5hgoiKsTJ7tE1yqqUSIg0hNm00poRCXxD2CVhX90dPghC\/YKRRPHzIGOfu5NKItZ3XDornQTWEtAHS1BQ25VqCwDVAfy7CugieT+LBzzhnnQoTzkOaDboGgUJmw08+HpCAEZLPdtTdjED7UzaaNtpJMFFKPGUMT8c8RJvgeaJSCcE0VKCTNKtH+7gZ156mirHAlOBEmklD42wa\/Ryb38rTNWBW6MzyzDBKu9W0SvFU4TSDFvpuU0pkzN4kzEXtyzFpiHOAWXom0GEKwwznexnjwgBaM4\/21obZk8dFvQ8xABh08SAMiV0tQuQugLmIUqL\/VBUwzEMxoh2ZRpRbIcHLMDsQ7Id+hyCka0KF92KCp\/CG99AGohk+ZhTBS8a4cCnUZpctqBzF993Qb7ERfQfCLiD4GYFqiY7AvIwQ6kbikBgOWfFsLS6WMYw1YraeMmUMPUeF78G8jvQd6CoENtI\/RPAaVCMueAHmW67HuOQBrRZj7ziiLyT4c9KSXVNzoFMsG\/yrKFEP4WsSVKVoCTdQYkX9MNiJEXsIoag7C4FrCnIM1zkIDtADOo22efouaAkCNxhmMIKnjFLiVWMsaMQcwUYYti2Bgl+V6oJfYRYLOQAzDN3PoG0k+ACmhI3jMlF2SYGMaUiMiWl80nQNNzYe96JbxoR16SAxieb0aWX6tDUCbREDzr8Ulfz2EvQiQy5ixRhtlBCT7jAumoKKBO5lBBcimAu1J9PZxOu0FJLfuoMLpoLIejSJrbcETxvF+jBjFE1Xaqdrd+JrCwS3onqCBNdg7DgEUFwm+DD6I08n46vSQ4z7hkjZlqqMSUMw7lHLnJGU09Tp6E0Ytl\/Q5yRYBLMQwdvQryRYT3W56G5AcCoWg9+MATkMw1xEPcovYr4dphn9tRLamzS0zRHBt+qUqK6zMbb62VY1rAiTjQ26mUmXEkwlbhtXXzqmsWq5AOYqSkHdIOoXE45IIdF0EIq6SIJxINsQYCz4BoFZ\/wP\/qS5faaj6LS9xCIqHs4yxvAmyEEQ7ETDMgn2ofYYNtVLZpWaHc5K0f4MxIERGG6aIUEUbEESLEezgZhbUFoYpFP2WaySX5VxfY1x4M45ZiXYUV9haIlyPIDwWJkJQCxuzEDDw4wUWSrNpPwyBiBHWcCvqkhJItxFXCwRHCWZ4AQxvvZyqewGBo351txwSHaNZ3l5nXCJUzBNcr3DNkUATzmaKZ1B8M4LwOGOcawW1Eu1gpCJqNsRsZPCpREI9LJXordhG9BYlZBSB1aISVq1URC9p74brLFTxZ\/dGD8GE1xKDvQi6IQj3wPyDsH0MUIQg2AQzghIRwjEIwlmUeIabJwGmSNAP5iWEl1NqngRNYJYgOEqVaxG4ZYylDxGUMHT2SvAQgkMIoE5vDMSUHMNImQJtKAHLSckJCLKw1VKC5hQ\/g8F1LVXrxNw2WppC8AVKtSuNce5TpoE2CKLfyfZTOrh8XpYHetdUWo3po0YHo2GG0vYbVDJAxERV0f0M3doIAtpf0ohiq5l+9I4reoMSTGGqDopgoDE26ktVwtZHphDXJuny6yFwCUpQnWhgrYShOhtC4a\/EITwL5ABql0ItMLfDlCJ4kBIfIYgex8ZmhC8gWIcgoJXRCi4c5EgAwfegryI4ylUiAfNQOIabKtBBCPKrw3RJGnXnlwlycVu5uYlxlV8BZjh9cRijrRCwR+eNFzP+Jmh+OzxdCMPcoqkViqDIGPaq0FAlToYZlRf3eltscB6lJyNQri8kaMZgb0wpqLs+yRxbiZvrcUiMPcnVh2oDYYf8ByiehL4nXVXzEnr3Q8cjCEbA4LI5NByBe9MY67E4HT+GYeSpT91PCGyw1yFaUEa\/m6pVy13EjS1Wypw0ozEgJr8ZkeGNi9NCE9ZlUJyHAJ3Ev1u1njRKd003Rj3j8gMEwRrqSxLu7VTTTkNuC06cLORduqgFRRdCtSZpGSs9DcF4o1jvb4xzt1GdVFRvmEAAxUNcFcMfGT2OerQSiXHfJMFC+qKMSUMwKv2jcYhg+KPQ2+WYNAQTfxITNKUJy5JIxbxEDxlDCiQamz84Vx8mg2ZXg04n3FEWTAM6ROHOz0OgwcSQCWcbxcYoY1x4N1Ql3DkwUqkGlQ363oxqXohr6QU6EIHoSzhkzLIy5GuQyfSa9o1uHVMI74adjDWV4GzC1wq3e0DPRBCNhNGMMdsoDuEhDI\/LUJUIaYNUEmqUbJTW6xAbpdlWS6A4UK3RZdpp51eGk2ti3HJcE8M2kfdo0N8QRJkdXEB6ag6MamFFFQaabj5i\/ByPIHiH4ppdcA2KJ+ONsRdkVkJBM5VrymychwCjrgXOqxbXCEbVQvGDWMHgWYzoGFRF2aEiQNedznUtJXIR8MpZD4guojo7dnMTYDjQCmcbRaA8QxB8DFWJkDZIxf2aslFKK2U0QbOtFsVB1Yrih+tGtBLEjWPdzJjRCCytlGI0GvJzgcTwB\/Mi5tOMtAwSE2DTnUgjjZHEDJ7bwRVSi1NzprdnyllKkDS8o\/0pRlt2\/jB1exkTF5baLtqnQk6z3RT0A9znD7UbUowrSqVXqrBbqBU21JwtaXikHBPvysT0XswTD3THYgS7YJou0ft35oglDI+Xky68cYkOFUSJ9f3GcHQHvRJB2CrJar6Eh8kkIUagU8mw4RK9VeUxajHeHIIZiHXXJMmebbE9T7kfEYR3YaTyEnvChyKYaIwd87sfVGIRzKbF8Qv9UQiC9TAJBKKl7QiDmPeTtGqzNY8W21NkESIx4fAkNYuZQcEHGEfLJJhIkU8QsIVko0ZFFRiHRxGcBs1mDCuqkTpwsFEEE42xXUegfIuWMyk6SmwEsMfxHeizZAafc61G4L5NxqP0AFQvg8TwjE4zhLSjGEWdRqjpLmhvxuxlkKzrZZCqs5dBAfXbFDXIKCp4CGMu28sglwNzKI+DBuz8u5dBD3A1ohaLw1WUghIhR6yq4YheBolBRBkYl89VFyQPge3sjuWmNfQ\/9jIoeg06W4LlMB9S+VrsVJXRLTCncn0EcC31i0GNoluRzkW6CYd0DCedYB1CbARbEUQLuCml+Eyonmh1vqmcDx43ikp\/Y8xD9pF4GFB8OzetEW5AoEaFTJLWylkI1GxbwaEExG23JfkEBHrCM8Zy7DHanWbSUGDjTqpPJBG9R3hHy+h6Cr0Kvp+mvy1BRbzcgaA5te2X4EJmJccg6sFg0riLhoEwzILJRun3142JU6CiBB8k9ZRjIXD\/j37TclRLuR633DVLcAYm1LeI4SYMaIpyR8ox6TIwqOkskZEKBkNXYV3MDPD7GXKW3uMp8gmCTQCW3tnUfxRBK6jC7G6AIarhYKMIJhljz\/Jxeq+gR+iZAJ8ipbfbhb4C8yUlLL2\/w22KW9wtvWHi9BbSjmIUtfQOpLsAZzBm6e1WwpDegfSV3tFEGGXzYKOUwEMYc9nSW22w9KZRcXpPgFF60+w4vRWHqygFJUKOEOfiiNJbDCKswJSltytL71D9dDrXYZm9EGYFJm+D6nk\/\/DtMEaYfN4qAEQHjonnQmQiClTDMOuqksApGo60wpxK4TwCupX4xlt7uI5C5SN+HKr0D6axDgA3U0F2Iq58ifAVqp6ol3HxLiZFGsXG\/MS7Ew9AG4IUwOyhxOnQDAjWKkWCtjGZJkAszCRRKQNzoCopOM4Tb8E4Mf\/Tgo7S7jLEBKEsxQxkKS60GNp5Azb1LIcvzNai9io0viMHbEmSgtYNijVGyPG+byvMCRpUNwCEgjDdH46AIXjOG0GNHea4I5ZPnEZkVKM+1uYu+B+WKdknwC8x71AIN5iXxEYY\/VsV3yzNzKSsmeIeb5VxbELi3UC7lBr\/jPJ8Ms49rJNc+Cfob48JbUP1cgg4UxxvNooHyXCt6SL+F9QDmIQhrYPR5BFBCRLCcXHo5SbC2IZpMmQAmehMLu7jWIaD22JODUGVaKYHK5yrVHlK5WFqHMBCbiI0UNMuVsBOGYdNFKb34CdtzQ7CCi6FHsJG4jJsDBP1KSu6QoCOCtQig0RwcEsMf27zzyjGBgiXGKWBnM0PoFX7UBmQ3gpZQjcnSE0CIjdO+dx+CfP0wAEHI\/txKlLAXcaiUZFHfNgTBUZq3AZXfuFYiUGh442OUELknbVI8A+ErSeK1gQR7Q0wusLaRCkmaKUnAqGdi5hK0NPWHnSi8h+vvXF8hcI\/C7Od6jksj0WpEQOjjXg0IvdbGAGG0DkF4BGYRpdg1B9MQRDyURyMRQpn0Y4FODBKUCCsiYHzy2EsSfAe9mxkhwqgd9qyFOs1er8MwnenRD4rKIGNSm11mQHcujN4V14c2wYa95hvEpeyyR++ppFcuKBNf2CFJaE4k4B2o350KUw+kPZeesF1HGB1D94TqGDoqgikiX1W\/JrFICwYCc+wZBMFymLmorIXuQBC9D5NNYLZhvJlq2YHgQi7R7imBDFuJMQhCVIIpoGugryCIIpj5XK9xLZHgBYqu5GasUWwMMMZOb6xEeDk3qKRGgrvc8dT7BrLz6Ghj6BlWgHJMoiEQZ+l6xxMzromYWZRJazGmD9us14CbZ9oDNzMGF\/oYw2s76GoJXob5idjMx40EPrlVMH9GuJarvwQbYcZwQYOZSYzBMPBiJDqCdA2CSqRmRON0oqZ5PdEAgZuDoAkjZyolmkkwLunyT2RsPWIUQV9jbHwnVCJU1I+nRBsMH4tAb01DUs7Vo7aqElSjBBOAaPRTMhaEnyOsi8pWCY7jhhkwPI0SCyVIcvMq102UmI4gLIQpQUBIoZTAMRhb8CwT1I3hTPQXY+tNBOFqbpZxrafEBgTBB9xs52YrJb9JEvt9xoDAREiJkvayWKeY1f8ewmclWMrNY1wvcw2WgPrD+0AHGkVwpTEubE4NRRIcZpZ4nBLvMLTN5ScREGBtCoJ3JLiUjt2BAMpJSiwo0YPwQAB7XH+2vcs\/DsGHCE6SoBKetkZwJh11FgJbaHUaQQdBacuLxmiD7oIzJaDZrhUlPgPQ8YQWKR3EhL+w4GnKtgP6XxFCox0ERox7Tw7BRLMxdJgSYxBEP4Pcw80+aFsE4W6YLEpsgOoJ3y2CSeLuJOj8PEo8ABMuZDwZZUZsUJ5hcE\/S2M\/PwEU9LYrhAJV5W8ztOEDlLoEg+gGGM9\/oM2hf6oq2wCzK026Fwc1EpQMDm7lGGcWb\/sa48Dqo40259iGuTZ5OEAkmNty3+HonF4bdEgkmkV3ZoMMQXEC1QjX+jD6Dh2JwNUaioyBjENRQJOeR6OSPjiWDkyWoR6xYofSUE+pEWicy6p5wpFHaMNUYF75Bb5yDQOM2\/ywEW2m6HfHtIbyn0KP7qUmnOsEhitalxO8MAuWxIqWeEcUxx6ykyIzFVzHRx\/gqhkGm3YEOXTC7nptcFN5FUEuCFXiin\/S9hdnjEERz0W2K6ekITkCgPi1R8uM8FMFDxriwK6rNJLgChtkgPB+jDRCEp1BLLQTHA1SUoB7Mr1xQHGMUwOBqjNji2Bj0WgQ2YlpxcxpXTQnOR\/ANvXAZdLX66haYFxAUQsciiAbBsHTYANBa4iYb46JXoM8iCBfCzKcErXXfIYjWYr02Nxu5tGIpUjreMTo2Gb+vc+wVwu64a9uK7hRLEKqwGbMgEyjvyxBUhrkJyz+hNzMPyx\/CMPjcTKM4M8IYO2i3s8zwdJgGqFSBTsWG9q32e8kSGpVHLa43N\/8EhbJ9o34YtzqF2JCgKJMGAnSDejiFsXxL9DNoWSuc6g49E0H4OAxjLZhtFMFHxvASkc7Q65BAbWjBWSaNChohUCtL2Dg5mh38ovoJBAxFMzq4\/Eogv2JDPwkNv8NIQwQ7oRqn4TqY5hSnOigOjTPGvvlPJBDoFWuIZXs0qo1AR3VhFQQaNr9Tiw2Gz0FFV6t+GAIRI24418lcXRCEZ8KcTbHLuDRcwnwEHxOuQdA5RDcaAzMcwUyjCNYYE8\/COg0JaIMm2\/AQVDYcrQwxqmaH3ZPudsfLXtpjuz1jtNIHA8szaehcnT2UMvrh2MPCBM1g3Oo8z6QhGPecjjZCVKPHaWrYpBzjtOEUBIPj64zRzlJrEwI5vpryv0C3IWAs80qdG2h4JCUoYeerEqWarKSSaNDBbCQs3zGKX1YLFP\/ojTTDH8yLBCvNyHUVhkH7I2Pse4pSvVDPr0xlJ3PVZDzZWKKykurcQJ0615iPcZoSwTIEUglnUCk2mGpjo4TAahFV+EO6gkmaqsWYM82oOs2koUntKW2uy1FjrJBcTzNpCNfXW6bPpH4dzWvKipkmwJtg3PPG4NabxmgZj6MdbYXZhYDL7UOg0Ae\/cgNlTx4Lohq0sxRhPQTRtqTL5w2B5t\/A0mUBjMI\/2SjV4Vaa4Q9GHqcZua7CMGgvNsb2uYmzJPgK+20I\/yGo3o4mskGbE36SNt\/6I7eDzc2ioXw05iDF2YMEu5M8KTFmgo04vo9rJYJwGy7JT9WmEZmKFnGLXkRkvv2Ib8a0QaLeMGgS6aU9N4x9Ts4zAFH5FGYH+fYVfVyVCtwPCFpwiV6bEoT\/oPqvoY8iCD+jxgmgW6BTJFgJ8xKC2BVicnUZ0xGpOi56O8U4VbwCpeBrTOINqcGqjSC\/Im2fTuyIAbM+FTMFhiEo1F2XErjqqDBIbaeQyIS5qH38IjRiOg\/Ww\/Bn7eXvqI2nEYQj6EDdJyBNM\/olBUdDlFKkVCbNBJo2rLd0PiTGNpRiNFGqU9CkusOobyaa+6DDcMhGH+dQWtLsYCqYD8OCY4+YWoGCIcbEK9ABdkz2WMZpV6jM6YkN7TB1HqYtjMulFh1q6cTMNkh\/xyEx4egyZDYIRQNbkqRbSoQwFh2QAOuluKvqAo0wR\/0R8QufNYoAD2HM5SgbQbgL5igXjeIkCZdpZfBJ3OxIk0RCcZhBT4kOt6H3EUV07igGEQMNJpqEN+RlOAtBsBlmGYI1XBsQRNxE29GbB7BHgmkwVOrGGMWTgcbYATAHIQgYTqGa1x61rRKcCrOOEgmoZmE90YRzuWpgfGqSEQhjwzisD9MapAVXNQQuD8EnBPAWqDbOGuRai0Lqh+IyDsHow6\/UYf4ymFXE+l2ojvsjpiCd\/0cfYDQPo2q2y0cAJSBugb4uich3ko7oiNEoC5tSLM2koUn\/0fmS0oeoeQMNFRPMgJHJNJOGYCgdkmPogcHYzKZCaSYNwTj7XEyfoSdykIoJ6jI8xJRq1hwAcqIEo4nQaQgYs4lzJCilRB5DoyrVXiTdIOnyzxfSgkFzBkhjBKdIUJNQsVsVLdEHXWLS9cGYC2kRrtaVFoy5cBuIXLBdjFwYgOAcBFExJfKoaCyAXIhepUa5EDxPEVxwkxDIheip2AXRErkgJl0fTCoQLQmPzR1itFMTE55CHcdTzPZSdamUxzqXiaAmAptXKyGYxhSRKd0DZT+wZpeaqAMyGEQfveh1VMg+XjT+gTWMry9QIKLJxuGhmDZoiTEXJlKjufB07EL0GIKaCBxjUC6EPWmlXNB7iNiFjhSRC7eCyAVtruSCqLkgxteHC+6\/AA==(\/figma)--&gt;\"><\/span><\/h1>\n<p><span><br \/>Dopo l\u2019Unit\u00e0 d\u2019Italia, l\u2019industrializzazione fu lenta a causa di carenze strutturali e culturali. Solo tra fine Ottocento e inizio Novecento, grazie a politiche protezionistiche e a una congiuntura favorevole, nacquero le prime associazioni imprenditoriali.<\/span><\/p>\n<p>Il 5 maggio 1910 queste realt\u00e0 si unirono nella Confederazione italiana dell\u2019industria, oggi Confindustria, con sede iniziale a Torino. Primo presidente fu Luigi Bonnefon, figura simbolo dell\u2019industria esportatrice italiana.<\/p>\n<p>Secondo Luigi Einaudi, la nuova Confederazione rappresentava \u2028\u201cl\u2019Italia che lavora e che produce\u201d.<\/p>[\/et_pb_blurb][\/et_pb_column][et_pb_column type=\"1_4\" _builder_version=\"4.27.4\" _module_preset=\"default\" global_colors_info=\"{}\"][et_pb_image src=\"https:\/\/public.confindustria.it\/repository\/2025\/03\/29192219\/Frame-159.png\" title_text=\"Frame 159\" _builder_version=\"4.27.4\" _module_preset=\"default\" global_colors_info=\"{}\"][\/et_pb_image][\/et_pb_column][\/et_pb_row][et_pb_row _builder_version=\"4.27.4\" _module_preset=\"default\" width=\"90%\" max_width=\"1600px\" global_colors_info=\"{}\"][et_pb_column type=\"4_4\" _builder_version=\"4.27.4\" _module_preset=\"default\" global_colors_info=\"{}\"][et_pb_tabs active_tab_text_color=\"#7bb2d6\" _builder_version=\"4.27.4\" _module_preset=\"default\" tab_font_size=\"24px\" background_color=\"#2c2c2c\" custom_css_main_element=\"display: flex;||flex-direction: row;||height: 100%;||border: 0;||\" custom_css_free_form=\"selector .et_pb_tabs_controls::after{||  border: 0;||}||selector .et_pb_tabs_controls li a{||  display: ruby-text;||  ||}||@media screen and (max-width: 980px){||  selector .et_pb_tabs_controls li{||    width: 50%;||  }||  ||}\" custom_css_tabs_controls=\"background-color:  #2c2c2c;||color: white;||display: flex;||flex-direction: column;||margin-top: 70px;||||||\" custom_css_tab=\"border: 0;||padding-bottom: 10px;||\" custom_css_active_tab=\"background-color:  #2c2c2c;||||\" border_width_all=\"0px\" global_colors_info=\"{}\" custom_css_main_element_last_edited=\"on|tablet\" custom_css_main_element_tablet=\"display: flex;||flex-direction: column;||height: 100%;||border: 0;\" custom_css_tabs_controls_last_edited=\"on|phone\" custom_css_tabs_controls_tablet=\"background-color:  #2c2c2c;||color: white;||display: flex;||flex-direction: row;||margin-top: 70px;||flex-wrap: wrap;\" custom_css_tabs_controls_phone=\"background-color:  #2c2c2c;||color: white;||display: flex;||flex-direction: row;||margin-top: 70px;||flex-wrap: wrap;\" custom_css_main_element_phone=\"display: flex;||flex-direction: column;||height: 100%;||border: 0;\"][et_pb_tab title=\"\u2b24 1886-1910\" _builder_version=\"4.27.4\" _module_preset=\"default\" tab_text_color=\"#FFFFFF\" tab_font_size=\"16px\" background_color=\"#2c2c2c\" background_enable_color=\"on\" custom_css_free_form=\"||\" global_colors_info=\"{}\"]<div style=\"display: flex; background-color: #2c2c2c; color: white; padding: 5%; gap: 20px; flex-wrap: wrap;\">\n\n<!-- Colonna sinistra -->\n<div style=\"flex: 1 1 300px;\">\n<div style=\"color: rgba(123, 178, 214, 1); font-size: 36px; font-weight: bold; line-height: 1.1;\">1886<\/div>\n<div style=\"color: rgba(123, 178, 214, 1); font-size: 36px; font-weight: bold; margin-bottom: 30px;\">1910<\/div>\n<h2 style=\"margin-top: 10px; color: rgba(255, 255, 255, 1); font-size: 36px;\">Le origini di Confindustria<\/h2>\n<p style=\"font-size: 18px; line-height: 1.1;\">Per quasi mezzo secolo dall'unificazione l'Italia era rimasta in bilico fra arretratezza e sviluppo a causa della scarsit\u00e0 di materie prime e risorse energetiche, degli elevati livelli di analfabetismo e dell'esistenza di vaste sacche di miseria endemica, non soltanto nel Sud della penisola.<\/p>\n<p style=\"font-size: 18px; line-height: 1.1;\">In questo scenario, la formazione della prima base industriale - avvenuta tra la fine dell'Ottocento e l'inizio del Novecento - fu un processo tutt'altro che agevole, accompagnato da un lento mutamento d'opinione della classe politica dell'epoca rispetto all'idea che la ricchezza dell'Italia fosse unicamente, o quasi, nell'agricoltura.<\/p>\n<p style=\"font-size: 18px; line-height: 1.1;\">Infatti, nel 1887 il Parlamento var\u00f2 un regime protezionistico a favore della nascente industria siderurgica e del settore tessile, in concomitanza con un provvedimento analogo a sostegno della produzione cerealicola.<\/p>\n<p style=\"font-size: 18px; line-height: 1.1;\">In quella circostanza comparvero alcune leghe imprenditoriali per sostenere le rivendicazioni di diversi comparti industriali, senza tuttavia riuscire a farsi strada in un contesto economico dominato dagli interessi della grande propriet\u00e0 fondiaria e dell'alta finanza.<\/p>\n<p style=\"font-size: 18px; line-height: 1.1;\">Soltanto all'inizio del Novecento, quando anche l'Italia cominci\u00f2 a partecipare alla congiuntura espansiva a livello internazionale, la causa dell'industrialismo guadagn\u00f2 terreno.<\/p>\n<p style=\"font-size: 18px; line-height: 1.1;\">Tra il 1902 e il 1906 nacquero i primi sodalizi a carattere territoriale, da quello di Monza a quello di Torino, accanto alle associazioni di categoria (la prima era stata quella laniera) che si erano costituite negli anni precedenti in alcuni centri come Biella, Milano, Genova, Schio e Terni.<\/p>\n<p style=\"font-size: 18px; line-height: 1.1;\">Da questi primi nuclei di associazionismo imprenditoriale sorti in ordine sparso nacque, il 5 maggio 1910, la \"Confederazione italiana dell'industria\", con il fine di coordinare a livello nazionale le iniziative degli imprenditori sia nei rapporti con il Governo e le amministrazioni locali, sia nei riguardi delle Organizzazioni sindacali.<\/p>\n<p style=\"font-size: 18px; line-height: 1.1;\">Primo Presidente della Confederazione fu Luigi Bonnefon, un industriale della seta trasferitosi da Lione in Piemonte, vanto di quell'industria manifatturiera pioneristica che, tra le poche di quel periodo, riusciva ad esportare.<\/p>\n<p style=\"font-size: 18px; line-height: 1.1;\">Luigi Einaudi defin\u00ec la nascita della nuova Confederazione il simbolo de \"l'Italia che lavora e che produce\".<\/p>\n<p style=\"font-size: 18px; line-height: 1.1;\">Prima con sede a Torino \u2013 e successivamente dal 1919 a Roma \u2013 Confindustria si sarebbe occupata, insieme alla neonata Confederazione Generale del Lavoro nel 1906, di gestire le vertenze tra capitale e lavoro, come nei pi\u00f9 moderni sistemi di relazioni industriali gi\u00e0 vigenti in Gran Bretagna, Francia e Germania.<\/p>\n\n<\/div>\n<!-- Colonna destra -->\n<div style=\"flex: 1 1 20px; padding-top: 10%;\"><img src=\"https:\/\/public.confindustria.it\/repository\/2025\/05\/07142545\/Frame-159.png\" alt=\"Luigi Bonnefon\" style=\"width: 100%; border: 2px solid #444;\" \/><\/div>\n<\/div>[\/et_pb_tab][et_pb_tab title=\"\u2b24 1911-1922\" _builder_version=\"4.27.4\" _module_preset=\"default\" tab_text_color=\"#FFFFFF\" tab_font_size=\"16px\" background_color=\"#2c2c2c\" background_enable_color=\"on\" custom_css_free_form=\"||\" global_colors_info=\"{}\"]<div style=\"display: flex; background-color: #2c2c2c; color: white; padding: 5%; gap: 20px; flex-wrap: wrap;\">\n\n<!-- Colonna sinistra -->\n<div style=\"flex: 1 1 300px;\">\n<div style=\"color: rgba(123, 178, 214, 1); font-size: 36px; font-weight: bold; line-height: 1.1;\">1911<\/div>\n<div style=\"color: rgba(123, 178, 214, 1); font-size: 36px; font-weight: bold; margin-bottom: 30px;\">1922<\/div>\n<h2 style=\"margin-top: 10px; color: rgba(255, 255, 255, 1); font-size: 36px;\">L'era Giolitti e la Grande Guerra<\/h2>\n<p style=\"font-size: 18px; line-height: 1.1;\">Nel secondo decennio degli anni '20, dominato dalla figura di Giovanni Giolitti, l'adozione del contratto collettivo di lavoro e il riconoscimento delle Commissioni interne operaie coincise con una svolta politico-sociale in senso liberale e riformatore.<\/p>\n<p style=\"font-size: 18px; line-height: 1.1;\">L'equazione fra industrialismo e modernizzazione venne condivisa, sia pur con accenti diversi, dai principali leader sindacali - Rinaldo Rigola, Ludovico D'Aragona, Bruno Buozzi \u2013 e da alcuni imprenditori affermatisi proprio allora quali Giovanni Agnelli, Camillo Olivetti, i fratelli Perrone, Guido Donegani, Cesare Pesenti, Giorgio Enrico Falck, Ettore Conti, Giovanni Battista Pirelli, Gaetano Marzotto, Ernesto Breda e Giuseppe Orlando.<\/p>\n<p style=\"font-size: 18px; line-height: 1.1;\">Fu questa nuova generazione di industriali a rendere l'associazionismo imprenditoriale del primo Novecento uno strumento robusto per la tutela degli interessi specifici del mondo industriale, fucina di nuove soluzioni nell'organizzazione del lavoro.<\/p>\n<p style=\"font-size: 18px; line-height: 1.1;\">Il contributo di Gino Olivetti - primo segretario della Lega industriale di Torino e successivamente della Confindustria - si rivel\u00f2, a questo riguardo, fondamentale per la razionalizzazione del sistema produttivo, a cominciare dall'industria meccanica, adottando gli stessi criteri elaborati negli Stati Uniti da Frederick Taylor: parole chiave furono la specializzazione delle maestranze, la standardizzazione dei materiali e la produzione in serie.<\/p>\n<p style=\"font-size: 18px; line-height: 1.1;\">Lo storico divario tra Nord e Sud del Paese rimase perfettamente tangibile e, d'altra parte, il risparmio continuava ad affluire per lo pi\u00f9 verso i titoli pubblici. Solo grazie all'ingresso di alcune banche nel capitale azionario dell'industria elettrica e di altri settori di base fu possibile far fronte alla scarsit\u00e0 di capitali di rischio.<\/p>\n<p style=\"font-size: 18px; line-height: 1.1;\">L'Italia era uscita vittoriosa dalla Grande Guerra, anche grazie all'eccezionale sforzo compiuto dal sistema industriale per soddisfare le esigenze della macchina bellica. Intanto, per\u00f2, la rivoluzione comunista in Russia alimentava nelle masse operaie l'aspettativa di un radicale rivolgimento politico e sociale.<\/p>\n<p style=\"font-size: 18px; line-height: 1.1;\">Confindustria, dopo l'incarico di Ferdinando Bocca, con le presidenze di Dante Ferraris (divenuto nel 1919 Ministro dell'Industria nel Governo Nitti), Giovanni Battista Pirelli, Giovanni Silvestri ed Ettore Conti, cerc\u00f2 di contenere una lunga serie di scioperi e agitazioni mediante varie misure (riduzione dell'orario di lavoro, indennit\u00e0 di licenziamento, assicurazione di invalidit\u00e0 e vecchiaia) senza, tuttavia, riuscire a venirne a capo.<\/p>\n<p style=\"font-size: 18px; line-height: 1.1;\">Finch\u00e9, nel settembre del 1920, le maestranze dei principali stabilimenti di tutta Italia, procedettero all'occupazione delle fabbriche. Queste occupazioni si prolungarono per un mese e suscitarono l'impressione che si fosse alla vigilia di un moto insurrezionale.<\/p>\n\n<\/div>\n<!-- Colonna destra -->\n<div style=\"flex: 1 1 20px; padding-top: 10%;\"><img src=\"https:\/\/public.confindustria.it\/repository\/2025\/05\/08092054\/Property-1Frame-179.png\" alt=\"Raimondo Targetti \" style=\"width: 100%; border: 2px solid #444;\" \/><\/div>\n<\/div>[\/et_pb_tab][et_pb_tab title=\"\u2b24 1923-1943\" _builder_version=\"4.27.4\" _module_preset=\"default\" tab_text_color=\"#FFFFFF\" tab_font_size=\"16px\" background_color=\"#2c2c2c\" background_enable_color=\"on\" custom_css_free_form=\"||\" global_colors_info=\"{}\"]<div style=\"display: flex; background-color: #2c2c2c; color: white; padding: 5%; gap: 20px; flex-wrap: wrap;\">\n\n<!-- Colonna sinistra -->\n<div style=\"flex: 1 1 300px;\">\n<div style=\"color: rgba(123, 178, 214, 1); font-size: 36px; font-weight: bold; line-height: 1.1;\">1923<\/div>\n<div style=\"color: rgba(123, 178, 214, 1); font-size: 36px; font-weight: bold; margin-bottom: 30px;\">1943<\/div>\n<h2 style=\"margin-top: 10px; color: rgba(255, 255, 255, 1); font-size: 36px;\">Il periodo fascista<\/h2>\n<p style=\"font-size: 18px; line-height: 1.1;\">In questo clima, reso ancor pi\u00f9 difficile da un'estrema instabilit\u00e0 politica e dalle gravi difficolt\u00e0 finanziarie della riconversione post-bellica, il movimento fascista conquist\u00f2 il potere: sebbene Mussolini avesse proclamato il potenziamento dell'apparato produttivo e la massima disciplina nelle fabbriche in nome degli interessi nazionali, le principali Confederazioni di categoria deplorarono le violenze dello squadrismo.<\/p>\n<p style=\"font-size: 18px; line-height: 1.1;\">Dopo l'assassinio di Giacomo Matteotti, il Direttivo di Confindustria chiese il ripristino dell'ordine e della legalit\u00e0 costituzionale con un Memorandum presentato a Mussolini nel settembre del 1924. Continu\u00f2, inoltre, a opporre una tenace resistenza sia all'imposizione del monopolio fascista della rappresentanza dei lavoratori, sia ai progetti di corporativismo integrale.<\/p>\n<p style=\"font-size: 18px; line-height: 1.1;\">Soltanto nell'ottobre 1925, quando ormai i Sindacati operai e i partiti antifascisti erano sul punto di essere messi al bando, Confindustria riconobbe - col Patto di Palazzo Vidoni - il Sindacato fascista quale suo unico interlocutore.<\/p>\n<p style=\"font-size: 18px; line-height: 1.1;\">Negli anni fra le due guerre, duramente segnati dalla \"grande crisi\" mondiale del 1929, il regime fascista accord\u00f2 all'industria assistenza e protezione, analogamente a quanto fecero altri governi di fronte a una recessione che minacciava di scardinare l'intero sistema produttivo. L'intervento pubblico, sfociato nel 1933 nella creazione dell'IRI, salv\u00f2 dal dissesto numerose imprese passate cos\u00ec sotto \"mano pubblica\".<\/p>\n<p style=\"font-size: 18px; line-height: 1.1;\">Successivamente, la politica autarchica favor\u00ec l'avvento di posizioni monopolistiche e di oligopolio, al prezzo di un progressivo isolamento dell'industria italiana dai circuiti del mercato internazionale e a scapito delle innovazioni tecnologiche.<\/p>\n<p style=\"font-size: 18px; line-height: 1.1;\">In questo periodo, dopo una breve Presidenza di Raimondo Targetti, vi fu il lungo mandato di Antonio Stefano Benni (1923-1934) che ricopr\u00ec anche il ruolo di Ministro delle Comunicazioni (1935-1939) e, sotto la sua presidenza, nacque il logo della ruota dentata sovrastata dall'aquila che, nella versione ammodernata, rappresenta ancora oggi la Confederazione.<\/p>\n<p style=\"font-size: 18px; line-height: 1.1;\">Negli anni a seguire si alternarono alla guida di Confindustria personaggi di grande spicco come Alberto Pirelli e il Senatore Giuseppe Volpi che rimase in carica dal 1934 al 1943.<\/p>\n<p style=\"font-size: 18px; line-height: 1.1;\">Ma la Confindustria, per quanto accreditata e influente nelle alte sfere del Regime - anche per via degli stretti rapporti stabiliti dal suo Direttore (e poi Presidente dall'aprile 1943), Giovanni Balella, con vari Ministeri e settori della PA - si trov\u00f2 alle prese con il ruralismo, l'antiurbanesimo e la formazione di un ordinamento corporativo e gerarchico (\"tutto dentro lo Stato, niente fuori dello Stato\", secondo le direttive di Mussolini), elementi che finirono per rappresentare la negazione dei principi del capitalismo industriale.<\/p>\n\n<\/div>\n<!-- Colonna destra -->\n<div style=\"flex: 1 1 20px; padding-top: 10%;\"><img src=\"https:\/\/public.confindustria.it\/repository\/2025\/05\/08092839\/Property-1Frame-184.png\" alt=\"Giuseppe Mazzini \" style=\"width: 100%; border: 2px solid #444;\" \/><\/div>\n<\/div>[\/et_pb_tab][et_pb_tab title=\"\u2b24 1944-1950\" _builder_version=\"4.27.4\" _module_preset=\"default\" tab_text_color=\"#FFFFFF\" tab_font_size=\"16px\" background_color=\"#2c2c2c\" background_enable_color=\"on\" custom_css_free_form=\"||\" global_colors_info=\"{}\"]<div style=\"display: flex; background-color: #2c2c2c; color: white; padding: 5%; gap: 20px; flex-wrap: wrap;\">\n\n<!-- Colonna sinistra -->\n<div style=\"flex: 1 1 300px;\">\n<div style=\"color: rgba(123, 178, 214, 1); font-size: 36px; font-weight: bold; line-height: 1.1;\">1944<\/div>\n<div style=\"color: rgba(123, 178, 214, 1); font-size: 36px; font-weight: bold; margin-bottom: 30px;\">1950<\/div>\n<h2 style=\"margin-top: 10px; color: rgba(255, 255, 255, 1); font-size: 36px;\">La ricostruzione post-bellica<\/h2>\n<p style=\"font-size: 18px; line-height: 1.1;\">All'indomani della Seconda guerra mondiale, Confindustria assunse un ruolo di primo piano nell'opera di ricostruzione. Ci\u00f2 soprattutto grazie ad Angelo Costa, Presidente dell'Associazione dal 1945 al 1955, arrivato dopo i brevi periodi di presidenza transitoria di Giuseppe Mazzini e Fabio Friggeri a seguito della caduta del fascismo e la liberazione di Roma.<\/p>\n<p style=\"font-size: 18px; line-height: 1.1;\">Egli seppe stabilire rapporti non strumentali, nel rispetto delle reciproche sfere d'autonomia, con i governi centristi di Alcide De Gasperi e riusc\u00ec a ricomporre il tessuto dei rapporti contrattuali con le Organizzazioni sindacali.<\/p>\n<p style=\"font-size: 18px; line-height: 1.1;\">Fin dagli esordi del mandato di Costa vennero siglati alcuni importanti accordi con la Cgil: lo sblocco dei licenziamenti, la perequazione salariale fra Nord e Sud, il ripristino delle Commissioni interne e l'istituzione della scala mobile.<\/p>\n<p style=\"font-size: 18px; line-height: 1.1;\">Altre intese, a livello nazionale e di categoria, vennero poi concluse nel corso degli anni '50 con la CISL e la UIL, due nuove Confederazioni nate nel 1948 dal distacco delle componenti cattolica, repubblicana e socialdemocratica dalla CGIL.<\/p>\n<p style=\"font-size: 18px; line-height: 1.1;\">Costa, affiancato da un segretario generale come Mario Morelli (che rimarr\u00e0 in carica fino al 1970) nell'opera di difesa e valorizzazione dei principi dell'iniziativa privata, fu un deciso fautore del ripristino dei meccanismi di mercato e della liberalizzazione degli scambi, appoggiando le scelte della classe politica, anche a costo di non trovare il consenso di alcuni gruppi industriali restii a rinunciare al protezionismo doganale.<\/p>\n\n<\/div>\n<!-- Colonna destra -->\n<div style=\"flex: 1 1 20px; padding-top: 10%;\"><img src=\"https:\/\/public.confindustria.it\/repository\/2025\/05\/08093019\/Property-1Frame-186.png\" alt=\"Angelo Costa\" style=\"width: 100%; border: 2px solid #444;\" \/><\/div>\n<\/div>[\/et_pb_tab][et_pb_tab title=\"\u2b24 1951-1963\" _builder_version=\"4.27.4\" _module_preset=\"default\" tab_text_color=\"#FFFFFF\" tab_font_size=\"16px\" background_color=\"#2c2c2c\" background_enable_color=\"on\" custom_css_free_form=\"||\" global_colors_info=\"{}\"]<div style=\"display: flex; background-color: #2c2c2c; color: white; padding: 5%; gap: 20px; flex-wrap: wrap;\">\n\n<!-- Colonna sinistra -->\n<div style=\"flex: 1 1 300px;\">\n<div style=\"color: rgba(123, 178, 214, 1); font-size: 36px; font-weight: bold; line-height: 1.1;\">1951<\/div>\n<div style=\"color: rgba(123, 178, 214, 1); font-size: 36px; font-weight: bold; margin-bottom: 30px;\">1963<\/div>\n<h2 style=\"margin-top: 10px; color: rgba(255, 255, 255, 1); font-size: 36px;\">Il miracolo economico<\/h2>\n<p style=\"font-size: 18px; line-height: 1.1;\">L'adesione dell'Italia al Mercato Comune Europeo nel 1957 e il cosiddetto \"miracolo economico\" diedero legittimit\u00e0 alle convinzioni liberiste di Angelo Costa, ancora guida riconosciuta di Confindustria. Trascinata dal vigoroso sviluppo delle grandi imprese del \"triangolo industriale\" \u2013 Milano, Torino e Genova \u2013 l'economia nazionale registr\u00f2 in quegli anni tassi di crescita tra i pi\u00f9 alti del mondo occidentale.<\/p>\n<p style=\"font-size: 18px; line-height: 1.1;\">Le industrie meccaniche, automobilistiche, chimiche e tessili vissero una stagione di espansione, favorite dall'aumento dei consumi interni, dal miglioramento della produttivit\u00e0 e dal crescente inserimento dell'Italia nei flussi del commercio internazionale. Il boom attir\u00f2 milioni di lavoratori dal Sud verso le regioni del Nord, ridisegnando la geografia sociale del Paese e ponendo nuove sfide al sistema produttivo.<\/p>\n<p style=\"font-size: 18px; line-height: 1.1;\">Sono gli anni della presidenza di Alighiero De Micheli, cui segu\u00ec quella di Furio Cicogna, in un contesto di progressiva trasformazione del rapporto tra Stato e industria. L'istituzione del Ministero delle Partecipazioni Statali (1956) e l'avvio di una politica di programmazione economica culminata con la nazionalizzazione dell'energia elettrica nel 1962, segnarono un profondo mutamento nel ruolo dell'intervento pubblico.<\/p>\n<p style=\"font-size: 18px; line-height: 1.1;\">Questo nuovo scenario vide Confindustria porsi come interlocutore attento ma critico delle scelte di politica industriale dei governi di centro-sinistra, con una crescente tensione tra la difesa dell'iniziativa privata e l'espansione della mano pubblica in settori strategici. In questa stagione di grandi cambiamenti, l'Associazione consolid\u00f2 il proprio ruolo di rappresentanza unitaria, ponendo al centro del dibattito la modernizzazione del Paese e il rafforzamento della competitivit\u00e0 industriale.<\/p>\n\n<\/div>\n<!-- Colonna destra -->\n<div style=\"flex: 1 1 20px; padding-top: 10%;\"><img src=\"https:\/\/public.confindustria.it\/repository\/2025\/05\/08093209\/Property-1Frame-188.png\" alt=\"Furio Cicogna\" style=\"width: 100%; border: 2px solid #444;\" \/><\/div>\n<\/div>[\/et_pb_tab][et_pb_tab title=\"\u2b24 1964-1979\" _builder_version=\"4.27.4\" _module_preset=\"default\" tab_text_color=\"#FFFFFF\" tab_font_size=\"16px\" background_color=\"#2c2c2c\" background_enable_color=\"on\" custom_css_after=\"||  border: 0;||\" custom_css_free_form=\"||\" global_colors_info=\"{}\"]<div style=\"display: flex; background-color: #2c2c2c; color: white; padding: 5%; gap: 20px; flex-wrap: wrap;\">\n\n<!-- Colonna sinistra -->\n<div style=\"flex: 1 1 300px;\">\n<div style=\"color: rgba(123, 178, 214, 1); font-size: 36px; font-weight: bold; line-height: 1.1;\">1964<\/div>\n<div style=\"color: rgba(123, 178, 214, 1); font-size: 36px; font-weight: bold; margin-bottom: 30px;\">1979<\/div>\n<h2 style=\"margin-top: 10px; color: rgba(255, 255, 255, 1); font-size: 36px;\">La nuova sede e Il Sole 24 Ore<\/h2>\n<p style=\"font-size: 18px; line-height: 1.1;\">Negli anni a cavallo tra la fine del \"miracolo economico\" e l'avvio delle tensioni sociali che scandirono la seconda met\u00e0 del secolo, Confindustria rafforz\u00f2 la propria capacit\u00e0 di rappresentanza anche sul piano culturale e dell'informazione economica. Nel 1965, nacque Il Sole 24 Ore dalla fusione di due storiche testate: Il Sole, fondato a Milano nel 1865, e 24 Ore, nato nel 1946 come organo ufficiale dell'Associazione.<\/p>\n<p style=\"font-size: 18px; line-height: 1.1;\">L'obiettivo era chiaro: dare vita a un quotidiano capace di offrire una voce autorevole e indipendente sul sistema economico italiano, promuovendo i valori dell'impresa, della modernizzazione e del mercato.<\/p>\n<p style=\"font-size: 18px; line-height: 1.1;\">Fin dalla sua nascita, Il Sole 24 Ore si afferm\u00f2 come punto di riferimento imprescindibile per imprenditori, professionisti, istituzioni e operatori internazionali, contribuendo in modo determinante alla diffusione di una cultura economica e produttiva nel Paese. Con il suo stile sobrio, i suoi approfondimenti tecnici e l'attenzione alle dinamiche del mondo del lavoro, il quotidiano divenne uno degli strumenti pi\u00f9 riconosciuti e stimati del sistema confindustriale.<\/p>\n<p style=\"font-size: 18px; line-height: 1.1;\">All'inizio degli anni '70 Confindustria si trasfer\u00ec dalla storica sede di Piazza Venezia al quartiere dell'E.U.R. a Roma, in un nuovo edificio commissionato agli architetti Luccichenti e Monaco, tra i pi\u00f9 significativi interpreti dell'architettura razionalista italiana.<\/p>\n<p style=\"font-size: 18px; line-height: 1.1;\">In quegli anni, per il mondo industriale (alla cui guida torn\u00f2 nel 1966 Angelo Costa) le difficolt\u00e0 si accentuarono e, all'indomani dell\u2019\"autunno caldo\" del 1969, le ondate di conflittualit\u00e0 operaia si susseguirono per un decennio nei principali stabilimenti, scuotendo le fondamenta del sistema d'impresa e rendendo sempre pi\u00f9 difficile la governabilit\u00e0 delle fabbriche.<\/p>\n<p style=\"font-size: 18px; line-height: 1.1;\">Di fronte al pericolo di isolamento, e nel pieno di una pesante recessione economica dovuta al vertiginoso rincaro del petrolio e alla forte crescita del costo del lavoro, Confindustria reag\u00ec con una correzione di rotta in due direzioni: con la cosiddetta \"riforma Pirelli\" si propose di rafforzare le proprie strutture organizzative con una rappresentanza pi\u00f9 equilibrata e partecipata delle associazioni territoriali e di categoria; leve pi\u00f9 giovani e piccole imprese, organizzatesi fin dal 1958 in vari gruppi locali, contribuirono significativamente ad un approccio innovativo.<\/p>\n<p style=\"font-size: 18px; line-height: 1.1;\">Di fronte al pericolo di isolamento, e nel pieno di una pesante recessione economica dovuta al vertiginoso rincaro del petrolio e alla forte crescita del costo del lavoro, Confindustria reag\u00ec con una correzione di rotta in due direzioni: con la cosiddetta \"riforma Pirelli\" si propose di rafforzare le proprie strutture organizzative con una rappresentanza pi\u00f9 equilibrata e partecipata delle associazioni territoriali e di categoria; leve pi\u00f9 giovani e piccole imprese, organizzatesi fin dal 1958 in vari gruppi locali, contribuirono significativamente ad un approccio innovativo.<\/p>\n\n<\/div>\n<!-- Colonna destra -->\n<div style=\"flex: 1 1 300px;\">\n<div style=\"color: #2c2c2c; font-size: 36px; font-weight: bold; line-height: 1.1; -webkit-user-select: none; -moz-user-select: none; -ms-user-select: none; user-select: none;\">1<\/div>\n<div style=\"color: #2c2c2c; font-size: 36px; font-weight: bold; margin-bottom: 30px; -webkit-user-select: none; -moz-user-select: none; -ms-user-select: none; user-select: none;\">1<\/div>\n<h2 style=\"margin-top: 10px; color: #2c2c2c; font-size: 36px; -webkit-user-select: none; -moz-user-select: none; -ms-user-select: none; user-select: none;\">1<\/h2>\n<p style=\"font-size: 18px; line-height: 1.1;\">Il disgelo nei riguardi del sindacato, avviato nel corso della presidenza di Renato Lombardi (affiancato dal 1970 da un manager esperto e di particolare talento, Franco Mattei), sfoci\u00f2 nel 1974, durante quella successiva di Giovanni Agnelli, nella proposta di un'azione comune contro rendite e parassitismi, con lo scopo di ridare slancio e vigore alle forze produttive dell'impresa e del lavoro.<\/p>\n<p style=\"font-size: 18px; line-height: 1.1;\">In questo clima, e nell\u2019intento di contribuire a un ritorno della pace in fabbrica, venne siglato con i Sindacati, nel gennaio 1975, l\u2019Accordo sull\u2019indicizzazione dei salari.<\/p>\n<p style=\"font-size: 18px; line-height: 1.1;\">A presiedere la Confindustria nel periodo della \u201csolidariet\u00e0 nazionale\u201d fra i partiti dell\u2019arco costituzionale, intesa a fronteggiare l\u2019offensiva del terrorismo, venne chiamato per la prima volta un personaggio che non proveniva dalle file dell\u2019imprenditoria: l\u2019ex governatore della Banca d\u2019Italia, Guido Carli. Durante il suo mandato (dal 1976 al 1980), che vide alla direzione dell\u2019Associazione un autorevole economista come Paolo Savona (a cui si deve l\u2019avvio operativo del Centro Studi), venne formulata da Confindustria la proposta di uno \u201cstatuto dell\u2019impresa\u201d, in grado di affrancare il sistema imprenditoriale da \u201clacci e lacciuoli\u201d politici e burocratici che ne imbrigliavano lo sviluppo.<\/p>\n<p style=\"font-size: 18px; line-height: 1.1;\">Nel 1977, su iniziativa di Confindustria, nacque a Roma la LUISS \u2013 Libera Universit\u00e0 Internazionale degli Studi Sociali \u2013 con l\u2019obiettivo di creare un polo universitario d\u2019eccellenza capace di formare le nuove classi dirigenti del Paese. L\u2019Ateneo raccolse l\u2019eredit\u00e0 del preesistente Pro Deo, trasformando l\u2019istituto sorto negli anni \u201860 in una vera universit\u00e0 privata, specializzata nei campi dell\u2019economia, del diritto e delle scienze politiche.<\/p>\n<p style=\"font-size: 18px; line-height: 1.1;\">Particolarmente innovativa, per l\u2019epoca, fu la forte attenzione al mondo delle imprese, alle istituzioni e ai processi decisionali pubblici e privati. Dal 1978 la guida dell\u2019universit\u00e0 fu affidata allo stesso Guido Carli, che fu capace di imprime all\u2019Ateneo una visione moderna, ispirata alla cultura liberale e al pragmatismo anglosassone, rafforzandone il legame con il sistema Confindustria.<\/p>\n<p style=\"font-size: 18px; line-height: 1.1;\">Negli anni successivi, la LUISS consolid\u00f2 la sua identit\u00e0 come universit\u00e0 aperta al mondo, rafforzando le sue relazioni internazionali, sviluppando percorsi in lingua inglese e favorendo l\u2019accesso al mondo del lavoro grazie a uno dei career service pi\u00f9 attivi d\u2019Europa.<\/p>\n\n<\/div>\n<\/div>[\/et_pb_tab][et_pb_tab title=\"\u2b24 1980-2000\" _builder_version=\"4.27.4\" _module_preset=\"default\" tab_text_color=\"#FFFFFF\" tab_font_size=\"16px\" background_color=\"#2c2c2c\" background_enable_color=\"on\" custom_css_after=\"||  border: 0;||\" custom_css_free_form=\"||\" global_colors_info=\"{}\"]<div style=\"display: flex; background-color: #2c2c2c; color: white; padding: 5%; gap: 20px; flex-wrap: wrap;\">\n\n<!-- Colonna sinistra -->\n<div style=\"flex: 1 1 300px;\">\n<div style=\"color: rgba(123, 178, 214, 1); font-size: 36px; font-weight: bold; line-height: 1.1;\">1980<\/div>\n<div style=\"color: rgba(123, 178, 214, 1); font-size: 36px; font-weight: bold; margin-bottom: 30px;\">2000<\/div>\n<h2 style=\"margin-top: 10px; color: rgba(255, 255, 255, 1); font-size: 36px;\">La trasformazione dell'industria italiana<\/h2>\n<p style=\"font-size: 18px; line-height: 1.1;\">All'inizio degli anni '80, una fase importante nella vita della Confederazione coincise con la Presidenza di Vittorio Merloni. La sua designazione alla massima responsabilit\u00e0 degli industriali italiani costitu\u00ec un tangibile riconoscimento del notevole sviluppo e crescente ruolo assunto nel frattempo dalla Piccola e Media Impresa.<\/p>\n<p style=\"font-size: 18px; line-height: 1.1;\">L'esigenza di un'efficace politica industriale e la revisione della struttura del salario (dopo la disdetta della scala mobile) vennero poste al centro dell'azione della Confindustria sotto la direzione di Alfredo Solustri, le cui competenze professionali erano maturate all'interno dell'Associazione.<\/p>\n<p style=\"font-size: 18px; line-height: 1.1;\">Successivamente, nel corso del mandato di Luigi Lucchini (1984-1988), si afferm\u00f2 il principio della centralit\u00e0 dell'impresa come fattore propulsivo per la crescita economica e la modernizzazione sociale del Paese. La particolare esperienza nel campo delle relazioni sindacali ed esterne del direttore Paolo Annibaldi (che ricopr\u00ec questo incarico sino al 1990), valse a rendere pi\u00f9 intensi i rapporti della Confindustria con istituzioni pubbliche e soggetti sociali.<\/p>\n<p style=\"font-size: 18px; line-height: 1.1;\">Sono questi gli anni di un forte rilancio dell'industria italiana, che conobbe rilevanti innovazioni organizzative e ampliamenti delle sue strutture produttive in nuove aree del Paese, un tempo appena sfiorate dal processo di sviluppo.<\/p>\n<p style=\"font-size: 18px; line-height: 1.1;\">Tra la fine degli anni 80 ed i primi anni '90 si consumarono avvenimenti epocali destinati a riecheggiare nei decenni successivi sugli assetti geoeconomici mondiali, dalla caduta del muro di Berlino il 9 novembre del 1989 alla disgregazione dell'Unione Sovietica sul finire del 1991.<\/p>\n<p style=\"font-size: 18px; line-height: 1.1;\">A seguito della firma del Trattato di Maastricht e dell'accelerazione impressa al processo di unificazione europea nel 1992 s'impose sempre pi\u00f9 la necessit\u00e0 di internazionalizzare l'economia italiana, anche al fine di trovare nuovi spazi in un mondo si avviava sulla via di una nuova e sostenuta globalizzazione.<\/p>\n\n<\/div>\n<!-- Colonna destra -->\n<div style=\"flex: 1 1 300px;\">\n<div style=\"color: #2c2c2c; font-size: 36px; font-weight: bold; line-height: 1.1; -webkit-user-select: none; -moz-user-select: none; -ms-user-select: none; user-select: none;\">1<\/div>\n<div style=\"color: #2c2c2c; font-size: 36px; font-weight: bold; margin-bottom: 30px; -webkit-user-select: none; -moz-user-select: none; -ms-user-select: none; user-select: none;\">1<\/div>\n<h2 style=\"margin-top: 10px; color: #2c2c2c; font-size: 36px; -webkit-user-select: none; -moz-user-select: none; -ms-user-select: none; user-select: none;\">1<\/h2>\n<p style=\"font-size: 18px; line-height: 1.1;\">Per Confindustria l'esito della partita europea sarebbe dipeso da un recupero di competitivit\u00e0 complessivo del sistema Paese. Grazie alla politica degli accordi tripartiti (Governo, Confindustria, Sindacati) \u2013 avviata sotto la presidenza di Sergio Pininfarina (1988-1992) \u2013 l'Italia seppe controllare l'inflazione e realizzare una sia pur imperfetta politica dei redditi, evitando i rischi di un'emarginazione dai Paesi pi\u00f9 industrializzati.<\/p>\n<p style=\"font-size: 18px; line-height: 1.1;\">Decisivo in tal senso fu l'Accordo del 10 dicembre 1991 sulla lotta all'inflazione, a seguito del quale, il 1\u00b0 maggio del 1992, per la prima volta non venne pagato il \"punto pesante\" di contingenza. Tale linea prosegu\u00ec sotto la Presidenza di Luigi Abete (dal 1992 al 1996) con l'Accordo del 7 luglio 1992, che stabil\u00ec l'abolizione della scala mobile.<\/p>\n<p style=\"font-size: 18px; line-height: 1.1;\">Nel corso di quegli anni venne ribadita l'autonomia e l'apartiticit\u00e0 della Confindustria, al di fuori di ogni collateralismo politico e furono adottati nuovi criteri partecipativi del sistema associativo.<\/p>\n<p style=\"font-size: 18px; line-height: 1.1;\">Il processo d'integrazione dell'Italia nella Comunit\u00e0 europea si rivel\u00f2, tuttavia, assai pi\u00f9 ricco di ostacoli di quanto si pensasse originariamente, a causa di una nuova difficile congiuntura economica. Il Paese si trov\u00f2 ad affrontare, negli anni di Tangentopoli, una grave crisi politica e istituzionale.<\/p>\n<p style=\"font-size: 18px; line-height: 1.1;\">Pur operando in acque cos\u00ec agitate, con inchieste giudiziarie che coinvolsero alcune grandi imprese, Confindustria riusc\u00ec a mantenere la rotta, all'insegna di una linea di condotta non corporativa e aperta al confronto con la societ\u00e0 civile, sostenendo lo sforzo delle imprese italiane per aumentare i loro livelli di competitivit\u00e0 e impegnandosi nell'ambito della concertazione con Governo e Sindacati che port\u00f2 all'Accordo del luglio 1993 sulla politica dei redditi.<\/p>\n\n<\/div>\n<\/div>[\/et_pb_tab][et_pb_tab title=\"\u2b24 2001-2015\" _builder_version=\"4.27.4\" _module_preset=\"default\" tab_text_color=\"#FFFFFF\" tab_font_size=\"16px\" background_color=\"#2c2c2c\" background_enable_color=\"on\" custom_css_after=\"||  border: 0;||\" custom_css_free_form=\"||\" global_colors_info=\"{}\"]<div style=\"display: flex; background-color: #2c2c2c; color: white; padding: 5%; gap: 20px; flex-wrap: wrap;\">\n\n<!-- Colonna sinistra -->\n<div style=\"flex: 1 1 300px;\">\n<div style=\"color: rgba(123, 178, 214, 1); font-size: 36px; font-weight: bold; line-height: 1.1;\">2001<\/div>\n<div style=\"color: rgba(123, 178, 214, 1); font-size: 36px; font-weight: bold; margin-bottom: 30px;\">2015<\/div>\n<h2 style=\"margin-top: 10px; color: rgba(255, 255, 255, 1); font-size: 36px;\">L'era della globalizzazione<\/h2>\n<p style=\"font-size: 18px; line-height: 1.1;\">L'inizio del nuovo millennio apre una fase in cui la globalizzazione e l'innovazione tecnologica accelerano trasformazioni profonde nel sistema produttivo, imponendo alle imprese italiane una visione sempre pi\u00f9 proiettata verso i mercati internazionali. In questo contesto, Confindustria assume un ruolo attivo nel promuovere competitivit\u00e0, innovazione e apertura, sostenendo la necessit\u00e0 di semplificare regole, attrarre investimenti e rafforzare la presenza del manifatturiero italiano nel mondo.<\/p>\n<p style=\"font-size: 18px; line-height: 1.1;\">Sotto la presidenza di Antonio D'Amato (2000\u20132004), con la direzione di Stefano Parisi, l'azione confederale si concentra su rilancio del Mezzogiorno, riforma del mercato del lavoro e sostegno a una cultura imprenditoriale moderna. Il quadro europeo si consolida con l'introduzione dell'euro, mentre crescono le pressioni globali derivanti dall'apertura dei mercati e dalla crescente concorrenza internazionale.<\/p>\n<p style=\"font-size: 18px; line-height: 1.1;\">Nel 2004, Luca Cordero di Montezemolo viene chiamato alla guida dell'Associazione. Il suo mandato segna un rafforzamento dell'identit\u00e0 pubblica e culturale di Confindustria, che si fa promotrice di una nuova attenzione al rispetto delle regole, alla tutela della propriet\u00e0 intellettuale, alla flessibilit\u00e0 e agli investimenti in formazione e ricerca.<\/p>\n<p style=\"font-size: 18px; line-height: 1.1;\">Sotto la direzione di Maurizio Beretta l'Associazione accresce la propensione all'internazionalizzazione e la valorizzazione del made in Italy, considerate pilastri imprescindibili per un'Italia capace di competere nel nuovo scenario globale.<\/p>\n<p style=\"font-size: 18px; line-height: 1.1;\">Ma nel 2007, i segnali di una crisi finanziaria profonda iniziano a manifestarsi. L'esplosione della bolla dei mutui subprime negli Stati Uniti innesca una catena di eventi che travolge le economie occidentali, colpendo duramente anche l'Italia. Il crollo della fiducia sui mercati, la contrazione del credito e la crisi della domanda si traducono in un pesante rallentamento industriale.<\/p>\n\n<\/div>\n<!-- Colonna destra -->\n<div style=\"flex: 1 1 300px;\">\n<div style=\"color: #2c2c2c; font-size: 36px; font-weight: bold; line-height: 1.1; -webkit-user-select: none; -moz-user-select: none; -ms-user-select: none; user-select: none;\">1<\/div>\n<div style=\"color: #2c2c2c; font-size: 36px; font-weight: bold; margin-bottom: 30px; -webkit-user-select: none; -moz-user-select: none; -ms-user-select: none; user-select: none;\">1<\/div>\n<h2 style=\"margin-top: 10px; color: #2c2c2c; font-size: 36px; -webkit-user-select: none; -moz-user-select: none; -ms-user-select: none; user-select: none;\">1<\/h2>\n<p style=\"font-size: 18px; line-height: 1.1;\">\u00c8 in questo clima che Emma Marcegaglia, assume la presidenza nel 2008, prima donna al vertice di Confindustria, affiancata da Giampaolo Galli come Direttore Generale. Il sistema industriale, gi\u00e0 fragile, viene investito da un'ondata recessiva che mette a rischio occupazione e investimenti.<\/p>\n<p style=\"font-size: 18px; line-height: 1.1;\">Confindustria in questi anni non smette di promuovere una cultura della condivisione nelle imprese, ponendo al centro del confronto tra le parti sociali il binomio produttivit\u00e0\u2013salari, e rilanciando il dialogo con il sindacato per affrontare insieme una delle fasi pi\u00f9 difficili della storia economica recente.<\/p>\n<p style=\"font-size: 18px; line-height: 1.1;\">Nel 2012 la guida dell'Associazione passa a Giorgio Squinzi che nomina Direttore Generale della Confederazione Marcella Panucci, prima donna a ricoprire tale ruolo. Il contesto resta critico: l'Italia attraversa una nuova fase di instabilit\u00e0 politica e la crisi economica assume tratti strutturali sotto il gravame del debito pubblico.<\/p>\n<p style=\"font-size: 18px; line-height: 1.1;\">La priorit\u00e0 diventa difendere il sistema manifatturiero, combattere la \"cultura anti-impresa\" e rilanciare un Industrial Compact europeo capace di sostenere la produzione e l'occupazione.<\/p>\n<p style=\"font-size: 18px; line-height: 1.1;\">Confindustria si impegna anche sul fronte interno con una profonda riforma del sistema associativo: una Commissione, presieduta da Carlo Pesenti, avvia un processo che culmina con l'approvazione del nuovo assetto organizzativo nel 2013. La Confederazione cerca cos\u00ec di riproporre la propria capacit\u00e0 di adattarsi riaffermando il principio della rappresentanza come leva strategica per lo sviluppo del Paese.<\/p>\n\n<\/div>\n<\/div>[\/et_pb_tab][et_pb_tab title=\"\u2b24 2016-2024\" _builder_version=\"4.27.4\" _module_preset=\"default\" tab_text_color=\"#FFFFFF\" tab_font_size=\"16px\" background_color=\"#2c2c2c\" background_enable_color=\"on\" custom_css_after=\"||  border: 0;||\" custom_css_free_form=\"||\" global_colors_info=\"{}\"]<div style=\"display: flex; background-color: #2c2c2c; color: white; padding: 5%; gap: 20px; flex-wrap: wrap;\">\n\n<!-- Colonna sinistra -->\n<div style=\"flex: 1 1 300px;\">\n<div style=\"color: rgba(123, 178, 214, 1); font-size: 36px; font-weight: bold; line-height: 1.1;\">2016<\/div>\n<div style=\"color: rgba(123, 178, 214, 1); font-size: 36px; font-weight: bold; margin-bottom: 30px;\">2024<\/div>\n<h2 style=\"margin-top: 10px; color: rgba(255, 255, 255, 1); font-size: 36px;\">L'era delle sfide globali<\/h2>\n<p style=\"font-size: 18px; line-height: 1.1;\">A maggio 2016 Vincenzo Boccia, imprenditore salernitano con una lunga esperienza nel sistema associativo, venne eletto Presidente di Confindustria. La sua presidenza si inser\u00ec in un contesto economico caratterizzato da una lenta ripresa post-crisi, con l'Italia che mostrava segnali di crescita inferiori rispetto ad altri Paesi europei e alle economie emergenti.<\/p>\n<p style=\"font-size: 18px; line-height: 1.1;\">Nel quadriennio di presidenza Boccia, Confindustria continu\u00f2 ad enfatizzare la centralit\u00e0 dell'industria come motore per superare la stagnazione economica, promuovendo iniziative volte a rafforzare la competitivit\u00e0 del sistema produttivo italiano.<\/p>\n<p style=\"font-size: 18px; line-height: 1.1;\">Tra queste, l'implementazione del piano \"Industria 4.0\" e la sottoscrizione del \"Patto per la Fabbrica\" con le organizzazioni sindacali, mirato a rilanciare la produttivit\u00e0 attraverso la condivisione di obiettivi tra imprese e lavoratori.<\/p>\n<p style=\"font-size: 18px; line-height: 1.1;\">Segnarono un momento particolarmente significativo anche le Assise Generali di Verona del 16 febbraio 2018, durante le quali Confindustria present\u00f2 un articolato programma di politica industriale, sottolineando l'importanza di un'azione concertata tra istituzioni e imprese per affrontare le sfide della globalizzazione e dell'innovazione tecnologica.<\/p>\n\n<\/div>\n<!-- Colonna destra -->\n<div style=\"flex: 1 1 300px;\">\n<div style=\"color: #2c2c2c; font-size: 36px; font-weight: bold; line-height: 1.1; -webkit-user-select: none; -moz-user-select: none; -ms-user-select: none; user-select: none;\">1<\/div>\n<div style=\"color: #2c2c2c; font-size: 36px; font-weight: bold; margin-bottom: 30px; -webkit-user-select: none; -moz-user-select: none; -ms-user-select: none; user-select: none;\">1<\/div>\n<h2 style=\"margin-top: 10px; color: #2c2c2c; font-size: 36px; -webkit-user-select: none; -moz-user-select: none; -ms-user-select: none; user-select: none;\">1<\/h2>\n<p style=\"font-size: 18px; line-height: 1.1;\">Nel maggio 2020, in un periodo segnato dall'emergenza sanitaria globale causata dalla pandemia di COVID-19, la Presidenza di Confindustria pass\u00f2 a Carlo Bonomi. La sua elezione avvenne attraverso una votazione telematica, riflettendo le restrizioni imposte dalla crisi sanitaria.<\/p>\n<p style=\"font-size: 18px; line-height: 1.1;\">Bonomi assunse la guida dell'organizzazione in un momento di profonda incertezza economica, con l'industria italiana colpita duramente dalla crisi sanitaria prima e da una serie di ulteriori crisi connesse poi, dalla logistica internazionale, all'impennata inflazionistica, all'energia.<\/p>\n<p style=\"font-size: 18px; line-height: 1.1;\">Nel quadriennio la direzione generale dell'organizzazione vide l'avvicendamento di Francesca Mariotti, in carica dal luglio 2020, e Raffaele Langella, nominato nell'ottobre 2023.<\/p>\n<p style=\"font-size: 18px; line-height: 1.1;\">La presidenza Bonomi fu caratterizzata dall'impegno nel sollecitare interventi rapidi e decisi da parte delle istituzioni, sottolineando la necessit\u00e0 di una politica industriale efficace e di un sostegno concreto alle imprese per affrontare sfide di portata epocale.<\/p>\n<p style=\"font-size: 18px; line-height: 1.1;\">Al tempo stesso Confindustria si impegn\u00f2 attivamente nel contrasto alla pandemia, con un ingaggio concreto e al fianco dei cittadini nella campagna vaccinale e nel dialogo con il governo per l'elaborazione e l'attuazione del Piano Nazionale di Ripresa e Resilienza (PNRR), evidenziando l'urgenza di riforme strutturali in ambiti chiave quali il fisco, il lavoro e la pubblica amministrazione.<\/p>\n\n<\/div>\n<\/div>[\/et_pb_tab][\/et_pb_tabs][\/et_pb_column][\/et_pb_row][\/et_pb_section][et_pb_section fb_built=\"1\" _builder_version=\"4.27.4\" _module_preset=\"default\" custom_margin=\"0px|0px|0px|0px|false|false\" custom_padding=\"0px|0px|0px|0px|false|false\" global_colors_info=\"{}\"][et_pb_row column_structure=\"1_2,1_4,1_4\" use_custom_gutter=\"on\" gutter_width=\"1\" make_equal=\"on\" _builder_version=\"4.27.4\" _module_preset=\"default\" width=\"100%\" max_width=\"100%\" custom_margin=\"0px|0px|0px|0px|false|false\" custom_padding=\"0px|0px|0px|0px|false|false\" locked=\"off\" global_colors_info=\"{}\"][et_pb_column type=\"1_2\" _builder_version=\"4.27.4\" _module_preset=\"default\" background_image=\"https:\/\/public.confindustria.it\/repository\/2025\/03\/28193840\/Screenshot-2025-03-21-at-12.14.00-2.png\" global_colors_info=\"{}\"][et_pb_blurb _builder_version=\"4.27.4\" _module_preset=\"default\" width=\"100%\" min_height=\"277px\" global_colors_info=\"{}\"][\/et_pb_blurb][et_pb_button button_url=\"@ET-DC@eyJkeW5hbWljIjp0cnVlLCJjb250ZW50IjoicG9zdF9saW5rX3VybF9wYWdlIiwic2V0dGluZ3MiOnsicG9zdF9pZCI6IjEzNzU2In19@\" button_text=\"Direttori\" _builder_version=\"4.27.4\" _dynamic_attributes=\"button_url\" _module_preset=\"default\" custom_button=\"on\" button_border_width=\"1px\" button_border_radius=\"25px\" button_icon=\"&#xf138;||fa||900\" button_on_hover=\"off\" background_layout=\"dark\" custom_margin=\"||44px|44px|false|false\" custom_padding=\"0px||0px||false|false\" button_border_width_tablet=\"1px\" button_border_width_phone=\"1px\" button_border_width_last_edited=\"on|desktop\" global_colors_info=\"{}\"][\/et_pb_button][et_pb_blurb _builder_version=\"4.27.4\" _module_preset=\"default\" global_colors_info=\"{}\"][\/et_pb_blurb][\/et_pb_column][et_pb_column type=\"1_4\" _builder_version=\"4.27.4\" _module_preset=\"default\" background_image=\"https:\/\/public.confindustria.it\/repository\/2025\/03\/29130600\/logo-animation-02-300x300.png\" global_colors_info=\"{}\"][et_pb_blurb _builder_version=\"4.27.4\" _module_preset=\"default\" width=\"100%\" min_height=\"277px\" global_colors_info=\"{}\"][\/et_pb_blurb][et_pb_button button_url=\"@ET-DC@eyJkeW5hbWljIjp0cnVlLCJjb250ZW50IjoicG9zdF9saW5rX3VybF9wYWdlIiwic2V0dGluZ3MiOnsicG9zdF9pZCI6IjExMDExIn19@\" button_text=\"Loghi storici\" _builder_version=\"4.27.4\" _dynamic_attributes=\"button_url\" _module_preset=\"default\" custom_button=\"on\" button_text_color=\"gcid-body-color\" button_border_width=\"1px\" button_border_radius=\"25px\" button_icon=\"&#xf138;||fa||900\" button_on_hover=\"off\" background_layout=\"dark\" custom_margin=\"||44px|44px|false|false\" custom_padding=\"0px||0px||false|false\" button_border_width_tablet=\"1px\" button_border_width_phone=\"1px\" button_border_width_last_edited=\"on|desktop\" global_colors_info=\"{%22gcid-body-color%22:%91%22button_text_color%22%93}\"][\/et_pb_button][et_pb_blurb _builder_version=\"4.27.4\" _module_preset=\"default\" global_colors_info=\"{}\"][\/et_pb_blurb][\/et_pb_column][et_pb_column type=\"1_4\" _builder_version=\"4.27.4\" _module_preset=\"default\" background_image=\"https:\/\/public.confindustria.it\/repository\/2025\/03\/29174621\/Screenshot-2025-03-29-alle-16.59.10.png\" background_position=\"top_center\" background_vertical_offset=\"22%\" global_colors_info=\"{}\"][et_pb_blurb _builder_version=\"4.27.4\" _module_preset=\"default\" min_height=\"277px\" custom_padding=\"|||0px||\" global_colors_info=\"{}\"][\/et_pb_blurb][et_pb_button button_url=\"@ET-DC@eyJkeW5hbWljIjp0cnVlLCJjb250ZW50IjoicG9zdF9saW5rX3VybF9wYWdlIiwic2V0dGluZ3MiOnsicG9zdF9pZCI6IjEwOTg3In19@\" button_text=\"Statuti storici\" _builder_version=\"4.27.4\" _dynamic_attributes=\"button_url\" _module_preset=\"default\" custom_button=\"on\" button_text_color=\"gcid-body-color\" button_bg_color=\"rgba(255,255,255,0.77)\" button_border_width=\"1px\" button_border_radius=\"25px\" button_icon=\"&#xf138;||fa||900\" button_on_hover=\"off\" background_layout=\"dark\" custom_margin=\"||44px|44px|false|false\" custom_padding=\"0px||0px||false|false\" button_border_width_tablet=\"1px\" button_border_width_phone=\"1px\" button_border_width_last_edited=\"on|desktop\" global_colors_info=\"{%22gcid-body-color%22:%91%22button_text_color%22%93}\"][\/et_pb_button][et_pb_blurb _builder_version=\"4.27.4\" _module_preset=\"default\" global_colors_info=\"{}\"][\/et_pb_blurb][\/et_pb_column][\/et_pb_row][et_pb_row column_structure=\"1_2,1_2\" use_custom_gutter=\"on\" gutter_width=\"1\" make_equal=\"on\" _builder_version=\"4.27.4\" _module_preset=\"default\" width=\"100%\" max_width=\"100%\" custom_margin=\"-4px|auto||auto||\" custom_padding=\"1px||0px|||\" locked=\"off\" global_colors_info=\"{}\"][et_pb_column type=\"1_2\" _builder_version=\"4.27.4\" _module_preset=\"default\" background_color=\"#0b1b4c\" background_image=\"https:\/\/public.confindustria.it\/repository\/2025\/03\/29163501\/Frame-164.png\" global_colors_info=\"{}\"][et_pb_image src=\"https:\/\/public.confindustria.it\/repository\/2025\/03\/29163501\/Frame-164.png\" title_text=\"archivio storico e biblioteca\" _builder_version=\"4.27.4\" _module_preset=\"default\" custom_margin=\"40px||40px||false|false\" global_colors_info=\"{}\"][\/et_pb_image][\/et_pb_column][et_pb_column type=\"1_2\" _builder_version=\"4.27.4\" _module_preset=\"default\" background_color=\"#110000\" background_image=\"https:\/\/public.confindustria.it\/repository\/2025\/03\/29164220\/archivo-ind.tessile.png\" filter_saturate=\"0%\" global_colors_info=\"{}\"][et_pb_button url_new_window=\"on\" button_text=\"Galleria fotografica storica\" button_alignment=\"center\" _builder_version=\"4.27.4\" _module_preset=\"default\" custom_button=\"on\" button_bg_color=\"rgba(10,10,10,0.4)\" button_border_width=\"1px\" button_border_radius=\"25px\" button_icon=\"&#xe046;||divi||400\" button_icon_color=\"#FFFFFF\" button_on_hover=\"off\" background_layout=\"dark\" custom_margin=\"100px||100px||false|false\" custom_padding=\"0px||0px||false|false\" button_border_width_tablet=\"1px\" button_border_width_phone=\"1px\" button_border_width_last_edited=\"on|desktop\" global_colors_info=\"{}\"][\/et_pb_button][\/et_pb_column][\/et_pb_row][\/et_pb_section][et_pb_section fb_built=\"1\" admin_label=\"section\" _builder_version=\"4.16\" global_module=\"3835\" global_colors_info=\"{}\"][et_pb_row column_structure=\"1_2,1_2\" custom_padding_last_edited=\"on|tablet\" _builder_version=\"4.27.4\" _module_preset=\"default\" width=\"90%\" max_width=\"1600px\" custom_padding=\"50px||50px||true|false\" custom_padding_tablet=\"40px||0px||false|false\" custom_padding_phone=\"40px||0px||false|false\" border_width_top=\"0.5px\" border_color_top=\"#b2b2b2\" border_width_bottom=\"0.5px\" border_color_bottom=\"#b2b2b2\" locked=\"off\" global_colors_info=\"{}\"][et_pb_column type=\"1_2\" _builder_version=\"4.27.4\" _module_preset=\"default\" custom_padding=\"61px||85px||false|false\" border_color_right=\"#b2b2b2\" global_colors_info=\"{}\"][et_pb_text _builder_version=\"4.27.4\" _module_preset=\"default\" header_text_color=\"#f7f7f7\" header_font_size=\"66px\" header_2_text_color=\"#1b315f\" header_2_font_size=\"40px\" max_width=\"600px\" custom_margin=\"8px||13px||false|false\" custom_padding=\"0px||||false|false\" header_2_font_size_tablet=\"40px\" header_2_font_size_phone=\"34px\" header_2_font_size_last_edited=\"on|phone\" locked=\"off\" global_colors_info=\"{}\"]<h2>Unisciti alla pi\u00f9 grande comunit\u00e0 di leader d\u2019impresa in Italia.<\/h2>[\/et_pb_text][et_pb_button button_url=\"@ET-DC@eyJkeW5hbWljIjp0cnVlLCJjb250ZW50IjoicG9zdF9saW5rX3VybF9wYWdlIiwic2V0dGluZ3MiOnsicG9zdF9pZCI6IjI1MDIifX0=@\" button_text=\"Associati a Confindustria\" button_alignment=\"left\" module_class=\"btn-only\" _builder_version=\"4.27.4\" _dynamic_attributes=\"button_url\" _module_preset=\"default\" custom_button=\"on\" button_text_size=\"27.4px\" button_text_color=\"#7bb2d6\" button_bg_color=\"RGBA(255,255,255,0)\" button_border_width=\"1px\" button_border_color=\"RGBA(255,255,255,0)\" button_border_radius=\"3px\" button_font=\"|600|||||||\" button_icon=\"&#x3d;||divi||400\" button_on_hover=\"off\" custom_padding=\"0px|38px|0px|0px|false|false\" custom_css_main_element=\"border-bottom: 1px solid rgba(123, 178, 214, 1) !important;||padding: 0px !important;\" custom_css_free_form=\".btn-only:hover{||  border-bottom: 1px solid #bcbcbc !important;||}\" locked=\"off\" global_colors_info=\"{}\" button_bg_color__hover_enabled=\"on|desktop\" button_border_width__hover_enabled=\"off|desktop\" button_border_width__hover=\"2px\" button_border_color__hover_enabled=\"on|desktop\" button_border_color__hover=\"RGBA(255,255,255,0)\" button_bg_color__hover=\"RGBA(255,255,255,0)\"][\/et_pb_button][\/et_pb_column][et_pb_column type=\"1_2\" _builder_version=\"4.27.4\" _module_preset=\"default\" global_colors_info=\"{}\"][et_pb_code _builder_version=\"4.27.4\" _module_preset=\"default\" custom_margin=\"0px|0px|0px|0px|false|false\" custom_padding=\"0px|0px|0px|0px|false|false\" locked=\"off\" global_colors_info=\"{}\"]<iframe border=\"0\" src=\"https:\/\/my.confindustria.it\/newsletter\" style=\"width: 100%; height: 250px; overflow: hidden;\"><!-- [et_pb_line_break_holder] -->  <!-- [et_pb_line_break_holder] --><\/iframe>[\/et_pb_code][\/et_pb_column][\/et_pb_row][\/et_pb_section]\n","innerContent":["\n[et_pb_section fb_built=\"1\" _builder_version=\"4.27.4\" _module_preset=\"default\" background_color=\"rgba(102,102,102,0.5)\" min_height=\"400px\" custom_margin=\"-120px||||false|false\" global_colors_info=\"{}\"][et_pb_row _builder_version=\"4.27.4\" _module_preset=\"default\" width=\"90%\" max_width=\"1600px\" custom_margin=\"70px||||false|false\" custom_margin_tablet=\"95px||||false|false\" custom_margin_phone=\"95px||||false|false\" custom_margin_last_edited=\"on|phone\" global_colors_info=\"{}\"][et_pb_column type=\"4_4\" _builder_version=\"4.27.4\" _module_preset=\"default\" global_colors_info=\"{}\"][et_pb_text _builder_version=\"4.27.4\" _module_preset=\"default\" header_font=\"|700|||||||\" background_layout=\"dark\" header_font_size_tablet=\"\" header_font_size_phone=\"50px\" header_font_size_last_edited=\"on|phone\" global_colors_info=\"{}\"]<h1>Presidenti storici\nConfindustria<\/h1>\n<a href=\"\/storia\"><span style=\"font-size: 40px; color: #ffff; text-decoration: none;\">\u2190<\/span><\/a>[\/et_pb_text][\/et_pb_column][\/et_pb_row][\/et_pb_section][et_pb_section fb_built=\"1\" _builder_version=\"4.27.4\" _module_preset=\"default\" background_color=\"gcid-bc5c564e-11e8-4ecf-8f7f-51e5af93c01d\" global_colors_info=\"{%22gcid-bc5c564e-11e8-4ecf-8f7f-51e5af93c01d%22:%91%22background_color%22%93}\"][et_pb_row column_structure=\"1_4,1_4,1_4,1_4\" make_equal=\"on\" _builder_version=\"4.27.4\" _module_preset=\"default\" width=\"90%\" max_width=\"1600px\" global_colors_info=\"{}\"][et_pb_column type=\"1_4\" _builder_version=\"4.27.4\" _module_preset=\"default\" custom_padding=\"|||10px|false|false\" custom_css_main_element=\"display: flex;||flex-direction: column;||\" border_width_left=\"1px\" global_colors_info=\"{}\"][et_pb_text admin_label=\"anno\" _builder_version=\"4.27.4\" _module_preset=\"default\" header_font=\"|700|||||||\" header_text_color=\"gcid-body-color\" header_font_size=\"71px\" global_colors_info=\"{%22gcid-body-color%22:%91%22header_text_color%22%93}\"]<h1>1910\u00a0 1913<\/h1>[\/et_pb_text][et_pb_divider show_divider=\"off\" admin_label=\"nome\" _builder_version=\"4.27.4\" _module_preset=\"default\" global_colors_info=\"{}\"][\/et_pb_divider][et_pb_text admin_label=\"divider\" _builder_version=\"4.27.4\" _module_preset=\"default\" header_font=\"|700|||||||\" header_text_color=\"#110000\" header_font_size=\"55px\" min_height=\"175px\" min_height_tablet=\"175px\" min_height_phone=\"175px\" min_height_last_edited=\"on|phone\" hover_enabled=\"0\" custom_css_free_form=\"||@media (min-width: 1101px){||  selector h1{||    font-size: 45px !important;||  }||}||||@media (min-width: 1400px){||  selector h1{||    font-size: 54px !important;||  }||}||||@media (max-width: 1100px){||  selector h1{||    font-size: 40px !important;||  }||}||||selector h1{||    word-wrap: normal;||    word-break: normal;||}\" global_colors_info=\"{}\" sticky_enabled=\"0\"]<h1>Luigi Bonnefon<\/h1>[\/et_pb_text][et_pb_text admin_label=\"vita\" _builder_version=\"4.27.4\" _module_preset=\"default\" global_colors_info=\"{}\"]<p>Nato ad Arles (Francia) nel 1873<br \/>Torinese di elezione, proviene da una solida dinastia industriale.<br \/>Fonda nel 1901 la ditta \"B. Craponne e Vigan\u00f2\", attiva nel settore tessile - serico, con diversi stabilimenti nei dintorni di Torino.<br \/>A Torino \u00e8 titolare di una casa bancaria e finanziaria.<br \/>Presidente dell'Associazione serica e bacologica del Piemonte e successivamente della Lega industriale di Torino.<\/p>[\/et_pb_text][et_pb_image src=\"https:\/\/public.confindustria.it\/repository\/2025\/03\/29192219\/Frame-159.png\" title_text=\"Frame 159\" admin_label=\"Image\" _builder_version=\"4.27.4\" _module_preset=\"default\" custom_css_main_element=\"margin-top: auto;\" global_colors_info=\"{}\"][\/et_pb_image][\/et_pb_column][et_pb_column type=\"1_4\" _builder_version=\"4.27.4\" _module_preset=\"default\" custom_padding=\"|||10px|false|false\" custom_css_main_element=\"display: flex;||flex-direction: column;||\" border_width_left=\"1px\" global_colors_info=\"{}\"][et_pb_text admin_label=\"anno\" _builder_version=\"4.27.4\" _module_preset=\"default\" header_font=\"|700|||||||\" header_text_color=\"gcid-body-color\" header_font_size=\"71px\" global_colors_info=\"{%22gcid-body-color%22:%91%22header_text_color%22%93}\"]<h1>1914\u00a0 1918<\/h1>[\/et_pb_text][et_pb_divider show_divider=\"off\" admin_label=\"nome\" _builder_version=\"4.27.4\" _module_preset=\"default\" global_colors_info=\"{}\"][\/et_pb_divider][et_pb_text admin_label=\"divider\" _builder_version=\"4.27.4\" _module_preset=\"default\" header_font=\"|700|||||||\" header_text_color=\"#110000\" header_font_size=\"55px\" min_height=\"175px\" min_height_tablet=\"175px\" min_height_phone=\"175px\" min_height_last_edited=\"on|phone\" custom_css_free_form=\"||@media (min-width: 1101px){||  selector h1{||    font-size: 45px !important;||  }||}||||@media (min-width: 1400px){||  selector h1{||    font-size: 54px !important;||  }||}||||@media (max-width: 1100px){||  selector h1{||    font-size: 40px !important;||  }||}||||selector h1{||    word-wrap: normal;||    word-break: normal;||}\" global_colors_info=\"{}\" sticky_enabled=\"0\"]<h1>Ferdinando Bocca<\/h1>[\/et_pb_text][et_pb_text admin_label=\"vita\" _builder_version=\"4.27.4\" _module_preset=\"default\" global_colors_info=\"{}\"]Nato a Torino nel 1870. Collabora con il padre Andrea nella sua antica azienda conciaria.\nFonda nel 1905 la Societ\u00e0 anonima Concerie italiane riunite - SACIR, di cui \u00e8 Presidente dalla sua fondazione.\nLegato da amicizia con il sindaco di Torino, Teofilo Rossi, promuove, con questi, la grande esposizione internazionale di Torino del 1911.\nIn seguito animatore dell'altra grande esposizione torinese del 1928.\nA Torino, consigliere comunale e Presidente della Camera di Commercio.[\/et_pb_text][et_pb_image src=\"https:\/\/public.confindustria.it\/repository\/2025\/04\/04173729\/Property-1Frame-174.png\" title_text=\"Bocca\" admin_label=\"Image\" _builder_version=\"4.27.4\" _module_preset=\"default\" custom_css_main_element=\"margin-top: auto;\" global_colors_info=\"{}\"][\/et_pb_image][\/et_pb_column][et_pb_column type=\"1_4\" _builder_version=\"4.27.4\" _module_preset=\"default\" custom_padding=\"|||10px|false|false\" custom_css_main_element=\"display: flex;||flex-direction: column;||||\" border_width_left=\"1px\" global_colors_info=\"{}\"][et_pb_text admin_label=\"anno\" _builder_version=\"4.27.4\" _module_preset=\"default\" header_font=\"|700|||||||\" header_text_color=\"gcid-body-color\" header_font_size=\"71px\" global_colors_info=\"{%22gcid-body-color%22:%91%22header_text_color%22%93}\"]<h1>1919\u00a0 1919<\/h1>[\/et_pb_text][et_pb_divider show_divider=\"off\" admin_label=\"nome\" _builder_version=\"4.27.4\" _module_preset=\"default\" global_colors_info=\"{}\"][\/et_pb_divider][et_pb_text admin_label=\"divider\" _builder_version=\"4.27.4\" _module_preset=\"default\" header_font=\"|700|||||||\" header_text_color=\"#110000\" header_font_size=\"55px\" min_height=\"175px\" min_height_tablet=\"175px\" min_height_phone=\"175px\" min_height_last_edited=\"on|phone\" custom_css_free_form=\"||@media (min-width: 1101px){||  selector h1{||    font-size: 45px !important;||  }||}||||@media (min-width: 1400px){||  selector h1{||    font-size: 54px !important;||  }||}||||@media (max-width: 1100px){||  selector h1{||    font-size: 40px !important;||  }||}||||selector h1{||    word-wrap: normal;||    word-break: normal;||}\" global_colors_info=\"{}\"]<h1>Dante Ferraris<\/h1>[\/et_pb_text][et_pb_text admin_label=\"vita\" _builder_version=\"4.27.4\" _module_preset=\"default\" global_colors_info=\"{}\"]Nato a Viarigi (Asti) il 7 giugno 1868.\nEntra nella vita industriale nel 1893 a Torino.\nInizia la sua carriera nella Diatto Automobili, prima come direttore, poi come amministratore delegato.\nFonda le Industrie Metallurgiche, delle quali \u00e8 anche Presidente; le Officine Meccaniche Napoletane per il materiale ferroviario; la Societ\u00e0 Proiettili; il Gruppo Industriale Piemontese per il materiale d'artiglieria.\nSenatore del Regno dal 1919.\nMinistro dell'industria commercio e lavoro con Francesco Saverio Nitti dal 23 giugno 1919 al 21 maggio 1920.[\/et_pb_text][et_pb_image src=\"https:\/\/public.confindustria.it\/repository\/2025\/05\/08092054\/Property-1Frame-179.png\" title_text=\"Property 1=Frame 179\" admin_label=\"Image\" _builder_version=\"4.27.4\" _module_preset=\"default\" custom_css_main_element=\"margin-top: auto;\" global_colors_info=\"{}\"][\/et_pb_image][\/et_pb_column][et_pb_column type=\"1_4\" _builder_version=\"4.27.4\" _module_preset=\"default\" custom_padding=\"|||10px|false|false\" custom_css_main_element=\"display: flex;||flex-direction: column;||||\" border_width_left=\"1px\" global_colors_info=\"{}\"][et_pb_text admin_label=\"anno\" _builder_version=\"4.27.4\" _module_preset=\"default\" text_text_color=\"gcid-body-color\" header_font=\"|700|||||||\" header_text_color=\"gcid-body-color\" header_font_size=\"71px\" global_colors_info=\"{%22gcid-body-color%22:%91%22text_text_color%22,%22header_text_color%22%93}\"]<h1>1910\u00a0 1913<\/h1>[\/et_pb_text][et_pb_divider show_divider=\"off\" admin_label=\"nome\" _builder_version=\"4.27.4\" _module_preset=\"default\" global_colors_info=\"{}\"][\/et_pb_divider][et_pb_text admin_label=\"divider\" _builder_version=\"4.27.4\" _module_preset=\"default\" header_font=\"|700|||||||\" header_text_color=\"#110000\" header_font_size=\"55px\" min_height=\"175px\" min_height_tablet=\"175px\" min_height_phone=\"175px\" min_height_last_edited=\"on|phone\" custom_css_free_form=\"||@media (min-width: 1101px){||  selector h1{||    font-size: 45px !important;||  }||}||||@media (min-width: 1400px){||  selector h1{||    font-size: 54px !important;||  }||}||||@media (max-width: 1100px){||  selector h1{||    font-size: 40px !important;||  }||}||||selector h1{||    word-wrap: normal;||    word-break: normal;||}\" global_colors_info=\"{}\"]<h1>Giovan Battista Pirelli<\/h1>[\/et_pb_text][et_pb_text admin_label=\"vita\" _builder_version=\"4.27.4\" _module_preset=\"default\" global_colors_info=\"{}\"]<p>Nato a Varenna (Como) il 27 dicembre 1848.Laureato in ingegneria.Fonda a Milano nel 1872 uno stabilimento per la lavorazione della gomma che si sviluppa rapidamente cos\u00ec da divenire il nucleo di una grande organizzazione industriale.<br \/>Inizia nel 1880 la fabbricazione dei conduttori elettrici isolati, quindi dei cavi per telecomunicazioni e dei pneumatici.<br \/>Fonda in Italia l'industria del linoleum.<br \/>Senatore del Regno dal 1909<\/p>[\/et_pb_text][et_pb_image src=\"https:\/\/public.confindustria.it\/repository\/2025\/04\/07123646\/Property-1Frame-176.png\" title_text=\"giovan-battista-pirelli\" admin_label=\"Image\" _builder_version=\"4.27.4\" _module_preset=\"default\" custom_css_main_element=\"margin-top: auto;\" global_colors_info=\"{}\"][\/et_pb_image][\/et_pb_column][\/et_pb_row][et_pb_row _builder_version=\"4.27.4\" _module_preset=\"default\" width=\"90%\" max_width=\"1600px\" global_colors_info=\"{}\"][et_pb_column type=\"4_4\" _builder_version=\"4.27.4\" _module_preset=\"default\" global_colors_info=\"{}\"][et_pb_divider _builder_version=\"4.27.4\" _module_preset=\"default\" global_colors_info=\"{}\"][\/et_pb_divider][\/et_pb_column][\/et_pb_row][et_pb_row column_structure=\"1_4,1_4,1_4,1_4\" make_equal=\"on\" _builder_version=\"4.27.4\" _module_preset=\"default\" width=\"90%\" max_width=\"1600px\" global_colors_info=\"{}\"][et_pb_column type=\"1_4\" _builder_version=\"4.27.4\" _module_preset=\"default\" custom_padding=\"|||10px|false|false\" custom_css_main_element=\"display: flex;||flex-direction: column;||\" border_width_left=\"1px\" global_colors_info=\"{}\"][et_pb_text admin_label=\"anno\" _builder_version=\"4.27.4\" _module_preset=\"default\" header_font=\"|700|||||||\" header_text_color=\"gcid-body-color\" header_font_size=\"71px\" global_colors_info=\"{%22gcid-body-color%22:%91%22header_text_color%22%93}\"]<h1>1919 1920<\/h1>[\/et_pb_text][et_pb_divider show_divider=\"off\" admin_label=\"nome\" _builder_version=\"4.27.4\" _module_preset=\"default\" global_colors_info=\"{}\"][\/et_pb_divider][et_pb_text admin_label=\"divider\" _builder_version=\"4.27.4\" _module_preset=\"default\" header_font=\"|700|||||||\" header_text_color=\"#110000\" header_font_size=\"55px\" min_height=\"175px\" min_height_tablet=\"175px\" min_height_phone=\"175px\" min_height_last_edited=\"on|phone\" global_colors_info=\"{}\" custom_css_free_form=\"||@media (min-width: 1101px){||  selector h1{||    font-size: 45px !important;||  }||}||||@media (min-width: 1400px){||  selector h1{||    font-size: 54px !important;||  }||}||||@media (max-width: 1100px){||  selector h1{||    font-size: 40px !important;||  }||}||||selector h1{||    word-wrap: normal;||    word-break: normal;||}\"]<h1>Giovanni Silvestri<\/h1>[\/et_pb_text][et_pb_text admin_label=\"vita\" _builder_version=\"4.27.4\" _module_preset=\"default\" global_colors_info=\"{}\"]Nato a Genova il 24 ottobre 1858. \u00c9 un pioniere dell'industria meccanica italiana. Fonda l'azienda che dopo varie trasformazioni assume il nome di Officine Meccaniche gi\u00e0 Miani e Silvestri &amp; C. Grondone, Comi &amp; C., comincia a dedicare la sua attivit\u00e0 all'azienda nel 1885, divenendone poi Presidente.\nPresidente della Commissione esecutiva e del Comitato nazionale per le esposizioni ed esportazioni italiane all'estero. Presidente dell'Assonime. Esperto di industria, presta la sua opera a trattative doganali interessanti l'Italia. Senatore del Regno dal 1924.[\/et_pb_text][et_pb_image src=\"https:\/\/public.confindustria.it\/repository\/2025\/04\/07125521\/Property-1Frame-177.png\" title_text=\"giovanni-silvestri\" admin_label=\"Image\" _builder_version=\"4.27.4\" _module_preset=\"default\" custom_css_main_element=\"margin-top: auto;\" global_colors_info=\"{}\"][\/et_pb_image][\/et_pb_column][et_pb_column type=\"1_4\" _builder_version=\"4.27.4\" _module_preset=\"default\" custom_padding=\"|||10px|false|false\" custom_css_main_element=\"display: flex;||flex-direction: column;||\" border_width_left=\"1px\" global_colors_info=\"{}\"][et_pb_text admin_label=\"anno\" _builder_version=\"4.27.4\" _module_preset=\"default\" header_font=\"|700|||||||\" header_text_color=\"gcid-body-color\" header_font_size=\"71px\" global_colors_info=\"{%22gcid-body-color%22:%91%22header_text_color%22%93}\"]<h1>1920 1921<\/h1>[\/et_pb_text][et_pb_divider show_divider=\"off\" admin_label=\"nome\" _builder_version=\"4.27.4\" _module_preset=\"default\" global_colors_info=\"{}\"][\/et_pb_divider][et_pb_text admin_label=\"divider\" _builder_version=\"4.27.4\" _module_preset=\"default\" header_font=\"|700|||||||\" header_text_color=\"#110000\" header_font_size=\"55px\" min_height=\"175px\" min_height_tablet=\"175px\" min_height_phone=\"175px\" min_height_last_edited=\"on|phone\" global_colors_info=\"{}\" custom_css_free_form=\"||@media (min-width: 1101px){||  selector h1{||    font-size: 45px !important;||  }||}||||@media (min-width: 1400px){||  selector h1{||    font-size: 54px !important;||  }||}||||@media (max-width: 1100px){||  selector h1{||    font-size: 40px !important;||  }||}||||selector h1{||    word-wrap: normal;||    word-break: normal;||}\"]<h1>Ettore<\/h1>\n<h1>Conti<\/h1>[\/et_pb_text][et_pb_text admin_label=\"vita\" _builder_version=\"4.27.4\" _module_preset=\"default\" global_colors_info=\"{}\"]<p>Nato a Milano il 24 aprile 1871.<br \/>Pioniere delle applicazioni elettriche e dello sfruttamento delle forze idrauliche in Italia, fonda e presiede molte fra le maggiori societ\u00e0 industriali e finanziarie della prima met\u00e0 del '900: la Societ\u00e0 Imprese Elettriche Conti, la Societ\u00e0 Idroelettrica Ligure, l'Unione Esercizi Elettrici, la Societ\u00e0 Elettrica Riviera di Ponente, la Societ\u00e0 Pavese di Elettricit\u00e0 A. Volta, le Officine Elettriche di Novara, la Societ\u00e0 Orobia per gas e elettricit\u00e0, la Societ\u00e0 Elettrica Piemonte Orientale, la Societ\u00e0 Idroelettrica Piemonte, la Societ\u00e0 Nazionale per lo Sviluppo delle imprese Elettriche, la Societ\u00e0 Generale Elettrica dell'Adamello.<br \/>Presidente dell'Assonime e della Banca Commerciale. Senatore del Regno dal 1919.<\/p>[\/et_pb_text][et_pb_image src=\"https:\/\/public.confindustria.it\/repository\/2025\/04\/07125941\/Property-1Frame-178.png\" alt=\"Ettore Conti\" title_text=\"ettore-conti\" admin_label=\"Image\" _builder_version=\"4.27.4\" _module_preset=\"default\" custom_css_main_element=\"margin-top: auto;\" global_colors_info=\"{}\"][\/et_pb_image][\/et_pb_column][et_pb_column type=\"1_4\" _builder_version=\"4.27.4\" _module_preset=\"default\" custom_padding=\"|||10px|false|false\" custom_css_main_element=\"display: flex;||flex-direction: column;||\" border_width_left=\"1px\" global_colors_info=\"{}\"][et_pb_text admin_label=\"anno\" _builder_version=\"4.27.4\" _module_preset=\"default\" header_font=\"|700|||||||\" header_text_color=\"gcid-body-color\" header_font_size=\"71px\" global_colors_info=\"{%22gcid-body-color%22:%91%22header_text_color%22%93}\"]<h1>1922\u00a0 1923<\/h1>[\/et_pb_text][et_pb_divider show_divider=\"off\" admin_label=\"nome\" _builder_version=\"4.27.4\" _module_preset=\"default\" global_colors_info=\"{}\"][\/et_pb_divider][et_pb_text admin_label=\"divider\" _builder_version=\"4.27.4\" _module_preset=\"default\" header_font=\"|700|||||||\" header_text_color=\"#110000\" header_font_size=\"55px\" min_height=\"175px\" min_height_tablet=\"175px\" min_height_phone=\"175px\" min_height_last_edited=\"on|phone\" global_colors_info=\"{}\" custom_css_free_form=\"||@media (min-width: 1101px){||  selector h1{||    font-size: 45px !important;||  }||}||||@media (min-width: 1400px){||  selector h1{||    font-size: 54px !important;||  }||}||||@media (max-width: 1100px){||  selector h1{||    font-size: 40px !important;||  }||}||||selector h1{||    word-wrap: normal;||    word-break: normal;||}\"]<h1>Raimondo Targetti<\/h1>[\/et_pb_text][et_pb_text admin_label=\"vita\" _builder_version=\"4.27.4\" _module_preset=\"default\" global_colors_info=\"{}\"]Nato a Firenze l'8 novembre 1869.\nFonda il Lanificio Nazionale Targetti, contribuisce allo sviluppo ed al crescente affermarsi in Italia ed all'estero dell'industria della lana. \nNel 1907 \u00e8 chiamato a far parte della Commissione reale per lo studio del regime economico-doganale e dei trattati di commercio, e ne \u00e8 il relatore per la categoria della lana. \nSenatore del Regno dal 1939.[\/et_pb_text][et_pb_image src=\"https:\/\/public.confindustria.it\/repository\/2025\/04\/07130141\/Property-1Frame-179.png\" alt=\"Raimondo Targetti\" title_text=\"raimondo-targetti\" admin_label=\"Image\" _builder_version=\"4.27.4\" _module_preset=\"default\" custom_css_main_element=\"margin-top: auto;\" global_colors_info=\"{}\"][\/et_pb_image][\/et_pb_column][et_pb_column type=\"1_4\" _builder_version=\"4.27.4\" _module_preset=\"default\" custom_padding=\"|||10px|false|false\" custom_css_main_element=\"display: flex;||flex-direction: column;||\" border_width_left=\"1px\" global_colors_info=\"{}\"][et_pb_text admin_label=\"anno\" _builder_version=\"4.27.4\" _module_preset=\"default\" text_text_color=\"gcid-body-color\" header_font=\"|700|||||||\" header_text_color=\"gcid-body-color\" header_font_size=\"71px\" global_colors_info=\"{%22gcid-body-color%22:%91%22text_text_color%22,%22header_text_color%22%93}\"]<h1>1923\u00a0 1934<\/h1>[\/et_pb_text][et_pb_divider show_divider=\"off\" admin_label=\"nome\" _builder_version=\"4.27.4\" _module_preset=\"default\" global_colors_info=\"{}\"][\/et_pb_divider][et_pb_text admin_label=\"divider\" _builder_version=\"4.27.4\" _module_preset=\"default\" header_font=\"|700|||||||\" header_text_color=\"#110000\" header_font_size=\"55px\" min_height=\"175px\" min_height_tablet=\"175px\" min_height_phone=\"175px\" min_height_last_edited=\"on|phone\" global_colors_info=\"{}\" custom_css_free_form=\"||@media (min-width: 1101px){||  selector h1{||    font-size: 45px !important;||  }||}||||@media (min-width: 1400px){||  selector h1{||    font-size: 54px !important;||  }||}||||@media (max-width: 1100px){||  selector h1{||    font-size: 40px !important;||  }||}||||selector h1{||    word-wrap: normal;||    word-break: normal;||}\"]<h1>Antonio Stefano Benni<\/h1>[\/et_pb_text][et_pb_text admin_label=\"vita\" _builder_version=\"4.27.4\" _module_preset=\"default\" global_colors_info=\"{}\"]Nato a Cuneo il 18 aprile 1880.\nInsieme ad Ercole Marelli, contribuisce a creare la Societ\u00e0 Ercole Marelli & C. per la costruzione di macchinario elettrico e ne diventa, in seguito, Presidente.\nOccupa numerose cariche in societ\u00e0 industriali, bancarie e commerciali.\nMembro del Consiglio superiore dell'economia e del lavoro.\nDeputato dal 1921, ministro delle comunicazioni dal gennaio 1935 all'ottobre 1939.[\/et_pb_text][et_pb_image src=\"https:\/\/public.confindustria.it\/repository\/2025\/04\/07130652\/Property-1Frame-180.png\" alt=\"Antonio Stefano Benni\" title_text=\"antonio-stefano-benni\" admin_label=\"Image\" _builder_version=\"4.27.4\" _module_preset=\"default\" custom_css_main_element=\"margin-top: auto;\" global_colors_info=\"{}\"][\/et_pb_image][\/et_pb_column][\/et_pb_row][et_pb_row _builder_version=\"4.27.4\" _module_preset=\"default\" width=\"90%\" max_width=\"1600px\" global_colors_info=\"{}\"][et_pb_column type=\"4_4\" _builder_version=\"4.27.4\" _module_preset=\"default\" global_colors_info=\"{}\"][et_pb_divider _builder_version=\"4.27.4\" _module_preset=\"default\" global_colors_info=\"{}\"][\/et_pb_divider][\/et_pb_column][\/et_pb_row][et_pb_row column_structure=\"1_4,1_4,1_4,1_4\" make_equal=\"on\" _builder_version=\"4.27.4\" _module_preset=\"default\" width=\"90%\" max_width=\"1600px\" global_colors_info=\"{}\"][et_pb_column type=\"1_4\" _builder_version=\"4.27.4\" _module_preset=\"default\" custom_padding=\"|||10px|false|false\" custom_css_main_element=\"display: flex;||flex-direction: column;\" border_width_left=\"1px\" global_colors_info=\"{}\"][et_pb_text admin_label=\"anno\" _builder_version=\"4.27.4\" _module_preset=\"default\" header_font=\"|700|||||||\" header_text_color=\"gcid-body-color\" header_font_size=\"71px\" global_colors_info=\"{%22gcid-body-color%22:%91%22header_text_color%22%93}\"]<h1>1934 1934<\/h1>[\/et_pb_text][et_pb_divider show_divider=\"off\" admin_label=\"nome\" _builder_version=\"4.27.4\" _module_preset=\"default\" global_colors_info=\"{}\"][\/et_pb_divider][et_pb_text admin_label=\"divider\" _builder_version=\"4.27.4\" _module_preset=\"default\" header_font=\"|700|||||||\" header_text_color=\"#110000\" header_font_size=\"55px\" min_height=\"175px\" min_height_tablet=\"175px\" min_height_phone=\"175px\" min_height_last_edited=\"on|phone\" global_colors_info=\"{}\" custom_css_free_form=\"||@media (min-width: 1101px){||  selector h1{||    font-size: 45px !important;||  }||}||||@media (min-width: 1400px){||  selector h1{||    font-size: 54px !important;||  }||}||||@media (max-width: 1100px){||  selector h1{||    font-size: 40px !important;||  }||}||||selector h1{||    word-wrap: normal;||    word-break: normal;||}\"]<h1>Alberto Pirelli\u00a0<\/h1>[\/et_pb_text][et_pb_text admin_label=\"vita\" _builder_version=\"4.27.4\" _module_preset=\"default\" global_colors_info=\"{}\"]Nato a Genova il 24 ottobre 1858. \u00c9 un pioniere dell'industria meccanica italiana. Fonda l'azienda che dopo varie trasformazioni assume il nome di Officine Meccaniche gi\u00e0 Miani e Silvestri &amp; C. Grondone, Comi &amp; C., comincia a dedicare la sua attivit\u00e0 all'azienda nel 1885, divenendone poi Presidente.\nPresidente della Commissione esecutiva e del Comitato nazionale per le esposizioni ed esportazioni italiane all'estero. Presidente dell'Assonime. Esperto di industria, presta la sua opera a trattative doganali interessanti l'Italia. Senatore del Regno dal 1924.[\/et_pb_text][et_pb_image src=\"https:\/\/public.confindustria.it\/repository\/2025\/04\/07135158\/Property-1Frame-181.png\" alt=\"Alberto Pirelli\" title_text=\"alberto-pirelli\" admin_label=\"Image\" _builder_version=\"4.27.4\" _module_preset=\"default\" custom_css_main_element=\"margin-top: auto;\" global_colors_info=\"{}\"][\/et_pb_image][\/et_pb_column][et_pb_column type=\"1_4\" _builder_version=\"4.27.4\" _module_preset=\"default\" custom_padding=\"|||10px|false|false\" custom_css_main_element=\"display: flex;||flex-direction: column;\" border_width_left=\"1px\" global_colors_info=\"{}\"][et_pb_text admin_label=\"anno\" _builder_version=\"4.27.4\" _module_preset=\"default\" header_font=\"|700|||||||\" header_text_color=\"gcid-body-color\" header_font_size=\"71px\" global_colors_info=\"{%22gcid-body-color%22:%91%22header_text_color%22%93}\"]<h1>1934 1943<\/h1>[\/et_pb_text][et_pb_divider show_divider=\"off\" admin_label=\"nome\" _builder_version=\"4.27.4\" _module_preset=\"default\" global_colors_info=\"{}\"][\/et_pb_divider][et_pb_text admin_label=\"divider\" _builder_version=\"4.27.4\" _module_preset=\"default\" global_colors_info=\"{}\" header_font=\"|700|||||||\" header_text_color=\"#110000\" header_font_size=\"55px\" min_height=\"175px\" min_height_tablet=\"175px\" min_height_phone=\"175px\" min_height_last_edited=\"on|phone\" custom_css_free_form=\"||@media (min-width: 1101px){||  selector h1{||    font-size: 45px !important;||  }||}||||@media (min-width: 1400px){||  selector h1{||    font-size: 54px !important;||  }||}||||@media (max-width: 1100px){||  selector h1{||    font-size: 40px !important;||  }||}||||selector h1{||    word-wrap: normal;||    word-break: normal;||}\"]<h1>Giuseppe Volpi di Misurata<\/h1>[\/et_pb_text][et_pb_text admin_label=\"vita\" _builder_version=\"4.27.4\" _module_preset=\"default\" hover_enabled=\"0\" global_colors_info=\"{}\" sticky_enabled=\"0\"]<p>Nato a Milano il 24 aprile 1871.<br \/>Pioniere delle applicazioni elettriche e dello sfruttamento delle forze idrauliche in Italia, fonda e presiede molte fra le maggiori societ\u00e0 industriali e finanziarie della prima met\u00e0 del '900: la Societ\u00e0 Imprese Elettriche Conti, la Societ\u00e0 Idroelettrica Ligure, l'Unione Esercizi Elettrici, la Societ\u00e0 Elettrica Riviera di Ponente, la Societ\u00e0 Pavese di Elettricit\u00e0 A. Volta, le Officine Elettriche di Novara, la Societ\u00e0 Orobia per gas e elettricit\u00e0, la Societ\u00e0 Elettrica Piemonte Orientale, la Societ\u00e0 Idroelettrica Piemonte, la Societ\u00e0 Nazionale per lo Sviluppo delle imprese Elettriche, la Societ\u00e0 Generale Elettrica dell'Adamello.<br \/>Presidente dell'Assonime e della Banca Commerciale. Senatore del Regno dal 1919.<\/p>[\/et_pb_text][et_pb_image src=\"https:\/\/public.confindustria.it\/repository\/2025\/04\/07135246\/Property-1Frame-182.png\" alt=\"Giuseppe Volpi di Misurata\" title_text=\"giuseppe-volpi-di-misurata\" admin_label=\"Image\" _builder_version=\"4.27.4\" _module_preset=\"default\" custom_css_main_element=\"margin-top: auto;\" global_colors_info=\"{}\"][\/et_pb_image][\/et_pb_column][et_pb_column type=\"1_4\" _builder_version=\"4.27.4\" _module_preset=\"default\" custom_padding=\"|||10px|false|false\" custom_css_main_element=\"display: flex;||flex-direction: column;\" border_width_left=\"1px\" global_colors_info=\"{}\"][et_pb_text admin_label=\"anno\" _builder_version=\"4.27.4\" _module_preset=\"default\" header_font=\"|700|||||||\" header_text_color=\"gcid-body-color\" header_font_size=\"71px\" global_colors_info=\"{%22gcid-body-color%22:%91%22header_text_color%22%93}\"]<h1>1943\u00a0 1943<\/h1>[\/et_pb_text][et_pb_divider show_divider=\"off\" admin_label=\"nome\" _builder_version=\"4.27.4\" _module_preset=\"default\" global_colors_info=\"{}\"][\/et_pb_divider][et_pb_text admin_label=\"divider\" _builder_version=\"4.27.4\" _module_preset=\"default\" header_font=\"|700|||||||\" header_text_color=\"#110000\" header_font_size=\"55px\" min_height=\"175px\" min_height_tablet=\"175px\" min_height_phone=\"175px\" min_height_last_edited=\"on|phone\" global_colors_info=\"{}\" custom_css_free_form=\"||@media (min-width: 1101px){||  selector h1{||    font-size: 45px !important;||  }||}||||@media (min-width: 1400px){||  selector h1{||    font-size: 54px !important;||  }||}||||@media (max-width: 1100px){||  selector h1{||    font-size: 40px !important;||  }||}||||selector h1{||    word-wrap: normal;||    word-break: normal;||}\"]<h1>Giovanni Balella<\/h1>[\/et_pb_text][et_pb_text admin_label=\"vita\" _builder_version=\"4.27.4\" _module_preset=\"default\" global_colors_info=\"{}\"]Nato a Firenze l'8 novembre 1869.\nFonda il Lanificio Nazionale Targetti, contribuisce allo sviluppo ed al crescente affermarsi in Italia ed all'estero dell'industria della lana. \nNel 1907 \u00e8 chiamato a far parte della Commissione reale per lo studio del regime economico-doganale e dei trattati di commercio, e ne \u00e8 il relatore per la categoria della lana. \nSenatore del Regno dal 1939.[\/et_pb_text][et_pb_image src=\"https:\/\/public.confindustria.it\/repository\/2025\/04\/07135408\/Property-1Frame-183.png\" alt=\"Giovanni Balella\" title_text=\"giovanni-balella\" admin_label=\"Image\" _builder_version=\"4.27.4\" _module_preset=\"default\" custom_css_main_element=\"margin-top: auto;\" global_colors_info=\"{}\"][\/et_pb_image][\/et_pb_column][et_pb_column type=\"1_4\" _builder_version=\"4.27.4\" _module_preset=\"default\" custom_padding=\"|||10px|false|false\" custom_css_main_element=\"display: flex;||flex-direction: column;\" border_width_left=\"1px\" global_colors_info=\"{}\"][et_pb_text admin_label=\"anno\" _builder_version=\"4.27.4\" _module_preset=\"default\" text_text_color=\"gcid-body-color\" header_font=\"|700|||||||\" header_text_color=\"gcid-body-color\" header_font_size=\"71px\" global_colors_info=\"{%22gcid-body-color%22:%91%22text_text_color%22,%22header_text_color%22%93}\"]<h1>1943\u00a0 1943<\/h1>[\/et_pb_text][et_pb_divider show_divider=\"off\" admin_label=\"nome\" _builder_version=\"4.27.4\" _module_preset=\"default\" global_colors_info=\"{}\"][\/et_pb_divider][et_pb_text admin_label=\"divider\" _builder_version=\"4.27.4\" _module_preset=\"default\" header_font=\"|700|||||||\" header_text_color=\"#110000\" header_font_size=\"55px\" min_height=\"175px\" min_height_tablet=\"175px\" min_height_phone=\"175px\" min_height_last_edited=\"on|phone\" global_colors_info=\"{}\" custom_css_free_form=\"||@media (min-width: 1101px){||  selector h1{||    font-size: 45px !important;||  }||}||||@media (min-width: 1400px){||  selector h1{||    font-size: 54px !important;||  }||}||||@media (max-width: 1100px){||  selector h1{||    font-size: 40px !important;||  }||}||||selector h1{||    word-wrap: normal;||    word-break: normal;||}\"]<h1>Giuseppe Mazzini<\/h1>[\/et_pb_text][et_pb_text admin_label=\"vita\" _builder_version=\"4.27.4\" _module_preset=\"default\" global_colors_info=\"{}\"]<p>Nato a Livorno il 7 aprile 1883.Ingegnere industriale.<br \/>Amministratore delegato per oltre trent'anni delle grandi Officine Vay Assauto di Asti.<br \/>Presidente e consigliere di numerose altre societ\u00e0 industriali.<br \/>Deputato al Parlamento dal 1921 al 1939.<br \/>Come deputato, dal 1922 al 1934 predispone le relazioni annuali sul bilancio della finanza per incarico della Giunta del bilancio.<br \/>Membro della Giunta dei trattati.<br \/>\u00c8 alla presidenza della Confindustria, come commissario ministeriale, dal 9 agosto al 9 settembre 1943<\/p>[\/et_pb_text][et_pb_image src=\"https:\/\/public.confindustria.it\/repository\/2025\/04\/07135748\/Property-1Frame-184.png\" alt=\"Giuseppe Mazzini\" title_text=\"giuseppe-mazzini\" admin_label=\"Image\" _builder_version=\"4.27.4\" _module_preset=\"default\" custom_css_main_element=\"margin-top: auto;\" global_colors_info=\"{}\"][\/et_pb_image][\/et_pb_column][\/et_pb_row][et_pb_row _builder_version=\"4.27.4\" _module_preset=\"default\" width=\"90%\" max_width=\"1600px\" global_colors_info=\"{}\"][et_pb_column type=\"4_4\" _builder_version=\"4.27.4\" _module_preset=\"default\" global_colors_info=\"{}\"][et_pb_divider _builder_version=\"4.27.4\" _module_preset=\"default\" global_colors_info=\"{}\"][\/et_pb_divider][\/et_pb_column][\/et_pb_row][et_pb_row column_structure=\"1_4,1_4,1_4,1_4\" make_equal=\"on\" _builder_version=\"4.27.4\" _module_preset=\"default\" width=\"90%\" max_width=\"1600px\" global_colors_info=\"{}\"][et_pb_column type=\"1_4\" _builder_version=\"4.27.4\" _module_preset=\"default\" custom_padding=\"|||10px|false|false\" custom_css_main_element=\"display: flex;||flex-direction: column;\" border_width_left=\"1px\" global_colors_info=\"{}\"][et_pb_text admin_label=\"anno\" _builder_version=\"4.27.4\" _module_preset=\"default\" header_font=\"|700|||||||\" header_text_color=\"gcid-body-color\" header_font_size=\"71px\" global_colors_info=\"{%22gcid-body-color%22:%91%22header_text_color%22%93}\"]<h1>1944 1945<\/h1>[\/et_pb_text][et_pb_divider show_divider=\"off\" admin_label=\"nome\" _builder_version=\"4.27.4\" _module_preset=\"default\" global_colors_info=\"{}\"][\/et_pb_divider][et_pb_text admin_label=\"divider\" _builder_version=\"4.27.4\" _module_preset=\"default\" header_font=\"|700|||||||\" header_text_color=\"#110000\" header_font_size=\"55px\" min_height=\"175px\" min_height_tablet=\"175px\" min_height_phone=\"175px\" min_height_last_edited=\"on|phone\" global_colors_info=\"{}\" custom_css_free_form=\"||@media (min-width: 1101px){||  selector h1{||    font-size: 45px !important;||  }||}||||@media (min-width: 1400px){||  selector h1{||    font-size: 54px !important;||  }||}||||@media (max-width: 1100px){||  selector h1{||    font-size: 40px !important;||  }||}||||selector h1{||    word-wrap: normal;||    word-break: normal;||}\"]<h1>Fabio Friggeri<\/h1>[\/et_pb_text][et_pb_text admin_label=\"vita\" _builder_version=\"4.27.4\" _module_preset=\"default\" global_colors_info=\"{}\"]<p>Nato a Roma il 3 novembre 1884. Esperto dei problemi dei trasporti, nel cui settore esplica per conto dell'amministrazione dello Stato importanti incarichi direttivi, si dedica successivamente a varie attivit\u00e0 industriali.<br \/>Direttore generale delle Distillerie di Avezzano e successivamente dello Zuccherificio di Avezzano, consigliere di amministrazione del Consorzio nazionale produttori zucchero dal 1927 al 1947.<br \/>Presidente della Banca del Fucino.<br \/>Nominato dal Governo vice commissario della Confindustria nel settembre 1944, \u00e8 fra i promotori della sua ricostituzione.<\/p>[\/et_pb_text][et_pb_image src=\"https:\/\/public.confindustria.it\/repository\/2025\/04\/07163238\/Property-1Frame-185-300x300.png\" alt=\"Fabio Friggeri\" title_text=\"fabio-friggeri\" admin_label=\"Image\" _builder_version=\"4.27.4\" _module_preset=\"default\" custom_css_main_element=\"margin-top: auto;\" global_colors_info=\"{}\"][\/et_pb_image][\/et_pb_column][et_pb_column type=\"1_4\" _builder_version=\"4.27.4\" _module_preset=\"default\" custom_padding=\"|||10px|false|false\" custom_css_main_element=\"display: flex;||flex-direction: column;\" border_width_left=\"1px\" global_colors_info=\"{}\"][et_pb_text admin_label=\"anno\" _builder_version=\"4.27.4\" _module_preset=\"default\" header_font=\"|700|||||||\" header_text_color=\"gcid-body-color\" header_font_size=\"71px\" global_colors_info=\"{%22gcid-body-color%22:%91%22header_text_color%22%93}\"]<h1>1945 1955<\/h1>[\/et_pb_text][et_pb_divider show_divider=\"off\" admin_label=\"nome\" _builder_version=\"4.27.4\" _module_preset=\"default\" global_colors_info=\"{}\"][\/et_pb_divider][et_pb_text admin_label=\"divider\" _builder_version=\"4.27.4\" _module_preset=\"default\" header_font=\"|700|||||||\" header_text_color=\"#110000\" header_font_size=\"55px\" min_height=\"175px\" min_height_tablet=\"175px\" min_height_phone=\"175px\" min_height_last_edited=\"on|phone\" global_colors_info=\"{}\" custom_css_free_form=\"||@media (min-width: 1101px){||  selector h1{||    font-size: 45px !important;||  }||}||||@media (min-width: 1400px){||  selector h1{||    font-size: 54px !important;||  }||}||||@media (max-width: 1100px){||  selector h1{||    font-size: 40px !important;||  }||}||||selector h1{||    word-wrap: normal;||    word-break: normal;||}\"]<h1><span>Angelo Costa\u00a0<\/span><\/h1>[\/et_pb_text][et_pb_text admin_label=\"vita\" _builder_version=\"4.27.4\" _module_preset=\"default\" global_colors_info=\"{}\"]<p>Nato a Genova il 18 aprile 1901.<br \/>Scuola superiore di commercio dell'Universit\u00e0 di Genova.<br \/>Nel 1925 entra a far parte della ditta di famiglia potenziandone l'attivit\u00e0 nel campo della produzione e della raffinazione dell'olio, nel 1936 entra nel campo armatoriale.<br \/>Convinto liberista, denuncia i vincoli imposti dal regime fascista come rivolti ad instaurare un'economia controllata. Sottolinea sempre l'importanza vitale delle piccole-medie imprese per lo sviluppo industriale del Paese.<br \/>Presidente dell'Ente Bacini S.p.A., della Banca Passatore &amp; C., dello Stabilimento Duca Visconti di Modrone e vice Presidente del Cotonificio Cantoni di Milano.<br \/>Cavaliere del lavoro.<\/p>[\/et_pb_text][et_pb_image src=\"https:\/\/public.confindustria.it\/repository\/2025\/04\/07164449\/Property-1Frame-186.png\" alt=\"Angelo Costa\" title_text=\"angelo-costa\" admin_label=\"Image\" _builder_version=\"4.27.4\" _module_preset=\"default\" custom_css_main_element=\"margin-top: auto;\" global_colors_info=\"{}\"][\/et_pb_image][\/et_pb_column][et_pb_column type=\"1_4\" _builder_version=\"4.27.4\" _module_preset=\"default\" custom_padding=\"|||10px|false|false\" custom_css_main_element=\"display: flex;||flex-direction: column;\" border_width_left=\"1px\" global_colors_info=\"{}\"][et_pb_text admin_label=\"anno\" _builder_version=\"4.27.4\" _module_preset=\"default\" header_font=\"|700|||||||\" header_text_color=\"gcid-body-color\" header_font_size=\"71px\" global_colors_info=\"{%22gcid-body-color%22:%91%22header_text_color%22%93}\"]<h1>1955\u00a0 1961<\/h1>[\/et_pb_text][et_pb_divider show_divider=\"off\" admin_label=\"nome\" _builder_version=\"4.27.4\" _module_preset=\"default\" global_colors_info=\"{}\"][\/et_pb_divider][et_pb_text admin_label=\"divider\" _builder_version=\"4.27.4\" _module_preset=\"default\" header_font=\"|700|||||||\" header_text_color=\"#110000\" header_font_size=\"55px\" min_height=\"175px\" min_height_tablet=\"175px\" min_height_phone=\"175px\" min_height_last_edited=\"on|phone\" global_colors_info=\"{}\" custom_css_free_form=\"||@media (min-width: 1101px){||  selector h1{||    font-size: 45px !important;||  }||}||||@media (min-width: 1400px){||  selector h1{||    font-size: 54px !important;||  }||}||||@media (max-width: 1100px){||  selector h1{||    font-size: 40px !important;||  }||}||||selector h1{||    word-wrap: normal;||    word-break: normal;||}\"]<h1>Alighiero De Micheli\u00a0<\/h1>[\/et_pb_text][et_pb_text admin_label=\"vita\" _builder_version=\"4.27.4\" _module_preset=\"default\" global_colors_info=\"{}\"]<p>Nato a Milano il 20 dicembre 1904.<br \/>Entra giovanissimo nell'azienda paterna, una fabbrica di tessuti elastici, mentre frequenta la Facolt\u00e0 di giurisprudenza presso l'Universit\u00e0 di Milano.<br \/>Assunta in prima persona la direzione dell'azienda, nel suo campo una delle maggiori in Europa, nel 1946 diventa Presidente dell'Assolombarda.<br \/>Amministratore di numerose societ\u00e0 industriali e bancarie (il Lanificio di Somma lombardo, il Cotonificio di Spoleto, la Banca di Credito Artigiano e il Banco di Sicilia), \u00e8 presente anche in organizzazioni imprenditoriali europee come l'Unice e il Cife.<br \/>Presidente della Pinacoteca di Brera e del Museo Poldi-Pezzoli. Membro dell'Istituto di politica internazionale e dell'Universit\u00e0 Bocconi<\/p>[\/et_pb_text][et_pb_image src=\"https:\/\/public.confindustria.it\/repository\/2025\/04\/07164749\/Property-1Frame-187-300x300.png\" alt=\"Alighiero De Micheli\" title_text=\"alighiero-de-micheli\" admin_label=\"Image\" _builder_version=\"4.27.4\" _module_preset=\"default\" custom_css_main_element=\"margin-top: auto;\" global_colors_info=\"{}\"][\/et_pb_image][\/et_pb_column][et_pb_column type=\"1_4\" _builder_version=\"4.27.4\" _module_preset=\"default\" custom_padding=\"|||10px|false|false\" custom_css_main_element=\"display: flex;||flex-direction: column;\" border_width_left=\"1px\" global_colors_info=\"{}\"][et_pb_text admin_label=\"anno\" _builder_version=\"4.27.4\" _module_preset=\"default\" text_text_color=\"gcid-body-color\" header_font=\"|700|||||||\" header_text_color=\"gcid-body-color\" header_font_size=\"71px\" global_colors_info=\"{%22gcid-body-color%22:%91%22text_text_color%22,%22header_text_color%22%93}\"]<h1>1961 1966<\/h1>[\/et_pb_text][et_pb_divider show_divider=\"off\" admin_label=\"nome\" _builder_version=\"4.27.4\" _module_preset=\"default\" global_colors_info=\"{}\" header_font=\"|700|||||||\" header_text_color=\"#110000\" header_font_size=\"55px\" custom_css_free_form=\"||@media (min-width: 1101px){||  selector h1{||    font-size: 35px;||  }||}||||@media (min-width: 1400px){||  selector h1{||    font-size: 54px;||  }||}||||@media (max-width: 1100px){||  selector h1{||    font-size: 30px;||  }||}||||selector h1{||    word-wrap: normal;||    word-break: normal;||}\"][\/et_pb_divider][et_pb_text admin_label=\"divider\" _builder_version=\"4.27.4\" _module_preset=\"default\" header_font=\"|700|||||||\" header_text_color=\"#110000\" header_font_size=\"55px\" min_height=\"175px\" min_height_tablet=\"175px\" min_height_phone=\"175px\" min_height_last_edited=\"on|phone\" global_colors_info=\"{}\" custom_css_free_form=\"||@media (min-width: 1101px){||  selector h1{||    font-size: 45px !important;||  }||}||||@media (min-width: 1400px){||  selector h1{||    font-size: 54px !important;||  }||}||||@media (max-width: 1100px){||  selector h1{||    font-size: 40px !important;||  }||}||||selector h1{||    word-wrap: normal;||    word-break: normal;||}\"]<h1>Furio Cicogna<\/h1>[\/et_pb_text][et_pb_text admin_label=\"vita\" _builder_version=\"4.27.4\" _module_preset=\"default\" global_colors_info=\"{}\"]<p>Nato ad Asti il 21 giugno 1891.<br \/>Laurea in scienze economiche e commerciali.<br \/>Assunto dalla Bombrini e Parodi nel 1913 passa nel 1921 alle Manifatture Cotoniere Meridionali.<br \/>Nel 1925, consigliere delegato della Chatillon e successivamente presidente della stessa.<br \/>Fonda, nei primi anni cinquanta, le sue due aziende: la Stampa Tessuti Artistici e la Neyercord Italiana. A queste si aggiungono varie partecipazioni e incarichi in societ\u00e0 industriali e banche.<br \/>Presidente dell'Assolombarda nel 1955.<br \/>Si distingue nel campo culturale e benefico: Presidente della Bocconi e dell'Ospizio Sacra Famiglia: principale fondatore della Casa dello studente italiano presso la citt\u00e0 universitaria di Parigi.<\/p>[\/et_pb_text][et_pb_image src=\"https:\/\/public.confindustria.it\/repository\/2025\/04\/07165040\/Property-1Frame-188.png\" alt=\"Furio Cicogna\" title_text=\"furio-cicogna\" admin_label=\"Image\" _builder_version=\"4.27.4\" _module_preset=\"default\" custom_css_main_element=\"margin-top: auto;\" global_colors_info=\"{}\"][\/et_pb_image][\/et_pb_column][\/et_pb_row][et_pb_row _builder_version=\"4.27.4\" _module_preset=\"default\" width=\"90%\" max_width=\"1600px\" global_colors_info=\"{}\"][et_pb_column type=\"4_4\" _builder_version=\"4.27.4\" _module_preset=\"default\" global_colors_info=\"{}\"][et_pb_divider _builder_version=\"4.27.4\" _module_preset=\"default\" global_colors_info=\"{}\"][\/et_pb_divider][\/et_pb_column][\/et_pb_row][et_pb_row column_structure=\"1_4,1_4,1_4,1_4\" make_equal=\"on\" _builder_version=\"4.27.4\" _module_preset=\"default\" width=\"90%\" max_width=\"1600px\" global_colors_info=\"{}\"][et_pb_column type=\"1_4\" _builder_version=\"4.27.4\" _module_preset=\"default\" custom_padding=\"|||10px|false|false\" custom_css_main_element=\"display: flex;||flex-direction: column;\" border_width_left=\"1px\" global_colors_info=\"{}\"][et_pb_text admin_label=\"anno\" _builder_version=\"4.27.4\" _module_preset=\"default\" header_font=\"|700|||||||\" header_text_color=\"gcid-body-color\" header_font_size=\"71px\" global_colors_info=\"{%22gcid-body-color%22:%91%22header_text_color%22%93}\"]<h1>1966 1970<\/h1>[\/et_pb_text][et_pb_divider show_divider=\"off\" admin_label=\"nome\" _builder_version=\"4.27.4\" _module_preset=\"default\" global_colors_info=\"{}\"][\/et_pb_divider][et_pb_text admin_label=\"divider\" _builder_version=\"4.27.4\" _module_preset=\"default\" header_font=\"|700|||||||\" header_text_color=\"#110000\" header_font_size=\"55px\" min_height=\"175px\" min_height_tablet=\"175px\" min_height_phone=\"175px\" min_height_last_edited=\"on|phone\" global_colors_info=\"{}\" custom_css_free_form=\"||@media (min-width: 1101px){||  selector h1{||    font-size: 45px !important;||  }||}||||@media (min-width: 1400px){||  selector h1{||    font-size: 54px !important;||  }||}||||@media (max-width: 1100px){||  selector h1{||    font-size: 40px !important;||  }||}||||selector h1{||    word-wrap: normal;||    word-break: normal;||}\"]<h1><span>Angelo Costa\u00a0<\/span><\/h1>[\/et_pb_text][et_pb_text admin_label=\"vita\" _builder_version=\"4.27.4\" _module_preset=\"default\" global_colors_info=\"{}\"]<p>Nato a Genova il 18 aprile 1901.<br \/>Scuola superiore di commercio dell'Universit\u00e0 di Genova.<br \/>Nel 1925 entra a far parte della ditta di famiglia potenziandone l'attivit\u00e0 nel campo della produzione e della raffinazione dell'olio, nel 1936 entra nel campo armatoriale.<br \/>Convinto liberista, denuncia i vincoli imposti dal regime fascista come rivolti ad instaurare un'economia controllata. Sottolinea sempre l'importanza vitale delle piccole-medie imprese per lo sviluppo industriale del Paese.<br \/>Presidente dell'Ente Bacini S.p.A., della Banca Passatore &amp; C., dello Stabilimento Duca Visconti di Modrone e vice Presidente del Cotonificio Cantoni di Milano.<br \/>Cavaliere del lavoro.<\/p>[\/et_pb_text][et_pb_image src=\"https:\/\/public.confindustria.it\/repository\/2025\/04\/07164449\/Property-1Frame-186.png\" alt=\"Angelo Costa\" title_text=\"angelo-costa\" admin_label=\"Image\" _builder_version=\"4.27.4\" _module_preset=\"default\" custom_css_main_element=\"margin-top: auto;\" global_colors_info=\"{}\"][\/et_pb_image][\/et_pb_column][et_pb_column type=\"1_4\" _builder_version=\"4.27.4\" _module_preset=\"default\" custom_padding=\"|||10px|false|false\" custom_css_main_element=\"display: flex;||flex-direction: column;\" border_width_left=\"1px\" global_colors_info=\"{}\"][et_pb_text admin_label=\"anno\" _builder_version=\"4.27.4\" _module_preset=\"default\" header_font=\"|700|||||||\" header_text_color=\"gcid-body-color\" header_font_size=\"71px\" global_colors_info=\"{%22gcid-body-color%22:%91%22header_text_color%22%93}\"]<h1>1970 1974<\/h1>[\/et_pb_text][et_pb_divider show_divider=\"off\" admin_label=\"nome\" _builder_version=\"4.27.4\" _module_preset=\"default\" global_colors_info=\"{}\"][\/et_pb_divider][et_pb_text admin_label=\"divider\" _builder_version=\"4.27.4\" _module_preset=\"default\" header_font=\"|700|||||||\" header_text_color=\"#110000\" header_font_size=\"55px\" min_height=\"175px\" min_height_tablet=\"175px\" min_height_phone=\"175px\" min_height_last_edited=\"on|phone\" global_colors_info=\"{}\" custom_css_free_form=\"||@media (min-width: 1101px){||  selector h1{||    font-size: 45px !important;||  }||}||||@media (min-width: 1400px){||  selector h1{||    font-size: 54px !important;||  }||}||||@media (max-width: 1100px){||  selector h1{||    font-size: 40px !important;||  }||}||||selector h1{||    word-wrap: normal;||    word-break: normal;||}\"]<h1>Renato Lombardi\u00a0<\/h1>[\/et_pb_text][et_pb_text admin_label=\"vita\" _builder_version=\"4.27.4\" _module_preset=\"default\" global_colors_info=\"{}\"]<p>Nato a Napoli l'11 giugno 1906.<br \/>Laureato presso l'Universit\u00e0 di Roma in Ingegneria elettronica nel 1928. Vincitore della borsa di studio \"A. Volta\", consegue il master presso l'Universit\u00e0 di Standford in California.<br \/>Tornato in Italia \u00e8 assunto nel 1932 dalla CGE di Milano, dove inizia una rapida carriera fino ad assumere la direzione del servizio centrali elettriche.<br \/>Nel 1944 passa all'industria laniera, ristrutturando integralmente la Filatura di Grignasco e il Lanificio Bozzalla e Lesna.<br \/>Dal 1958 al 1963, presidente dell'Associazione nazionale industriale laniera italiana e, dal 1959 al 1963 della Federazione laniera internazionale.<br \/>Presidente dell'Assonime dal 1959.<br \/>Presidente della Camera di Commercio internazionale di Parigi.<br \/>Vice Presidente della Banca Subalpina.<br \/>Vice Presidente dell'Istituto finanziario laniero, consigliere delegato del Credito lombardo e della Societ\u00e0 metallurgica italiana.<\/p>[\/et_pb_text][et_pb_image src=\"https:\/\/public.confindustria.it\/repository\/2025\/04\/07170109\/Property-1Frame-190-300x300.png\" alt=\"Renato Lombardi\" title_text=\"renato-lombardi\" admin_label=\"Image\" _builder_version=\"4.27.4\" _module_preset=\"default\" custom_css_main_element=\"margin-top: auto;\" global_colors_info=\"{}\"][\/et_pb_image][\/et_pb_column][et_pb_column type=\"1_4\" _builder_version=\"4.27.4\" _module_preset=\"default\" custom_padding=\"|||10px|false|false\" custom_css_main_element=\"display: flex;||flex-direction: column;\" border_width_left=\"1px\" global_colors_info=\"{}\"][et_pb_text admin_label=\"anno\" _builder_version=\"4.27.4\" _module_preset=\"default\" header_font=\"|700|||||||\" header_text_color=\"gcid-body-color\" header_font_size=\"71px\" global_colors_info=\"{%22gcid-body-color%22:%91%22header_text_color%22%93}\"]<h1>1974\u00a0 1976<\/h1>[\/et_pb_text][et_pb_divider show_divider=\"off\" admin_label=\"nome\" _builder_version=\"4.27.4\" _module_preset=\"default\" global_colors_info=\"{}\"][\/et_pb_divider][et_pb_text admin_label=\"divider\" _builder_version=\"4.27.4\" _module_preset=\"default\" header_font=\"|700|||||||\" header_text_color=\"#110000\" header_font_size=\"55px\" min_height=\"175px\" min_height_tablet=\"175px\" min_height_phone=\"175px\" min_height_last_edited=\"on|phone\" global_colors_info=\"{}\" custom_css_free_form=\"||@media (min-width: 1101px){||  selector h1{||    font-size: 45px !important;||  }||}||||@media (min-width: 1400px){||  selector h1{||    font-size: 54px !important;||  }||}||||@media (max-width: 1100px){||  selector h1{||    font-size: 40px !important;||  }||}||||selector h1{||    word-wrap: normal;||    word-break: normal;||}\" sticky_enabled=\"0\"]<h1>Gianni Agnelli<\/h1>[\/et_pb_text][et_pb_text admin_label=\"vita\" _builder_version=\"4.27.4\" _module_preset=\"default\" global_colors_info=\"{}\"]Nato a Torino il 12 marzo 1921.\nLaureato in Giurisprudenza all'Universit\u00e0 di Torino. \nPartecipa alla Seconda Guerra Mondiale come Ufficiale di Cavalleria sul fronte russo con il Corpo di Spedizione Italiano, con il Raggruppamento Esplorante Corazzato \"Lodi\" in Tunisia, meritandosi la Croce di Guerra al Valor Militare, e nella Divisione \"Legnano\" del Corpo Italiano di Liberazione.\nEntra in Fiat nel 1943 come Vice Presidente, nel 1963 \u00e8 nominato Amministratore Delegato. \nDall'aprile 1966 al febbraio 1996 Presidente della Societ\u00e0 e successivamente Presidente d'Onore. \nPresidente dell'IFI - Istituto Finanziario Industriale SpA e di EXOR GROUP SA, della Fondazione Giovanni Agnelli e della Societ\u00e0 Editrice \"La Stampa\". \nMembro del Consiglio di Amministrazione dell'Eurafrance, dell'International Advisory Council della Chase Manhattan Corporation, del Board of Trustees della Salomon R. Guggenheim Foundation. \nAttivamente impegnato in organismi multinazionali tendenti a favorire le relazioni internazionali. Membro dell'Advisory Board dei Bilderberg Meetings, dell'International Advisory Board del Council on Foreign Relations, e Presidente Onorario dell'Associazione per l'Unione Monetaria Europea. Membro corrispondente dell'Accademia delle Scienze Morali e Politiche dell'Institut de France. E' inoltre Consigliere del Chairman's Council del Museum of Modern Art di New York. Senatore a vita dal giugno 1991. \nSindaco di Villa Perosa dal 1945 al 1980.[\/et_pb_text][et_pb_image src=\"https:\/\/public.confindustria.it\/repository\/2025\/04\/07170608\/Property-1Frame-191-300x300.png\" alt=\"Gianni Agnelli\" title_text=\"gianni-agnelli\" admin_label=\"Image\" _builder_version=\"4.27.4\" _module_preset=\"default\" custom_css_main_element=\"margin-top: auto;\" global_colors_info=\"{}\"][\/et_pb_image][\/et_pb_column][et_pb_column type=\"1_4\" _builder_version=\"4.27.4\" _module_preset=\"default\" custom_padding=\"|||10px|false|false\" custom_css_main_element=\"display: flex;||flex-direction: column;\" border_width_left=\"1px\" global_colors_info=\"{}\"][et_pb_text admin_label=\"anno\" _builder_version=\"4.27.4\" _module_preset=\"default\" text_text_color=\"gcid-body-color\" header_font=\"|700|||||||\" header_text_color=\"gcid-body-color\" header_font_size=\"71px\" global_colors_info=\"{%22gcid-body-color%22:%91%22text_text_color%22,%22header_text_color%22%93}\"]<h1>1976 1980<\/h1>[\/et_pb_text][et_pb_divider show_divider=\"off\" admin_label=\"nome\" _builder_version=\"4.27.4\" _module_preset=\"default\" global_colors_info=\"{}\"][\/et_pb_divider][et_pb_text admin_label=\"divider\" _builder_version=\"4.27.4\" _module_preset=\"default\" header_font=\"|700|||||||\" header_text_color=\"#110000\" header_font_size=\"55px\" min_height=\"175px\" min_height_tablet=\"175px\" min_height_phone=\"175px\" min_height_last_edited=\"on|phone\" global_colors_info=\"{}\" custom_css_free_form=\"||@media (min-width: 1101px){||  selector h1{||    font-size: 45px !important;||  }||}||||@media (min-width: 1400px){||  selector h1{||    font-size: 54px !important;||  }||}||||@media (max-width: 1100px){||  selector h1{||    font-size: 40px !important;||  }||}||||selector h1{||    word-wrap: normal;||    word-break: normal;||}\"]<h1>Guido<\/h1>\n<h1>Carli<\/h1>[\/et_pb_text][et_pb_text admin_label=\"vita\" _builder_version=\"4.27.4\" _module_preset=\"default\" global_colors_info=\"{}\"]<p>Nato a Brescia il 28 marzo 1914.<br \/>Laureato in Giurisprudenza presso l'Universit\u00e0 di Padova.<br \/>Inizia la sua carriera all'Iri.<br \/>Deputato del PLI nell'Assemblea Costituente. Studioso di problemi economici e finanziari internazionali, entrato nel Consiglio di amministrazione dell'Ufficio Italiano dei Cambi, nel 1947 diventa membro per l'Italia del Consiglio dei direttori del Fondo Monetario Internazionale. Ministro per il commercio con l'estero negli anni 1957-1958. Nel 1959 \u00e8 nominato Presidente del Consorzio di credito per le opere pubbliche, Direttore Generale della Banca d'Italia, membro del Comitato di direzione della Banca dei regolamenti internazionali e del Comitato monetario della Cee.<br \/>Dal 1960 al 1975 Governatore della Banca d'Italia. Presidente dell'Ufficio Italiano dei Cambi, sostituto per l'Italia del Governatore del FMI, dell'International Financial Corporation e dell'International Development Association.<br \/>Presidente del Consiglio di Amministrazione della LUISS e Presidente dell'UNICE.<br \/>Eletto senatore nel 1983 e rieletto nel 1987, \u00e8 Ministro del Tesoro nel VI Governo Andreotti.<\/p>[\/et_pb_text][et_pb_image src=\"https:\/\/public.confindustria.it\/repository\/2025\/04\/07170915\/Property-1Frame-192-300x300.png\" alt=\"Guido Carli\" title_text=\"guido-carli\" admin_label=\"Image\" _builder_version=\"4.27.4\" _module_preset=\"default\" custom_css_main_element=\"margin-top: auto;\" global_colors_info=\"{}\"][\/et_pb_image][\/et_pb_column][\/et_pb_row][et_pb_row _builder_version=\"4.27.4\" _module_preset=\"default\" width=\"90%\" max_width=\"1600px\" global_colors_info=\"{}\"][et_pb_column type=\"4_4\" _builder_version=\"4.27.4\" _module_preset=\"default\" global_colors_info=\"{}\"][et_pb_divider _builder_version=\"4.27.4\" _module_preset=\"default\" global_colors_info=\"{}\"][\/et_pb_divider][\/et_pb_column][\/et_pb_row][et_pb_row column_structure=\"1_4,1_4,1_4,1_4\" make_equal=\"on\" _builder_version=\"4.27.4\" _module_preset=\"default\" width=\"90%\" max_width=\"1600px\" global_colors_info=\"{}\"][et_pb_column type=\"1_4\" _builder_version=\"4.27.4\" _module_preset=\"default\" custom_padding=\"|||10px|false|false\" custom_css_main_element=\"display: flex;||flex-direction: column;\" border_width_left=\"1px\" global_colors_info=\"{}\"][et_pb_text admin_label=\"anno\" _builder_version=\"4.27.4\" _module_preset=\"default\" header_font=\"|700|||||||\" header_text_color=\"gcid-body-color\" header_font_size=\"71px\" global_colors_info=\"{%22gcid-body-color%22:%91%22header_text_color%22%93}\"]<h1>1980 1984<\/h1>[\/et_pb_text][et_pb_divider show_divider=\"off\" admin_label=\"nome\" _builder_version=\"4.27.4\" _module_preset=\"default\" global_colors_info=\"{}\"][\/et_pb_divider][et_pb_text admin_label=\"divider\" _builder_version=\"4.27.4\" _module_preset=\"default\" header_font=\"|700|||||||\" header_text_color=\"#110000\" header_font_size=\"55px\" min_height=\"175px\" min_height_tablet=\"175px\" min_height_phone=\"175px\" min_height_last_edited=\"on|phone\" global_colors_info=\"{}\" custom_css_free_form=\"||@media (min-width: 1101px){||  selector h1{||    font-size: 45px !important;||  }||}||||@media (min-width: 1400px){||  selector h1{||    font-size: 54px !important;||  }||}||||@media (max-width: 1100px){||  selector h1{||    font-size: 40px !important;||  }||}||||selector h1{||    word-wrap: normal;||    word-break: normal;||}\"]<h1><span>Vittorio Merloni\u00a0\u00a0<\/span><\/h1>[\/et_pb_text][et_pb_text admin_label=\"vita\" _builder_version=\"4.27.4\" _module_preset=\"default\" global_colors_info=\"{}\"]<p>Nato a Fabriano il 30 aprile 1933. Laureato in Economia e Commercio all'Universit\u00e0 di Perugia.\u00a0Nel 1960 inizia a lavorare nell'Azienda paterna e nel 1970 assume la responsabilit\u00e0 della Divisione Elettrodomestici. Nel 1975 la Divisione si trasforma in Societ\u00e0 per Azioni e Vittorio Merloni ne diviene Presidente. La Fineldo controlla Merloni Elettrodomestici SpA, Merloni Progetti SpA, M.P. Energy e Faber Factor; ha inoltre quote significative in Benelli, Panini e Cinecitt\u00e0 Servizi. La Merloni Elettrodomestici ha un fatturato di 2.837 miliardi e 7.700 dipendenti, opera con tre marchi: Scholt\u00e8s, Ariston e Indesit, 11 stabilimenti di produzione in 5 Paesi europei e 21 Societ\u00e0 commerciali. Consigliere dell'Harvard Business School di Boston dal 1981 al 1994. Cavaliere del lavoro dal 1984. Membro del Censis e della Fondazione Aristide Merloni. Consigliere d'Amministrazione della Editrice Il Sole 24 Ore.<\/p>[\/et_pb_text][et_pb_image src=\"https:\/\/public.confindustria.it\/repository\/2025\/04\/07174055\/Property-1Frame-193-300x300.png\" alt=\"Vittorio Merloni\" title_text=\"vittorio-merloni\" admin_label=\"Image\" _builder_version=\"4.27.4\" _module_preset=\"default\" custom_css_main_element=\"margin-top: auto;\" global_colors_info=\"{}\"][\/et_pb_image][\/et_pb_column][et_pb_column type=\"1_4\" _builder_version=\"4.27.4\" _module_preset=\"default\" custom_padding=\"|||10px|false|false\" custom_css_main_element=\"display: flex;||flex-direction: column;\" border_width_left=\"1px\" global_colors_info=\"{}\"][et_pb_text admin_label=\"anno\" _builder_version=\"4.27.4\" _module_preset=\"default\" header_font=\"|700|||||||\" header_text_color=\"gcid-body-color\" header_font_size=\"71px\" global_colors_info=\"{%22gcid-body-color%22:%91%22header_text_color%22%93}\"]<h1>1984 1988<\/h1>[\/et_pb_text][et_pb_divider show_divider=\"off\" admin_label=\"nome\" _builder_version=\"4.27.4\" _module_preset=\"default\" global_colors_info=\"{}\"][\/et_pb_divider][et_pb_text admin_label=\"divider\" _builder_version=\"4.27.4\" _module_preset=\"default\" header_font=\"|700|||||||\" header_text_color=\"#110000\" header_font_size=\"55px\" min_height=\"175px\" min_height_tablet=\"175px\" min_height_phone=\"175px\" min_height_last_edited=\"on|phone\" global_colors_info=\"{}\" custom_css_free_form=\"||@media (min-width: 1101px){||  selector h1{||    font-size: 45px !important;||  }||}||||@media (min-width: 1400px){||  selector h1{||    font-size: 54px !important;||  }||}||||@media (max-width: 1100px){||  selector h1{||    font-size: 40px !important;||  }||}||||selector h1{||    word-wrap: normal;||    word-break: normal;||}\"]<h1>Luigi Lucchini\u00a0<\/h1>[\/et_pb_text][et_pb_text admin_label=\"vita\" _builder_version=\"4.27.4\" _module_preset=\"default\" global_colors_info=\"{}\"]Nato a Casto (BS) il 21 gennaio 1919.\nNel 1975 nominato Cavaliere al Merito del Lavoro.\nDal 1978 al 1983 presidente dell'Associazione Industriale Bresciana e membro della Giunta di Confindustria.\nDal 1980 al 1982 fa parte del Comitato Consultivo della Comunit\u00e0 Europea in rappresentanza dei produttori siderurgici privati.\nIl 18 giugno 1998 l'Universit\u00e0 degli Studi di Brescia gli conferisce la laurea honoris causa in Economia e Commercio.\nMembro della Giunta di Confindustria e dell'Associazione Industria Bresciana.\nPresidente del Consiglio di Amministrazione di: Banca Commerciale Italiana SpA, Compagnia di Partecipazioni Assicurative e Industriali, Compart SpA - Montedison SpA\nFondazione Lucchini, Lucchini SpA.\nAmministratore Unico di: SINPAR Societ\u00e0 di Investimenti e Partecipazioni SpA.\nVice Presidente di: Consortium SpA - Istituto di Cultura Bancaria.\nConsigliere di Amministrazione di: Assicurazioni Generali SpA (Membro anche del Comitato Esecutivo), Associazione Bancaria Italiana, Eridania B\u00e8ghin Say S.A.\nISPI - Istituto per gli Studi di Politica Internazionale, Mediobanca SpA,\nOlivetti SpA.\nPresidente del Sindacato di Blocco di:\nGemina SpA.[\/et_pb_text][et_pb_image src=\"https:\/\/public.confindustria.it\/repository\/2025\/04\/07182552\/Property-1Frame-194.png\" alt=\"Luigi Lucchini\" title_text=\"luigi-lucchini\" admin_label=\"Image\" _builder_version=\"4.27.4\" _module_preset=\"default\" custom_css_main_element=\"margin-top: auto;\" global_colors_info=\"{}\"][\/et_pb_image][\/et_pb_column][et_pb_column type=\"1_4\" _builder_version=\"4.27.4\" _module_preset=\"default\" custom_padding=\"|||10px|false|false\" custom_css_main_element=\"display: flex;||flex-direction: column;\" border_width_left=\"1px\" global_colors_info=\"{}\"][et_pb_text admin_label=\"anno\" _builder_version=\"4.27.4\" _module_preset=\"default\" header_font=\"|700|||||||\" header_text_color=\"gcid-body-color\" header_font_size=\"71px\" global_colors_info=\"{%22gcid-body-color%22:%91%22header_text_color%22%93}\"]<h1>1988\u00a0 1992<\/h1>[\/et_pb_text][et_pb_divider show_divider=\"off\" admin_label=\"nome\" _builder_version=\"4.27.4\" _module_preset=\"default\" global_colors_info=\"{}\"][\/et_pb_divider][et_pb_text admin_label=\"divider\" _builder_version=\"4.27.4\" _module_preset=\"default\" header_font=\"|700|||||||\" header_text_color=\"#110000\" header_font_size=\"55px\" min_height=\"175px\" min_height_tablet=\"175px\" min_height_phone=\"175px\" min_height_last_edited=\"on|phone\" global_colors_info=\"{}\" custom_css_free_form=\"||@media (min-width: 1101px){||  selector h1{||    font-size: 45px !important;||  }||}||||@media (min-width: 1400px){||  selector h1{||    font-size: 54px !important;||  }||}||||@media (max-width: 1100px){||  selector h1{||    font-size: 40px !important;||  }||}||||selector h1{||    word-wrap: normal;||    word-break: normal;||}\"]<h1>Sergio Pinifarina<\/h1>[\/et_pb_text][et_pb_text admin_label=\"vita\" _builder_version=\"4.27.4\" _module_preset=\"default\" global_colors_info=\"{}\"]<p>Nato a Torino l'8 settembre 1926. Laureato in Ingegneria Meccanica. Inizia la sua attivit\u00e0 nell'industria paterna, la Carrozzeria Pininfarina, nel 1950. Nel 1959-1968 avvia e porta a termine la progettazione e la costruzione di un nuovo stabilimento a Grugliasco (Torino).<br \/>Nel 1960 assume la carica di Direttore Generale della Societ\u00e0 e un anno dopo anche quella di Amministratore Delegato.<br \/>Nel 1964 avvia la costruzione di un nuovo Centro Studi e Ricerche, inaugurato nel 1966. Nel 1966 assume la carica di Presidente della Societ\u00e0.\u00a0 Dal 1970 \u00e8 Presidente Onorario del Gruppo Anziani Pininfarina. Dal 1974 al 1977 insegna \"Progettazione di carrozzeria\" al Politecnico di Torino. Luglio 1978 - giugno 1984: Presidente dell'Unione Industriale di Torino. Luglio 1979 - giugno 1988: Deputato al Parlamento Europeo.<br \/>Ottobre 1983 - giugno 1988: Presidente della Federazione delle Associazioni Industriali del Piemonte. Maggio 1987 - giugno 1989: Presidente dell'OICA (Organisation Internationale des Constructeurs d'Automobiles). Gennaio - luglio 1997: Amministratore dell'AUME (Association pour l'Union Mon\u00e8taire de l'Europe). Delegato per l'Italia. Dicembre 1990 - dicembre 1994: Vice Presidente dell'UNICE (Union of Industrial and Employers' Confederations of Europe).<br \/>Marzo 1993 - luglio 1996: Presidente del Comitato Leonardo - Italian Quality Committee.<br \/>Principali cariche ricoperte: Co-Presidente del Comitato per la direttrice europea transpadana, Presidente della Fidia SpA, Fondo Interbancario d'Investimento Azionario,\u00a0Vice Presidente Banca CRT SpA.<br \/>Consigliere di Amministrazione di: Ferrari SpA, Toro Assicurazioni SpA,\u00a0Banca Passadore,\u00a0Banca Brignone,\u00a0LUISS - Libera Universit\u00e0 Internazionale Studi Sociali,\u00a0Cartiere Burgo SpA,\u00a0Consigliere Federale della Federazione Italiana Golf. Nell'ambito del Gruppo Pininfarina: Pininfarina SpA: Presidente e Amministratore Delegato,\u00a0Industrie Pininfarina SpA: Presidente e Amministratore Delegato,\u00a0Pininfarina Studi e Ricerche SpA: Presidente e Amministratore Delegato,\u00a0Pininfarina Extra Srl: Presidente Onorario, Senatore a vita dal settembre 2005.<\/p>[\/et_pb_text][et_pb_image src=\"https:\/\/public.confindustria.it\/repository\/2025\/04\/07183019\/Property-1Frame-195.png\" alt=\"Sergio Pininfarina\" title_text=\"sergio-pininfarina\" admin_label=\"Image\" _builder_version=\"4.27.4\" _module_preset=\"default\" custom_css_main_element=\"margin-top: auto;\" global_colors_info=\"{}\"][\/et_pb_image][\/et_pb_column][et_pb_column type=\"1_4\" _builder_version=\"4.27.4\" _module_preset=\"default\" custom_padding=\"|||10px|false|false\" custom_css_main_element=\"display: flex;||flex-direction: column;\" border_width_left=\"1px\" global_colors_info=\"{}\"][et_pb_text admin_label=\"anno\" _builder_version=\"4.27.4\" _module_preset=\"default\" text_text_color=\"gcid-body-color\" header_font=\"|700|||||||\" header_text_color=\"gcid-body-color\" header_font_size=\"71px\" global_colors_info=\"{%22gcid-body-color%22:%91%22text_text_color%22,%22header_text_color%22%93}\"]<h1>1992 1996<\/h1>[\/et_pb_text][et_pb_divider show_divider=\"off\" admin_label=\"nome\" _builder_version=\"4.27.4\" _module_preset=\"default\" global_colors_info=\"{}\"][\/et_pb_divider][et_pb_text admin_label=\"divider\" _builder_version=\"4.27.4\" _module_preset=\"default\" header_font=\"|700|||||||\" header_text_color=\"#110000\" header_font_size=\"55px\" min_height=\"175px\" min_height_tablet=\"175px\" min_height_phone=\"175px\" min_height_last_edited=\"on|phone\" global_colors_info=\"{}\" custom_css_free_form=\"||@media (min-width: 1101px){||  selector h1{||    font-size: 45px !important;||  }||}||||@media (min-width: 1400px){||  selector h1{||    font-size: 54px !important;||  }||}||||@media (max-width: 1100px){||  selector h1{||    font-size: 40px !important;||  }||}||||selector h1{||    word-wrap: normal;||    word-break: normal;||}\"]<h1>Luigi <br \/>Abete<\/h1>[\/et_pb_text][et_pb_text admin_label=\"vita\" _builder_version=\"4.27.4\" _module_preset=\"default\" global_colors_info=\"{}\"]<p>Nato a Roma il 17 febbraio 1947. Laureato in Giurisprudenza. <br \/>Dal 1978 al 1982 presidente del Comitato Nazionale Giovani Imprenditori della Confindustria. Dal 1983 al 1986 presidente della Federazione Industriali del Lazio.<br \/>Dal 1991 Componente del CNEL - Consiglio Nazionale dell'Economia e del Lavoro.<br \/>Dal 1993 presidente dell'Universit\u00e0 LUISS Guido Carli.<br \/>Amministratore delegato di Cinecitt\u00e0 Holding SpA, nonch\u00e9 Presidente di Cinecitt\u00e0 Servizi SpA, societ\u00e0 che ha attuato e gestito la privatizzazione del complesso aziendale di Cinecitt\u00e0.<br \/>Presidente della A.BE.T.E. SpA - Azienda Beneventana Tipografica Editoriale, finanziaria operante nel settore grafico-cartotecnico, editoriale e turistico- alberghiero.<br \/>Componente del Consiglio di Amministrazione della Siemens SpA, nonch\u00e9 socio dell'Ente Cassa di Risparmio di Roma.<br \/>Dal 1998 presidente della Banca Nazionale del Lavoro SpA.<\/p>[\/et_pb_text][et_pb_image src=\"https:\/\/public.confindustria.it\/repository\/2025\/04\/07183348\/Property-1Frame-196.png\" alt=\"Luigi Abete\" title_text=\"luigi-abete\" admin_label=\"Image\" _builder_version=\"4.27.4\" _module_preset=\"default\" custom_css_main_element=\"margin-top: auto;\" global_colors_info=\"{}\"][\/et_pb_image][\/et_pb_column][\/et_pb_row][et_pb_row _builder_version=\"4.27.4\" _module_preset=\"default\" width=\"90%\" max_width=\"1600px\" global_colors_info=\"{}\"][et_pb_column type=\"4_4\" _builder_version=\"4.27.4\" _module_preset=\"default\" global_colors_info=\"{}\"][et_pb_divider _builder_version=\"4.27.4\" _module_preset=\"default\" global_colors_info=\"{}\"][\/et_pb_divider][\/et_pb_column][\/et_pb_row][et_pb_row column_structure=\"1_4,1_4,1_4,1_4\" make_equal=\"on\" _builder_version=\"4.27.4\" _module_preset=\"default\" width=\"90%\" max_width=\"1600px\" global_colors_info=\"{}\"][et_pb_column type=\"1_4\" _builder_version=\"4.27.4\" _module_preset=\"default\" custom_padding=\"|||10px|false|false\" custom_css_main_element=\"display: flex;||flex-direction: column;\" border_width_left=\"1px\" global_colors_info=\"{}\"][et_pb_text admin_label=\"anno\" _builder_version=\"4.27.4\" _module_preset=\"default\" header_font=\"|700|||||||\" header_text_color=\"gcid-body-color\" header_font_size=\"71px\" global_colors_info=\"{%22gcid-body-color%22:%91%22header_text_color%22%93}\"]<h1>1996 2000<\/h1>[\/et_pb_text][et_pb_divider show_divider=\"off\" admin_label=\"nome\" _builder_version=\"4.27.4\" _module_preset=\"default\" global_colors_info=\"{}\"][\/et_pb_divider][et_pb_text admin_label=\"divider\" _builder_version=\"4.27.4\" _module_preset=\"default\" header_font=\"|700|||||||\" header_text_color=\"#110000\" header_font_size=\"55px\" min_height=\"175px\" min_height_tablet=\"175px\" min_height_phone=\"175px\" min_height_last_edited=\"on|phone\" global_colors_info=\"{}\" custom_css_free_form=\"||@media (min-width: 1101px){||  selector h1{||    font-size: 45px !important;||  }||}||||@media (min-width: 1400px){||  selector h1{||    font-size: 54px !important;||  }||}||||@media (max-width: 1100px){||  selector h1{||    font-size: 40px !important;||  }||}||||selector h1{||    word-wrap: normal;||    word-break: normal;||}\"]<h1><span>Giorgio Fossa<\/span><\/h1>[\/et_pb_text][et_pb_text admin_label=\"vita\" _builder_version=\"4.27.4\" _module_preset=\"default\" global_colors_info=\"{}\"]Nato a Gallarate (Va) il 1\u00b0 settembre 1954. Laureato in Giurisprudenza. Imprenditore industriale, settore meccanico. Amministratore unico della Silvio Fossa S.p.A, azienda operante nella progettazione, lavorazione e assemblaggio di cilindri idraulici, pneumatici e rotanti, standard e speciali. Diversifica la sua attivit\u00e0 investendo in societ\u00e0 operanti nel settore manifatturiero e in quello finanziario. Dal marzo 1982 socio accomandante di Marmont Sas. Dall'ottobre 1990, consigliere \"Industria e Universit\u00e0 Srl\"\nDal dicembre 1992, socio amministratore di Gieffe SS e di Nicto SS, operanti nel settore mobiliare ed immobiliare. Dal 1995 al 1996 presidente del consiglio di amministrazione de Il Sole 24Ore\nDa dicembre 1996, Consigliere della LUISS. Da aprile 1998 membro del consiglio di amministrazione della Valentino SpA e membro del consiglio di amministrazione del Libero Istituto Universitario Cattaneo (LIUC). Cariche associative: dal 1985 al 1987 Presidente Gruppo Merceologico Meccanico dell'Associazione Industriali della Provincia di Varese; dal 1987 al 1993 Presidente del Comitato Piccola Industria dell'Associazione Industriali della Provincia di Varese; dal 1987 al 1996 Membro del Comitato Nazionale e del Consiglio Centrale della Piccola Industria di Confindustria, da maggio 1992 Membro del Consiglio Direttivo di Confindustria. Dal 1993 al 1996 Presidente del Consiglio Centrale per la Piccola Industria e Vice Presidente di Confindustria; dal 1994 al 1996 Vice Presidente per la politica industriale di Confindustria e Presidente del Comitato Tecnico Economia e Impresa di Confindustria\nDa agosto 1997 Vice Presidente UNICE - Union des Conf\u00e9d\u00e9ration et des Employeurs d'Europ; da luglio 1997 Membro Consiglio di Amministrazione AUME - Association pour l'Union Mon\u00e9taire de l'Europe.[\/et_pb_text][et_pb_image src=\"https:\/\/public.confindustria.it\/repository\/2025\/04\/14180725\/Property-1Frame-197.png\" alt=\"Giorgio Fossa\" title_text=\"giorgio-fossa\" admin_label=\"Image\" _builder_version=\"4.27.4\" _module_preset=\"default\" custom_css_main_element=\"margin-top: auto;\" global_colors_info=\"{}\"][\/et_pb_image][\/et_pb_column][et_pb_column type=\"1_4\" _builder_version=\"4.27.4\" _module_preset=\"default\" custom_padding=\"|||10px|false|false\" custom_css_main_element=\"display: flex;||flex-direction: column;\" border_width_left=\"1px\" global_colors_info=\"{}\"][et_pb_text admin_label=\"anno\" _builder_version=\"4.27.4\" _module_preset=\"default\" header_font=\"|700|||||||\" header_text_color=\"gcid-body-color\" header_font_size=\"71px\" global_colors_info=\"{%22gcid-body-color%22:%91%22header_text_color%22%93}\"]<h1>2000 2004<\/h1>[\/et_pb_text][et_pb_divider show_divider=\"off\" admin_label=\"nome\" _builder_version=\"4.27.4\" _module_preset=\"default\" global_colors_info=\"{}\"][\/et_pb_divider][et_pb_text admin_label=\"divider\" _builder_version=\"4.27.4\" _module_preset=\"default\" header_font=\"|700|||||||\" header_text_color=\"#110000\" header_font_size=\"55px\" min_height=\"175px\" min_height_tablet=\"175px\" min_height_phone=\"175px\" min_height_last_edited=\"on|phone\" global_colors_info=\"{}\" custom_css_free_form=\"||@media (min-width: 1101px){||  selector h1{||    font-size: 45px !important;||  }||}||||@media (min-width: 1400px){||  selector h1{||    font-size: 54px !important;||  }||}||||@media (max-width: 1100px){||  selector h1{||    font-size: 40px !important;||  }||}||||selector h1{||    word-wrap: normal;||    word-break: normal;||}\"]<h1>Antonio D'Amato<\/h1>[\/et_pb_text][et_pb_text admin_label=\"vita\" _builder_version=\"4.27.4\" _module_preset=\"default\" global_colors_info=\"{}\"]Nato a Napoli il 16 giugno 1957.\nLaureato in Giurisprudenza, assume giovanissimo la guida della Cartoprint e successivamente di altre aziende del gruppo Finseda, fondato dal padre Salvatore, di cui diventa presidente nel 1991.\nLeader in Europa nella produzione di imballaggi per alimenti, con stabilimenti ad Arzano ed in altre aree italiane, la Finseda conta circa 2000 dipendenti e produce il 50 per cento del suo fatturato all\u2019estero, in Germania, Belgio, Gran Bretagna e Portogallo.\nPresidente dei Giovani Imprenditori, prima a Napoli e poi a livello nazionale dal 1986 al 1990.\nIn Confindustria incaricato per il mezzogiorno dal 1996 al 1999 e, dal giugno 1999, presidente dell\u2019Unione Industriali di Napoli.\nVice presidente dell\u2019Unice e consigliere del Cnel.\nDal 2001 al 2004 presidente della Luiss Guido Carli[\/et_pb_text][et_pb_image src=\"https:\/\/public.confindustria.it\/repository\/2025\/04\/14180949\/Property-1Frame-198.png\" alt=\"Antonio D'Amato\" title_text=\"antonio-d-amato\" admin_label=\"Image\" _builder_version=\"4.27.4\" _module_preset=\"default\" custom_css_main_element=\"margin-top: auto;\" global_colors_info=\"{}\"][\/et_pb_image][\/et_pb_column][et_pb_column type=\"1_4\" _builder_version=\"4.27.4\" _module_preset=\"default\" custom_padding=\"|||10px|false|false\" custom_css_main_element=\"display: flex;||flex-direction: column;\" border_width_left=\"1px\" global_colors_info=\"{}\"][et_pb_text admin_label=\"anno\" _builder_version=\"4.27.4\" _module_preset=\"default\" header_font=\"|700|||||||\" header_text_color=\"gcid-body-color\" header_font_size=\"71px\" global_colors_info=\"{%22gcid-body-color%22:%91%22header_text_color%22%93}\"]<h1>2004\u00a0 2008<\/h1>[\/et_pb_text][et_pb_divider show_divider=\"off\" admin_label=\"nome\" _builder_version=\"4.27.4\" _module_preset=\"default\" global_colors_info=\"{}\"][\/et_pb_divider][et_pb_text admin_label=\"divider\" _builder_version=\"4.27.4\" _module_preset=\"default\" header_font=\"|700|||||||\" header_text_color=\"#110000\" header_font_size=\"55px\" min_height=\"175px\" global_colors_info=\"{}\" min_height_tablet=\"175px\" min_height_phone=\"175px\" min_height_last_edited=\"on|phone\" custom_css_free_form=\"||@media (min-width: 1101px){||  selector h1{||    font-size: 45px !important;||  }||}||||@media (min-width: 1400px){||  selector h1{||    font-size: 54px !important;||  }||}||||@media (max-width: 1100px){||  selector h1{||    font-size: 40px !important;||  }||}||||selector h1{||    word-wrap: normal;||    word-break: normal;||}\"]<h1>Luca Cordero di Montezemolo<\/h1>[\/et_pb_text][et_pb_text admin_label=\"vita\" _builder_version=\"4.27.4\" _module_preset=\"default\" global_colors_info=\"{}\"]Nato a Bologna il 31 agosto 1947. Laurea in Giurisprudenza. Specializzazione in Diritto Commerciale Internazionale presso la Columbia University di New York\nLaurea Honoris Causa in Ingegneria Meccanica dall\u2019Universit\u00e0 degli Studi di Modena ed in Gestione. Integrata d\u2019Impresa dalla Fondazione CUOA di Vicenza. Presidente FIAT. Presidente e Amministratore Delegato della Ferrari. Presidente e Amministratore Delegato della Maserati. Presidente della Fiera Internazionale di Bologna.\nPresidente della Luiss, Libera Universit\u00e0 Internazionale degli Studi Sociali Guido Carli\nConsigliere di Amministrazione di:\nLa Stampa, PPR \u2013 Pinault\/Printemps Redoute\nTod\u2019s, Merloni Elettrodomestici, Campari\nBologna Calcio.\nHa ricoperto gli incarichi di: Presidente della FIEG \u2013 Federazione Italiana Editori Giornali\nConsigliere di Amministrazione Unicredit Banca d\u2019Impresa, Presidente degli Industriali della Provincia di Modena, Amministratore Delegato della RCS Video, Consigliere di Amministrazione di TF1, Direttore Generale del Comitato Organizzatore della Coppa del Mondo di Calcio ITALIA \u201990, Amministratore Delegato della Cinzano International e responsabile dell\u2019organizzazione di Azzurra a Ginevra, Amministratore Delegato della ITEDI\nDirettore delle Relazioni Esterne del Gruppo FIAT. Team Manager della Scuderia Ferrari\nAssistente di Enzo Ferrari. Nominato dal Financial Times tra i cinquanta migliori manager del Mondo del 2004. Ha fondato Charme, fondo finanziario-imprenditoriale, con cui nel 2003 ha acquisito Poltrona Frau e nel 2004 Ballantyne.[\/et_pb_text][et_pb_image src=\"https:\/\/public.confindustria.it\/repository\/2025\/04\/14181959\/Property-1Frame-199.png\" alt=\"Luca Cordero di Montezemolo\" title_text=\"luca-cordero-di-montezemolo\" admin_label=\"Image\" _builder_version=\"4.27.4\" _module_preset=\"default\" custom_css_main_element=\"margin-top: auto;\" global_colors_info=\"{}\"][\/et_pb_image][\/et_pb_column][et_pb_column type=\"1_4\" _builder_version=\"4.27.4\" _module_preset=\"default\" custom_padding=\"|||10px|false|false\" custom_css_main_element=\"display: flex;||flex-direction: column;\" border_width_left=\"1px\" global_colors_info=\"{}\"][et_pb_text admin_label=\"anno\" _builder_version=\"4.27.4\" _module_preset=\"default\" text_text_color=\"gcid-body-color\" header_font=\"|700|||||||\" header_text_color=\"gcid-body-color\" header_font_size=\"71px\" global_colors_info=\"{%22gcid-body-color%22:%91%22text_text_color%22,%22header_text_color%22%93}\"]<h1>2008 2012<\/h1>[\/et_pb_text][et_pb_divider show_divider=\"off\" admin_label=\"nome\" _builder_version=\"4.27.4\" _module_preset=\"default\" global_colors_info=\"{}\"][\/et_pb_divider][et_pb_text admin_label=\"divider\" _builder_version=\"4.27.4\" _module_preset=\"default\" header_font=\"|700|||||||\" header_text_color=\"#110000\" header_font_size=\"55px\" min_height=\"175px\" min_height_tablet=\"175px\" min_height_phone=\"175px\" min_height_last_edited=\"on|phone\" global_colors_info=\"{}\" custom_css_free_form=\"||@media (min-width: 1101px){||  selector h1{||    font-size: 45px !important;||  }||}||||@media (min-width: 1400px){||  selector h1{||    font-size: 54px !important;||  }||}||||@media (max-width: 1100px){||  selector h1{||    font-size: 40px !important;||  }||}||||selector h1{||    word-wrap: normal;||    word-break: normal;||}\"]<h1>Emma Marcegaglia<\/h1>[\/et_pb_text][et_pb_text admin_label=\"vita\" _builder_version=\"4.27.4\" _module_preset=\"default\" global_colors_info=\"{}\"]Nata a Mantova nel 1965.\nLaurea in Economia Aziendale.\nMaster in Business Administration presso la New York University.\nAmministratore Delegato della Societ\u00e0 Marcegaglia S.p.A. e di tutte le Societ\u00e0 controllate. Presidente della Fondazione Aret\u00e9 Onlus per il sostegno dell'attivit\u00e0; Vita-Salute San Raffaele. Membro permanente del \"Enterprise Policy Group - Professional Chamber\" e del Comitato Esecutivo dell'Aspen Institute Italia\nHa ricoperto gli incarichi di: Vice Presidente di Confindustria per l'Europa\nPresidente Nazionale dei Giovani Imprenditori di Confindustria\nPresidente dello YES (Young Entrepreneurs for Europe), Vice Presidente Nazionale dei Giovani Imprenditori di Confindustria.[\/et_pb_text][et_pb_image src=\"https:\/\/public.confindustria.it\/repository\/2025\/04\/14182241\/Property-1Frame-200.png\" alt=\"Emma Marcegaglia\" title_text=\"emma-marcegaglia\" admin_label=\"Image\" _builder_version=\"4.27.4\" _module_preset=\"default\" custom_css_main_element=\"margin-top: auto;\" global_colors_info=\"{}\"][\/et_pb_image][\/et_pb_column][\/et_pb_row][et_pb_row _builder_version=\"4.27.4\" _module_preset=\"default\" width=\"90%\" max_width=\"1600px\" global_colors_info=\"{}\"][et_pb_column type=\"4_4\" _builder_version=\"4.27.4\" _module_preset=\"default\" global_colors_info=\"{}\"][et_pb_divider _builder_version=\"4.27.4\" _module_preset=\"default\" global_colors_info=\"{}\"][\/et_pb_divider][\/et_pb_column][\/et_pb_row][et_pb_row column_structure=\"1_4,1_4,1_4,1_4\" make_equal=\"on\" _builder_version=\"4.27.4\" _module_preset=\"default\" global_colors_info=\"{}\" header_font=\"|700|||||||\" header_text_color=\"#110000\" header_font_size=\"55px\" min_height=\"175px\" min_height_tablet=\"175px\" min_height_phone=\"175px\" min_height_last_edited=\"on|phone\" custom_css_free_form=\"||@media (min-width: 1101px){||  selector h1{||    font-size: 35px;||  }||}||||@media (min-width: 1400px){||  selector h1{||    font-size: 54px;||  }||}||||@media (max-width: 1100px){||  selector h1{||    font-size: 30px;||  }||}||||selector h1{||    word-wrap: normal;||    word-break: normal;||}\"][et_pb_column type=\"1_4\" _builder_version=\"4.27.4\" _module_preset=\"default\" custom_padding=\"|||10px|false|false\" custom_css_main_element=\"display: flex;||flex-direction: column;\" border_width_left=\"1px\" global_colors_info=\"{}\"][et_pb_text admin_label=\"anno\" _builder_version=\"4.27.4\" _module_preset=\"default\" header_font=\"|700|||||||\" header_text_color=\"gcid-body-color\" header_font_size=\"71px\" hover_enabled=\"0\" global_colors_info=\"{%22gcid-body-color%22:%91%22header_text_color%22%93}\" sticky_enabled=\"0\"]<h1>2012 <br \/>2016<\/h1>[\/et_pb_text][et_pb_divider show_divider=\"off\" admin_label=\"nome\" _builder_version=\"4.27.4\" _module_preset=\"default\" global_colors_info=\"{}\" header_font=\"|700|||||||\" header_text_color=\"#110000\" header_font_size=\"55px\" custom_css_free_form=\"||@media (min-width: 1101px){||  selector h1{||    font-size: 35px;||  }||}||||@media (min-width: 1400px){||  selector h1{||    font-size: 54px;||  }||}||||@media (max-width: 1100px){||  selector h1{||    font-size: 30px;||  }||}||||selector h1{||    word-wrap: normal;||    word-break: normal;||}\"][\/et_pb_divider][et_pb_text admin_label=\"divider\" _builder_version=\"4.27.4\" _module_preset=\"default\" header_font=\"|700|||||||\" header_text_color=\"#110000\" header_font_size=\"55px\" min_height=\"175px\" min_height_tablet=\"175px\" min_height_phone=\"175px\" min_height_last_edited=\"on|phone\" global_colors_info=\"{}\" custom_css_free_form=\"||@media (min-width: 1101px){||  selector h1{||    font-size: 45px !important;||  }||}||||@media (min-width: 1400px){||  selector h1{||    font-size: 54px !important;||  }||}||||@media (max-width: 1100px){||  selector h1{||    font-size: 40px !important;||  }||}||||selector h1{||    word-wrap: normal;||    word-break: normal;||}\"]<h1><span>Giorgio Squinzi<\/span><\/h1>[\/et_pb_text][et_pb_text admin_label=\"vita\" _builder_version=\"4.27.4\" _module_preset=\"default\" global_colors_info=\"{}\"]Giorgio Squinzi, milanese, nato il 18 maggio 1943, \u00e8 coniugato e ha 2 figli. \u00c8 laureato in Chimica Industriale all'Universit\u00e0 degli Studi di Milano. \u00c8 cofondatore col padre, nel 1970, della Mapei S.n.c. (che amplia l'attivit\u00e0 precedente della ditta Mapei fondata nel 1937 dal padre stesso) assumendo, in particolare, la responsabilit\u00e0 dell'area ricerca e sviluppo tecnologico. Nel 1976 con la costituzione della Mapei S.p.A. ne diventa Direttore Generale.\nNel 1978 inizia il processo di internazionalizzazione dell'azienda, fondando la prima organizzazione estera in Canada.\nNel dicembre 1984 diviene Amministratore Unico della Mapei. Attualmente il Gruppo industriale \u00e8 composto da 70 aziende consociate, con 54 stabilimenti produttivi di cui 9 operanti in Italia e gli altri nel resto del mondo, in 31 paesi nei 5 continenti. Il fatturato totale del Gruppo nel 2011 \u00e8 stato di 2,1 miliardi di euro. I dipendenti diretti sono 7500. Uno dei risultati pi\u00f9 significativi raggiunti nella sua carriera imprenditoriale \u00e8 quello di non avere mai effettuato licenziamenti per riduzione di organici e di non aver mai chiesto trattamenti di cassa integrazione. E' autore di numerosi articoli tecnici, pubblicati su riviste nazionali e internazionali. Parla correntemente inglese, francese, tedesco e spagnolo. Nel 1989 \u00e8 stato eletto Presidente del Technical Committee 67 WG3 \"Adesivi per piastrelle ceramiche\" del CEN - Comitato Europeo di Normazione. E' rappresentante italiano nel Technical Committee 189 ISO.\nIl 7 dicembre 1996 \u00e8 stato premiato dal Sindaco di Milano con l'\"Ambrogino d'oro\" per il suo impegno come imprenditore e sportivo a favore della citt\u00e0 di Milano. Il 6 aprile 1998 gli \u00e8 stata conferita la massima onorificenza di Cavaliere di S. Gregorio Magno in Vaticano. Il 2 giugno 1998 \u00e8 stato nominato Cavaliere del Lavoro. Il 21 dicembre 1998 \u00e8 stato nominato \"Commandeur de l'Ordre de la Couronne\" in Belgio. Il 10 dicembre 2002 il Politecnico di Milano gli ha conferito la laurea ad honorem in Ingegneria Chimica. Il 4 dicembre 2006 ha ricevuto dal Presidente della Repubblica Giorgio Napolitano il prestigioso Premio Leonardo Qualit\u00e0 Italia e il 5 giugno 2007 il Premio Barocco per la categoria \"industriali\". Da giugno 2005 a giugno 2011 \u00e8 stato nuovamente Presidente di Federchimica, Federazione Nazionale dell'Industria Chimica; di cui era gi\u00e0 stato Presidente dal 1997 al 2003. \u00c8 Vicepresidente del Museo Nazionale della Scienza e della Tecnologia \"Leonardo da Vinci\" da luglio 2009 in rappresentanza del Comune di Milano. Da ottobre 2010 a settembre 2012 \u00e8 stato Presidente del CEFIC, l'Associazione dell'Industria Chimica Europea, cui aderiscono 29.000 aziende che rappresentano un quarto della produzione chimica mondiale. E' stato il primo imprenditore ad essere eletto alla guida del Cefic, precedentemente presieduto da manager. Da giugno 2011 a maggio 2012 \u00e8 stato Consigliere Superiore della Banca d'Italia.\nComponente del Consiglio Direttivo e della Giunta di Confindustria, \u00e8 stato Vicepresidente con delega per l'innovazione e lo sviluppo tecnologico da luglio 2003 a maggio 2004; da maggio 2010 \u00e8 Presidente del Comitato Tecnico con Delega all'Europa. Dal 24 maggio 2012 \u00e8 Presidente di Confindustria.[\/et_pb_text][et_pb_image src=\"https:\/\/public.confindustria.it\/repository\/2025\/04\/14182718\/Property-1Frame-201.png\" alt=\"Giorgio Squinzi\" title_text=\"giorgio-squinzi\" admin_label=\"Image\" _builder_version=\"4.27.4\" _module_preset=\"default\" custom_css_main_element=\"margin-top: auto;\" global_colors_info=\"{}\"][\/et_pb_image][\/et_pb_column][et_pb_column type=\"1_4\" _builder_version=\"4.27.4\" _module_preset=\"default\" custom_padding=\"|||10px|false|false\" custom_css_main_element=\"display: flex;||flex-direction: column;\" border_width_left=\"1px\" global_colors_info=\"{}\"][et_pb_text admin_label=\"anno\" _builder_version=\"4.27.4\" _module_preset=\"default\" header_font=\"|700|||||||\" header_text_color=\"gcid-body-color\" header_font_size=\"71px\" hover_enabled=\"0\" global_colors_info=\"{%22gcid-body-color%22:%91%22header_text_color%22%93}\" sticky_enabled=\"0\"]<h1>2016 <br \/>2020<\/h1>[\/et_pb_text][et_pb_divider show_divider=\"off\" admin_label=\"nome\" _builder_version=\"4.27.4\" _module_preset=\"default\" global_colors_info=\"{}\"][\/et_pb_divider][et_pb_text admin_label=\"divider\" _builder_version=\"4.27.4\" _module_preset=\"default\" header_font=\"|700|||||||\" header_text_color=\"#110000\" header_font_size=\"55px\" min_height=\"175px\" min_height_tablet=\"175px\" min_height_phone=\"175px\" min_height_last_edited=\"on|phone\" global_colors_info=\"{}\" custom_css_free_form=\"||@media (min-width: 1101px){||  selector h1{||    font-size: 45px !important;||  }||}||||@media (min-width: 1400px){||  selector h1{||    font-size: 54px !important;||  }||}||||@media (max-width: 1100px){||  selector h1{||    font-size: 40px !important;||  }||}||||selector h1{||    word-wrap: normal;||    word-break: normal;||}\"]<h1>Vincenzo Boccia<\/h1>[\/et_pb_text][et_pb_text admin_label=\"vita\" _builder_version=\"4.27.4\" _module_preset=\"default\" global_colors_info=\"{}\"]Eletto il 25 maggio 2016, \u00e8 il trentesimo presidente dell'Associazione. Succede a Giorgio Squinzi e sar\u00e0 in carica per il quadriennio 2016-2020.\nClasse 1964, laurea in Economia e Commercio, \u00e8 Amministratore Delegato della Arti Grafiche Boccia SpA di Salerno, azienda che opera da oltre 50 anni nel settore grafico, in particolare nel segmento della stampa di periodici specializzati, quotidiani, libri e stampati per la grande distribuzione.\nFin dai primi anni \u201990 \u00e8 stato esponente del Gruppo Giovani Imprenditori, giungendo a ricoprire nel 2000 l\u2019incarico di Vice Presidente nazionale.\n\u00c8 stato Presidente di Confindustria Assafrica&Mediterraneo e componente della Giunta e del Consiglio Direttivo di Assografici.\nDal 2009 al 2013 \u00e8 stato Presidente della Piccola Industria di Confindustria.\nNel corso della presidenza Squinzi ha guidato il Comitato tecnico Credito e Finanza.[\/et_pb_text][et_pb_image src=\"https:\/\/public.confindustria.it\/repository\/2025\/04\/14183010\/Property-1Frame-202.png\" alt=\"Vincenzo Boccia\" title_text=\"vincenzo boccia\" admin_label=\"Image\" _builder_version=\"4.27.4\" _module_preset=\"default\" custom_css_main_element=\"margin-top: auto;\" global_colors_info=\"{}\"][\/et_pb_image][\/et_pb_column][et_pb_column type=\"1_4\" _builder_version=\"4.27.4\" _module_preset=\"default\" custom_padding=\"|||10px|false|false\" custom_css_main_element=\"display: flex;||flex-direction: column;\" border_width_left=\"1px\" global_colors_info=\"{}\"][et_pb_text admin_label=\"anno\" _builder_version=\"4.27.4\" _module_preset=\"default\" header_font=\"|700|||||||\" header_text_color=\"gcid-body-color\" header_font_size=\"71px\" hover_enabled=\"0\" global_colors_info=\"{%22gcid-body-color%22:%91%22header_text_color%22%93}\" sticky_enabled=\"0\"]<h1>2020\u00a0<br \/>2024<\/h1>[\/et_pb_text][et_pb_divider show_divider=\"off\" admin_label=\"nome\" _builder_version=\"4.27.4\" _module_preset=\"default\" global_colors_info=\"{}\"][\/et_pb_divider][et_pb_text admin_label=\"divider\" _builder_version=\"4.27.4\" _module_preset=\"default\" header_font=\"|700|||||||\" header_text_color=\"#110000\" header_font_size=\"55px\" min_height=\"175px\" min_height_tablet=\"175px\" min_height_phone=\"175px\" min_height_last_edited=\"on|phone\" global_colors_info=\"{}\" custom_css_free_form=\"||@media (min-width: 1101px){||  selector h1{||    font-size: 35px;||  }||}||||@media (min-width: 1400px){||  selector h1{||    font-size: 54px;||  }||}||||@media (max-width: 1100px){||  selector h1{||    font-size: 30px;||  }||}||||selector h1{||    word-wrap: normal;||    word-break: normal;||}\"]<h1>Carlo Bonomi<\/h1>[\/et_pb_text][et_pb_text admin_label=\"vita\" _builder_version=\"4.27.4\" _module_preset=\"default\" global_colors_info=\"{}\"]Carlo Bonomi \u00e8 stato il Presidente di Confindustria dal 2020 al 2024.\n\u00c8 imprenditore nel settore biomedicale, Presidente del Gruppo MedTech S.p.A. (Sidam S.r.l., Emotec S.r.l).\n\u00c8 Presidente di Fiera Milano S.p.A., componente del CdA di Fiere di Parma S.p.A.(da marzo 2023), del CdA dell\u2019Universit\u00e0 Bocconi e Consigliere indipendente di Muzinich & Co. SGR S.p.A. \u00c8, inoltre, Presidente dei CdA di Ocean S.r.l. e Marsupium S.r.l.\nAttivo in Confindustria sin dalla sua partecipazione al Movimento dei Giovani Imprenditori, \u00e8 stato componente degli organi direttivi della confederazione sia a livello territoriale, fino alla sua elezione a Presidente di Assolombarda dal 2017 al 2020, sia a livello nazionale ricoprendo, fra le altre, la carica di Presidente del Gruppo Tecnico per il Fisco dal 2016 al 2020.[\/et_pb_text][et_pb_image src=\"https:\/\/public.confindustria.it\/repository\/2025\/04\/14183307\/Property-1Frame-203.png\" alt=\"Carlo Bonomi\" title_text=\"carlo-bonomi\" admin_label=\"Image\" _builder_version=\"4.27.4\" _module_preset=\"default\" custom_css_main_element=\"margin-top: auto;\" global_colors_info=\"{}\"][\/et_pb_image][\/et_pb_column][et_pb_column type=\"1_4\" _builder_version=\"4.27.4\" _module_preset=\"default\" custom_padding=\"|||10px|false|false\" custom_css_main_element=\"display: flex;||flex-direction: column;\" border_width_left=\"1px\" global_colors_info=\"{}\"][et_pb_text admin_label=\"anno\" _builder_version=\"4.27.4\" _module_preset=\"default\" text_text_color=\"gcid-body-color\" header_font=\"|700|||||||\" header_text_color=\"gcid-body-color\" header_font_size=\"71px\" global_colors_info=\"{%22gcid-body-color%22:%91%22text_text_color%22,%22header_text_color%22%93}\"]<h1><\/h1>\n<h1>dal <br \/>2024<\/h1>[\/et_pb_text][et_pb_divider show_divider=\"off\" admin_label=\"nome\" _builder_version=\"4.27.4\" _module_preset=\"default\" global_colors_info=\"{}\"][\/et_pb_divider][et_pb_text admin_label=\"divider\" _builder_version=\"4.27.4\" _module_preset=\"default\" header_font=\"|700|||||||\" header_text_color=\"#110000\" header_font_size=\"55px\" min_height=\"175px\" min_height_tablet=\"175px\" min_height_phone=\"175px\" min_height_last_edited=\"on|phone\" global_colors_info=\"{}\" sticky_enabled=\"0\" custom_css_free_form=\"||@media (min-width: 1101px){||  selector h1{||    font-size: 35px;||  }||}||||@media (min-width: 1400px){||  selector h1{||    font-size: 54px;||  }||}||||@media (max-width: 1100px){||  selector h1{||    font-size: 30px;||  }||}||||selector h1{||    word-wrap: normal;||    word-break: normal;||}\"]<h1>Emanuele Orsini<\/h1>[\/et_pb_text][et_pb_text admin_label=\"vita\" _builder_version=\"4.27.4\" _module_preset=\"default\" global_colors_info=\"{}\"]Emanuele Orsini nasce a Sassuolo nel 1973.\nNel 1992, dopo la maturit\u00e0 scientifica, entra in Sistem Costruzioni, azienda leader nel settore dell\u2019edilizia in legno e della logistica industriale, capofila di un gruppo di altre 10 societ\u00e0, e dal 2014 ne assume il ruolo di Amministratore Delegato.\n\u00c8 Presidente di Maranello Residence, tra le principali societ\u00e0 controllate e collegate da Sistem Costruzioni e primo complesso residenziale dedicato al mondo del Cavallino Rampante.\nNel 2020, dopo la scomparsa del suocero Lanfranco Fiandri, fondatore di Tino Prosciutti S.p.A., assume l\u2019incarico di Presidente con poteri delegati agli investimenti e allo sviluppo parmense, contribuendo all\u2019ampliamento del sito industriale \u2013 che passer\u00e0 da quattro a cinque stabilimenti produttivi nel 2025 \u2013 e incrementando la quota di export verso nuovi mercati extra-UE, compresi Stati Uniti d\u2019America, Canada, Australia, Nuova Zelanda e la Repubblica Popolare Cinese.\nNonostante i numerosi impegni aziendali partecipa sempre attivamente alla vita associativa.\nDal 2013 ricopre la carica di Presidente di Assolegno per poi essere eletto nel 2017 Presidente di FederlegnoArredo, la Federazione italiana delle industrie del legno, del sughero, del mobile e dell\u2019arredamento. Nel corso del suo incarico si occupa della costituzione di una Federazione collegiale basata sul sistema delle deleghe e articolata in tre unit\u00e0 operative: la prima dedicata al Salone del Mobile, la seconda a Made Expo, fiera dell\u2019edilizia e dell\u2019architettura, e infine la terza dedicata all\u2019area Eventi, con l\u2019obiettivo di fornire servizi agli associati.\nTra i progetti pi\u00f9 significativi realizzati durante la sua presidenza va ricordata la ricostruzione dell\u2019asilo di Finale Emilia (MO), distrutto a seguito del terremoto del 2012; la realizzazione di una nuova scuola di oltre 2.000 metri quadrati donata alla citt\u00e0 e il completamento della sede della Fondazione ITS Rosario Messina a Lentate sul Seveso (MB) che oggi ospita circa 250 studenti.\nDal 2015 \u00e8 Membro della Giunta di Confindustria Modena e Capo della Sezione Varie della stessa associazione e dal 2016 Membro del Gruppo Tecnico Industria e Ambiente.\nNel 2017 entra nel Consiglio Generale di Confindustria e nel Gruppo Tecnico per l\u2019Internazionalizzazione.\nNel 2020, in piena pandemia, viene nominato Vice Presidente di Confindustria con delega al Credito, alla Finanza e al Fisco, focalizzando l\u2019inizio del suo incarico nella ricerca di misure finanziarie e fiscali di emergenza a sostegno delle aziende in maggior difficolt\u00e0 economica. Un impegno che permetter\u00e0 alle imprese di accedere a 300 miliardi di euro di finanziamenti, con 2,8 milioni di euro di operazioni e 140 miliardi di euro di moratorie.\nNel 2013 assume la carica di Vice Presidente di Unicredit Leasing, Societ\u00e0 del Gruppo UniCredit tra i leader in Italia nella locazione finanziaria per diventarne Presidente dal 2018 al 2021. Nel 2018 viene insignito dal Ministro dell\u2019Ambiente e della Tutela del Mare del diploma di benemerenza ambientale per i numerosi progetti ecosostenibili realizzati nel fornire soluzioni abitative di emergenza nella Regione Marche a seguito del terremoto del Centro Italia.[\/et_pb_text][et_pb_image src=\"https:\/\/public.confindustria.it\/repository\/2025\/04\/14184001\/Property-1Frame-204.png\" alt=\"Emanuele Orsini\" title_text=\"emanuele-orsini\" admin_label=\"Image\" _builder_version=\"4.27.4\" _module_preset=\"default\" custom_css_main_element=\"margin-top: auto;\" global_colors_info=\"{}\"][\/et_pb_image][\/et_pb_column][\/et_pb_row][\/et_pb_section][et_pb_section fb_built=\"1\" admin_label=\"Section - una storia fatta di memoria\" _builder_version=\"4.27.4\" _module_preset=\"default\" background_color=\"#2c2c2c\" locked=\"off\" global_colors_info=\"{}\"][et_pb_row column_structure=\"3_4,1_4\" _builder_version=\"4.27.4\" _module_preset=\"default\" width=\"90%\" max_width=\"1600px\" custom_margin=\"||0px||false|false\" custom_padding=\"||0px||false|false\" global_colors_info=\"{}\"][et_pb_column type=\"3_4\" _builder_version=\"4.27.4\" _module_preset=\"default\" global_colors_info=\"{}\"][et_pb_text _builder_version=\"4.27.4\" _module_preset=\"default\" text_text_color=\"#FFFFFF\" text_line_height=\"1em\" header_text_color=\"#FFFFFF\" custom_margin=\"|||0px|false|false\" custom_padding=\"|||0px|false|false\" global_colors_info=\"{}\"]<h1>Le pietre miliari di un secolo di leadership industriale<\/h1>[\/et_pb_text][\/et_pb_column][et_pb_column type=\"1_4\" _builder_version=\"4.27.4\" _module_preset=\"default\" global_colors_info=\"{}\"][\/et_pb_column][\/et_pb_row][et_pb_row column_structure=\"1_4,1_2,1_4\" disabled_on=\"on|on|on\" _builder_version=\"4.27.4\" _module_preset=\"default\" width=\"90%\" max_width=\"1600px\" custom_padding=\"||33px|||\" disabled=\"on\" global_colors_info=\"{}\"][et_pb_column type=\"1_4\" _builder_version=\"4.27.4\" _module_preset=\"default\" global_colors_info=\"{}\"][et_pb_blurb title=\"1886 - 1910\" use_icon=\"on\" font_icon=\"&#xf111;||fa||900\" icon_color=\"#7bb2d6\" icon_placement=\"left\" image_icon_width=\"30px\" _builder_version=\"4.27.4\" _module_preset=\"default\" header_text_color=\"#FFFFFF\" header_line_height=\"1.5em\" global_colors_info=\"{}\"][\/et_pb_blurb][et_pb_blurb title=\"1911 - 1922\" use_icon=\"on\" font_icon=\"&#xf111;||fa||900\" icon_color=\"#FFFFFF\" icon_placement=\"left\" image_icon_width=\"15px\" _builder_version=\"4.27.4\" _module_preset=\"default\" header_text_color=\"#FFFFFF\" header_line_height=\"0.7em\" image_icon_custom_margin=\"|||6px|false|false\" global_colors_info=\"{}\"][\/et_pb_blurb][et_pb_blurb title=\"1923 - 1943\" use_icon=\"on\" font_icon=\"&#xf111;||fa||900\" icon_color=\"#FFFFFF\" icon_placement=\"left\" image_icon_width=\"15px\" _builder_version=\"4.27.4\" _module_preset=\"default\" header_text_color=\"#FFFFFF\" header_line_height=\"0.7em\" image_icon_custom_margin=\"|||6px|false|false\" global_colors_info=\"{}\"][\/et_pb_blurb][et_pb_blurb title=\"1944 - 1950\" use_icon=\"on\" font_icon=\"&#xf111;||fa||900\" icon_color=\"#FFFFFF\" icon_placement=\"left\" image_icon_width=\"15px\" _builder_version=\"4.27.4\" _module_preset=\"default\" header_text_color=\"#FFFFFF\" header_line_height=\"0.7em\" image_icon_custom_margin=\"|||6px|false|false\" global_colors_info=\"{}\"][\/et_pb_blurb][et_pb_blurb title=\"1951 - 1963\" use_icon=\"on\" font_icon=\"&#xf111;||fa||900\" icon_color=\"#FFFFFF\" icon_placement=\"left\" image_icon_width=\"15px\" _builder_version=\"4.27.4\" _module_preset=\"default\" header_text_color=\"#FFFFFF\" header_line_height=\"0.7em\" image_icon_custom_margin=\"|||6px|false|false\" global_colors_info=\"{}\"][\/et_pb_blurb][et_pb_blurb title=\"1964 - 1979\" use_icon=\"on\" font_icon=\"&#xf111;||fa||900\" icon_color=\"#FFFFFF\" icon_placement=\"left\" image_icon_width=\"15px\" _builder_version=\"4.27.4\" _module_preset=\"default\" header_text_color=\"#FFFFFF\" header_line_height=\"0.7em\" image_icon_custom_margin=\"|||6px|false|false\" global_colors_info=\"{}\"][\/et_pb_blurb][et_pb_blurb title=\"1980 - 1991\" use_icon=\"on\" font_icon=\"&#xf111;||fa||900\" icon_color=\"#FFFFFF\" icon_placement=\"left\" image_icon_width=\"15px\" _builder_version=\"4.27.4\" _module_preset=\"default\" header_text_color=\"#FFFFFF\" header_line_height=\"0.7em\" image_icon_custom_margin=\"|||6px|false|false\" global_colors_info=\"{}\"][\/et_pb_blurb][et_pb_blurb title=\"1992 - 2000\" use_icon=\"on\" font_icon=\"&#xf111;||fa||900\" icon_color=\"#FFFFFF\" icon_placement=\"left\" image_icon_width=\"15px\" _builder_version=\"4.27.4\" _module_preset=\"default\" header_text_color=\"#FFFFFF\" header_line_height=\"0.7em\" image_icon_custom_margin=\"|||6px|false|false\" global_colors_info=\"{}\"][\/et_pb_blurb][et_pb_blurb title=\"2001 - 2007\" use_icon=\"on\" font_icon=\"&#xf111;||fa||900\" icon_color=\"#FFFFFF\" icon_placement=\"left\" image_icon_width=\"15px\" _builder_version=\"4.27.4\" _module_preset=\"default\" header_text_color=\"#FFFFFF\" header_line_height=\"0.7em\" image_icon_custom_margin=\"|||6px|false|false\" global_colors_info=\"{}\"][\/et_pb_blurb][et_pb_blurb title=\"2008 - 2015\" use_icon=\"on\" font_icon=\"&#xf111;||fa||900\" icon_color=\"#FFFFFF\" icon_placement=\"left\" image_icon_width=\"15px\" _builder_version=\"4.27.4\" _module_preset=\"default\" header_text_color=\"#FFFFFF\" header_line_height=\"0.7em\" image_icon_custom_margin=\"|||6px|false|false\" global_colors_info=\"{}\"][\/et_pb_blurb][et_pb_blurb title=\"2016 - 2024\" use_icon=\"on\" font_icon=\"&#xf111;||fa||900\" icon_color=\"#FFFFFF\" icon_placement=\"left\" image_icon_width=\"15px\" _builder_version=\"4.27.4\" _module_preset=\"default\" header_text_color=\"#FFFFFF\" header_line_height=\"0.7em\" image_icon_custom_margin=\"|||6px|false|false\" global_colors_info=\"{}\"][\/et_pb_blurb][\/et_pb_column][et_pb_column type=\"1_2\" _builder_version=\"4.27.4\" _module_preset=\"default\" global_colors_info=\"{}\"][et_pb_text _builder_version=\"4.27.4\" _module_preset=\"default\" header_text_color=\"#7bb2d6\" header_font_size=\"77px\" global_colors_info=\"{}\"]<h1>1886<br \/>1910<\/h1>[\/et_pb_text][et_pb_blurb use_icon=\"on\" content_max_width=\"100%\" _builder_version=\"4.27.4\" _module_preset=\"default\" background_layout=\"dark\" global_colors_info=\"{}\"]<h1>La nascita<br \/>di Confindustria<span data-metadata=\"&lt;!--(figmeta)eyJmaWxlS2V5IjoiTTFnd2FtOW1JMHpTb05yMGNSS002eiIsInBhc3RlSUQiOjM5NzU4MDIxMCwiZGF0YVR5cGUiOiJzY2VuZSJ9Cg==(\/figmeta)--&gt;\"><\/span><span data-buffer=\"&lt;!--(figma)ZmlnLWtpd2lQAAAAv14AALW9C5xkSVXgHffmo6q6+jU97wGG1\/DwPcwMD9\/mq6qyO1+TN6t6ZnyUWZW3upLOyizzZvV0s66LiIiIiIiIiIiIiIiIiIiIiIiIiIiIiIgjIrIsy\/K5LMuyrOt+\/3Mi7iOra9Dv9\/12ftN1I06cOHHixIkTJ07EvfnnuWYYRf0LYe\/KfmjMTWfb9dZm0Ct1e4b\/Wu1qbbOyVmqt1gKy3npQ62byvmLXWlXSuaC+2io1SOWD3r2NGomCJjaDmtAqKq5S3gzO1Tub3VqjXZKaC612r75y72aw1l5vVDfXO6vdUlXqL7rkZrXdkvxSnO\/WVrq1YA3QsaBSa9U2AXfWNu9er3XvBbicBXZrnYYAj1frKys8T1Qa9Vqrt1nu0nqlFAhvJzO8nW2vd+lHTTg7FfS6tVLTlpA\/7fK2x9fUW71at1Tp1TfoZKMOY1Y0lJ3p1irtVqtWobMZZmIOrz26OOb1OuWHVjbrrUq31oTfUoNSVweM63Vk4Ku3HqSt3uD61qVqratduLF0eRgxUveQNkLbK21vM+KA6Ep1s93SFo1mznfrPaHjtSaDsLPbj0LQYKDUU1ogNdsbmvTOD8eD4fhC92AkOK12675at02BaVe1XChYlbqTwhogU21X1qUrJL1KqbVRCkj5q932eodEbqVbagpevtxuN2ql1ma7g3R79XYLYGGDfre7pIp0Wp4LjbqSXaw1GvVOIMklJNRDFKp8x7q11fVGqbvZaTfuXVUiyzSFYKrIJ8U73qvdIyydYAQrAjgZ3Nsst0WRT9VbNNZSKENfr5wTUV0TrJU6tc3z9d7apqt7xg2MMnhtRYam3GhXzpG77ny9uqoT4HpoNaWnNzRr1XqJxI1r9dW1Bv+k+KYAArazN7vkJsLuNkrS6C3nS8FafbNHy+QeslHq1ktl5f+hPZd4mCY2K8iD3K0xipt+D6d7OqkeUQqCesCAbkK5vS5lj7xakWsN1ToKH5UQEm66FAJ8dLNdXddWb7P4qxSQe4zNddvnyTyWOdpptwKlqkw8TkVTaTcBW+qPFwludko9mcxfocUZoX+lAhr1crek0+arNL9S15a\/WjN0oiZS\/5pyd10twtc2S63SKt1jrtZbq0C+rtcttYKVdrdJ5vZKM9js1ivJ2D2BSScKLkTuCHb7++H54Wy3F16eWfW9Nbh7vdStUWqQrNM0jwFsttUK+DSjuoThIptLstX2eRnM\/FFKV+iUuqVGAwvIxG\/Cj9WB4jy4UVsR6EKttbpZLTG8JW18UfJYknXJLEnGSeSYptsN5j65Zbrdqd3X1oE53sEc1FaYMtXNTrddqQUy+U6gU7WGlJ+MJ+dmgNCU2qkE1Fxv9OodBZ5GuuvYonqro6pzzVrtnpKdXWcqa7WNriav7VDNga9r022blBkgnN3QaaxL8zeWumhK3M2bbC6Wxc3BerMJL5tn11tophK4RSfYQ4JOrcYAltfLqCWAh6r+YrQZ83aXwQf2sPIoHA+aWCFhB53f7K0xEquiIixr3aYuVV611D1XE9K+66SoWU5MC5ajzEpANl9pN9pJrqATVusUA2yjptQYUaPaZrKTX7RV4uySTB00leSxoL3SQ6WhQW55rdRlIrqcLlHYbav8J2r3VJCT7fnJNR3tUwEGPzGKp7UVEtc01hFVO6j3pIkznf5w7LSX5piRAA0aVa0zLLQmrALxEpA8VR5YY5ICQlPFegLLJTCQnNLn600r5gIrwtk6ieIGE18WgAUms4wGycVWu64au1Tfw8MItvuj0I4ILkK31qvoYKzUpe8eOqwc9Kwu52o7O+G268VCHfPaxUEoMakoNNVuu5NmPeZ2TdYRFsxyY12Y9sulyrl5UM5OdFJ5LHyz1lOTUqB3dWG2KFO+oktesY0S1tEnwGa9wzLE02u0z2sCDnuWxQAlamxWSh1R5nyaYw52K7pMFoRoNdyeTPuz4WRMnXgxhDFUgqEg7SGN+rlaqqD+fLVgdkVW2VwyltU2IpaUd760Ib3wG2FfluPedLhHLm4EZjbXak67vNbB3lY4XR8PZxHEuiURnenU76k1AhIe3cQVEUy\/MhlHs2mqRQtoF3Aj5SoDr1kSh8KHcTeMuaCC00QivwLF6qatUXAZxS4Gs+nkYlgaDS+MqZAQM1h8lIeEx3rkkr5FrvT30fq4P8hH1c9LbLJvjYYIUjqRs9na3ev1hth0HcK801sxk9avKyBvFBwjnYCK2bV4IV1tN59AfjGTv4P8UiZ\/J\/ljmfxd5Jcz+SeSP57JP4n8iUq9W8m2ftL29uxkKJJp4oV1gZpybaMmPfDijvvlyWQU9sft\/dCqBr1bb1lrgBipJq4DaS9YL2P\/Ne3fo0YiJ0qlwl+bTIdPm4xn\/RHVnfXNjC3Kr1Lwz67j9KzUlcO09kY4nQ2ZygJrdyjKVC2jmO0mKb85OYjCysE0mkyRB0tPCftKgal02wEzt94l7dXurclURvXI+bix2lSHGYmDvl5hTpDPs5rwKPCo1Bukik2x2lJlgSFmS0JqMRk\/zS41MPlijo5tYEUm0+ZwOhVOkvmnw8\/T0wTmDjPM8ql+iF\/tR7vWUPkVlnxAJtV0T42ZnRj5jnoY5mynJk8v2JCH36nKTiNXu7w\/mc4OT6YcziLrByutmzEmBuAqavteDEjmrt\/oX5kczFanw4ElkrfzKyP6lEHfTrdcWqfTn83C6ZgisOodnSosCGpMPB3Yg9mkG0bDp0E6EZGyo5JJ+PCSlJqo3vRgvO300K\/WA3EThaZh\/8HSTcJT2xWEru+MYTdoO8vaYyvFw6ugZlZpVrrMXEZZTFquV8NNdI5fPiaDMGdhIsnEIGLEdYki6cVLExakv33RDmM+7tMapv0+pKsceKzKePWaZuVTUjmtpYpOtaukbEXrl9E6sTmkbYXK5ADGpq5e8cHqIX43SLnSek\/0M58hVVBSZw+i2XDnCtkHpdIpVXDRN2p275az+XKtd956I3kZ88rucDRw\/ORdY8ZS9BKKsapow4EdfjXZANntBfX7apu9NnZKJTsHQFvRjnqzw7aJnJSAY4XemURD0QpWJEBx46Uy47VuN5iKdn4q1p3Vio1nqQPYuKctzsrUjTvYMbXDnfZAGTPXadZqx7F4zDEm+CN4h7JnJu+td3XEy7gIPHOVRlu9lDyblM14t0O+sN7B665t6nZts7ve6tV1g1pkelbr4oOp5ixkq22yMRKcxXb5LJaY2YM6CiqwpTp9mPYzLJ5mj4eBUTZMaQU2N6UNVkHyXrNNuAVPm7Rv07YgR6018ShJ520BfpCgFWxONyJFsHD61c8nwqKiWKziHfNcouxc7d642jGyG227+10mbTu8poN+PMkzp8mfsE3ECnTSZtmvb0jtU71pf2zH3vbwFtZ2dj29TRYjVnknCYOtQBe0irdCRIenb7eOK912svHJZUDxopTPwOzyU8hAkvWn2GE3aGGO2EIKiWktpiBLaikFJJSOScjDwhyl5RQSUzqegiwlxBQDEkonLaMMIkgxsVNzwJje6TmoJXnNHCyhekZbclBH9NosLKZ5XRZoSV6fBSUUb8CA1itoso7Pjfi1hMWsIgvgJnY9bTzdFHJzrR8x1e2InyRyVVkv1ysUGCEdZzx2KJmsL0bPbjCoIXMxKcoL3hykYOvOwYp23UjyC0HHbfgXV1FP5mICWHKoCeCYTekEYfba2bE8D+ydFztz\/BBwjR0f4BPB9nQyGlWHU2tyYNrNsS+zxCBhNf22LvZqJtYgHGDtZiHltXs6rLbW+FagIP6b5rzVdRYnz48I3NEY6QXjjSY4YZr0K5MRzo2Xn5ol413gj7\/Fn1yfP3nr\/1D5MjnvCn\/8LiCwU8D9\/Mnt8ievlILZZJ8K25I2A+PtO3MOgm1KEDb6U+PntiUrOJoQ2DOKxs9UyDX7s+nwsvGKe7ffTt7bu\/0JPPy92+\/gkdt7ggDze08QYGHvCQIsdvpTbH19PAip5184GA7MVoaLZePbrQyFl\/qjg5A63oFua241\/gpibfX3QuPldvp7w9EV8L1I3AcSwtks2p4O92fkcoILz8M+VQ72wulwe2V44WDKWOAEuRCBQU9RABIekRWNaJPWZuarBvv9bWbBXF1CLfgwYvU07xHDcbvqIwisiDZIB7MUsLwETzSNi4f+q0Jka1f6+xHan1ZhwupW2uOxGWf8To19q7CeA7CZ5GT7QBRckgVAdHaVZDFDvxPLPcsW2wv+ssvAoSOh\/AQqZAYnwaozCXRuekG4B6nh9vlweGF3NodErFW6lKDU2ZcMt+dQUjoV3LlgTI93J7Sn0ybP+PRs+MIELbbfaxgy2w2vLSurH0M3iV\/arVBjEnuG9MlOW6TCX09MjIsbuNC4z2ZLV7OVsD9T5fhHr8POmiJTuaNj2bIS9CudQOA5kSRPFS7PgguOFwmuyc5god2ttngulla6Ur5UbanlPdZabwp\/y2xkJEB8HOdA+nGiap8nZYfD8xSRA3meLpV0U3VNxT7PsKuU57WBzV\/X3dBAzPVihXjeEJzXGOmNleC8PG9CsQR+c6WikelbAuucPmSNCDHPhzqv7mHtbkv4u1UGgufDWcxlzB5R7Wns4JErjZL041HN1a5I\/NEB84TnbezSpP3HrLCX4PnYNft83Jpt9\/E9m\/+Ku+3zKzv2+VWy8+T51Y2VsuS\/pt3R59d2e\/r8uo6tf3vnXEvk9IQGtpLnHTyFzzu7vYbk7+Ip+SeWyt0Nnk8qlTck\/2SewvdTNiydr9+AIZ7fUG6cl\/H5Rp6C9008Be+bS+fWpB\/fUjmrO+pvrazoJP62Skfzpcp6V\/DK+DWSr2DJ5VldsfRrBF6FnxWed\/Bc5XknzzWalfbqPIX+2TXbH1pbFX4aa+2zoje47eqMtep4TTzbZztPfgrPztnOU4TO3Wc7X387z+7Zzu138QwaZ5tSr8chhOCvs4TLuGyIJ8fzPE\/h457muabA72011Ae9r7V+rsfz21nthK\/v4Bnw\/M4NBM7zuzpBT+CbPAX+3d1zXcn3u501eW5118sy7tsB2wKeg57lI+y1dKu3wzDJ+F3YIIzJc3fDlg83bL+funFO9eXiRrfX5TnieQfPvSBg1TBmzFPyE5538tzneRfP7+H5RJ5Tnk\/iGfF8Ms8ZT5HTAc+v53kpCFhvjLmfp9C7zFPoXeEp9J7GU+j9O55C73t5Cr1\/z1PofR9PofcfeAq9p3tBcIcQ\/H6vsqEcPkMSQvIHJCE0nykJIfqDkhCqz5KEkP0hSQjdZ0tCCP+wJITyc0goqz8iCaH8XEkI5R+VhFB+niSE8o9JQig\/XxJC+cclIZRfIAmh\/BOSEMovJKE8\/6QkhPKLJCGUf0oSQvnFkhDKPy0JofwSSQjln5GEUH6pJITyz0pCKL+MxJ1C+eckIZRfLgmh\/POSEMqvkIRQ\/gVJCOVXSkIo\/6IkhPKrJCGUf0kSQvnVJO4Syr8sCaH8GkkI5V+RhFB+rSSE8q9KQii\/ThJC+dckIZRfLwmh\/OuSEMpvIPFEofwbkhDKb5SEUP5NSQjlN0lCKP+WJITymyUhlH9bEkL5LZIQyr8jCaH8VhJPEsq\/Kwmh\/DZJCOXfk4RQfrskhPLvS0Iov0MSQvkPJCGU3ykJofyHkhDK7yLxZKH8R5IQyu+WhFD+Y0kI5fdIQij\/iSSE8nslIZT\/VBJC+X2SEMp\/Jgmh\/H4STxHKfy4JofwBSQjlv5CEUP6gJITyX0pCKH9IEkL5ryQhlD8sCaH815IQyh8hoSbqbyQhlD8qCaH8t5IQyg9IQij\/nSSE8sckIZT\/XhJC+eOSEMr\/IAmh\/AnvcJgNt3DGcm2eZLzYPfTFgW729\/fFQfP8nelkT1zK2YS\/fnk0Ie1tXZmFkcl5Nr5n\/Bzn37uSH4s3ie846M\/6irtgchvDQTgxvh\/jRHeuT0eC1OlHszCYHEy3IeFHUzxKnCJxQafbLfE4aBAQgYCKeMylwVMPIjhenAnj+LHRbn8wuT8i6e\/iKhH72MWvxVMehLP+cEQqH9LfSBwRPOZLxEZCgnuki7NwT8PCtmjh0nCLzThsLLHRFbnYZt11D+Mf+7\/b5DYe4RRhkF7amgrNMS2TO6bMGP82HaTTxm4d2EP4E\/GgZ7IjyV0aRsMtBOeZPA93kHfSFCJ2HpF5qleE9jjamUz3zNgsDHXEXuCZRU31dtkejIV1QEv9MUB2WXUpEshpC8GlxeNmaBfMNeSz51NnzDEL2Z0cjAYV4a\/ZHwOAnxumE\/xOKsPmciRVSBzfUdkqphvSF3vmxL70dEWLsKDmZLg3eepQXNgOgX5kvOCduqSK9ELPnCEof2E4ZksnLZ8fDma7cHbtHHTNes8L5rptaQkHXbZb1w+lzGUerhKSzMi7cSaCWOtHu2XOtTA0y+amBITW3hypnopa1mWLdUskA8AMWTIP2bch4x7a25NxerlnHnrJRf5LqMh4jy0a5tw8bBcW7WnCHPzWoZB8RH80k0gxTT9yPBlGltjLPPOoQSiBIhnsR2uBRh93zG0tySgWe0fODOo956BzhNN2aa+6HieZcPOMcrJF4I2ovttoZfbjxLH1sFp9mWRnPgeNyaVdYbvOqXWPMtw6F\/XybCxMdz1NJkkVy2D8wsXwimEu7wBtDMfxaDGtBFIdXghRixzbUnJ2r\/R01FtybldU4LyMHIM3tBrm5\/qXh1Gvf4Eh9yTZEn3FysR2TU9lbOvXbu\/2ZQMZTiMwvCSnLdWromx+JOk2w0h8OOz1mVnmBTA0gtnIvD\/vHR\/pkcEGNKT5BbO40x+NtojFCl+RmXnH9oZxLDbp3jW2lhvA\/Ba6Zim+3vMKF0ZX9ncj1lmvOEgONCNWWW9ha8Qu7HsOJmJ23+R5p3egm0jzlZ63tMt4TiF1sTy5DM5rPW95lpw4sPubuhhBwZxw8HCQcHVyNLkgyqoovUkllkd7ZycKZ6wFZsk7JSMMLUv\/dZ53ZsBG\/FI4aCj\/H8h711YtIJWzk5HrrTfXWz\/tLcZzrreYsbneFg73tnh1bxdcr6Ax19tFB8\/0dunf0Ntjh3u7PLCdayj\/9Pb4WoYHFHqLCPwgMruEV+zq5mIxue09tHJ6IZyZz+dNYTeuxeatQEg6aWaORDRLukDICpsep3ND7NUIwsyGPVv3HDNpwRTKTrjGX2T9sVEIZH6\/GkfmlZTdS0I1OJFFXnKlaBtS5BaYyJNp2MgckLM67Qyn0SyRkrQFQ9l8cVWG0vhL25O9vT5dKNuVPw1D7Rg7n+g0fZDhVJ2g\/auJ9weX3LpYvHoNWFBQXYx4gETfUjSLmTVmqZooEg7FlNAd0vSQZty0+C9OszAYl5yNLrMCIHQFN\/tTBtSNQ5ZpGxtUDZSakmmFs\/snoLveIro9xuZpBCn5k\/T5ahsiEwTbuRvIKMMoVsyaKMzh9P7+VEZXvTBBMr4nmhSZLc8LruxtTUaOh0gzMIdDZtNxS5G04hPlg9xeQAfDFaSL38Dox2RRc3XwfB9lgsI+MPxwIkmIezUci6eCGF1bkyxl7yAKV1CbVfEg6eyVsS6EHl7fcGenPR5d6TJKl\/ojxc5V7cSp7+0dzEQE6khYuv48XTLOlvqlKApn9QFc0n+UczoE592e57mCGqArEOhLVmYAZlzT9QHeu6vfDRkD\/6ItjYkzM7UQRH9BJCu97wtE0N9D3Qh9onOTg\/36AMff5HQYSb+fSWclTeYDHu6drD50iewHPVOMs4FS\/7BHmD1Lyo9NwnxzgaP+YMVxgw9SvuEaRRH+FYw2IhBh1wf\/GmZAB6oPhoTXd0Bzgwcr52x8H0POmAeQeVC03m6492WYllnfGOIiT6\/UB18OCZfxyzAjGJXJHgyFRMkfHK0\/vtSPRPXr4ORinCiWPYN9tVqoTe72x+LqSmlqsdFYa7Frl7dHByIKgPAyGvW31D5dCsUGtPfpP1Xx9dFM0tTcxvZgCDVzVA3rt\/kcFeKS4VeZaq1R69VIEO89hB0wbfb3w0F7v3swlpua4tr41uTSh097xpsejBvh+AJzn+b27VnCIKLIy03DLZaUQXsMmxaU\/9dbaEy2WchmwuRnhLxK51NIT1N2j1AO6\/QQYSKjbohSRgjQ5LZZFWi+LFvL+rh8sLPDekDVvGOkKxQEULiKDW2ehW9oOzXXD7u\/hZncNCaQ19SXY6bgmMFaFF3zGTksOFBXyAjBxTmOOiPsorCFrHeH7DGmV9r7kUhH6n8WIzYPFZn9E4w6qMh0fKFiGXBiwIxu70prUW9SQuDjgfnckeMRjliZUCYGYYw2ixLvDMPRQIY30sIM27ltBDUrzVamNEav8zNIbCACIUA\/C+lU7lGihkpNBNj+At7teedc2DbEiIu7DQI2ZAWaug6y0crFwAYLhvM9AOcTsOyRp4HbUVGSWNZOf9q\/MO3v72YKi2MWEEZmYWXU33cTotDhmJVJYGrNsp76cFReqXXs\/UifE5HVllzPJZOTi9zrZYHnAzypUA1RZzphr+wvziQTi0BWDcdHoKYMk+7PYknIYL6fecKmAxBDoRvfAzYBVwInaZHpMCpPpgO33z0CoRAdbMkp2xaOszTuTFIx2ibXj1lZwDeL3LIcDhiwvWoY4a1BYDHtxfxy+XQfjyFbVqNAFs2Z5OnOA8wVTdve\/zO9C\/DEZEkXuwcnIRMJV8xf2sHKnrMLaaSFGCiiM5cse7pH5oxQ7GannzgXEUE7nHmZ0GhwYWTNuXggvUngeg2aAAjQesXt2FDblhYOxjsj2WLK3ZgsycVhtB4XqQyXLNuVuH6zT2Ap9tW2Y6il6u0fbI2G0S7EpGFhtzfphf29RsqeNOIfbgR7j5FHHPE6Gsyk26lzJKTaO8H9cCrWJFJk8akw6nMszLs9R9PduOPfRHkkB9tBZkTiKo407U5RGFkGVxjCmtUAGLJ5lODjUDmMxkxItOg5aFF5dDBNlp70qJET21UOPeSlBXJeN9zn1M9hcThqbywYjjHsiaO3zrmzK06u0ppurVGSlylIOgptmS7grLS750tdmcwgEYEIFMfedS6xwQflHiD2TR0LNv6NM2ngOpE5800jZbqtwx1nARgMDySslk9DZgUeScisGO1Pw\/4AjIVod3I\/WkWwrxyiK4OWYDDZLI0NdgxYIjY8NOIyx2xll1u+7BLHr7jECV3amcknp9rNnjD6fN+c6ktfXuSb0wexfF7gm2smKoUX+ubMVir95\/nmWkZ\/OmvHnbpOs13lCr6vH0tISO3ujrlhezTcZ6rJixrwfmNv6uKAdHeIyZ4qTQkCucveJnPZ2wvO1c7z9K+qJeFQqfgS33iTmA8\/FSkzznaUlTvb0ULc0WK2owtJRxeji+H999CJJUnIXvWYtq1byPp4R2LIM6l1n\/EGBxhCwCD5WK\/ZRAqq4aXhtots5eOzajmW06uxXoWDUj069hVGlEsuG5BniyIVu\/FGUnTcVq5Uzm9qKN471AhLu2TMy5FBZKXtM\/zIok6wbmblhEWklqX5Ct\/k28xNIiIdtyvuCQF8BzjRSJnptTvxrSRP0kmJL7n4blKuzJl9O7lhlXfZBLngADF+0b6GQmrBMVAmSHUBR1acVOwke0O4oZWk13LJjyN9e99O7jy5i+beVQRsH5KaHLnWq5vxqxZXo5cwYKzoYr18fysBK5XXIMoUVJGZJdO31SeIrjJULFNolTY48VeX17QxC\/ZdES84r9cMfHluEoZUhJy7f6XXIPM1IvNy+AFlhnMHQwdG\/OYOCCborupVDY6mO5Dd7Ny5uXEXAN\/WDHBTWDawjscj\/LLhZUbYG0osQlm7y\/jbeEsz2RbPOIM0uejSBVmEWuKv4AqQrVeZRaF5I7OBXPtgNsIjEv+BctY\/hoM4h2yhyS+AsTIh6BzohXcWtYsR4EW236WtaDI6mIUuUsEKuJ3t1et9c+x7cDRszHiZCuXh9sHWcDvo7+2P0EzPHHdd2lh1LLGnWNls1WruTlWpcb50b0DCa2gMT67JGv\/ETDr6FKMBVuPPzfrxwV6ACWagIkNky1kGDkEiCw1kmhDUuXDAkjp1uQXlm3Fe3JeVdjo232CWMpSc7TxmqbnccmRLhYYDHU+pOsiJVZwR1EzDwrAamyoMxgVKWCtzHZZVEO7HvDOs+nrmomHhmAtisbMTZ69KMhdIsicikDtEVuXlvQQeXtDrts8JxHcvy+VqKytE10nla\/fIzSZSBXdzulieHkS7bRZYzgKkK1Q7erlTRNtk5ka0CSr65hApr3pl3N9jaFVJgkRFczvT8HsOcN9EBQgDXrhA9+h8tDeZ4PSJ5cwRG1KpHaqav4AfOVeJHcPBqD89OxR0AKldYzGlejjb3uUxR8WbZLr3NgaAgVFfWncNGtGDy31nDCHEltzFIX38F5fMsXrh2qnkMw6pHRXrTsWhHeeFxj6sIDBnYFjmIE1FAnFVInS\/EzdNHZk2tgihyI1DVn0MD6oJQG2IzAUG+55adfP8Wg3buFZvVDfbK5u2uN5a3YzfykUXsJv3uhKp6Jem2wkXrNdIqDS2ssXREu2Ls\/5wjJOfrOc569s1CBhT92A6hENvMIz2R\/0rLTErywjLZtWKwH9ndMApmGttXzPoHNWIyB1ohYu2ox0t64ajPhHyXVshv69AW2EvtMefVHGTgmRuGFXZveAtMunzzYPRbCith9MV2QNu2KFggNQJQFmIaWQDHH5lQgclGtnsy9moXORyM8ndVpelj4fv1recXc5I5eMVrZCsdUWps5meWgFaqNn3CBczV+iXkkZr48G+07zQJcWzg7UtdgaxQrCY71nuPuKbXFKZBDo+6kgtephBt\/aQaqBYXBmNgJSUEzOrV6sNfRuAlUktgUlB9oCM8I2r2t7ZKUGORwQHmVt3ZZY7nl651tB3+eZbaw5tf+haBFAa\/pifNXukMnQ\/nu0Z+sUqw\/SguVqj3D5vFwEMTsnJHO+pa19nz7RqzVLiX+gFTOYAKa80HjsTwaLEkcfsisW+2dlLoW3tpXee\/aAYNT95YSbXrLc2Y3BeMklRoVm6JynCtbknLVqwJJPSxUq7K69CygZkXWbhUmKRj4mNZizsBdVlzWmQYF6Xjq+Q2lwpNet6u\/GEZt09v5OaOR83fgoLUEt5OU1QDhXdlDcvMA1ArmHkcaZSwBkL6JSqVQu41gLcWxHX2Zxy5fyT69tSWW8L3pB9MfxGZSXuzU1Xi9743kyk\/2n0IS2tEEq4QMCpo34r0mxBEAKmVJF3nuvlesM2hsKt4XSpT+fLZWvbbK7KMtVodxx3eX13pFRxTnXh6oYqutabxXtrDavApt3l8Fna9LpWtzr1llyuy9EaEiSVLzfWBaHQq+mQFFe79h2WhSPoHxBA20P\/t7Whf6K32wqqaB7\/hWhZKIdzuasrU029Am\/fiuOzeDe2tvkcU+WqCrI39uMACIbNG87Cvch83vf8FBeDGjcJXR0MqfcZkBTOLh9mti1FCXRvmXxauxn25SKJnPOJkQrEnzF5ax5NYhY9Zyj92DxmeM1QIIgzFPreDsEjIUfan01cCm\/BQrWRL\/nEAic4izbLLllXJWs5ZMGQeCMmpYhjGINXhpdZEvDoLM1Az3rUwyJOsYgzYt3cZbPkAi3NyaXQ7eomo8E5XZMI3bJgrySLsZ\/BXbPh0Tpipsqh6xgs6JKvHAq0sFkLRyJ2ZVpPby8yJmNbjfZ20qZGlLklNSfpdT3GzeOtcHbbEcvKauZzyqd1abI2GBLxlw7kZ0PWyhnOdT2aPOVJtz+BinJKNgVRKNMpQQ4HJdkW57aJE8SZvBTEpnSxWpMvwzCG5vxavVcrt61D6OnrLGLCfObcprz72dYPtOQCsASer7TlEyCkCthXNrrJi+\/Flfpqs6SWdgF36KJtKVdqdNbkGqm8diKmi5Snb8a7z0m4Yx6HHVuGAEvFohW\/HKZ3TuKcH7AooHMBqofvklYqr+Mp8fTEZjGr7Uyfw7ZiLESaMc\/LEdhCZuv7A+S0Ph5e7sXyRWLqHHLsILWRbi6Rc56ZeylISBRajFRFo+bG\/zuNTcqoydPeEnni\/m6faH\/R+JqwwCft4zxyeCCnN2bf5DJZi\/DkmYjkGBOEpwU9ZWzVpiBPC\/r6YdSxcUaZBsyg13nzbL\/NH6Wqrd3\/F988PQt0+m6envN+2rlsv6d+aklOriT6\/C7P\/B\/rCOO\/LJgnuKTlIBxGK8PRKBAY7f+sN4ych+4gPw+kjf1iY6ehR5mecdkXLdkeXTRv9c0veJqtzvXg92K\/m\/SvqLZzyownu5FAfyx3yM1+uz95KgGd4IAZyfizbZAxUsfRvNc3f80RxaXmZDJm49oYjq5UxSUF\/lFiscFkZ+b8zkB4gcnX04HWZGy1xIn51z0kfoT3D5XXZovSrcR7fPOr3nC8yyk1NswJDHlumZfF4IzctOAVcUEiMgX\/Ugx2W+uk4NVJgQYp04Jfjgtkd52CXxODM\/wQCLBsUP7bXqTAAUBB4RiCDqYwixiX\/GmmRBgW2PsyMMuUQP8sAxWOBPb+TJim08cIRualnvf73pEclhNUuHwHwyOz0Z6ZMjZ\/D9txtmMXQ2Kj7EnaEgGMzHvy3mfjMdJdTzpIz\/DN06Cm0Pl59e9IJRWyhwTfmy1IdfL7LDhZKDI68kzfvNidbsxr+vO9g\/gkAOrZRl4pNza2MVFHF38iPmxATGIgPuSWqYad5ed0Uv9IziHp2P+VxB8sa7b4w4ixcgc9\/euYWJjsspbNR2SXzYatMl\/pn1MqIulquBOZl+W95\/hzYOQbmRfnvR\/xXa9FCm\/zzPekWWtLZHxY8Z0wBS6nC\/9+HCI7YogMK4PUDSOiL7WxDIzsDZ8TH18QELUVtYM\/Ns8axoxjLHFQUKy891yiqJxFlaZh+WDLEfr15FAjkJMR8yzf+6I3B8KNerbvfUlte+xyTOKM7cJ+XKEhLoEpmN\/399IV7rk5zC8KNppIIO7PsjeUro\/Tlk6dBcGeSMqagFu1ZG44BLKIZxNofHS5ZG48DLOo52ZMy5LcolxjNO39UPOV5hFHgG2FXlKywSSSK0zmq80jrwJa5HWBV1jgzA3mUXHaFm1INnNn6ibz6HmIRTuPOxQf207N49OcLf4OkVCLpc\/MzFfEaVv0nUpO9OXVnvnKOGPLvsspVc9BMXvmP+r1Tw0UjQnU7u1Nxg2J\/uLDSpTzP8yV4pBdnh30CY6kGE9nQiYo1SGzOJR+MNmyWN+fxbLrrMgri\/KMLAoGSu4VA\/6BLDjASWE23hdOJxQ9M1vUOrCvKdpXJC+ZHzyi0OmAuWyedUTpShyXf5r5oWxxpc9R7feaZ2dhyRL7feaHPdZILFpMfGp+0WImJuM9YPTpj73f91DzDl98JPIdwkDIUwl55s9jcAP5kP8LQiKXGwy9RHf\/zkdKTOKjrgZE5oue9\/NxDIL56fyxj7G6Z0Dq8zw\/Z\/7Bn0FgHfehoYHmmNEF8yeelLCYjobbOASHSp+bm00kPCkXM3rudUNOKz3vT724YGdnvuR9XnL70nwub\/7OE7Mj1L6YNx9MNU9AkXmV5z1TWSsPB8O02Z9SWG+KrBTRfIt5MZKK1vqDbq\/RowxZvdIPD19T\/KFcZI\/iD+x1+zVUh8F4dub2ftEl7fT4Bo52L6r9W7ApC\/5GyTTxmtAA84Zc+hrAoktatG+CTnKsuZRkbOE3R5gzolXL8rSgb+XUwp7ymbE5nmRs4bcNYBZTilqNzZJ3IpO1CKU9NhZwelqeFlSNI8RtXZ9o7dU5Ka1HbXvoAfqZOYCttyIwtcnPyZnfzTgfbds9enrtVUBbdRWrxS41iZ1el81blLVIXSN3h3zJ3JLNW5SWBakhNY8yD8tkLcLdFsI8NLeZW5OMLezavH6c6LHygkGcs8XBDv5S6kY9Ns3a8vtsBQsSjMdlARbn20N12Fi5fe+rXNqWbKaCiSMedxwCWcQdaXc1nOyFch3gLb53ZxZgcS7YlmOgYN01D7J4uzN0Pl0xViBkuRX2fyY3XxpcHO7XmX2eeamWrLNgynwMmasRE2VqflbhaY3e7nD7IkYnouznDpWp1TG3mJfnEoVFyfXsldZ9749ycgUYK8acmuw3wh0WjVQjGP4f97IIXVGCQxgvSDHKkxnBoCOo\/MRhnKMIvTBFSkuG4jDIbS7sEDL5ycM4vQlOE6Upyos0jMTugu5HLIGMCMJWM\/FTHicLhCpK0T5UuiIh87yi+SXZIF91XvgMf2siXh3dXlMPDdjPOZjtRAJ+uQNLzxPgzzugdjWBvsJB0Uf2S8xNmeWvckCasvMMafySg9mmEvCrHViaSoC\/7IDaVAJ9jYMGqpIWzJqSldWv+LuT2G9KRDUzjzAPPQputbkTydd00KLQVA0Ln8vYwqdqXvrFsggPF7N5izJSUKc\/kAUWlL1s3qLQIKAKI4EBVbti1sxlBZ49sJ8zOmuuaN6WrrAP0+xawrYjSAN\/botYoNTlSws+YAsIX+EPt8xf2Kz128h\/0OY7+AA4R8HwaVKrZf5xDqzt1wm4RbD0SVuUZdwWrZj\/6IrkM0qu6up0Il\/K+JQtcWzpEAL9T3NQqwSAP23BSkbpB+FoB+F8xsJjL4cqpmN+lM0qwC7u\/DQK75Ohv8yg\/5gF6+eSuuYPbM7x7EaKlt7p7w3HdDqUGfKH4tnEmXfN1VAu0BG2djPTM3\/lS0AjZCm9BB3lk3aH27gXBe9FuQvsL7ryduBnc+Y3NIfNPdjDmQDwRgVQvApnS+Y3NWvLLeRNCgGhxGkcxnvL\/JZCLE4CfLMCQaM34pD8tuYtkgO9JQOK6Bi8ms\/lzEcUTM0M7G8Upj3ZcCqkfTYN89G0aC1RvLjwbzkGDMbM8tX+HlbFvrPwYZ+phE8ogySBHd3v\/YhYLHt1JsBAacRHC56bFpSR+IV0kWLd+lEvJaWe4st889MZWI9a5j7zkgyoml4J+hmPuDc9VKzvYCFKsTr4guH0UhjoKS9M\/yb7UYLb6pkq\/oZ5UwYk379aNr+V8kpImQHHxTNv9jAb8fWZHkXmHvM7maYkaDk5EH1\/axaz2SfDPzXav+uRiUsyPXibhAs5JtY8LtIllsm+XAp5e6aBQG8wB0y3WUlf0xRz+2cpq\/WUdGQ+mvc+7k22nkq3LHIMfU0uqaADhNw02m0+kzf\/07Pnwbo\/+6DvvdflJZyOB2wPjT\/ke38TS0yCT9AgZGc+l8JqBISA\/LcU0qD\/dvn+pG8+n8K1Nt4UrtV\/T6HUt7AvpLAK+sgQKquRecD3\/ndaVg6fNgyvxvg7DoYcRg9HIjkw\/YRv\/k9auYcgzKd889\/9fnKOwp7G9\/6rv4dasZmQbUNk\/tn3np5LUSqIn0McOd75gm\/+MEec6dDnkY+b\/+opdB0NdIZ4yfwPRlr3wUe8IPNOz\/zLgxdvYPhomGlnPuCPmVbufjAwKSYAZ\/6Jbg3CsuwZGvgVB+xHzDvy5geIAzlwT+7\/mnfmza\/roQfT49IwvF\/r\/0vevMhXht12h6555iXxNq6CeEUQyer\/M76+oNtBUbeY0Ob9OfNasaZ7+0run\/PmV+O6NIO7pxP7bUXO1\/YJn4n7FkhrRKuGY1Vw84Gi+enc\/XoCI68ZEYFC2KH5cM78uJ+CK\/bTmQvmBQ5YtSILDrZmnDu54g\/lzE+48kp\/m307JpU5Rskzc+aFrqQ+3j+YJXc\/3pQ3P+sKxBWbDfexBS9zkLXJJZYU1eEP5swvED46r\/AAK3pRBgqR\/CLykzmKjBwbUVtuzYOm1UH5lCPXDGf9gcjpzXkiXBZWuyQCNm\/Mez\/kIB28P+z0lWY4PrCr79vz3g+7QmVe1K3F6KrKvS1vfjynWoPZj9fPyHya5chXMPaWRWKu5DdtCRWsjqLpOfMmC7To58WnUPBv+cwfdI5BxaTKBhet2BnqrTcZpf92VXmH+c12noXKBn1A+rxP9NRd5P+SR2QxEsRgP2R5mbYmonbL5gdlwWH3sM+wSjGSe0luJsrLYvKAZ\/6XHwm4JxAl\/LwF878zMMKyzCXzLEu8F+6JykmM3B3\/\/bAtIPgiH8t6\/oL5nSwgCPeJ3ImuLJt35wZDCeLtdfoEpzmIYS37z5zxSXiiOyGAuMU5u83GcqXWZ3xXq6ElctlMO\/yCPCfNrsgRVE\/mhXnz\/8RwW6XTP4hYM16U52Cb0yWmcnUoE06U6J+tnIlR1cYHeysYMTTbvCtv\/pddXygQocQF786b7\/f7+h3TMcYEAifTnPVSyzKF7ZpcS0K6p64CWuRKqCcejL1ahLa9v3jN1VCLXtsbwlNjyAMDeDMPl7PFzRkq3ENpLrIUgfCQbN6itJk7qFHWf8evf8zVUIt+r+UkIDIGici8wfe+Zh5k8dAIQqgqiUj8wW8yXzsPsWhbIx2QVdyjiJnhfV0mbzG2dxg2dC66SAxSBYU8oquAFhkbpbQnK8jDMywwSdYiXNrC+Mx9yfjx5rbDMIt6D0G7ASdf+glfOmZuN199CGQRv3ubUZQD6GOasMBviVh+66yD0wApSvT7pnmIRWv03W229\/vmDzgFlFVT82\/2zO1p1iIPLCDhc8OtWgvml3U7TyBpN6ARomQc6eXssJQZbKtnsagQzP0S0ccYvNn3nuMxtqrWolWUPc+L1KFLPzL4XebnWPxkFx3sMSt36Tn9ebnDc\/GGHcJ8tsUerJSiYGNVEhD8NYeIKqFJ2zj9MMnS893mDZBNYAwURH7D25HbD+orT8NxPC+XzRsdlWRFeZ9PNynDHGZOUxqqP7FkCqz7Y9AJRpNVK\/E6PAo98hgduj7+Kp9TYFcgTpnY2RgBxv4oLksFWhfBwbwgvNo3774ao4SRxdqxOrJ+mz9WBFRbDeWW+Uvtfh\/\/bco5rojOnTPLPrw0xoMXmYun8FG7batAkyYRlQxBy\/xtSkBOgoXCgxB4wLsYXiFKfeECwvynvPmYd2mC712TVbGzO+UYAxH\/gyecyjoumlQOdyZTPAiC4NLBLe8\/uxO9Bs5NhJ\/k\/RdvxghLUFskb96LnWVAYHS3zXkfSg6j+FgTrCgRftIw8oP+CHx2V277+Gziu1vhQAl8KW+e5xOv322GmGsFfaRgnk+AHDvOSaM4KPxV5WGx+0k\/GrL2sMuPz806\/XE4ku6+1O9v0xONAa\/1mg2ZP88vMvYSlO4y280LiubXMkgNuUKECF6fvHSnzT+jiIGLIRVM4cEePZONxz6bOvMbSZlENspXAnwPSj6e46Q\/LhEYhZF5ZtF7cxbKYvthz\/x2AuqGBJbQZVXGBwpECeMSYUVPdyPzrKL5nQTeY5THLQwhjD+QQIPtyT6Yzyl6fy+voVKMylzN++\/iweMaXEF\/LptP5tg86IWhQE9VCY7hyu2zMCo3z86ZH81FqlV6iXoV64H+vi15GVHdmI7sACLzbt\/7vdzgyJvU7\/DN23MR7i8cHSp6p29+X5o44vrzu3zzjtyWtKvMvN0378xtMRso3HDtg1sfiDj\/Z3zAiR8dF1LyQQ8X+lAdwF8omi\/hAOCKyTuEyKZ2mfV1IKUo0ffnpli7GP0cU3bZPCMnS8BkZydACw8ikeVri+Y\/+UiKerG5EPDT8+aPHLjJnBgwhgJ+Vh4B7Q3xRQTRUjEvLJo\/ho\/MxQyaf4\/PLMCFwbF\/Vs78CfsM9vM4rTs4WuYlRfOXvp1rzAidlvTnAx47yG0xnV17LpXa8JcVzUeYSAq1btGy+Rt\/MNnmiIyTsCztlxbN30Kbs10UKXvdK6L73setJ1iCLAdW4g9yBG+F8wmdXqXZbDrcIkLKwU\/R\/KP2QnVSu\/K6ovkvbF32cFqTz3I+w2OfF8Pcdzif6Zn\/ATnr6SJn+7KncI4FFPH8BF4sU8adnKEAwH4gNwh3+gej2VwBgtni1AxHz8bTyojh4r4oK1Xew5ZdoWkVcfm1zh\/n9qA1rNGBVWafwt5HIDxGhDb\/WyV9cY4TuC23NkXmg0Xzwlykc6kCOYTzMuZb5hXjIC37vGfeStXRBDq9iYCQ6BSWaPBjxF5zWDksO4siRSuMUGSe65u\/gJ7NVrJv3H\/SYwtl12H7cmsFuGBR9nHPvFZr1bS8hWmAsdfFE6NCCQfFdA4Zg\/4Jz\/yqohOdynz59Fms6Lnt3T7bLL3TjvoueH8wh0jfzZ8g8AqwspOJ4Rw018f9W5lMWcjot2f+Mrfbj8phyISx49sNxzAlw\/shJVhhqFw\/qrhyxMs881fIg2brMMqCaV62YP5acaWTsm7RpQ8rIG65ytQzL8qZB3LbexFxUGYE7LyUjaYADlnG1+TMKwXcZRnqhe44VgpenzPvzfVVGUJ9hbGCJbhAq+Fo0NKdjXxU5Scdiip8wy0qL87pdwKq0z7zW5h5V9H8VAZ2bjirjZhIbh\/3nqJ5BR2AAJMPa2ah78uZX3TQeMul8JcumD\/N7R5sSffjqUdfCG6aV3FMKJ8PY8kUb1XR35Iz72KzB8NydKpT8rMF84FchR4lw+fn93EqEC7nTvGt9x3j49rgW+lCvmOYahK96+Ctjbqo9AQ3NC9U5sTu52RAkYE33IapZaPRFbHj7ES9XPfIueSfmQ1nGCJqDUK8vuT2kM\/aMQJFFlT2rEbWEs0Px4mLsWTyMbR\/OQMtxNDhuKH90DWLgmJcwJn8XMHCiAGm1cUd+gP3a309Z16KJtvDvvsymgUduzCZcNJUwom+ggmLWNqXzfKWBIUC\/L9tvc1ymTZQ3+PbB3hYOi3XMMfMKfz1ZXNiHlwjzLdsTqbA8mRwJcY9NQ+2uKcdl7S9Za7J8KiAMxlJu+5S2xi\/W1txF8iDSqlR4+lVmkEyS\/w8c6GC4SLLGGAVGJQd\/bRcZcpMwN5j2RgYnYuvyslXvdh9qi40g5UMIrrA4QCruww+54wxmQhl9\/xDyEPWyhjV+M1Sr7K2ab+UbFympbfpqRazaqujcDCsk9LyOtlnPhsWzz18oWHEpkkcKUpyV9VtM7U0MGG82t3rpUZACyaDFdBHOnGIvpycla9wJG9sJyhpO5jxS\/Izi9W6vpNgqrVMTlivMCAZ05O+KP7anHd1eY3CK9J+CtXWMODGm2NKGKkcxkKM9UAuHdO40bc0qqWeXFuWlq6ydikvb7C8zGHUKBNWIslURn2OlN8IEzPKq2G0LRMWMb7JimSupkU2S2u1kghCvshpXPoOkp5L30nad+m7SOdcWr7OmXdp+UCn\/qDdarfUkZdUig37xsNCudGunLt7va0vLC1mWMgw5yu3yhMye79H01fbUN\/ftUBQGGuXaVmL5jf7h42r\/RYfmNvYHciT9DEC7PZJYbwB4nS8PWfyLh3gvu31Wf5NYY5aZa7YeBu30xMzh9Ji\/tr5kZfRpNhU2q1KqVdr8Y+c12ms21+i8juNUqW21na\/0Je7ig6Mz4TU29wgCkw79A6GcHuiAWvOT9QzUvg7sb0cX0z7owT0bnrFqrQd7k5GqH8Cf+\/hvvWyDfjJq3TeHFIlbbQUXYVOqBatnKvQUW560gtTdN89N\/bWvGd\/UsFf0Zfwc01rO\/Lt3pqKY547S2euTR8PFM90h3MQ4XN7wjmlqEeE8+jNa4GtLVwwiWpulohOvAvJKutwfkhzOqnQ5pr15put6NKfcQh8bI\/cB+qPNoSwfKUCRaFSemzg58Xh2ifLwuPhWA37DciQ8TkBUT+Lw5XJ\/RXUbTrRnXO+KVji3aP\/5hiaI8IyndK6fYm2116V1xYEvhkD\/aZ9NzC33nKpvEOT7GYCLegP8KYv5xY1Xy5VzjnAggL01cXFoNbTVqR4s2tVeomlmeC8xvt16hq\/uEPAo5N6KxEdiS\/5CCD7dVe2EysJNt6GdBdYkKlioYVh1LbVbL5o262yMLFBnz8LwQriByMt1tkF0Q4N0ZD0m7J5EOGHU7SB8WI41aR+RJR3rrBGSawqjPUlGVASyVfEZMBBy9B4ABqHSmsUQSQ3RoVW1ObDz6UMjoQzkjCBxfgYE3ljDmIel1knDr\/25yX2NvP2nZ8C662qfYMtF7gXCOO3+PL2Hby0VsECOvadvfgTDPIzuxmofUFrYR4Yv5y1OA9O3uJa2qgH9bL6MvblRLfQLcdvMx5P3i084T7aiqrSlDKxebjPJ+dxtPWrkE6lSJaPo2mdvgrtaHLXlNtdjLU2mIjwjAO6mgn8WgfXFhPodQ5qG0jA1+tPRrWYW115y6lXr0l7N1hRVtrr8uJhZpRubNbT10dvkndE48zNUpII8hYpSnIP0bcok5c9H6rZ+KXKh2lO2ejV2y1p\/tb0bcyHa6l7MfQRjcOvfj6KNT7zbuht7Y1at1uvonWbgf5+8ibT0JjHrN1L58AVf+CxeACbQY32GpCtIhEcyKxiPC5otGUM6DttK4HHx5NC3OQksJdOv09kpl8WpUa5zMFLrgwo9AhMJRNRsAFtpTMRnJrEnZwRATknrr0NzUEz0+ynaHaurEYB7SWnvua5RWnKmY+ekOf0EQees8ZsdCol+RlIPiheDSQhPxzAcPpSN6Tl204dlwcxQ\/CfIHiotEbRg5ORw54ecXT9JTiwM7Q+72gdRqlRnhKcxSXmCyyuc7jg7On1JBZa80UWyD29n+Ryc7jAVjibV87c13G+RAUrzKWrcHuCgFPRqOmXk\/RzBjwPyRJc4TfTpX+hS0fi1EBI+xQBlFZLGkHsTKzIQMuQekbe864qr1GYktl3BSJri1qfhXuOd\/e2oVF\/macjlg1Xpo09O2ksU16jMG1MgOY5+bilGI9FetxXl9m+Ov1MMNjJsqC2UGU0fsvkZsO9kMMxohHPzZv8JU6qNfO8vCnsHUREBSX3\/LwpWtK9BB0\/XtKN+MuLjseNmAIeI8mKrMppaTMhyepN2A0eYC6asb3uQa1JJMf41eyJcXLILFJTr9L0ujV5eg6vgydB2Ew2+saLv4syJ3+HaAm6I2ghBxFzr5ph5jZRLQm\/EYuVd4pwzMfIyK7MsE94E16xHU+b7G0NwxViZuLotax42WFkqreSii9BpNlPTRQqR+OZQrpyzm8RH8TM+vUWPnQdU19vNKyBtwW5qy0qsaFMoyVcJvuuEk5q3Cs3116OfmAbNzSDy5IbhRf621ec9yXbh6po1Wvw3uZoVkVex6zcx1YinOUjfuchC2FisnOvURLokmFz1etS126FXoGuZWW2sD+VV+g4hVJakXll3ixmuVyCEo3i++FN7wwvmFflzbE5\/iyqn5fjZptmWZjRHZt5tWc\/p2NzzImd0aTvyghqzZHqCYtsdNv6uzw6Vjy8+GtRjAsLeqtS25RPOAHItdabZbvbqTft75QWZYh4LswR7hzqJfOD6S+HJppd9ryhO2uTT+g56Ovznt851HsUlxhjKIcK+w70urzBPcZiTEbm1YxxJKH9GP+1jM1I46XIMj+U6zeu5DXYgEPU+atU5LsJK\/Ev\/OqL3dJFL\/6VeL+eIeN7B+iCULdfcnSkWKtZIBTM0iBPehzuSyLXOtwDomGuZfj3XD2iWlqP0ytbL1\/PiGheoMhzJkP3BqpbXx8eHwy5J5jGl1e9MTnqVhuGlR2V\/FKYDKtn9yU1OcVlaO2PYrpf1zQV+eIYT0+0Y7NWZZoSfQLgl3p4e2t4QvpxHfn90GCzsoZbqisYrvs6vqC0tJ6Fu9f3VaZxjBds99upmMN1jT6QtC+z431JxrfVmsliIIEDtq3MeGyuTW8QBmQ+KshdwGox3uRy5zUnY8C+N7mrZUWzkHwhwwQ12YT0VPvTaVDFx3XiyCkQN7CBB66lbo9KqgCrIim3zcs2Fsf+5EAbg+GzndQErM+YxmzhSLouqmR6zGexqJZDH295lY2sWEL5gJEK0iQOKGk3hNk2pYPGX9p3ICeJbHtDMLSBtzBrJOgLMG85i8xb814hUrbDQVthlGLLevZVLozOwi56BnCR5QMn5MAGkzkBpGxJ3MsyQav0lqM53cObDirduv66mKl0ZMA996NbfiWQpSt3trRBtNPh5OXQnWfhbKDjU9Tt4d0CWujc21tT4OKqLH1LgYKPBefrugNcPteWryiQOt5dDwRyolzSn487STigzoqicjuV8KlnkNBdqa+eLTVZsvQ3x0y1W6qsN3T1cj\/bweBL1k+y7CpqAHIxoFbq6tYmHwMIVdSUhUIMabiNR7Euu3xiL7VxekmMddJ+nSEurKLwcSGOCg9daEumgBGSw7TV6ZEvcKNn+w7IMNllUYyvL9rVGHJsBGGs0YgkkwZqWweE6O3d2PdhWoe4IewQZPDjl3QJzI\/dFTxy+XJagVCY7BStbq630oyXbOfxUui6iiJneRjbiIJ\/bERSyXwwb3ChCMqwihbMsSNYwNeSQ8\/kUJpzCDr4obxZGsyDPoxaz4NEoti4j+DJDCb3j\/Gj2AQljRWYAhGyCMfbHJLE0KKIBzEnn\/gsyJd\/V+TYrQHT7Z0G5aj8YjX1LKTAdsybZ0B48qRU+8qKJLqIOIwTVyweLxFgDPHVvY7D0TmJXusylQ+OkoaJf6HbNPS36Lyu\/qSjfxjNt8XGFuOEZoudtFhcmvZ3skExtXuSdPoJTsFkTyM1WbKH4v94jBaVH0CNbAG73byXyzpD+YiBZc8iUcw9kJ39RsCFhHJNqfgLw7SFHmBzD0eBKWjuBj9qmxRkLvDnWCl7hDrd1SV2B5w7Kvnk5lJhNo1v8osDj39NveKehDLXhurTk19IeNtwO++e7kKYbXT8gzhjY2yKnaGjYZ+dLCpbiaO9BIWVMfGJ+i6FXMSjsQiy9KcfUC0pivFvSzlrQZ3ZioRTWA9Ucx\/7oQSS7XjYj\/C9FOc7TD7FkQ7ZPmY6Huj16EOvMBRhT+7iU65kNsyCBE9HR15xW7r6qtyxlD7OSTT3useyZS\/ZNC95x5lB075FcHNuR34kJybRhQKHGlKcNOuZmw8h1GMtuBQmvqmEpm9J+2JfJVnERI7Xp6P6uBXez54anDOj4fiieosyHI\/iWMyN8efz5tEzTcaDr0Nxch62IZbWfKxgTs3Dzcfy5tp5kFoJ2rhOtaykbHGObk4f6o2NyKe9vUbx5f51byLjyCBen4DKV0p7ulVdMjcosMNIbbHD68pwLpnbEIHVNnb\/Re\/GJJtq58fz3k3znAaIVMNKD5mHJ5Goh87DwT+nvunD+qpHkFV1+FTe3JpCtEp9QPWHJ8DOrkzHT+bNIxJQIJbCfDpvHlmKQRYL42Ttp7rqXlKqTaUfUHM\/024\/27Spv2wucU5A2V9u1yAnMPadCYzYKZB8BmIDpwALSWuWPXHrNNyPiO3k3JFYGtM3mc8gTuV2QkfvDRFkd17ZIIz0SBFaZNMPGeK6OptV1XsSNHqudm\/ZfYWKZfZcC8c0dQzFmHv3lNv3bNqO+53gLh453CI57yZaSy7PuDiq8HwxvCJOkLwwB9MKdW19Ftu9BtNTmQ34CQf6\/S39pgfj5c\/NCvzGcFxPZ5Cci9fxLzvYdofl66WNutSVg2YpJbPMCQczk87ahQyeM7uxSrtz72Z1XZaceFNgkWVJUEp7Nh8O1jErdaWXgMpXEmBuhyPXc6qP+cg29IU8UaEY1SLWGZRTYvEdNCZg4Qs13B57x9Q\/4YQRTbfXNeXHl03SazG2IH+\/uwhS2LX31FhSQiHUQ7SULyT4dblnsWbvgsS3RbIw8eUvYQfkIO9YfGon7gb5ZUYwo0HHtYUNu6CqAE6geu69Hz93oL0CKmEt1DFwZ08CYuMKYtp3QLkGCoDhTl5E8hcPtG9e3GlxNGPWcvOs5I\/sX+GI\/hXnMc87uR0WUCzFxQ3YkdtbqOa2Xl6T+8Che6N6l12hXCpybKOSvuarEiHXKZqzlVatOuebkwPsiV\/YtgdyX4uSarkSbXD8rv3ZQe9TcIAvowZTfi5s9zBFS2lNb5F2WeWovkDUbDTcvkhsDxxCcftqCKAaHFrPdLJAxd1XT9ZBv8fAM0fZlV1iZsqZrH7Wh5Rr19udzKL9ycxl\/YiQgEvHxiSpbEezMLE5h\/XlCDDO1pLV4+V1MnZleVetzOK3T7RnVh+Yt3qmkLQZpItDSSva1vPS0xW5PsMqhJ8y2d+b4HFvczgqGgk\/MzUgcV1gKNw8TCmhetPQ3n6O4bI4seVhl34EE1L4\/4cRSFmLcogZoQs+7MzDwQfMCprfYKpMAlk0Knr9z7ZfsOgtW53mhpEs3LAi2ptkAlFwIDn0S6KOsvwTavbyfe2LvOmvrl0k8xgdK9TEFgzCQSceO9ucaphtKErm\/wJLBkKELKISBsGTn9ZxUqgKttOWyDynwF5S1jnV2WTzgAlny+sO403m09lIVDdx0hFxR2znMeUTPE5t7IUF443D+5OMf5VOVUWncqRi7QOC7g2jNYtZH7fC+w91ASUcJMy9iC3dMI6WzWRc9LonVBfqKTgeGUYlkpy24h1uNmYvmKMDd1FMJwPO7+8iSPNytjditCtqHTDG0bwR8eaMiH7cpsVAubzum4O4BqKL4jS1UYNdthJftr7kg7hOV7u4g40GKlhtiWfKTgo9q++4Ougl3aiEoxGHTXWBFBMIAR+FLMyPaUe7anLy0+8c0GocQD6X3LVJYmvNZp1DWcn481WZUvpaFpLZVyoITN6gvsCYync7WGhj3caGBzI4HCHJF96YwZEyFktcv1kZK52lbl5cMP7V4AAyB5F5BQGOLPk8ao\/xTejntub1MJ4KdaIU8jNjfqT4ibHOxV2zn0RkuK5uWjg6gtEg4cgRdUxE5lUFb55JXUM4vErXqILE6Sy1FZGlJck8KFIpkRenDwVvgTLCqnoHm7kuioDlQuAsm6yIPZv3N2S3nEZfZb8qm6hwUCH6hwZQpYRgRmzjYsWWFQ7wbMrKXbMvJ8KBH6OtDC90+iPQtjVyOHyaZZ4azin210Kc5a2wP0NHMCg1iVdr6NmUS5VzSc5bx0+hF9JD\/\/GxKasyHCmX0rAjy\/GWxCgH2AxxJ+wesCA+gvoST8c87NFxTmMI9ETxTDFb3uJki4bkOxMY26VBiP8SX+I7hnHB3ujSHplnFrxlO2bxch6ZZxW847N4DWpbreE0tOCdoKkp3C6bk6oEMc6atSxMrVNz8E5sxOsy5hlbdHoOrT3\/XYFYQR87SxAcD1UZTwz5NfvkUlWNzKsL3pntjG68pmCuvTSnBa8tmOswNuflri0Cvl5+f3uF7XaAjqG6nrkhYwhjgxqZlxS8G2eoldOTlxbMTZINElG\/rGBuTkaupOtbAO+37ExQlfa4B7Kry2Z0N1GSNxTYgsbdC9Jlt6RUq8Lxcwvewy4Nj1h7n1\/wbt0eya8jIMtl83BtCipyxFMfIN1HHEVZFvoM9ecVvEf2nXY7Bl9XMI8Kj1x+X1DwHt2nLuKSRqKaYgnVBI9mb7MoskFLghjKz2Pihtw0en3BPA7F5uzLvRkiUkpF+gXPPD5RGNdkbRTKRsdKAdtJh60iev3xZHxFJsF6DLK+QpWGc5hh+IhsL\/CsWpSIOA+imJJFxgffkot0UqKH5M\/PiZcb6s+U7u\/efRBOr2QOgOY2fa0eYdF6a3WzY08Z5RLqqm70D1MwrJ+4TbKJadEqDLKX3sf8Y4y3YupvwaxLqWUwShTY97ZGTGqN1TmbjdGwQ4fDjqgQnW9\/UGbdbnhEGd2VgUU8Mnv8zkIwA94N9+zKaU\/+GUS2Z8A1m5uREmEumDwNlcVvLLAlkFsDCwSZ+9GsixFhcAYB0B7YdGxvXysvRIDW10FlZ9hMrx1g51MWqCATFSQalwqkMHdfnjKOUzCb7LPfg0Shw+CiEnLvlmPJvu2\/P2dSh1FFZjRhf6mROItOJvO445TKuwrGr+gEK08n\/cE2TBm\/OIe9PS\/3t1NjBq9T8w6Gbz9ux7ybY4f9eIp0smB7x8O8EwvehDCyYD0QLPTGyzblY+Y0QTi6G7JAjaO9oRbTpceMU00xL8h5Oi\/i\/BsLXmEo7QmTR86jNxXMI4RCoIrvgG8umNtU1czzPa8oqXI\/woJbo3yrXGLoj9xastDf3oZXkzeLkRxCBOwIbMlSnO9Jn77NHIvzFXw2OFBw2SzrG5j0r2COa9KpNjFUza4kkZCTtuFO\/8qIMQFwKpqbXXJh560F77T0x\/YknTtvK5hrdqC0YWMMdOOMUq+jkUxHvIIr7YNZJPIZb49YBwnxiiuChK9VRIkMqSm7DpUiCs0CMsKDGa2PB2Kety+a9xa8GxTUDTOgG7diBYrMewreTdNw264Vgf11nfh0asHcrO2UGd7tXTZNxHxWYNh2\/RYtqxH2nExVbs\/OmYfsy3bvyni7xOBi4kB7aPKF35J841scYjFrD2M7Mbsi75PVxyzw\/VEDlujBw7dHw\/0t+fhSYnq74QX+RubtRe+RcIcknanBKMrwv48VAje3G+6zhiGkih1LiD1aNLvHDIhkthJ\/euyR37b5vO89jmbB7YZQnIaDZIw+XzSPrx3Rpt3puhE9ZP0OlyRXonxRWwtLsPWSsMW2sMi8v+Dl5a5dSb5IkWmaiMYFpMd4x6+CQbI63Nmp7B5IdHE5JYVd8jzr+xeNP7A\/ptOimOmI+6bbm7pQytu0mx4Fm6vTSSYoeo0Mi9tCPSrpRxmRbm8XZRMQTSxscfAg2oro1oZM6en27hWa8Bb3r4YtHYW8SodEHY7tHw1flv6pdhm\/3C21KmusaRgj02oTTLZ3IgIitXq9lcO3nZ14KvoLY\/obi4P27Uol5gOBOKFF5gNsBSRbFuYELb8lqY6y05qnUNg\/ClqU6sriB3F35Q2XZsiBgUKMX2rVm7J72+ShC7HZIAwuMWQvQa2KpvkEXUmv2UCeN40Llc6HC+wf+tZlEmwFyn3jdqNWkkXdrDTa+nOHXtDrWhH5pUa9pDcC9MYFCfnNLs7RA3tVo9DU+yLF7D2yBXvpV+6PkVuUI37O8fXq2VK9tQFFwTqmwl+p1xrVTUDayDLR6iRznCh5Z7Nbk59zOBF3\/GSz1CIll12EwwRZfmVGLgqcPhtsdtdbvXqzlpRdI3ejNDbP8bdl8Uwsh25oA1WpPI5\/eXkkYrAdL2Q7Xpzr+EK244txB5Yco8eOYHT5akaPx4yWxvZGgfHPPMiNs2Xjz90xy\/X12JOT0Dweqfwap8AHphBe3p+ysmG+LOgTBbZa7vqX+RTqF7k30C3kA5yp72ANA1nlLOjTBbMkDYvULOTVnjk2RqXVLpWkYQv\/p4JZ5pAhA\/m8LIdTvQ9pAV8smBPq2tnsZwrm5F5fzqIHAc7++EKm7tOL7MKIgdvc5\/Lm9FOjLgdswz35Dm2M9QWWxGg0iZfjuB\/\/UjBnaknXcdmxRCyY5lp54yC5ebRe7nWTi0geit5ubNTs\/XZ7d0JvQ3XUVOSqdZmHpPLJK4aFFkOoOTLFBhNls4eBIbOQZDbb3QRlcbVbY2p3tYD8UjafRTxW0l32smrfcVrhccLqZX1FuDlJrVZJf6L0FPzqzyVtNtrtc3q57HSr5n4b8po6XHTXe2uCmZEIxiNMMol4Pl4w8iEYBy5NLxyIk6XnlYkxacbKo6dYKKK94wJOanDAwYVXeGQ+yRlXXLDCKKlqsYUgnK9DLjW9frQi6ixpX4YWdOFImiagJQrTkZPhkEVmQ8hirIcCNS9gWmiqFx9YCMjv6yY8HNSlSCDF\/kgveMFwjjVcj3G00B1t4JXPge1BCIFcSwlerCfFviBpybnfMhWYvyyys7gkdtCYpi1K04lCv\/EskISEy3oTKdSY1piEYpnPFQg7i8fQnp5T+eouSsuUgjVc\/tybPu6WoRw1djZLFNgfyxIVlRdAtR4tYxmcg8RKzsANk9PAHSGvydzZuUnGMI4mk4sH+5YXuX2STmafbZ+9eOs1s5MYkJ84Hn3x4ahi3sOwzKF10rfnUJja2N5Hv2gbuqQtwFqQndw0GdOdI+V49feywPrAfAmF3k+b2RCikflnQuiqYoyDWDVEc0lKzMdAHwBQGX+0YHxmwvyK8QDborhqEOrnYWRHqByNRT\/gmA1V9p5ybl99gEytuj2QsHAhAYCIb4whjW0IP\/TIA0M9zmcX01mUItQoFaHtCZEqRJBbiiOTJ+loIJ81MOaGklz35oi3Jtqh14\/jRYgsMeL5t5nkFmRvLX1rJ7eqK2FeqMjNccEprHRLLGySJVcM1kqdJGfXRZdZxIK19TeYlmxqM15zj9nfpEvyyy4fL8DH07eM3M\/PuXXX\/v5c8rrSKc26V5BOs\/pmXji65qo3ks7IxVO93pgBXpsCkzt01ylZ7CxhdRYL6fT1FUTOvmXWv9wZuRd4TO58TX4512C9u23GA4EO24Lt29ucfQyDXEllXC\/J+LE99OS6pXzjyDTj22Olbq9e0d55AUKgQZJ+q7TBI1cK3CK0Ji9gF9bu4G9x7U7+Lqzdxd\/FNXnRemntSfw9tibxWhmv5eTq2vGVdhspkDrBUsiSF5A8KTin1gR6Gn+PxzVzN9\/O6F31a9fl73VYlnWe1zfq\/L2hKrAbqz3+3lSVHt+8Ul9dVxq3kKqUOq4DD2kSXuL5UNZRHg8TR+nWWpO\/DxdlUNk\/ImiiWCQeKVw9ihEXOo++mz+3VVek9mNK5bKw+Vh3hfVxXWn58V3pwFc49+srxc\/i+VUVFkWeX83A8fiaoNQUtK89VxY+v47Vn8ftgQroCdKZOwRwp3Turqa9ivrEclUKnlSuysg8Oejosv0UZeHrz+vjGzr1Ss92+BuD9npX76V+U70p\/flmIujSw29plMo16de3xvfbv6283uupXEr2XjOpsvDvbh4yQXvx4FVJWxnWZDaV8BlIr7TXe5bWKmYfR0JHcq0JjrBVV2c70F8PPNuordr74+fEhZGuNESXuxMWYvPdsd61WER43FXqdPTqh23z1nKphUkgVZGFplFj\/OFBhF91hqPeWhECNdfbFTfSq6is\/Ea1pbPGWYJN1YNaqas\/4Hs2e\/f7RKr3D2ferzdbidI+mkAlsUlH6bZqXd7FbCsPj62mv1z9uFhiXy017XT+GjsSX+vkers8USvh8wlss4SLO\/CvpNUnovrZH0R\/cle\/rvEUHjHhrycttJWrb+jJ\/XsS39JjF1FWJSsl4+pV1mqVc+W2vGLmyw8eV2qq2jmskqhWHqbXHSeFOJ2pU4xhYotFvAuJGizGA27bXIoxjgWVbrvhOGF\/wVhL6mTQqbcSvk7BNY9reKDNqpVnRK1sq9f2urWatEr6Osa73Lbw66UHPG8Q+VnQjcIgz5vkadu8WTmJhXULTQg6yYcIWZ4Placj9TCRGt41yXKpUdOJfK7RltFqNEvdu9e1RtO+zEAKPWtqf9qKXa2XLHInSd1tFcuyd9xevyJ1es6WPSI1SY90Q\/KoKlPQwR5Ta3bWMLLS4uNXanpY+hUYMjvDv5J5VOvWKyS\/qt4KYMPW+rp42t0p+qyrB5knBbFh+0aMDYNjb9h\/EyaH0\/k4+83UFHF\/q\/SP57fFu8euaBpavPkEMkGcuYNML87cSWY9ztxFZiPOPJGMqqpknkTmHskoj\/cmS8B9spjYofv2dKn5Dpm\/bmqT\/U4ZRiInVlbfhUOwqlZls3noU2i4g9GgMgr7Y\/2hMy\/xW\/HuKAzxVcSTeTGeTLaoBhwfJvlpwh2B42friXHT\/pIFob1DccZcRba5uKM7hBeZYe5H6036o\/VkvCpHSrKFmUfOYQ9LFbEeR\/zWPTm\/cuR32PDErYU0co1xs9dO7i56mhCIlADwS5jX+HMkme18YW47H1Hu3s\/CTzy0oR+KyyhpQu8WsTSd9h2hZa8w14J4e+qfmkImooH6MfokvNiv8us6pDlbEl9zz19FC5dyJuReURSPUlp8Oa7kHFrE0GVG9dWM6lXlNQoZWr8fA+mmo\/dK6K31CTtnvscXo8easJst16OstSyEGhkGXgMDNULL6ue6nVkY56kgh8RvACdyX8qKzOvZ1dYSDAem1o5s9CzyGD2t7ErgbkW00mqfhEozFYU0fET6fCOVkiKUWqX4JqTIIWEoh1nKUxr+ztXIKrJCsjEzfPMAX7bWU2PqrWNtePrJqVwuuDewhjrPWtDbLHXEVSm0W3pTleElV5S1PSht1EgvlKR8MbDa3GFrE7IXZ5MMUWvL1NgZaUjfOdOsV5v7DSeUAO+gRgHugroN3qGo+wpTzm1Sk\/nS6WLTdLn2MDPtVtVm\/Dle7JjlifuPZFN5ynhsT\/fxrWV7dIpzKZdrMToIUvbR8P7moslXHuQAgPlm91iiTDKUEh\/2MSOZo5G2jYvvGLZpHE7UJY4rhwsPfpKS30l6+NYimx95KSX+FpxCsS\/tioZxTKNOCFr76jlZ+HP4aJvb786k5juYFGm5m4gXOB2ydhY5gHmRau+cQzyXfISuJ1RSuZflN2fRhE1dAQF4ujYTUWVptzEDgEdSso1btt6N\/nYQvWxyAvk2PZZ0X99wMnm3tRNbw4aOhCfOBE\/fQmjJbuHkWk5KoeyOiXtCH1WWPSNI+L34X2zbpIZXqm4Qv1duU6jcXErpxJxgC2oYArEe+w5k3gvbMuoSauFMjSj+XNVq+oF9n6NOW8nREYPyfqbyVpbN9yH0JMLTgjA0kTWJskNjDZSXqi6aB2i6zwFvf2o+Rq3dySUWrY8XUTJUPTKfQGlVi8wn0SB3bYX41mjUv2w+VTRFC+pximavs3+maBbsUa35bNEs7vWnLIcEXItmaZv2zeeK3rGYCa3l+lUMOZrgBEbY\/w7j2VwS7lvyHuTllUHI4Q+JzHsrcTHhBAkrFBTFZYol7WrKgN7aQDnkJgFRyZIakt4asUjWWKxLvbW5UddPOvltfJnuVeAc3hGe7Kb19K1bko9fe8msyHlrG92Lor5bfXO6HJPINxiMhC0RgvHl7hFVhDWefhYD6zMTpI8yegd69cDfx+5hPXJox7gutxzPE5ubyM3m\/Hynjb80c\/3+MNUHCY8fYfwns91QftiPQmiFBLMQUixZ8yG0QWGBWjTO24jaY0vmMIoCShAW9kf9K1EbhwhOFpOMG4+lNdG3lLPMKAspL4rJ+B1Rx38L4opo678FMVDNjZU5rZHvX+a07LtA3Q\/DAbpFbM0OZ2\/SESEzlbTI9SFvCfWkHZkCMaWeEzL2hBFMozv\/H9XraOLGX5w5+p+mV3PDdqjLuR0OooO42\/mZnJXbdCEZDvpUTDLSLy8zcOTvkI4uVnRepyzk8EKi\/cnsHoQU3wq\/l7S\/rYir1jnKNa0NSOsV5nQulTNezQFHypPJPiusWLxQvxU\/L+2jkFxZoYKFSZvxt8lm70V9Ak92O853sKMlTg\/sByIi+TFbn+WZdPfwQbmfx98d4OqwpiFb\/Y5tgDrSAagy9w4B4y0Ahbj\/dHWiNxCUQB5eNcpZH7SJ8tp0m0kwZQWngi9fpVAgGQ7JcEJtNoPzIQ8\/CB71y6MbUi6yLInaeoUZETr4HIsLAGt7Q7WT8vkArOQg1C8Xb6hju2QKR1OxxZhcS+qSZhmfBDuwByPJF1f2J9Es0pc6yPn323MKWh3O+qPhNkOYj2ZT+eg2wMKlq5qKzJeKXjGhviJbH\/3mWhg3QN9FsIjT3+nvDVELdavgghh50ctnaAL5YtErHER6hCPRzG37jXjYcG0oBUZZiHs+8XYLgabcLk8ytr+BtJJFVgDFghunLaqtqbAoqbGjwJZkqBNJoS3jxAjvXCvGgBjbPH0B919QzTNjHPVuY80yHoo8CPVqrzj5XooCFVROfppU5eVFdF1Q\/MjVJUK\/4OVEOFoJ7Y70C5AbiYzZ2NID8y\/sOqaOs2ehyKEl\/xwOoPRmU49ayR5M0ij4A6KxjhBiUTy7FzHp63Ya7+EpLrZbMn0JOyS5XK9NfHGTsMgaprBKpAlgfg6YIhfEr2HrE19F7cnCaHK6OWgSesL4gkX0klBJj9PSDNCTwE4mr0dgGVJydicmzDqXL0D7UCv30tOMI7oKQsRgkM3LbZySHM4V5BMKFdaUyLxowStKrhtGTDriCQveQtxCD7hgYUVnLql09QsMLWRO2u9PL0RnIxWlem9xRUvwy1adKkpcuYK5ZCV3+5Ke9IaY0npg31Q0PYTaQ1ydtu6yPQn8sa9qxQDZdfVKmtsMOPjVCFMuA+y0u5xP1wU3b8GQ1t1EwWbVsSqulCo1dv3nwFe6CwmgIh\/\/2eys2Z3aYgKvbeD521LgSwm8VIVG0uaxLDxhcJlgIr3SHSfouhU9Hnc1iRWfmOtsWluvbqTwTGun50sanKEEhOqk0jVpUbfNhqOWtnMmKXLR47To2rSoOkfuumxBwhnnGSkUwUBN93A33Eugfb1c44x+vVluleoCvDEGJq3dFEN0TG4WgVTW0uJbVtvtVbgjNEMQTnfoFvMhcUGpizujoIc6UJOdjwIeFgPa5bTztuhWVxScuxeXmf45+MMr0sJau1u\/T\/ZOwjOBT0CZnj1yXn+tzbGT8iWYK93z20+1syuiZKjpyLxcLGNaiJ0a2+kBBlA5bff\/X6xDAADtnAmUFUXS77MXmq1ZZBcQL4gLiIg7SnMpl5lxx10+t+lmEXGQRgTGYVwKaBpQFARUQNAGEVBRFlEBWYpFREA2EVFZWkRFRURFRUR5v3\/U7Zv9vfV87zvnnffOmz6WERX\/jMjIyIzMrKy6ZGRkuiyXu2fn2N8yq410o3KGOfen6led0f3vBfecf89lbQZcX3h1nzZdrrviqnMHuNquztHMOdXrukbuONc0I2Nkg\/23Z2Y81aC0d1aZarar4Fx2doZzmS47o8IlhV363dOtV1+Xk1HpYedcrv7HX0wynNXumrrszArXFHTvljjjv1uwtv5fg9Iu08o3U\/nLevXt1qdXQc9Ex149\/5G4uKBX\/4L7XI77H2o\/noEB+SoTGVRZDe96FyZ67g7H39irR98VJYmusJf1LejZo6CViXv06trvvr59eiAZMKBgQI\/CXt0Sd\/ZL9KRBBYmCRJeCfvcVJLr2gOnTrdeAbgnK9uvbt18fyie6Jbr06xnzrRPXF\/YsTPTtU5C4swcmOvbtW9gFG4UU6tGrB3YTVxf272aiVonufaipG+Z7F\/bs0bdHl7u6JXr3KezbjWK9etwXCwT364UHhb269+jXS9Uk7izoX9inW\/\/Cnt1aJXoVdLm3X7c+NE7KPe6h\/H33FXbpgWWMJHrc0xuHu\/boW2hta524rGfinMQ9Bd2748oZ55\/RJoH2fX27Jfp0K+ipwNzXg+p69CnsVZjo1a1nz4LExYW97uzWtZtcVVB6WNBwqCto+cC1ShRi1IqXk3Up7JW4D\/W49QU4WZC4AV96FbZOXIO7hTjd7b4eXQmIBfzKfj0wclFhr17d7izs1YoodleL7+txT2cF9r+uNNHtvt6FffoWwHehjpRv9EI3Ku5amDL3px69Cvp17UFPFyR69Svs\/980qk9Bb7mBEwWAu8MZu8OJqucyM5hQP\/RUzKnPbuilrv26dNsdTmrt6g52LmrqTnn4tpEXuRbXFXYu7FvoruvWvV\/Pgj4uvj2t7LZlRpV\/DURrW+sqVf6\/GIlVqvwfHIqZq7Or5f7r719\/\/\/m\/rMwzcjWzBSexlmZqWS1\/Zel\/rPms\/WdU+1+VyM3JcFXYI1R2FV0l7QT+kzfuy8yMoc51HubcvZm1M9xgFyZZ6AdmhGuyi5xrUBG3R1Vgd4FakQu6Zxa73d2zBrvE+GwhghMVMnIaAA9xJfUzh7qmt2YVuVFjy8ENci6K4X8Cz+uYNcRd2rocfFFOzxjeBTy+teDR5eCeOSNVebHb2BS89dXCfy6Hj8zIeTNV4HoKTLozq9g1P61cgTczcnalCgyhwKAzVOCv5QrsysgZnBkXeJO2gz5RDh2cmVOUQr9C\/R8nqcCKcgWKMnOmqcBQt7caBVpcrQI\/lSswLTNnXarASRTIujJrqBtdu1yBdZk5B1MFOlBgeoEKtCpX4GBmzqSsuEAnCnRqoQJ\/KldgUlbO0lSBeynwXisVuKNcgaVZOZ+nCjxCG0H\/Xg79PCvnixT6POpVG6vAqHIFvsjKKc6OCyyiwA11VODFcgWKs3Ompgp8QIG55uHycgWmZuesznZZS9niZtpIEhYwdB5y7prKjMqMzEHOTfVIppDmQjIzGZXDPJIFEh4vJCOzyDVo4pFskFgnC6TTPzxSIecB544IyQapNNkjOUJ+EFIB5MA7HqkoZIKQHJBDX3qkkuq5UkjFzCFu+8keqQwSNRRSCaTODR6pImtWT2WQYd09UjXnQec6CqkCMm+gR3KxFtYTkgXS9hWPVJM1a09VkJrLPFIdnSghpAJI2\/0eqSGdCUJyQfL+8EhNPIjrqUyCZ1fxyDEgsW\/VQBrW90gt6ol1skG2t\/JIbdVjLa0E8tS5HqmTRmTtmsAjddPWqoPUuskj9aQzRkgWyM+3e6S+EItBdqbmj\/qxuIHEVkmFzIEuOM8jxwqxAFRisEWNPNJQiOlUBMl\/0yONcCzu0KoMw1EjPNJYiAW6BsNjXMIjx4EEplMTpPR+jzQRUklIZZBhaz1yfDrQx4CUHvVIQsitQjSkcst53TTtdTWQsLVHmlFPHM5skOxbPHJCWkfW7r\/HI83TSC2QfaFHTpQHFmghE2d45KQ0Ig+u3OiRk9MeSGfjbx45Ja2j4REd45EWaQ8yQAY08khLrMWJXRHk8jM9cipIZLGuDXLnpR5pBRLWEKKBM\/F2j5ymesyDOiDDunuktXzrKqQGSO9+Hjkda4HVI2uDHvVIm7Q1JUKvJz1yhhBrj3w75TmPnIm12De15455HjkLJLJ6lIoD1njkbPnWUYiSZ9SHHjkHnTjW8u26bz1yrjww36ST\/MUj55XTGerCHI+0TevUBelf1SPno+NyhWih21\/XIxeAxNZqgGxIeKQdSGDtqQmy7VSP5AmxXJC10871SHuQ2Jp8q36hR5Jp36qCZP\/ZIx3QibOxEsjV13okkI71gqydepNHLhRi1uraBPLPWHwRpsqayZrU0SMXg8SOHaPJ4EaPXKLOsSStDVK6xCN\/kk4NIRVJ7EvP9sifQSILTS2Q+ZpaUshfZM0cqw2y7WOPXIpObE0rwrb6Hrks3ZiaILMV6BRyOTpxoLXyZJfz+grV01HIMSBtCj1ypRBrTw2QKx\/xyFWyZl7LWu83PHK1dMyakImaDFJIxzQia6u\/9sg1aWvHMEBtsKWQa6VjHmjo5jXwyHXoxL2ghPvjNI9crxhYV2tqmX+eR25II0qRPhd65EYhFjcl6R1XeOQm1VNDiHTG5nvk5rROXZDwbo90QiceOzaBPOyRfwOJWyqvBz3pkVtkzXxTyuc955FbFYOOQmTtupkeuS1tTXHrutwjt0snHbeWGzxyBzo+bvv2eOSvaQ8Ut2n7PZKfRuqB5B\/ySIHqqS5EadU\/wyOdpWPR0fNAzxyPdMED10ZIBsiVtTzSVUhzIdkg847zSDdZMw+k80Qzj9yZ1pEHv5YbB92lYx5UBvnuTI\/cJa8toseADDjfIz2EpOI21O3o4JG7qSeOm+pZcrlH\/paup4FNILticU8UokYSazfhuniklxDrNk0T+Z09UghSNtjYoCpoKaR3upJjQearmSnkXnSCfCHaTZQ+45E+akzHMqStUjGF3JdGMjLZM2R4pC\/W4nDWBUmc7pF+QmxQ1wZx\/+aR\/iCx19oI9xzskb+DxC3VZDB1lkfu\/3ceVHrXI\/9AJ\/ZAk9uMnz0yIB0DJWlQwSP\/RCf2QEnav6FHHkjraFB3bu6RB4XYkNLq27i1Rx7CWuy1dNpe4pGH0zq1QH64yiNhhhqUrmhNgYcGZqS1tKMp+puHBtmTT6qxxe6GQR4abFpmsCFQMMJDRdIK7hEkg+tneGiIoNhgI6Crl3qo2Dw8IEjhu2uzh4ZKK46fprJnv\/TQMEFl3V7sHj\/ioeGCYq2KpMTuSh56RFAcQuXegdoeetTc6ChIqXxZub4aIa3Y+epAc0700GMWjdQDwFD3fAsPPW6QBapxph7Qm8ZyjgRwz54QjyEB87t7aJT5cKugamRg6bEeesK0LM9rAR14x0OjTcsqqkQ+dTrLQ2PMB+tirdXBLR4aawZrCFJON5jloSdNywxWA1q91UNPmZa5oSzYW89DT3utTKCopYfGmZY1WVk182YPjRcUx1YPA1cO8dAEM2jO62kgGuehZzykBD57pocmWjQ6CpJW\/ioPTfJamkS2fOShZ80NG07HMZw+zvDQcwbZmNFI213fQyWCymJY7Bqc5qHJVlcqGjy1nuehKaZl0dDyOOAqDz1vztsAUAZNLddfU6UVB0oLcd97PfSCaXUUJA8fechD06QVe6iZIRrjoemmZR5qZhg33UMzzHkLlNy4bo6HXpTB2A1NT81We+glQZEFSgaTOz30sjdYE+jQlx6aKa2yDWCxm3LEQ6+Yhx0Fadu8PdtDr3qDeg5YUNlDs2SwrCuHujPqeGi2QeZhbaBzjvfQHEFxoJTIG1t4aK7VZYGS1qrWHnrt32sVnO+heV5LS\/bNSQ+9blqpJBrq2l7moTe8Vg2bNK6P5W9KJTDPtWonCjw0X1BkkCaN3uWgBYLKKipyUUUPLfQV1QXqfbqH3pJWHEAdYbUZ7KFFBqV6H62dHlosKHajMcnVu5GHlgiKB7xS8rZLPbTU3LB+1OZ7460eiqQVmEEt3weHemiZoMggpX+reR5a7seMDHZa76EV0gpMSw8UDxz20ErTsrzTvjS7iofellZZDIvdKo2ZFLTKnLcY6lF9bgsPvWMGuwqSwQlK\/xS02hvUUpir9E9B75qWLYXKu8b5HlojrTjymjT29ffQWtMy55X+9Yo8tE5a8fhUXTnjPfSeaaXrqqcpNAWtl1Zcl\/biXyz30AZrsvWX6ipZ56GN0orr0inZ1k89tMm0UqtksVv4lYc2G2Qx1Hwy7UcPvS+DkfWXMujTbA9tERTHUOm\/vIaHPhAUj94mQBc09NBWg04QpIOAcSd66ENBgdWlHJ\/cxkPbBMXt0q48r52HPrIYWuS1Z9h0oYc+llYcQ+X4+eV6+RPfZD1OnH6dh7YblArvUJd7s4d2yGDshgxOL\/DQTtMyg5k2aQyJ5btMxfIuvdNIQaXe80pMGomEhz41a+bD8UAH7vHQbhl0ywRpO3HpxR76TFCZe0UuocU6Be0xg+aethMbl3roc9OyftS5QM+qHvpCULwuCIrO9tCXHtJ2os4dHtorKA67lvh5j3roK4NsYGgWGvu6h742D63JOims9K6HvpFW7KGOCkcc9NA+i6G1S+tdk+oe+tYbVHJtq++h\/TIYe6gBP6O1h74TFNkglMGVl3jogDeoDHroag99b1Dajbs7eegHg0zreKDmnT30o+qKu1L7k7ZDPHRQUNmwKXavPuOhn6zJNmyU\/ttmeOhn07IBoHZVX+KhXwTF7aoK1HKLhw4ZlBAk55d87aFfvfPaGNx\/0EOHzY2OgpR3TzoP\/SaDcXiVrb9X9dAR0zLntZ1YWctDv\/u6NNVMLtdff8hgPACUrYOaeeio15LBv57soTAzDdUDymvloYGZcsPOJnItW7+K5bypK3vPkZ050EW3eWiIt5ZFIrvLPVRskPV+Aija66GhmXgeWT9mkcj5Mzw0zGspx6NfPDRcWvHAULa2GeahRwTFHjYGarvLQ48aZHVp9R\/W2EMjPKS863uZhx4zN6xdSuS9t3nocWnF\/agHjWGPeGikaZnzTYHyn\/XQKGlFVlczQWs99ISHTOuQh0Z76ITMYjdbAyMFjfFQFlCbFh4a691oAtT4LA89Ka2yhYY0ucxDTwkKLBeUQV\/\/1UNPC4ozSJvkRD8PjRMUz3jKhTXDPTRewybOBRksfcpDE6QVG5TztsSnoGe888rxzDc8NNEMWprIYKsVHprkDWpX03mbh541yMaG9gzN93voOavLelnO7yw32Eqsro6CqpAmA4DLoMneoNa7W6t5aIoZNOd1bH9tuf56XlpxoJSS0xp7aKppmRsyOLiph14wyAyy6+YtcbVYPs2sWWfFu24PTRcUGaQFtHc5aIZZs4p0EB\/M8tCL1l6LrbbWl+Z66CUZjAe8ttbDunvoZUFxXdI6tNRDMwXFWkqTidU89Iq5YY3S\/rlvUw+9Kq3YoM7MZl7loVmC4i7W83iD+z002wxauwSNeNRDczykBdQ956G5ZjDVj0Nc0RoPvWZa5mFzoNt2emietIKrBGkBzavsodcFxU3WQpOb8NAbguJ2aUN+yrkeetMi31WQRvW4iz00X1pxk7U8re\/koQWC4uVJWp0LPbRQUKylDBpX5KG3rC7rZaXJHU94aJFpWTT0PJ6Y7qHFpmXR0FJ4aKGHlligLLyKxtyVHloqgz4agz7xUCQojoacf\/Z7Dy0TFDuvXLg7y0PLra6UG0NdfiUPrTDI3NDpWftqHlppzncUpAV0dW0PvW11WZO1gL7YxEOrvEHVVXyCh97xkAx2OcVDq71Bne9dcpaH3hUUN1la1yU9tEZQrKUmn3WZh9ZaXdbkqpb+J8XydVIp6\/1BLujhofcExQHMJsevucND682aeS4oMdNDGzxUAejArx7aaNAEQTrEc8d5aJNBpqWZYe\/FHtosN+L2VgXqNNFD7xtkzusLgBk\/e2iLoMC0tLW+\/2QPfWCQzZ96sl53jYe2+i7W4\/Ohuz30oUE24LXE1yn20DbvvGaGYeM99JHqinukOlDu2x762LRSD4yc1G3x0CcGWWdlAM3c66HtMhjnQmMG\/ElVPbRDUGjruKCJmgxT0E4PKe9qtfXQLqvLnNcCuu5CD5UaZG40B5p\/hYc+lUE\/d63q5qHdgmIPla1PPeChzwRF1ikNgOaO9tAegxoJktbuGR76wiDT0tz1xxIPfWlQagAUu9EfeGivoMC0tNOY+o2HvjIoNQCGupPLpcPX1supATDUzc3x0DcG3SpIifwPzQwpaJ8FymKolLyploe+VV1lA2CoO6\/cmN9vWqkBMNS1aOqh7wyyyOvZ\/\/iTPHRABuNHPD0XPN3GQ98blIr8UHe0nYd+EBRZNFRXtb946EdfV02bGTrE8oNSiaOkmaHkcg\/9JCieGfRNjuvooZ8FxT2ix+eNGR76RVCspcfnGTd56JD3QTNDp4c89KtBFlvNDMELHjosg3GjpDX7dw\/95rX0SHuleiQFHbF+TNU1xB0530O\/ey0lcu+rPPSH6or7MRvo4P0eOuq1tNO4a4SHwixppZpMjr\/hoYFZ0jI3VNfMNR4aZFpWl7Ta\/OyhwV7rREZ1XraHikzrDEFKyZMaemiIoHhgaB3\/WWMmBRVnKRqpUc0LsqSHhlpd1i6lZPJSDw2TwTjyquuWOzw0XFBcl15Yt+znoUesLnsq1FTzxsMeetTqsnadBDRluIdGmMGLBcn5nVM89JgZTDvfc7aHHjeD5ryOBU5a6KGRZtCe\/uT8BTs8NMogc14eVjnooSfMoHmow4Sff\/fQaGnFs6smjXOreGiM91CHXWtremisadnY0A7\/zkYeelJQnHqaat460UNPmRvWLn2AM66lh56WVlnq8U7wHA+NExTXpZnhwcBD4wXFXanJ8NErPDTBnO8oSAbrXeehZ6QVG9R8Muc2D000Dy1QdWw+6RTLJ5m1rpLXyBzo3GIPPStrgfmgp\/iNx3voOW\/tZKA2hR4qkVZUW5BW\/7uqeGiyoNigzQydPTTFDFoA9YA\/TiMtBT0vrbgfpdX7Mw9N9VpKyVYVPPSCQebhKUDZx3pomgy6DoK0jm+\/3EPTDWouSE8uD2g+SUEzBEXmvKB5Uz30ooc01ezb6KGXBMU9Ugeo028eetlHXgN+bFUPzZRWmRvFrmszD70iKK5LZ91hWw+9ak0eI0hp0jXw0CyDLBpa4q8p1+TZZrCRIO1PwnwPzRUUR17r+M\/9PfSaoMDcUPpXesxD86xdtwrSM8j68R56XVplU2ixGzXLQ294D7UxeGCBh96UVlneMWms99B807IBoPmk9EMPLZBWPJ+0ADp42EMLBcXt0mL9eiUPvSUojrweGY6r46FFvi5pHW7gocVeS3nXubmHlpiWtSve4d8by5dKpWxaSO3wU1AkKB4z2sbbDj8FLTNr5oMg2+GnoOUeSu\/wU9AKgyYIUgbZDj8FrTTItLSO2w4\/Bb0tN6KGgtI7\/BS0yiBzXjluO\/wU9I6gwLTSO\/wUtNog68f0Dj8FvWtjpqOg9A4\/Ba0xyIZTJSDb4aegtd55Lda2w09B61RX2UhL7fBT0HumZT2ibN2zzUPrTauGIA3CGdompaANgmLntdBcV89DGwWVDadit7qVhzYJigeG0sSe\/VPQZt+uykAJTeMp6H2DOgpSBp37Vw9tkcG4XdI61NdDH3gt1VV9kIe2GmR1KYMmjvTQhxYNi6E+dLmpXAy3qa54T6un+D+\/6qGPBMWBUiI\/sMJDH5tBC6\/quus9D31ikNUl55spW1PQdvOwoyA1ue0eD+2wuqzJ2UCHf\/XQTm9QK\/LH5fprl4e0+X8zx0Ol3qCW3XHHeOhTQZGNXmlNa+yh3YJiLZ2rDy03sD8z520HVd9y\/PlY\/oVU4u\/6lOPuAQ99KSgOYF2ydXZ3D+0VFIddZ27jKnroK4NsOClbt3X20NeCYs+VrZe+5aFvDLJs1Xq3roqH9gmKDSpNerb10LcWQOvHk4EuudJD+6VVtsSzSe7noe8EBeaGsnXjZA8dMIPWIzqov+R1D30vrTiDpNVmt4d+8FrycOpPHvrRIPOwJQNjSbaHDspgfAyuQTigkYd+Mi0zqLX17BM99LO0InNeg\/Cadh76RVDc+1oKa13roUOCAtPSg3Dz7h76VVAcebkx\/0EPHfZuaB3vM9RDvxk0RpCS6yZlawo6YpA1Wblw0XgP\/W6QGZTzR6Z46A+5ETsvg0vme+ioaZlBReOl5R4Ks9GKrF1q8qptHhooKDBIM962\/R4aJCgeUY0yh7qZXGXQ4GylyQFBSq6zcz1UJK0yD4e6uvU9NCQ77WFzS65FsbxYKmVnHYNcaYmHhgqKfahIch0o9tAwQZF5Xoc02dvIQ8PNva6C9Iw8Q12cgh6RVpytSq5wmoceFRR3sVaTu5yHRgiKtbSobWnpocesLpuQtXLlX+Khx03LQqFn5D2FHhppWhYKpcnYpz00yqJkva8cr\/Syh56QwbJoDHEz1I8paLSgOBqa4XsT+jJojKDYeY2ZafU9NNbqMje00Ixu6qEnzcNUu4pdp9YeesoMWru0gDYs1+SnDbL0FzTqFg+N85DqyrnXQ+N9XXK+zUMemmBa5rzW8TvHeOgZQfE6Lq2aMzw0UVCspVz482IPTRIUB0orV+f3PfSsudFRkJp8f6mHnpNW3GR9A\/O15q4UVGJa6Vx4MNtDk72WcuGOGh6a4iN\/quXCB7F8qlm7W3K9wA1XeugFU7GBUUFp8qCHphk0QVAukPvDQ9NlMPahMhnU5iYPzRBU1t7BrnSJh170nuvXhPef66GXrC5zQ1vQ\/Ns99LKH9Nr30iIPzfQGdTZ1zSceesW0LBT63CLM8NCr0ooX0OOA8k\/10CyDGgpStva+2UOzBcW9r4Vm+0APzfF16ZRp3pMemmtQyvkh7pQXPfSaGTTnGwHlbvHQPIuh9b6ytdVhD70urThbNeC\/qO2hN0zLBrxG2syEh96UVlyXsrVXucjPNw\/NeQ34WwIPLTCtVJPJuxs9tNBraVv4gLagKegtaZWFl+Odvh5aZFAqvMWu7yMeWizI1\/XScx5a4utS+j9VLoZLTSud\/rmRhyIfDa1B52qfmYKWSSuOoVbknD0eWi4onq61qE0oF\/kVggJzXqe7N1Xy0EpBcZN15LK+lofeFhS3qxXQn4\/z0CrzsJcg7Rh7NvfQOwZVB8rJyIj\/\/Y70P+fh9Dv3Vll1mu17vO0p5708c8LtvQ9\/\/v7z56+6+otl2a5CSY6rlFH54QznqqzOdo68nTrYfgasH\/zqp736Ea9+rnvoS0bxyTwx3cCjUXeG7cAhru0r+lEsdL9+6Bp\/btiwvn6mStzPZcsTsLe5iUf9251+IjqIg4FBLv\/NwW7UCHaiiSJXej8viNdCjzKiG5F3rTlbuYXnvHs49wh5DTyDY92NbPx+K3bRMdp56WeJTMGX8thxu35UyDLTj7eFjzJKn+RF6XO8pZxHuTWMvw95rvqWI81f9MO7oa5\/Vf2YTj+b0w\/k9FM4\/ehNP2\/TD9n0kzW1viPO3ah5iKnj7CI3H0f1wzD9BEw\/9tLPuvQDLv1USz\/K0s+vVn9djHHOaRvw3uI09mXnsQG7EEeu4Bgmv9iFd+PkwziJg3nP4dRMTlOWc2q6odjt28NiuL\/Y5R\/CwQx6NUc\/2NFPc\/QjHP3cRj+sGeoGnK8fy+hnMUTSdcHRLoNdfme6JwcnTyOCzxTZD1D0UxP9qEQ\/H9EPRfSTEP34Y8bPxQwUHG3IetO82DVuzWPRJfqJRbFbU8CZ8N\/06wjKjOCMZYZ+2MDD1mZetn6p3yRw0Mj4PcDscVlDDgLZ5D7fgmjldydSx7IlYnx0OqvIBbcwbmbpQ\/shbm+9IS5qyXb+ZqI1BH6cPm9n\/lzF3uWj+Mt0fYKub831Ubm+Htdn4voeXB9+6wvvcdOJ1hwe7VbTjTt5Pv2SU2Oc2Z6tL6X1SbS+fdZHzkPdKjYHBUTp5qQ+RMa5RIG+ZihyUUVO+U4vcm0GQ3fSbYyz2y5lTN3KCf9Qpst5HKSt53TuMI5UYWd6PC+tWpDMOKVvWvXxqr5S1eeo+u5UX5\/oS1J9MqpvQ\/UR6LQf9Vmnvt\/Uh5o8BBKhyW2Gurx2+phSX03q80h9B6kPHnFOkUskiNw9jLOLi1xiHK9RltJlVYnU2WTZHWTYo2zKXo+7T5\/r6bs8fYCnL+1WXhJ\/O6eP5Jp3piuHxN+36UM2fbGmT9P0Ddr9B\/VVmT4fG+pW1sKp+vryS5944Vwr+DMcAyq6jQF1Oem5l0E1Y7CLfiFczAFtd5HrjYe4vpfRn7fBP0L\/Pcu1lutQ\/IGRviTSJ0P6NkgfAelrH33Wo+93FCp9kaNPb\/SNjT6m2fkLozlT38Hog5f4oXhwU0IS95c+MyEkucwL3Zl0lpJi1XCgKQPpKn3FQSgeZXQ\/pw8w6MedpFRl+ilB7p\/LgLmY0duJygrhi0jBJ3BoOgNnIX26khT8hBH9ffydgD4I0Jt\/veLXu3y9tNfbeb2G1\/v2szSIgh46MaOvZtJXvxZx2MUun\/7qNJEt\/c9MVCfzBHyNjpjos2IiNJ6J7G1G+BYc3svpYlUmqqbMgm311pW54QoGWDdmxwdwaDSRmkQWzGDeWMLO9wMy4Jv4VaXeSerlo94y6nWi3hvqBaHeBOqVX7W\/4FzJ5cz+HRk4GThzE049VMSrM07CfyflaumtF6OdqB0kaneNwKk3cGoNE9jPRC0b5xoyNbch95Ok16Us5ncwcPrpnQ1pNpyumsJ6PJtyC\/UCRW9KKP97\/O5DLzn0NkOvLfR+Qi8i9MZBrxb0DmHObYwrt1jn\/Gz4CnVyj2NMWOOGk4afkXYVmE2PZU25nNTDwXlTmfI3koq\/MWtWZYZsxsxJ1LoGrCOXMxndyH0+DvQv5nyYbiYVR81iL7EAB9cz3j6MT2V1\/KpzVh2odm5OlP53u3DPNlItgwmong7hGE+MrcR1bA3+ynjqS5oNomtH8kA9ns39qziyAiffY7LCkbZ74pMlHSHprEiHQhroOuZ5r5Utsw\/omIZwVGSBISyXvoUXVZgA2nKWcSX91I8ZajL86\/TXbubxn0jobKbJRjpkICTtGFTXklLdGVQPsuAMxRO8uQhvjkyh7Hx2RcsZbNtIzf3xk7MekevWp\/LSEkJRTBgaEYJr9QTKAHEMkJbk9SU0vZCZ52lmnpdZODDQO5Mprj4jtKkewljjLyH2tzAd3kv+P8RyPEaPPoRhMan3PrNOKXPBTwwIpkQ9cNxQh8EQrqTiB2n5HwyIm1g4lmhPX8TmndYXaTser175pzJqb2ZgDGRQPKlNMP1BOrU6zLxbWxtV1vpzGa0BTtxI3OmPnvRH30do8XOk1ovMBxH9RF\/k7GEeZ1Bo96VtlvZTPZvrX\/dx\/9V\/7uGMMCPjhQyXuSbjTLc8M2NtRvaIrIxdGa4o0z2dmZET\/8N\/Vcv+FZ\/43\/Ab6S6o5MQ94sJXGoo5LuN4d9L\/\/F8XmpiV0Ti7ekYjd2K2yzkt1L8IE41IgrpMAlDGZMJMap8ZQ5PaZ7noNWNc9B50pwRfwtRMuugg9IpkFu3o4ILB3EDdy8lMY4JlKSQsTbrwMMUPSfBj0pVUQriH4sd0QLAV9Fj0liVd6XEIgplJFzRD\/wmjGPu9vWfcuTCCYFB+3RgXboa2keBA0iVadnAlmR1caRME+dU6cMTXwSW4SrMQlDbo4IK91AWNInwVg9MxEtIKFQ3\/gkC6YSXcw5ibT8PD76gmiROboIvyiMRcGP4sVvzRn+fAyUdjFFD3IgppJg3h9UfZUmhL64rwQ4x7hGrFBNMp8gA0kqCkvQs\/QlBKiX0S1CSaf+BYe65sGuX+hqAyDXrCKEF81Rjn3i4rsR0BKujrosQREIzm0zirpSQHhmpF8SPTGDyLEXd1XNQ1RiBdt8WccW44gZF1dyTPBVTnTlFgXoVJLHLBaKOEDg9hCB9UJULaIBVrlNkogZFRmm21KA6qVhQ\/XIYLq3An18QgwgqMy+eqw5UnwXE0qwFXGwSHZfYSmBVYKoA+L8FDMEWYlGtFCIIXjHHha1ArsRwGlXAt1Gx8gEGMRsTLaol2wlCtKH6QLDB4lkKeBaFoNAuBdKNlFMNYuAGBbsIdCKgu\/ByBo\/7wW0rReVDa8KAxrDpcVoI2SEWNMhtqpeyo2VaLxYFqjT6SdEdtaJ2A4GO8E+OuWQIzgkCUMUHFDjCNkimGMhRGjTRx4fAkmQFD68gMmPCqpMt3DIBGCKJfMbgZExoAwxShXTCH8uKQqXvdfBj6O8IpKIIhxriwM7S0HYJ2MFEej8XQzrKRDTMXB78k9DnU4t7h5myEb0HvwSEx4egUEs4G2YsPqxGE0i2lBRiLDiCQ9VK5S3VBBRIgLAJRRuAQFMGbxljHRJYiu2COYoNGEX4Eh9H9JOnysUO0U3GYgWHR4YpV8BFFNADEIGI0wUST8IZ+D9U10UYY+ip6B+EGBG4pNyRMMAdgD4LweRhVOopLuakhCsMpLvQLBOHlMGpeW9S2SnASzDpKNIIuReBqgs7lqoLxqck4RdylIGEdmBNBUHE5EmDEbSCAN0FfJPBhXxgSwD1hFJdxCMY8jDMCl5UR1gZlhDWqATe00jJCzXb5OAMlIITmdC53KtJAo0uMTYITqSfNpKGggyvSP+LmmtsNUjE2o8OEpxDvY5mZEwjCGnRAfTryUHuXqInAbaItlRBMwMFM6TKqSqsKYa5O1AHpBdJYglEUPREBtOR0FYXx9eHFY\/qH2kI6ngmaXq1L2TKGKYx2ipEruSCriIRjLLgzsf8lOsPyCM27MBro04zi8EBjnPsLVCXCqjCoyPHYBtkoo0b\/RueJsXpDOi7NAKEs5kyuC7iqSdCRIrLUD\/oK1sLHYIZjSQ4MRxCp9yTYDLUSn8NI5UCZjcMwZ3KJygEx1Os+Vzg0NURbkIrhD+YxlMuYePpokkwxlKGw1Kph7AmpvUchS9v1qL2Kjf0487YEFdHagYDoR\/sluJDQOiLag05WUkbDQJSlk43SAa8bEy81FSX4IOnys+mVUgS\/y8Y+jH7PzQ\/Uv1OCQ9ys44IypHEIhj+a+W45JppDWTHuHcqtQPA+ArcYRqbnYO0LCV6A2cc1hkvZGgwyxrm7UPscgbuSm50Iz0OwCUF4AjcrETbgmodAobEkgxIit8zG\/qkUtxDC8AejHClj0hCMSj\/O2D6V9ouJ2hCyFxnTZ0vwNtFti+A3owioFsa5k1jdVSI8m+pRETUbYiLlBSVKmyKQSqIJAmxAEWAUxmqJS6haqUCx4YZqpIRjzT3iCeO+SeLwqHaeSUMwlNYklDgFkda3NGNzlDEf4L9CuYAh626EmYSgM3SsBL1hHkXwsFHaMMQYFz0KHYmAIaeiLnwS+nR7FmkxJKwLRsHkv+WCodCNb2HsQRilaFejCC4yxrLN5bdDUBlmWB4pQ5dchHU57yZzQcMcNRCGRrgJOY599XKKL1CdMOECWmTMuzR9EdcHCNwbMJ9yvUjsv0QQTuRmPzfDjSLobYxzN0H3ImCmdcFuBKdhaxuCsAnF13MDDVckcYJZG4aiMG4zRacwckoliED2I2DadIcRhHRxqXZ0AUZz1KOMX2VWOMIogpeMcWEEVTIGH1LNUWzsQeUbbLjvYRCKugVJ6hezT+ER8wZ1\/wjtgyD6CeZAXjyzuDzGgTEM7mCNMRRZBRPmuWgltKV0lsOoS0UXtFdcVVbLm1ZtNuuYmWgMhYcZ48I+SReECMLruRnAlUSnlwQtuCngasJ1tQS1QfK4ET0hJQgrc3M811d4ELaEWUrkLoROQ+D+DYYh7\/5plGpHG8M6CZ2LQPs6txWnF0EryKiahcHgHYyfh8vuEwRVQbRYEi0XboJqlEfvwhSndFsjcLNhpua54FloCeMwonNsYN5jFOvnGmNTiWubh8pqnMnmYjl0j8jGLTDvc0HDelQrxgb4SGgXCebQUYMQfA99DIHGRjiO60+4\/awEfUCncj3JpfinOsKRxX+H0xIavUzhRjCuqIypmIJSZeJtqT1Hbm6PghjB9jyRZjQmIkXEGJXZrK7XYh4UUbWYUFstY2aADyBi2p\/ZNKngbgH4FgGJGW\/pToNqBGsa0ZCOaC2ULphoDId\/+Gz7xOWkhaPEBgDtJG19KuX6nBKrEUT7MEi\/RN9BR+OQGFqI9W+RtOOGoi4XgekycGXM9aQvZN2toz9nQQ\/Qn4761X3BIKMI8BDGXLadtNqgrbUaFe+1aaVComaz\/0OgOFxFKSgRcszDuTiiLbwYRFiB0f5Mu8FQGzZ3HIJjuWkNPSKzAcwqTN4KnS5Bf5jhOP+YURo+1Zj4QWk2AmvNhwjWYkcDOtwCcyrXRwDXqn4Y1EC2Ip3LzUYc0oY1WAuzjgsbwVYE4QJKlHLN5PoCQfQczD7Qx41Sor8x5mG4B4Fc1k7a2mBbaxoVLuOqwzULgZqt3bgoAYk3pXmU1p7KGA0y9ybNTjNpiP3PvgooRLhIL9LRMLiJa2LexbVFXP+azOlnY4hgsMYYiqyC+ddkXpzSbY3AzYaZmqcZ9f\/OydwewcKG3GxvT2eIqU6dxuBVmAXts5gqPqKuXYutdeExSwjCXXnOfSzkIMyrICe1p\/cluA7mpMWUaM\/stQhBCFPKplC0EtUYk65ve\/v4mSNazc1hpGLYLjJIfinH8Icmw4a\/uAyFUbPgFyYR7YHpTWONuYBrF1cuglD9tJg634P2bY+AjHDb6ZaZ0Ep5uEiw1F7X3yglrjYmnpOjCyhRDeaaPHa22KmDDbcIpi8XGcrhBALmSVeFUqIBDokx913TVDvEuA54JMYa3wKaiSA8gxtGXdgBulDW5MBzCP4KHYsgvBdGFtXRwxFosoSh96FvIAiWw+xh9L2L0QYyugmmAxeUELm3bWqj7TxQoy\/mBDxjsPI0QJXzKfZnbl6C3oAg0DTamWsQgnsQuE7cEKLwLGaUgQgw5IJhoMqCJxDgu4smIMB1jhYRFCF4DQE0XJkSaNHQ4V+0WwL1zPcIGL3uiAS1qUHP2G15eLGZ7XaqYyILhhjF9ReMifNMMxvPbS48wk0p\/nyFjWAfzFYuqFuaJPRLjMEYTLCG601sbEEQkaPhLtCpUK1C4dMw31JiiFFUuhpjT3nhlwgIl4s+5aYFdBsCzQ\/RBkqIvp0SBNSkx9xgPgIV1WrozoO+IsElFJ2BgMaFUyXoR9EShI8hnIjAzQIZy7USgU4a3ccwDyPYw5UvwXcILuKCxlMDjPuCAH8JfVljohQmn77YDK2CwIx1YujPgWpgMz\/EI73YKCX+ZAyjHHp\/HkZ5EHTNuUZz2dkQuw53kEv05CR5nEvRk6k\/rA6TgTPNoB9Q1Ka3F3HoeuhTEvSGKUKg6nTyFI43xgXToOMQBK\/BzMTyQugGBBqo7gdGC1QDrkSzhWPkuj3UbYymBB1M8Bczlm5hgoiKsTJ7tE1yqqUSIg0hNm00poRCXxD2CVhX90dPghC\/YKRRPHzIGOfu5NKItZ3XDornQTWEtAHS1BQ25VqCwDVAfy7CugieT+LBzzhnnQoTzkOaDboGgUJmw08+HpCAEZLPdtTdjED7UzaaNtpJMFFKPGUMT8c8RJvgeaJSCcE0VKCTNKtH+7gZ156mirHAlOBEmklD42wa\/Ryb38rTNWBW6MzyzDBKu9W0SvFU4TSDFvpuU0pkzN4kzEXtyzFpiHOAWXom0GEKwwznexnjwgBaM4\/21obZk8dFvQ8xABh08SAMiV0tQuQugLmIUqL\/VBUwzEMxoh2ZRpRbIcHLMDsQ7Id+hyCka0KF92KCp\/CG99AGohk+ZhTBS8a4cCnUZpctqBzF993Qb7ERfQfCLiD4GYFqiY7AvIwQ6kbikBgOWfFsLS6WMYw1YraeMmUMPUeF78G8jvQd6CoENtI\/RPAaVCMueAHmW67HuOQBrRZj7ziiLyT4c9KSXVNzoFMsG\/yrKFEP4WsSVKVoCTdQYkX9MNiJEXsIoag7C4FrCnIM1zkIDtADOo22efouaAkCNxhmMIKnjFLiVWMsaMQcwUYYti2Bgl+V6oJfYRYLOQAzDN3PoG0k+ACmhI3jMlF2SYGMaUiMiWl80nQNNzYe96JbxoR16SAxieb0aWX6tDUCbREDzr8Ulfz2EvQiQy5ixRhtlBCT7jAumoKKBO5lBBcimAu1J9PZxOu0FJLfuoMLpoLIejSJrbcETxvF+jBjFE1Xaqdrd+JrCwS3onqCBNdg7DgEUFwm+DD6I08n46vSQ4z7hkjZlqqMSUMw7lHLnJGU09Tp6E0Ytl\/Q5yRYBLMQwdvQryRYT3W56G5AcCoWg9+MATkMw1xEPcovYr4dphn9tRLamzS0zRHBt+qUqK6zMbb62VY1rAiTjQ26mUmXEkwlbhtXXzqmsWq5AOYqSkHdIOoXE45IIdF0EIq6SIJxINsQYCz4BoFZ\/wP\/qS5faaj6LS9xCIqHs4yxvAmyEEQ7ETDMgn2ofYYNtVLZpWaHc5K0f4MxIERGG6aIUEUbEESLEezgZhbUFoYpFP2WaySX5VxfY1x4M45ZiXYUV9haIlyPIDwWJkJQCxuzEDDw4wUWSrNpPwyBiBHWcCvqkhJItxFXCwRHCWZ4AQxvvZyqewGBo351txwSHaNZ3l5nXCJUzBNcr3DNkUATzmaKZ1B8M4LwOGOcawW1Eu1gpCJqNsRsZPCpREI9LJXordhG9BYlZBSB1aISVq1URC9p74brLFTxZ\/dGD8GE1xKDvQi6IQj3wPyDsH0MUIQg2AQzghIRwjEIwlmUeIabJwGmSNAP5iWEl1NqngRNYJYgOEqVaxG4ZYylDxGUMHT2SvAQgkMIoE5vDMSUHMNImQJtKAHLSckJCLKw1VKC5hQ\/g8F1LVXrxNw2WppC8AVKtSuNce5TpoE2CKLfyfZTOrh8XpYHetdUWo3po0YHo2GG0vYbVDJAxERV0f0M3doIAtpf0ohiq5l+9I4reoMSTGGqDopgoDE26ktVwtZHphDXJuny6yFwCUpQnWhgrYShOhtC4a\/EITwL5ABql0ItMLfDlCJ4kBIfIYgex8ZmhC8gWIcgoJXRCi4c5EgAwfegryI4ylUiAfNQOIabKtBBCPKrw3RJGnXnlwlycVu5uYlxlV8BZjh9cRijrRCwR+eNFzP+Jmh+OzxdCMPcoqkViqDIGPaq0FAlToYZlRf3eltscB6lJyNQri8kaMZgb0wpqLs+yRxbiZvrcUiMPcnVh2oDYYf8ByiehL4nXVXzEnr3Q8cjCEbA4LI5NByBe9MY67E4HT+GYeSpT91PCGyw1yFaUEa\/m6pVy13EjS1Wypw0ozEgJr8ZkeGNi9NCE9ZlUJyHAJ3Ev1u1njRKd003Rj3j8gMEwRrqSxLu7VTTTkNuC06cLORduqgFRRdCtSZpGSs9DcF4o1jvb4xzt1GdVFRvmEAAxUNcFcMfGT2OerQSiXHfJMFC+qKMSUMwKv2jcYhg+KPQ2+WYNAQTfxITNKUJy5JIxbxEDxlDCiQamz84Vx8mg2ZXg04n3FEWTAM6ROHOz0OgwcSQCWcbxcYoY1x4N1Ql3DkwUqkGlQ363oxqXohr6QU6EIHoSzhkzLIy5GuQyfSa9o1uHVMI74adjDWV4GzC1wq3e0DPRBCNhNGMMdsoDuEhDI\/LUJUIaYNUEmqUbJTW6xAbpdlWS6A4UK3RZdpp51eGk2ti3HJcE8M2kfdo0N8QRJkdXEB6ag6MamFFFQaabj5i\/ByPIHiH4ppdcA2KJ+ONsRdkVkJBM5VrymychwCjrgXOqxbXCEbVQvGDWMHgWYzoGFRF2aEiQNedznUtJXIR8MpZD4guojo7dnMTYDjQCmcbRaA8QxB8DFWJkDZIxf2aslFKK2U0QbOtFsVB1Yrih+tGtBLEjWPdzJjRCCytlGI0GvJzgcTwB\/Mi5tOMtAwSE2DTnUgjjZHEDJ7bwRVSi1NzprdnyllKkDS8o\/0pRlt2\/jB1exkTF5baLtqnQk6z3RT0A9znD7UbUowrSqVXqrBbqBU21JwtaXikHBPvysT0XswTD3THYgS7YJou0ft35oglDI+Xky68cYkOFUSJ9f3GcHQHvRJB2CrJar6Eh8kkIUagU8mw4RK9VeUxajHeHIIZiHXXJMmebbE9T7kfEYR3YaTyEnvChyKYaIwd87sfVGIRzKbF8Qv9UQiC9TAJBKKl7QiDmPeTtGqzNY8W21NkESIx4fAkNYuZQcEHGEfLJJhIkU8QsIVko0ZFFRiHRxGcBs1mDCuqkTpwsFEEE42xXUegfIuWMyk6SmwEsMfxHeizZAafc61G4L5NxqP0AFQvg8TwjE4zhLSjGEWdRqjpLmhvxuxlkKzrZZCqs5dBAfXbFDXIKCp4CGMu28sglwNzKI+DBuz8u5dBD3A1ohaLw1WUghIhR6yq4YheBolBRBkYl89VFyQPge3sjuWmNfQ\/9jIoeg06W4LlMB9S+VrsVJXRLTCncn0EcC31i0GNoluRzkW6CYd0DCedYB1CbARbEUQLuCml+Eyonmh1vqmcDx43ikp\/Y8xD9pF4GFB8OzetEW5AoEaFTJLWylkI1GxbwaEExG23JfkEBHrCM8Zy7DHanWbSUGDjTqpPJBG9R3hHy+h6Cr0Kvp+mvy1BRbzcgaA5te2X4EJmJccg6sFg0riLhoEwzILJRun3142JU6CiBB8k9ZRjIXD\/j37TclRLuR633DVLcAYm1LeI4SYMaIpyR8ox6TIwqOkskZEKBkNXYV3MDPD7GXKW3uMp8gmCTQCW3tnUfxRBK6jC7G6AIarhYKMIJhljz\/Jxeq+gR+iZAJ8ipbfbhb4C8yUlLL2\/w22KW9wtvWHi9BbSjmIUtfQOpLsAZzBm6e1WwpDegfSV3tFEGGXzYKOUwEMYc9nSW22w9KZRcXpPgFF60+w4vRWHqygFJUKOEOfiiNJbDCKswJSltytL71D9dDrXYZm9EGYFJm+D6nk\/\/DtMEaYfN4qAEQHjonnQmQiClTDMOuqksApGo60wpxK4TwCupX4xlt7uI5C5SN+HKr0D6axDgA3U0F2Iq58ifAVqp6ol3HxLiZFGsXG\/MS7Ew9AG4IUwOyhxOnQDAjWKkWCtjGZJkAszCRRKQNzoCopOM4Tb8E4Mf\/Tgo7S7jLEBKEsxQxkKS60GNp5Azb1LIcvzNai9io0viMHbEmSgtYNijVGyPG+byvMCRpUNwCEgjDdH46AIXjOG0GNHea4I5ZPnEZkVKM+1uYu+B+WKdknwC8x71AIN5iXxEYY\/VsV3yzNzKSsmeIeb5VxbELi3UC7lBr\/jPJ8Ms49rJNc+Cfob48JbUP1cgg4UxxvNooHyXCt6SL+F9QDmIQhrYPR5BFBCRLCcXHo5SbC2IZpMmQAmehMLu7jWIaD22JODUGVaKYHK5yrVHlK5WFqHMBCbiI0UNMuVsBOGYdNFKb34CdtzQ7CCi6FHsJG4jJsDBP1KSu6QoCOCtQig0RwcEsMf27zzyjGBgiXGKWBnM0PoFX7UBmQ3gpZQjcnSE0CIjdO+dx+CfP0wAEHI\/txKlLAXcaiUZFHfNgTBUZq3AZXfuFYiUGh442OUELknbVI8A+ErSeK1gQR7Q0wusLaRCkmaKUnAqGdi5hK0NPWHnSi8h+vvXF8hcI\/C7Od6jksj0WpEQOjjXg0IvdbGAGG0DkF4BGYRpdg1B9MQRDyURyMRQpn0Y4FODBKUCCsiYHzy2EsSfAe9mxkhwqgd9qyFOs1er8MwnenRD4rKIGNSm11mQHcujN4V14c2wYa95hvEpeyyR++ppFcuKBNf2CFJaE4k4B2o350KUw+kPZeesF1HGB1D94TqGDoqgikiX1W\/JrFICwYCc+wZBMFymLmorIXuQBC9D5NNYLZhvJlq2YHgQi7R7imBDFuJMQhCVIIpoGugryCIIpj5XK9xLZHgBYqu5GasUWwMMMZOb6xEeDk3qKRGgrvc8dT7BrLz6Ghj6BlWgHJMoiEQZ+l6xxMzromYWZRJazGmD9us14CbZ9oDNzMGF\/oYw2s76GoJXob5idjMx40EPrlVMH9GuJarvwQbYcZwQYOZSYzBMPBiJDqCdA2CSqRmRON0oqZ5PdEAgZuDoAkjZyolmkkwLunyT2RsPWIUQV9jbHwnVCJU1I+nRBsMH4tAb01DUs7Vo7aqElSjBBOAaPRTMhaEnyOsi8pWCY7jhhkwPI0SCyVIcvMq102UmI4gLIQpQUBIoZTAMRhb8CwT1I3hTPQXY+tNBOFqbpZxrafEBgTBB9xs52YrJb9JEvt9xoDAREiJkvayWKeY1f8ewmclWMrNY1wvcw2WgPrD+0AHGkVwpTEubE4NRRIcZpZ4nBLvMLTN5ScREGBtCoJ3JLiUjt2BAMpJSiwo0YPwQAB7XH+2vcs\/DsGHCE6SoBKetkZwJh11FgJbaHUaQQdBacuLxmiD7oIzJaDZrhUlPgPQ8YQWKR3EhL+w4GnKtgP6XxFCox0ERox7Tw7BRLMxdJgSYxBEP4Pcw80+aFsE4W6YLEpsgOoJ3y2CSeLuJOj8PEo8ABMuZDwZZUZsUJ5hcE\/S2M\/PwEU9LYrhAJV5W8ztOEDlLoEg+gGGM9\/oM2hf6oq2wCzK026Fwc1EpQMDm7lGGcWb\/sa48Dqo40259iGuTZ5OEAkmNty3+HonF4bdEgkmkV3ZoMMQXEC1QjX+jD6Dh2JwNUaioyBjENRQJOeR6OSPjiWDkyWoR6xYofSUE+pEWicy6p5wpFHaMNUYF75Bb5yDQOM2\/ywEW2m6HfHtIbyn0KP7qUmnOsEhitalxO8MAuWxIqWeEcUxx6ykyIzFVzHRx\/gqhkGm3YEOXTC7nptcFN5FUEuCFXiin\/S9hdnjEERz0W2K6ekITkCgPi1R8uM8FMFDxriwK6rNJLgChtkgPB+jDRCEp1BLLQTHA1SUoB7Mr1xQHGMUwOBqjNji2Bj0WgQ2YlpxcxpXTQnOR\/ANvXAZdLX66haYFxAUQsciiAbBsHTYANBa4iYb46JXoM8iCBfCzKcErXXfIYjWYr02Nxu5tGIpUjreMTo2Gb+vc+wVwu64a9uK7hRLEKqwGbMgEyjvyxBUhrkJyz+hNzMPyx\/CMPjcTKM4M8IYO2i3s8zwdJgGqFSBTsWG9q32e8kSGpVHLa43N\/8EhbJ9o34YtzqF2JCgKJMGAnSDejiFsXxL9DNoWSuc6g49E0H4OAxjLZhtFMFHxvASkc7Q65BAbWjBWSaNChohUCtL2Dg5mh38ovoJBAxFMzq4\/Eogv2JDPwkNv8NIQwQ7oRqn4TqY5hSnOigOjTPGvvlPJBDoFWuIZXs0qo1AR3VhFQQaNr9Tiw2Gz0FFV6t+GAIRI24418lcXRCEZ8KcTbHLuDRcwnwEHxOuQdA5RDcaAzMcwUyjCNYYE8\/COg0JaIMm2\/AQVDYcrQwxqmaH3ZPudsfLXtpjuz1jtNIHA8szaehcnT2UMvrh2MPCBM1g3Oo8z6QhGPecjjZCVKPHaWrYpBzjtOEUBIPj64zRzlJrEwI5vpryv0C3IWAs80qdG2h4JCUoYeerEqWarKSSaNDBbCQs3zGKX1YLFP\/ojTTDH8yLBCvNyHUVhkH7I2Pse4pSvVDPr0xlJ3PVZDzZWKKykurcQJ0615iPcZoSwTIEUglnUCk2mGpjo4TAahFV+EO6gkmaqsWYM82oOs2koUntKW2uy1FjrJBcTzNpCNfXW6bPpH4dzWvKipkmwJtg3PPG4NabxmgZj6MdbYXZhYDL7UOg0Ae\/cgNlTx4Lohq0sxRhPQTRtqTL5w2B5t\/A0mUBjMI\/2SjV4Vaa4Q9GHqcZua7CMGgvNsb2uYmzJPgK+20I\/yGo3o4mskGbE36SNt\/6I7eDzc2ioXw05iDF2YMEu5M8KTFmgo04vo9rJYJwGy7JT9WmEZmKFnGLXkRkvv2Ib8a0QaLeMGgS6aU9N4x9Ts4zAFH5FGYH+fYVfVyVCtwPCFpwiV6bEoT\/oPqvoY8iCD+jxgmgW6BTJFgJ8xKC2BVicnUZ0xGpOi56O8U4VbwCpeBrTOINqcGqjSC\/Im2fTuyIAbM+FTMFhiEo1F2XErjqqDBIbaeQyIS5qH38IjRiOg\/Ww\/Bn7eXvqI2nEYQj6EDdJyBNM\/olBUdDlFKkVCbNBJo2rLd0PiTGNpRiNFGqU9CkusOobyaa+6DDcMhGH+dQWtLsYCqYD8OCY4+YWoGCIcbEK9ABdkz2WMZpV6jM6YkN7TB1HqYtjMulFh1q6cTMNkh\/xyEx4egyZDYIRQNbkqRbSoQwFh2QAOuluKvqAo0wR\/0R8QufNYoAD2HM5SgbQbgL5igXjeIkCZdpZfBJ3OxIk0RCcZhBT4kOt6H3EUV07igGEQMNJpqEN+RlOAtBsBlmGYI1XBsQRNxE29GbB7BHgmkwVOrGGMWTgcbYATAHIQgYTqGa1x61rRKcCrOOEgmoZmE90YRzuWpgfGqSEQhjwzisD9MapAVXNQQuD8EnBPAWqDbOGuRai0Lqh+IyDsHow6\/UYf4ymFXE+l2ojvsjpiCd\/0cfYDQPo2q2y0cAJSBugb4uich3ko7oiNEoC5tSLM2koUn\/0fmS0oeoeQMNFRPMgJHJNJOGYCgdkmPogcHYzKZCaSYNwTj7XEyfoSdykIoJ6jI8xJRq1hwAcqIEo4nQaQgYs4lzJCilRB5DoyrVXiTdIOnyzxfSgkFzBkhjBKdIUJNQsVsVLdEHXWLS9cGYC2kRrtaVFoy5cBuIXLBdjFwYgOAcBFExJfKoaCyAXIhepUa5EDxPEVxwkxDIheip2AXRErkgJl0fTCoQLQmPzR1itFMTE55CHcdTzPZSdamUxzqXiaAmAptXKyGYxhSRKd0DZT+wZpeaqAMyGEQfveh1VMg+XjT+gTWMry9QIKLJxuGhmDZoiTEXJlKjufB07EL0GIKaCBxjUC6EPWmlXNB7iNiFjhSRC7eCyAVtruSCqLkgxteHC+6\/AA==(\/figma)--&gt;\"><\/span><\/h1>\n<p><span><br \/>Dopo l\u2019Unit\u00e0 d\u2019Italia, l\u2019industrializzazione fu lenta a causa di carenze strutturali e culturali. Solo tra fine Ottocento e inizio Novecento, grazie a politiche protezionistiche e a una congiuntura favorevole, nacquero le prime associazioni imprenditoriali.<\/span><\/p>\n<p>Il 5 maggio 1910 queste realt\u00e0 si unirono nella Confederazione italiana dell\u2019industria, oggi Confindustria, con sede iniziale a Torino. Primo presidente fu Luigi Bonnefon, figura simbolo dell\u2019industria esportatrice italiana.<\/p>\n<p>Secondo Luigi Einaudi, la nuova Confederazione rappresentava \u2028\u201cl\u2019Italia che lavora e che produce\u201d.<\/p>[\/et_pb_blurb][\/et_pb_column][et_pb_column type=\"1_4\" _builder_version=\"4.27.4\" _module_preset=\"default\" global_colors_info=\"{}\"][et_pb_image src=\"https:\/\/public.confindustria.it\/repository\/2025\/03\/29192219\/Frame-159.png\" title_text=\"Frame 159\" _builder_version=\"4.27.4\" _module_preset=\"default\" global_colors_info=\"{}\"][\/et_pb_image][\/et_pb_column][\/et_pb_row][et_pb_row _builder_version=\"4.27.4\" _module_preset=\"default\" width=\"90%\" max_width=\"1600px\" global_colors_info=\"{}\"][et_pb_column type=\"4_4\" _builder_version=\"4.27.4\" _module_preset=\"default\" global_colors_info=\"{}\"][et_pb_tabs active_tab_text_color=\"#7bb2d6\" _builder_version=\"4.27.4\" _module_preset=\"default\" tab_font_size=\"24px\" background_color=\"#2c2c2c\" custom_css_main_element=\"display: flex;||flex-direction: row;||height: 100%;||border: 0;||\" custom_css_free_form=\"selector .et_pb_tabs_controls::after{||  border: 0;||}||selector .et_pb_tabs_controls li a{||  display: ruby-text;||  ||}||@media screen and (max-width: 980px){||  selector .et_pb_tabs_controls li{||    width: 50%;||  }||  ||}\" custom_css_tabs_controls=\"background-color:  #2c2c2c;||color: white;||display: flex;||flex-direction: column;||margin-top: 70px;||||||\" custom_css_tab=\"border: 0;||padding-bottom: 10px;||\" custom_css_active_tab=\"background-color:  #2c2c2c;||||\" border_width_all=\"0px\" global_colors_info=\"{}\" custom_css_main_element_last_edited=\"on|tablet\" custom_css_main_element_tablet=\"display: flex;||flex-direction: column;||height: 100%;||border: 0;\" custom_css_tabs_controls_last_edited=\"on|phone\" custom_css_tabs_controls_tablet=\"background-color:  #2c2c2c;||color: white;||display: flex;||flex-direction: row;||margin-top: 70px;||flex-wrap: wrap;\" custom_css_tabs_controls_phone=\"background-color:  #2c2c2c;||color: white;||display: flex;||flex-direction: row;||margin-top: 70px;||flex-wrap: wrap;\" custom_css_main_element_phone=\"display: flex;||flex-direction: column;||height: 100%;||border: 0;\"][et_pb_tab title=\"\u2b24 1886-1910\" _builder_version=\"4.27.4\" _module_preset=\"default\" tab_text_color=\"#FFFFFF\" tab_font_size=\"16px\" background_color=\"#2c2c2c\" background_enable_color=\"on\" custom_css_free_form=\"||\" global_colors_info=\"{}\"]<div style=\"display: flex; background-color: #2c2c2c; color: white; padding: 5%; gap: 20px; flex-wrap: wrap;\">\n\n<!-- Colonna sinistra -->\n<div style=\"flex: 1 1 300px;\">\n<div style=\"color: rgba(123, 178, 214, 1); font-size: 36px; font-weight: bold; line-height: 1.1;\">1886<\/div>\n<div style=\"color: rgba(123, 178, 214, 1); font-size: 36px; font-weight: bold; margin-bottom: 30px;\">1910<\/div>\n<h2 style=\"margin-top: 10px; color: rgba(255, 255, 255, 1); font-size: 36px;\">Le origini di Confindustria<\/h2>\n<p style=\"font-size: 18px; line-height: 1.1;\">Per quasi mezzo secolo dall'unificazione l'Italia era rimasta in bilico fra arretratezza e sviluppo a causa della scarsit\u00e0 di materie prime e risorse energetiche, degli elevati livelli di analfabetismo e dell'esistenza di vaste sacche di miseria endemica, non soltanto nel Sud della penisola.<\/p>\n<p style=\"font-size: 18px; line-height: 1.1;\">In questo scenario, la formazione della prima base industriale - avvenuta tra la fine dell'Ottocento e l'inizio del Novecento - fu un processo tutt'altro che agevole, accompagnato da un lento mutamento d'opinione della classe politica dell'epoca rispetto all'idea che la ricchezza dell'Italia fosse unicamente, o quasi, nell'agricoltura.<\/p>\n<p style=\"font-size: 18px; line-height: 1.1;\">Infatti, nel 1887 il Parlamento var\u00f2 un regime protezionistico a favore della nascente industria siderurgica e del settore tessile, in concomitanza con un provvedimento analogo a sostegno della produzione cerealicola.<\/p>\n<p style=\"font-size: 18px; line-height: 1.1;\">In quella circostanza comparvero alcune leghe imprenditoriali per sostenere le rivendicazioni di diversi comparti industriali, senza tuttavia riuscire a farsi strada in un contesto economico dominato dagli interessi della grande propriet\u00e0 fondiaria e dell'alta finanza.<\/p>\n<p style=\"font-size: 18px; line-height: 1.1;\">Soltanto all'inizio del Novecento, quando anche l'Italia cominci\u00f2 a partecipare alla congiuntura espansiva a livello internazionale, la causa dell'industrialismo guadagn\u00f2 terreno.<\/p>\n<p style=\"font-size: 18px; line-height: 1.1;\">Tra il 1902 e il 1906 nacquero i primi sodalizi a carattere territoriale, da quello di Monza a quello di Torino, accanto alle associazioni di categoria (la prima era stata quella laniera) che si erano costituite negli anni precedenti in alcuni centri come Biella, Milano, Genova, Schio e Terni.<\/p>\n<p style=\"font-size: 18px; line-height: 1.1;\">Da questi primi nuclei di associazionismo imprenditoriale sorti in ordine sparso nacque, il 5 maggio 1910, la \"Confederazione italiana dell'industria\", con il fine di coordinare a livello nazionale le iniziative degli imprenditori sia nei rapporti con il Governo e le amministrazioni locali, sia nei riguardi delle Organizzazioni sindacali.<\/p>\n<p style=\"font-size: 18px; line-height: 1.1;\">Primo Presidente della Confederazione fu Luigi Bonnefon, un industriale della seta trasferitosi da Lione in Piemonte, vanto di quell'industria manifatturiera pioneristica che, tra le poche di quel periodo, riusciva ad esportare.<\/p>\n<p style=\"font-size: 18px; line-height: 1.1;\">Luigi Einaudi defin\u00ec la nascita della nuova Confederazione il simbolo de \"l'Italia che lavora e che produce\".<\/p>\n<p style=\"font-size: 18px; line-height: 1.1;\">Prima con sede a Torino \u2013 e successivamente dal 1919 a Roma \u2013 Confindustria si sarebbe occupata, insieme alla neonata Confederazione Generale del Lavoro nel 1906, di gestire le vertenze tra capitale e lavoro, come nei pi\u00f9 moderni sistemi di relazioni industriali gi\u00e0 vigenti in Gran Bretagna, Francia e Germania.<\/p>\n\n<\/div>\n<!-- Colonna destra -->\n<div style=\"flex: 1 1 20px; padding-top: 10%;\"><img src=\"https:\/\/public.confindustria.it\/repository\/2025\/05\/07142545\/Frame-159.png\" alt=\"Luigi Bonnefon\" style=\"width: 100%; border: 2px solid #444;\" \/><\/div>\n<\/div>[\/et_pb_tab][et_pb_tab title=\"\u2b24 1911-1922\" _builder_version=\"4.27.4\" _module_preset=\"default\" tab_text_color=\"#FFFFFF\" tab_font_size=\"16px\" background_color=\"#2c2c2c\" background_enable_color=\"on\" custom_css_free_form=\"||\" global_colors_info=\"{}\"]<div style=\"display: flex; background-color: #2c2c2c; color: white; padding: 5%; gap: 20px; flex-wrap: wrap;\">\n\n<!-- Colonna sinistra -->\n<div style=\"flex: 1 1 300px;\">\n<div style=\"color: rgba(123, 178, 214, 1); font-size: 36px; font-weight: bold; line-height: 1.1;\">1911<\/div>\n<div style=\"color: rgba(123, 178, 214, 1); font-size: 36px; font-weight: bold; margin-bottom: 30px;\">1922<\/div>\n<h2 style=\"margin-top: 10px; color: rgba(255, 255, 255, 1); font-size: 36px;\">L'era Giolitti e la Grande Guerra<\/h2>\n<p style=\"font-size: 18px; line-height: 1.1;\">Nel secondo decennio degli anni '20, dominato dalla figura di Giovanni Giolitti, l'adozione del contratto collettivo di lavoro e il riconoscimento delle Commissioni interne operaie coincise con una svolta politico-sociale in senso liberale e riformatore.<\/p>\n<p style=\"font-size: 18px; line-height: 1.1;\">L'equazione fra industrialismo e modernizzazione venne condivisa, sia pur con accenti diversi, dai principali leader sindacali - Rinaldo Rigola, Ludovico D'Aragona, Bruno Buozzi \u2013 e da alcuni imprenditori affermatisi proprio allora quali Giovanni Agnelli, Camillo Olivetti, i fratelli Perrone, Guido Donegani, Cesare Pesenti, Giorgio Enrico Falck, Ettore Conti, Giovanni Battista Pirelli, Gaetano Marzotto, Ernesto Breda e Giuseppe Orlando.<\/p>\n<p style=\"font-size: 18px; line-height: 1.1;\">Fu questa nuova generazione di industriali a rendere l'associazionismo imprenditoriale del primo Novecento uno strumento robusto per la tutela degli interessi specifici del mondo industriale, fucina di nuove soluzioni nell'organizzazione del lavoro.<\/p>\n<p style=\"font-size: 18px; line-height: 1.1;\">Il contributo di Gino Olivetti - primo segretario della Lega industriale di Torino e successivamente della Confindustria - si rivel\u00f2, a questo riguardo, fondamentale per la razionalizzazione del sistema produttivo, a cominciare dall'industria meccanica, adottando gli stessi criteri elaborati negli Stati Uniti da Frederick Taylor: parole chiave furono la specializzazione delle maestranze, la standardizzazione dei materiali e la produzione in serie.<\/p>\n<p style=\"font-size: 18px; line-height: 1.1;\">Lo storico divario tra Nord e Sud del Paese rimase perfettamente tangibile e, d'altra parte, il risparmio continuava ad affluire per lo pi\u00f9 verso i titoli pubblici. Solo grazie all'ingresso di alcune banche nel capitale azionario dell'industria elettrica e di altri settori di base fu possibile far fronte alla scarsit\u00e0 di capitali di rischio.<\/p>\n<p style=\"font-size: 18px; line-height: 1.1;\">L'Italia era uscita vittoriosa dalla Grande Guerra, anche grazie all'eccezionale sforzo compiuto dal sistema industriale per soddisfare le esigenze della macchina bellica. Intanto, per\u00f2, la rivoluzione comunista in Russia alimentava nelle masse operaie l'aspettativa di un radicale rivolgimento politico e sociale.<\/p>\n<p style=\"font-size: 18px; line-height: 1.1;\">Confindustria, dopo l'incarico di Ferdinando Bocca, con le presidenze di Dante Ferraris (divenuto nel 1919 Ministro dell'Industria nel Governo Nitti), Giovanni Battista Pirelli, Giovanni Silvestri ed Ettore Conti, cerc\u00f2 di contenere una lunga serie di scioperi e agitazioni mediante varie misure (riduzione dell'orario di lavoro, indennit\u00e0 di licenziamento, assicurazione di invalidit\u00e0 e vecchiaia) senza, tuttavia, riuscire a venirne a capo.<\/p>\n<p style=\"font-size: 18px; line-height: 1.1;\">Finch\u00e9, nel settembre del 1920, le maestranze dei principali stabilimenti di tutta Italia, procedettero all'occupazione delle fabbriche. Queste occupazioni si prolungarono per un mese e suscitarono l'impressione che si fosse alla vigilia di un moto insurrezionale.<\/p>\n\n<\/div>\n<!-- Colonna destra -->\n<div style=\"flex: 1 1 20px; padding-top: 10%;\"><img src=\"https:\/\/public.confindustria.it\/repository\/2025\/05\/08092054\/Property-1Frame-179.png\" alt=\"Raimondo Targetti \" style=\"width: 100%; border: 2px solid #444;\" \/><\/div>\n<\/div>[\/et_pb_tab][et_pb_tab title=\"\u2b24 1923-1943\" _builder_version=\"4.27.4\" _module_preset=\"default\" tab_text_color=\"#FFFFFF\" tab_font_size=\"16px\" background_color=\"#2c2c2c\" background_enable_color=\"on\" custom_css_free_form=\"||\" global_colors_info=\"{}\"]<div style=\"display: flex; background-color: #2c2c2c; color: white; padding: 5%; gap: 20px; flex-wrap: wrap;\">\n\n<!-- Colonna sinistra -->\n<div style=\"flex: 1 1 300px;\">\n<div style=\"color: rgba(123, 178, 214, 1); font-size: 36px; font-weight: bold; line-height: 1.1;\">1923<\/div>\n<div style=\"color: rgba(123, 178, 214, 1); font-size: 36px; font-weight: bold; margin-bottom: 30px;\">1943<\/div>\n<h2 style=\"margin-top: 10px; color: rgba(255, 255, 255, 1); font-size: 36px;\">Il periodo fascista<\/h2>\n<p style=\"font-size: 18px; line-height: 1.1;\">In questo clima, reso ancor pi\u00f9 difficile da un'estrema instabilit\u00e0 politica e dalle gravi difficolt\u00e0 finanziarie della riconversione post-bellica, il movimento fascista conquist\u00f2 il potere: sebbene Mussolini avesse proclamato il potenziamento dell'apparato produttivo e la massima disciplina nelle fabbriche in nome degli interessi nazionali, le principali Confederazioni di categoria deplorarono le violenze dello squadrismo.<\/p>\n<p style=\"font-size: 18px; line-height: 1.1;\">Dopo l'assassinio di Giacomo Matteotti, il Direttivo di Confindustria chiese il ripristino dell'ordine e della legalit\u00e0 costituzionale con un Memorandum presentato a Mussolini nel settembre del 1924. Continu\u00f2, inoltre, a opporre una tenace resistenza sia all'imposizione del monopolio fascista della rappresentanza dei lavoratori, sia ai progetti di corporativismo integrale.<\/p>\n<p style=\"font-size: 18px; line-height: 1.1;\">Soltanto nell'ottobre 1925, quando ormai i Sindacati operai e i partiti antifascisti erano sul punto di essere messi al bando, Confindustria riconobbe - col Patto di Palazzo Vidoni - il Sindacato fascista quale suo unico interlocutore.<\/p>\n<p style=\"font-size: 18px; line-height: 1.1;\">Negli anni fra le due guerre, duramente segnati dalla \"grande crisi\" mondiale del 1929, il regime fascista accord\u00f2 all'industria assistenza e protezione, analogamente a quanto fecero altri governi di fronte a una recessione che minacciava di scardinare l'intero sistema produttivo. L'intervento pubblico, sfociato nel 1933 nella creazione dell'IRI, salv\u00f2 dal dissesto numerose imprese passate cos\u00ec sotto \"mano pubblica\".<\/p>\n<p style=\"font-size: 18px; line-height: 1.1;\">Successivamente, la politica autarchica favor\u00ec l'avvento di posizioni monopolistiche e di oligopolio, al prezzo di un progressivo isolamento dell'industria italiana dai circuiti del mercato internazionale e a scapito delle innovazioni tecnologiche.<\/p>\n<p style=\"font-size: 18px; line-height: 1.1;\">In questo periodo, dopo una breve Presidenza di Raimondo Targetti, vi fu il lungo mandato di Antonio Stefano Benni (1923-1934) che ricopr\u00ec anche il ruolo di Ministro delle Comunicazioni (1935-1939) e, sotto la sua presidenza, nacque il logo della ruota dentata sovrastata dall'aquila che, nella versione ammodernata, rappresenta ancora oggi la Confederazione.<\/p>\n<p style=\"font-size: 18px; line-height: 1.1;\">Negli anni a seguire si alternarono alla guida di Confindustria personaggi di grande spicco come Alberto Pirelli e il Senatore Giuseppe Volpi che rimase in carica dal 1934 al 1943.<\/p>\n<p style=\"font-size: 18px; line-height: 1.1;\">Ma la Confindustria, per quanto accreditata e influente nelle alte sfere del Regime - anche per via degli stretti rapporti stabiliti dal suo Direttore (e poi Presidente dall'aprile 1943), Giovanni Balella, con vari Ministeri e settori della PA - si trov\u00f2 alle prese con il ruralismo, l'antiurbanesimo e la formazione di un ordinamento corporativo e gerarchico (\"tutto dentro lo Stato, niente fuori dello Stato\", secondo le direttive di Mussolini), elementi che finirono per rappresentare la negazione dei principi del capitalismo industriale.<\/p>\n\n<\/div>\n<!-- Colonna destra -->\n<div style=\"flex: 1 1 20px; padding-top: 10%;\"><img src=\"https:\/\/public.confindustria.it\/repository\/2025\/05\/08092839\/Property-1Frame-184.png\" alt=\"Giuseppe Mazzini \" style=\"width: 100%; border: 2px solid #444;\" \/><\/div>\n<\/div>[\/et_pb_tab][et_pb_tab title=\"\u2b24 1944-1950\" _builder_version=\"4.27.4\" _module_preset=\"default\" tab_text_color=\"#FFFFFF\" tab_font_size=\"16px\" background_color=\"#2c2c2c\" background_enable_color=\"on\" custom_css_free_form=\"||\" global_colors_info=\"{}\"]<div style=\"display: flex; background-color: #2c2c2c; color: white; padding: 5%; gap: 20px; flex-wrap: wrap;\">\n\n<!-- Colonna sinistra -->\n<div style=\"flex: 1 1 300px;\">\n<div style=\"color: rgba(123, 178, 214, 1); font-size: 36px; font-weight: bold; line-height: 1.1;\">1944<\/div>\n<div style=\"color: rgba(123, 178, 214, 1); font-size: 36px; font-weight: bold; margin-bottom: 30px;\">1950<\/div>\n<h2 style=\"margin-top: 10px; color: rgba(255, 255, 255, 1); font-size: 36px;\">La ricostruzione post-bellica<\/h2>\n<p style=\"font-size: 18px; line-height: 1.1;\">All'indomani della Seconda guerra mondiale, Confindustria assunse un ruolo di primo piano nell'opera di ricostruzione. Ci\u00f2 soprattutto grazie ad Angelo Costa, Presidente dell'Associazione dal 1945 al 1955, arrivato dopo i brevi periodi di presidenza transitoria di Giuseppe Mazzini e Fabio Friggeri a seguito della caduta del fascismo e la liberazione di Roma.<\/p>\n<p style=\"font-size: 18px; line-height: 1.1;\">Egli seppe stabilire rapporti non strumentali, nel rispetto delle reciproche sfere d'autonomia, con i governi centristi di Alcide De Gasperi e riusc\u00ec a ricomporre il tessuto dei rapporti contrattuali con le Organizzazioni sindacali.<\/p>\n<p style=\"font-size: 18px; line-height: 1.1;\">Fin dagli esordi del mandato di Costa vennero siglati alcuni importanti accordi con la Cgil: lo sblocco dei licenziamenti, la perequazione salariale fra Nord e Sud, il ripristino delle Commissioni interne e l'istituzione della scala mobile.<\/p>\n<p style=\"font-size: 18px; line-height: 1.1;\">Altre intese, a livello nazionale e di categoria, vennero poi concluse nel corso degli anni '50 con la CISL e la UIL, due nuove Confederazioni nate nel 1948 dal distacco delle componenti cattolica, repubblicana e socialdemocratica dalla CGIL.<\/p>\n<p style=\"font-size: 18px; line-height: 1.1;\">Costa, affiancato da un segretario generale come Mario Morelli (che rimarr\u00e0 in carica fino al 1970) nell'opera di difesa e valorizzazione dei principi dell'iniziativa privata, fu un deciso fautore del ripristino dei meccanismi di mercato e della liberalizzazione degli scambi, appoggiando le scelte della classe politica, anche a costo di non trovare il consenso di alcuni gruppi industriali restii a rinunciare al protezionismo doganale.<\/p>\n\n<\/div>\n<!-- Colonna destra -->\n<div style=\"flex: 1 1 20px; padding-top: 10%;\"><img src=\"https:\/\/public.confindustria.it\/repository\/2025\/05\/08093019\/Property-1Frame-186.png\" alt=\"Angelo Costa\" style=\"width: 100%; border: 2px solid #444;\" \/><\/div>\n<\/div>[\/et_pb_tab][et_pb_tab title=\"\u2b24 1951-1963\" _builder_version=\"4.27.4\" _module_preset=\"default\" tab_text_color=\"#FFFFFF\" tab_font_size=\"16px\" background_color=\"#2c2c2c\" background_enable_color=\"on\" custom_css_free_form=\"||\" global_colors_info=\"{}\"]<div style=\"display: flex; background-color: #2c2c2c; color: white; padding: 5%; gap: 20px; flex-wrap: wrap;\">\n\n<!-- Colonna sinistra -->\n<div style=\"flex: 1 1 300px;\">\n<div style=\"color: rgba(123, 178, 214, 1); font-size: 36px; font-weight: bold; line-height: 1.1;\">1951<\/div>\n<div style=\"color: rgba(123, 178, 214, 1); font-size: 36px; font-weight: bold; margin-bottom: 30px;\">1963<\/div>\n<h2 style=\"margin-top: 10px; color: rgba(255, 255, 255, 1); font-size: 36px;\">Il miracolo economico<\/h2>\n<p style=\"font-size: 18px; line-height: 1.1;\">L'adesione dell'Italia al Mercato Comune Europeo nel 1957 e il cosiddetto \"miracolo economico\" diedero legittimit\u00e0 alle convinzioni liberiste di Angelo Costa, ancora guida riconosciuta di Confindustria. Trascinata dal vigoroso sviluppo delle grandi imprese del \"triangolo industriale\" \u2013 Milano, Torino e Genova \u2013 l'economia nazionale registr\u00f2 in quegli anni tassi di crescita tra i pi\u00f9 alti del mondo occidentale.<\/p>\n<p style=\"font-size: 18px; line-height: 1.1;\">Le industrie meccaniche, automobilistiche, chimiche e tessili vissero una stagione di espansione, favorite dall'aumento dei consumi interni, dal miglioramento della produttivit\u00e0 e dal crescente inserimento dell'Italia nei flussi del commercio internazionale. Il boom attir\u00f2 milioni di lavoratori dal Sud verso le regioni del Nord, ridisegnando la geografia sociale del Paese e ponendo nuove sfide al sistema produttivo.<\/p>\n<p style=\"font-size: 18px; line-height: 1.1;\">Sono gli anni della presidenza di Alighiero De Micheli, cui segu\u00ec quella di Furio Cicogna, in un contesto di progressiva trasformazione del rapporto tra Stato e industria. L'istituzione del Ministero delle Partecipazioni Statali (1956) e l'avvio di una politica di programmazione economica culminata con la nazionalizzazione dell'energia elettrica nel 1962, segnarono un profondo mutamento nel ruolo dell'intervento pubblico.<\/p>\n<p style=\"font-size: 18px; line-height: 1.1;\">Questo nuovo scenario vide Confindustria porsi come interlocutore attento ma critico delle scelte di politica industriale dei governi di centro-sinistra, con una crescente tensione tra la difesa dell'iniziativa privata e l'espansione della mano pubblica in settori strategici. In questa stagione di grandi cambiamenti, l'Associazione consolid\u00f2 il proprio ruolo di rappresentanza unitaria, ponendo al centro del dibattito la modernizzazione del Paese e il rafforzamento della competitivit\u00e0 industriale.<\/p>\n\n<\/div>\n<!-- Colonna destra -->\n<div style=\"flex: 1 1 20px; padding-top: 10%;\"><img src=\"https:\/\/public.confindustria.it\/repository\/2025\/05\/08093209\/Property-1Frame-188.png\" alt=\"Furio Cicogna\" style=\"width: 100%; border: 2px solid #444;\" \/><\/div>\n<\/div>[\/et_pb_tab][et_pb_tab title=\"\u2b24 1964-1979\" _builder_version=\"4.27.4\" _module_preset=\"default\" tab_text_color=\"#FFFFFF\" tab_font_size=\"16px\" background_color=\"#2c2c2c\" background_enable_color=\"on\" custom_css_after=\"||  border: 0;||\" custom_css_free_form=\"||\" global_colors_info=\"{}\"]<div style=\"display: flex; background-color: #2c2c2c; color: white; padding: 5%; gap: 20px; flex-wrap: wrap;\">\n\n<!-- Colonna sinistra -->\n<div style=\"flex: 1 1 300px;\">\n<div style=\"color: rgba(123, 178, 214, 1); font-size: 36px; font-weight: bold; line-height: 1.1;\">1964<\/div>\n<div style=\"color: rgba(123, 178, 214, 1); font-size: 36px; font-weight: bold; margin-bottom: 30px;\">1979<\/div>\n<h2 style=\"margin-top: 10px; color: rgba(255, 255, 255, 1); font-size: 36px;\">La nuova sede e Il Sole 24 Ore<\/h2>\n<p style=\"font-size: 18px; line-height: 1.1;\">Negli anni a cavallo tra la fine del \"miracolo economico\" e l'avvio delle tensioni sociali che scandirono la seconda met\u00e0 del secolo, Confindustria rafforz\u00f2 la propria capacit\u00e0 di rappresentanza anche sul piano culturale e dell'informazione economica. Nel 1965, nacque Il Sole 24 Ore dalla fusione di due storiche testate: Il Sole, fondato a Milano nel 1865, e 24 Ore, nato nel 1946 come organo ufficiale dell'Associazione.<\/p>\n<p style=\"font-size: 18px; line-height: 1.1;\">L'obiettivo era chiaro: dare vita a un quotidiano capace di offrire una voce autorevole e indipendente sul sistema economico italiano, promuovendo i valori dell'impresa, della modernizzazione e del mercato.<\/p>\n<p style=\"font-size: 18px; line-height: 1.1;\">Fin dalla sua nascita, Il Sole 24 Ore si afferm\u00f2 come punto di riferimento imprescindibile per imprenditori, professionisti, istituzioni e operatori internazionali, contribuendo in modo determinante alla diffusione di una cultura economica e produttiva nel Paese. Con il suo stile sobrio, i suoi approfondimenti tecnici e l'attenzione alle dinamiche del mondo del lavoro, il quotidiano divenne uno degli strumenti pi\u00f9 riconosciuti e stimati del sistema confindustriale.<\/p>\n<p style=\"font-size: 18px; line-height: 1.1;\">All'inizio degli anni '70 Confindustria si trasfer\u00ec dalla storica sede di Piazza Venezia al quartiere dell'E.U.R. a Roma, in un nuovo edificio commissionato agli architetti Luccichenti e Monaco, tra i pi\u00f9 significativi interpreti dell'architettura razionalista italiana.<\/p>\n<p style=\"font-size: 18px; line-height: 1.1;\">In quegli anni, per il mondo industriale (alla cui guida torn\u00f2 nel 1966 Angelo Costa) le difficolt\u00e0 si accentuarono e, all'indomani dell\u2019\"autunno caldo\" del 1969, le ondate di conflittualit\u00e0 operaia si susseguirono per un decennio nei principali stabilimenti, scuotendo le fondamenta del sistema d'impresa e rendendo sempre pi\u00f9 difficile la governabilit\u00e0 delle fabbriche.<\/p>\n<p style=\"font-size: 18px; line-height: 1.1;\">Di fronte al pericolo di isolamento, e nel pieno di una pesante recessione economica dovuta al vertiginoso rincaro del petrolio e alla forte crescita del costo del lavoro, Confindustria reag\u00ec con una correzione di rotta in due direzioni: con la cosiddetta \"riforma Pirelli\" si propose di rafforzare le proprie strutture organizzative con una rappresentanza pi\u00f9 equilibrata e partecipata delle associazioni territoriali e di categoria; leve pi\u00f9 giovani e piccole imprese, organizzatesi fin dal 1958 in vari gruppi locali, contribuirono significativamente ad un approccio innovativo.<\/p>\n<p style=\"font-size: 18px; line-height: 1.1;\">Di fronte al pericolo di isolamento, e nel pieno di una pesante recessione economica dovuta al vertiginoso rincaro del petrolio e alla forte crescita del costo del lavoro, Confindustria reag\u00ec con una correzione di rotta in due direzioni: con la cosiddetta \"riforma Pirelli\" si propose di rafforzare le proprie strutture organizzative con una rappresentanza pi\u00f9 equilibrata e partecipata delle associazioni territoriali e di categoria; leve pi\u00f9 giovani e piccole imprese, organizzatesi fin dal 1958 in vari gruppi locali, contribuirono significativamente ad un approccio innovativo.<\/p>\n\n<\/div>\n<!-- Colonna destra -->\n<div style=\"flex: 1 1 300px;\">\n<div style=\"color: #2c2c2c; font-size: 36px; font-weight: bold; line-height: 1.1; -webkit-user-select: none; -moz-user-select: none; -ms-user-select: none; user-select: none;\">1<\/div>\n<div style=\"color: #2c2c2c; font-size: 36px; font-weight: bold; margin-bottom: 30px; -webkit-user-select: none; -moz-user-select: none; -ms-user-select: none; user-select: none;\">1<\/div>\n<h2 style=\"margin-top: 10px; color: #2c2c2c; font-size: 36px; -webkit-user-select: none; -moz-user-select: none; -ms-user-select: none; user-select: none;\">1<\/h2>\n<p style=\"font-size: 18px; line-height: 1.1;\">Il disgelo nei riguardi del sindacato, avviato nel corso della presidenza di Renato Lombardi (affiancato dal 1970 da un manager esperto e di particolare talento, Franco Mattei), sfoci\u00f2 nel 1974, durante quella successiva di Giovanni Agnelli, nella proposta di un'azione comune contro rendite e parassitismi, con lo scopo di ridare slancio e vigore alle forze produttive dell'impresa e del lavoro.<\/p>\n<p style=\"font-size: 18px; line-height: 1.1;\">In questo clima, e nell\u2019intento di contribuire a un ritorno della pace in fabbrica, venne siglato con i Sindacati, nel gennaio 1975, l\u2019Accordo sull\u2019indicizzazione dei salari.<\/p>\n<p style=\"font-size: 18px; line-height: 1.1;\">A presiedere la Confindustria nel periodo della \u201csolidariet\u00e0 nazionale\u201d fra i partiti dell\u2019arco costituzionale, intesa a fronteggiare l\u2019offensiva del terrorismo, venne chiamato per la prima volta un personaggio che non proveniva dalle file dell\u2019imprenditoria: l\u2019ex governatore della Banca d\u2019Italia, Guido Carli. Durante il suo mandato (dal 1976 al 1980), che vide alla direzione dell\u2019Associazione un autorevole economista come Paolo Savona (a cui si deve l\u2019avvio operativo del Centro Studi), venne formulata da Confindustria la proposta di uno \u201cstatuto dell\u2019impresa\u201d, in grado di affrancare il sistema imprenditoriale da \u201clacci e lacciuoli\u201d politici e burocratici che ne imbrigliavano lo sviluppo.<\/p>\n<p style=\"font-size: 18px; line-height: 1.1;\">Nel 1977, su iniziativa di Confindustria, nacque a Roma la LUISS \u2013 Libera Universit\u00e0 Internazionale degli Studi Sociali \u2013 con l\u2019obiettivo di creare un polo universitario d\u2019eccellenza capace di formare le nuove classi dirigenti del Paese. L\u2019Ateneo raccolse l\u2019eredit\u00e0 del preesistente Pro Deo, trasformando l\u2019istituto sorto negli anni \u201860 in una vera universit\u00e0 privata, specializzata nei campi dell\u2019economia, del diritto e delle scienze politiche.<\/p>\n<p style=\"font-size: 18px; line-height: 1.1;\">Particolarmente innovativa, per l\u2019epoca, fu la forte attenzione al mondo delle imprese, alle istituzioni e ai processi decisionali pubblici e privati. Dal 1978 la guida dell\u2019universit\u00e0 fu affidata allo stesso Guido Carli, che fu capace di imprime all\u2019Ateneo una visione moderna, ispirata alla cultura liberale e al pragmatismo anglosassone, rafforzandone il legame con il sistema Confindustria.<\/p>\n<p style=\"font-size: 18px; line-height: 1.1;\">Negli anni successivi, la LUISS consolid\u00f2 la sua identit\u00e0 come universit\u00e0 aperta al mondo, rafforzando le sue relazioni internazionali, sviluppando percorsi in lingua inglese e favorendo l\u2019accesso al mondo del lavoro grazie a uno dei career service pi\u00f9 attivi d\u2019Europa.<\/p>\n\n<\/div>\n<\/div>[\/et_pb_tab][et_pb_tab title=\"\u2b24 1980-2000\" _builder_version=\"4.27.4\" _module_preset=\"default\" tab_text_color=\"#FFFFFF\" tab_font_size=\"16px\" background_color=\"#2c2c2c\" background_enable_color=\"on\" custom_css_after=\"||  border: 0;||\" custom_css_free_form=\"||\" global_colors_info=\"{}\"]<div style=\"display: flex; background-color: #2c2c2c; color: white; padding: 5%; gap: 20px; flex-wrap: wrap;\">\n\n<!-- Colonna sinistra -->\n<div style=\"flex: 1 1 300px;\">\n<div style=\"color: rgba(123, 178, 214, 1); font-size: 36px; font-weight: bold; line-height: 1.1;\">1980<\/div>\n<div style=\"color: rgba(123, 178, 214, 1); font-size: 36px; font-weight: bold; margin-bottom: 30px;\">2000<\/div>\n<h2 style=\"margin-top: 10px; color: rgba(255, 255, 255, 1); font-size: 36px;\">La trasformazione dell'industria italiana<\/h2>\n<p style=\"font-size: 18px; line-height: 1.1;\">All'inizio degli anni '80, una fase importante nella vita della Confederazione coincise con la Presidenza di Vittorio Merloni. La sua designazione alla massima responsabilit\u00e0 degli industriali italiani costitu\u00ec un tangibile riconoscimento del notevole sviluppo e crescente ruolo assunto nel frattempo dalla Piccola e Media Impresa.<\/p>\n<p style=\"font-size: 18px; line-height: 1.1;\">L'esigenza di un'efficace politica industriale e la revisione della struttura del salario (dopo la disdetta della scala mobile) vennero poste al centro dell'azione della Confindustria sotto la direzione di Alfredo Solustri, le cui competenze professionali erano maturate all'interno dell'Associazione.<\/p>\n<p style=\"font-size: 18px; line-height: 1.1;\">Successivamente, nel corso del mandato di Luigi Lucchini (1984-1988), si afferm\u00f2 il principio della centralit\u00e0 dell'impresa come fattore propulsivo per la crescita economica e la modernizzazione sociale del Paese. La particolare esperienza nel campo delle relazioni sindacali ed esterne del direttore Paolo Annibaldi (che ricopr\u00ec questo incarico sino al 1990), valse a rendere pi\u00f9 intensi i rapporti della Confindustria con istituzioni pubbliche e soggetti sociali.<\/p>\n<p style=\"font-size: 18px; line-height: 1.1;\">Sono questi gli anni di un forte rilancio dell'industria italiana, che conobbe rilevanti innovazioni organizzative e ampliamenti delle sue strutture produttive in nuove aree del Paese, un tempo appena sfiorate dal processo di sviluppo.<\/p>\n<p style=\"font-size: 18px; line-height: 1.1;\">Tra la fine degli anni 80 ed i primi anni '90 si consumarono avvenimenti epocali destinati a riecheggiare nei decenni successivi sugli assetti geoeconomici mondiali, dalla caduta del muro di Berlino il 9 novembre del 1989 alla disgregazione dell'Unione Sovietica sul finire del 1991.<\/p>\n<p style=\"font-size: 18px; line-height: 1.1;\">A seguito della firma del Trattato di Maastricht e dell'accelerazione impressa al processo di unificazione europea nel 1992 s'impose sempre pi\u00f9 la necessit\u00e0 di internazionalizzare l'economia italiana, anche al fine di trovare nuovi spazi in un mondo si avviava sulla via di una nuova e sostenuta globalizzazione.<\/p>\n\n<\/div>\n<!-- Colonna destra -->\n<div style=\"flex: 1 1 300px;\">\n<div style=\"color: #2c2c2c; font-size: 36px; font-weight: bold; line-height: 1.1; -webkit-user-select: none; -moz-user-select: none; -ms-user-select: none; user-select: none;\">1<\/div>\n<div style=\"color: #2c2c2c; font-size: 36px; font-weight: bold; margin-bottom: 30px; -webkit-user-select: none; -moz-user-select: none; -ms-user-select: none; user-select: none;\">1<\/div>\n<h2 style=\"margin-top: 10px; color: #2c2c2c; font-size: 36px; -webkit-user-select: none; -moz-user-select: none; -ms-user-select: none; user-select: none;\">1<\/h2>\n<p style=\"font-size: 18px; line-height: 1.1;\">Per Confindustria l'esito della partita europea sarebbe dipeso da un recupero di competitivit\u00e0 complessivo del sistema Paese. Grazie alla politica degli accordi tripartiti (Governo, Confindustria, Sindacati) \u2013 avviata sotto la presidenza di Sergio Pininfarina (1988-1992) \u2013 l'Italia seppe controllare l'inflazione e realizzare una sia pur imperfetta politica dei redditi, evitando i rischi di un'emarginazione dai Paesi pi\u00f9 industrializzati.<\/p>\n<p style=\"font-size: 18px; line-height: 1.1;\">Decisivo in tal senso fu l'Accordo del 10 dicembre 1991 sulla lotta all'inflazione, a seguito del quale, il 1\u00b0 maggio del 1992, per la prima volta non venne pagato il \"punto pesante\" di contingenza. Tale linea prosegu\u00ec sotto la Presidenza di Luigi Abete (dal 1992 al 1996) con l'Accordo del 7 luglio 1992, che stabil\u00ec l'abolizione della scala mobile.<\/p>\n<p style=\"font-size: 18px; line-height: 1.1;\">Nel corso di quegli anni venne ribadita l'autonomia e l'apartiticit\u00e0 della Confindustria, al di fuori di ogni collateralismo politico e furono adottati nuovi criteri partecipativi del sistema associativo.<\/p>\n<p style=\"font-size: 18px; line-height: 1.1;\">Il processo d'integrazione dell'Italia nella Comunit\u00e0 europea si rivel\u00f2, tuttavia, assai pi\u00f9 ricco di ostacoli di quanto si pensasse originariamente, a causa di una nuova difficile congiuntura economica. Il Paese si trov\u00f2 ad affrontare, negli anni di Tangentopoli, una grave crisi politica e istituzionale.<\/p>\n<p style=\"font-size: 18px; line-height: 1.1;\">Pur operando in acque cos\u00ec agitate, con inchieste giudiziarie che coinvolsero alcune grandi imprese, Confindustria riusc\u00ec a mantenere la rotta, all'insegna di una linea di condotta non corporativa e aperta al confronto con la societ\u00e0 civile, sostenendo lo sforzo delle imprese italiane per aumentare i loro livelli di competitivit\u00e0 e impegnandosi nell'ambito della concertazione con Governo e Sindacati che port\u00f2 all'Accordo del luglio 1993 sulla politica dei redditi.<\/p>\n\n<\/div>\n<\/div>[\/et_pb_tab][et_pb_tab title=\"\u2b24 2001-2015\" _builder_version=\"4.27.4\" _module_preset=\"default\" tab_text_color=\"#FFFFFF\" tab_font_size=\"16px\" background_color=\"#2c2c2c\" background_enable_color=\"on\" custom_css_after=\"||  border: 0;||\" custom_css_free_form=\"||\" global_colors_info=\"{}\"]<div style=\"display: flex; background-color: #2c2c2c; color: white; padding: 5%; gap: 20px; flex-wrap: wrap;\">\n\n<!-- Colonna sinistra -->\n<div style=\"flex: 1 1 300px;\">\n<div style=\"color: rgba(123, 178, 214, 1); font-size: 36px; font-weight: bold; line-height: 1.1;\">2001<\/div>\n<div style=\"color: rgba(123, 178, 214, 1); font-size: 36px; font-weight: bold; margin-bottom: 30px;\">2015<\/div>\n<h2 style=\"margin-top: 10px; color: rgba(255, 255, 255, 1); font-size: 36px;\">L'era della globalizzazione<\/h2>\n<p style=\"font-size: 18px; line-height: 1.1;\">L'inizio del nuovo millennio apre una fase in cui la globalizzazione e l'innovazione tecnologica accelerano trasformazioni profonde nel sistema produttivo, imponendo alle imprese italiane una visione sempre pi\u00f9 proiettata verso i mercati internazionali. In questo contesto, Confindustria assume un ruolo attivo nel promuovere competitivit\u00e0, innovazione e apertura, sostenendo la necessit\u00e0 di semplificare regole, attrarre investimenti e rafforzare la presenza del manifatturiero italiano nel mondo.<\/p>\n<p style=\"font-size: 18px; line-height: 1.1;\">Sotto la presidenza di Antonio D'Amato (2000\u20132004), con la direzione di Stefano Parisi, l'azione confederale si concentra su rilancio del Mezzogiorno, riforma del mercato del lavoro e sostegno a una cultura imprenditoriale moderna. Il quadro europeo si consolida con l'introduzione dell'euro, mentre crescono le pressioni globali derivanti dall'apertura dei mercati e dalla crescente concorrenza internazionale.<\/p>\n<p style=\"font-size: 18px; line-height: 1.1;\">Nel 2004, Luca Cordero di Montezemolo viene chiamato alla guida dell'Associazione. Il suo mandato segna un rafforzamento dell'identit\u00e0 pubblica e culturale di Confindustria, che si fa promotrice di una nuova attenzione al rispetto delle regole, alla tutela della propriet\u00e0 intellettuale, alla flessibilit\u00e0 e agli investimenti in formazione e ricerca.<\/p>\n<p style=\"font-size: 18px; line-height: 1.1;\">Sotto la direzione di Maurizio Beretta l'Associazione accresce la propensione all'internazionalizzazione e la valorizzazione del made in Italy, considerate pilastri imprescindibili per un'Italia capace di competere nel nuovo scenario globale.<\/p>\n<p style=\"font-size: 18px; line-height: 1.1;\">Ma nel 2007, i segnali di una crisi finanziaria profonda iniziano a manifestarsi. L'esplosione della bolla dei mutui subprime negli Stati Uniti innesca una catena di eventi che travolge le economie occidentali, colpendo duramente anche l'Italia. Il crollo della fiducia sui mercati, la contrazione del credito e la crisi della domanda si traducono in un pesante rallentamento industriale.<\/p>\n\n<\/div>\n<!-- Colonna destra -->\n<div style=\"flex: 1 1 300px;\">\n<div style=\"color: #2c2c2c; font-size: 36px; font-weight: bold; line-height: 1.1; -webkit-user-select: none; -moz-user-select: none; -ms-user-select: none; user-select: none;\">1<\/div>\n<div style=\"color: #2c2c2c; font-size: 36px; font-weight: bold; margin-bottom: 30px; -webkit-user-select: none; -moz-user-select: none; -ms-user-select: none; user-select: none;\">1<\/div>\n<h2 style=\"margin-top: 10px; color: #2c2c2c; font-size: 36px; -webkit-user-select: none; -moz-user-select: none; -ms-user-select: none; user-select: none;\">1<\/h2>\n<p style=\"font-size: 18px; line-height: 1.1;\">\u00c8 in questo clima che Emma Marcegaglia, assume la presidenza nel 2008, prima donna al vertice di Confindustria, affiancata da Giampaolo Galli come Direttore Generale. Il sistema industriale, gi\u00e0 fragile, viene investito da un'ondata recessiva che mette a rischio occupazione e investimenti.<\/p>\n<p style=\"font-size: 18px; line-height: 1.1;\">Confindustria in questi anni non smette di promuovere una cultura della condivisione nelle imprese, ponendo al centro del confronto tra le parti sociali il binomio produttivit\u00e0\u2013salari, e rilanciando il dialogo con il sindacato per affrontare insieme una delle fasi pi\u00f9 difficili della storia economica recente.<\/p>\n<p style=\"font-size: 18px; line-height: 1.1;\">Nel 2012 la guida dell'Associazione passa a Giorgio Squinzi che nomina Direttore Generale della Confederazione Marcella Panucci, prima donna a ricoprire tale ruolo. Il contesto resta critico: l'Italia attraversa una nuova fase di instabilit\u00e0 politica e la crisi economica assume tratti strutturali sotto il gravame del debito pubblico.<\/p>\n<p style=\"font-size: 18px; line-height: 1.1;\">La priorit\u00e0 diventa difendere il sistema manifatturiero, combattere la \"cultura anti-impresa\" e rilanciare un Industrial Compact europeo capace di sostenere la produzione e l'occupazione.<\/p>\n<p style=\"font-size: 18px; line-height: 1.1;\">Confindustria si impegna anche sul fronte interno con una profonda riforma del sistema associativo: una Commissione, presieduta da Carlo Pesenti, avvia un processo che culmina con l'approvazione del nuovo assetto organizzativo nel 2013. La Confederazione cerca cos\u00ec di riproporre la propria capacit\u00e0 di adattarsi riaffermando il principio della rappresentanza come leva strategica per lo sviluppo del Paese.<\/p>\n\n<\/div>\n<\/div>[\/et_pb_tab][et_pb_tab title=\"\u2b24 2016-2024\" _builder_version=\"4.27.4\" _module_preset=\"default\" tab_text_color=\"#FFFFFF\" tab_font_size=\"16px\" background_color=\"#2c2c2c\" background_enable_color=\"on\" custom_css_after=\"||  border: 0;||\" custom_css_free_form=\"||\" global_colors_info=\"{}\"]<div style=\"display: flex; background-color: #2c2c2c; color: white; padding: 5%; gap: 20px; flex-wrap: wrap;\">\n\n<!-- Colonna sinistra -->\n<div style=\"flex: 1 1 300px;\">\n<div style=\"color: rgba(123, 178, 214, 1); font-size: 36px; font-weight: bold; line-height: 1.1;\">2016<\/div>\n<div style=\"color: rgba(123, 178, 214, 1); font-size: 36px; font-weight: bold; margin-bottom: 30px;\">2024<\/div>\n<h2 style=\"margin-top: 10px; color: rgba(255, 255, 255, 1); font-size: 36px;\">L'era delle sfide globali<\/h2>\n<p style=\"font-size: 18px; line-height: 1.1;\">A maggio 2016 Vincenzo Boccia, imprenditore salernitano con una lunga esperienza nel sistema associativo, venne eletto Presidente di Confindustria. La sua presidenza si inser\u00ec in un contesto economico caratterizzato da una lenta ripresa post-crisi, con l'Italia che mostrava segnali di crescita inferiori rispetto ad altri Paesi europei e alle economie emergenti.<\/p>\n<p style=\"font-size: 18px; line-height: 1.1;\">Nel quadriennio di presidenza Boccia, Confindustria continu\u00f2 ad enfatizzare la centralit\u00e0 dell'industria come motore per superare la stagnazione economica, promuovendo iniziative volte a rafforzare la competitivit\u00e0 del sistema produttivo italiano.<\/p>\n<p style=\"font-size: 18px; line-height: 1.1;\">Tra queste, l'implementazione del piano \"Industria 4.0\" e la sottoscrizione del \"Patto per la Fabbrica\" con le organizzazioni sindacali, mirato a rilanciare la produttivit\u00e0 attraverso la condivisione di obiettivi tra imprese e lavoratori.<\/p>\n<p style=\"font-size: 18px; line-height: 1.1;\">Segnarono un momento particolarmente significativo anche le Assise Generali di Verona del 16 febbraio 2018, durante le quali Confindustria present\u00f2 un articolato programma di politica industriale, sottolineando l'importanza di un'azione concertata tra istituzioni e imprese per affrontare le sfide della globalizzazione e dell'innovazione tecnologica.<\/p>\n\n<\/div>\n<!-- Colonna destra -->\n<div style=\"flex: 1 1 300px;\">\n<div style=\"color: #2c2c2c; font-size: 36px; font-weight: bold; line-height: 1.1; -webkit-user-select: none; -moz-user-select: none; -ms-user-select: none; user-select: none;\">1<\/div>\n<div style=\"color: #2c2c2c; font-size: 36px; font-weight: bold; margin-bottom: 30px; -webkit-user-select: none; -moz-user-select: none; -ms-user-select: none; user-select: none;\">1<\/div>\n<h2 style=\"margin-top: 10px; color: #2c2c2c; font-size: 36px; -webkit-user-select: none; -moz-user-select: none; -ms-user-select: none; user-select: none;\">1<\/h2>\n<p style=\"font-size: 18px; line-height: 1.1;\">Nel maggio 2020, in un periodo segnato dall'emergenza sanitaria globale causata dalla pandemia di COVID-19, la Presidenza di Confindustria pass\u00f2 a Carlo Bonomi. La sua elezione avvenne attraverso una votazione telematica, riflettendo le restrizioni imposte dalla crisi sanitaria.<\/p>\n<p style=\"font-size: 18px; line-height: 1.1;\">Bonomi assunse la guida dell'organizzazione in un momento di profonda incertezza economica, con l'industria italiana colpita duramente dalla crisi sanitaria prima e da una serie di ulteriori crisi connesse poi, dalla logistica internazionale, all'impennata inflazionistica, all'energia.<\/p>\n<p style=\"font-size: 18px; line-height: 1.1;\">Nel quadriennio la direzione generale dell'organizzazione vide l'avvicendamento di Francesca Mariotti, in carica dal luglio 2020, e Raffaele Langella, nominato nell'ottobre 2023.<\/p>\n<p style=\"font-size: 18px; line-height: 1.1;\">La presidenza Bonomi fu caratterizzata dall'impegno nel sollecitare interventi rapidi e decisi da parte delle istituzioni, sottolineando la necessit\u00e0 di una politica industriale efficace e di un sostegno concreto alle imprese per affrontare sfide di portata epocale.<\/p>\n<p style=\"font-size: 18px; line-height: 1.1;\">Al tempo stesso Confindustria si impegn\u00f2 attivamente nel contrasto alla pandemia, con un ingaggio concreto e al fianco dei cittadini nella campagna vaccinale e nel dialogo con il governo per l'elaborazione e l'attuazione del Piano Nazionale di Ripresa e Resilienza (PNRR), evidenziando l'urgenza di riforme strutturali in ambiti chiave quali il fisco, il lavoro e la pubblica amministrazione.<\/p>\n\n<\/div>\n<\/div>[\/et_pb_tab][\/et_pb_tabs][\/et_pb_column][\/et_pb_row][\/et_pb_section][et_pb_section fb_built=\"1\" _builder_version=\"4.27.4\" _module_preset=\"default\" custom_margin=\"0px|0px|0px|0px|false|false\" custom_padding=\"0px|0px|0px|0px|false|false\" global_colors_info=\"{}\"][et_pb_row column_structure=\"1_2,1_4,1_4\" use_custom_gutter=\"on\" gutter_width=\"1\" make_equal=\"on\" _builder_version=\"4.27.4\" _module_preset=\"default\" width=\"100%\" max_width=\"100%\" custom_margin=\"0px|0px|0px|0px|false|false\" custom_padding=\"0px|0px|0px|0px|false|false\" locked=\"off\" global_colors_info=\"{}\"][et_pb_column type=\"1_2\" _builder_version=\"4.27.4\" _module_preset=\"default\" background_image=\"https:\/\/public.confindustria.it\/repository\/2025\/03\/28193840\/Screenshot-2025-03-21-at-12.14.00-2.png\" global_colors_info=\"{}\"][et_pb_blurb _builder_version=\"4.27.4\" _module_preset=\"default\" width=\"100%\" min_height=\"277px\" global_colors_info=\"{}\"][\/et_pb_blurb][et_pb_button button_url=\"@ET-DC@eyJkeW5hbWljIjp0cnVlLCJjb250ZW50IjoicG9zdF9saW5rX3VybF9wYWdlIiwic2V0dGluZ3MiOnsicG9zdF9pZCI6IjEzNzU2In19@\" button_text=\"Direttori\" _builder_version=\"4.27.4\" _dynamic_attributes=\"button_url\" _module_preset=\"default\" custom_button=\"on\" button_border_width=\"1px\" button_border_radius=\"25px\" button_icon=\"&#xf138;||fa||900\" button_on_hover=\"off\" background_layout=\"dark\" custom_margin=\"||44px|44px|false|false\" custom_padding=\"0px||0px||false|false\" button_border_width_tablet=\"1px\" button_border_width_phone=\"1px\" button_border_width_last_edited=\"on|desktop\" global_colors_info=\"{}\"][\/et_pb_button][et_pb_blurb _builder_version=\"4.27.4\" _module_preset=\"default\" global_colors_info=\"{}\"][\/et_pb_blurb][\/et_pb_column][et_pb_column type=\"1_4\" _builder_version=\"4.27.4\" _module_preset=\"default\" background_image=\"https:\/\/public.confindustria.it\/repository\/2025\/03\/29130600\/logo-animation-02-300x300.png\" global_colors_info=\"{}\"][et_pb_blurb _builder_version=\"4.27.4\" _module_preset=\"default\" width=\"100%\" min_height=\"277px\" global_colors_info=\"{}\"][\/et_pb_blurb][et_pb_button button_url=\"@ET-DC@eyJkeW5hbWljIjp0cnVlLCJjb250ZW50IjoicG9zdF9saW5rX3VybF9wYWdlIiwic2V0dGluZ3MiOnsicG9zdF9pZCI6IjExMDExIn19@\" button_text=\"Loghi storici\" _builder_version=\"4.27.4\" _dynamic_attributes=\"button_url\" _module_preset=\"default\" custom_button=\"on\" button_text_color=\"gcid-body-color\" button_border_width=\"1px\" button_border_radius=\"25px\" button_icon=\"&#xf138;||fa||900\" button_on_hover=\"off\" background_layout=\"dark\" custom_margin=\"||44px|44px|false|false\" custom_padding=\"0px||0px||false|false\" button_border_width_tablet=\"1px\" button_border_width_phone=\"1px\" button_border_width_last_edited=\"on|desktop\" global_colors_info=\"{%22gcid-body-color%22:%91%22button_text_color%22%93}\"][\/et_pb_button][et_pb_blurb _builder_version=\"4.27.4\" _module_preset=\"default\" global_colors_info=\"{}\"][\/et_pb_blurb][\/et_pb_column][et_pb_column type=\"1_4\" _builder_version=\"4.27.4\" _module_preset=\"default\" background_image=\"https:\/\/public.confindustria.it\/repository\/2025\/03\/29174621\/Screenshot-2025-03-29-alle-16.59.10.png\" background_position=\"top_center\" background_vertical_offset=\"22%\" global_colors_info=\"{}\"][et_pb_blurb _builder_version=\"4.27.4\" _module_preset=\"default\" min_height=\"277px\" custom_padding=\"|||0px||\" global_colors_info=\"{}\"][\/et_pb_blurb][et_pb_button button_url=\"@ET-DC@eyJkeW5hbWljIjp0cnVlLCJjb250ZW50IjoicG9zdF9saW5rX3VybF9wYWdlIiwic2V0dGluZ3MiOnsicG9zdF9pZCI6IjEwOTg3In19@\" button_text=\"Statuti storici\" _builder_version=\"4.27.4\" _dynamic_attributes=\"button_url\" _module_preset=\"default\" custom_button=\"on\" button_text_color=\"gcid-body-color\" button_bg_color=\"rgba(255,255,255,0.77)\" button_border_width=\"1px\" button_border_radius=\"25px\" button_icon=\"&#xf138;||fa||900\" button_on_hover=\"off\" background_layout=\"dark\" custom_margin=\"||44px|44px|false|false\" custom_padding=\"0px||0px||false|false\" button_border_width_tablet=\"1px\" button_border_width_phone=\"1px\" button_border_width_last_edited=\"on|desktop\" global_colors_info=\"{%22gcid-body-color%22:%91%22button_text_color%22%93}\"][\/et_pb_button][et_pb_blurb _builder_version=\"4.27.4\" _module_preset=\"default\" global_colors_info=\"{}\"][\/et_pb_blurb][\/et_pb_column][\/et_pb_row][et_pb_row column_structure=\"1_2,1_2\" use_custom_gutter=\"on\" gutter_width=\"1\" make_equal=\"on\" _builder_version=\"4.27.4\" _module_preset=\"default\" width=\"100%\" max_width=\"100%\" custom_margin=\"-4px|auto||auto||\" custom_padding=\"1px||0px|||\" locked=\"off\" global_colors_info=\"{}\"][et_pb_column type=\"1_2\" _builder_version=\"4.27.4\" _module_preset=\"default\" background_color=\"#0b1b4c\" background_image=\"https:\/\/public.confindustria.it\/repository\/2025\/03\/29163501\/Frame-164.png\" global_colors_info=\"{}\"][et_pb_image src=\"https:\/\/public.confindustria.it\/repository\/2025\/03\/29163501\/Frame-164.png\" title_text=\"archivio storico e biblioteca\" _builder_version=\"4.27.4\" _module_preset=\"default\" custom_margin=\"40px||40px||false|false\" global_colors_info=\"{}\"][\/et_pb_image][\/et_pb_column][et_pb_column type=\"1_2\" _builder_version=\"4.27.4\" _module_preset=\"default\" background_color=\"#110000\" background_image=\"https:\/\/public.confindustria.it\/repository\/2025\/03\/29164220\/archivo-ind.tessile.png\" filter_saturate=\"0%\" global_colors_info=\"{}\"][et_pb_button url_new_window=\"on\" button_text=\"Galleria fotografica storica\" button_alignment=\"center\" _builder_version=\"4.27.4\" _module_preset=\"default\" custom_button=\"on\" button_bg_color=\"rgba(10,10,10,0.4)\" button_border_width=\"1px\" button_border_radius=\"25px\" button_icon=\"&#xe046;||divi||400\" button_icon_color=\"#FFFFFF\" button_on_hover=\"off\" background_layout=\"dark\" custom_margin=\"100px||100px||false|false\" custom_padding=\"0px||0px||false|false\" button_border_width_tablet=\"1px\" button_border_width_phone=\"1px\" button_border_width_last_edited=\"on|desktop\" global_colors_info=\"{}\"][\/et_pb_button][\/et_pb_column][\/et_pb_row][\/et_pb_section][et_pb_section fb_built=\"1\" admin_label=\"section\" _builder_version=\"4.16\" global_module=\"3835\" global_colors_info=\"{}\"][et_pb_row column_structure=\"1_2,1_2\" custom_padding_last_edited=\"on|tablet\" _builder_version=\"4.27.4\" _module_preset=\"default\" width=\"90%\" max_width=\"1600px\" custom_padding=\"50px||50px||true|false\" custom_padding_tablet=\"40px||0px||false|false\" custom_padding_phone=\"40px||0px||false|false\" border_width_top=\"0.5px\" border_color_top=\"#b2b2b2\" border_width_bottom=\"0.5px\" border_color_bottom=\"#b2b2b2\" locked=\"off\" global_colors_info=\"{}\"][et_pb_column type=\"1_2\" _builder_version=\"4.27.4\" _module_preset=\"default\" custom_padding=\"61px||85px||false|false\" border_color_right=\"#b2b2b2\" global_colors_info=\"{}\"][et_pb_text _builder_version=\"4.27.4\" _module_preset=\"default\" header_text_color=\"#f7f7f7\" header_font_size=\"66px\" header_2_text_color=\"#1b315f\" header_2_font_size=\"40px\" max_width=\"600px\" custom_margin=\"8px||13px||false|false\" custom_padding=\"0px||||false|false\" header_2_font_size_tablet=\"40px\" header_2_font_size_phone=\"34px\" header_2_font_size_last_edited=\"on|phone\" locked=\"off\" global_colors_info=\"{}\"]<h2>Unisciti alla pi\u00f9 grande comunit\u00e0 di leader d\u2019impresa in Italia.<\/h2>[\/et_pb_text][et_pb_button button_url=\"@ET-DC@eyJkeW5hbWljIjp0cnVlLCJjb250ZW50IjoicG9zdF9saW5rX3VybF9wYWdlIiwic2V0dGluZ3MiOnsicG9zdF9pZCI6IjI1MDIifX0=@\" button_text=\"Associati a Confindustria\" button_alignment=\"left\" module_class=\"btn-only\" _builder_version=\"4.27.4\" _dynamic_attributes=\"button_url\" _module_preset=\"default\" custom_button=\"on\" button_text_size=\"27.4px\" button_text_color=\"#7bb2d6\" button_bg_color=\"RGBA(255,255,255,0)\" button_border_width=\"1px\" button_border_color=\"RGBA(255,255,255,0)\" button_border_radius=\"3px\" button_font=\"|600|||||||\" button_icon=\"&#x3d;||divi||400\" button_on_hover=\"off\" custom_padding=\"0px|38px|0px|0px|false|false\" custom_css_main_element=\"border-bottom: 1px solid rgba(123, 178, 214, 1) !important;||padding: 0px !important;\" custom_css_free_form=\".btn-only:hover{||  border-bottom: 1px solid #bcbcbc !important;||}\" locked=\"off\" global_colors_info=\"{}\" button_bg_color__hover_enabled=\"on|desktop\" button_border_width__hover_enabled=\"off|desktop\" button_border_width__hover=\"2px\" button_border_color__hover_enabled=\"on|desktop\" button_border_color__hover=\"RGBA(255,255,255,0)\" button_bg_color__hover=\"RGBA(255,255,255,0)\"][\/et_pb_button][\/et_pb_column][et_pb_column type=\"1_2\" _builder_version=\"4.27.4\" _module_preset=\"default\" global_colors_info=\"{}\"][et_pb_code _builder_version=\"4.27.4\" _module_preset=\"default\" custom_margin=\"0px|0px|0px|0px|false|false\" custom_padding=\"0px|0px|0px|0px|false|false\" locked=\"off\" global_colors_info=\"{}\"]<iframe border=\"0\" src=\"https:\/\/my.confindustria.it\/newsletter\" style=\"width: 100%; height: 250px; overflow: hidden;\"><!-- [et_pb_line_break_holder] -->  <!-- [et_pb_line_break_holder] --><\/iframe>[\/et_pb_code][\/et_pb_column][\/et_pb_row][\/et_pb_section]\n"]}],"acf":[],"_links":{"self":[{"href":"https:\/\/www.confindustria.it\/en\/wp-json\/wp\/v2\/pages\/8357","targetHints":{"allow":["GET"]}}],"collection":[{"href":"https:\/\/www.confindustria.it\/en\/wp-json\/wp\/v2\/pages"}],"about":[{"href":"https:\/\/www.confindustria.it\/en\/wp-json\/wp\/v2\/types\/page"}],"author":[{"embeddable":true,"href":"https:\/\/www.confindustria.it\/en\/wp-json\/wp\/v2\/users\/2"}],"replies":[{"embeddable":true,"href":"https:\/\/www.confindustria.it\/en\/wp-json\/wp\/v2\/comments?post=8357"}],"version-history":[{"count":0,"href":"https:\/\/www.confindustria.it\/en\/wp-json\/wp\/v2\/pages\/8357\/revisions"}],"up":[{"embeddable":true,"href":"https:\/\/www.confindustria.it\/en\/wp-json\/wp\/v2\/pages\/5056"}],"wp:featuredmedia":[{"embeddable":true,"href":"https:\/\/www.confindustria.it\/en\/wp-json\/wp\/v2\/media\/8417"}],"wp:attachment":[{"href":"https:\/\/www.confindustria.it\/en\/wp-json\/wp\/v2\/media?parent=8357"}],"wp:term":[{"taxonomy":"in-evidenza","embeddable":true,"href":"https:\/\/www.confindustria.it\/en\/wp-json\/wp\/v2\/in-evidenza?post=8357"},{"taxonomy":"tag_globale","embeddable":true,"href":"https:\/\/www.confindustria.it\/en\/wp-json\/wp\/v2\/tag_globale?post=8357"},{"taxonomy":"tema_globale","embeddable":true,"href":"https:\/\/www.confindustria.it\/en\/wp-json\/wp\/v2\/tema_globale?post=8357"}],"curies":[{"name":"wp","href":"https:\/\/api.w.org\/{rel}","templated":true}]}}